{"id":4832,"date":"2020-02-10T15:41:04","date_gmt":"2020-02-10T14:41:04","guid":{"rendered":"https:\/\/saisonsculturelleschaumont.fr\/mdxpuixt\/?post_type=tribe_events&#038;p=4832"},"modified":"2020-05-18T10:37:35","modified_gmt":"2020-05-18T08:37:35","slug":"nuit-des-musees","status":"publish","type":"tribe_events","link":"https:\/\/saisonsculturelleschaumont.fr\/mdxpuixt\/evenement\/nuit-des-musees\/","title":{"rendered":"Nuit des Mus\u00e9es &#8211; report\u00e9e"},"content":{"rendered":"<p>Cette ann\u00e9e marquera la seizi\u00e8me \u00e9dition de l&rsquo;\u00e9v\u00e9nement. En 2019, l&rsquo;\u00e9v\u00e9nement avait mobilis\u00e9 plus de 3200 mus\u00e9es dans trente pays europ\u00e9ens, dont 1200 en France qui ont accueilli plus de 2 millions de visiteurs. Depuis son lancement en 2005, la Nuit europ\u00e9enne des mus\u00e9es attire, chaque ann\u00e9e, un public nombreux dans un nombre croissant de mus\u00e9es. Le succ\u00e8s aupr\u00e8s du jeune public s\u2019est confirm\u00e9.<\/p>\n<p>Entr\u00e9e libre<\/p>\n","protected":false},"excerpt":{"rendered":"<p>Cette ann\u00e9e marquera la seizi\u00e8me \u00e9dition de l&rsquo;\u00e9v\u00e9nement. En 2019, l&rsquo;\u00e9v\u00e9nement avait mobilis\u00e9 plus de 3200 mus\u00e9es dans trente pays europ\u00e9ens, dont 1200 en France qui ont accueilli plus de [&hellip;]<\/p>\n","protected":false},"author":3,"featured_media":5059,"comment_status":"closed","ping_status":"closed","template":"","meta":{"_uag_custom_page_level_css":"","_tribe_events_status":"","_tribe_events_status_reason":""},"tags":[137,135,113,131],"tribe_events_cat":[42],"yoast_head":"<!-- This site is optimized with the Yoast SEO plugin v21.1 - https:\/\/yoast.com\/wordpress\/plugins\/seo\/ -->\n<title>Nuit des Mus\u00e9es - report\u00e9e - Les Saisons Culturelles de Chaumont<\/title>\n<meta name=\"description\" content=\"D\u00e9couvrez la programmation culturelle de la saison culturelle de la ville de Chaumont. Expositions, visites, rencontres, ateliers, concerts, spectacles, animations et plus encore.\" \/>\n<meta name=\"robots\" content=\"noindex, follow, max-snippet:-1, max-image-preview:large, max-video-preview:-1\" \/>\n<meta property=\"og:locale\" content=\"fr_FR\" \/>\n<meta property=\"og:type\" content=\"article\" \/>\n<meta property=\"og:title\" content=\"Nuit des Mus\u00e9es - report\u00e9e - Les Saisons Culturelles de Chaumont\" \/>\n<meta property=\"og:description\" content=\"D\u00e9couvrez la programmation culturelle de la saison culturelle de la ville de Chaumont. Expositions, visites, rencontres, ateliers, concerts, spectacles, animations et plus encore.\" \/>\n<meta property=\"og:url\" content=\"https:\/\/saisonsculturelleschaumont.fr\/mdxpuixt\/evenement\/nuit-des-musees\/\" \/>\n<meta property=\"og:site_name\" content=\"Les Saisons Culturelles de Chaumont\" \/>\n<meta property=\"article:publisher\" content=\"https:\/\/www.facebook.com\/saisonsculturelleschaumont\/\" \/>\n<meta property=\"article:modified_time\" content=\"2020-05-18T08:37:35+00:00\" \/>\n<meta property=\"og:image\" content=\"https:\/\/saisonsculturelleschaumont.fr\/mdxpuixt\/wp-content\/uploads\/2020\/02\/Mus\u00e9es.jpg\" \/>\n\t<meta property=\"og:image:width\" content=\"1600\" \/>\n\t<meta property=\"og:image:height\" content=\"1067\" \/>\n\t<meta property=\"og:image:type\" content=\"image\/jpeg\" \/>\n<meta name=\"twitter:card\" content=\"summary_large_image\" \/>\n<script type=\"application\/ld+json\" class=\"yoast-schema-graph\">{\"@context\":\"https:\/\/schema.org\",\"@graph\":[{\"@type\":\"WebPage\",\"@id\":\"https:\/\/saisonsculturelleschaumont.fr\/mdxpuixt\/evenement\/nuit-des-musees\/\",\"url\":\"https:\/\/saisonsculturelleschaumont.fr\/mdxpuixt\/evenement\/nuit-des-musees\/\",\"name\":\"Nuit des Mus\u00e9es - report\u00e9e - Les Saisons Culturelles de Chaumont\",\"isPartOf\":{\"@id\":\"https:\/\/saisonsculturelleschaumont.fr\/mdxpuixt\/#website\"},\"datePublished\":\"2020-02-10T14:41:04+00:00\",\"dateModified\":\"2020-05-18T08:37:35+00:00\",\"description\":\"D\u00e9couvrez la programmation culturelle de la saison culturelle de la ville de Chaumont. Expositions, visites, rencontres, ateliers, concerts, spectacles, animations et plus encore.\",\"breadcrumb\":{\"@id\":\"https:\/\/saisonsculturelleschaumont.fr\/mdxpuixt\/evenement\/nuit-des-musees\/#breadcrumb\"},\"inLanguage\":\"fr-FR\",\"potentialAction\":[{\"@type\":\"ReadAction\",\"target\":[\"https:\/\/saisonsculturelleschaumont.fr\/mdxpuixt\/evenement\/nuit-des-musees\/\"]}]},{\"@type\":\"BreadcrumbList\",\"@id\":\"https:\/\/saisonsculturelleschaumont.fr\/mdxpuixt\/evenement\/nuit-des-musees\/#breadcrumb\",\"itemListElement\":[{\"@type\":\"ListItem\",\"position\":1,\"name\":\"Accueil\",\"item\":\"https:\/\/saisonsculturelleschaumont.fr\/mdxpuixt\/\"},{\"@type\":\"ListItem\",\"position\":2,\"name\":\"\u00c9v\u00e8nements\",\"item\":\"https:\/\/saisonsculturelleschaumont.fr\/mdxpuixt\/agenda\/\"},{\"@type\":\"ListItem\",\"position\":3,\"name\":\"Nuit des Mus\u00e9es &#8211; report\u00e9e\"}]},{\"@type\":\"WebSite\",\"@id\":\"https:\/\/saisonsculturelleschaumont.fr\/mdxpuixt\/#website\",\"url\":\"https:\/\/saisonsculturelleschaumont.fr\/mdxpuixt\/\",\"name\":\"Les Saisons Culturelles de Chaumont\",\"description\":\"\",\"potentialAction\":[{\"@type\":\"SearchAction\",\"target\":{\"@type\":\"EntryPoint\",\"urlTemplate\":\"https:\/\/saisonsculturelleschaumont.fr\/mdxpuixt\/?s={search_term_string}\"},\"query-input\":\"required name=search_term_string\"}],\"inLanguage\":\"fr-FR\"}]}<\/script>\n<!-- \/ Yoast SEO plugin. -->","yoast_head_json":{"title":"Nuit des Mus\u00e9es - report\u00e9e - Les Saisons Culturelles de Chaumont","description":"D\u00e9couvrez la programmation culturelle de la saison culturelle de la ville de Chaumont. Expositions, visites, rencontres, ateliers, concerts, spectacles, animations et plus encore.","robots":{"index":"noindex","follow":"follow","max-snippet":"max-snippet:-1","max-image-preview":"max-image-preview:large","max-video-preview":"max-video-preview:-1"},"og_locale":"fr_FR","og_type":"article","og_title":"Nuit des Mus\u00e9es - report\u00e9e - Les Saisons Culturelles de Chaumont","og_description":"D\u00e9couvrez la programmation culturelle de la saison culturelle de la ville de Chaumont. Expositions, visites, rencontres, ateliers, concerts, spectacles, animations et plus encore.","og_url":"https:\/\/saisonsculturelleschaumont.fr\/mdxpuixt\/evenement\/nuit-des-musees\/","og_site_name":"Les Saisons Culturelles de Chaumont","article_publisher":"https:\/\/www.facebook.com\/saisonsculturelleschaumont\/","article_modified_time":"2020-05-18T08:37:35+00:00","og_image":[{"width":1600,"height":1067,"url":"https:\/\/saisonsculturelleschaumont.fr\/mdxpuixt\/wp-content\/uploads\/2020\/02\/Mus\u00e9es.jpg","type":"image\/jpeg"}],"twitter_card":"summary_large_image","schema":{"@context":"https:\/\/schema.org","@graph":[{"@type":"WebPage","@id":"https:\/\/saisonsculturelleschaumont.fr\/mdxpuixt\/evenement\/nuit-des-musees\/","url":"https:\/\/saisonsculturelleschaumont.fr\/mdxpuixt\/evenement\/nuit-des-musees\/","name":"Nuit des Mus\u00e9es - report\u00e9e - Les Saisons Culturelles de Chaumont","isPartOf":{"@id":"https:\/\/saisonsculturelleschaumont.fr\/mdxpuixt\/#website"},"datePublished":"2020-02-10T14:41:04+00:00","dateModified":"2020-05-18T08:37:35+00:00","description":"D\u00e9couvrez la programmation culturelle de la saison culturelle de la ville de Chaumont. Expositions, visites, rencontres, ateliers, concerts, spectacles, animations et plus encore.","breadcrumb":{"@id":"https:\/\/saisonsculturelleschaumont.fr\/mdxpuixt\/evenement\/nuit-des-musees\/#breadcrumb"},"inLanguage":"fr-FR","potentialAction":[{"@type":"ReadAction","target":["https:\/\/saisonsculturelleschaumont.fr\/mdxpuixt\/evenement\/nuit-des-musees\/"]}]},{"@type":"BreadcrumbList","@id":"https:\/\/saisonsculturelleschaumont.fr\/mdxpuixt\/evenement\/nuit-des-musees\/#breadcrumb","itemListElement":[{"@type":"ListItem","position":1,"name":"Accueil","item":"https:\/\/saisonsculturelleschaumont.fr\/mdxpuixt\/"},{"@type":"ListItem","position":2,"name":"\u00c9v\u00e8nements","item":"https:\/\/saisonsculturelleschaumont.fr\/mdxpuixt\/agenda\/"},{"@type":"ListItem","position":3,"name":"Nuit des Mus\u00e9es &#8211; report\u00e9e"}]},{"@type":"WebSite","@id":"https:\/\/saisonsculturelleschaumont.fr\/mdxpuixt\/#website","url":"https:\/\/saisonsculturelleschaumont.fr\/mdxpuixt\/","name":"Les Saisons Culturelles de Chaumont","description":"","potentialAction":[{"@type":"SearchAction","target":{"@type":"EntryPoint","urlTemplate":"https:\/\/saisonsculturelleschaumont.fr\/mdxpuixt\/?s={search_term_string}"},"query-input":"required name=search_term_string"}],"inLanguage":"fr-FR"}]}},"uagb_featured_image_src":{"full":["https:\/\/saisonsculturelleschaumont.fr\/mdxpuixt\/wp-content\/uploads\/2020\/02\/Mus\u00e9es.jpg",1600,1067,false],"thumbnail":["https:\/\/saisonsculturelleschaumont.fr\/mdxpuixt\/wp-content\/uploads\/2020\/02\/Mus\u00e9es-80x80.jpg",80,80,true],"medium":["https:\/\/saisonsculturelleschaumont.fr\/mdxpuixt\/wp-content\/uploads\/2020\/02\/Mus\u00e9es-300x300.jpg",300,300,true],"medium_large":["https:\/\/saisonsculturelleschaumont.fr\/mdxpuixt\/wp-content\/uploads\/2020\/02\/Mus\u00e9es-768x768.jpg",768,768,true],"large":["https:\/\/saisonsculturelleschaumont.fr\/mdxpuixt\/wp-content\/uploads\/2020\/02\/Mus\u00e9es-1030x1030.jpg",1030,1030,true],"1536x1536":["https:\/\/saisonsculturelleschaumont.fr\/mdxpuixt\/wp-content\/uploads\/2020\/02\/Mus\u00e9es-1536x1024.jpg",1536,1024,true],"2048x2048":["https:\/\/saisonsculturelleschaumont.fr\/mdxpuixt\/wp-content\/uploads\/2020\/02\/Mus\u00e9es.jpg",1600,1067,false],"widget":["https:\/\/saisonsculturelleschaumont.fr\/mdxpuixt\/wp-content\/uploads\/2020\/02\/Mus\u00e9es-36x36.jpg",36,36,true],"square":["https:\/\/saisonsculturelleschaumont.fr\/mdxpuixt\/wp-content\/uploads\/2020\/02\/Mus\u00e9es-180x180.jpg",180,180,true],"featured":["https:\/\/saisonsculturelleschaumont.fr\/mdxpuixt\/wp-content\/uploads\/2020\/02\/Mus\u00e9es-1500x430.jpg",1500,430,true],"featured_large":["https:\/\/saisonsculturelleschaumont.fr\/mdxpuixt\/wp-content\/uploads\/2020\/02\/Mus\u00e9es-1500x630.jpg",1500,630,true],"extra_large":["https:\/\/saisonsculturelleschaumont.fr\/mdxpuixt\/wp-content\/uploads\/2020\/02\/Mus\u00e9es-1500x1000.jpg",1500,1000,true],"portfolio":["https:\/\/saisonsculturelleschaumont.fr\/mdxpuixt\/wp-content\/uploads\/2020\/02\/Mus\u00e9es-495x400.jpg",495,400,true],"portfolio_small":["https:\/\/saisonsculturelleschaumont.fr\/mdxpuixt\/wp-content\/uploads\/2020\/02\/Mus\u00e9es-260x185.jpg",260,185,true],"gallery":["https:\/\/saisonsculturelleschaumont.fr\/mdxpuixt\/wp-content\/uploads\/2020\/02\/Mus\u00e9es-845x684.jpg",845,684,true],"magazine":["https:\/\/saisonsculturelleschaumont.fr\/mdxpuixt\/wp-content\/uploads\/2020\/02\/Mus\u00e9es-710x375.jpg",710,375,true],"masonry":["https:\/\/saisonsculturelleschaumont.fr\/mdxpuixt\/wp-content\/uploads\/2020\/02\/Mus\u00e9es-705x470.jpg",705,470,true],"entry_with_sidebar":["https:\/\/saisonsculturelleschaumont.fr\/mdxpuixt\/wp-content\/uploads\/2020\/02\/Mus\u00e9es-845x321.jpg",845,321,true],"entry_without_sidebar":["https:\/\/saisonsculturelleschaumont.fr\/mdxpuixt\/wp-content\/uploads\/2020\/02\/Mus\u00e9es-1210x423.jpg",1210,423,true]},"uagb_author_info":{"display_name":"Justine Ansel","author_link":"https:\/\/saisonsculturelleschaumont.fr\/mdxpuixt\/author\/justine-ansel\/"},"uagb_comment_info":0,"uagb_excerpt":"Cette ann\u00e9e marquera la seizi\u00e8me \u00e9dition de l&rsquo;\u00e9v\u00e9nement. En 2019, l&rsquo;\u00e9v\u00e9nement avait mobilis\u00e9 plus de 3200 mus\u00e9es dans trente pays europ\u00e9ens, dont 1200 en France qui ont accueilli plus de [&hellip;]","_links":{"self":[{"href":"https:\/\/saisonsculturelleschaumont.fr\/mdxpuixt\/wp-json\/wp\/v2\/tribe_events\/4832"}],"collection":[{"href":"https:\/\/saisonsculturelleschaumont.fr\/mdxpuixt\/wp-json\/wp\/v2\/tribe_events"}],"about":[{"href":"https:\/\/saisonsculturelleschaumont.fr\/mdxpuixt\/wp-json\/wp\/v2\/types\/tribe_events"}],"author":[{"embeddable":true,"href":"https:\/\/saisonsculturelleschaumont.fr\/mdxpuixt\/wp-json\/wp\/v2\/users\/3"}],"replies":[{"embeddable":true,"href":"https:\/\/saisonsculturelleschaumont.fr\/mdxpuixt\/wp-json\/wp\/v2\/comments?post=4832"}],"version-history":[{"count":0,"href":"https:\/\/saisonsculturelleschaumont.fr\/mdxpuixt\/wp-json\/wp\/v2\/tribe_events\/4832\/revisions"}],"wp:featuredmedia":[{"embeddable":true,"href":"https:\/\/saisonsculturelleschaumont.fr\/mdxpuixt\/wp-json\/wp\/v2\/media\/5059"}],"wp:attachment":[{"href":"https:\/\/saisonsculturelleschaumont.fr\/mdxpuixt\/wp-json\/wp\/v2\/media?parent=4832"}],"wp:term":[{"taxonomy":"post_tag","embeddable":true,"href":"https:\/\/saisonsculturelleschaumont.fr\/mdxpuixt\/wp-json\/wp\/v2\/tags?post=4832"},{"taxonomy":"tribe_events_cat","embeddable":true,"href":"https:\/\/saisonsculturelleschaumont.fr\/mdxpuixt\/wp-json\/wp\/v2\/tribe_events_cat?post=4832"}],"curies":[{"name":"wp","href":"https:\/\/api.w.org\/{rel}","templated":true}]}}