{"id":4894,"date":"2020-02-12T16:12:49","date_gmt":"2020-02-12T15:12:49","guid":{"rendered":"https:\/\/saisonsculturelleschaumont.fr\/mdxpuixt\/evenement\/les-petits-specimens-4-mon-tout-est-un-livre-parcours-jeunesse\/"},"modified":"2020-09-02T09:37:29","modified_gmt":"2020-09-02T07:37:29","slug":"les-petits-specimens-4-mon-tout-est-un-livre-parcours-jeunesse","status":"publish","type":"tribe_events","link":"https:\/\/saisonsculturelleschaumont.fr\/mdxpuixt\/evenement\/les-petits-specimens-4-mon-tout-est-un-livre-parcours-jeunesse\/","title":{"rendered":"Les Petits Sp\u00e9cimens 4 &#8211; Mon tout est un livre Parcours Jeunesse"},"content":{"rendered":"<p>Les Petits Sp\u00e9cimens 4 &#8211; Mon tout est un livre<br \/>\nRendez-vous annuel du Signe avec son jeune public, les \u00e9coles, les familles et tous ceux curieux de d\u00e9couvrir le graphisme sous un aspect ludique, cette exposition participative vous propose litt\u00e9ralement d&rsquo;entrer dans les livres !<\/p>\n<p>Le Signe ouvrira la 4e \u00e9dition du parcours jeunesse, intitul\u00e9 Les Petits Sp\u00e9cimens, avec les \u00c9ditions du Livre. Cette maison d\u2019\u00e9dition ind\u00e9pendante bas\u00e9e \u00e0 Strasbourg publie des livres d\u2019artistes pour enfants r\u00e9alis\u00e9s par des illustrateurs, artistes et designers graphiques.<\/p>\n<p>Les ouvrages traitent de la relation comme forme \u00e9tablie entre un objet de consultation et son lecteur. Alexandre Chaize, fondateur des \u00c9ditions du livre et commissaire de l\u2019exposition parle d\u2019une \u00abpo\u00e9tique de la manipulation de l\u2019objet-livre dialoguant avec son contenu\u00bb; pour lui \u00abLa forme du livre, c\u2019est le fond\u00bb.<\/p>\n<p>Le Signe propose \u00e0 cette occasion un parcours dans l\u2019univers de ces livres-objets devenus installations \u00e0 taille humaine. Les visiteurs y d\u00e9couvriront une matriochka g\u00e9ante, des animaux, des l\u00e9gumes, des fruits et d&rsquo;autres surprises tout en couleurs !<\/p>\n<p>Acc\u00e8s libre pour tous et sans r\u00e9servation<\/p>\n<p>Le Signe est ouvert du mercredi au dimanche de 14h \u00e0 18h<br \/>\nPlus d\u2019informations sur centrenationaldugraphisme.fr<\/p>\n<h3><\/h3>\n<h2>Interview compl\u00e8te de Alexandre Chaize, commissaire d&rsquo;exposition, par Jean-Michel Gu\u00e9ridan, directeur du Signe :<\/h2>\n<p>&nbsp;<\/p>\n<p><strong>Pourquoi avoir choisi pour nom les \u00c9ditions du livre ? <\/strong><\/p>\n<p>Avec ma compagne, Fr\u00e9d\u00e9rique Rusch, nous publions des livres de dessins et commencions \u00e0 \u00eatre actifs dans le milieu du Fanzinat. Nous avons donc song\u00e9 \u00e0 cr\u00e9er une petite structure \u00e9ditoriale. Un soir, au t\u00e9l\u00e9phone, on blaguait en imaginant des noms de maison d\u2019\u00e9dition en rapport avec la d\u00e9finition du livre (les \u00e9ditions de la page, etc.), et finalement nous nous sommes arr\u00eat\u00e9s sur le nom les \u00ab \u00c9ditions du livre \u00bb. L\u2019aspect tautologique nous est apparu pertinent, tel un serpent qui se mord la queue, un nom qui n\u2019exprimerait rien d\u2019autre que ce qu\u2019il est et ses d\u00e9ploiements possibles.<\/p>\n<p>L\u2019histoire date de 2011, mais est devenu proph\u00e9tie auto-r\u00e9alisatrice dans la mesure o\u00f9 les \u00c9ditions du livre traite exclusivement de l\u2019objet livre.<\/p>\n<p>&nbsp;<\/p>\n<p><strong>L\u2019ann\u00e9e, du moins le point de d\u00e9part de toute aventure \u00e9ditoriale est importante dans la mesure o<\/strong><strong>\u00f9 elle marque le d\u00e9but d\u2019une action. <\/strong><\/p>\n<p>L\u2019ann\u00e9e de cr\u00e9ation de la structure date de 2011, mais c\u2019est v\u00e9ritablement en 2013 avec la publication de \u00ab Dans la Lune \u00bb (1) que j\u2019ai d\u00e9fini la ligne \u00e9ditoriale, \u00e0 savoir, publier des livres d&rsquo;artistes pour les enfants.<\/p>\n<p>Un \u00e9v\u00e9nement m\u2019a amen\u00e9 \u00e0 mieux articuler cette production. \u00ab Zoo in my hand \u00bb (2) que nous avions publi\u00e9 en 2011, dans une \u00e9dition tr\u00e8s limit\u00e9e propre \u00e0 l\u2019univers du fanzine (100 exemplaires) avait \u00e9t\u00e9 repris par une maison d\u2019\u00e9dition jeunesse plus importante. Cette d\u00e9possession, &#8211; de cet ouvrage que j\u2019ai eu le plaisir de re-publier en 2018 -, m\u2019a amen\u00e9 \u00e0 d\u00e9velopper la maison d\u2019\u00e9dition, \u00e0 changer d\u2019\u00e9chelle.<\/p>\n<p>&nbsp;<\/p>\n<p><strong>Comment s\u2019organisent vos choix \u00e9ditoriaux et leur articulation technique? Si je pense au \u00ab Papillon imprimeur <\/strong><strong>\u00bb de Fanette Mellier, nous sommes tout autant sur un rapport sollicitant la vue mais aussi le toucher de part la technique particuli\u00e8re de s\u00e9rigraphie employ\u00e9e.\u00a0\u00a0<\/strong><strong>La question du subtil vient en addition au sensible au regard des autres productions dites jeunesses. <\/strong><strong>Il a aussi cette question de la narration par la couleur, la forme, la manipulation de l\u2019objet livre. Vous \u00e9crivez m\u00eame sur votre site, tel un \u00e9tendard : \u00ab La forme, c\u2019est le fond <\/strong><strong>\u00bb<\/strong><\/p>\n<p>Au fur et mesure des ann\u00e9es, j\u2019arrive \u00e0 prendre un peu de recul sur ma pratique d\u2019\u00e9diteur. Ce qui me semble important de noter, mais qui sera peut-\u00eatre d\u00e9menti en 2020, est que je ne souhaite pas que mes livres soient le lieu de reproduction d\u2019un original, mais un original multipli\u00e9 par l\u2019impression \u00e0 1500 exemplaires. Que le livre soit v\u00e9ritablement le support de l\u2019\u0153uvre qui ne pourrait exister sous d\u2019autres formes. Ce qui rejoint d\u2019ailleurs la d\u00e9finition du livre d\u2019artiste.<\/p>\n<p>Par rapport \u00e0 la tautologie que j\u2019\u00e9voquais, si la phase d\u2019impression \u00e9tait retir\u00e9e d\u2019un livre tel que \u00ab Dans la lune \u00bb il ne resterait presque plus rien, si ce n\u2019est un fichier de quelques m\u00e9ga-octets, alors que la magie de ce livre r\u00e9side dans la superposition des couches d\u2019encre color\u00e9es. De m\u00eame, des publications comme \u00ab Zoo in my hand \u00bb ou \u00ab Hello Tomato \u00bb de part les manipulations qu\u2019elles induisent sont intrins\u00e8quement li\u00e9es \u00e0 l\u2019objet livre.<\/p>\n<p>&nbsp;<\/p>\n<p><strong>Si lors de ces ph\u00e9nom\u00e8nes de translation, ou de transposition d\u2019<\/strong><strong>un support \u00e0 l\u2019autre &#8211; analogique vers num\u00e9rique -, on peut observer une perte de qui sera compens\u00e9e par une qualit\u00e9 autre. Ici, ce qui marque, c\u2019est le caract\u00e8re idiomatique (4) de la production.<\/strong><\/p>\n<p>J\u2019observe que de nombreuses productions \u00e9ditoriales pourraient exister sous diff\u00e9rents formats num\u00e9riques sans que la transition n\u2019affecte ni le propos, ni l\u2019intention. Nos livres, leurs contenus, ne peuvent exister hors de la publication papier. Envisager toute translation vers le num\u00e9rique n\u00e9cessiterait de repenser compl\u00e8tement les ouvrages pour ce support.<\/p>\n<p>\u00ab Le fond, c\u2019est la forme \u00bb exprime que la forme est primordiale ; de part le papier, les encres, le soin apport\u00e9 au fa\u00e7onnage, mais aussi la fa\u00e7on dont les artistes avec qui je travaille jouent et inventent \u00e0 partir du pli ou de la d\u00e9coupe d\u2019une page, la transparence du papier, le format du livre&#8230;<\/p>\n<p>&nbsp;<\/p>\n<p><strong>Dans vos livres, l\u2019impression fait donc \u00e9v\u00e9nement. Comment s\u2019\u00e9tablit votre relation \u00e0 vos imprimeurs? <\/strong><\/p>\n<p>La technique d\u2019impression est d\u00e9finie par le tirage, o\u00f9 les choix exp\u00e9rimentaux. Je travaille avec Fanette Mellier pour le design de l\u2019ensemble des ouvrages, afin qu\u2019elle me m\u00e8ne \u00e0 un r\u00e9sultat que je n\u2019aurais pas envisag\u00e9 seul. Je trouverais trop triste que l\u2019ouvrage que j\u2019\u00e9dite ressemble point pour point, une fois imprim\u00e9, \u00e0 ce que j\u2019avais initialement en t\u00eate.<\/p>\n<p>Il faut comprendre qu\u2019en tant qu\u2019\u00e9diteur, l\u2019on vit et l\u2019on soutient un livre pendant plusieurs ann\u00e9es, et qu\u2019il peut faire l\u2019objet d\u2019une r\u00e9\u00e9dition. J\u2019ai donc besoin que l\u2019objet imagin\u00e9 s\u2019\u00e9loigne un peu de moi afin de renouveler une forme d\u2019\u00e9merveillement.<\/p>\n<p>Par rapport \u00e0 l\u2019impression et le fa\u00e7onnage des ouvrages, nous poussons les curseurs au maximum, ce qui fait que notre relation avec les imprimeurs est tendue. La cha\u00eene du livre est longue depuis la conception d\u2019un ouvrage jusqu\u2019\u00e0 sa r\u00e9alisation. Il s\u2019agit d\u2019un travail d\u2019endurance. Je profite d\u2019ailleurs de l\u2019occasion pour saluer le travail d\u2019Art et caract\u00e8re, l\u2019imprimeur avec qui nous travaillons r\u00e9guli\u00e8rement, qui ose s\u2019aventurer avec nous dans des projets souvent p\u00e9rilleux !<\/p>\n<p>&nbsp;<\/p>\n<p><strong>De cette relation que vous qualifiez de tendue, avez-vous eu des d\u00e9convenues, des surprises? <\/strong><\/p>\n<p>Les seuls regrets que nous avons rencontr\u00e9 sont li\u00e9s aux impossibilit\u00e9s techniques. Nous avan\u00e7ons avec Fanette Mellier dans les phases de production avec 90% d\u2019intentions et 10% d\u2019intuitions qui seront v\u00e9rifiables \u00e0 l\u2019impression. Ces 10% constitueront ce que je qualifie de surprise, d\u2019\u00e9merveillement.<\/p>\n<p>&nbsp;<\/p>\n<p><strong>Comment s\u2019effectuent vos choix \u00e9ditoriaux? <\/strong><\/p>\n<p>J\u2019essaie par le biais de l\u2019\u00e9dition de d\u00e9ployer un univers graphique utopique qui correspondrait \u00e0 quelque chose que je porte en moi. Un univers de formes color\u00e9es, \u00e0 la limite entre figuration et abstraction. J\u2019\u00e9dite des objets que je ne vois pas ailleurs, qui me sont propres, que d\u2019autres ne publieraient pas forc\u00e9ment de cette fa\u00e7on.<\/p>\n<p>Je m\u2019aper\u00e7ois, et cela \u00e0 son importance, que d\u2019autres \u00e9diteurs ne vont pas \u00e0 cet endroit du livre jeunesse pour des raisons \u00e9conomiques et temporelles. Je suis sur une production qui est proche du m\u00e9c\u00e9nat et de l\u2019exp\u00e9rimentation.<\/p>\n<p>La particularit\u00e9 des \u00c9ditions du livre est d\u2019\u00eatre dans l\u2019affirmation de choix \u00e9ditoriaux singuliers, intemporels, et, d\u2019\u00eatre attentifs aux choix, souvent co\u00fbteux, de productions permis.<\/p>\n<p>&nbsp;<\/p>\n<p><strong>Il m\u2019<\/strong><strong>appara\u00eet que vous constituez au fur et \u00e0 mesure des publications une forme de nuancier des conditions du livre, l\u00e0 o<\/strong><strong>\u00f9 d\u2019autres sembleraient \u00eatre moins attentifs \u00e0 ce que l\u2019on porte \u00e0 l\u2019attention de son lecteur. Ainsi votre public, il me semble, d\u00e9<\/strong><strong>borde d\u2019un public jeunesse dans la mesure o<\/strong><strong>\u00f9 vous produisez des formes qui dans leur discr\u00e9tion touchent un public d\u2019amoureux du livre. <\/strong><\/p>\n<p>Effectivement, si l\u2019on se r\u00e9f\u00e8re aux standards actuels, nos livres sont des livres sophistiqu\u00e9s qui int\u00e9ressent un public averti, tout comme ils touche aussi des enfants qui sans code et sans \u00e0 priori sont intrigu\u00e9s et s\u00e9duits par ces formes simples et color\u00e9es qu\u2019ils peuvent regarder ou manipuler.<\/p>\n<p>&nbsp;<\/p>\n<p><strong>Comment dans le parcours propos\u00e9, envisagez-vous le passage d\u2019ouvrages qui ont vocation \u00e0 \u00eatre lus et manipul\u00e9s dans la sph\u00e8re priv\u00e9, \u00e0 l\u2019\u00e9chelle d\u2019une exposition ? <\/strong><\/p>\n<p>L\u2019exposition au Signe m\u00ealera les livres \u00e0 taille r\u00e9elle avec leur agrandissement \u00e0 taille humaine. On pourra litt\u00e9ralement rentrer dans les livres. Le changement d\u2019\u00e9chelle ne modifiera pas les modes d\u2019interactions des livres qui deviendront des dispositifs ludiques.<\/p>\n<p>Je suis confiant en cette adaptation dans la mesure o\u00f9 je sais que j\u2019arrive au Signe \u00e0 Chaumont dans un lieu o\u00f9 la production de l\u2019exposition sera soign\u00e9e.<\/p>\n<p>&nbsp;<\/p>\n<p><strong>Qu\u2019elles ont \u00e9t\u00e9 vos influences? <\/strong><\/p>\n<p>Les \u00c9ditions du livre n\u2019existeraient pas si je n\u2019avais pas un jour d\u00e9couvert le travail de Bruno Munari. Il y a dans son travail une telle invention que l\u2019on peut sans h\u00e9sitation dire qu\u2019il a d\u00e9fini d\u00e8s les ann\u00e9es 1950-1960 les codes du livre jeunesse contemporain. Dans mes influences, il y a aussi ce livre de Paul Cox &#8211; que je r\u00eaverais de r\u00e9\u00e9diter &#8211; \u00ab Le livre le plus long \u00bb (5), publi\u00e9 \u00e0 l\u2019\u00e9poque par cette formidable association que fut les 3 Ourses (6). Ce livre est en tout point ce que j\u2019aime : il raconte une histoire simple et intemporelle de mani\u00e8re ludique, exp\u00e9rimentale, radicale et color\u00e9e.<\/p>\n<p>Si mes influences visuelles sont relativement vastes &#8211; de l\u2019illustration \u00e0 l\u2019art contemporain -, la musique joue un r\u00f4le pr\u00e9pond\u00e9rant dans ce qui constitue mes influences, les pi\u00e8ces pour pianos entre autres. Ainsi, je n&rsquo;arrive pas \u00e0 \u00e9couter d&rsquo;autres pianistes que Glenn Gould. Cela est li\u00e9 \u00e0 son rapport \u00e0 l\u2019enregistrement. Sa fa\u00e7on d\u2019arriver \u00e0 saisir l\u2019attention de l&rsquo;auditeur, de maintenir une intensit\u00e9 et faire submerger une \u00e9motion musicale, presque abstraite, par le biais d\u2019un support enregistr\u00e9. C\u2019est ce que je tends modestement \u00e0 r\u00e9aliser avec les \u00c9ditions du livre. Dans le travail sur la couleur, sur les formes, sur le rythme des pages il y aurait quelque chose de cet ordre-l\u00e0. Pour l\u2019\u00e9dition de \u00ab Zoo in My hand \u00bb par exemple, j\u2019ai fait en sorte qu&rsquo;aucune double-page n\u2019ait un vis-\u00e0-vis de couleurs identiques.<\/p>\n<p>Pour moi, un livre c\u2019est un moment fig\u00e9, mais qui doit \u00eatre vivant. Je citerai aussi Autechre (7) pour le rapport qu\u2019ils ont \u00e0 la composition, \u00e0 l&rsquo;abstraction, \u00e0 la texture et \u00e0 l\u2019exp\u00e9rimentation.<\/p>\n<p>&nbsp;<\/p>\n<p><strong>Merci. <\/strong><\/p>\n<p>&nbsp;<\/p>\n<p>1 \u00ab Dans la lune \u00bb est un ouvrage con\u00e7u et r\u00e9alis\u00e9 par Fanette Mellier, designer graphique, membre de l&rsquo;Alliance graphique internationale (AGI). Les pages donnent \u00e0 voir au rythme de leur succession les phases de la lunaison de novembre 2013 et r\u00e9\u00e9dit\u00e9 en 2017. R\u00e9alis\u00e9e en 8 tons, il se cr\u00e9e un paysage mouvant po\u00e9tique ordonn\u00e9 par le cycle lunaire.<\/p>\n<p>2 \u00ab Zoo in my Hand \u00bb de Inkyeong &amp; Sunkyung Kim est un livre, une forme d\u2019arche de No\u00e9, \u00e0 d\u00e9couper afin de lib\u00e9rer des pages des origamis animaliers.<\/p>\n<p>3 \u00ab Hello Tomato \u00bb de Marion Caron et Camille Trimardeau est livre accord\u00e9on devenu jeu de plateau permettant avec des cartes \u00e0 jouer perfor\u00e9es de constituer un v\u00e9ritable jardin de papier o\u00f9 se m\u00ealent fruits et l\u00e9gumes imaginaires ou r\u00e9els. Ces livres accord\u00e9ons sont appel\u00e9s Leporello. Le nom est emprunt\u00e9 au personnage de la pi\u00e8ce Dom Juan, qui dans le premier acte de la pi\u00e8ce d\u00e9ploie la liste des aventures de son ma\u00eetre \u00e0 Donna Elvira.<\/p>\n<p>4 On qualifie d\u2019idiomatique un contenu qui indissociable de son seul support de lecture. Par exemple l&rsquo;\u00e9coute d&rsquo;un disque vinyle n&rsquo;est permise que par la platine qui permet de le lire.<\/p>\n<p>5 Hommage \u00e0 Bruno Munari, \u00ab Le livre le plus long \u00bb, paru aux \u00e9ditions les 3 ourses, de Paul Cox suit le rythme d\u2019un soleil de son levant au couchant. Les 4 pages que composent ce livre \u00e0 spirale peut se d\u00e9ployer ind\u00e9finiment.<\/p>\n<p>6 L&rsquo;association Les Trois Ourses, cr\u00e9\u00e9e en 1988, avait pour objet principal l&rsquo;\u00e9ducation artistique des enfants en mettant \u00ab\u00a0le livre au centre\u00a0\u00bb. Durant 3 d\u00e9cennies l&rsquo;association s&rsquo;est attach\u00e9e par le livre d&rsquo;artiste \u00e0 permettre une entr\u00e9e au monde de l&rsquo;art. On compte parmi leurs auteurs publi\u00e9s : Marion Bataille, Katsumi Komagata, Bruno Munari&#8230;<\/p>\n<p>7 Autechre est un duo de musique \u00e9lectronique exp\u00e9rimentale, officiant sur le label Warp Records, dont les productions oscillent entre hip-hop, acid house et musique concr\u00e8te. En 1994 ils publient le disque Anti-EP o\u00f9 figure le morceau Flutter. Manifeste contre le \u00ab Criminal Justice and Public Order Act 1994 \u00bb visant \u00e0 interdire les raves-parties en rendant ill\u00e9gaux les morceaux r\u00e9p\u00e9titifs au Royaume-Uni, Flutter a pour particularit\u00e9 de ne contenir aucune mesure strictement identique. Appliquant un motif de r\u00e9p\u00e9titivit\u00e9 non-lin\u00e9aire, Autechre tendra \u00e0 syst\u00e9matiser ce principe composition.<\/p>\n<p>&nbsp;<\/p>\n","protected":false},"excerpt":{"rendered":"<p>Les Petits Sp\u00e9cimens 4 &#8211; Mon tout est un livre Rendez-vous annuel du Signe avec son jeune public, les \u00e9coles, les familles et tous ceux curieux de d\u00e9couvrir le graphisme [&hellip;]<\/p>\n","protected":false},"author":3,"featured_media":5251,"comment_status":"closed","ping_status":"closed","template":"","meta":{"_uag_custom_page_level_css":"","_tribe_events_status":"","_tribe_events_status_reason":""},"tags":[87,115,98,136,50,81,76,116,54,127,73,125,102,83,113],"tribe_events_cat":[42],"yoast_head":"<!-- This site is optimized with the Yoast SEO plugin v21.1 - https:\/\/yoast.com\/wordpress\/plugins\/seo\/ -->\n<title>Les Petits Sp\u00e9cimens 4 - Mon tout est un livre Parcours Jeunesse - Les Saisons Culturelles de Chaumont<\/title>\n<meta name=\"description\" content=\"D\u00e9couvrez la programmation culturelle de la saison culturelle de la ville de Chaumont. Expositions, visites, rencontres, ateliers, concerts, spectacles, animations et plus encore.\" \/>\n<meta name=\"robots\" content=\"noindex, follow, max-snippet:-1, max-image-preview:large, max-video-preview:-1\" \/>\n<meta property=\"og:locale\" content=\"fr_FR\" \/>\n<meta property=\"og:type\" content=\"article\" \/>\n<meta property=\"og:title\" content=\"Les Petits Sp\u00e9cimens 4 - Mon tout est un livre Parcours Jeunesse - Les Saisons Culturelles de Chaumont\" \/>\n<meta property=\"og:description\" content=\"D\u00e9couvrez la programmation culturelle de la saison culturelle de la ville de Chaumont. Expositions, visites, rencontres, ateliers, concerts, spectacles, animations et plus encore.\" \/>\n<meta property=\"og:url\" content=\"https:\/\/saisonsculturelleschaumont.fr\/mdxpuixt\/evenement\/les-petits-specimens-4-mon-tout-est-un-livre-parcours-jeunesse\/\" \/>\n<meta property=\"og:site_name\" content=\"Les Saisons Culturelles de Chaumont\" \/>\n<meta property=\"article:publisher\" content=\"https:\/\/www.facebook.com\/saisonsculturelleschaumont\/\" \/>\n<meta property=\"article:modified_time\" content=\"2020-09-02T07:37:29+00:00\" \/>\n<meta property=\"og:image\" content=\"https:\/\/saisonsculturelleschaumont.fr\/mdxpuixt\/wp-content\/uploads\/2020\/02\/0005077-copie.jpg\" \/>\n\t<meta property=\"og:image:width\" content=\"600\" \/>\n\t<meta property=\"og:image:height\" content=\"401\" \/>\n\t<meta property=\"og:image:type\" content=\"image\/jpeg\" \/>\n<meta name=\"twitter:card\" content=\"summary_large_image\" \/>\n<meta name=\"twitter:label1\" content=\"Dur\u00e9e de lecture estim\u00e9e\" \/>\n\t<meta name=\"twitter:data1\" content=\"12 minutes\" \/>\n<script type=\"application\/ld+json\" class=\"yoast-schema-graph\">{\"@context\":\"https:\/\/schema.org\",\"@graph\":[{\"@type\":\"WebPage\",\"@id\":\"https:\/\/saisonsculturelleschaumont.fr\/mdxpuixt\/evenement\/les-petits-specimens-4-mon-tout-est-un-livre-parcours-jeunesse\/\",\"url\":\"https:\/\/saisonsculturelleschaumont.fr\/mdxpuixt\/evenement\/les-petits-specimens-4-mon-tout-est-un-livre-parcours-jeunesse\/\",\"name\":\"Les Petits Sp\u00e9cimens 4 - Mon tout est un livre Parcours Jeunesse - Les Saisons Culturelles de Chaumont\",\"isPartOf\":{\"@id\":\"https:\/\/saisonsculturelleschaumont.fr\/mdxpuixt\/#website\"},\"datePublished\":\"2020-02-12T15:12:49+00:00\",\"dateModified\":\"2020-09-02T07:37:29+00:00\",\"description\":\"D\u00e9couvrez la programmation culturelle de la saison culturelle de la ville de Chaumont. Expositions, visites, rencontres, ateliers, concerts, spectacles, animations et plus encore.\",\"breadcrumb\":{\"@id\":\"https:\/\/saisonsculturelleschaumont.fr\/mdxpuixt\/evenement\/les-petits-specimens-4-mon-tout-est-un-livre-parcours-jeunesse\/#breadcrumb\"},\"inLanguage\":\"fr-FR\",\"potentialAction\":[{\"@type\":\"ReadAction\",\"target\":[\"https:\/\/saisonsculturelleschaumont.fr\/mdxpuixt\/evenement\/les-petits-specimens-4-mon-tout-est-un-livre-parcours-jeunesse\/\"]}]},{\"@type\":\"BreadcrumbList\",\"@id\":\"https:\/\/saisonsculturelleschaumont.fr\/mdxpuixt\/evenement\/les-petits-specimens-4-mon-tout-est-un-livre-parcours-jeunesse\/#breadcrumb\",\"itemListElement\":[{\"@type\":\"ListItem\",\"position\":1,\"name\":\"Accueil\",\"item\":\"https:\/\/saisonsculturelleschaumont.fr\/mdxpuixt\/\"},{\"@type\":\"ListItem\",\"position\":2,\"name\":\"\u00c9v\u00e8nements\",\"item\":\"https:\/\/saisonsculturelleschaumont.fr\/mdxpuixt\/agenda\/\"},{\"@type\":\"ListItem\",\"position\":3,\"name\":\"Les Petits Sp\u00e9cimens 4 &#8211; Mon tout est un livre Parcours Jeunesse\"}]},{\"@type\":\"WebSite\",\"@id\":\"https:\/\/saisonsculturelleschaumont.fr\/mdxpuixt\/#website\",\"url\":\"https:\/\/saisonsculturelleschaumont.fr\/mdxpuixt\/\",\"name\":\"Les Saisons Culturelles de Chaumont\",\"description\":\"\",\"potentialAction\":[{\"@type\":\"SearchAction\",\"target\":{\"@type\":\"EntryPoint\",\"urlTemplate\":\"https:\/\/saisonsculturelleschaumont.fr\/mdxpuixt\/?s={search_term_string}\"},\"query-input\":\"required name=search_term_string\"}],\"inLanguage\":\"fr-FR\"}]}<\/script>\n<!-- \/ Yoast SEO plugin. -->","yoast_head_json":{"title":"Les Petits Sp\u00e9cimens 4 - Mon tout est un livre Parcours Jeunesse - Les Saisons Culturelles de Chaumont","description":"D\u00e9couvrez la programmation culturelle de la saison culturelle de la ville de Chaumont. Expositions, visites, rencontres, ateliers, concerts, spectacles, animations et plus encore.","robots":{"index":"noindex","follow":"follow","max-snippet":"max-snippet:-1","max-image-preview":"max-image-preview:large","max-video-preview":"max-video-preview:-1"},"og_locale":"fr_FR","og_type":"article","og_title":"Les Petits Sp\u00e9cimens 4 - Mon tout est un livre Parcours Jeunesse - Les Saisons Culturelles de Chaumont","og_description":"D\u00e9couvrez la programmation culturelle de la saison culturelle de la ville de Chaumont. Expositions, visites, rencontres, ateliers, concerts, spectacles, animations et plus encore.","og_url":"https:\/\/saisonsculturelleschaumont.fr\/mdxpuixt\/evenement\/les-petits-specimens-4-mon-tout-est-un-livre-parcours-jeunesse\/","og_site_name":"Les Saisons Culturelles de Chaumont","article_publisher":"https:\/\/www.facebook.com\/saisonsculturelleschaumont\/","article_modified_time":"2020-09-02T07:37:29+00:00","og_image":[{"width":600,"height":401,"url":"https:\/\/saisonsculturelleschaumont.fr\/mdxpuixt\/wp-content\/uploads\/2020\/02\/0005077-copie.jpg","type":"image\/jpeg"}],"twitter_card":"summary_large_image","twitter_misc":{"Dur\u00e9e de lecture estim\u00e9e":"12 minutes"},"schema":{"@context":"https:\/\/schema.org","@graph":[{"@type":"WebPage","@id":"https:\/\/saisonsculturelleschaumont.fr\/mdxpuixt\/evenement\/les-petits-specimens-4-mon-tout-est-un-livre-parcours-jeunesse\/","url":"https:\/\/saisonsculturelleschaumont.fr\/mdxpuixt\/evenement\/les-petits-specimens-4-mon-tout-est-un-livre-parcours-jeunesse\/","name":"Les Petits Sp\u00e9cimens 4 - Mon tout est un livre Parcours Jeunesse - Les Saisons Culturelles de Chaumont","isPartOf":{"@id":"https:\/\/saisonsculturelleschaumont.fr\/mdxpuixt\/#website"},"datePublished":"2020-02-12T15:12:49+00:00","dateModified":"2020-09-02T07:37:29+00:00","description":"D\u00e9couvrez la programmation culturelle de la saison culturelle de la ville de Chaumont. Expositions, visites, rencontres, ateliers, concerts, spectacles, animations et plus encore.","breadcrumb":{"@id":"https:\/\/saisonsculturelleschaumont.fr\/mdxpuixt\/evenement\/les-petits-specimens-4-mon-tout-est-un-livre-parcours-jeunesse\/#breadcrumb"},"inLanguage":"fr-FR","potentialAction":[{"@type":"ReadAction","target":["https:\/\/saisonsculturelleschaumont.fr\/mdxpuixt\/evenement\/les-petits-specimens-4-mon-tout-est-un-livre-parcours-jeunesse\/"]}]},{"@type":"BreadcrumbList","@id":"https:\/\/saisonsculturelleschaumont.fr\/mdxpuixt\/evenement\/les-petits-specimens-4-mon-tout-est-un-livre-parcours-jeunesse\/#breadcrumb","itemListElement":[{"@type":"ListItem","position":1,"name":"Accueil","item":"https:\/\/saisonsculturelleschaumont.fr\/mdxpuixt\/"},{"@type":"ListItem","position":2,"name":"\u00c9v\u00e8nements","item":"https:\/\/saisonsculturelleschaumont.fr\/mdxpuixt\/agenda\/"},{"@type":"ListItem","position":3,"name":"Les Petits Sp\u00e9cimens 4 &#8211; Mon tout est un livre Parcours Jeunesse"}]},{"@type":"WebSite","@id":"https:\/\/saisonsculturelleschaumont.fr\/mdxpuixt\/#website","url":"https:\/\/saisonsculturelleschaumont.fr\/mdxpuixt\/","name":"Les Saisons Culturelles de Chaumont","description":"","potentialAction":[{"@type":"SearchAction","target":{"@type":"EntryPoint","urlTemplate":"https:\/\/saisonsculturelleschaumont.fr\/mdxpuixt\/?s={search_term_string}"},"query-input":"required name=search_term_string"}],"inLanguage":"fr-FR"}]}},"uagb_featured_image_src":{"full":["https:\/\/saisonsculturelleschaumont.fr\/mdxpuixt\/wp-content\/uploads\/2020\/02\/0005077-copie.jpg",600,401,false],"thumbnail":["https:\/\/saisonsculturelleschaumont.fr\/mdxpuixt\/wp-content\/uploads\/2020\/02\/0005077-copie-80x80.jpg",80,80,true],"medium":["https:\/\/saisonsculturelleschaumont.fr\/mdxpuixt\/wp-content\/uploads\/2020\/02\/0005077-copie-300x300.jpg",300,300,true],"medium_large":["https:\/\/saisonsculturelleschaumont.fr\/mdxpuixt\/wp-content\/uploads\/2020\/02\/0005077-copie.jpg",600,401,false],"large":["https:\/\/saisonsculturelleschaumont.fr\/mdxpuixt\/wp-content\/uploads\/2020\/02\/0005077-copie.jpg",600,401,false],"1536x1536":["https:\/\/saisonsculturelleschaumont.fr\/mdxpuixt\/wp-content\/uploads\/2020\/02\/0005077-copie.jpg",600,401,false],"2048x2048":["https:\/\/saisonsculturelleschaumont.fr\/mdxpuixt\/wp-content\/uploads\/2020\/02\/0005077-copie.jpg",600,401,false],"widget":["https:\/\/saisonsculturelleschaumont.fr\/mdxpuixt\/wp-content\/uploads\/2020\/02\/0005077-copie-36x36.jpg",36,36,true],"square":["https:\/\/saisonsculturelleschaumont.fr\/mdxpuixt\/wp-content\/uploads\/2020\/02\/0005077-copie-180x180.jpg",180,180,true],"featured":["https:\/\/saisonsculturelleschaumont.fr\/mdxpuixt\/wp-content\/uploads\/2020\/02\/0005077-copie.jpg",600,401,false],"featured_large":["https:\/\/saisonsculturelleschaumont.fr\/mdxpuixt\/wp-content\/uploads\/2020\/02\/0005077-copie.jpg",600,401,false],"extra_large":["https:\/\/saisonsculturelleschaumont.fr\/mdxpuixt\/wp-content\/uploads\/2020\/02\/0005077-copie.jpg",600,401,false],"portfolio":["https:\/\/saisonsculturelleschaumont.fr\/mdxpuixt\/wp-content\/uploads\/2020\/02\/0005077-copie-495x400.jpg",495,400,true],"portfolio_small":["https:\/\/saisonsculturelleschaumont.fr\/mdxpuixt\/wp-content\/uploads\/2020\/02\/0005077-copie-260x185.jpg",260,185,true],"gallery":["https:\/\/saisonsculturelleschaumont.fr\/mdxpuixt\/wp-content\/uploads\/2020\/02\/0005077-copie.jpg",600,401,false],"magazine":["https:\/\/saisonsculturelleschaumont.fr\/mdxpuixt\/wp-content\/uploads\/2020\/02\/0005077-copie-600x375.jpg",600,375,true],"masonry":["https:\/\/saisonsculturelleschaumont.fr\/mdxpuixt\/wp-content\/uploads\/2020\/02\/0005077-copie.jpg",600,401,false],"entry_with_sidebar":["https:\/\/saisonsculturelleschaumont.fr\/mdxpuixt\/wp-content\/uploads\/2020\/02\/0005077-copie-600x321.jpg",600,321,true],"entry_without_sidebar":["https:\/\/saisonsculturelleschaumont.fr\/mdxpuixt\/wp-content\/uploads\/2020\/02\/0005077-copie.jpg",600,401,false]},"uagb_author_info":{"display_name":"Justine Ansel","author_link":"https:\/\/saisonsculturelleschaumont.fr\/mdxpuixt\/author\/justine-ansel\/"},"uagb_comment_info":0,"uagb_excerpt":"Les Petits Sp\u00e9cimens 4 &#8211; Mon tout est un livre Rendez-vous annuel du Signe avec son jeune public, les \u00e9coles, les familles et tous ceux curieux de d\u00e9couvrir le graphisme [&hellip;]","_links":{"self":[{"href":"https:\/\/saisonsculturelleschaumont.fr\/mdxpuixt\/wp-json\/wp\/v2\/tribe_events\/4894"}],"collection":[{"href":"https:\/\/saisonsculturelleschaumont.fr\/mdxpuixt\/wp-json\/wp\/v2\/tribe_events"}],"about":[{"href":"https:\/\/saisonsculturelleschaumont.fr\/mdxpuixt\/wp-json\/wp\/v2\/types\/tribe_events"}],"author":[{"embeddable":true,"href":"https:\/\/saisonsculturelleschaumont.fr\/mdxpuixt\/wp-json\/wp\/v2\/users\/3"}],"replies":[{"embeddable":true,"href":"https:\/\/saisonsculturelleschaumont.fr\/mdxpuixt\/wp-json\/wp\/v2\/comments?post=4894"}],"version-history":[{"count":0,"href":"https:\/\/saisonsculturelleschaumont.fr\/mdxpuixt\/wp-json\/wp\/v2\/tribe_events\/4894\/revisions"}],"wp:featuredmedia":[{"embeddable":true,"href":"https:\/\/saisonsculturelleschaumont.fr\/mdxpuixt\/wp-json\/wp\/v2\/media\/5251"}],"wp:attachment":[{"href":"https:\/\/saisonsculturelleschaumont.fr\/mdxpuixt\/wp-json\/wp\/v2\/media?parent=4894"}],"wp:term":[{"taxonomy":"post_tag","embeddable":true,"href":"https:\/\/saisonsculturelleschaumont.fr\/mdxpuixt\/wp-json\/wp\/v2\/tags?post=4894"},{"taxonomy":"tribe_events_cat","embeddable":true,"href":"https:\/\/saisonsculturelleschaumont.fr\/mdxpuixt\/wp-json\/wp\/v2\/tribe_events_cat?post=4894"}],"curies":[{"name":"wp","href":"https:\/\/api.w.org\/{rel}","templated":true}]}}