{"id":4906,"date":"2020-02-13T12:49:36","date_gmt":"2020-02-13T11:49:36","guid":{"rendered":"https:\/\/saisonsculturelleschaumont.fr\/mdxpuixt\/?post_type=tribe_events&#038;p=4906"},"modified":"2020-02-13T14:03:08","modified_gmt":"2020-02-13T13:03:08","slug":"compact-diagnostic-f20-9","status":"publish","type":"tribe_events","link":"https:\/\/saisonsculturelleschaumont.fr\/mdxpuixt\/evenement\/compact-diagnostic-f20-9\/","title":{"rendered":"Compact \/ Diagnostic F20.9"},"content":{"rendered":"<p>Aujourd\u2019hui artiste associ\u00e9e au Th\u00e9\u00e2tre national de Chaillot et \u00e0 la Maison de la Danse de Lyon, Jann Gallois est une jeune chor\u00e9graphe qui monte. Sa pratique m\u00eale technique hip-hop et \u00e9criture contemporaine d\u2019une incroyable pr\u00e9cision. Cette soir\u00e9e fera dialoguer deux pi\u00e8ces, pour une plong\u00e9e dans la zone de friction \u00abalt\u00e9rit\u00e9-identit\u00e9\u00bb\u2026<\/p>\n<p>COMPACT<br \/>\n<br \/>Compact a pour point de d\u00e9part une contrainte : le contact extr\u00eame et permanent entre deux corps, ceux de Jann Gallois et de Rafael Smadja. Le temps d\u2019un face-\u00e0-face passant par toutes les humeurs, ils ne se quitteront pas d\u2019une semelle. Un duo fait de glissades et d\u2019harmonie, de physicalit\u00e9 et de douceur, au point que le tandem semble fusionner en un seul corps.<br \/>\n<br \/>\u00ab Compact est un des plus fascinants duos de l\u2019histoire de la danse. Cette pi\u00e8ce taill\u00e9e avec une rigueur de statisticien et tout ce qu\u2019il faut de po\u00e9sie, signe l\u2019\u00e9tonnant travail de Jann Gallois \u00bb. Le Figaro, Ariane Bavelier<\/p>\n<p>DIAGNOSTIC F20.9<br \/>\n<br \/>Pour Diagnostic F20.9 qu\u2019elle interpr\u00e8te seule en sc\u00e8ne, Jann Gallois a choisi de limiter ses mouvements \u00e0 9m2, image simple et efficace de l\u2019enfermement provoqu\u00e9 par la maladie mentale. \u00ab Sculpter un double corps dans un esprit tiraill\u00e9 \u00bb : pour danser la perte de contr\u00f4le, elle a rencontr\u00e9 des personnes atteintes de schizophr\u00e9nie et s\u2019est inspir\u00e9e de l\u2019autobiographie d\u2019Arnhild Lauveng, Demain, j\u2019\u00e9tais folle. Passant du rire aux larmes, du tendu et rapide au rel\u00e2ch\u00e9-temp\u00e9r\u00e9, la soliste donne mati\u00e8re \u00e0 la souffrance. Sur sc\u00e8ne, sa silhouette de working-girl se tend progressivement, \u00e9clate, se rassemble, jouant sur son propre double en proie \u00e0 des d\u00e9mons.<br \/>\n<br \/>\u00ab Voir Diagnostic F20.9 est indispensable. Jann Gallois n\u2019a peur de rien, et surtout pas de s\u2019attaquer \u00e0 des th\u00e8mes difficiles. Celui de ce spectacle est particuli\u00e8rement t\u00e9m\u00e9raire et plonge au plus profond de l\u2019humain. Le r\u00e9sultat est puissant, inventif, impeccable ! \u00bb. T\u00e9l\u00e9rama, Rosita Boisseau<\/p>\n<p>7 \/ 12 \/ 15 \u20ac<\/p>\n","protected":false},"excerpt":{"rendered":"<p>Aujourd\u2019hui artiste associ\u00e9e au Th\u00e9\u00e2tre national de Chaillot et \u00e0 la Maison de la Danse de Lyon, Jann Gallois est une jeune chor\u00e9graphe qui monte. Sa pratique m\u00eale technique hip-hop [&hellip;]<\/p>\n","protected":false},"author":3,"featured_media":4993,"comment_status":"closed","ping_status":"closed","template":"","meta":{"_uag_custom_page_level_css":"","_tribe_events_status":"","_tribe_events_status_reason":""},"tags":[55],"tribe_events_cat":[44],"yoast_head":"<!-- This site is optimized with the Yoast SEO plugin v21.1 - https:\/\/yoast.com\/wordpress\/plugins\/seo\/ -->\n<title>Compact \/ Diagnostic F20.9 - Les Saisons Culturelles de Chaumont<\/title>\n<meta name=\"description\" content=\"D\u00e9couvrez la programmation culturelle de la saison culturelle de la ville de Chaumont. Expositions, visites, rencontres, ateliers, concerts, spectacles, animations et plus encore.\" \/>\n<meta name=\"robots\" content=\"noindex, follow, max-snippet:-1, max-image-preview:large, max-video-preview:-1\" \/>\n<meta property=\"og:locale\" content=\"fr_FR\" \/>\n<meta property=\"og:type\" content=\"article\" \/>\n<meta property=\"og:title\" content=\"Compact \/ Diagnostic F20.9 - Les Saisons Culturelles de Chaumont\" \/>\n<meta property=\"og:description\" content=\"D\u00e9couvrez la programmation culturelle de la saison culturelle de la ville de Chaumont. Expositions, visites, rencontres, ateliers, concerts, spectacles, animations et plus encore.\" \/>\n<meta property=\"og:url\" content=\"https:\/\/saisonsculturelleschaumont.fr\/mdxpuixt\/evenement\/compact-diagnostic-f20-9\/\" \/>\n<meta property=\"og:site_name\" content=\"Les Saisons Culturelles de Chaumont\" \/>\n<meta property=\"article:publisher\" content=\"https:\/\/www.facebook.com\/saisonsculturelleschaumont\/\" \/>\n<meta property=\"article:modified_time\" content=\"2020-02-13T13:03:08+00:00\" \/>\n<meta property=\"og:image\" content=\"https:\/\/saisonsculturelleschaumont.fr\/mdxpuixt\/wp-content\/uploads\/2020\/02\/Compact-\u00a9Laurent_Paillier-1030x1030.jpg\" \/>\n\t<meta property=\"og:image:width\" content=\"1030\" \/>\n\t<meta property=\"og:image:height\" content=\"1030\" \/>\n\t<meta property=\"og:image:type\" content=\"image\/jpeg\" \/>\n<meta name=\"twitter:card\" content=\"summary_large_image\" \/>\n<meta name=\"twitter:label1\" content=\"Dur\u00e9e de lecture estim\u00e9e\" \/>\n\t<meta name=\"twitter:data1\" content=\"2 minutes\" \/>\n<script type=\"application\/ld+json\" class=\"yoast-schema-graph\">{\"@context\":\"https:\/\/schema.org\",\"@graph\":[{\"@type\":\"WebPage\",\"@id\":\"https:\/\/saisonsculturelleschaumont.fr\/mdxpuixt\/evenement\/compact-diagnostic-f20-9\/\",\"url\":\"https:\/\/saisonsculturelleschaumont.fr\/mdxpuixt\/evenement\/compact-diagnostic-f20-9\/\",\"name\":\"Compact \/ Diagnostic F20.9 - Les Saisons Culturelles de Chaumont\",\"isPartOf\":{\"@id\":\"https:\/\/saisonsculturelleschaumont.fr\/mdxpuixt\/#website\"},\"datePublished\":\"2020-02-13T11:49:36+00:00\",\"dateModified\":\"2020-02-13T13:03:08+00:00\",\"description\":\"D\u00e9couvrez la programmation culturelle de la saison culturelle de la ville de Chaumont. Expositions, visites, rencontres, ateliers, concerts, spectacles, animations et plus encore.\",\"breadcrumb\":{\"@id\":\"https:\/\/saisonsculturelleschaumont.fr\/mdxpuixt\/evenement\/compact-diagnostic-f20-9\/#breadcrumb\"},\"inLanguage\":\"fr-FR\",\"potentialAction\":[{\"@type\":\"ReadAction\",\"target\":[\"https:\/\/saisonsculturelleschaumont.fr\/mdxpuixt\/evenement\/compact-diagnostic-f20-9\/\"]}]},{\"@type\":\"BreadcrumbList\",\"@id\":\"https:\/\/saisonsculturelleschaumont.fr\/mdxpuixt\/evenement\/compact-diagnostic-f20-9\/#breadcrumb\",\"itemListElement\":[{\"@type\":\"ListItem\",\"position\":1,\"name\":\"Accueil\",\"item\":\"https:\/\/saisonsculturelleschaumont.fr\/mdxpuixt\/\"},{\"@type\":\"ListItem\",\"position\":2,\"name\":\"\u00c9v\u00e8nements\",\"item\":\"https:\/\/saisonsculturelleschaumont.fr\/mdxpuixt\/agenda\/\"},{\"@type\":\"ListItem\",\"position\":3,\"name\":\"Compact \/ Diagnostic F20.9\"}]},{\"@type\":\"WebSite\",\"@id\":\"https:\/\/saisonsculturelleschaumont.fr\/mdxpuixt\/#website\",\"url\":\"https:\/\/saisonsculturelleschaumont.fr\/mdxpuixt\/\",\"name\":\"Les Saisons Culturelles de Chaumont\",\"description\":\"\",\"potentialAction\":[{\"@type\":\"SearchAction\",\"target\":{\"@type\":\"EntryPoint\",\"urlTemplate\":\"https:\/\/saisonsculturelleschaumont.fr\/mdxpuixt\/?s={search_term_string}\"},\"query-input\":\"required name=search_term_string\"}],\"inLanguage\":\"fr-FR\"}]}<\/script>\n<!-- \/ Yoast SEO plugin. -->","yoast_head_json":{"title":"Compact \/ Diagnostic F20.9 - Les Saisons Culturelles de Chaumont","description":"D\u00e9couvrez la programmation culturelle de la saison culturelle de la ville de Chaumont. Expositions, visites, rencontres, ateliers, concerts, spectacles, animations et plus encore.","robots":{"index":"noindex","follow":"follow","max-snippet":"max-snippet:-1","max-image-preview":"max-image-preview:large","max-video-preview":"max-video-preview:-1"},"og_locale":"fr_FR","og_type":"article","og_title":"Compact \/ Diagnostic F20.9 - Les Saisons Culturelles de Chaumont","og_description":"D\u00e9couvrez la programmation culturelle de la saison culturelle de la ville de Chaumont. Expositions, visites, rencontres, ateliers, concerts, spectacles, animations et plus encore.","og_url":"https:\/\/saisonsculturelleschaumont.fr\/mdxpuixt\/evenement\/compact-diagnostic-f20-9\/","og_site_name":"Les Saisons Culturelles de Chaumont","article_publisher":"https:\/\/www.facebook.com\/saisonsculturelleschaumont\/","article_modified_time":"2020-02-13T13:03:08+00:00","og_image":[{"width":1030,"height":1030,"url":"https:\/\/saisonsculturelleschaumont.fr\/mdxpuixt\/wp-content\/uploads\/2020\/02\/Compact-\u00a9Laurent_Paillier-1030x1030.jpg","type":"image\/jpeg"}],"twitter_card":"summary_large_image","twitter_misc":{"Dur\u00e9e de lecture estim\u00e9e":"2 minutes"},"schema":{"@context":"https:\/\/schema.org","@graph":[{"@type":"WebPage","@id":"https:\/\/saisonsculturelleschaumont.fr\/mdxpuixt\/evenement\/compact-diagnostic-f20-9\/","url":"https:\/\/saisonsculturelleschaumont.fr\/mdxpuixt\/evenement\/compact-diagnostic-f20-9\/","name":"Compact \/ Diagnostic F20.9 - Les Saisons Culturelles de Chaumont","isPartOf":{"@id":"https:\/\/saisonsculturelleschaumont.fr\/mdxpuixt\/#website"},"datePublished":"2020-02-13T11:49:36+00:00","dateModified":"2020-02-13T13:03:08+00:00","description":"D\u00e9couvrez la programmation culturelle de la saison culturelle de la ville de Chaumont. Expositions, visites, rencontres, ateliers, concerts, spectacles, animations et plus encore.","breadcrumb":{"@id":"https:\/\/saisonsculturelleschaumont.fr\/mdxpuixt\/evenement\/compact-diagnostic-f20-9\/#breadcrumb"},"inLanguage":"fr-FR","potentialAction":[{"@type":"ReadAction","target":["https:\/\/saisonsculturelleschaumont.fr\/mdxpuixt\/evenement\/compact-diagnostic-f20-9\/"]}]},{"@type":"BreadcrumbList","@id":"https:\/\/saisonsculturelleschaumont.fr\/mdxpuixt\/evenement\/compact-diagnostic-f20-9\/#breadcrumb","itemListElement":[{"@type":"ListItem","position":1,"name":"Accueil","item":"https:\/\/saisonsculturelleschaumont.fr\/mdxpuixt\/"},{"@type":"ListItem","position":2,"name":"\u00c9v\u00e8nements","item":"https:\/\/saisonsculturelleschaumont.fr\/mdxpuixt\/agenda\/"},{"@type":"ListItem","position":3,"name":"Compact \/ Diagnostic F20.9"}]},{"@type":"WebSite","@id":"https:\/\/saisonsculturelleschaumont.fr\/mdxpuixt\/#website","url":"https:\/\/saisonsculturelleschaumont.fr\/mdxpuixt\/","name":"Les Saisons Culturelles de Chaumont","description":"","potentialAction":[{"@type":"SearchAction","target":{"@type":"EntryPoint","urlTemplate":"https:\/\/saisonsculturelleschaumont.fr\/mdxpuixt\/?s={search_term_string}"},"query-input":"required name=search_term_string"}],"inLanguage":"fr-FR"}]}},"uagb_featured_image_src":{"full":["https:\/\/saisonsculturelleschaumont.fr\/mdxpuixt\/wp-content\/uploads\/2020\/02\/Compact-\u00a9Laurent_Paillier.jpg",2500,2258,false],"thumbnail":["https:\/\/saisonsculturelleschaumont.fr\/mdxpuixt\/wp-content\/uploads\/2020\/02\/Compact-\u00a9Laurent_Paillier-80x80.jpg",80,80,true],"medium":["https:\/\/saisonsculturelleschaumont.fr\/mdxpuixt\/wp-content\/uploads\/2020\/02\/Compact-\u00a9Laurent_Paillier-300x300.jpg",300,300,true],"medium_large":["https:\/\/saisonsculturelleschaumont.fr\/mdxpuixt\/wp-content\/uploads\/2020\/02\/Compact-\u00a9Laurent_Paillier-768x768.jpg",768,768,true],"large":["https:\/\/saisonsculturelleschaumont.fr\/mdxpuixt\/wp-content\/uploads\/2020\/02\/Compact-\u00a9Laurent_Paillier-1030x1030.jpg",1030,1030,true],"1536x1536":["https:\/\/saisonsculturelleschaumont.fr\/mdxpuixt\/wp-content\/uploads\/2020\/02\/Compact-\u00a9Laurent_Paillier-1536x1387.jpg",1536,1387,true],"2048x2048":["https:\/\/saisonsculturelleschaumont.fr\/mdxpuixt\/wp-content\/uploads\/2020\/02\/Compact-\u00a9Laurent_Paillier-2048x1850.jpg",2048,1850,true],"widget":["https:\/\/saisonsculturelleschaumont.fr\/mdxpuixt\/wp-content\/uploads\/2020\/02\/Compact-\u00a9Laurent_Paillier-36x36.jpg",36,36,true],"square":["https:\/\/saisonsculturelleschaumont.fr\/mdxpuixt\/wp-content\/uploads\/2020\/02\/Compact-\u00a9Laurent_Paillier-180x180.jpg",180,180,true],"featured":["https:\/\/saisonsculturelleschaumont.fr\/mdxpuixt\/wp-content\/uploads\/2020\/02\/Compact-\u00a9Laurent_Paillier-1500x430.jpg",1500,430,true],"featured_large":["https:\/\/saisonsculturelleschaumont.fr\/mdxpuixt\/wp-content\/uploads\/2020\/02\/Compact-\u00a9Laurent_Paillier-1500x630.jpg",1500,630,true],"extra_large":["https:\/\/saisonsculturelleschaumont.fr\/mdxpuixt\/wp-content\/uploads\/2020\/02\/Compact-\u00a9Laurent_Paillier-1500x1355.jpg",1500,1355,true],"portfolio":["https:\/\/saisonsculturelleschaumont.fr\/mdxpuixt\/wp-content\/uploads\/2020\/02\/Compact-\u00a9Laurent_Paillier-495x400.jpg",495,400,true],"portfolio_small":["https:\/\/saisonsculturelleschaumont.fr\/mdxpuixt\/wp-content\/uploads\/2020\/02\/Compact-\u00a9Laurent_Paillier-260x185.jpg",260,185,true],"gallery":["https:\/\/saisonsculturelleschaumont.fr\/mdxpuixt\/wp-content\/uploads\/2020\/02\/Compact-\u00a9Laurent_Paillier-845x684.jpg",845,684,true],"magazine":["https:\/\/saisonsculturelleschaumont.fr\/mdxpuixt\/wp-content\/uploads\/2020\/02\/Compact-\u00a9Laurent_Paillier-710x375.jpg",710,375,true],"masonry":["https:\/\/saisonsculturelleschaumont.fr\/mdxpuixt\/wp-content\/uploads\/2020\/02\/Compact-\u00a9Laurent_Paillier-705x637.jpg",705,637,true],"entry_with_sidebar":["https:\/\/saisonsculturelleschaumont.fr\/mdxpuixt\/wp-content\/uploads\/2020\/02\/Compact-\u00a9Laurent_Paillier-845x321.jpg",845,321,true],"entry_without_sidebar":["https:\/\/saisonsculturelleschaumont.fr\/mdxpuixt\/wp-content\/uploads\/2020\/02\/Compact-\u00a9Laurent_Paillier-1210x423.jpg",1210,423,true]},"uagb_author_info":{"display_name":"Justine Ansel","author_link":"https:\/\/saisonsculturelleschaumont.fr\/mdxpuixt\/author\/justine-ansel\/"},"uagb_comment_info":0,"uagb_excerpt":"Aujourd\u2019hui artiste associ\u00e9e au Th\u00e9\u00e2tre national de Chaillot et \u00e0 la Maison de la Danse de Lyon, Jann Gallois est une jeune chor\u00e9graphe qui monte. Sa pratique m\u00eale technique hip-hop [&hellip;]","_links":{"self":[{"href":"https:\/\/saisonsculturelleschaumont.fr\/mdxpuixt\/wp-json\/wp\/v2\/tribe_events\/4906"}],"collection":[{"href":"https:\/\/saisonsculturelleschaumont.fr\/mdxpuixt\/wp-json\/wp\/v2\/tribe_events"}],"about":[{"href":"https:\/\/saisonsculturelleschaumont.fr\/mdxpuixt\/wp-json\/wp\/v2\/types\/tribe_events"}],"author":[{"embeddable":true,"href":"https:\/\/saisonsculturelleschaumont.fr\/mdxpuixt\/wp-json\/wp\/v2\/users\/3"}],"replies":[{"embeddable":true,"href":"https:\/\/saisonsculturelleschaumont.fr\/mdxpuixt\/wp-json\/wp\/v2\/comments?post=4906"}],"version-history":[{"count":0,"href":"https:\/\/saisonsculturelleschaumont.fr\/mdxpuixt\/wp-json\/wp\/v2\/tribe_events\/4906\/revisions"}],"wp:featuredmedia":[{"embeddable":true,"href":"https:\/\/saisonsculturelleschaumont.fr\/mdxpuixt\/wp-json\/wp\/v2\/media\/4993"}],"wp:attachment":[{"href":"https:\/\/saisonsculturelleschaumont.fr\/mdxpuixt\/wp-json\/wp\/v2\/media?parent=4906"}],"wp:term":[{"taxonomy":"post_tag","embeddable":true,"href":"https:\/\/saisonsculturelleschaumont.fr\/mdxpuixt\/wp-json\/wp\/v2\/tags?post=4906"},{"taxonomy":"tribe_events_cat","embeddable":true,"href":"https:\/\/saisonsculturelleschaumont.fr\/mdxpuixt\/wp-json\/wp\/v2\/tribe_events_cat?post=4906"}],"curies":[{"name":"wp","href":"https:\/\/api.w.org\/{rel}","templated":true}]}}