{"id":4963,"date":"2020-02-12T17:53:39","date_gmt":"2020-02-12T16:53:39","guid":{"rendered":"https:\/\/saisonsculturelleschaumont.fr\/mdxpuixt\/evenement\/interface-tangible-aurelien-jeanney\/"},"modified":"2020-09-02T09:15:59","modified_gmt":"2020-09-02T07:15:59","slug":"interface-tangible-aurelien-jeanney","status":"publish","type":"tribe_events","link":"https:\/\/saisonsculturelleschaumont.fr\/mdxpuixt\/evenement\/interface-tangible-aurelien-jeanney\/","title":{"rendered":"Interface Tangible &#8211; Aur\u00e9lien Jeanney"},"content":{"rendered":"<p>Lieu de rendez-vous du graphisme \u00e9ph\u00e9m\u00e8re, la Ville invite un artiste, dessinateur ou illustrateur \u00e0 intervenir sur les panneaux du march\u00e9 couvert, au rythme des saisons culturelles. Apr\u00e8s Victoria Roussel et la douceur des formes et des silhouettes de la Nature, la Ville invite Aur\u00e9lien Jeanney \u00e0 ex\u00e9cuter une fresque inspir\u00e9e des quatre romans de Jules Verne : 20 000 lieux sous les mers, le Tour du monde en ballon, De la Terre \u00e0 la Lune et Voyage au centre de la Terre. Particularit\u00e9 de la fresque : le public pourra, d\u00e8s fin mars, t\u00e9l\u00e9charger gratuitement l\u2019application mobile du Signe et voir s\u2019animer sur son t\u00e9l\u00e9phone les \u00e9l\u00e9ments de la fresque.<\/p>\n<p>&nbsp;<\/p>\n<h5>\u00ab\u00a0Tracer un chemin entre le papier et l\u2019\u00e9cran, \u00e9tablir des ponts entre impression et digital, amener le spectateur num\u00e9rique vers le m\u00e9dium livre pour en faire un acteur. Voil\u00e0 en r\u00e9sum\u00e9 ce qui m\u2019a pouss\u00e9 \u00e0 franchir les portes de la r\u00e9alit\u00e9 augment\u00e9e.<\/h5>\n<h5>Illustrateur et designer graphique freelance, c\u2019est \u00e0 travers un projet de recherche qui visait \u00e0 faire d\u00e9couvrir la litt\u00e9rature de Jules Verne aux plus jeunes que j\u2019ai exp\u00e9riment\u00e9 plusieurs mani\u00e8res de rendre le livre vivant. C\u2019est la r\u00e9alit\u00e9 augment\u00e9e qui m\u2019a finalement permit de rendre l\u2019enfant acteur de l\u2019exp\u00e9rience de lecture, en lui faisant animer (via une tablette) des illustrations imprim\u00e9es ou d\u00e9crypter des passages de romans cryptographi\u00e9s. J\u2019avais trouv\u00e9 dans cette technologie la parfaite balance en monde r\u00e9el et imaginaire. Un simple t\u00e9l\u00e9phone ou une tablette me permettait de mettre en mouvement des images et des mots.<\/h5>\n<h5>\u00c9diteur et fondateur de Maison Tangible, manufacture d\u2019images et objets graphiques, j\u2019ai ensuite pu appliquer cette \u201crecette\u201d sur d\u2019autres projets et j\u2019en ai profit\u00e9 pour inviter plusieurs artistes \u00e0 jouer avec moi. Des collections d\u2019images en r\u00e9alit\u00e9 augment\u00e9e voient donc le jour r\u00e9guli\u00e8rement au sein de la structure depuis 3 ans : expositions collectives (la collection Piafs! dr\u00f4les d\u2019oiseaux parisiens a tourn\u00e9 aux quatre coins du globe), projets participatifs, workshops d&rsquo;\u00e9tudiants, cartes \u00e0 jouer et m\u00eame le dernier projet en date, un livre documentaire jeunesse.<\/h5>\n<h5>C\u2019est avec un plaisir immense que j\u2019exp\u00e9rimente sur un nouveau m\u00e9dium : la peinture murale. Penser cette fresque comme un immense terrain de jeu num\u00e9rique, avec toutes les contraintes inh\u00e9rentes \u00e0 la technologie de la r\u00e9alit\u00e9 augment\u00e9e, est \u00e0 la fois une belle opportunit\u00e9 et un immense challenge.\u00a0\u00bb Aur\u00e9lien Jeanney<\/h5>\n","protected":false},"excerpt":{"rendered":"<p>Lieu de rendez-vous du graphisme \u00e9ph\u00e9m\u00e8re, la Ville invite un artiste, dessinateur ou illustrateur \u00e0 intervenir sur les panneaux du march\u00e9 couvert, au rythme des saisons culturelles. Apr\u00e8s Victoria Roussel [&hellip;]<\/p>\n","protected":false},"author":3,"featured_media":5013,"comment_status":"closed","ping_status":"closed","template":"","meta":{"_uag_custom_page_level_css":"","_tribe_events_status":"","_tribe_events_status_reason":""},"tags":[87,63],"tribe_events_cat":[41],"yoast_head":"<!-- This site is optimized with the Yoast SEO plugin v21.1 - https:\/\/yoast.com\/wordpress\/plugins\/seo\/ -->\n<title>Interface Tangible - Aur\u00e9lien Jeanney - Les Saisons Culturelles de Chaumont<\/title>\n<meta name=\"description\" content=\"D\u00e9couvrez la programmation culturelle de la saison culturelle de la ville de Chaumont. Expositions, visites, rencontres, ateliers, concerts, spectacles, animations et plus encore.\" \/>\n<meta name=\"robots\" content=\"noindex, follow, max-snippet:-1, max-image-preview:large, max-video-preview:-1\" \/>\n<meta property=\"og:locale\" content=\"fr_FR\" \/>\n<meta property=\"og:type\" content=\"article\" \/>\n<meta property=\"og:title\" content=\"Interface Tangible - Aur\u00e9lien Jeanney - Les Saisons Culturelles de Chaumont\" \/>\n<meta property=\"og:description\" content=\"D\u00e9couvrez la programmation culturelle de la saison culturelle de la ville de Chaumont. Expositions, visites, rencontres, ateliers, concerts, spectacles, animations et plus encore.\" \/>\n<meta property=\"og:url\" content=\"https:\/\/saisonsculturelleschaumont.fr\/mdxpuixt\/evenement\/interface-tangible-aurelien-jeanney\/\" \/>\n<meta property=\"og:site_name\" content=\"Les Saisons Culturelles de Chaumont\" \/>\n<meta property=\"article:publisher\" content=\"https:\/\/www.facebook.com\/saisonsculturelleschaumont\/\" \/>\n<meta property=\"article:modified_time\" content=\"2020-09-02T07:15:59+00:00\" \/>\n<meta property=\"og:image\" content=\"https:\/\/saisonsculturelleschaumont.fr\/mdxpuixt\/wp-content\/uploads\/2020\/02\/AurelienJeanney.jpg\" \/>\n\t<meta property=\"og:image:width\" content=\"1500\" \/>\n\t<meta property=\"og:image:height\" content=\"710\" \/>\n\t<meta property=\"og:image:type\" content=\"image\/jpeg\" \/>\n<meta name=\"twitter:card\" content=\"summary_large_image\" \/>\n<meta name=\"twitter:label1\" content=\"Dur\u00e9e de lecture estim\u00e9e\" \/>\n\t<meta name=\"twitter:data1\" content=\"2 minutes\" \/>\n<script type=\"application\/ld+json\" class=\"yoast-schema-graph\">{\"@context\":\"https:\/\/schema.org\",\"@graph\":[{\"@type\":\"WebPage\",\"@id\":\"https:\/\/saisonsculturelleschaumont.fr\/mdxpuixt\/evenement\/interface-tangible-aurelien-jeanney\/\",\"url\":\"https:\/\/saisonsculturelleschaumont.fr\/mdxpuixt\/evenement\/interface-tangible-aurelien-jeanney\/\",\"name\":\"Interface Tangible - Aur\u00e9lien Jeanney - Les Saisons Culturelles de Chaumont\",\"isPartOf\":{\"@id\":\"https:\/\/saisonsculturelleschaumont.fr\/mdxpuixt\/#website\"},\"datePublished\":\"2020-02-12T16:53:39+00:00\",\"dateModified\":\"2020-09-02T07:15:59+00:00\",\"description\":\"D\u00e9couvrez la programmation culturelle de la saison culturelle de la ville de Chaumont. Expositions, visites, rencontres, ateliers, concerts, spectacles, animations et plus encore.\",\"breadcrumb\":{\"@id\":\"https:\/\/saisonsculturelleschaumont.fr\/mdxpuixt\/evenement\/interface-tangible-aurelien-jeanney\/#breadcrumb\"},\"inLanguage\":\"fr-FR\",\"potentialAction\":[{\"@type\":\"ReadAction\",\"target\":[\"https:\/\/saisonsculturelleschaumont.fr\/mdxpuixt\/evenement\/interface-tangible-aurelien-jeanney\/\"]}]},{\"@type\":\"BreadcrumbList\",\"@id\":\"https:\/\/saisonsculturelleschaumont.fr\/mdxpuixt\/evenement\/interface-tangible-aurelien-jeanney\/#breadcrumb\",\"itemListElement\":[{\"@type\":\"ListItem\",\"position\":1,\"name\":\"Accueil\",\"item\":\"https:\/\/saisonsculturelleschaumont.fr\/mdxpuixt\/\"},{\"@type\":\"ListItem\",\"position\":2,\"name\":\"\u00c9v\u00e8nements\",\"item\":\"https:\/\/saisonsculturelleschaumont.fr\/mdxpuixt\/agenda\/\"},{\"@type\":\"ListItem\",\"position\":3,\"name\":\"Interface Tangible &#8211; Aur\u00e9lien Jeanney\"}]},{\"@type\":\"WebSite\",\"@id\":\"https:\/\/saisonsculturelleschaumont.fr\/mdxpuixt\/#website\",\"url\":\"https:\/\/saisonsculturelleschaumont.fr\/mdxpuixt\/\",\"name\":\"Les Saisons Culturelles de Chaumont\",\"description\":\"\",\"potentialAction\":[{\"@type\":\"SearchAction\",\"target\":{\"@type\":\"EntryPoint\",\"urlTemplate\":\"https:\/\/saisonsculturelleschaumont.fr\/mdxpuixt\/?s={search_term_string}\"},\"query-input\":\"required name=search_term_string\"}],\"inLanguage\":\"fr-FR\"}]}<\/script>\n<!-- \/ Yoast SEO plugin. -->","yoast_head_json":{"title":"Interface Tangible - Aur\u00e9lien Jeanney - Les Saisons Culturelles de Chaumont","description":"D\u00e9couvrez la programmation culturelle de la saison culturelle de la ville de Chaumont. Expositions, visites, rencontres, ateliers, concerts, spectacles, animations et plus encore.","robots":{"index":"noindex","follow":"follow","max-snippet":"max-snippet:-1","max-image-preview":"max-image-preview:large","max-video-preview":"max-video-preview:-1"},"og_locale":"fr_FR","og_type":"article","og_title":"Interface Tangible - Aur\u00e9lien Jeanney - Les Saisons Culturelles de Chaumont","og_description":"D\u00e9couvrez la programmation culturelle de la saison culturelle de la ville de Chaumont. Expositions, visites, rencontres, ateliers, concerts, spectacles, animations et plus encore.","og_url":"https:\/\/saisonsculturelleschaumont.fr\/mdxpuixt\/evenement\/interface-tangible-aurelien-jeanney\/","og_site_name":"Les Saisons Culturelles de Chaumont","article_publisher":"https:\/\/www.facebook.com\/saisonsculturelleschaumont\/","article_modified_time":"2020-09-02T07:15:59+00:00","og_image":[{"width":1500,"height":710,"url":"https:\/\/saisonsculturelleschaumont.fr\/mdxpuixt\/wp-content\/uploads\/2020\/02\/AurelienJeanney.jpg","type":"image\/jpeg"}],"twitter_card":"summary_large_image","twitter_misc":{"Dur\u00e9e de lecture estim\u00e9e":"2 minutes"},"schema":{"@context":"https:\/\/schema.org","@graph":[{"@type":"WebPage","@id":"https:\/\/saisonsculturelleschaumont.fr\/mdxpuixt\/evenement\/interface-tangible-aurelien-jeanney\/","url":"https:\/\/saisonsculturelleschaumont.fr\/mdxpuixt\/evenement\/interface-tangible-aurelien-jeanney\/","name":"Interface Tangible - Aur\u00e9lien Jeanney - Les Saisons Culturelles de Chaumont","isPartOf":{"@id":"https:\/\/saisonsculturelleschaumont.fr\/mdxpuixt\/#website"},"datePublished":"2020-02-12T16:53:39+00:00","dateModified":"2020-09-02T07:15:59+00:00","description":"D\u00e9couvrez la programmation culturelle de la saison culturelle de la ville de Chaumont. Expositions, visites, rencontres, ateliers, concerts, spectacles, animations et plus encore.","breadcrumb":{"@id":"https:\/\/saisonsculturelleschaumont.fr\/mdxpuixt\/evenement\/interface-tangible-aurelien-jeanney\/#breadcrumb"},"inLanguage":"fr-FR","potentialAction":[{"@type":"ReadAction","target":["https:\/\/saisonsculturelleschaumont.fr\/mdxpuixt\/evenement\/interface-tangible-aurelien-jeanney\/"]}]},{"@type":"BreadcrumbList","@id":"https:\/\/saisonsculturelleschaumont.fr\/mdxpuixt\/evenement\/interface-tangible-aurelien-jeanney\/#breadcrumb","itemListElement":[{"@type":"ListItem","position":1,"name":"Accueil","item":"https:\/\/saisonsculturelleschaumont.fr\/mdxpuixt\/"},{"@type":"ListItem","position":2,"name":"\u00c9v\u00e8nements","item":"https:\/\/saisonsculturelleschaumont.fr\/mdxpuixt\/agenda\/"},{"@type":"ListItem","position":3,"name":"Interface Tangible &#8211; Aur\u00e9lien Jeanney"}]},{"@type":"WebSite","@id":"https:\/\/saisonsculturelleschaumont.fr\/mdxpuixt\/#website","url":"https:\/\/saisonsculturelleschaumont.fr\/mdxpuixt\/","name":"Les Saisons Culturelles de Chaumont","description":"","potentialAction":[{"@type":"SearchAction","target":{"@type":"EntryPoint","urlTemplate":"https:\/\/saisonsculturelleschaumont.fr\/mdxpuixt\/?s={search_term_string}"},"query-input":"required name=search_term_string"}],"inLanguage":"fr-FR"}]}},"uagb_featured_image_src":{"full":["https:\/\/saisonsculturelleschaumont.fr\/mdxpuixt\/wp-content\/uploads\/2020\/02\/AurelienJeanney.jpg",1500,710,false],"thumbnail":["https:\/\/saisonsculturelleschaumont.fr\/mdxpuixt\/wp-content\/uploads\/2020\/02\/AurelienJeanney-80x80.jpg",80,80,true],"medium":["https:\/\/saisonsculturelleschaumont.fr\/mdxpuixt\/wp-content\/uploads\/2020\/02\/AurelienJeanney-300x300.jpg",300,300,true],"medium_large":["https:\/\/saisonsculturelleschaumont.fr\/mdxpuixt\/wp-content\/uploads\/2020\/02\/AurelienJeanney-768x710.jpg",768,710,true],"large":["https:\/\/saisonsculturelleschaumont.fr\/mdxpuixt\/wp-content\/uploads\/2020\/02\/AurelienJeanney-1030x710.jpg",1030,710,true],"1536x1536":["https:\/\/saisonsculturelleschaumont.fr\/mdxpuixt\/wp-content\/uploads\/2020\/02\/AurelienJeanney.jpg",1500,710,false],"2048x2048":["https:\/\/saisonsculturelleschaumont.fr\/mdxpuixt\/wp-content\/uploads\/2020\/02\/AurelienJeanney.jpg",1500,710,false],"widget":["https:\/\/saisonsculturelleschaumont.fr\/mdxpuixt\/wp-content\/uploads\/2020\/02\/AurelienJeanney-36x36.jpg",36,36,true],"square":["https:\/\/saisonsculturelleschaumont.fr\/mdxpuixt\/wp-content\/uploads\/2020\/02\/AurelienJeanney-180x180.jpg",180,180,true],"featured":["https:\/\/saisonsculturelleschaumont.fr\/mdxpuixt\/wp-content\/uploads\/2020\/02\/AurelienJeanney-1500x430.jpg",1500,430,true],"featured_large":["https:\/\/saisonsculturelleschaumont.fr\/mdxpuixt\/wp-content\/uploads\/2020\/02\/AurelienJeanney-1500x630.jpg",1500,630,true],"extra_large":["https:\/\/saisonsculturelleschaumont.fr\/mdxpuixt\/wp-content\/uploads\/2020\/02\/AurelienJeanney.jpg",1500,710,false],"portfolio":["https:\/\/saisonsculturelleschaumont.fr\/mdxpuixt\/wp-content\/uploads\/2020\/02\/AurelienJeanney-495x400.jpg",495,400,true],"portfolio_small":["https:\/\/saisonsculturelleschaumont.fr\/mdxpuixt\/wp-content\/uploads\/2020\/02\/AurelienJeanney-260x185.jpg",260,185,true],"gallery":["https:\/\/saisonsculturelleschaumont.fr\/mdxpuixt\/wp-content\/uploads\/2020\/02\/AurelienJeanney-845x684.jpg",845,684,true],"magazine":["https:\/\/saisonsculturelleschaumont.fr\/mdxpuixt\/wp-content\/uploads\/2020\/02\/AurelienJeanney-710x375.jpg",710,375,true],"masonry":["https:\/\/saisonsculturelleschaumont.fr\/mdxpuixt\/wp-content\/uploads\/2020\/02\/AurelienJeanney-705x334.jpg",705,334,true],"entry_with_sidebar":["https:\/\/saisonsculturelleschaumont.fr\/mdxpuixt\/wp-content\/uploads\/2020\/02\/AurelienJeanney-845x321.jpg",845,321,true],"entry_without_sidebar":["https:\/\/saisonsculturelleschaumont.fr\/mdxpuixt\/wp-content\/uploads\/2020\/02\/AurelienJeanney-1210x423.jpg",1210,423,true]},"uagb_author_info":{"display_name":"Justine Ansel","author_link":"https:\/\/saisonsculturelleschaumont.fr\/mdxpuixt\/author\/justine-ansel\/"},"uagb_comment_info":0,"uagb_excerpt":"Lieu de rendez-vous du graphisme \u00e9ph\u00e9m\u00e8re, la Ville invite un artiste, dessinateur ou illustrateur \u00e0 intervenir sur les panneaux du march\u00e9 couvert, au rythme des saisons culturelles. Apr\u00e8s Victoria Roussel [&hellip;]","_links":{"self":[{"href":"https:\/\/saisonsculturelleschaumont.fr\/mdxpuixt\/wp-json\/wp\/v2\/tribe_events\/4963"}],"collection":[{"href":"https:\/\/saisonsculturelleschaumont.fr\/mdxpuixt\/wp-json\/wp\/v2\/tribe_events"}],"about":[{"href":"https:\/\/saisonsculturelleschaumont.fr\/mdxpuixt\/wp-json\/wp\/v2\/types\/tribe_events"}],"author":[{"embeddable":true,"href":"https:\/\/saisonsculturelleschaumont.fr\/mdxpuixt\/wp-json\/wp\/v2\/users\/3"}],"replies":[{"embeddable":true,"href":"https:\/\/saisonsculturelleschaumont.fr\/mdxpuixt\/wp-json\/wp\/v2\/comments?post=4963"}],"version-history":[{"count":0,"href":"https:\/\/saisonsculturelleschaumont.fr\/mdxpuixt\/wp-json\/wp\/v2\/tribe_events\/4963\/revisions"}],"wp:featuredmedia":[{"embeddable":true,"href":"https:\/\/saisonsculturelleschaumont.fr\/mdxpuixt\/wp-json\/wp\/v2\/media\/5013"}],"wp:attachment":[{"href":"https:\/\/saisonsculturelleschaumont.fr\/mdxpuixt\/wp-json\/wp\/v2\/media?parent=4963"}],"wp:term":[{"taxonomy":"post_tag","embeddable":true,"href":"https:\/\/saisonsculturelleschaumont.fr\/mdxpuixt\/wp-json\/wp\/v2\/tags?post=4963"},{"taxonomy":"tribe_events_cat","embeddable":true,"href":"https:\/\/saisonsculturelleschaumont.fr\/mdxpuixt\/wp-json\/wp\/v2\/tribe_events_cat?post=4963"}],"curies":[{"name":"wp","href":"https:\/\/api.w.org\/{rel}","templated":true}]}}