{"id":4972,"date":"2020-02-12T17:53:44","date_gmt":"2020-02-12T16:53:44","guid":{"rendered":"https:\/\/saisonsculturelleschaumont.fr\/mdxpuixt\/evenement\/la-risee-des-augures\/"},"modified":"2023-09-15T15:03:31","modified_gmt":"2023-09-15T13:03:31","slug":"la-risee-des-augures","status":"publish","type":"tribe_events","link":"https:\/\/saisonsculturelleschaumont.fr\/mdxpuixt\/evenement\/la-risee-des-augures\/","title":{"rendered":"La ris\u00e9e des augures &#8211; report\u00e9"},"content":{"rendered":"<p>La ris\u00e9e des augures est une performance-spectacle immersive pour lieux insolites, friches et centres d\u2019art, autrement dit pour des endroits et des publics \u00e0 conqu\u00e9rir. \u00c0 partir de l\u2019histoire du lieu dans lequel ils se produisent, Patricia Dallio et Mathieu Sanchez inventent une sc\u00e9nographie : \u00e9clairages, mise en valeur du lieu, images vid\u00e9o et au-del\u00e0 d\u2019une m\u00e9lancolie sonore, lib\u00e8rent une \u00e9nergie qui conjure la fatalit\u00e9.  Ce concert visuel et sonore a \u00e9t\u00e9 cr\u00e9\u00e9 en novembre 2019 mais continue de se construire au fil des r\u00e9sidences de recherche. Il est question ici d\u2019explorer d\u2019autres formes et d\u2019approfondir le travail des deux performeurs qui abordent ensemble leur troisi\u00e8me collaboration.<br \/>\nEn son titre m\u00eame, La Ris\u00e9e des augures d\u00e9joue les pr\u00e9dictions catastrophiques de tout ordre \u2013 climatique, \u00e9conomique\u2026, se rit de la logique du pire et puise \u00e0 un sursaut vital pour infl\u00e9chir la conscience de l\u2019in\u00e9luctable. L\u2019abstraction et la po\u00e9sie sont stimul\u00e9es par les concepts du risque, de la transformation et de l\u2019impr\u00e9vu. Les proc\u00e9d\u00e9s d\u2019\u00e9laboration sont mis \u00e0 nu. Tout se fabrique sous les yeux des spectateurs. Les espaces de son et d\u2019image s\u2019imbriquent et interagissent en permanence.  <\/p>\n<p>Entr\u00e9e Libre <\/p>\n<p>L\u2019EQUIPE :<br \/>\nConception, cr\u00e9ation musicale et interpr\u00e9tation l Patricia Dallio<br \/>\nConception, cr\u00e9ation visuelle  et interpr\u00e9tation l Mathieu Sanchez<br \/>\nCr\u00e9ation lumi\u00e8re l Ydir Acef<br \/>\nSc\u00e9nographie et r\u00e9gie de tourn\u00e9e l David Gallaire avec la participation de J\u00e9r\u00f4me Leh\u00e9richer, Marie Hey et Sylvain Remacle<br \/>\nR\u00e9alisations et support technique l Olivier Charlet<br \/>\nIng\u00e9nieur du son l Xavier Bordelais<br \/>\nRegard ext\u00e9rieur l Marinette Dozeville<br \/>\nD\u00e9veloppement programmation l Carl Faia l Maxime Lance avec la participation de Louie Marlow<br \/>\nPhotographies l Jean-Christophe Hanch\u00e9<br \/>\nTexte de pr\u00e9sentation l Pascal Adam<br \/>\nProduction l Colette Poullain et Alexandre Fernandes<br \/>\nDiffusion l Colette Poullain<\/p>\n<p>MENTIONS OBLIGATOIRES<\/p>\n<p>Production<br \/>\nCie sound track<\/p>\n<p>Co-productions<\/p>\n<p>CNCM C\u00e9sar\u00e9 de Reims,<br \/>\nCentre Culturel Pablo Picasso de Hom\u00e9court,<br \/>\nLa Com\u00e8te, Sc\u00e8ne Nationale de Ch\u00e2lons en Champagne,<br \/>\nLe Man\u00e8ge, sc\u00e8ne nationale &#8211; Reims,<br \/>\nla Fileuse de Reims, Centre Culturel Saint Exup\u00e9ry de Reims,<br \/>\nCh\u00e2teau de Faverolles,<br \/>\nCh\u00e2teau de Monthelon,<br \/>\nLe Signe, Centre National du Graphisme \u00e0 Chaumont<br \/>\nLe Nouveau Relax sc\u00e8ne conventionn\u00e9e de Chaumont<\/p>\n<p>Soutiens<br \/>\nDRAC Grand Est,<br \/>\nConseil R\u00e9gional Grand Est,<br \/>\nConseil D\u00e9partemental de Haute-Marne,<br \/>\nVille de Chaumont,<br \/>\nDispositif Quintessence et l&rsquo;Agence Culturelle Grand Est<br \/>\nSPEDIDAM<\/p>\n<p>Production cie sound track http:\/\/ciesoundtrack.com<br \/>\nLa cie sound track, est conventionn\u00e9e par le Minist\u00e8re de la Culture et de la Communication &#8211; DRAC Grand Est et le Conseil R\u00e9gional Grand Est,<br \/>\nle Conseil D\u00e9partemental de Haute-Marne et La ville de Chaumont<br \/>\ncontact cie sound track | contact@ciesoundtrack.com l 06 37 45 61 59 l<\/p>\n","protected":false},"excerpt":{"rendered":"<p>La ris\u00e9e des augures est une performance-spectacle immersive pour lieux insolites, friches et centres d\u2019art, autrement dit pour des endroits et des publics \u00e0 conqu\u00e9rir. \u00c0 partir de l\u2019histoire du [&hellip;]<\/p>\n","protected":false},"author":3,"featured_media":5011,"comment_status":"closed","ping_status":"closed","template":"","meta":{"_uag_custom_page_level_css":"","_tribe_events_status":"","_tribe_events_status_reason":""},"tags":[51,99],"tribe_events_cat":[305],"yoast_head":"<!-- This site is optimized with the Yoast SEO plugin v21.1 - https:\/\/yoast.com\/wordpress\/plugins\/seo\/ -->\n<title>La ris\u00e9e des augures - report\u00e9 - Les Saisons Culturelles de Chaumont<\/title>\n<meta name=\"description\" content=\"D\u00e9couvrez la programmation culturelle de la saison culturelle de la ville de Chaumont. Expositions, visites, rencontres, ateliers, concerts, spectacles, animations et plus encore.\" \/>\n<meta name=\"robots\" content=\"noindex, follow, max-snippet:-1, max-image-preview:large, max-video-preview:-1\" \/>\n<meta property=\"og:locale\" content=\"fr_FR\" \/>\n<meta property=\"og:type\" content=\"article\" \/>\n<meta property=\"og:title\" content=\"La ris\u00e9e des augures - report\u00e9 - Les Saisons Culturelles de Chaumont\" \/>\n<meta property=\"og:description\" content=\"D\u00e9couvrez la programmation culturelle de la saison culturelle de la ville de Chaumont. Expositions, visites, rencontres, ateliers, concerts, spectacles, animations et plus encore.\" \/>\n<meta property=\"og:url\" content=\"https:\/\/saisonsculturelleschaumont.fr\/mdxpuixt\/evenement\/la-risee-des-augures\/\" \/>\n<meta property=\"og:site_name\" content=\"Les Saisons Culturelles de Chaumont\" \/>\n<meta property=\"article:publisher\" content=\"https:\/\/www.facebook.com\/saisonsculturelleschaumont\/\" \/>\n<meta property=\"article:modified_time\" content=\"2023-09-15T13:03:31+00:00\" \/>\n<meta property=\"og:image\" content=\"https:\/\/saisonsculturelleschaumont.fr\/mdxpuixt\/wp-content\/uploads\/2020\/02\/La-ris\u00e9e-des-augures.jpg\" \/>\n\t<meta property=\"og:image:width\" content=\"512\" \/>\n\t<meta property=\"og:image:height\" content=\"341\" \/>\n\t<meta property=\"og:image:type\" content=\"image\/jpeg\" \/>\n<meta name=\"twitter:card\" content=\"summary_large_image\" \/>\n<meta name=\"twitter:label1\" content=\"Dur\u00e9e de lecture estim\u00e9e\" \/>\n\t<meta name=\"twitter:data1\" content=\"2 minutes\" \/>\n<script type=\"application\/ld+json\" class=\"yoast-schema-graph\">{\"@context\":\"https:\/\/schema.org\",\"@graph\":[{\"@type\":\"WebPage\",\"@id\":\"https:\/\/saisonsculturelleschaumont.fr\/mdxpuixt\/evenement\/la-risee-des-augures\/\",\"url\":\"https:\/\/saisonsculturelleschaumont.fr\/mdxpuixt\/evenement\/la-risee-des-augures\/\",\"name\":\"La ris\u00e9e des augures - report\u00e9 - Les Saisons Culturelles de Chaumont\",\"isPartOf\":{\"@id\":\"https:\/\/saisonsculturelleschaumont.fr\/mdxpuixt\/#website\"},\"datePublished\":\"2020-02-12T16:53:44+00:00\",\"dateModified\":\"2023-09-15T13:03:31+00:00\",\"description\":\"D\u00e9couvrez la programmation culturelle de la saison culturelle de la ville de Chaumont. Expositions, visites, rencontres, ateliers, concerts, spectacles, animations et plus encore.\",\"breadcrumb\":{\"@id\":\"https:\/\/saisonsculturelleschaumont.fr\/mdxpuixt\/evenement\/la-risee-des-augures\/#breadcrumb\"},\"inLanguage\":\"fr-FR\",\"potentialAction\":[{\"@type\":\"ReadAction\",\"target\":[\"https:\/\/saisonsculturelleschaumont.fr\/mdxpuixt\/evenement\/la-risee-des-augures\/\"]}]},{\"@type\":\"BreadcrumbList\",\"@id\":\"https:\/\/saisonsculturelleschaumont.fr\/mdxpuixt\/evenement\/la-risee-des-augures\/#breadcrumb\",\"itemListElement\":[{\"@type\":\"ListItem\",\"position\":1,\"name\":\"Accueil\",\"item\":\"https:\/\/saisonsculturelleschaumont.fr\/mdxpuixt\/\"},{\"@type\":\"ListItem\",\"position\":2,\"name\":\"\u00c9v\u00e8nements\",\"item\":\"https:\/\/saisonsculturelleschaumont.fr\/mdxpuixt\/agenda\/\"},{\"@type\":\"ListItem\",\"position\":3,\"name\":\"La ris\u00e9e des augures &#8211; report\u00e9\"}]},{\"@type\":\"WebSite\",\"@id\":\"https:\/\/saisonsculturelleschaumont.fr\/mdxpuixt\/#website\",\"url\":\"https:\/\/saisonsculturelleschaumont.fr\/mdxpuixt\/\",\"name\":\"Les Saisons Culturelles de Chaumont\",\"description\":\"\",\"potentialAction\":[{\"@type\":\"SearchAction\",\"target\":{\"@type\":\"EntryPoint\",\"urlTemplate\":\"https:\/\/saisonsculturelleschaumont.fr\/mdxpuixt\/?s={search_term_string}\"},\"query-input\":\"required name=search_term_string\"}],\"inLanguage\":\"fr-FR\"}]}<\/script>\n<!-- \/ Yoast SEO plugin. -->","yoast_head_json":{"title":"La ris\u00e9e des augures - report\u00e9 - Les Saisons Culturelles de Chaumont","description":"D\u00e9couvrez la programmation culturelle de la saison culturelle de la ville de Chaumont. Expositions, visites, rencontres, ateliers, concerts, spectacles, animations et plus encore.","robots":{"index":"noindex","follow":"follow","max-snippet":"max-snippet:-1","max-image-preview":"max-image-preview:large","max-video-preview":"max-video-preview:-1"},"og_locale":"fr_FR","og_type":"article","og_title":"La ris\u00e9e des augures - report\u00e9 - Les Saisons Culturelles de Chaumont","og_description":"D\u00e9couvrez la programmation culturelle de la saison culturelle de la ville de Chaumont. Expositions, visites, rencontres, ateliers, concerts, spectacles, animations et plus encore.","og_url":"https:\/\/saisonsculturelleschaumont.fr\/mdxpuixt\/evenement\/la-risee-des-augures\/","og_site_name":"Les Saisons Culturelles de Chaumont","article_publisher":"https:\/\/www.facebook.com\/saisonsculturelleschaumont\/","article_modified_time":"2023-09-15T13:03:31+00:00","og_image":[{"width":512,"height":341,"url":"https:\/\/saisonsculturelleschaumont.fr\/mdxpuixt\/wp-content\/uploads\/2020\/02\/La-ris\u00e9e-des-augures.jpg","type":"image\/jpeg"}],"twitter_card":"summary_large_image","twitter_misc":{"Dur\u00e9e de lecture estim\u00e9e":"2 minutes"},"schema":{"@context":"https:\/\/schema.org","@graph":[{"@type":"WebPage","@id":"https:\/\/saisonsculturelleschaumont.fr\/mdxpuixt\/evenement\/la-risee-des-augures\/","url":"https:\/\/saisonsculturelleschaumont.fr\/mdxpuixt\/evenement\/la-risee-des-augures\/","name":"La ris\u00e9e des augures - report\u00e9 - Les Saisons Culturelles de Chaumont","isPartOf":{"@id":"https:\/\/saisonsculturelleschaumont.fr\/mdxpuixt\/#website"},"datePublished":"2020-02-12T16:53:44+00:00","dateModified":"2023-09-15T13:03:31+00:00","description":"D\u00e9couvrez la programmation culturelle de la saison culturelle de la ville de Chaumont. Expositions, visites, rencontres, ateliers, concerts, spectacles, animations et plus encore.","breadcrumb":{"@id":"https:\/\/saisonsculturelleschaumont.fr\/mdxpuixt\/evenement\/la-risee-des-augures\/#breadcrumb"},"inLanguage":"fr-FR","potentialAction":[{"@type":"ReadAction","target":["https:\/\/saisonsculturelleschaumont.fr\/mdxpuixt\/evenement\/la-risee-des-augures\/"]}]},{"@type":"BreadcrumbList","@id":"https:\/\/saisonsculturelleschaumont.fr\/mdxpuixt\/evenement\/la-risee-des-augures\/#breadcrumb","itemListElement":[{"@type":"ListItem","position":1,"name":"Accueil","item":"https:\/\/saisonsculturelleschaumont.fr\/mdxpuixt\/"},{"@type":"ListItem","position":2,"name":"\u00c9v\u00e8nements","item":"https:\/\/saisonsculturelleschaumont.fr\/mdxpuixt\/agenda\/"},{"@type":"ListItem","position":3,"name":"La ris\u00e9e des augures &#8211; report\u00e9"}]},{"@type":"WebSite","@id":"https:\/\/saisonsculturelleschaumont.fr\/mdxpuixt\/#website","url":"https:\/\/saisonsculturelleschaumont.fr\/mdxpuixt\/","name":"Les Saisons Culturelles de Chaumont","description":"","potentialAction":[{"@type":"SearchAction","target":{"@type":"EntryPoint","urlTemplate":"https:\/\/saisonsculturelleschaumont.fr\/mdxpuixt\/?s={search_term_string}"},"query-input":"required name=search_term_string"}],"inLanguage":"fr-FR"}]}},"uagb_featured_image_src":{"full":["https:\/\/saisonsculturelleschaumont.fr\/mdxpuixt\/wp-content\/uploads\/2020\/02\/La-ris\u00e9e-des-augures.jpg",512,341,false],"thumbnail":["https:\/\/saisonsculturelleschaumont.fr\/mdxpuixt\/wp-content\/uploads\/2020\/02\/La-ris\u00e9e-des-augures-80x80.jpg",80,80,true],"medium":["https:\/\/saisonsculturelleschaumont.fr\/mdxpuixt\/wp-content\/uploads\/2020\/02\/La-ris\u00e9e-des-augures-300x300.jpg",300,300,true],"medium_large":["https:\/\/saisonsculturelleschaumont.fr\/mdxpuixt\/wp-content\/uploads\/2020\/02\/La-ris\u00e9e-des-augures.jpg",512,341,false],"large":["https:\/\/saisonsculturelleschaumont.fr\/mdxpuixt\/wp-content\/uploads\/2020\/02\/La-ris\u00e9e-des-augures.jpg",512,341,false],"1536x1536":["https:\/\/saisonsculturelleschaumont.fr\/mdxpuixt\/wp-content\/uploads\/2020\/02\/La-ris\u00e9e-des-augures.jpg",512,341,false],"2048x2048":["https:\/\/saisonsculturelleschaumont.fr\/mdxpuixt\/wp-content\/uploads\/2020\/02\/La-ris\u00e9e-des-augures.jpg",512,341,false],"widget":["https:\/\/saisonsculturelleschaumont.fr\/mdxpuixt\/wp-content\/uploads\/2020\/02\/La-ris\u00e9e-des-augures-36x36.jpg",36,36,true],"square":["https:\/\/saisonsculturelleschaumont.fr\/mdxpuixt\/wp-content\/uploads\/2020\/02\/La-ris\u00e9e-des-augures-180x180.jpg",180,180,true],"featured":["https:\/\/saisonsculturelleschaumont.fr\/mdxpuixt\/wp-content\/uploads\/2020\/02\/La-ris\u00e9e-des-augures.jpg",512,341,false],"featured_large":["https:\/\/saisonsculturelleschaumont.fr\/mdxpuixt\/wp-content\/uploads\/2020\/02\/La-ris\u00e9e-des-augures.jpg",512,341,false],"extra_large":["https:\/\/saisonsculturelleschaumont.fr\/mdxpuixt\/wp-content\/uploads\/2020\/02\/La-ris\u00e9e-des-augures.jpg",512,341,false],"portfolio":["https:\/\/saisonsculturelleschaumont.fr\/mdxpuixt\/wp-content\/uploads\/2020\/02\/La-ris\u00e9e-des-augures-495x341.jpg",495,341,true],"portfolio_small":["https:\/\/saisonsculturelleschaumont.fr\/mdxpuixt\/wp-content\/uploads\/2020\/02\/La-ris\u00e9e-des-augures-260x185.jpg",260,185,true],"gallery":["https:\/\/saisonsculturelleschaumont.fr\/mdxpuixt\/wp-content\/uploads\/2020\/02\/La-ris\u00e9e-des-augures.jpg",512,341,false],"magazine":["https:\/\/saisonsculturelleschaumont.fr\/mdxpuixt\/wp-content\/uploads\/2020\/02\/La-ris\u00e9e-des-augures.jpg",512,341,false],"masonry":["https:\/\/saisonsculturelleschaumont.fr\/mdxpuixt\/wp-content\/uploads\/2020\/02\/La-ris\u00e9e-des-augures.jpg",512,341,false],"entry_with_sidebar":["https:\/\/saisonsculturelleschaumont.fr\/mdxpuixt\/wp-content\/uploads\/2020\/02\/La-ris\u00e9e-des-augures-512x321.jpg",512,321,true],"entry_without_sidebar":["https:\/\/saisonsculturelleschaumont.fr\/mdxpuixt\/wp-content\/uploads\/2020\/02\/La-ris\u00e9e-des-augures.jpg",512,341,false]},"uagb_author_info":{"display_name":"Justine Ansel","author_link":"https:\/\/saisonsculturelleschaumont.fr\/mdxpuixt\/author\/justine-ansel\/"},"uagb_comment_info":0,"uagb_excerpt":"La ris\u00e9e des augures est une performance-spectacle immersive pour lieux insolites, friches et centres d\u2019art, autrement dit pour des endroits et des publics \u00e0 conqu\u00e9rir. \u00c0 partir de l\u2019histoire du [&hellip;]","_links":{"self":[{"href":"https:\/\/saisonsculturelleschaumont.fr\/mdxpuixt\/wp-json\/wp\/v2\/tribe_events\/4972"}],"collection":[{"href":"https:\/\/saisonsculturelleschaumont.fr\/mdxpuixt\/wp-json\/wp\/v2\/tribe_events"}],"about":[{"href":"https:\/\/saisonsculturelleschaumont.fr\/mdxpuixt\/wp-json\/wp\/v2\/types\/tribe_events"}],"author":[{"embeddable":true,"href":"https:\/\/saisonsculturelleschaumont.fr\/mdxpuixt\/wp-json\/wp\/v2\/users\/3"}],"replies":[{"embeddable":true,"href":"https:\/\/saisonsculturelleschaumont.fr\/mdxpuixt\/wp-json\/wp\/v2\/comments?post=4972"}],"version-history":[{"count":0,"href":"https:\/\/saisonsculturelleschaumont.fr\/mdxpuixt\/wp-json\/wp\/v2\/tribe_events\/4972\/revisions"}],"wp:featuredmedia":[{"embeddable":true,"href":"https:\/\/saisonsculturelleschaumont.fr\/mdxpuixt\/wp-json\/wp\/v2\/media\/5011"}],"wp:attachment":[{"href":"https:\/\/saisonsculturelleschaumont.fr\/mdxpuixt\/wp-json\/wp\/v2\/media?parent=4972"}],"wp:term":[{"taxonomy":"post_tag","embeddable":true,"href":"https:\/\/saisonsculturelleschaumont.fr\/mdxpuixt\/wp-json\/wp\/v2\/tags?post=4972"},{"taxonomy":"tribe_events_cat","embeddable":true,"href":"https:\/\/saisonsculturelleschaumont.fr\/mdxpuixt\/wp-json\/wp\/v2\/tribe_events_cat?post=4972"}],"curies":[{"name":"wp","href":"https:\/\/api.w.org\/{rel}","templated":true}]}}