{"id":5152,"date":"2020-02-14T12:47:51","date_gmt":"2020-02-14T11:47:51","guid":{"rendered":"https:\/\/saisonsculturelleschaumont.fr\/mdxpuixt\/evenement\/notre-present-est-il-le-futur-dhier-atelier-leonard-de-vinci\/"},"modified":"2020-05-18T10:31:18","modified_gmt":"2020-05-18T08:31:18","slug":"notre-present-est-il-le-futur-dhier-atelier-leonard-de-vinci","status":"publish","type":"tribe_events","link":"https:\/\/saisonsculturelleschaumont.fr\/mdxpuixt\/evenement\/notre-present-est-il-le-futur-dhier-atelier-leonard-de-vinci\/","title":{"rendered":"Notre pr\u00e9sent est-il le futur d\u2019hier\u00a0? &#8211; Atelier L\u00e9onard de Vinci &#8211; annul\u00e9"},"content":{"rendered":"<p>\u00ab\u00a0Prends tes le\u00e7ons dans la nature, c\u2019est l\u00e0 qu\u2019est notre futur\u00a0\u00bb disait L\u00e9onard de Vinci. D\u00e9couvre ce visionnaire et inventeur de g\u00e9nie qui r\u00eavait d\u00e9j\u00e0 de machines volantes au XV\u00e8me si\u00e8cle.<\/p>\n","protected":false},"excerpt":{"rendered":"<p>\u00ab\u00a0Prends tes le\u00e7ons dans la nature, c\u2019est l\u00e0 qu\u2019est notre futur\u00a0\u00bb disait L\u00e9onard de Vinci. D\u00e9couvre ce visionnaire et inventeur de g\u00e9nie qui r\u00eavait d\u00e9j\u00e0 de machines volantes au XV\u00e8me [&hellip;]<\/p>\n","protected":false},"author":3,"featured_media":4860,"comment_status":"closed","ping_status":"closed","template":"","meta":{"_uag_custom_page_level_css":"","_tribe_events_status":"","_tribe_events_status_reason":""},"tags":[115,135],"tribe_events_cat":[45],"yoast_head":"<!-- This site is optimized with the Yoast SEO plugin v21.1 - https:\/\/yoast.com\/wordpress\/plugins\/seo\/ -->\n<title>Notre pr\u00e9sent est-il le futur d\u2019hier\u00a0? - Atelier L\u00e9onard de Vinci - annul\u00e9 - Les Saisons Culturelles de Chaumont<\/title>\n<meta name=\"description\" content=\"D\u00e9couvrez la programmation culturelle de la saison culturelle de la ville de Chaumont. Expositions, visites, rencontres, ateliers, concerts, spectacles, animations et plus encore.\" \/>\n<meta name=\"robots\" content=\"noindex, follow, max-snippet:-1, max-image-preview:large, max-video-preview:-1\" \/>\n<meta property=\"og:locale\" content=\"fr_FR\" \/>\n<meta property=\"og:type\" content=\"article\" \/>\n<meta property=\"og:title\" content=\"Notre pr\u00e9sent est-il le futur d\u2019hier\u00a0? - Atelier L\u00e9onard de Vinci - annul\u00e9 - Les Saisons Culturelles de Chaumont\" \/>\n<meta property=\"og:description\" content=\"D\u00e9couvrez la programmation culturelle de la saison culturelle de la ville de Chaumont. Expositions, visites, rencontres, ateliers, concerts, spectacles, animations et plus encore.\" \/>\n<meta property=\"og:url\" content=\"https:\/\/saisonsculturelleschaumont.fr\/mdxpuixt\/evenement\/notre-present-est-il-le-futur-dhier-atelier-leonard-de-vinci\/\" \/>\n<meta property=\"og:site_name\" content=\"Les Saisons Culturelles de Chaumont\" \/>\n<meta property=\"article:publisher\" content=\"https:\/\/www.facebook.com\/saisonsculturelleschaumont\/\" \/>\n<meta property=\"article:modified_time\" content=\"2020-05-18T08:31:18+00:00\" \/>\n<meta property=\"og:image\" content=\"https:\/\/saisonsculturelleschaumont.fr\/mdxpuixt\/wp-content\/uploads\/2023\/09\/Bandeau-de-couverture_FB-_SCC8.png\" \/>\n\t<meta property=\"og:image:width\" content=\"3396\" \/>\n\t<meta property=\"og:image:height\" content=\"1313\" \/>\n\t<meta property=\"og:image:type\" content=\"image\/png\" \/>\n<meta name=\"twitter:card\" content=\"summary_large_image\" \/>\n<script type=\"application\/ld+json\" class=\"yoast-schema-graph\">{\"@context\":\"https:\/\/schema.org\",\"@graph\":[{\"@type\":\"WebPage\",\"@id\":\"https:\/\/saisonsculturelleschaumont.fr\/mdxpuixt\/evenement\/notre-present-est-il-le-futur-dhier-atelier-leonard-de-vinci\/\",\"url\":\"https:\/\/saisonsculturelleschaumont.fr\/mdxpuixt\/evenement\/notre-present-est-il-le-futur-dhier-atelier-leonard-de-vinci\/\",\"name\":\"Notre pr\u00e9sent est-il le futur d\u2019hier\u00a0? - Atelier L\u00e9onard de Vinci - annul\u00e9 - Les Saisons Culturelles de Chaumont\",\"isPartOf\":{\"@id\":\"https:\/\/saisonsculturelleschaumont.fr\/mdxpuixt\/#website\"},\"datePublished\":\"2020-02-14T11:47:51+00:00\",\"dateModified\":\"2020-05-18T08:31:18+00:00\",\"description\":\"D\u00e9couvrez la programmation culturelle de la saison culturelle de la ville de Chaumont. Expositions, visites, rencontres, ateliers, concerts, spectacles, animations et plus encore.\",\"breadcrumb\":{\"@id\":\"https:\/\/saisonsculturelleschaumont.fr\/mdxpuixt\/evenement\/notre-present-est-il-le-futur-dhier-atelier-leonard-de-vinci\/#breadcrumb\"},\"inLanguage\":\"fr-FR\",\"potentialAction\":[{\"@type\":\"ReadAction\",\"target\":[\"https:\/\/saisonsculturelleschaumont.fr\/mdxpuixt\/evenement\/notre-present-est-il-le-futur-dhier-atelier-leonard-de-vinci\/\"]}]},{\"@type\":\"BreadcrumbList\",\"@id\":\"https:\/\/saisonsculturelleschaumont.fr\/mdxpuixt\/evenement\/notre-present-est-il-le-futur-dhier-atelier-leonard-de-vinci\/#breadcrumb\",\"itemListElement\":[{\"@type\":\"ListItem\",\"position\":1,\"name\":\"Accueil\",\"item\":\"https:\/\/saisonsculturelleschaumont.fr\/mdxpuixt\/\"},{\"@type\":\"ListItem\",\"position\":2,\"name\":\"\u00c9v\u00e8nements\",\"item\":\"https:\/\/saisonsculturelleschaumont.fr\/mdxpuixt\/agenda\/\"},{\"@type\":\"ListItem\",\"position\":3,\"name\":\"Notre pr\u00e9sent est-il le futur d\u2019hier\u00a0? &#8211; Atelier L\u00e9onard de Vinci &#8211; annul\u00e9\"}]},{\"@type\":\"WebSite\",\"@id\":\"https:\/\/saisonsculturelleschaumont.fr\/mdxpuixt\/#website\",\"url\":\"https:\/\/saisonsculturelleschaumont.fr\/mdxpuixt\/\",\"name\":\"Les Saisons Culturelles de Chaumont\",\"description\":\"\",\"potentialAction\":[{\"@type\":\"SearchAction\",\"target\":{\"@type\":\"EntryPoint\",\"urlTemplate\":\"https:\/\/saisonsculturelleschaumont.fr\/mdxpuixt\/?s={search_term_string}\"},\"query-input\":\"required name=search_term_string\"}],\"inLanguage\":\"fr-FR\"}]}<\/script>\n<!-- \/ Yoast SEO plugin. -->","yoast_head_json":{"title":"Notre pr\u00e9sent est-il le futur d\u2019hier\u00a0? - Atelier L\u00e9onard de Vinci - annul\u00e9 - Les Saisons Culturelles de Chaumont","description":"D\u00e9couvrez la programmation culturelle de la saison culturelle de la ville de Chaumont. Expositions, visites, rencontres, ateliers, concerts, spectacles, animations et plus encore.","robots":{"index":"noindex","follow":"follow","max-snippet":"max-snippet:-1","max-image-preview":"max-image-preview:large","max-video-preview":"max-video-preview:-1"},"og_locale":"fr_FR","og_type":"article","og_title":"Notre pr\u00e9sent est-il le futur d\u2019hier\u00a0? - Atelier L\u00e9onard de Vinci - annul\u00e9 - Les Saisons Culturelles de Chaumont","og_description":"D\u00e9couvrez la programmation culturelle de la saison culturelle de la ville de Chaumont. Expositions, visites, rencontres, ateliers, concerts, spectacles, animations et plus encore.","og_url":"https:\/\/saisonsculturelleschaumont.fr\/mdxpuixt\/evenement\/notre-present-est-il-le-futur-dhier-atelier-leonard-de-vinci\/","og_site_name":"Les Saisons Culturelles de Chaumont","article_publisher":"https:\/\/www.facebook.com\/saisonsculturelleschaumont\/","article_modified_time":"2020-05-18T08:31:18+00:00","og_image":[{"width":3396,"height":1313,"url":"https:\/\/saisonsculturelleschaumont.fr\/mdxpuixt\/wp-content\/uploads\/2023\/09\/Bandeau-de-couverture_FB-_SCC8.png","type":"image\/png"}],"twitter_card":"summary_large_image","schema":{"@context":"https:\/\/schema.org","@graph":[{"@type":"WebPage","@id":"https:\/\/saisonsculturelleschaumont.fr\/mdxpuixt\/evenement\/notre-present-est-il-le-futur-dhier-atelier-leonard-de-vinci\/","url":"https:\/\/saisonsculturelleschaumont.fr\/mdxpuixt\/evenement\/notre-present-est-il-le-futur-dhier-atelier-leonard-de-vinci\/","name":"Notre pr\u00e9sent est-il le futur d\u2019hier\u00a0? - Atelier L\u00e9onard de Vinci - annul\u00e9 - Les Saisons Culturelles de Chaumont","isPartOf":{"@id":"https:\/\/saisonsculturelleschaumont.fr\/mdxpuixt\/#website"},"datePublished":"2020-02-14T11:47:51+00:00","dateModified":"2020-05-18T08:31:18+00:00","description":"D\u00e9couvrez la programmation culturelle de la saison culturelle de la ville de Chaumont. Expositions, visites, rencontres, ateliers, concerts, spectacles, animations et plus encore.","breadcrumb":{"@id":"https:\/\/saisonsculturelleschaumont.fr\/mdxpuixt\/evenement\/notre-present-est-il-le-futur-dhier-atelier-leonard-de-vinci\/#breadcrumb"},"inLanguage":"fr-FR","potentialAction":[{"@type":"ReadAction","target":["https:\/\/saisonsculturelleschaumont.fr\/mdxpuixt\/evenement\/notre-present-est-il-le-futur-dhier-atelier-leonard-de-vinci\/"]}]},{"@type":"BreadcrumbList","@id":"https:\/\/saisonsculturelleschaumont.fr\/mdxpuixt\/evenement\/notre-present-est-il-le-futur-dhier-atelier-leonard-de-vinci\/#breadcrumb","itemListElement":[{"@type":"ListItem","position":1,"name":"Accueil","item":"https:\/\/saisonsculturelleschaumont.fr\/mdxpuixt\/"},{"@type":"ListItem","position":2,"name":"\u00c9v\u00e8nements","item":"https:\/\/saisonsculturelleschaumont.fr\/mdxpuixt\/agenda\/"},{"@type":"ListItem","position":3,"name":"Notre pr\u00e9sent est-il le futur d\u2019hier\u00a0? &#8211; Atelier L\u00e9onard de Vinci &#8211; annul\u00e9"}]},{"@type":"WebSite","@id":"https:\/\/saisonsculturelleschaumont.fr\/mdxpuixt\/#website","url":"https:\/\/saisonsculturelleschaumont.fr\/mdxpuixt\/","name":"Les Saisons Culturelles de Chaumont","description":"","potentialAction":[{"@type":"SearchAction","target":{"@type":"EntryPoint","urlTemplate":"https:\/\/saisonsculturelleschaumont.fr\/mdxpuixt\/?s={search_term_string}"},"query-input":"required name=search_term_string"}],"inLanguage":"fr-FR"}]}},"uagb_featured_image_src":{"full":["https:\/\/saisonsculturelleschaumont.fr\/mdxpuixt\/wp-content\/uploads\/2019\/07\/BANDEAUX-SIlos-10.png",1427,851,false],"thumbnail":["https:\/\/saisonsculturelleschaumont.fr\/mdxpuixt\/wp-content\/uploads\/2019\/07\/BANDEAUX-SIlos-10-80x80.png",80,80,true],"medium":["https:\/\/saisonsculturelleschaumont.fr\/mdxpuixt\/wp-content\/uploads\/2019\/07\/BANDEAUX-SIlos-10-300x300.png",300,300,true],"medium_large":["https:\/\/saisonsculturelleschaumont.fr\/mdxpuixt\/wp-content\/uploads\/2019\/07\/BANDEAUX-SIlos-10-768x768.png",768,768,true],"large":["https:\/\/saisonsculturelleschaumont.fr\/mdxpuixt\/wp-content\/uploads\/2019\/07\/BANDEAUX-SIlos-10-1030x851.png",1030,851,true],"1536x1536":["https:\/\/saisonsculturelleschaumont.fr\/mdxpuixt\/wp-content\/uploads\/2019\/07\/BANDEAUX-SIlos-10.png",1427,851,false],"2048x2048":["https:\/\/saisonsculturelleschaumont.fr\/mdxpuixt\/wp-content\/uploads\/2019\/07\/BANDEAUX-SIlos-10.png",1427,851,false],"widget":["https:\/\/saisonsculturelleschaumont.fr\/mdxpuixt\/wp-content\/uploads\/2019\/07\/BANDEAUX-SIlos-10-36x36.png",36,36,true],"square":["https:\/\/saisonsculturelleschaumont.fr\/mdxpuixt\/wp-content\/uploads\/2019\/07\/BANDEAUX-SIlos-10-180x180.png",180,180,true],"featured":["https:\/\/saisonsculturelleschaumont.fr\/mdxpuixt\/wp-content\/uploads\/2019\/07\/BANDEAUX-SIlos-10-1427x430.png",1427,430,true],"featured_large":["https:\/\/saisonsculturelleschaumont.fr\/mdxpuixt\/wp-content\/uploads\/2019\/07\/BANDEAUX-SIlos-10-1427x630.png",1427,630,true],"extra_large":["https:\/\/saisonsculturelleschaumont.fr\/mdxpuixt\/wp-content\/uploads\/2019\/07\/BANDEAUX-SIlos-10.png",1427,851,false],"portfolio":["https:\/\/saisonsculturelleschaumont.fr\/mdxpuixt\/wp-content\/uploads\/2019\/07\/BANDEAUX-SIlos-10-495x400.png",495,400,true],"portfolio_small":["https:\/\/saisonsculturelleschaumont.fr\/mdxpuixt\/wp-content\/uploads\/2019\/07\/BANDEAUX-SIlos-10-260x185.png",260,185,true],"gallery":["https:\/\/saisonsculturelleschaumont.fr\/mdxpuixt\/wp-content\/uploads\/2019\/07\/BANDEAUX-SIlos-10-845x684.png",845,684,true],"magazine":["https:\/\/saisonsculturelleschaumont.fr\/mdxpuixt\/wp-content\/uploads\/2019\/07\/BANDEAUX-SIlos-10-710x375.png",710,375,true],"masonry":["https:\/\/saisonsculturelleschaumont.fr\/mdxpuixt\/wp-content\/uploads\/2019\/07\/BANDEAUX-SIlos-10-705x420.png",705,420,true],"entry_with_sidebar":["https:\/\/saisonsculturelleschaumont.fr\/mdxpuixt\/wp-content\/uploads\/2019\/07\/BANDEAUX-SIlos-10-845x321.png",845,321,true],"entry_without_sidebar":["https:\/\/saisonsculturelleschaumont.fr\/mdxpuixt\/wp-content\/uploads\/2019\/07\/BANDEAUX-SIlos-10-1210x423.png",1210,423,true]},"uagb_author_info":{"display_name":"Justine Ansel","author_link":"https:\/\/saisonsculturelleschaumont.fr\/mdxpuixt\/author\/justine-ansel\/"},"uagb_comment_info":0,"uagb_excerpt":"\u00ab\u00a0Prends tes le\u00e7ons dans la nature, c\u2019est l\u00e0 qu\u2019est notre futur\u00a0\u00bb disait L\u00e9onard de Vinci. D\u00e9couvre ce visionnaire et inventeur de g\u00e9nie qui r\u00eavait d\u00e9j\u00e0 de machines volantes au XV\u00e8me [&hellip;]","_links":{"self":[{"href":"https:\/\/saisonsculturelleschaumont.fr\/mdxpuixt\/wp-json\/wp\/v2\/tribe_events\/5152"}],"collection":[{"href":"https:\/\/saisonsculturelleschaumont.fr\/mdxpuixt\/wp-json\/wp\/v2\/tribe_events"}],"about":[{"href":"https:\/\/saisonsculturelleschaumont.fr\/mdxpuixt\/wp-json\/wp\/v2\/types\/tribe_events"}],"author":[{"embeddable":true,"href":"https:\/\/saisonsculturelleschaumont.fr\/mdxpuixt\/wp-json\/wp\/v2\/users\/3"}],"replies":[{"embeddable":true,"href":"https:\/\/saisonsculturelleschaumont.fr\/mdxpuixt\/wp-json\/wp\/v2\/comments?post=5152"}],"version-history":[{"count":0,"href":"https:\/\/saisonsculturelleschaumont.fr\/mdxpuixt\/wp-json\/wp\/v2\/tribe_events\/5152\/revisions"}],"wp:featuredmedia":[{"embeddable":true,"href":"https:\/\/saisonsculturelleschaumont.fr\/mdxpuixt\/wp-json\/wp\/v2\/media\/4860"}],"wp:attachment":[{"href":"https:\/\/saisonsculturelleschaumont.fr\/mdxpuixt\/wp-json\/wp\/v2\/media?parent=5152"}],"wp:term":[{"taxonomy":"post_tag","embeddable":true,"href":"https:\/\/saisonsculturelleschaumont.fr\/mdxpuixt\/wp-json\/wp\/v2\/tags?post=5152"},{"taxonomy":"tribe_events_cat","embeddable":true,"href":"https:\/\/saisonsculturelleschaumont.fr\/mdxpuixt\/wp-json\/wp\/v2\/tribe_events_cat?post=5152"}],"curies":[{"name":"wp","href":"https:\/\/api.w.org\/{rel}","templated":true}]}}