{"id":5511,"date":"2020-08-01T00:00:00","date_gmt":"2020-07-31T22:00:00","guid":{"rendered":"https:\/\/saisonsculturelleschaumont.fr\/mdxpuixt\/?post_type=tribe_events&#038;p=5511"},"modified":"2021-03-10T12:06:31","modified_gmt":"2021-03-10T11:06:31","slug":"mademoiselle-maurice","status":"publish","type":"tribe_events","link":"https:\/\/saisonsculturelleschaumont.fr\/mdxpuixt\/evenement\/mademoiselle-maurice\/","title":{"rendered":"Mademoiselle Maurice"},"content":{"rendered":"<p>V\u00e9ritable \u00e9crin \u00e0 l\u2019installation de la jeune artiste Mademoiselle Maurice, la chapelle des J\u00e9suites r\u00e9v\u00e8le toute sa beaut\u00e9 gr\u00e2ce \u00e0 l\u2019\u0153uvre minimaliste, color\u00e9e et d\u00e9licate de l\u2019artiste invit\u00e9.<br \/>\nL\u00e9g\u00e8re en apparence, l\u2019\u0153uvre de Mademoiselle Maurice interroge et soul\u00e8ve bien des questions quant \u00e0 la nature humaine et les interactions que l\u2019homme et son environnement entretiennent. Souffle de fraicheur mais vraie r\u00e9flexion \u00e9volutive, la d\u00e9marche artistique de Mademoiselle Maurice ouvre, en pavant de couleurs la dualit\u00e9 d\u2019une r\u00e9alit\u00e9 aussi attirante que repoussante, de larges espaces d\u2019abstractions dans la cit\u00e9.<\/p>\n<p>Au vu des restrictions sanitaires, la Chapelle est actuellement ferm\u00e9e.<\/p>\n<p><em>\u00ab\u00a0Bonjour !<\/em><\/p>\n<p><em>\u00f4 toi visiteur de ce lieu ;<\/em><\/p>\n<p><em>Je suis Mademoiselle Maurice (ceci est un pseudonyme), artiste plasticienne (s&rsquo;il faut une case), petite fille de paysans qui a eu cette chance de grandir \u00e0 la montagne, entour\u00e9e par les ruisseaux et les champs.<\/em><\/p>\n<p><em>La nature et ses cycles saisonniers de notre climat temp\u00e9r\u00e9 m&rsquo;ont berc\u00e9s et nourris.<\/em><\/p>\n<p><em>Un jour, je suis partie \u00ab\u00a0\u00e0 la ville\u00a0\u00bb et puis plus tard j&rsquo;ai eu le privil\u00e8ge de voyager aux quatre coins du monde par le biais de mon travail. Souvent, un constat r\u00e9current : les soci\u00e9t\u00e9s deviennent le plus souvent individualistes o\u00f9 les humains sont de plus en plus d\u00e9connect\u00e9s les uns des autres, d&rsquo;eux-m\u00eames et de la nature qui pourtant nous nourrit, nous abreuve et nous permet de respirer.<\/em><\/p>\n<p><em>Constructions st\u00e9riles, aberrations consum\u00e9ristes, culte vou\u00e9 \u00e0 l&rsquo;argent.<\/em><\/p>\n<p><em>O\u00f9 va ce monde mat\u00e9rialiste ? Pourquoi ne cultive-t-on pas plus de beaut\u00e9, de po\u00e9sie, de solidarit\u00e9 et de bon sens ?<\/em><\/p>\n<p><em>Face \u00e0 cette direction capitaliste, je me sens souvent perdue, \u00e9touff\u00e9e, en col\u00e8re.<\/em><\/p>\n<p><em>Je ne comprends pas les injustices. Je ne comprends pas pourquoi le gris est la couleur pr\u00e9dominante de nos villes. Pourquoi tant d\u2019uniformit\u00e9 ? Pourquoi certains poss\u00e8dent des milliards de dollars et d&rsquo;autres seulement quelques centimes ? Pourquoi le suremballage ? Le g\u00e2chis ? La privation de libert\u00e9 d&rsquo;aimer, de croire, de migrer ? Pourquoi tant de pollutions et d&rsquo;\u00e9puisement des \u00e9nergies fossiles ? Pourquoi on ne dit pas bonjour \u00e0 notre voisin dans le train ? pourquoi le stress permanent ? Pourquoi suivre comme un mouton et en silence si la direction montr\u00e9e ne nous \u00e9panouit pas ?<\/em><\/p>\n<p><em>Parce que l&rsquo;argent et le pouvoir, la cupidit\u00e9 et la fiert\u00e9 aveugle l&rsquo;\u00eatre humain me dis-je parfois&#8230;<\/em><\/p>\n<p><em>Alors, comme une r\u00e9ponse \u00e0 cela, avec mon go\u00fbt de la bricole, comme un exutoire, une bou\u00e9e de sauvetage et par une envie visc\u00e9rale de crier \u00ab\u00a0AMOUR\u00a0\u00bb\u00a0! Ma mission vitale fut de d\u00e9ployer des arc-en-ciels en milieu urbain. De cette palette spectrale qui parait innocente surgit une notion universelle : celle de l&rsquo;harmonie. D\u00e9composition de la lumi\u00e8re, comme pour \u00e9clairer la vie. J&rsquo;aime cr\u00e9er des d\u00e9grad\u00e9s de couleur pour \u00e9voquer le vivre ensemble, le m\u00e9tissage, la libert\u00e9, la paix, l&rsquo;espoir.<\/em><\/p>\n<p><em>Lorsque l&rsquo;on m&rsquo;a invit\u00e9 ici \u00e0 Chaumont je me suis d&rsquo;abord dit \u00ab\u00a0oh&#8230; encore un b\u00e2timent \u00e0 connotation religieuse\u00a0\u00bb ; bien que respectant toutes les religions, je me consid\u00e8re comme agnostique.<\/em><\/p>\n<p><em>Et puis en d\u00e9couvrant ce lieu, cette pierre blanche sculpt\u00e9e, ce baroque omnipr\u00e9sent, j&rsquo;ai trouv\u00e9 l&rsquo;endroit beau et fort.\u00a0 J&rsquo;ai pens\u00e9 au contraste entre la roche froide et mes cr\u00e9ations color\u00e9es de papier : Un dialogue \u00e0 observer et contempler.<\/em><\/p>\n<p><em>Faire parler le pass\u00e9 avec le pr\u00e9sent, pour un futur que j&rsquo;esp\u00e8re bienveillant. Ici et maintenant, comme une \u00e9quation des trois temps pour non pas crier la r\u00e9volte, encore, mais \u00e9couter le silence. Se questionner mais surtout esp\u00e9rer. O\u00f9 allons-nous ? Quand allons-nous &#8230; ? Trois petits temps de suspension.<\/em><\/p>\n<p><em>Et puis s&rsquo;il y a bien un point commun entre cette chapelle et ce que je suis et cr\u00e9\u00e9 c&rsquo;est bien une forme d&rsquo;exub\u00e9rance et de \u00ab\u00a0th\u00e9\u00e2tralisation\u00a0\u00bb. Certains hommes ont su construire grand et sacr\u00e9 pour leur Dieux, d&rsquo;autres cr\u00e9ateurs jouent avec formes et couleurs pour la nature et l&rsquo;\u00e9galit\u00e9, je pense en faire partie.<\/em><\/p>\n<p><em>Ces croyances et ces actions tendent certainement \u00e0 nous \u00e9lever, nous relier, m\u00eame si ce sont des visions id\u00e9alistes et utopistes, elles sont peut-\u00eatre fondamentales. Quelle v\u00e9rit\u00e9 en est une ? Aucune ai-je envie de r\u00e9pondre. Toutes ces visions ne sont que des id\u00e9es qui ont le m\u00e9ritent d&rsquo;exister et qui ont trouv\u00e9 racine dans quelques esprits.<\/em><\/p>\n<p><em>O\u00f9 allons-nous ? Quand allons-nous &#8230; ?<\/em><\/p>\n<p><em>Le ch\u00eane savait-il \u00e0 son \u00e9tat de gland qu&rsquo;il deviendrait si imposant ?<\/em><\/p>\n<p><em>Trois petits temps de suspension.<\/em><\/p>\n<p><em>L&rsquo;\u00e9quilibre, l&rsquo;impermanence et le contraste sont dans la nature, en nous et autour de nous pr\u00e9sentement. La pierre et le papier semblent s&rsquo;opposer alors que finalement ils s&rsquo;\u00e9quilibrent ensemble. L&rsquo;\u0153uvre est \u00e9ph\u00e9m\u00e8re, faites d&rsquo;ailleurs exclusivement d&rsquo;\u00e9l\u00e9ments de r\u00e9cup\u00e9ration, recycl\u00e9s, transform\u00e9s : papiers, affiches, cartes postales, copeaux.<\/em><\/p>\n<p><em>La virginit\u00e9 du blanc se conjugue avec les couleurs vives.<\/em><\/p>\n<p><em>Le sol pourrait paraitre se soulever, pour nous transporter, et nous faire suivre l&rsquo;envol\u00e9e d&rsquo;oiseaux vers le ciel.<\/em><\/p>\n<p><em>Qui que vous soyez, d&rsquo;o\u00f9 que vous soyez, cette installation est faite pour vous.<\/em><\/p>\n<p><em>A ma mani\u00e8re de vous offrir modestement ces couleurs lumineuses, qui m&rsquo;\u00e9voque la paix, la vie et l&rsquo;amour.<\/em><\/p>\n<p><em>Pour c\u00e9l\u00e9brer l&rsquo;envie d&rsquo;y croire, en ces lieux sacr\u00e9s, pour s&rsquo;unir les uns aux autres, \u00e0 notre m\u00e8re nature \u00e0 laquelle nous appartenons et non l&rsquo;inverse.<\/em><\/p>\n<p><em>Comme le dit une des inscriptions dans cette chapelle \u00ab\u00a0veni coronaberis\u00a0\u00bb : Venez et vous serez couronn\u00e9. Sans rapport avec l&rsquo;actualit\u00e9 morose qui veut nous absorber. Peut-\u00eatre qu&rsquo;un peu de douceur, de chaleur, d&rsquo;espoir et d&rsquo;amour sera sem\u00e9 dans vos c\u0153urs ; cela ne serait-il pas le plus beau des couronnements ?\u00a0<\/em><\/p>\n<p><em>Pour le moment nous sommes vivants, ici et maintenant. Le soleil brillera toujours demain, \u00e0 nous d&rsquo;\u00eatre un peu plus serein, malin et humain.<\/em><\/p>\n<p><em>Ces trois petits temps de suspension deviendront peut-\u00eatre un temps final d&rsquo;exclamation, d&rsquo;acceptation et de contemplation.\u00a0\u00bb<\/em><\/p>\n<p style=\"text-align: right;\">\nMademoiselle Maurice<\/p>\n<p>&nbsp;<\/p>\n<p>&nbsp;<\/p>\n<p>&nbsp;<\/p>\n<p>Ouvert tous les jours de 14h \u00e0 18h30 et \u00e9galement de 10h \u00e0 12h30 le mercredi et samedi. Fermeture le mardi. \u200b<\/p>\n","protected":false},"excerpt":{"rendered":"<p>V\u00e9ritable \u00e9crin \u00e0 l\u2019installation de la jeune artiste Mademoiselle Maurice, la chapelle des J\u00e9suites r\u00e9v\u00e8le toute sa beaut\u00e9 gr\u00e2ce \u00e0 l\u2019\u0153uvre minimaliste, color\u00e9e et d\u00e9licate de l\u2019artiste invit\u00e9. L\u00e9g\u00e8re en [&hellip;]<\/p>\n","protected":false},"author":3,"featured_media":5861,"comment_status":"closed","ping_status":"closed","template":"","meta":{"_uag_custom_page_level_css":"","_tribe_events_status":"","_tribe_events_status_reason":""},"tags":[87,171,172,76,113,134],"tribe_events_cat":[42],"yoast_head":"<!-- This site is optimized with the Yoast SEO plugin v21.1 - https:\/\/yoast.com\/wordpress\/plugins\/seo\/ -->\n<title>Mademoiselle Maurice - Les Saisons Culturelles de Chaumont<\/title>\n<meta name=\"description\" content=\"D\u00e9couvrez la programmation culturelle de la saison culturelle de la ville de Chaumont. Expositions, visites, rencontres, ateliers, concerts, spectacles, animations et plus encore.\" \/>\n<meta name=\"robots\" content=\"noindex, follow, max-snippet:-1, max-image-preview:large, max-video-preview:-1\" \/>\n<meta property=\"og:locale\" content=\"fr_FR\" \/>\n<meta property=\"og:type\" content=\"article\" \/>\n<meta property=\"og:title\" content=\"Mademoiselle Maurice - Les Saisons Culturelles de Chaumont\" \/>\n<meta property=\"og:description\" content=\"D\u00e9couvrez la programmation culturelle de la saison culturelle de la ville de Chaumont. Expositions, visites, rencontres, ateliers, concerts, spectacles, animations et plus encore.\" \/>\n<meta property=\"og:url\" content=\"https:\/\/saisonsculturelleschaumont.fr\/mdxpuixt\/evenement\/mademoiselle-maurice\/\" \/>\n<meta property=\"og:site_name\" content=\"Les Saisons Culturelles de Chaumont\" \/>\n<meta property=\"article:publisher\" content=\"https:\/\/www.facebook.com\/saisonsculturelleschaumont\/\" \/>\n<meta property=\"article:modified_time\" content=\"2021-03-10T11:06:31+00:00\" \/>\n<meta property=\"og:image\" content=\"https:\/\/saisonsculturelleschaumont.fr\/mdxpuixt\/wp-content\/uploads\/2020\/10\/DSC_3036-e1602490627389.jpg\" \/>\n\t<meta property=\"og:image:width\" content=\"650\" \/>\n\t<meta property=\"og:image:height\" content=\"751\" \/>\n\t<meta property=\"og:image:type\" content=\"image\/jpeg\" \/>\n<meta name=\"twitter:card\" content=\"summary_large_image\" \/>\n<meta name=\"twitter:label1\" content=\"Dur\u00e9e de lecture estim\u00e9e\" \/>\n\t<meta name=\"twitter:data1\" content=\"5 minutes\" \/>\n<script type=\"application\/ld+json\" class=\"yoast-schema-graph\">{\"@context\":\"https:\/\/schema.org\",\"@graph\":[{\"@type\":\"WebPage\",\"@id\":\"https:\/\/saisonsculturelleschaumont.fr\/mdxpuixt\/evenement\/mademoiselle-maurice\/\",\"url\":\"https:\/\/saisonsculturelleschaumont.fr\/mdxpuixt\/evenement\/mademoiselle-maurice\/\",\"name\":\"Mademoiselle Maurice - Les Saisons Culturelles de Chaumont\",\"isPartOf\":{\"@id\":\"https:\/\/saisonsculturelleschaumont.fr\/mdxpuixt\/#website\"},\"datePublished\":\"2020-07-31T22:00:00+00:00\",\"dateModified\":\"2021-03-10T11:06:31+00:00\",\"description\":\"D\u00e9couvrez la programmation culturelle de la saison culturelle de la ville de Chaumont. Expositions, visites, rencontres, ateliers, concerts, spectacles, animations et plus encore.\",\"breadcrumb\":{\"@id\":\"https:\/\/saisonsculturelleschaumont.fr\/mdxpuixt\/evenement\/mademoiselle-maurice\/#breadcrumb\"},\"inLanguage\":\"fr-FR\",\"potentialAction\":[{\"@type\":\"ReadAction\",\"target\":[\"https:\/\/saisonsculturelleschaumont.fr\/mdxpuixt\/evenement\/mademoiselle-maurice\/\"]}]},{\"@type\":\"BreadcrumbList\",\"@id\":\"https:\/\/saisonsculturelleschaumont.fr\/mdxpuixt\/evenement\/mademoiselle-maurice\/#breadcrumb\",\"itemListElement\":[{\"@type\":\"ListItem\",\"position\":1,\"name\":\"Accueil\",\"item\":\"https:\/\/saisonsculturelleschaumont.fr\/mdxpuixt\/\"},{\"@type\":\"ListItem\",\"position\":2,\"name\":\"\u00c9v\u00e8nements\",\"item\":\"https:\/\/saisonsculturelleschaumont.fr\/mdxpuixt\/agenda\/\"},{\"@type\":\"ListItem\",\"position\":3,\"name\":\"Mademoiselle Maurice\"}]},{\"@type\":\"WebSite\",\"@id\":\"https:\/\/saisonsculturelleschaumont.fr\/mdxpuixt\/#website\",\"url\":\"https:\/\/saisonsculturelleschaumont.fr\/mdxpuixt\/\",\"name\":\"Les Saisons Culturelles de Chaumont\",\"description\":\"\",\"potentialAction\":[{\"@type\":\"SearchAction\",\"target\":{\"@type\":\"EntryPoint\",\"urlTemplate\":\"https:\/\/saisonsculturelleschaumont.fr\/mdxpuixt\/?s={search_term_string}\"},\"query-input\":\"required name=search_term_string\"}],\"inLanguage\":\"fr-FR\"}]}<\/script>\n<!-- \/ Yoast SEO plugin. -->","yoast_head_json":{"title":"Mademoiselle Maurice - Les Saisons Culturelles de Chaumont","description":"D\u00e9couvrez la programmation culturelle de la saison culturelle de la ville de Chaumont. Expositions, visites, rencontres, ateliers, concerts, spectacles, animations et plus encore.","robots":{"index":"noindex","follow":"follow","max-snippet":"max-snippet:-1","max-image-preview":"max-image-preview:large","max-video-preview":"max-video-preview:-1"},"og_locale":"fr_FR","og_type":"article","og_title":"Mademoiselle Maurice - Les Saisons Culturelles de Chaumont","og_description":"D\u00e9couvrez la programmation culturelle de la saison culturelle de la ville de Chaumont. Expositions, visites, rencontres, ateliers, concerts, spectacles, animations et plus encore.","og_url":"https:\/\/saisonsculturelleschaumont.fr\/mdxpuixt\/evenement\/mademoiselle-maurice\/","og_site_name":"Les Saisons Culturelles de Chaumont","article_publisher":"https:\/\/www.facebook.com\/saisonsculturelleschaumont\/","article_modified_time":"2021-03-10T11:06:31+00:00","og_image":[{"width":650,"height":751,"url":"https:\/\/saisonsculturelleschaumont.fr\/mdxpuixt\/wp-content\/uploads\/2020\/10\/DSC_3036-e1602490627389.jpg","type":"image\/jpeg"}],"twitter_card":"summary_large_image","twitter_misc":{"Dur\u00e9e de lecture estim\u00e9e":"5 minutes"},"schema":{"@context":"https:\/\/schema.org","@graph":[{"@type":"WebPage","@id":"https:\/\/saisonsculturelleschaumont.fr\/mdxpuixt\/evenement\/mademoiselle-maurice\/","url":"https:\/\/saisonsculturelleschaumont.fr\/mdxpuixt\/evenement\/mademoiselle-maurice\/","name":"Mademoiselle Maurice - Les Saisons Culturelles de Chaumont","isPartOf":{"@id":"https:\/\/saisonsculturelleschaumont.fr\/mdxpuixt\/#website"},"datePublished":"2020-07-31T22:00:00+00:00","dateModified":"2021-03-10T11:06:31+00:00","description":"D\u00e9couvrez la programmation culturelle de la saison culturelle de la ville de Chaumont. Expositions, visites, rencontres, ateliers, concerts, spectacles, animations et plus encore.","breadcrumb":{"@id":"https:\/\/saisonsculturelleschaumont.fr\/mdxpuixt\/evenement\/mademoiselle-maurice\/#breadcrumb"},"inLanguage":"fr-FR","potentialAction":[{"@type":"ReadAction","target":["https:\/\/saisonsculturelleschaumont.fr\/mdxpuixt\/evenement\/mademoiselle-maurice\/"]}]},{"@type":"BreadcrumbList","@id":"https:\/\/saisonsculturelleschaumont.fr\/mdxpuixt\/evenement\/mademoiselle-maurice\/#breadcrumb","itemListElement":[{"@type":"ListItem","position":1,"name":"Accueil","item":"https:\/\/saisonsculturelleschaumont.fr\/mdxpuixt\/"},{"@type":"ListItem","position":2,"name":"\u00c9v\u00e8nements","item":"https:\/\/saisonsculturelleschaumont.fr\/mdxpuixt\/agenda\/"},{"@type":"ListItem","position":3,"name":"Mademoiselle Maurice"}]},{"@type":"WebSite","@id":"https:\/\/saisonsculturelleschaumont.fr\/mdxpuixt\/#website","url":"https:\/\/saisonsculturelleschaumont.fr\/mdxpuixt\/","name":"Les Saisons Culturelles de Chaumont","description":"","potentialAction":[{"@type":"SearchAction","target":{"@type":"EntryPoint","urlTemplate":"https:\/\/saisonsculturelleschaumont.fr\/mdxpuixt\/?s={search_term_string}"},"query-input":"required name=search_term_string"}],"inLanguage":"fr-FR"}]}},"uagb_featured_image_src":{"full":["https:\/\/saisonsculturelleschaumont.fr\/mdxpuixt\/wp-content\/uploads\/2020\/10\/DSC_3036-e1602490627389.jpg",650,751,false],"thumbnail":["https:\/\/saisonsculturelleschaumont.fr\/mdxpuixt\/wp-content\/uploads\/2020\/10\/DSC_3036-80x80.jpg",80,80,true],"medium":["https:\/\/saisonsculturelleschaumont.fr\/mdxpuixt\/wp-content\/uploads\/2020\/10\/DSC_3036-300x300.jpg",300,300,true],"medium_large":["https:\/\/saisonsculturelleschaumont.fr\/mdxpuixt\/wp-content\/uploads\/2020\/10\/DSC_3036-768x768.jpg",768,768,true],"large":["https:\/\/saisonsculturelleschaumont.fr\/mdxpuixt\/wp-content\/uploads\/2020\/10\/DSC_3036-1030x1030.jpg",1030,1030,true],"1536x1536":["https:\/\/saisonsculturelleschaumont.fr\/mdxpuixt\/wp-content\/uploads\/2020\/10\/DSC_3036-1330x1536.jpg",1330,1536,true],"2048x2048":["https:\/\/saisonsculturelleschaumont.fr\/mdxpuixt\/wp-content\/uploads\/2020\/10\/DSC_3036-e1602490627389.jpg",650,751,false],"widget":["https:\/\/saisonsculturelleschaumont.fr\/mdxpuixt\/wp-content\/uploads\/2020\/10\/DSC_3036-36x36.jpg",36,36,true],"square":["https:\/\/saisonsculturelleschaumont.fr\/mdxpuixt\/wp-content\/uploads\/2020\/10\/DSC_3036-180x180.jpg",180,180,true],"featured":["https:\/\/saisonsculturelleschaumont.fr\/mdxpuixt\/wp-content\/uploads\/2020\/10\/DSC_3036-1385x430.jpg",1385,430,true],"featured_large":["https:\/\/saisonsculturelleschaumont.fr\/mdxpuixt\/wp-content\/uploads\/2020\/10\/DSC_3036-1385x630.jpg",1385,630,true],"extra_large":["https:\/\/saisonsculturelleschaumont.fr\/mdxpuixt\/wp-content\/uploads\/2020\/10\/DSC_3036-1298x1500.jpg",1298,1500,true],"portfolio":["https:\/\/saisonsculturelleschaumont.fr\/mdxpuixt\/wp-content\/uploads\/2020\/10\/DSC_3036-495x400.jpg",495,400,true],"portfolio_small":["https:\/\/saisonsculturelleschaumont.fr\/mdxpuixt\/wp-content\/uploads\/2020\/10\/DSC_3036-260x185.jpg",260,185,true],"gallery":["https:\/\/saisonsculturelleschaumont.fr\/mdxpuixt\/wp-content\/uploads\/2020\/10\/DSC_3036-845x684.jpg",845,684,true],"magazine":["https:\/\/saisonsculturelleschaumont.fr\/mdxpuixt\/wp-content\/uploads\/2020\/10\/DSC_3036-710x375.jpg",710,375,true],"masonry":["https:\/\/saisonsculturelleschaumont.fr\/mdxpuixt\/wp-content\/uploads\/2020\/10\/DSC_3036-610x705.jpg",610,705,true],"entry_with_sidebar":["https:\/\/saisonsculturelleschaumont.fr\/mdxpuixt\/wp-content\/uploads\/2020\/10\/DSC_3036-845x321.jpg",845,321,true],"entry_without_sidebar":["https:\/\/saisonsculturelleschaumont.fr\/mdxpuixt\/wp-content\/uploads\/2020\/10\/DSC_3036-1210x423.jpg",1210,423,true]},"uagb_author_info":{"display_name":"Justine Ansel","author_link":"https:\/\/saisonsculturelleschaumont.fr\/mdxpuixt\/author\/justine-ansel\/"},"uagb_comment_info":0,"uagb_excerpt":"V\u00e9ritable \u00e9crin \u00e0 l\u2019installation de la jeune artiste Mademoiselle Maurice, la chapelle des J\u00e9suites r\u00e9v\u00e8le toute sa beaut\u00e9 gr\u00e2ce \u00e0 l\u2019\u0153uvre minimaliste, color\u00e9e et d\u00e9licate de l\u2019artiste invit\u00e9. L\u00e9g\u00e8re en [&hellip;]","_links":{"self":[{"href":"https:\/\/saisonsculturelleschaumont.fr\/mdxpuixt\/wp-json\/wp\/v2\/tribe_events\/5511"}],"collection":[{"href":"https:\/\/saisonsculturelleschaumont.fr\/mdxpuixt\/wp-json\/wp\/v2\/tribe_events"}],"about":[{"href":"https:\/\/saisonsculturelleschaumont.fr\/mdxpuixt\/wp-json\/wp\/v2\/types\/tribe_events"}],"author":[{"embeddable":true,"href":"https:\/\/saisonsculturelleschaumont.fr\/mdxpuixt\/wp-json\/wp\/v2\/users\/3"}],"replies":[{"embeddable":true,"href":"https:\/\/saisonsculturelleschaumont.fr\/mdxpuixt\/wp-json\/wp\/v2\/comments?post=5511"}],"version-history":[{"count":0,"href":"https:\/\/saisonsculturelleschaumont.fr\/mdxpuixt\/wp-json\/wp\/v2\/tribe_events\/5511\/revisions"}],"wp:featuredmedia":[{"embeddable":true,"href":"https:\/\/saisonsculturelleschaumont.fr\/mdxpuixt\/wp-json\/wp\/v2\/media\/5861"}],"wp:attachment":[{"href":"https:\/\/saisonsculturelleschaumont.fr\/mdxpuixt\/wp-json\/wp\/v2\/media?parent=5511"}],"wp:term":[{"taxonomy":"post_tag","embeddable":true,"href":"https:\/\/saisonsculturelleschaumont.fr\/mdxpuixt\/wp-json\/wp\/v2\/tags?post=5511"},{"taxonomy":"tribe_events_cat","embeddable":true,"href":"https:\/\/saisonsculturelleschaumont.fr\/mdxpuixt\/wp-json\/wp\/v2\/tribe_events_cat?post=5511"}],"curies":[{"name":"wp","href":"https:\/\/api.w.org\/{rel}","templated":true}]}}