{"id":5513,"date":"2020-08-01T00:00:00","date_gmt":"2020-07-31T22:00:00","guid":{"rendered":"https:\/\/saisonsculturelleschaumont.fr\/mdxpuixt\/?post_type=tribe_events&#038;p=5513"},"modified":"2021-03-10T12:06:54","modified_gmt":"2021-03-10T11:06:54","slug":"detours-eltono","status":"publish","type":"tribe_events","link":"https:\/\/saisonsculturelleschaumont.fr\/mdxpuixt\/evenement\/detours-eltono\/","title":{"rendered":"D\u00e9tours &#8211; Eltono"},"content":{"rendered":"<p>Gr\u00e2ce \u00e0 un langage graphique qui lui est propre, les \u0153uvres de l\u2019artiste Eltono sont reconnaissables \u00e0 travers le monde entier. Espagne, Etats-Unis, Chine ou encore Mexique, Eltono s\u2019est exprim\u00e9 dans de nombreuses villes gr\u00e2ce \u00e0 ses fresques aux formes abstraites et aux structures g\u00e9om\u00e9triques rigoureuses. D\u00e9j\u00e0 connu des Chaumontais avec une premi\u00e8re intervention murale au Clos Adonis (Val Barizien), Eltono a imagin\u00e9 un parcours de marche graphique dans le cadre de cette saison 03. Les peintures dites furtives s\u2019int\u00e8grent \u00e0 la g\u00e9om\u00e9trie accidentelle de la rue. Ce lien avec les formes de la rue \u00e9voque l\u2019envie de cr\u00e9er de l\u2019ordre, une fa\u00e7on de ranger, en emboitant parfaitement deux formes l\u2019une dans l\u2019autre. Avec ces interventions picturales subtiles, Eltono incite le promeneur \u00e0 prendre son temps et \u00e0 se perdre dans les rues de Chaumont au gr\u00e9 des peintures.<\/p>\n","protected":false},"excerpt":{"rendered":"<p>Gr\u00e2ce \u00e0 un langage graphique qui lui est propre, les \u0153uvres de l\u2019artiste Eltono sont reconnaissables \u00e0 travers le monde entier. Espagne, Etats-Unis, Chine ou encore Mexique, Eltono s\u2019est exprim\u00e9 [&hellip;]<\/p>\n","protected":false},"author":3,"featured_media":5535,"comment_status":"closed","ping_status":"closed","template":"","meta":{"_uag_custom_page_level_css":"","_tribe_events_status":"","_tribe_events_status_reason":""},"tags":[175,87,136,130,67,81,47,73,129,79],"tribe_events_cat":[41],"yoast_head":"<!-- This site is optimized with the Yoast SEO plugin v21.1 - https:\/\/yoast.com\/wordpress\/plugins\/seo\/ -->\n<title>D\u00e9tours - Eltono - Les Saisons Culturelles de Chaumont<\/title>\n<meta name=\"description\" content=\"D\u00e9couvrez la programmation culturelle de la saison culturelle de la ville de Chaumont. Expositions, visites, rencontres, ateliers, concerts, spectacles, animations et plus encore.\" \/>\n<meta name=\"robots\" content=\"noindex, follow, max-snippet:-1, max-image-preview:large, max-video-preview:-1\" \/>\n<meta property=\"og:locale\" content=\"fr_FR\" \/>\n<meta property=\"og:type\" content=\"article\" \/>\n<meta property=\"og:title\" content=\"D\u00e9tours - Eltono - Les Saisons Culturelles de Chaumont\" \/>\n<meta property=\"og:description\" content=\"D\u00e9couvrez la programmation culturelle de la saison culturelle de la ville de Chaumont. Expositions, visites, rencontres, ateliers, concerts, spectacles, animations et plus encore.\" \/>\n<meta property=\"og:url\" content=\"https:\/\/saisonsculturelleschaumont.fr\/mdxpuixt\/evenement\/detours-eltono\/\" \/>\n<meta property=\"og:site_name\" content=\"Les Saisons Culturelles de Chaumont\" \/>\n<meta property=\"article:publisher\" content=\"https:\/\/www.facebook.com\/saisonsculturelleschaumont\/\" \/>\n<meta property=\"article:modified_time\" content=\"2021-03-10T11:06:54+00:00\" \/>\n<meta property=\"og:image\" content=\"https:\/\/saisonsculturelleschaumont.fr\/mdxpuixt\/wp-content\/uploads\/2020\/07\/Eltono-\u00a9droits-r\u00e9serv\u00e9s.jpg\" \/>\n\t<meta property=\"og:image:width\" content=\"1500\" \/>\n\t<meta property=\"og:image:height\" content=\"1125\" \/>\n\t<meta property=\"og:image:type\" content=\"image\/jpeg\" \/>\n<meta name=\"twitter:card\" content=\"summary_large_image\" \/>\n<meta name=\"twitter:label1\" content=\"Dur\u00e9e de lecture estim\u00e9e\" \/>\n\t<meta name=\"twitter:data1\" content=\"1 minute\" \/>\n<script type=\"application\/ld+json\" class=\"yoast-schema-graph\">{\"@context\":\"https:\/\/schema.org\",\"@graph\":[{\"@type\":\"WebPage\",\"@id\":\"https:\/\/saisonsculturelleschaumont.fr\/mdxpuixt\/evenement\/detours-eltono\/\",\"url\":\"https:\/\/saisonsculturelleschaumont.fr\/mdxpuixt\/evenement\/detours-eltono\/\",\"name\":\"D\u00e9tours - Eltono - Les Saisons Culturelles de Chaumont\",\"isPartOf\":{\"@id\":\"https:\/\/saisonsculturelleschaumont.fr\/mdxpuixt\/#website\"},\"datePublished\":\"2020-07-31T22:00:00+00:00\",\"dateModified\":\"2021-03-10T11:06:54+00:00\",\"description\":\"D\u00e9couvrez la programmation culturelle de la saison culturelle de la ville de Chaumont. Expositions, visites, rencontres, ateliers, concerts, spectacles, animations et plus encore.\",\"breadcrumb\":{\"@id\":\"https:\/\/saisonsculturelleschaumont.fr\/mdxpuixt\/evenement\/detours-eltono\/#breadcrumb\"},\"inLanguage\":\"fr-FR\",\"potentialAction\":[{\"@type\":\"ReadAction\",\"target\":[\"https:\/\/saisonsculturelleschaumont.fr\/mdxpuixt\/evenement\/detours-eltono\/\"]}]},{\"@type\":\"BreadcrumbList\",\"@id\":\"https:\/\/saisonsculturelleschaumont.fr\/mdxpuixt\/evenement\/detours-eltono\/#breadcrumb\",\"itemListElement\":[{\"@type\":\"ListItem\",\"position\":1,\"name\":\"Accueil\",\"item\":\"https:\/\/saisonsculturelleschaumont.fr\/mdxpuixt\/\"},{\"@type\":\"ListItem\",\"position\":2,\"name\":\"\u00c9v\u00e8nements\",\"item\":\"https:\/\/saisonsculturelleschaumont.fr\/mdxpuixt\/agenda\/\"},{\"@type\":\"ListItem\",\"position\":3,\"name\":\"D\u00e9tours &#8211; Eltono\"}]},{\"@type\":\"WebSite\",\"@id\":\"https:\/\/saisonsculturelleschaumont.fr\/mdxpuixt\/#website\",\"url\":\"https:\/\/saisonsculturelleschaumont.fr\/mdxpuixt\/\",\"name\":\"Les Saisons Culturelles de Chaumont\",\"description\":\"\",\"potentialAction\":[{\"@type\":\"SearchAction\",\"target\":{\"@type\":\"EntryPoint\",\"urlTemplate\":\"https:\/\/saisonsculturelleschaumont.fr\/mdxpuixt\/?s={search_term_string}\"},\"query-input\":\"required name=search_term_string\"}],\"inLanguage\":\"fr-FR\"}]}<\/script>\n<!-- \/ Yoast SEO plugin. -->","yoast_head_json":{"title":"D\u00e9tours - Eltono - Les Saisons Culturelles de Chaumont","description":"D\u00e9couvrez la programmation culturelle de la saison culturelle de la ville de Chaumont. Expositions, visites, rencontres, ateliers, concerts, spectacles, animations et plus encore.","robots":{"index":"noindex","follow":"follow","max-snippet":"max-snippet:-1","max-image-preview":"max-image-preview:large","max-video-preview":"max-video-preview:-1"},"og_locale":"fr_FR","og_type":"article","og_title":"D\u00e9tours - Eltono - Les Saisons Culturelles de Chaumont","og_description":"D\u00e9couvrez la programmation culturelle de la saison culturelle de la ville de Chaumont. Expositions, visites, rencontres, ateliers, concerts, spectacles, animations et plus encore.","og_url":"https:\/\/saisonsculturelleschaumont.fr\/mdxpuixt\/evenement\/detours-eltono\/","og_site_name":"Les Saisons Culturelles de Chaumont","article_publisher":"https:\/\/www.facebook.com\/saisonsculturelleschaumont\/","article_modified_time":"2021-03-10T11:06:54+00:00","og_image":[{"width":1500,"height":1125,"url":"https:\/\/saisonsculturelleschaumont.fr\/mdxpuixt\/wp-content\/uploads\/2020\/07\/Eltono-\u00a9droits-r\u00e9serv\u00e9s.jpg","type":"image\/jpeg"}],"twitter_card":"summary_large_image","twitter_misc":{"Dur\u00e9e de lecture estim\u00e9e":"1 minute"},"schema":{"@context":"https:\/\/schema.org","@graph":[{"@type":"WebPage","@id":"https:\/\/saisonsculturelleschaumont.fr\/mdxpuixt\/evenement\/detours-eltono\/","url":"https:\/\/saisonsculturelleschaumont.fr\/mdxpuixt\/evenement\/detours-eltono\/","name":"D\u00e9tours - Eltono - Les Saisons Culturelles de Chaumont","isPartOf":{"@id":"https:\/\/saisonsculturelleschaumont.fr\/mdxpuixt\/#website"},"datePublished":"2020-07-31T22:00:00+00:00","dateModified":"2021-03-10T11:06:54+00:00","description":"D\u00e9couvrez la programmation culturelle de la saison culturelle de la ville de Chaumont. Expositions, visites, rencontres, ateliers, concerts, spectacles, animations et plus encore.","breadcrumb":{"@id":"https:\/\/saisonsculturelleschaumont.fr\/mdxpuixt\/evenement\/detours-eltono\/#breadcrumb"},"inLanguage":"fr-FR","potentialAction":[{"@type":"ReadAction","target":["https:\/\/saisonsculturelleschaumont.fr\/mdxpuixt\/evenement\/detours-eltono\/"]}]},{"@type":"BreadcrumbList","@id":"https:\/\/saisonsculturelleschaumont.fr\/mdxpuixt\/evenement\/detours-eltono\/#breadcrumb","itemListElement":[{"@type":"ListItem","position":1,"name":"Accueil","item":"https:\/\/saisonsculturelleschaumont.fr\/mdxpuixt\/"},{"@type":"ListItem","position":2,"name":"\u00c9v\u00e8nements","item":"https:\/\/saisonsculturelleschaumont.fr\/mdxpuixt\/agenda\/"},{"@type":"ListItem","position":3,"name":"D\u00e9tours &#8211; Eltono"}]},{"@type":"WebSite","@id":"https:\/\/saisonsculturelleschaumont.fr\/mdxpuixt\/#website","url":"https:\/\/saisonsculturelleschaumont.fr\/mdxpuixt\/","name":"Les Saisons Culturelles de Chaumont","description":"","potentialAction":[{"@type":"SearchAction","target":{"@type":"EntryPoint","urlTemplate":"https:\/\/saisonsculturelleschaumont.fr\/mdxpuixt\/?s={search_term_string}"},"query-input":"required name=search_term_string"}],"inLanguage":"fr-FR"}]}},"uagb_featured_image_src":{"full":["https:\/\/saisonsculturelleschaumont.fr\/mdxpuixt\/wp-content\/uploads\/2020\/07\/Eltono-\u00a9droits-r\u00e9serv\u00e9s.jpg",1500,1125,false],"thumbnail":["https:\/\/saisonsculturelleschaumont.fr\/mdxpuixt\/wp-content\/uploads\/2020\/07\/Eltono-\u00a9droits-r\u00e9serv\u00e9s-80x80.jpg",80,80,true],"medium":["https:\/\/saisonsculturelleschaumont.fr\/mdxpuixt\/wp-content\/uploads\/2020\/07\/Eltono-\u00a9droits-r\u00e9serv\u00e9s-300x300.jpg",300,300,true],"medium_large":["https:\/\/saisonsculturelleschaumont.fr\/mdxpuixt\/wp-content\/uploads\/2020\/07\/Eltono-\u00a9droits-r\u00e9serv\u00e9s-768x768.jpg",768,768,true],"large":["https:\/\/saisonsculturelleschaumont.fr\/mdxpuixt\/wp-content\/uploads\/2020\/07\/Eltono-\u00a9droits-r\u00e9serv\u00e9s-1030x1030.jpg",1030,1030,true],"1536x1536":["https:\/\/saisonsculturelleschaumont.fr\/mdxpuixt\/wp-content\/uploads\/2020\/07\/Eltono-\u00a9droits-r\u00e9serv\u00e9s.jpg",1500,1125,false],"2048x2048":["https:\/\/saisonsculturelleschaumont.fr\/mdxpuixt\/wp-content\/uploads\/2020\/07\/Eltono-\u00a9droits-r\u00e9serv\u00e9s.jpg",1500,1125,false],"widget":["https:\/\/saisonsculturelleschaumont.fr\/mdxpuixt\/wp-content\/uploads\/2020\/07\/Eltono-\u00a9droits-r\u00e9serv\u00e9s-36x36.jpg",36,36,true],"square":["https:\/\/saisonsculturelleschaumont.fr\/mdxpuixt\/wp-content\/uploads\/2020\/07\/Eltono-\u00a9droits-r\u00e9serv\u00e9s-180x180.jpg",180,180,true],"featured":["https:\/\/saisonsculturelleschaumont.fr\/mdxpuixt\/wp-content\/uploads\/2020\/07\/Eltono-\u00a9droits-r\u00e9serv\u00e9s-1500x430.jpg",1500,430,true],"featured_large":["https:\/\/saisonsculturelleschaumont.fr\/mdxpuixt\/wp-content\/uploads\/2020\/07\/Eltono-\u00a9droits-r\u00e9serv\u00e9s-1500x630.jpg",1500,630,true],"extra_large":["https:\/\/saisonsculturelleschaumont.fr\/mdxpuixt\/wp-content\/uploads\/2020\/07\/Eltono-\u00a9droits-r\u00e9serv\u00e9s.jpg",1500,1125,false],"portfolio":["https:\/\/saisonsculturelleschaumont.fr\/mdxpuixt\/wp-content\/uploads\/2020\/07\/Eltono-\u00a9droits-r\u00e9serv\u00e9s-495x400.jpg",495,400,true],"portfolio_small":["https:\/\/saisonsculturelleschaumont.fr\/mdxpuixt\/wp-content\/uploads\/2020\/07\/Eltono-\u00a9droits-r\u00e9serv\u00e9s-260x185.jpg",260,185,true],"gallery":["https:\/\/saisonsculturelleschaumont.fr\/mdxpuixt\/wp-content\/uploads\/2020\/07\/Eltono-\u00a9droits-r\u00e9serv\u00e9s-845x684.jpg",845,684,true],"magazine":["https:\/\/saisonsculturelleschaumont.fr\/mdxpuixt\/wp-content\/uploads\/2020\/07\/Eltono-\u00a9droits-r\u00e9serv\u00e9s-710x375.jpg",710,375,true],"masonry":["https:\/\/saisonsculturelleschaumont.fr\/mdxpuixt\/wp-content\/uploads\/2020\/07\/Eltono-\u00a9droits-r\u00e9serv\u00e9s-705x529.jpg",705,529,true],"entry_with_sidebar":["https:\/\/saisonsculturelleschaumont.fr\/mdxpuixt\/wp-content\/uploads\/2020\/07\/Eltono-\u00a9droits-r\u00e9serv\u00e9s-845x321.jpg",845,321,true],"entry_without_sidebar":["https:\/\/saisonsculturelleschaumont.fr\/mdxpuixt\/wp-content\/uploads\/2020\/07\/Eltono-\u00a9droits-r\u00e9serv\u00e9s-1210x423.jpg",1210,423,true]},"uagb_author_info":{"display_name":"Justine Ansel","author_link":"https:\/\/saisonsculturelleschaumont.fr\/mdxpuixt\/author\/justine-ansel\/"},"uagb_comment_info":0,"uagb_excerpt":"Gr\u00e2ce \u00e0 un langage graphique qui lui est propre, les \u0153uvres de l\u2019artiste Eltono sont reconnaissables \u00e0 travers le monde entier. Espagne, Etats-Unis, Chine ou encore Mexique, Eltono s\u2019est exprim\u00e9 [&hellip;]","_links":{"self":[{"href":"https:\/\/saisonsculturelleschaumont.fr\/mdxpuixt\/wp-json\/wp\/v2\/tribe_events\/5513"}],"collection":[{"href":"https:\/\/saisonsculturelleschaumont.fr\/mdxpuixt\/wp-json\/wp\/v2\/tribe_events"}],"about":[{"href":"https:\/\/saisonsculturelleschaumont.fr\/mdxpuixt\/wp-json\/wp\/v2\/types\/tribe_events"}],"author":[{"embeddable":true,"href":"https:\/\/saisonsculturelleschaumont.fr\/mdxpuixt\/wp-json\/wp\/v2\/users\/3"}],"replies":[{"embeddable":true,"href":"https:\/\/saisonsculturelleschaumont.fr\/mdxpuixt\/wp-json\/wp\/v2\/comments?post=5513"}],"version-history":[{"count":0,"href":"https:\/\/saisonsculturelleschaumont.fr\/mdxpuixt\/wp-json\/wp\/v2\/tribe_events\/5513\/revisions"}],"wp:featuredmedia":[{"embeddable":true,"href":"https:\/\/saisonsculturelleschaumont.fr\/mdxpuixt\/wp-json\/wp\/v2\/media\/5535"}],"wp:attachment":[{"href":"https:\/\/saisonsculturelleschaumont.fr\/mdxpuixt\/wp-json\/wp\/v2\/media?parent=5513"}],"wp:term":[{"taxonomy":"post_tag","embeddable":true,"href":"https:\/\/saisonsculturelleschaumont.fr\/mdxpuixt\/wp-json\/wp\/v2\/tags?post=5513"},{"taxonomy":"tribe_events_cat","embeddable":true,"href":"https:\/\/saisonsculturelleschaumont.fr\/mdxpuixt\/wp-json\/wp\/v2\/tribe_events_cat?post=5513"}],"curies":[{"name":"wp","href":"https:\/\/api.w.org\/{rel}","templated":true}]}}