{"id":5584,"date":"2020-08-27T15:48:13","date_gmt":"2020-08-27T13:48:13","guid":{"rendered":"https:\/\/saisonsculturelleschaumont.fr\/mdxpuixt\/?post_type=tribe_events&#038;p=5584"},"modified":"2020-09-21T09:37:45","modified_gmt":"2020-09-21T07:37:45","slug":"atelier-explorer-dessiner-composer-schtroumpfer-la-bande-dessinee","status":"publish","type":"tribe_events","link":"https:\/\/saisonsculturelleschaumont.fr\/mdxpuixt\/evenement\/atelier-explorer-dessiner-composer-schtroumpfer-la-bande-dessinee\/","title":{"rendered":"Atelier \u00ab\u00a0Explorer, dessiner, composer, schtroumpfer la bande-dessin\u00e9e\u00a0\u00bb"},"content":{"rendered":"<p>On d\u00e9finit g\u00e9n\u00e9ralement la bande dessin\u00e9e par un r\u00e9cit, compos\u00e9 de personnages et de d\u00e9cors dessin\u00e9s ordonn\u00e9s par un ensemble de cases. Le texte, lorsqu&rsquo;il est pr\u00e9sent, est organis\u00e9 en deux cat\u00e9gories: les \u00ab\u00a0bulles\u00a0\u00bb qui font parler les personnages, et les cartouches, ponctuant l&rsquo;histoire d&rsquo;informations sur l&rsquo;action ou le temps. Mais la bande dessin\u00e9e est bien plus que \u00e7a !Si l&rsquo;on observe de mani\u00e8re formelle ce qu&rsquo;est une bande dessin\u00e9e \u2014 un agencement d&rsquo;images et de textes dans une page \u2014 alors nous sommes proche du design graphique, mais aussi de la carte g\u00e9ographique, du plan d&rsquo;architecte, du mode d&#8217;emploi&#8230;<br \/>\nAjoutons les notions de s\u00e9quences, de narration, de montage et nous allons du c\u00f4t\u00e9 de la litt\u00e9rature, du cin\u00e9ma, du collage.<\/p>\n<p>La bande dessin\u00e9e s&rsquo;affranchit de tous ces m\u00e9diums pour n&rsquo;en cr\u00e9er qu&rsquo;un, dont les trois clefs sont le dessin, la composition, la narration.<br \/>\nUne partie des auteurs proposent des approches novatrices pour explorer le potentiel infini de cette pratique.<\/p>\n<p>Atelier libre tout le week-end des Journ\u00e9es Europ\u00e9ennes du Patrimoine 2020<\/p>\n<p>Acc\u00e8s libre pour tous et sans r\u00e9servation\u00a0<\/p>\n","protected":false},"excerpt":{"rendered":"<p>On d\u00e9finit g\u00e9n\u00e9ralement la bande dessin\u00e9e par un r\u00e9cit, compos\u00e9 de personnages et de d\u00e9cors dessin\u00e9s ordonn\u00e9s par un ensemble de cases. Le texte, lorsqu&rsquo;il est pr\u00e9sent, est organis\u00e9 en [&hellip;]<\/p>\n","protected":false},"author":3,"featured_media":5615,"comment_status":"closed","ping_status":"closed","template":"","meta":{"_uag_custom_page_level_css":"","_tribe_events_status":"","_tribe_events_status_reason":""},"tags":[108,135,117],"tribe_events_cat":[42],"yoast_head":"<!-- This site is optimized with the Yoast SEO plugin v21.1 - https:\/\/yoast.com\/wordpress\/plugins\/seo\/ -->\n<title>Atelier &quot;Explorer, dessiner, composer, schtroumpfer la bande-dessin\u00e9e&quot; - Les Saisons Culturelles de Chaumont<\/title>\n<meta name=\"description\" content=\"D\u00e9couvrez la programmation culturelle de la saison culturelle de la ville de Chaumont. Expositions, visites, rencontres, ateliers, concerts, spectacles, animations et plus encore.\" \/>\n<meta name=\"robots\" content=\"noindex, follow, max-snippet:-1, max-image-preview:large, max-video-preview:-1\" \/>\n<meta property=\"og:locale\" content=\"fr_FR\" \/>\n<meta property=\"og:type\" content=\"article\" \/>\n<meta property=\"og:title\" content=\"Atelier &quot;Explorer, dessiner, composer, schtroumpfer la bande-dessin\u00e9e&quot; - Les Saisons Culturelles de Chaumont\" \/>\n<meta property=\"og:description\" content=\"D\u00e9couvrez la programmation culturelle de la saison culturelle de la ville de Chaumont. Expositions, visites, rencontres, ateliers, concerts, spectacles, animations et plus encore.\" \/>\n<meta property=\"og:url\" content=\"https:\/\/saisonsculturelleschaumont.fr\/mdxpuixt\/evenement\/atelier-explorer-dessiner-composer-schtroumpfer-la-bande-dessinee\/\" \/>\n<meta property=\"og:site_name\" content=\"Les Saisons Culturelles de Chaumont\" \/>\n<meta property=\"article:publisher\" content=\"https:\/\/www.facebook.com\/saisonsculturelleschaumont\/\" \/>\n<meta property=\"article:modified_time\" content=\"2020-09-21T07:37:45+00:00\" \/>\n<meta property=\"og:image\" content=\"https:\/\/saisonsculturelleschaumont.fr\/mdxpuixt\/wp-content\/uploads\/2020\/08\/Sammy_stein_atelier-copie.jpg\" \/>\n\t<meta property=\"og:image:width\" content=\"650\" \/>\n\t<meta property=\"og:image:height\" content=\"378\" \/>\n\t<meta property=\"og:image:type\" content=\"image\/jpeg\" \/>\n<meta name=\"twitter:card\" content=\"summary_large_image\" \/>\n<meta name=\"twitter:label1\" content=\"Dur\u00e9e de lecture estim\u00e9e\" \/>\n\t<meta name=\"twitter:data1\" content=\"1 minute\" \/>\n<script type=\"application\/ld+json\" class=\"yoast-schema-graph\">{\"@context\":\"https:\/\/schema.org\",\"@graph\":[{\"@type\":\"WebPage\",\"@id\":\"https:\/\/saisonsculturelleschaumont.fr\/mdxpuixt\/evenement\/atelier-explorer-dessiner-composer-schtroumpfer-la-bande-dessinee\/\",\"url\":\"https:\/\/saisonsculturelleschaumont.fr\/mdxpuixt\/evenement\/atelier-explorer-dessiner-composer-schtroumpfer-la-bande-dessinee\/\",\"name\":\"Atelier \\\"Explorer, dessiner, composer, schtroumpfer la bande-dessin\u00e9e\\\" - Les Saisons Culturelles de Chaumont\",\"isPartOf\":{\"@id\":\"https:\/\/saisonsculturelleschaumont.fr\/mdxpuixt\/#website\"},\"datePublished\":\"2020-08-27T13:48:13+00:00\",\"dateModified\":\"2020-09-21T07:37:45+00:00\",\"description\":\"D\u00e9couvrez la programmation culturelle de la saison culturelle de la ville de Chaumont. Expositions, visites, rencontres, ateliers, concerts, spectacles, animations et plus encore.\",\"breadcrumb\":{\"@id\":\"https:\/\/saisonsculturelleschaumont.fr\/mdxpuixt\/evenement\/atelier-explorer-dessiner-composer-schtroumpfer-la-bande-dessinee\/#breadcrumb\"},\"inLanguage\":\"fr-FR\",\"potentialAction\":[{\"@type\":\"ReadAction\",\"target\":[\"https:\/\/saisonsculturelleschaumont.fr\/mdxpuixt\/evenement\/atelier-explorer-dessiner-composer-schtroumpfer-la-bande-dessinee\/\"]}]},{\"@type\":\"BreadcrumbList\",\"@id\":\"https:\/\/saisonsculturelleschaumont.fr\/mdxpuixt\/evenement\/atelier-explorer-dessiner-composer-schtroumpfer-la-bande-dessinee\/#breadcrumb\",\"itemListElement\":[{\"@type\":\"ListItem\",\"position\":1,\"name\":\"Accueil\",\"item\":\"https:\/\/saisonsculturelleschaumont.fr\/mdxpuixt\/\"},{\"@type\":\"ListItem\",\"position\":2,\"name\":\"\u00c9v\u00e8nements\",\"item\":\"https:\/\/saisonsculturelleschaumont.fr\/mdxpuixt\/agenda\/\"},{\"@type\":\"ListItem\",\"position\":3,\"name\":\"Atelier \u00ab\u00a0Explorer, dessiner, composer, schtroumpfer la bande-dessin\u00e9e\u00a0\u00bb\"}]},{\"@type\":\"WebSite\",\"@id\":\"https:\/\/saisonsculturelleschaumont.fr\/mdxpuixt\/#website\",\"url\":\"https:\/\/saisonsculturelleschaumont.fr\/mdxpuixt\/\",\"name\":\"Les Saisons Culturelles de Chaumont\",\"description\":\"\",\"potentialAction\":[{\"@type\":\"SearchAction\",\"target\":{\"@type\":\"EntryPoint\",\"urlTemplate\":\"https:\/\/saisonsculturelleschaumont.fr\/mdxpuixt\/?s={search_term_string}\"},\"query-input\":\"required name=search_term_string\"}],\"inLanguage\":\"fr-FR\"}]}<\/script>\n<!-- \/ Yoast SEO plugin. -->","yoast_head_json":{"title":"Atelier \"Explorer, dessiner, composer, schtroumpfer la bande-dessin\u00e9e\" - Les Saisons Culturelles de Chaumont","description":"D\u00e9couvrez la programmation culturelle de la saison culturelle de la ville de Chaumont. Expositions, visites, rencontres, ateliers, concerts, spectacles, animations et plus encore.","robots":{"index":"noindex","follow":"follow","max-snippet":"max-snippet:-1","max-image-preview":"max-image-preview:large","max-video-preview":"max-video-preview:-1"},"og_locale":"fr_FR","og_type":"article","og_title":"Atelier \"Explorer, dessiner, composer, schtroumpfer la bande-dessin\u00e9e\" - Les Saisons Culturelles de Chaumont","og_description":"D\u00e9couvrez la programmation culturelle de la saison culturelle de la ville de Chaumont. Expositions, visites, rencontres, ateliers, concerts, spectacles, animations et plus encore.","og_url":"https:\/\/saisonsculturelleschaumont.fr\/mdxpuixt\/evenement\/atelier-explorer-dessiner-composer-schtroumpfer-la-bande-dessinee\/","og_site_name":"Les Saisons Culturelles de Chaumont","article_publisher":"https:\/\/www.facebook.com\/saisonsculturelleschaumont\/","article_modified_time":"2020-09-21T07:37:45+00:00","og_image":[{"width":650,"height":378,"url":"https:\/\/saisonsculturelleschaumont.fr\/mdxpuixt\/wp-content\/uploads\/2020\/08\/Sammy_stein_atelier-copie.jpg","type":"image\/jpeg"}],"twitter_card":"summary_large_image","twitter_misc":{"Dur\u00e9e de lecture estim\u00e9e":"1 minute"},"schema":{"@context":"https:\/\/schema.org","@graph":[{"@type":"WebPage","@id":"https:\/\/saisonsculturelleschaumont.fr\/mdxpuixt\/evenement\/atelier-explorer-dessiner-composer-schtroumpfer-la-bande-dessinee\/","url":"https:\/\/saisonsculturelleschaumont.fr\/mdxpuixt\/evenement\/atelier-explorer-dessiner-composer-schtroumpfer-la-bande-dessinee\/","name":"Atelier \"Explorer, dessiner, composer, schtroumpfer la bande-dessin\u00e9e\" - Les Saisons Culturelles de Chaumont","isPartOf":{"@id":"https:\/\/saisonsculturelleschaumont.fr\/mdxpuixt\/#website"},"datePublished":"2020-08-27T13:48:13+00:00","dateModified":"2020-09-21T07:37:45+00:00","description":"D\u00e9couvrez la programmation culturelle de la saison culturelle de la ville de Chaumont. Expositions, visites, rencontres, ateliers, concerts, spectacles, animations et plus encore.","breadcrumb":{"@id":"https:\/\/saisonsculturelleschaumont.fr\/mdxpuixt\/evenement\/atelier-explorer-dessiner-composer-schtroumpfer-la-bande-dessinee\/#breadcrumb"},"inLanguage":"fr-FR","potentialAction":[{"@type":"ReadAction","target":["https:\/\/saisonsculturelleschaumont.fr\/mdxpuixt\/evenement\/atelier-explorer-dessiner-composer-schtroumpfer-la-bande-dessinee\/"]}]},{"@type":"BreadcrumbList","@id":"https:\/\/saisonsculturelleschaumont.fr\/mdxpuixt\/evenement\/atelier-explorer-dessiner-composer-schtroumpfer-la-bande-dessinee\/#breadcrumb","itemListElement":[{"@type":"ListItem","position":1,"name":"Accueil","item":"https:\/\/saisonsculturelleschaumont.fr\/mdxpuixt\/"},{"@type":"ListItem","position":2,"name":"\u00c9v\u00e8nements","item":"https:\/\/saisonsculturelleschaumont.fr\/mdxpuixt\/agenda\/"},{"@type":"ListItem","position":3,"name":"Atelier \u00ab\u00a0Explorer, dessiner, composer, schtroumpfer la bande-dessin\u00e9e\u00a0\u00bb"}]},{"@type":"WebSite","@id":"https:\/\/saisonsculturelleschaumont.fr\/mdxpuixt\/#website","url":"https:\/\/saisonsculturelleschaumont.fr\/mdxpuixt\/","name":"Les Saisons Culturelles de Chaumont","description":"","potentialAction":[{"@type":"SearchAction","target":{"@type":"EntryPoint","urlTemplate":"https:\/\/saisonsculturelleschaumont.fr\/mdxpuixt\/?s={search_term_string}"},"query-input":"required name=search_term_string"}],"inLanguage":"fr-FR"}]}},"uagb_featured_image_src":{"full":["https:\/\/saisonsculturelleschaumont.fr\/mdxpuixt\/wp-content\/uploads\/2020\/08\/Sammy_stein_atelier-copie.jpg",650,378,false],"thumbnail":["https:\/\/saisonsculturelleschaumont.fr\/mdxpuixt\/wp-content\/uploads\/2020\/08\/Sammy_stein_atelier-copie-80x80.jpg",80,80,true],"medium":["https:\/\/saisonsculturelleschaumont.fr\/mdxpuixt\/wp-content\/uploads\/2020\/08\/Sammy_stein_atelier-copie-300x300.jpg",300,300,true],"medium_large":["https:\/\/saisonsculturelleschaumont.fr\/mdxpuixt\/wp-content\/uploads\/2020\/08\/Sammy_stein_atelier-copie.jpg",650,378,false],"large":["https:\/\/saisonsculturelleschaumont.fr\/mdxpuixt\/wp-content\/uploads\/2020\/08\/Sammy_stein_atelier-copie.jpg",650,378,false],"1536x1536":["https:\/\/saisonsculturelleschaumont.fr\/mdxpuixt\/wp-content\/uploads\/2020\/08\/Sammy_stein_atelier-copie.jpg",650,378,false],"2048x2048":["https:\/\/saisonsculturelleschaumont.fr\/mdxpuixt\/wp-content\/uploads\/2020\/08\/Sammy_stein_atelier-copie.jpg",650,378,false],"widget":["https:\/\/saisonsculturelleschaumont.fr\/mdxpuixt\/wp-content\/uploads\/2020\/08\/Sammy_stein_atelier-copie-36x36.jpg",36,36,true],"square":["https:\/\/saisonsculturelleschaumont.fr\/mdxpuixt\/wp-content\/uploads\/2020\/08\/Sammy_stein_atelier-copie-180x180.jpg",180,180,true],"featured":["https:\/\/saisonsculturelleschaumont.fr\/mdxpuixt\/wp-content\/uploads\/2020\/08\/Sammy_stein_atelier-copie.jpg",650,378,false],"featured_large":["https:\/\/saisonsculturelleschaumont.fr\/mdxpuixt\/wp-content\/uploads\/2020\/08\/Sammy_stein_atelier-copie.jpg",650,378,false],"extra_large":["https:\/\/saisonsculturelleschaumont.fr\/mdxpuixt\/wp-content\/uploads\/2020\/08\/Sammy_stein_atelier-copie.jpg",650,378,false],"portfolio":["https:\/\/saisonsculturelleschaumont.fr\/mdxpuixt\/wp-content\/uploads\/2020\/08\/Sammy_stein_atelier-copie-495x378.jpg",495,378,true],"portfolio_small":["https:\/\/saisonsculturelleschaumont.fr\/mdxpuixt\/wp-content\/uploads\/2020\/08\/Sammy_stein_atelier-copie-260x185.jpg",260,185,true],"gallery":["https:\/\/saisonsculturelleschaumont.fr\/mdxpuixt\/wp-content\/uploads\/2020\/08\/Sammy_stein_atelier-copie.jpg",650,378,false],"magazine":["https:\/\/saisonsculturelleschaumont.fr\/mdxpuixt\/wp-content\/uploads\/2020\/08\/Sammy_stein_atelier-copie-650x375.jpg",650,375,true],"masonry":["https:\/\/saisonsculturelleschaumont.fr\/mdxpuixt\/wp-content\/uploads\/2020\/08\/Sammy_stein_atelier-copie.jpg",650,378,false],"entry_with_sidebar":["https:\/\/saisonsculturelleschaumont.fr\/mdxpuixt\/wp-content\/uploads\/2020\/08\/Sammy_stein_atelier-copie-650x321.jpg",650,321,true],"entry_without_sidebar":["https:\/\/saisonsculturelleschaumont.fr\/mdxpuixt\/wp-content\/uploads\/2020\/08\/Sammy_stein_atelier-copie.jpg",650,378,false]},"uagb_author_info":{"display_name":"Justine Ansel","author_link":"https:\/\/saisonsculturelleschaumont.fr\/mdxpuixt\/author\/justine-ansel\/"},"uagb_comment_info":0,"uagb_excerpt":"On d\u00e9finit g\u00e9n\u00e9ralement la bande dessin\u00e9e par un r\u00e9cit, compos\u00e9 de personnages et de d\u00e9cors dessin\u00e9s ordonn\u00e9s par un ensemble de cases. Le texte, lorsqu&rsquo;il est pr\u00e9sent, est organis\u00e9 en [&hellip;]","_links":{"self":[{"href":"https:\/\/saisonsculturelleschaumont.fr\/mdxpuixt\/wp-json\/wp\/v2\/tribe_events\/5584"}],"collection":[{"href":"https:\/\/saisonsculturelleschaumont.fr\/mdxpuixt\/wp-json\/wp\/v2\/tribe_events"}],"about":[{"href":"https:\/\/saisonsculturelleschaumont.fr\/mdxpuixt\/wp-json\/wp\/v2\/types\/tribe_events"}],"author":[{"embeddable":true,"href":"https:\/\/saisonsculturelleschaumont.fr\/mdxpuixt\/wp-json\/wp\/v2\/users\/3"}],"replies":[{"embeddable":true,"href":"https:\/\/saisonsculturelleschaumont.fr\/mdxpuixt\/wp-json\/wp\/v2\/comments?post=5584"}],"version-history":[{"count":0,"href":"https:\/\/saisonsculturelleschaumont.fr\/mdxpuixt\/wp-json\/wp\/v2\/tribe_events\/5584\/revisions"}],"wp:featuredmedia":[{"embeddable":true,"href":"https:\/\/saisonsculturelleschaumont.fr\/mdxpuixt\/wp-json\/wp\/v2\/media\/5615"}],"wp:attachment":[{"href":"https:\/\/saisonsculturelleschaumont.fr\/mdxpuixt\/wp-json\/wp\/v2\/media?parent=5584"}],"wp:term":[{"taxonomy":"post_tag","embeddable":true,"href":"https:\/\/saisonsculturelleschaumont.fr\/mdxpuixt\/wp-json\/wp\/v2\/tags?post=5584"},{"taxonomy":"tribe_events_cat","embeddable":true,"href":"https:\/\/saisonsculturelleschaumont.fr\/mdxpuixt\/wp-json\/wp\/v2\/tribe_events_cat?post=5584"}],"curies":[{"name":"wp","href":"https:\/\/api.w.org\/{rel}","templated":true}]}}