{"id":5665,"date":"2020-08-27T17:12:43","date_gmt":"2020-08-27T15:12:43","guid":{"rendered":"https:\/\/saisonsculturelleschaumont.fr\/mdxpuixt\/?post_type=tribe_events&#038;p=5665"},"modified":"2020-09-02T08:55:34","modified_gmt":"2020-09-02T06:55:34","slug":"navons-nous-pas-autant-besoin-dabeilles-et-de-tritons-cretes-que-de-liberte-et-de-confiance","status":"publish","type":"tribe_events","link":"https:\/\/saisonsculturelleschaumont.fr\/mdxpuixt\/evenement\/navons-nous-pas-autant-besoin-dabeilles-et-de-tritons-cretes-que-de-liberte-et-de-confiance\/","title":{"rendered":"N&rsquo;avons-nous pas autant besoin d&rsquo;abeilles et de tritons cr\u00eat\u00e9s que de libert\u00e9 et de confiance ?"},"content":{"rendered":"<p>Compagnie L\u2019iMaGiNaRiuMTH\u00c9\u00c2TRE<br \/>\nTARIF : 7\u20ac \/ 12\u20ac \/ 15\u20ac<br \/>\nCR\u00c9ATION<\/p>\n<p>Avec Fkrzictions, le public chaumontais avait pu go\u00fbter la saison derni\u00e8re au travail tout en d\u00e9licatesse et jeux de lumi\u00e8res de Pauline Ringeade. C\u2019est avec une cr\u00e9ation inspir\u00e9e notamment d\u2019Ici, roman graphique de Richard McGuire et des travaux deBaptiste Morizot ou Jean-Claude Ameisen (des auteurs qui interrogent tous la place de l\u2019homme dans l\u2019\u00e9cosyst\u00e8me), qu\u2019elle nous revient cette fois.<\/p>\n<p>La question-titre renvoie \u00e0 l\u2019\u00e9tat alarmant de la plan\u00e8te et \u00e0 notre difficult\u00e9 \u00e0 infl\u00e9chir la tendance. La metteuse en sc\u00e8ne s\u2019en saisit pour explorer le rapport qu\u2019entretient l\u2019humain avec lui-m\u00eame, les autres et le monde. Sur sc\u00e8ne, cinq com\u00e9diens-danseurs m\u00ealent l\u2019imagination et le mouvement pour lutter contre la t\u00e9tanie. La pi\u00e8ce qui appara\u00eet est un jeu de balancier fragile entre impression et expression, entre un univers qui s\u2019\u00e9crit au travers des corps ou de la musique jou\u00e9e en direct et la n\u00e9cessit\u00e9 de mettre des mots sur les difficult\u00e9s, les errances, les vertiges. Travers\u00e9e par l\u2019espoir et l\u2019humour, cette cr\u00e9ation th\u00e9\u00e2trale et chor\u00e9graphique suscite ainsi la mise en action joyeuse de la pens\u00e9e et des \u00e9motions. Parce que, quitte \u00e0 observer le gouffre devant nous, autant le faire avec le sourire aux l\u00e8vres\u2026 <\/p>\n","protected":false},"excerpt":{"rendered":"<p>Compagnie L\u2019iMaGiNaRiuMTH\u00c9\u00c2TRE TARIF : 7\u20ac \/ 12\u20ac \/ 15\u20ac CR\u00c9ATION Avec Fkrzictions, le public chaumontais avait pu go\u00fbter la saison derni\u00e8re au travail tout en d\u00e9licatesse et jeux de lumi\u00e8res [&hellip;]<\/p>\n","protected":false},"author":3,"featured_media":5702,"comment_status":"closed","ping_status":"closed","template":"","meta":{"_uag_custom_page_level_css":"","_tribe_events_status":"","_tribe_events_status_reason":""},"tags":[186,55],"tribe_events_cat":[44],"yoast_head":"<!-- This site is optimized with the Yoast SEO plugin v21.1 - https:\/\/yoast.com\/wordpress\/plugins\/seo\/ -->\n<title>N&#039;avons-nous pas autant besoin d&#039;abeilles et de tritons cr\u00eat\u00e9s que de libert\u00e9 et de confiance ? - Les Saisons Culturelles de Chaumont<\/title>\n<meta name=\"description\" content=\"D\u00e9couvrez la programmation culturelle de la saison culturelle de la ville de Chaumont. Expositions, visites, rencontres, ateliers, concerts, spectacles, animations et plus encore.\" \/>\n<meta name=\"robots\" content=\"noindex, follow, max-snippet:-1, max-image-preview:large, max-video-preview:-1\" \/>\n<meta property=\"og:locale\" content=\"fr_FR\" \/>\n<meta property=\"og:type\" content=\"article\" \/>\n<meta property=\"og:title\" content=\"N&#039;avons-nous pas autant besoin d&#039;abeilles et de tritons cr\u00eat\u00e9s que de libert\u00e9 et de confiance ? - Les Saisons Culturelles de Chaumont\" \/>\n<meta property=\"og:description\" content=\"D\u00e9couvrez la programmation culturelle de la saison culturelle de la ville de Chaumont. Expositions, visites, rencontres, ateliers, concerts, spectacles, animations et plus encore.\" \/>\n<meta property=\"og:url\" content=\"https:\/\/saisonsculturelleschaumont.fr\/mdxpuixt\/evenement\/navons-nous-pas-autant-besoin-dabeilles-et-de-tritons-cretes-que-de-liberte-et-de-confiance\/\" \/>\n<meta property=\"og:site_name\" content=\"Les Saisons Culturelles de Chaumont\" \/>\n<meta property=\"article:publisher\" content=\"https:\/\/www.facebook.com\/saisonsculturelleschaumont\/\" \/>\n<meta property=\"article:modified_time\" content=\"2020-09-02T06:55:34+00:00\" \/>\n<meta property=\"og:image\" content=\"https:\/\/saisonsculturelleschaumont.fr\/mdxpuixt\/wp-content\/uploads\/2020\/08\/Tritons.cr\u00e9dit-Herv\u00e9Cherblanc-scaled-e1598541159557.jpg\" \/>\n\t<meta property=\"og:image:width\" content=\"650\" \/>\n\t<meta property=\"og:image:height\" content=\"699\" \/>\n\t<meta property=\"og:image:type\" content=\"image\/jpeg\" \/>\n<meta name=\"twitter:card\" content=\"summary_large_image\" \/>\n<meta name=\"twitter:label1\" content=\"Dur\u00e9e de lecture estim\u00e9e\" \/>\n\t<meta name=\"twitter:data1\" content=\"1 minute\" \/>\n<script type=\"application\/ld+json\" class=\"yoast-schema-graph\">{\"@context\":\"https:\/\/schema.org\",\"@graph\":[{\"@type\":\"WebPage\",\"@id\":\"https:\/\/saisonsculturelleschaumont.fr\/mdxpuixt\/evenement\/navons-nous-pas-autant-besoin-dabeilles-et-de-tritons-cretes-que-de-liberte-et-de-confiance\/\",\"url\":\"https:\/\/saisonsculturelleschaumont.fr\/mdxpuixt\/evenement\/navons-nous-pas-autant-besoin-dabeilles-et-de-tritons-cretes-que-de-liberte-et-de-confiance\/\",\"name\":\"N'avons-nous pas autant besoin d'abeilles et de tritons cr\u00eat\u00e9s que de libert\u00e9 et de confiance ? - Les Saisons Culturelles de Chaumont\",\"isPartOf\":{\"@id\":\"https:\/\/saisonsculturelleschaumont.fr\/mdxpuixt\/#website\"},\"datePublished\":\"2020-08-27T15:12:43+00:00\",\"dateModified\":\"2020-09-02T06:55:34+00:00\",\"description\":\"D\u00e9couvrez la programmation culturelle de la saison culturelle de la ville de Chaumont. Expositions, visites, rencontres, ateliers, concerts, spectacles, animations et plus encore.\",\"breadcrumb\":{\"@id\":\"https:\/\/saisonsculturelleschaumont.fr\/mdxpuixt\/evenement\/navons-nous-pas-autant-besoin-dabeilles-et-de-tritons-cretes-que-de-liberte-et-de-confiance\/#breadcrumb\"},\"inLanguage\":\"fr-FR\",\"potentialAction\":[{\"@type\":\"ReadAction\",\"target\":[\"https:\/\/saisonsculturelleschaumont.fr\/mdxpuixt\/evenement\/navons-nous-pas-autant-besoin-dabeilles-et-de-tritons-cretes-que-de-liberte-et-de-confiance\/\"]}]},{\"@type\":\"BreadcrumbList\",\"@id\":\"https:\/\/saisonsculturelleschaumont.fr\/mdxpuixt\/evenement\/navons-nous-pas-autant-besoin-dabeilles-et-de-tritons-cretes-que-de-liberte-et-de-confiance\/#breadcrumb\",\"itemListElement\":[{\"@type\":\"ListItem\",\"position\":1,\"name\":\"Accueil\",\"item\":\"https:\/\/saisonsculturelleschaumont.fr\/mdxpuixt\/\"},{\"@type\":\"ListItem\",\"position\":2,\"name\":\"\u00c9v\u00e8nements\",\"item\":\"https:\/\/saisonsculturelleschaumont.fr\/mdxpuixt\/agenda\/\"},{\"@type\":\"ListItem\",\"position\":3,\"name\":\"N&rsquo;avons-nous pas autant besoin d&rsquo;abeilles et de tritons cr\u00eat\u00e9s que de libert\u00e9 et de confiance ?\"}]},{\"@type\":\"WebSite\",\"@id\":\"https:\/\/saisonsculturelleschaumont.fr\/mdxpuixt\/#website\",\"url\":\"https:\/\/saisonsculturelleschaumont.fr\/mdxpuixt\/\",\"name\":\"Les Saisons Culturelles de Chaumont\",\"description\":\"\",\"potentialAction\":[{\"@type\":\"SearchAction\",\"target\":{\"@type\":\"EntryPoint\",\"urlTemplate\":\"https:\/\/saisonsculturelleschaumont.fr\/mdxpuixt\/?s={search_term_string}\"},\"query-input\":\"required name=search_term_string\"}],\"inLanguage\":\"fr-FR\"}]}<\/script>\n<!-- \/ Yoast SEO plugin. -->","yoast_head_json":{"title":"N'avons-nous pas autant besoin d'abeilles et de tritons cr\u00eat\u00e9s que de libert\u00e9 et de confiance ? - Les Saisons Culturelles de Chaumont","description":"D\u00e9couvrez la programmation culturelle de la saison culturelle de la ville de Chaumont. Expositions, visites, rencontres, ateliers, concerts, spectacles, animations et plus encore.","robots":{"index":"noindex","follow":"follow","max-snippet":"max-snippet:-1","max-image-preview":"max-image-preview:large","max-video-preview":"max-video-preview:-1"},"og_locale":"fr_FR","og_type":"article","og_title":"N'avons-nous pas autant besoin d'abeilles et de tritons cr\u00eat\u00e9s que de libert\u00e9 et de confiance ? - Les Saisons Culturelles de Chaumont","og_description":"D\u00e9couvrez la programmation culturelle de la saison culturelle de la ville de Chaumont. Expositions, visites, rencontres, ateliers, concerts, spectacles, animations et plus encore.","og_url":"https:\/\/saisonsculturelleschaumont.fr\/mdxpuixt\/evenement\/navons-nous-pas-autant-besoin-dabeilles-et-de-tritons-cretes-que-de-liberte-et-de-confiance\/","og_site_name":"Les Saisons Culturelles de Chaumont","article_publisher":"https:\/\/www.facebook.com\/saisonsculturelleschaumont\/","article_modified_time":"2020-09-02T06:55:34+00:00","og_image":[{"width":650,"height":699,"url":"https:\/\/saisonsculturelleschaumont.fr\/mdxpuixt\/wp-content\/uploads\/2020\/08\/Tritons.cr\u00e9dit-Herv\u00e9Cherblanc-scaled-e1598541159557.jpg","type":"image\/jpeg"}],"twitter_card":"summary_large_image","twitter_misc":{"Dur\u00e9e de lecture estim\u00e9e":"1 minute"},"schema":{"@context":"https:\/\/schema.org","@graph":[{"@type":"WebPage","@id":"https:\/\/saisonsculturelleschaumont.fr\/mdxpuixt\/evenement\/navons-nous-pas-autant-besoin-dabeilles-et-de-tritons-cretes-que-de-liberte-et-de-confiance\/","url":"https:\/\/saisonsculturelleschaumont.fr\/mdxpuixt\/evenement\/navons-nous-pas-autant-besoin-dabeilles-et-de-tritons-cretes-que-de-liberte-et-de-confiance\/","name":"N'avons-nous pas autant besoin d'abeilles et de tritons cr\u00eat\u00e9s que de libert\u00e9 et de confiance ? - Les Saisons Culturelles de Chaumont","isPartOf":{"@id":"https:\/\/saisonsculturelleschaumont.fr\/mdxpuixt\/#website"},"datePublished":"2020-08-27T15:12:43+00:00","dateModified":"2020-09-02T06:55:34+00:00","description":"D\u00e9couvrez la programmation culturelle de la saison culturelle de la ville de Chaumont. Expositions, visites, rencontres, ateliers, concerts, spectacles, animations et plus encore.","breadcrumb":{"@id":"https:\/\/saisonsculturelleschaumont.fr\/mdxpuixt\/evenement\/navons-nous-pas-autant-besoin-dabeilles-et-de-tritons-cretes-que-de-liberte-et-de-confiance\/#breadcrumb"},"inLanguage":"fr-FR","potentialAction":[{"@type":"ReadAction","target":["https:\/\/saisonsculturelleschaumont.fr\/mdxpuixt\/evenement\/navons-nous-pas-autant-besoin-dabeilles-et-de-tritons-cretes-que-de-liberte-et-de-confiance\/"]}]},{"@type":"BreadcrumbList","@id":"https:\/\/saisonsculturelleschaumont.fr\/mdxpuixt\/evenement\/navons-nous-pas-autant-besoin-dabeilles-et-de-tritons-cretes-que-de-liberte-et-de-confiance\/#breadcrumb","itemListElement":[{"@type":"ListItem","position":1,"name":"Accueil","item":"https:\/\/saisonsculturelleschaumont.fr\/mdxpuixt\/"},{"@type":"ListItem","position":2,"name":"\u00c9v\u00e8nements","item":"https:\/\/saisonsculturelleschaumont.fr\/mdxpuixt\/agenda\/"},{"@type":"ListItem","position":3,"name":"N&rsquo;avons-nous pas autant besoin d&rsquo;abeilles et de tritons cr\u00eat\u00e9s que de libert\u00e9 et de confiance ?"}]},{"@type":"WebSite","@id":"https:\/\/saisonsculturelleschaumont.fr\/mdxpuixt\/#website","url":"https:\/\/saisonsculturelleschaumont.fr\/mdxpuixt\/","name":"Les Saisons Culturelles de Chaumont","description":"","potentialAction":[{"@type":"SearchAction","target":{"@type":"EntryPoint","urlTemplate":"https:\/\/saisonsculturelleschaumont.fr\/mdxpuixt\/?s={search_term_string}"},"query-input":"required name=search_term_string"}],"inLanguage":"fr-FR"}]}},"uagb_featured_image_src":{"full":["https:\/\/saisonsculturelleschaumont.fr\/mdxpuixt\/wp-content\/uploads\/2020\/08\/Tritons.cr\u00e9dit-Herv\u00e9Cherblanc-scaled-e1598541159557.jpg",650,699,false],"thumbnail":["https:\/\/saisonsculturelleschaumont.fr\/mdxpuixt\/wp-content\/uploads\/2020\/08\/Tritons.cr\u00e9dit-Herv\u00e9Cherblanc-scaled-e1598541159557-80x80.jpg",80,80,true],"medium":["https:\/\/saisonsculturelleschaumont.fr\/mdxpuixt\/wp-content\/uploads\/2020\/08\/Tritons.cr\u00e9dit-Herv\u00e9Cherblanc-scaled-e1598541159557-300x300.jpg",300,300,true],"medium_large":["https:\/\/saisonsculturelleschaumont.fr\/mdxpuixt\/wp-content\/uploads\/2020\/08\/Tritons.cr\u00e9dit-Herv\u00e9Cherblanc-768x768.jpg",768,768,true],"large":["https:\/\/saisonsculturelleschaumont.fr\/mdxpuixt\/wp-content\/uploads\/2020\/08\/Tritons.cr\u00e9dit-Herv\u00e9Cherblanc-1030x1030.jpg",1030,1030,true],"1536x1536":["https:\/\/saisonsculturelleschaumont.fr\/mdxpuixt\/wp-content\/uploads\/2020\/08\/Tritons.cr\u00e9dit-Herv\u00e9Cherblanc-1024x1536.jpg",1024,1536,true],"2048x2048":["https:\/\/saisonsculturelleschaumont.fr\/mdxpuixt\/wp-content\/uploads\/2020\/08\/Tritons.cr\u00e9dit-Herv\u00e9Cherblanc-1365x2048.jpg",1365,2048,true],"widget":["https:\/\/saisonsculturelleschaumont.fr\/mdxpuixt\/wp-content\/uploads\/2020\/08\/Tritons.cr\u00e9dit-Herv\u00e9Cherblanc-scaled-e1598541159557-36x36.jpg",36,36,true],"square":["https:\/\/saisonsculturelleschaumont.fr\/mdxpuixt\/wp-content\/uploads\/2020\/08\/Tritons.cr\u00e9dit-Herv\u00e9Cherblanc-scaled-e1598541159557-180x180.jpg",180,180,true],"featured":["https:\/\/saisonsculturelleschaumont.fr\/mdxpuixt\/wp-content\/uploads\/2020\/08\/Tritons.cr\u00e9dit-Herv\u00e9Cherblanc-scaled-e1598541159557-650x430.jpg",650,430,true],"featured_large":["https:\/\/saisonsculturelleschaumont.fr\/mdxpuixt\/wp-content\/uploads\/2020\/08\/Tritons.cr\u00e9dit-Herv\u00e9Cherblanc-scaled-e1598541159557-650x630.jpg",650,630,true],"extra_large":["https:\/\/saisonsculturelleschaumont.fr\/mdxpuixt\/wp-content\/uploads\/2020\/08\/Tritons.cr\u00e9dit-Herv\u00e9Cherblanc-1000x1500.jpg",1000,1500,true],"portfolio":["https:\/\/saisonsculturelleschaumont.fr\/mdxpuixt\/wp-content\/uploads\/2020\/08\/Tritons.cr\u00e9dit-Herv\u00e9Cherblanc-scaled-e1598541159557-495x400.jpg",495,400,true],"portfolio_small":["https:\/\/saisonsculturelleschaumont.fr\/mdxpuixt\/wp-content\/uploads\/2020\/08\/Tritons.cr\u00e9dit-Herv\u00e9Cherblanc-scaled-e1598541159557-260x185.jpg",260,185,true],"gallery":["https:\/\/saisonsculturelleschaumont.fr\/mdxpuixt\/wp-content\/uploads\/2020\/08\/Tritons.cr\u00e9dit-Herv\u00e9Cherblanc-scaled-e1598541159557-650x684.jpg",650,684,true],"magazine":["https:\/\/saisonsculturelleschaumont.fr\/mdxpuixt\/wp-content\/uploads\/2020\/08\/Tritons.cr\u00e9dit-Herv\u00e9Cherblanc-scaled-e1598541159557-650x375.jpg",650,375,true],"masonry":["https:\/\/saisonsculturelleschaumont.fr\/mdxpuixt\/wp-content\/uploads\/2020\/08\/Tritons.cr\u00e9dit-Herv\u00e9Cherblanc-470x705.jpg",470,705,true],"entry_with_sidebar":["https:\/\/saisonsculturelleschaumont.fr\/mdxpuixt\/wp-content\/uploads\/2020\/08\/Tritons.cr\u00e9dit-Herv\u00e9Cherblanc-scaled-e1598541159557-650x321.jpg",650,321,true],"entry_without_sidebar":["https:\/\/saisonsculturelleschaumont.fr\/mdxpuixt\/wp-content\/uploads\/2020\/08\/Tritons.cr\u00e9dit-Herv\u00e9Cherblanc-scaled-e1598541159557-650x423.jpg",650,423,true]},"uagb_author_info":{"display_name":"Justine Ansel","author_link":"https:\/\/saisonsculturelleschaumont.fr\/mdxpuixt\/author\/justine-ansel\/"},"uagb_comment_info":0,"uagb_excerpt":"Compagnie L\u2019iMaGiNaRiuMTH\u00c9\u00c2TRE TARIF : 7\u20ac \/ 12\u20ac \/ 15\u20ac CR\u00c9ATION Avec Fkrzictions, le public chaumontais avait pu go\u00fbter la saison derni\u00e8re au travail tout en d\u00e9licatesse et jeux de lumi\u00e8res [&hellip;]","_links":{"self":[{"href":"https:\/\/saisonsculturelleschaumont.fr\/mdxpuixt\/wp-json\/wp\/v2\/tribe_events\/5665"}],"collection":[{"href":"https:\/\/saisonsculturelleschaumont.fr\/mdxpuixt\/wp-json\/wp\/v2\/tribe_events"}],"about":[{"href":"https:\/\/saisonsculturelleschaumont.fr\/mdxpuixt\/wp-json\/wp\/v2\/types\/tribe_events"}],"author":[{"embeddable":true,"href":"https:\/\/saisonsculturelleschaumont.fr\/mdxpuixt\/wp-json\/wp\/v2\/users\/3"}],"replies":[{"embeddable":true,"href":"https:\/\/saisonsculturelleschaumont.fr\/mdxpuixt\/wp-json\/wp\/v2\/comments?post=5665"}],"version-history":[{"count":0,"href":"https:\/\/saisonsculturelleschaumont.fr\/mdxpuixt\/wp-json\/wp\/v2\/tribe_events\/5665\/revisions"}],"wp:featuredmedia":[{"embeddable":true,"href":"https:\/\/saisonsculturelleschaumont.fr\/mdxpuixt\/wp-json\/wp\/v2\/media\/5702"}],"wp:attachment":[{"href":"https:\/\/saisonsculturelleschaumont.fr\/mdxpuixt\/wp-json\/wp\/v2\/media?parent=5665"}],"wp:term":[{"taxonomy":"post_tag","embeddable":true,"href":"https:\/\/saisonsculturelleschaumont.fr\/mdxpuixt\/wp-json\/wp\/v2\/tags?post=5665"},{"taxonomy":"tribe_events_cat","embeddable":true,"href":"https:\/\/saisonsculturelleschaumont.fr\/mdxpuixt\/wp-json\/wp\/v2\/tribe_events_cat?post=5665"}],"curies":[{"name":"wp","href":"https:\/\/api.w.org\/{rel}","templated":true}]}}