{"id":5750,"date":"2020-09-02T13:04:23","date_gmt":"2020-09-02T11:04:23","guid":{"rendered":"https:\/\/saisonsculturelleschaumont.fr\/mdxpuixt\/?post_type=tribe_events&#038;p=5750"},"modified":"2020-09-29T11:43:54","modified_gmt":"2020-09-29T09:43:54","slug":"semaine-du-gout-visite-atelier-pour-les-3-10-ans-les-petits-plats-dans-les-grands","status":"publish","type":"tribe_events","link":"https:\/\/saisonsculturelleschaumont.fr\/mdxpuixt\/evenement\/semaine-du-gout-visite-atelier-pour-les-3-10-ans-les-petits-plats-dans-les-grands\/","title":{"rendered":"Semaine du go\u00fbt. Visite-atelier pour les 3-10 ans \u00ab\u00a0Les petits plats dans les grands\u00a0\u00bb"},"content":{"rendered":"<p>Semaine du go\u00fbt. Visite-atelier pour les 3-10 ans \u00ab\u00a0Les petits plats dans les grands\u00a0\u00bbA l\u2019occasion de la Semaine du Go\u00fbt, le Mus\u00e9e d\u2019Art a choisi cette ann\u00e9e d\u2019\u00e9veiller les plus jeunes aux arts de la table en  les conviant \u00e0 observer un huilier-vinaigrier ainsi qu\u2019une \u00e9cuelle en argent r\u00e9alis\u00e9s \u00e0 Chaumont au XVIIIe si\u00e8cle, deux objets t\u00e9moins d\u2019une \u00e9poque o\u00f9 la mode \u00e9tait aux grandes pi\u00e8ces d\u00e9coratives d\u2019orf\u00e8vrerie. En atelier, les enfants d\u00e9corent un petit plat.  <\/p>\n<p>Dur\u00e9e : 1h30. <\/p>\n<p>Nombre de places limit\u00e9. <\/p>\n<p>Sur r\u00e9servation au 03.25.03.86.99 ou cmartel@ville-chaumont.fr<\/p>\n","protected":false},"excerpt":{"rendered":"<p>Semaine du go\u00fbt. Visite-atelier pour les 3-10 ans \u00ab\u00a0Les petits plats dans les grands\u00a0\u00bbA l\u2019occasion de la Semaine du Go\u00fbt, le Mus\u00e9e d\u2019Art a choisi cette ann\u00e9e d\u2019\u00e9veiller les plus [&hellip;]<\/p>\n","protected":false},"author":3,"featured_media":5857,"comment_status":"closed","ping_status":"closed","template":"","meta":{"_uag_custom_page_level_css":"","_tribe_events_status":"","_tribe_events_status_reason":""},"tags":[115,135],"tribe_events_cat":[42],"yoast_head":"<!-- This site is optimized with the Yoast SEO plugin v21.1 - https:\/\/yoast.com\/wordpress\/plugins\/seo\/ -->\n<title>Semaine du go\u00fbt. Visite-atelier pour les 3-10 ans &quot;Les petits plats dans les grands&quot; - Les Saisons Culturelles de Chaumont<\/title>\n<meta name=\"description\" content=\"D\u00e9couvrez la programmation culturelle de la saison culturelle de la ville de Chaumont. Expositions, visites, rencontres, ateliers, concerts, spectacles, animations et plus encore.\" \/>\n<meta name=\"robots\" content=\"noindex, follow, max-snippet:-1, max-image-preview:large, max-video-preview:-1\" \/>\n<meta property=\"og:locale\" content=\"fr_FR\" \/>\n<meta property=\"og:type\" content=\"article\" \/>\n<meta property=\"og:title\" content=\"Semaine du go\u00fbt. Visite-atelier pour les 3-10 ans &quot;Les petits plats dans les grands&quot; - Les Saisons Culturelles de Chaumont\" \/>\n<meta property=\"og:description\" content=\"D\u00e9couvrez la programmation culturelle de la saison culturelle de la ville de Chaumont. Expositions, visites, rencontres, ateliers, concerts, spectacles, animations et plus encore.\" \/>\n<meta property=\"og:url\" content=\"https:\/\/saisonsculturelleschaumont.fr\/mdxpuixt\/evenement\/semaine-du-gout-visite-atelier-pour-les-3-10-ans-les-petits-plats-dans-les-grands\/\" \/>\n<meta property=\"og:site_name\" content=\"Les Saisons Culturelles de Chaumont\" \/>\n<meta property=\"article:publisher\" content=\"https:\/\/www.facebook.com\/saisonsculturelleschaumont\/\" \/>\n<meta property=\"article:modified_time\" content=\"2020-09-29T09:43:54+00:00\" \/>\n<meta property=\"og:image\" content=\"https:\/\/saisonsculturelleschaumont.fr\/mdxpuixt\/wp-content\/uploads\/2020\/09\/Mus\u00e9es-de-Chaumont_Atelier-p\u00e9dagogique-Les-petits-plats-dans-les-grands-copie.jpg\" \/>\n\t<meta property=\"og:image:width\" content=\"867\" \/>\n\t<meta property=\"og:image:height\" content=\"776\" \/>\n\t<meta property=\"og:image:type\" content=\"image\/jpeg\" \/>\n<meta name=\"twitter:card\" content=\"summary_large_image\" \/>\n<meta name=\"twitter:label1\" content=\"Dur\u00e9e de lecture estim\u00e9e\" \/>\n\t<meta name=\"twitter:data1\" content=\"1 minute\" \/>\n<script type=\"application\/ld+json\" class=\"yoast-schema-graph\">{\"@context\":\"https:\/\/schema.org\",\"@graph\":[{\"@type\":\"WebPage\",\"@id\":\"https:\/\/saisonsculturelleschaumont.fr\/mdxpuixt\/evenement\/semaine-du-gout-visite-atelier-pour-les-3-10-ans-les-petits-plats-dans-les-grands\/\",\"url\":\"https:\/\/saisonsculturelleschaumont.fr\/mdxpuixt\/evenement\/semaine-du-gout-visite-atelier-pour-les-3-10-ans-les-petits-plats-dans-les-grands\/\",\"name\":\"Semaine du go\u00fbt. Visite-atelier pour les 3-10 ans \\\"Les petits plats dans les grands\\\" - Les Saisons Culturelles de Chaumont\",\"isPartOf\":{\"@id\":\"https:\/\/saisonsculturelleschaumont.fr\/mdxpuixt\/#website\"},\"datePublished\":\"2020-09-02T11:04:23+00:00\",\"dateModified\":\"2020-09-29T09:43:54+00:00\",\"description\":\"D\u00e9couvrez la programmation culturelle de la saison culturelle de la ville de Chaumont. Expositions, visites, rencontres, ateliers, concerts, spectacles, animations et plus encore.\",\"breadcrumb\":{\"@id\":\"https:\/\/saisonsculturelleschaumont.fr\/mdxpuixt\/evenement\/semaine-du-gout-visite-atelier-pour-les-3-10-ans-les-petits-plats-dans-les-grands\/#breadcrumb\"},\"inLanguage\":\"fr-FR\",\"potentialAction\":[{\"@type\":\"ReadAction\",\"target\":[\"https:\/\/saisonsculturelleschaumont.fr\/mdxpuixt\/evenement\/semaine-du-gout-visite-atelier-pour-les-3-10-ans-les-petits-plats-dans-les-grands\/\"]}]},{\"@type\":\"BreadcrumbList\",\"@id\":\"https:\/\/saisonsculturelleschaumont.fr\/mdxpuixt\/evenement\/semaine-du-gout-visite-atelier-pour-les-3-10-ans-les-petits-plats-dans-les-grands\/#breadcrumb\",\"itemListElement\":[{\"@type\":\"ListItem\",\"position\":1,\"name\":\"Accueil\",\"item\":\"https:\/\/saisonsculturelleschaumont.fr\/mdxpuixt\/\"},{\"@type\":\"ListItem\",\"position\":2,\"name\":\"\u00c9v\u00e8nements\",\"item\":\"https:\/\/saisonsculturelleschaumont.fr\/mdxpuixt\/agenda\/\"},{\"@type\":\"ListItem\",\"position\":3,\"name\":\"Semaine du go\u00fbt. Visite-atelier pour les 3-10 ans \u00ab\u00a0Les petits plats dans les grands\u00a0\u00bb\"}]},{\"@type\":\"WebSite\",\"@id\":\"https:\/\/saisonsculturelleschaumont.fr\/mdxpuixt\/#website\",\"url\":\"https:\/\/saisonsculturelleschaumont.fr\/mdxpuixt\/\",\"name\":\"Les Saisons Culturelles de Chaumont\",\"description\":\"\",\"potentialAction\":[{\"@type\":\"SearchAction\",\"target\":{\"@type\":\"EntryPoint\",\"urlTemplate\":\"https:\/\/saisonsculturelleschaumont.fr\/mdxpuixt\/?s={search_term_string}\"},\"query-input\":\"required name=search_term_string\"}],\"inLanguage\":\"fr-FR\"}]}<\/script>\n<!-- \/ Yoast SEO plugin. -->","yoast_head_json":{"title":"Semaine du go\u00fbt. Visite-atelier pour les 3-10 ans \"Les petits plats dans les grands\" - Les Saisons Culturelles de Chaumont","description":"D\u00e9couvrez la programmation culturelle de la saison culturelle de la ville de Chaumont. Expositions, visites, rencontres, ateliers, concerts, spectacles, animations et plus encore.","robots":{"index":"noindex","follow":"follow","max-snippet":"max-snippet:-1","max-image-preview":"max-image-preview:large","max-video-preview":"max-video-preview:-1"},"og_locale":"fr_FR","og_type":"article","og_title":"Semaine du go\u00fbt. Visite-atelier pour les 3-10 ans \"Les petits plats dans les grands\" - Les Saisons Culturelles de Chaumont","og_description":"D\u00e9couvrez la programmation culturelle de la saison culturelle de la ville de Chaumont. Expositions, visites, rencontres, ateliers, concerts, spectacles, animations et plus encore.","og_url":"https:\/\/saisonsculturelleschaumont.fr\/mdxpuixt\/evenement\/semaine-du-gout-visite-atelier-pour-les-3-10-ans-les-petits-plats-dans-les-grands\/","og_site_name":"Les Saisons Culturelles de Chaumont","article_publisher":"https:\/\/www.facebook.com\/saisonsculturelleschaumont\/","article_modified_time":"2020-09-29T09:43:54+00:00","og_image":[{"width":867,"height":776,"url":"https:\/\/saisonsculturelleschaumont.fr\/mdxpuixt\/wp-content\/uploads\/2020\/09\/Mus\u00e9es-de-Chaumont_Atelier-p\u00e9dagogique-Les-petits-plats-dans-les-grands-copie.jpg","type":"image\/jpeg"}],"twitter_card":"summary_large_image","twitter_misc":{"Dur\u00e9e de lecture estim\u00e9e":"1 minute"},"schema":{"@context":"https:\/\/schema.org","@graph":[{"@type":"WebPage","@id":"https:\/\/saisonsculturelleschaumont.fr\/mdxpuixt\/evenement\/semaine-du-gout-visite-atelier-pour-les-3-10-ans-les-petits-plats-dans-les-grands\/","url":"https:\/\/saisonsculturelleschaumont.fr\/mdxpuixt\/evenement\/semaine-du-gout-visite-atelier-pour-les-3-10-ans-les-petits-plats-dans-les-grands\/","name":"Semaine du go\u00fbt. Visite-atelier pour les 3-10 ans \"Les petits plats dans les grands\" - Les Saisons Culturelles de Chaumont","isPartOf":{"@id":"https:\/\/saisonsculturelleschaumont.fr\/mdxpuixt\/#website"},"datePublished":"2020-09-02T11:04:23+00:00","dateModified":"2020-09-29T09:43:54+00:00","description":"D\u00e9couvrez la programmation culturelle de la saison culturelle de la ville de Chaumont. Expositions, visites, rencontres, ateliers, concerts, spectacles, animations et plus encore.","breadcrumb":{"@id":"https:\/\/saisonsculturelleschaumont.fr\/mdxpuixt\/evenement\/semaine-du-gout-visite-atelier-pour-les-3-10-ans-les-petits-plats-dans-les-grands\/#breadcrumb"},"inLanguage":"fr-FR","potentialAction":[{"@type":"ReadAction","target":["https:\/\/saisonsculturelleschaumont.fr\/mdxpuixt\/evenement\/semaine-du-gout-visite-atelier-pour-les-3-10-ans-les-petits-plats-dans-les-grands\/"]}]},{"@type":"BreadcrumbList","@id":"https:\/\/saisonsculturelleschaumont.fr\/mdxpuixt\/evenement\/semaine-du-gout-visite-atelier-pour-les-3-10-ans-les-petits-plats-dans-les-grands\/#breadcrumb","itemListElement":[{"@type":"ListItem","position":1,"name":"Accueil","item":"https:\/\/saisonsculturelleschaumont.fr\/mdxpuixt\/"},{"@type":"ListItem","position":2,"name":"\u00c9v\u00e8nements","item":"https:\/\/saisonsculturelleschaumont.fr\/mdxpuixt\/agenda\/"},{"@type":"ListItem","position":3,"name":"Semaine du go\u00fbt. Visite-atelier pour les 3-10 ans \u00ab\u00a0Les petits plats dans les grands\u00a0\u00bb"}]},{"@type":"WebSite","@id":"https:\/\/saisonsculturelleschaumont.fr\/mdxpuixt\/#website","url":"https:\/\/saisonsculturelleschaumont.fr\/mdxpuixt\/","name":"Les Saisons Culturelles de Chaumont","description":"","potentialAction":[{"@type":"SearchAction","target":{"@type":"EntryPoint","urlTemplate":"https:\/\/saisonsculturelleschaumont.fr\/mdxpuixt\/?s={search_term_string}"},"query-input":"required name=search_term_string"}],"inLanguage":"fr-FR"}]}},"uagb_featured_image_src":{"full":["https:\/\/saisonsculturelleschaumont.fr\/mdxpuixt\/wp-content\/uploads\/2020\/09\/Mus\u00e9es-de-Chaumont_Atelier-p\u00e9dagogique-Les-petits-plats-dans-les-grands-copie.jpg",867,776,false],"thumbnail":["https:\/\/saisonsculturelleschaumont.fr\/mdxpuixt\/wp-content\/uploads\/2020\/09\/Mus\u00e9es-de-Chaumont_Atelier-p\u00e9dagogique-Les-petits-plats-dans-les-grands-copie-80x80.jpg",80,80,true],"medium":["https:\/\/saisonsculturelleschaumont.fr\/mdxpuixt\/wp-content\/uploads\/2020\/09\/Mus\u00e9es-de-Chaumont_Atelier-p\u00e9dagogique-Les-petits-plats-dans-les-grands-copie-300x300.jpg",300,300,true],"medium_large":["https:\/\/saisonsculturelleschaumont.fr\/mdxpuixt\/wp-content\/uploads\/2020\/09\/Mus\u00e9es-de-Chaumont_Atelier-p\u00e9dagogique-Les-petits-plats-dans-les-grands-copie-768x768.jpg",768,768,true],"large":["https:\/\/saisonsculturelleschaumont.fr\/mdxpuixt\/wp-content\/uploads\/2020\/09\/Mus\u00e9es-de-Chaumont_Atelier-p\u00e9dagogique-Les-petits-plats-dans-les-grands-copie.jpg",867,776,false],"1536x1536":["https:\/\/saisonsculturelleschaumont.fr\/mdxpuixt\/wp-content\/uploads\/2020\/09\/Mus\u00e9es-de-Chaumont_Atelier-p\u00e9dagogique-Les-petits-plats-dans-les-grands-copie.jpg",867,776,false],"2048x2048":["https:\/\/saisonsculturelleschaumont.fr\/mdxpuixt\/wp-content\/uploads\/2020\/09\/Mus\u00e9es-de-Chaumont_Atelier-p\u00e9dagogique-Les-petits-plats-dans-les-grands-copie.jpg",867,776,false],"widget":["https:\/\/saisonsculturelleschaumont.fr\/mdxpuixt\/wp-content\/uploads\/2020\/09\/Mus\u00e9es-de-Chaumont_Atelier-p\u00e9dagogique-Les-petits-plats-dans-les-grands-copie-36x36.jpg",36,36,true],"square":["https:\/\/saisonsculturelleschaumont.fr\/mdxpuixt\/wp-content\/uploads\/2020\/09\/Mus\u00e9es-de-Chaumont_Atelier-p\u00e9dagogique-Les-petits-plats-dans-les-grands-copie-180x180.jpg",180,180,true],"featured":["https:\/\/saisonsculturelleschaumont.fr\/mdxpuixt\/wp-content\/uploads\/2020\/09\/Mus\u00e9es-de-Chaumont_Atelier-p\u00e9dagogique-Les-petits-plats-dans-les-grands-copie-867x430.jpg",867,430,true],"featured_large":["https:\/\/saisonsculturelleschaumont.fr\/mdxpuixt\/wp-content\/uploads\/2020\/09\/Mus\u00e9es-de-Chaumont_Atelier-p\u00e9dagogique-Les-petits-plats-dans-les-grands-copie-867x630.jpg",867,630,true],"extra_large":["https:\/\/saisonsculturelleschaumont.fr\/mdxpuixt\/wp-content\/uploads\/2020\/09\/Mus\u00e9es-de-Chaumont_Atelier-p\u00e9dagogique-Les-petits-plats-dans-les-grands-copie.jpg",867,776,false],"portfolio":["https:\/\/saisonsculturelleschaumont.fr\/mdxpuixt\/wp-content\/uploads\/2020\/09\/Mus\u00e9es-de-Chaumont_Atelier-p\u00e9dagogique-Les-petits-plats-dans-les-grands-copie-495x400.jpg",495,400,true],"portfolio_small":["https:\/\/saisonsculturelleschaumont.fr\/mdxpuixt\/wp-content\/uploads\/2020\/09\/Mus\u00e9es-de-Chaumont_Atelier-p\u00e9dagogique-Les-petits-plats-dans-les-grands-copie-260x185.jpg",260,185,true],"gallery":["https:\/\/saisonsculturelleschaumont.fr\/mdxpuixt\/wp-content\/uploads\/2020\/09\/Mus\u00e9es-de-Chaumont_Atelier-p\u00e9dagogique-Les-petits-plats-dans-les-grands-copie-845x684.jpg",845,684,true],"magazine":["https:\/\/saisonsculturelleschaumont.fr\/mdxpuixt\/wp-content\/uploads\/2020\/09\/Mus\u00e9es-de-Chaumont_Atelier-p\u00e9dagogique-Les-petits-plats-dans-les-grands-copie-710x375.jpg",710,375,true],"masonry":["https:\/\/saisonsculturelleschaumont.fr\/mdxpuixt\/wp-content\/uploads\/2020\/09\/Mus\u00e9es-de-Chaumont_Atelier-p\u00e9dagogique-Les-petits-plats-dans-les-grands-copie-705x631.jpg",705,631,true],"entry_with_sidebar":["https:\/\/saisonsculturelleschaumont.fr\/mdxpuixt\/wp-content\/uploads\/2020\/09\/Mus\u00e9es-de-Chaumont_Atelier-p\u00e9dagogique-Les-petits-plats-dans-les-grands-copie-845x321.jpg",845,321,true],"entry_without_sidebar":["https:\/\/saisonsculturelleschaumont.fr\/mdxpuixt\/wp-content\/uploads\/2020\/09\/Mus\u00e9es-de-Chaumont_Atelier-p\u00e9dagogique-Les-petits-plats-dans-les-grands-copie-867x423.jpg",867,423,true]},"uagb_author_info":{"display_name":"Justine Ansel","author_link":"https:\/\/saisonsculturelleschaumont.fr\/mdxpuixt\/author\/justine-ansel\/"},"uagb_comment_info":0,"uagb_excerpt":"Semaine du go\u00fbt. Visite-atelier pour les 3-10 ans \u00ab\u00a0Les petits plats dans les grands\u00a0\u00bbA l\u2019occasion de la Semaine du Go\u00fbt, le Mus\u00e9e d\u2019Art a choisi cette ann\u00e9e d\u2019\u00e9veiller les plus [&hellip;]","_links":{"self":[{"href":"https:\/\/saisonsculturelleschaumont.fr\/mdxpuixt\/wp-json\/wp\/v2\/tribe_events\/5750"}],"collection":[{"href":"https:\/\/saisonsculturelleschaumont.fr\/mdxpuixt\/wp-json\/wp\/v2\/tribe_events"}],"about":[{"href":"https:\/\/saisonsculturelleschaumont.fr\/mdxpuixt\/wp-json\/wp\/v2\/types\/tribe_events"}],"author":[{"embeddable":true,"href":"https:\/\/saisonsculturelleschaumont.fr\/mdxpuixt\/wp-json\/wp\/v2\/users\/3"}],"replies":[{"embeddable":true,"href":"https:\/\/saisonsculturelleschaumont.fr\/mdxpuixt\/wp-json\/wp\/v2\/comments?post=5750"}],"version-history":[{"count":0,"href":"https:\/\/saisonsculturelleschaumont.fr\/mdxpuixt\/wp-json\/wp\/v2\/tribe_events\/5750\/revisions"}],"wp:featuredmedia":[{"embeddable":true,"href":"https:\/\/saisonsculturelleschaumont.fr\/mdxpuixt\/wp-json\/wp\/v2\/media\/5857"}],"wp:attachment":[{"href":"https:\/\/saisonsculturelleschaumont.fr\/mdxpuixt\/wp-json\/wp\/v2\/media?parent=5750"}],"wp:term":[{"taxonomy":"post_tag","embeddable":true,"href":"https:\/\/saisonsculturelleschaumont.fr\/mdxpuixt\/wp-json\/wp\/v2\/tags?post=5750"},{"taxonomy":"tribe_events_cat","embeddable":true,"href":"https:\/\/saisonsculturelleschaumont.fr\/mdxpuixt\/wp-json\/wp\/v2\/tribe_events_cat?post=5750"}],"curies":[{"name":"wp","href":"https:\/\/api.w.org\/{rel}","templated":true}]}}