{"id":5754,"date":"2020-09-02T10:25:10","date_gmt":"2020-09-02T08:25:10","guid":{"rendered":"https:\/\/saisonsculturelleschaumont.fr\/mdxpuixt\/?post_type=tribe_events&#038;p=5754"},"modified":"2020-09-02T13:07:28","modified_gmt":"2020-09-02T11:07:28","slug":"visite-atelier-pour-les-6-12-ans-une-fenetre-sur-le-monde-creer-un-livre-tunnel","status":"publish","type":"tribe_events","link":"https:\/\/saisonsculturelleschaumont.fr\/mdxpuixt\/evenement\/visite-atelier-pour-les-6-12-ans-une-fenetre-sur-le-monde-creer-un-livre-tunnel\/","title":{"rendered":"Visite-atelier pour les 6-12 ans \u00ab\u00a0Une fen\u00eatre sur le monde. Cr\u00e9er un livre tunnel\u00a0\u00bb"},"content":{"rendered":"<p>Visite-atelier pour les 6-12 ans \u00ab\u00a0Une fen\u00eatre sur le monde. Cr\u00e9er un livre tunnel\u00a0\u00bbLe livre tunnel pr\u00e9sente une succession d\u2019images d\u00e9coup\u00e9es qui, observ\u00e9es \u00e0 travers un premier plan, lui-m\u00eame d\u00e9coup\u00e9, donne une impression de sc\u00e8ne en profondeur. Il s\u2019inscrit dans la longue histoire des exp\u00e9riences men\u00e9es sur la perspective centrale. \u00ab Je dessine un rectangle aussi grand que je veux et je le consid\u00e8re comme une fen\u00eatre ouverte par laquelle je regarde tout ce qui, ici, sera peint \u00bb, c\u2019est ainsi qu\u2019en 1435 Leon Battista Alberti d\u00e9crit pour la premi\u00e8re fois ce qu&rsquo;est un tableau. Face aux peintures de paysage, les enfants d\u00e9couvrent la notion de perspective (devant, derri\u00e8re, pr\u00e8s, loin\u2026). En atelier, ils d\u00e9coupent des formes en deux dimensions et les assemblent successivement pour cr\u00e9er une image en profondeur.<br \/>\nMercredi 21 octobre \u00e0 10h et \u00e0 14h30, jeudi 22 octobre \u00e0 14h30, vendredi 23 octobre \u00e0 14h30, mercredi 28 octobre \u00e0 10h et \u00e0 14h30, jeudi 29 octobre \u00e0 14h30 et vendredi 30 octobre \u00e0 14h30. Dur\u00e9e : 1h30. Tarif : 4 euros par enfant. Nombre de places limit\u00e9. Sur r\u00e9servation au 03.25.03.86.99 ou cmartel@ville-chaumont.fr<\/p>\n","protected":false},"excerpt":{"rendered":"<p>Visite-atelier pour les 6-12 ans \u00ab\u00a0Une fen\u00eatre sur le monde. Cr\u00e9er un livre tunnel\u00a0\u00bbLe livre tunnel pr\u00e9sente une succession d\u2019images d\u00e9coup\u00e9es qui, observ\u00e9es \u00e0 travers un premier plan, lui-m\u00eame d\u00e9coup\u00e9, [&hellip;]<\/p>\n","protected":false},"author":3,"featured_media":5766,"comment_status":"closed","ping_status":"closed","template":"","meta":{"_uag_custom_page_level_css":"","_tribe_events_status":"","_tribe_events_status_reason":""},"tags":[115,135],"tribe_events_cat":[42],"yoast_head":"<!-- This site is optimized with the Yoast SEO plugin v21.1 - https:\/\/yoast.com\/wordpress\/plugins\/seo\/ -->\n<title>Visite-atelier pour les 6-12 ans &quot;Une fen\u00eatre sur le monde. Cr\u00e9er un livre tunnel&quot; - Les Saisons Culturelles de Chaumont<\/title>\n<meta name=\"description\" content=\"D\u00e9couvrez la programmation culturelle de la saison culturelle de la ville de Chaumont. Expositions, visites, rencontres, ateliers, concerts, spectacles, animations et plus encore.\" \/>\n<meta name=\"robots\" content=\"noindex, follow, max-snippet:-1, max-image-preview:large, max-video-preview:-1\" \/>\n<meta property=\"og:locale\" content=\"fr_FR\" \/>\n<meta property=\"og:type\" content=\"article\" \/>\n<meta property=\"og:title\" content=\"Visite-atelier pour les 6-12 ans &quot;Une fen\u00eatre sur le monde. Cr\u00e9er un livre tunnel&quot; - Les Saisons Culturelles de Chaumont\" \/>\n<meta property=\"og:description\" content=\"D\u00e9couvrez la programmation culturelle de la saison culturelle de la ville de Chaumont. Expositions, visites, rencontres, ateliers, concerts, spectacles, animations et plus encore.\" \/>\n<meta property=\"og:url\" content=\"https:\/\/saisonsculturelleschaumont.fr\/mdxpuixt\/evenement\/visite-atelier-pour-les-6-12-ans-une-fenetre-sur-le-monde-creer-un-livre-tunnel\/\" \/>\n<meta property=\"og:site_name\" content=\"Les Saisons Culturelles de Chaumont\" \/>\n<meta property=\"article:publisher\" content=\"https:\/\/www.facebook.com\/saisonsculturelleschaumont\/\" \/>\n<meta property=\"article:modified_time\" content=\"2020-09-02T11:07:28+00:00\" \/>\n<meta property=\"og:image\" content=\"https:\/\/saisonsculturelleschaumont.fr\/mdxpuixt\/wp-content\/uploads\/2020\/09\/Un-fen\u00eatre-sur-le-monde-\u00a9T.-Peters-scaled-e1599035102863.jpg\" \/>\n\t<meta property=\"og:image:width\" content=\"650\" \/>\n\t<meta property=\"og:image:height\" content=\"461\" \/>\n\t<meta property=\"og:image:type\" content=\"image\/jpeg\" \/>\n<meta name=\"twitter:card\" content=\"summary_large_image\" \/>\n<meta name=\"twitter:label1\" content=\"Dur\u00e9e de lecture estim\u00e9e\" \/>\n\t<meta name=\"twitter:data1\" content=\"1 minute\" \/>\n<script type=\"application\/ld+json\" class=\"yoast-schema-graph\">{\"@context\":\"https:\/\/schema.org\",\"@graph\":[{\"@type\":\"WebPage\",\"@id\":\"https:\/\/saisonsculturelleschaumont.fr\/mdxpuixt\/evenement\/visite-atelier-pour-les-6-12-ans-une-fenetre-sur-le-monde-creer-un-livre-tunnel\/\",\"url\":\"https:\/\/saisonsculturelleschaumont.fr\/mdxpuixt\/evenement\/visite-atelier-pour-les-6-12-ans-une-fenetre-sur-le-monde-creer-un-livre-tunnel\/\",\"name\":\"Visite-atelier pour les 6-12 ans \\\"Une fen\u00eatre sur le monde. Cr\u00e9er un livre tunnel\\\" - Les Saisons Culturelles de Chaumont\",\"isPartOf\":{\"@id\":\"https:\/\/saisonsculturelleschaumont.fr\/mdxpuixt\/#website\"},\"datePublished\":\"2020-09-02T08:25:10+00:00\",\"dateModified\":\"2020-09-02T11:07:28+00:00\",\"description\":\"D\u00e9couvrez la programmation culturelle de la saison culturelle de la ville de Chaumont. Expositions, visites, rencontres, ateliers, concerts, spectacles, animations et plus encore.\",\"breadcrumb\":{\"@id\":\"https:\/\/saisonsculturelleschaumont.fr\/mdxpuixt\/evenement\/visite-atelier-pour-les-6-12-ans-une-fenetre-sur-le-monde-creer-un-livre-tunnel\/#breadcrumb\"},\"inLanguage\":\"fr-FR\",\"potentialAction\":[{\"@type\":\"ReadAction\",\"target\":[\"https:\/\/saisonsculturelleschaumont.fr\/mdxpuixt\/evenement\/visite-atelier-pour-les-6-12-ans-une-fenetre-sur-le-monde-creer-un-livre-tunnel\/\"]}]},{\"@type\":\"BreadcrumbList\",\"@id\":\"https:\/\/saisonsculturelleschaumont.fr\/mdxpuixt\/evenement\/visite-atelier-pour-les-6-12-ans-une-fenetre-sur-le-monde-creer-un-livre-tunnel\/#breadcrumb\",\"itemListElement\":[{\"@type\":\"ListItem\",\"position\":1,\"name\":\"Accueil\",\"item\":\"https:\/\/saisonsculturelleschaumont.fr\/mdxpuixt\/\"},{\"@type\":\"ListItem\",\"position\":2,\"name\":\"\u00c9v\u00e8nements\",\"item\":\"https:\/\/saisonsculturelleschaumont.fr\/mdxpuixt\/agenda\/\"},{\"@type\":\"ListItem\",\"position\":3,\"name\":\"Visite-atelier pour les 6-12 ans \u00ab\u00a0Une fen\u00eatre sur le monde. Cr\u00e9er un livre tunnel\u00a0\u00bb\"}]},{\"@type\":\"WebSite\",\"@id\":\"https:\/\/saisonsculturelleschaumont.fr\/mdxpuixt\/#website\",\"url\":\"https:\/\/saisonsculturelleschaumont.fr\/mdxpuixt\/\",\"name\":\"Les Saisons Culturelles de Chaumont\",\"description\":\"\",\"potentialAction\":[{\"@type\":\"SearchAction\",\"target\":{\"@type\":\"EntryPoint\",\"urlTemplate\":\"https:\/\/saisonsculturelleschaumont.fr\/mdxpuixt\/?s={search_term_string}\"},\"query-input\":\"required name=search_term_string\"}],\"inLanguage\":\"fr-FR\"}]}<\/script>\n<!-- \/ Yoast SEO plugin. -->","yoast_head_json":{"title":"Visite-atelier pour les 6-12 ans \"Une fen\u00eatre sur le monde. Cr\u00e9er un livre tunnel\" - Les Saisons Culturelles de Chaumont","description":"D\u00e9couvrez la programmation culturelle de la saison culturelle de la ville de Chaumont. Expositions, visites, rencontres, ateliers, concerts, spectacles, animations et plus encore.","robots":{"index":"noindex","follow":"follow","max-snippet":"max-snippet:-1","max-image-preview":"max-image-preview:large","max-video-preview":"max-video-preview:-1"},"og_locale":"fr_FR","og_type":"article","og_title":"Visite-atelier pour les 6-12 ans \"Une fen\u00eatre sur le monde. Cr\u00e9er un livre tunnel\" - Les Saisons Culturelles de Chaumont","og_description":"D\u00e9couvrez la programmation culturelle de la saison culturelle de la ville de Chaumont. Expositions, visites, rencontres, ateliers, concerts, spectacles, animations et plus encore.","og_url":"https:\/\/saisonsculturelleschaumont.fr\/mdxpuixt\/evenement\/visite-atelier-pour-les-6-12-ans-une-fenetre-sur-le-monde-creer-un-livre-tunnel\/","og_site_name":"Les Saisons Culturelles de Chaumont","article_publisher":"https:\/\/www.facebook.com\/saisonsculturelleschaumont\/","article_modified_time":"2020-09-02T11:07:28+00:00","og_image":[{"width":650,"height":461,"url":"https:\/\/saisonsculturelleschaumont.fr\/mdxpuixt\/wp-content\/uploads\/2020\/09\/Un-fen\u00eatre-sur-le-monde-\u00a9T.-Peters-scaled-e1599035102863.jpg","type":"image\/jpeg"}],"twitter_card":"summary_large_image","twitter_misc":{"Dur\u00e9e de lecture estim\u00e9e":"1 minute"},"schema":{"@context":"https:\/\/schema.org","@graph":[{"@type":"WebPage","@id":"https:\/\/saisonsculturelleschaumont.fr\/mdxpuixt\/evenement\/visite-atelier-pour-les-6-12-ans-une-fenetre-sur-le-monde-creer-un-livre-tunnel\/","url":"https:\/\/saisonsculturelleschaumont.fr\/mdxpuixt\/evenement\/visite-atelier-pour-les-6-12-ans-une-fenetre-sur-le-monde-creer-un-livre-tunnel\/","name":"Visite-atelier pour les 6-12 ans \"Une fen\u00eatre sur le monde. Cr\u00e9er un livre tunnel\" - Les Saisons Culturelles de Chaumont","isPartOf":{"@id":"https:\/\/saisonsculturelleschaumont.fr\/mdxpuixt\/#website"},"datePublished":"2020-09-02T08:25:10+00:00","dateModified":"2020-09-02T11:07:28+00:00","description":"D\u00e9couvrez la programmation culturelle de la saison culturelle de la ville de Chaumont. Expositions, visites, rencontres, ateliers, concerts, spectacles, animations et plus encore.","breadcrumb":{"@id":"https:\/\/saisonsculturelleschaumont.fr\/mdxpuixt\/evenement\/visite-atelier-pour-les-6-12-ans-une-fenetre-sur-le-monde-creer-un-livre-tunnel\/#breadcrumb"},"inLanguage":"fr-FR","potentialAction":[{"@type":"ReadAction","target":["https:\/\/saisonsculturelleschaumont.fr\/mdxpuixt\/evenement\/visite-atelier-pour-les-6-12-ans-une-fenetre-sur-le-monde-creer-un-livre-tunnel\/"]}]},{"@type":"BreadcrumbList","@id":"https:\/\/saisonsculturelleschaumont.fr\/mdxpuixt\/evenement\/visite-atelier-pour-les-6-12-ans-une-fenetre-sur-le-monde-creer-un-livre-tunnel\/#breadcrumb","itemListElement":[{"@type":"ListItem","position":1,"name":"Accueil","item":"https:\/\/saisonsculturelleschaumont.fr\/mdxpuixt\/"},{"@type":"ListItem","position":2,"name":"\u00c9v\u00e8nements","item":"https:\/\/saisonsculturelleschaumont.fr\/mdxpuixt\/agenda\/"},{"@type":"ListItem","position":3,"name":"Visite-atelier pour les 6-12 ans \u00ab\u00a0Une fen\u00eatre sur le monde. Cr\u00e9er un livre tunnel\u00a0\u00bb"}]},{"@type":"WebSite","@id":"https:\/\/saisonsculturelleschaumont.fr\/mdxpuixt\/#website","url":"https:\/\/saisonsculturelleschaumont.fr\/mdxpuixt\/","name":"Les Saisons Culturelles de Chaumont","description":"","potentialAction":[{"@type":"SearchAction","target":{"@type":"EntryPoint","urlTemplate":"https:\/\/saisonsculturelleschaumont.fr\/mdxpuixt\/?s={search_term_string}"},"query-input":"required name=search_term_string"}],"inLanguage":"fr-FR"}]}},"uagb_featured_image_src":{"full":["https:\/\/saisonsculturelleschaumont.fr\/mdxpuixt\/wp-content\/uploads\/2020\/09\/Un-fen\u00eatre-sur-le-monde-\u00a9T.-Peters-scaled-e1599035102863.jpg",650,461,false],"thumbnail":["https:\/\/saisonsculturelleschaumont.fr\/mdxpuixt\/wp-content\/uploads\/2020\/09\/Un-fen\u00eatre-sur-le-monde-\u00a9T.-Peters-80x80.jpg",80,80,true],"medium":["https:\/\/saisonsculturelleschaumont.fr\/mdxpuixt\/wp-content\/uploads\/2020\/09\/Un-fen\u00eatre-sur-le-monde-\u00a9T.-Peters-300x300.jpg",300,300,true],"medium_large":["https:\/\/saisonsculturelleschaumont.fr\/mdxpuixt\/wp-content\/uploads\/2020\/09\/Un-fen\u00eatre-sur-le-monde-\u00a9T.-Peters-768x768.jpg",768,768,true],"large":["https:\/\/saisonsculturelleschaumont.fr\/mdxpuixt\/wp-content\/uploads\/2020\/09\/Un-fen\u00eatre-sur-le-monde-\u00a9T.-Peters-1030x1030.jpg",1030,1030,true],"1536x1536":["https:\/\/saisonsculturelleschaumont.fr\/mdxpuixt\/wp-content\/uploads\/2020\/09\/Un-fen\u00eatre-sur-le-monde-\u00a9T.-Peters-1536x1090.jpg",1536,1090,true],"2048x2048":["https:\/\/saisonsculturelleschaumont.fr\/mdxpuixt\/wp-content\/uploads\/2020\/09\/Un-fen\u00eatre-sur-le-monde-\u00a9T.-Peters-2048x1453.jpg",2048,1453,true],"widget":["https:\/\/saisonsculturelleschaumont.fr\/mdxpuixt\/wp-content\/uploads\/2020\/09\/Un-fen\u00eatre-sur-le-monde-\u00a9T.-Peters-36x36.jpg",36,36,true],"square":["https:\/\/saisonsculturelleschaumont.fr\/mdxpuixt\/wp-content\/uploads\/2020\/09\/Un-fen\u00eatre-sur-le-monde-\u00a9T.-Peters-180x180.jpg",180,180,true],"featured":["https:\/\/saisonsculturelleschaumont.fr\/mdxpuixt\/wp-content\/uploads\/2020\/09\/Un-fen\u00eatre-sur-le-monde-\u00a9T.-Peters-1500x430.jpg",1500,430,true],"featured_large":["https:\/\/saisonsculturelleschaumont.fr\/mdxpuixt\/wp-content\/uploads\/2020\/09\/Un-fen\u00eatre-sur-le-monde-\u00a9T.-Peters-1500x630.jpg",1500,630,true],"extra_large":["https:\/\/saisonsculturelleschaumont.fr\/mdxpuixt\/wp-content\/uploads\/2020\/09\/Un-fen\u00eatre-sur-le-monde-\u00a9T.-Peters-1500x1064.jpg",1500,1064,true],"portfolio":["https:\/\/saisonsculturelleschaumont.fr\/mdxpuixt\/wp-content\/uploads\/2020\/09\/Un-fen\u00eatre-sur-le-monde-\u00a9T.-Peters-495x400.jpg",495,400,true],"portfolio_small":["https:\/\/saisonsculturelleschaumont.fr\/mdxpuixt\/wp-content\/uploads\/2020\/09\/Un-fen\u00eatre-sur-le-monde-\u00a9T.-Peters-260x185.jpg",260,185,true],"gallery":["https:\/\/saisonsculturelleschaumont.fr\/mdxpuixt\/wp-content\/uploads\/2020\/09\/Un-fen\u00eatre-sur-le-monde-\u00a9T.-Peters-845x684.jpg",845,684,true],"magazine":["https:\/\/saisonsculturelleschaumont.fr\/mdxpuixt\/wp-content\/uploads\/2020\/09\/Un-fen\u00eatre-sur-le-monde-\u00a9T.-Peters-710x375.jpg",710,375,true],"masonry":["https:\/\/saisonsculturelleschaumont.fr\/mdxpuixt\/wp-content\/uploads\/2020\/09\/Un-fen\u00eatre-sur-le-monde-\u00a9T.-Peters-705x500.jpg",705,500,true],"entry_with_sidebar":["https:\/\/saisonsculturelleschaumont.fr\/mdxpuixt\/wp-content\/uploads\/2020\/09\/Un-fen\u00eatre-sur-le-monde-\u00a9T.-Peters-845x321.jpg",845,321,true],"entry_without_sidebar":["https:\/\/saisonsculturelleschaumont.fr\/mdxpuixt\/wp-content\/uploads\/2020\/09\/Un-fen\u00eatre-sur-le-monde-\u00a9T.-Peters-1210x423.jpg",1210,423,true]},"uagb_author_info":{"display_name":"Justine Ansel","author_link":"https:\/\/saisonsculturelleschaumont.fr\/mdxpuixt\/author\/justine-ansel\/"},"uagb_comment_info":0,"uagb_excerpt":"Visite-atelier pour les 6-12 ans \u00ab\u00a0Une fen\u00eatre sur le monde. Cr\u00e9er un livre tunnel\u00a0\u00bbLe livre tunnel pr\u00e9sente une succession d\u2019images d\u00e9coup\u00e9es qui, observ\u00e9es \u00e0 travers un premier plan, lui-m\u00eame d\u00e9coup\u00e9, [&hellip;]","_links":{"self":[{"href":"https:\/\/saisonsculturelleschaumont.fr\/mdxpuixt\/wp-json\/wp\/v2\/tribe_events\/5754"}],"collection":[{"href":"https:\/\/saisonsculturelleschaumont.fr\/mdxpuixt\/wp-json\/wp\/v2\/tribe_events"}],"about":[{"href":"https:\/\/saisonsculturelleschaumont.fr\/mdxpuixt\/wp-json\/wp\/v2\/types\/tribe_events"}],"author":[{"embeddable":true,"href":"https:\/\/saisonsculturelleschaumont.fr\/mdxpuixt\/wp-json\/wp\/v2\/users\/3"}],"replies":[{"embeddable":true,"href":"https:\/\/saisonsculturelleschaumont.fr\/mdxpuixt\/wp-json\/wp\/v2\/comments?post=5754"}],"version-history":[{"count":0,"href":"https:\/\/saisonsculturelleschaumont.fr\/mdxpuixt\/wp-json\/wp\/v2\/tribe_events\/5754\/revisions"}],"wp:featuredmedia":[{"embeddable":true,"href":"https:\/\/saisonsculturelleschaumont.fr\/mdxpuixt\/wp-json\/wp\/v2\/media\/5766"}],"wp:attachment":[{"href":"https:\/\/saisonsculturelleschaumont.fr\/mdxpuixt\/wp-json\/wp\/v2\/media?parent=5754"}],"wp:term":[{"taxonomy":"post_tag","embeddable":true,"href":"https:\/\/saisonsculturelleschaumont.fr\/mdxpuixt\/wp-json\/wp\/v2\/tags?post=5754"},{"taxonomy":"tribe_events_cat","embeddable":true,"href":"https:\/\/saisonsculturelleschaumont.fr\/mdxpuixt\/wp-json\/wp\/v2\/tribe_events_cat?post=5754"}],"curies":[{"name":"wp","href":"https:\/\/api.w.org\/{rel}","templated":true}]}}