{"id":5755,"date":"2020-09-02T10:07:48","date_gmt":"2020-09-02T08:07:48","guid":{"rendered":"https:\/\/saisonsculturelleschaumont.fr\/mdxpuixt\/?post_type=tribe_events&#038;p=5755"},"modified":"2020-09-04T16:33:44","modified_gmt":"2020-09-04T14:33:44","slug":"tour-de-loeuvre","status":"publish","type":"tribe_events","link":"https:\/\/saisonsculturelleschaumont.fr\/mdxpuixt\/evenement\/tour-de-loeuvre\/","title":{"rendered":"Tour de l&rsquo;\u0153uvre"},"content":{"rendered":"<p>Tour de l\u2019\u0153uvre \u00ab Antependium repr\u00e9sentant la Vierge et l\u2019Enfant apparaissant \u00e0 Saint Jean-Baptiste et \u00e0 Saint Antoine de Padoue (Italie, 1697) \u00bbAppr\u00e9ci\u00e9s dans toute l\u2019Europe du XVIe si\u00e8cle au XIXe si\u00e8cle, les cuirs dor\u00e9s, appel\u00e9s aussi cuirs de Cordoue, sont utilis\u00e9s dans de riches demeures comme rev\u00eatements muraux ou parfois dans les \u00e9glises pour recouvrir des devants d\u2019autel. C\u2019est justement le cas de l\u2019objet qui vous sera pr\u00e9sent\u00e9 dans ce tour de l\u2019\u0153uvre.<\/p>\n<p>Dur\u00e9e : 45 min.<\/p>\n<p>Nombre de places limit\u00e9<\/p>\n","protected":false},"excerpt":{"rendered":"<p>Tour de l\u2019\u0153uvre \u00ab Antependium repr\u00e9sentant la Vierge et l\u2019Enfant apparaissant \u00e0 Saint Jean-Baptiste et \u00e0 Saint Antoine de Padoue (Italie, 1697) \u00bbAppr\u00e9ci\u00e9s dans toute l\u2019Europe du XVIe si\u00e8cle au [&hellip;]<\/p>\n","protected":false},"author":3,"featured_media":5781,"comment_status":"closed","ping_status":"closed","template":"","meta":{"_uag_custom_page_level_css":"","_tribe_events_status":"","_tribe_events_status_reason":""},"tags":[137,131],"tribe_events_cat":[42],"yoast_head":"<!-- This site is optimized with the Yoast SEO plugin v21.1 - https:\/\/yoast.com\/wordpress\/plugins\/seo\/ -->\n<title>Tour de l&#039;\u0153uvre - Les Saisons Culturelles de Chaumont<\/title>\n<meta name=\"description\" content=\"D\u00e9couvrez la programmation culturelle de la saison culturelle de la ville de Chaumont. Expositions, visites, rencontres, ateliers, concerts, spectacles, animations et plus encore.\" \/>\n<meta name=\"robots\" content=\"noindex, follow, max-snippet:-1, max-image-preview:large, max-video-preview:-1\" \/>\n<meta property=\"og:locale\" content=\"fr_FR\" \/>\n<meta property=\"og:type\" content=\"article\" \/>\n<meta property=\"og:title\" content=\"Tour de l&#039;\u0153uvre - Les Saisons Culturelles de Chaumont\" \/>\n<meta property=\"og:description\" content=\"D\u00e9couvrez la programmation culturelle de la saison culturelle de la ville de Chaumont. Expositions, visites, rencontres, ateliers, concerts, spectacles, animations et plus encore.\" \/>\n<meta property=\"og:url\" content=\"https:\/\/saisonsculturelleschaumont.fr\/mdxpuixt\/evenement\/tour-de-loeuvre\/\" \/>\n<meta property=\"og:site_name\" content=\"Les Saisons Culturelles de Chaumont\" \/>\n<meta property=\"article:publisher\" content=\"https:\/\/www.facebook.com\/saisonsculturelleschaumont\/\" \/>\n<meta property=\"article:modified_time\" content=\"2020-09-04T14:33:44+00:00\" \/>\n<meta property=\"og:image\" content=\"https:\/\/saisonsculturelleschaumont.fr\/mdxpuixt\/wp-content\/uploads\/2020\/09\/TOUR-DE-LOEUVRE_Cuir-dor\u00e9_Photo-Mus\u00e9esdeChaumont-ThP-copie-min-scaled-e1599229936792.jpg\" \/>\n\t<meta property=\"og:image:width\" content=\"650\" \/>\n\t<meta property=\"og:image:height\" content=\"601\" \/>\n\t<meta property=\"og:image:type\" content=\"image\/jpeg\" \/>\n<meta name=\"twitter:card\" content=\"summary_large_image\" \/>\n<script type=\"application\/ld+json\" class=\"yoast-schema-graph\">{\"@context\":\"https:\/\/schema.org\",\"@graph\":[{\"@type\":\"WebPage\",\"@id\":\"https:\/\/saisonsculturelleschaumont.fr\/mdxpuixt\/evenement\/tour-de-loeuvre\/\",\"url\":\"https:\/\/saisonsculturelleschaumont.fr\/mdxpuixt\/evenement\/tour-de-loeuvre\/\",\"name\":\"Tour de l'\u0153uvre - Les Saisons Culturelles de Chaumont\",\"isPartOf\":{\"@id\":\"https:\/\/saisonsculturelleschaumont.fr\/mdxpuixt\/#website\"},\"datePublished\":\"2020-09-02T08:07:48+00:00\",\"dateModified\":\"2020-09-04T14:33:44+00:00\",\"description\":\"D\u00e9couvrez la programmation culturelle de la saison culturelle de la ville de Chaumont. Expositions, visites, rencontres, ateliers, concerts, spectacles, animations et plus encore.\",\"breadcrumb\":{\"@id\":\"https:\/\/saisonsculturelleschaumont.fr\/mdxpuixt\/evenement\/tour-de-loeuvre\/#breadcrumb\"},\"inLanguage\":\"fr-FR\",\"potentialAction\":[{\"@type\":\"ReadAction\",\"target\":[\"https:\/\/saisonsculturelleschaumont.fr\/mdxpuixt\/evenement\/tour-de-loeuvre\/\"]}]},{\"@type\":\"BreadcrumbList\",\"@id\":\"https:\/\/saisonsculturelleschaumont.fr\/mdxpuixt\/evenement\/tour-de-loeuvre\/#breadcrumb\",\"itemListElement\":[{\"@type\":\"ListItem\",\"position\":1,\"name\":\"Accueil\",\"item\":\"https:\/\/saisonsculturelleschaumont.fr\/mdxpuixt\/\"},{\"@type\":\"ListItem\",\"position\":2,\"name\":\"\u00c9v\u00e8nements\",\"item\":\"https:\/\/saisonsculturelleschaumont.fr\/mdxpuixt\/agenda\/\"},{\"@type\":\"ListItem\",\"position\":3,\"name\":\"Tour de l&rsquo;\u0153uvre\"}]},{\"@type\":\"WebSite\",\"@id\":\"https:\/\/saisonsculturelleschaumont.fr\/mdxpuixt\/#website\",\"url\":\"https:\/\/saisonsculturelleschaumont.fr\/mdxpuixt\/\",\"name\":\"Les Saisons Culturelles de Chaumont\",\"description\":\"\",\"potentialAction\":[{\"@type\":\"SearchAction\",\"target\":{\"@type\":\"EntryPoint\",\"urlTemplate\":\"https:\/\/saisonsculturelleschaumont.fr\/mdxpuixt\/?s={search_term_string}\"},\"query-input\":\"required name=search_term_string\"}],\"inLanguage\":\"fr-FR\"}]}<\/script>\n<!-- \/ Yoast SEO plugin. -->","yoast_head_json":{"title":"Tour de l'\u0153uvre - Les Saisons Culturelles de Chaumont","description":"D\u00e9couvrez la programmation culturelle de la saison culturelle de la ville de Chaumont. Expositions, visites, rencontres, ateliers, concerts, spectacles, animations et plus encore.","robots":{"index":"noindex","follow":"follow","max-snippet":"max-snippet:-1","max-image-preview":"max-image-preview:large","max-video-preview":"max-video-preview:-1"},"og_locale":"fr_FR","og_type":"article","og_title":"Tour de l'\u0153uvre - Les Saisons Culturelles de Chaumont","og_description":"D\u00e9couvrez la programmation culturelle de la saison culturelle de la ville de Chaumont. Expositions, visites, rencontres, ateliers, concerts, spectacles, animations et plus encore.","og_url":"https:\/\/saisonsculturelleschaumont.fr\/mdxpuixt\/evenement\/tour-de-loeuvre\/","og_site_name":"Les Saisons Culturelles de Chaumont","article_publisher":"https:\/\/www.facebook.com\/saisonsculturelleschaumont\/","article_modified_time":"2020-09-04T14:33:44+00:00","og_image":[{"width":650,"height":601,"url":"https:\/\/saisonsculturelleschaumont.fr\/mdxpuixt\/wp-content\/uploads\/2020\/09\/TOUR-DE-LOEUVRE_Cuir-dor\u00e9_Photo-Mus\u00e9esdeChaumont-ThP-copie-min-scaled-e1599229936792.jpg","type":"image\/jpeg"}],"twitter_card":"summary_large_image","schema":{"@context":"https:\/\/schema.org","@graph":[{"@type":"WebPage","@id":"https:\/\/saisonsculturelleschaumont.fr\/mdxpuixt\/evenement\/tour-de-loeuvre\/","url":"https:\/\/saisonsculturelleschaumont.fr\/mdxpuixt\/evenement\/tour-de-loeuvre\/","name":"Tour de l'\u0153uvre - Les Saisons Culturelles de Chaumont","isPartOf":{"@id":"https:\/\/saisonsculturelleschaumont.fr\/mdxpuixt\/#website"},"datePublished":"2020-09-02T08:07:48+00:00","dateModified":"2020-09-04T14:33:44+00:00","description":"D\u00e9couvrez la programmation culturelle de la saison culturelle de la ville de Chaumont. Expositions, visites, rencontres, ateliers, concerts, spectacles, animations et plus encore.","breadcrumb":{"@id":"https:\/\/saisonsculturelleschaumont.fr\/mdxpuixt\/evenement\/tour-de-loeuvre\/#breadcrumb"},"inLanguage":"fr-FR","potentialAction":[{"@type":"ReadAction","target":["https:\/\/saisonsculturelleschaumont.fr\/mdxpuixt\/evenement\/tour-de-loeuvre\/"]}]},{"@type":"BreadcrumbList","@id":"https:\/\/saisonsculturelleschaumont.fr\/mdxpuixt\/evenement\/tour-de-loeuvre\/#breadcrumb","itemListElement":[{"@type":"ListItem","position":1,"name":"Accueil","item":"https:\/\/saisonsculturelleschaumont.fr\/mdxpuixt\/"},{"@type":"ListItem","position":2,"name":"\u00c9v\u00e8nements","item":"https:\/\/saisonsculturelleschaumont.fr\/mdxpuixt\/agenda\/"},{"@type":"ListItem","position":3,"name":"Tour de l&rsquo;\u0153uvre"}]},{"@type":"WebSite","@id":"https:\/\/saisonsculturelleschaumont.fr\/mdxpuixt\/#website","url":"https:\/\/saisonsculturelleschaumont.fr\/mdxpuixt\/","name":"Les Saisons Culturelles de Chaumont","description":"","potentialAction":[{"@type":"SearchAction","target":{"@type":"EntryPoint","urlTemplate":"https:\/\/saisonsculturelleschaumont.fr\/mdxpuixt\/?s={search_term_string}"},"query-input":"required name=search_term_string"}],"inLanguage":"fr-FR"}]}},"uagb_featured_image_src":{"full":["https:\/\/saisonsculturelleschaumont.fr\/mdxpuixt\/wp-content\/uploads\/2020\/09\/TOUR-DE-LOEUVRE_Cuir-dor\u00e9_Photo-Mus\u00e9esdeChaumont-ThP-copie-min-scaled-e1599229936792.jpg",650,601,false],"thumbnail":["https:\/\/saisonsculturelleschaumont.fr\/mdxpuixt\/wp-content\/uploads\/2020\/09\/TOUR-DE-LOEUVRE_Cuir-dor\u00e9_Photo-Mus\u00e9esdeChaumont-ThP-copie-min-80x80.jpg",80,80,true],"medium":["https:\/\/saisonsculturelleschaumont.fr\/mdxpuixt\/wp-content\/uploads\/2020\/09\/TOUR-DE-LOEUVRE_Cuir-dor\u00e9_Photo-Mus\u00e9esdeChaumont-ThP-copie-min-300x300.jpg",300,300,true],"medium_large":["https:\/\/saisonsculturelleschaumont.fr\/mdxpuixt\/wp-content\/uploads\/2020\/09\/TOUR-DE-LOEUVRE_Cuir-dor\u00e9_Photo-Mus\u00e9esdeChaumont-ThP-copie-min-768x768.jpg",768,768,true],"large":["https:\/\/saisonsculturelleschaumont.fr\/mdxpuixt\/wp-content\/uploads\/2020\/09\/TOUR-DE-LOEUVRE_Cuir-dor\u00e9_Photo-Mus\u00e9esdeChaumont-ThP-copie-min-1030x1030.jpg",1030,1030,true],"1536x1536":["https:\/\/saisonsculturelleschaumont.fr\/mdxpuixt\/wp-content\/uploads\/2020\/09\/TOUR-DE-LOEUVRE_Cuir-dor\u00e9_Photo-Mus\u00e9esdeChaumont-ThP-copie-min-1536x1420.jpg",1536,1420,true],"2048x2048":["https:\/\/saisonsculturelleschaumont.fr\/mdxpuixt\/wp-content\/uploads\/2020\/09\/TOUR-DE-LOEUVRE_Cuir-dor\u00e9_Photo-Mus\u00e9esdeChaumont-ThP-copie-min-2048x1894.jpg",2048,1894,true],"widget":["https:\/\/saisonsculturelleschaumont.fr\/mdxpuixt\/wp-content\/uploads\/2020\/09\/TOUR-DE-LOEUVRE_Cuir-dor\u00e9_Photo-Mus\u00e9esdeChaumont-ThP-copie-min-36x36.jpg",36,36,true],"square":["https:\/\/saisonsculturelleschaumont.fr\/mdxpuixt\/wp-content\/uploads\/2020\/09\/TOUR-DE-LOEUVRE_Cuir-dor\u00e9_Photo-Mus\u00e9esdeChaumont-ThP-copie-min-180x180.jpg",180,180,true],"featured":["https:\/\/saisonsculturelleschaumont.fr\/mdxpuixt\/wp-content\/uploads\/2020\/09\/TOUR-DE-LOEUVRE_Cuir-dor\u00e9_Photo-Mus\u00e9esdeChaumont-ThP-copie-min-1500x430.jpg",1500,430,true],"featured_large":["https:\/\/saisonsculturelleschaumont.fr\/mdxpuixt\/wp-content\/uploads\/2020\/09\/TOUR-DE-LOEUVRE_Cuir-dor\u00e9_Photo-Mus\u00e9esdeChaumont-ThP-copie-min-1500x630.jpg",1500,630,true],"extra_large":["https:\/\/saisonsculturelleschaumont.fr\/mdxpuixt\/wp-content\/uploads\/2020\/09\/TOUR-DE-LOEUVRE_Cuir-dor\u00e9_Photo-Mus\u00e9esdeChaumont-ThP-copie-min-1500x1387.jpg",1500,1387,true],"portfolio":["https:\/\/saisonsculturelleschaumont.fr\/mdxpuixt\/wp-content\/uploads\/2020\/09\/TOUR-DE-LOEUVRE_Cuir-dor\u00e9_Photo-Mus\u00e9esdeChaumont-ThP-copie-min-495x400.jpg",495,400,true],"portfolio_small":["https:\/\/saisonsculturelleschaumont.fr\/mdxpuixt\/wp-content\/uploads\/2020\/09\/TOUR-DE-LOEUVRE_Cuir-dor\u00e9_Photo-Mus\u00e9esdeChaumont-ThP-copie-min-260x185.jpg",260,185,true],"gallery":["https:\/\/saisonsculturelleschaumont.fr\/mdxpuixt\/wp-content\/uploads\/2020\/09\/TOUR-DE-LOEUVRE_Cuir-dor\u00e9_Photo-Mus\u00e9esdeChaumont-ThP-copie-min-845x684.jpg",845,684,true],"magazine":["https:\/\/saisonsculturelleschaumont.fr\/mdxpuixt\/wp-content\/uploads\/2020\/09\/TOUR-DE-LOEUVRE_Cuir-dor\u00e9_Photo-Mus\u00e9esdeChaumont-ThP-copie-min-710x375.jpg",710,375,true],"masonry":["https:\/\/saisonsculturelleschaumont.fr\/mdxpuixt\/wp-content\/uploads\/2020\/09\/TOUR-DE-LOEUVRE_Cuir-dor\u00e9_Photo-Mus\u00e9esdeChaumont-ThP-copie-min-705x652.jpg",705,652,true],"entry_with_sidebar":["https:\/\/saisonsculturelleschaumont.fr\/mdxpuixt\/wp-content\/uploads\/2020\/09\/TOUR-DE-LOEUVRE_Cuir-dor\u00e9_Photo-Mus\u00e9esdeChaumont-ThP-copie-min-845x321.jpg",845,321,true],"entry_without_sidebar":["https:\/\/saisonsculturelleschaumont.fr\/mdxpuixt\/wp-content\/uploads\/2020\/09\/TOUR-DE-LOEUVRE_Cuir-dor\u00e9_Photo-Mus\u00e9esdeChaumont-ThP-copie-min-1210x423.jpg",1210,423,true]},"uagb_author_info":{"display_name":"Justine Ansel","author_link":"https:\/\/saisonsculturelleschaumont.fr\/mdxpuixt\/author\/justine-ansel\/"},"uagb_comment_info":0,"uagb_excerpt":"Tour de l\u2019\u0153uvre \u00ab Antependium repr\u00e9sentant la Vierge et l\u2019Enfant apparaissant \u00e0 Saint Jean-Baptiste et \u00e0 Saint Antoine de Padoue (Italie, 1697) \u00bbAppr\u00e9ci\u00e9s dans toute l\u2019Europe du XVIe si\u00e8cle au [&hellip;]","_links":{"self":[{"href":"https:\/\/saisonsculturelleschaumont.fr\/mdxpuixt\/wp-json\/wp\/v2\/tribe_events\/5755"}],"collection":[{"href":"https:\/\/saisonsculturelleschaumont.fr\/mdxpuixt\/wp-json\/wp\/v2\/tribe_events"}],"about":[{"href":"https:\/\/saisonsculturelleschaumont.fr\/mdxpuixt\/wp-json\/wp\/v2\/types\/tribe_events"}],"author":[{"embeddable":true,"href":"https:\/\/saisonsculturelleschaumont.fr\/mdxpuixt\/wp-json\/wp\/v2\/users\/3"}],"replies":[{"embeddable":true,"href":"https:\/\/saisonsculturelleschaumont.fr\/mdxpuixt\/wp-json\/wp\/v2\/comments?post=5755"}],"version-history":[{"count":0,"href":"https:\/\/saisonsculturelleschaumont.fr\/mdxpuixt\/wp-json\/wp\/v2\/tribe_events\/5755\/revisions"}],"wp:featuredmedia":[{"embeddable":true,"href":"https:\/\/saisonsculturelleschaumont.fr\/mdxpuixt\/wp-json\/wp\/v2\/media\/5781"}],"wp:attachment":[{"href":"https:\/\/saisonsculturelleschaumont.fr\/mdxpuixt\/wp-json\/wp\/v2\/media?parent=5755"}],"wp:term":[{"taxonomy":"post_tag","embeddable":true,"href":"https:\/\/saisonsculturelleschaumont.fr\/mdxpuixt\/wp-json\/wp\/v2\/tags?post=5755"},{"taxonomy":"tribe_events_cat","embeddable":true,"href":"https:\/\/saisonsculturelleschaumont.fr\/mdxpuixt\/wp-json\/wp\/v2\/tribe_events_cat?post=5755"}],"curies":[{"name":"wp","href":"https:\/\/api.w.org\/{rel}","templated":true}]}}