{"id":6079,"date":"2021-03-10T11:53:16","date_gmt":"2021-03-10T10:53:16","guid":{"rendered":"https:\/\/saisonsculturelleschaumont.fr\/mdxpuixt\/?post_type=tribe_events&#038;p=6079"},"modified":"2021-05-17T17:16:54","modified_gmt":"2021-05-17T15:16:54","slug":"artbracadabra-lexposition-raphael-garnier","status":"publish","type":"tribe_events","link":"https:\/\/saisonsculturelleschaumont.fr\/mdxpuixt\/evenement\/artbracadabra-lexposition-raphael-garnier\/","title":{"rendered":"art&rsquo;bracadabra, l&rsquo;exposition &#8211; Rapha\u00ebl Garnier"},"content":{"rendered":"<p>Originaire de Ch\u00e2teau, un petit village de Bourgogne, Rapha\u00ebl Garnier est artiste-auteur et designer graphique. Bac en poche obtenu \u00e0 l\u2019\u00c9cole Su-p\u00e9rieure d\u2019Arts Appliqu\u00e9s de Bourgogne \u00e0 Nevers (\u00c9saab) en 2002, il poursuit ses \u00e9tudes \u00e0 la Haute \u00c9cole des Arts du Rhin o\u00f9 il obtiendra son dipl\u00f4me en 2008. Rapha\u00ebl Garnier investit des domaines vari\u00e9s comme le graphisme, l\u2019illustration, l\u2019\u00e9dition, le design textile ou la sculpture. Artiste designer, il invente des formes, constamment en trance-formation. Il aime bidouiller et inventer un monde avec trois fois rien.<br \/>\nUne exposition en deux parties :<br \/>\n&gt; Mon Pays Sage cr\u00e9\u00e9e pour le Centre d\u2019art contemporain de Mayenne &#8211; Le Kiosque, qui n\u2019a pu \u00eatre visit\u00e9e que par une poign\u00e9e de personnes en 2020, avant d\u2019\u00eatre ferm\u00e9e au public \u00e0 cause du COVID. Pr\u00e9sent\u00e9e en collaboration avec le Signe dans le cadre de la Biennale Internationale du Design Graphique 2021.<br \/>\n&gt; Et Art&rsquo;ch\u00e9ologie, n\u00e9e d\u2019un nouveau partenariat entre la Ville de Chaumont et le Centre Pompidou de Paris. Ce dispositif fait partie de l\u2019exposition jeune public Mon Oeil, regards sur le point de vue, produite par le Centre Pompidou.<\/p>\n<p>Ces deux expositions proposent un parcours jeunesse autour d\u2019un artiste, sous forme d\u2019expo-ateliers,\u00a0dont les jeunes Chaumontais pourront profiter gr\u00e2ce \u00e0 un programme d\u2019activit\u00e9s scolaires mis en place en partenariat avec la DSDEN de Haute-Marne.<\/p>\n<p>&nbsp;<\/p>\n<p>&nbsp;<\/p>\n<p>La Ville de Chaumont a b\u00e9n\u00e9fici\u00e9 de l&rsquo;appui de l&rsquo;Etat dans le cadre de l&rsquo;appel \u00e0 projet 2020 du plan de relance de la dotation de soutien \u00e0 l&rsquo;investissement local (DSIL).<\/p>\n","protected":false},"excerpt":{"rendered":"<p>Originaire de Ch\u00e2teau, un petit village de Bourgogne, Rapha\u00ebl Garnier est artiste-auteur et designer graphique. Bac en poche obtenu \u00e0 l\u2019\u00c9cole Su-p\u00e9rieure d\u2019Arts Appliqu\u00e9s de Bourgogne \u00e0 Nevers (\u00c9saab) en [&hellip;]<\/p>\n","protected":false},"author":3,"featured_media":6155,"comment_status":"closed","ping_status":"closed","template":"","meta":{"_uag_custom_page_level_css":"","_tribe_events_status":"","_tribe_events_status_reason":""},"tags":[87,136,50],"tribe_events_cat":[42],"yoast_head":"<!-- This site is optimized with the Yoast SEO plugin v21.1 - https:\/\/yoast.com\/wordpress\/plugins\/seo\/ -->\n<title>art&#039;bracadabra, l&#039;exposition - Rapha\u00ebl Garnier - Les Saisons Culturelles de Chaumont<\/title>\n<meta name=\"description\" content=\"D\u00e9couvrez la programmation culturelle de la saison culturelle de la ville de Chaumont. Expositions, visites, rencontres, ateliers, concerts, spectacles, animations et plus encore.\" \/>\n<meta name=\"robots\" content=\"noindex, follow, max-snippet:-1, max-image-preview:large, max-video-preview:-1\" \/>\n<meta property=\"og:locale\" content=\"fr_FR\" \/>\n<meta property=\"og:type\" content=\"article\" \/>\n<meta property=\"og:title\" content=\"art&#039;bracadabra, l&#039;exposition - Rapha\u00ebl Garnier - Les Saisons Culturelles de Chaumont\" \/>\n<meta property=\"og:description\" content=\"D\u00e9couvrez la programmation culturelle de la saison culturelle de la ville de Chaumont. Expositions, visites, rencontres, ateliers, concerts, spectacles, animations et plus encore.\" \/>\n<meta property=\"og:url\" content=\"https:\/\/saisonsculturelleschaumont.fr\/mdxpuixt\/evenement\/artbracadabra-lexposition-raphael-garnier\/\" \/>\n<meta property=\"og:site_name\" content=\"Les Saisons Culturelles de Chaumont\" \/>\n<meta property=\"article:publisher\" content=\"https:\/\/www.facebook.com\/saisonsculturelleschaumont\/\" \/>\n<meta property=\"article:modified_time\" content=\"2021-05-17T15:16:54+00:00\" \/>\n<meta property=\"og:image\" content=\"https:\/\/saisonsculturelleschaumont.fr\/mdxpuixt\/wp-content\/uploads\/2021\/03\/Capture-decran-2021-03-10-a-11.52.34-e1615373591184.png\" \/>\n\t<meta property=\"og:image:width\" content=\"650\" \/>\n\t<meta property=\"og:image:height\" content=\"402\" \/>\n\t<meta property=\"og:image:type\" content=\"image\/png\" \/>\n<meta name=\"twitter:card\" content=\"summary_large_image\" \/>\n<meta name=\"twitter:label1\" content=\"Dur\u00e9e de lecture estim\u00e9e\" \/>\n\t<meta name=\"twitter:data1\" content=\"2 minutes\" \/>\n<script type=\"application\/ld+json\" class=\"yoast-schema-graph\">{\"@context\":\"https:\/\/schema.org\",\"@graph\":[{\"@type\":\"WebPage\",\"@id\":\"https:\/\/saisonsculturelleschaumont.fr\/mdxpuixt\/evenement\/artbracadabra-lexposition-raphael-garnier\/\",\"url\":\"https:\/\/saisonsculturelleschaumont.fr\/mdxpuixt\/evenement\/artbracadabra-lexposition-raphael-garnier\/\",\"name\":\"art'bracadabra, l'exposition - Rapha\u00ebl Garnier - Les Saisons Culturelles de Chaumont\",\"isPartOf\":{\"@id\":\"https:\/\/saisonsculturelleschaumont.fr\/mdxpuixt\/#website\"},\"datePublished\":\"2021-03-10T10:53:16+00:00\",\"dateModified\":\"2021-05-17T15:16:54+00:00\",\"description\":\"D\u00e9couvrez la programmation culturelle de la saison culturelle de la ville de Chaumont. Expositions, visites, rencontres, ateliers, concerts, spectacles, animations et plus encore.\",\"breadcrumb\":{\"@id\":\"https:\/\/saisonsculturelleschaumont.fr\/mdxpuixt\/evenement\/artbracadabra-lexposition-raphael-garnier\/#breadcrumb\"},\"inLanguage\":\"fr-FR\",\"potentialAction\":[{\"@type\":\"ReadAction\",\"target\":[\"https:\/\/saisonsculturelleschaumont.fr\/mdxpuixt\/evenement\/artbracadabra-lexposition-raphael-garnier\/\"]}]},{\"@type\":\"BreadcrumbList\",\"@id\":\"https:\/\/saisonsculturelleschaumont.fr\/mdxpuixt\/evenement\/artbracadabra-lexposition-raphael-garnier\/#breadcrumb\",\"itemListElement\":[{\"@type\":\"ListItem\",\"position\":1,\"name\":\"Accueil\",\"item\":\"https:\/\/saisonsculturelleschaumont.fr\/mdxpuixt\/\"},{\"@type\":\"ListItem\",\"position\":2,\"name\":\"\u00c9v\u00e8nements\",\"item\":\"https:\/\/saisonsculturelleschaumont.fr\/mdxpuixt\/agenda\/\"},{\"@type\":\"ListItem\",\"position\":3,\"name\":\"art&rsquo;bracadabra, l&rsquo;exposition &#8211; Rapha\u00ebl Garnier\"}]},{\"@type\":\"WebSite\",\"@id\":\"https:\/\/saisonsculturelleschaumont.fr\/mdxpuixt\/#website\",\"url\":\"https:\/\/saisonsculturelleschaumont.fr\/mdxpuixt\/\",\"name\":\"Les Saisons Culturelles de Chaumont\",\"description\":\"\",\"potentialAction\":[{\"@type\":\"SearchAction\",\"target\":{\"@type\":\"EntryPoint\",\"urlTemplate\":\"https:\/\/saisonsculturelleschaumont.fr\/mdxpuixt\/?s={search_term_string}\"},\"query-input\":\"required name=search_term_string\"}],\"inLanguage\":\"fr-FR\"}]}<\/script>\n<!-- \/ Yoast SEO plugin. -->","yoast_head_json":{"title":"art'bracadabra, l'exposition - Rapha\u00ebl Garnier - Les Saisons Culturelles de Chaumont","description":"D\u00e9couvrez la programmation culturelle de la saison culturelle de la ville de Chaumont. Expositions, visites, rencontres, ateliers, concerts, spectacles, animations et plus encore.","robots":{"index":"noindex","follow":"follow","max-snippet":"max-snippet:-1","max-image-preview":"max-image-preview:large","max-video-preview":"max-video-preview:-1"},"og_locale":"fr_FR","og_type":"article","og_title":"art'bracadabra, l'exposition - Rapha\u00ebl Garnier - Les Saisons Culturelles de Chaumont","og_description":"D\u00e9couvrez la programmation culturelle de la saison culturelle de la ville de Chaumont. Expositions, visites, rencontres, ateliers, concerts, spectacles, animations et plus encore.","og_url":"https:\/\/saisonsculturelleschaumont.fr\/mdxpuixt\/evenement\/artbracadabra-lexposition-raphael-garnier\/","og_site_name":"Les Saisons Culturelles de Chaumont","article_publisher":"https:\/\/www.facebook.com\/saisonsculturelleschaumont\/","article_modified_time":"2021-05-17T15:16:54+00:00","og_image":[{"width":650,"height":402,"url":"https:\/\/saisonsculturelleschaumont.fr\/mdxpuixt\/wp-content\/uploads\/2021\/03\/Capture-decran-2021-03-10-a-11.52.34-e1615373591184.png","type":"image\/png"}],"twitter_card":"summary_large_image","twitter_misc":{"Dur\u00e9e de lecture estim\u00e9e":"2 minutes"},"schema":{"@context":"https:\/\/schema.org","@graph":[{"@type":"WebPage","@id":"https:\/\/saisonsculturelleschaumont.fr\/mdxpuixt\/evenement\/artbracadabra-lexposition-raphael-garnier\/","url":"https:\/\/saisonsculturelleschaumont.fr\/mdxpuixt\/evenement\/artbracadabra-lexposition-raphael-garnier\/","name":"art'bracadabra, l'exposition - Rapha\u00ebl Garnier - Les Saisons Culturelles de Chaumont","isPartOf":{"@id":"https:\/\/saisonsculturelleschaumont.fr\/mdxpuixt\/#website"},"datePublished":"2021-03-10T10:53:16+00:00","dateModified":"2021-05-17T15:16:54+00:00","description":"D\u00e9couvrez la programmation culturelle de la saison culturelle de la ville de Chaumont. Expositions, visites, rencontres, ateliers, concerts, spectacles, animations et plus encore.","breadcrumb":{"@id":"https:\/\/saisonsculturelleschaumont.fr\/mdxpuixt\/evenement\/artbracadabra-lexposition-raphael-garnier\/#breadcrumb"},"inLanguage":"fr-FR","potentialAction":[{"@type":"ReadAction","target":["https:\/\/saisonsculturelleschaumont.fr\/mdxpuixt\/evenement\/artbracadabra-lexposition-raphael-garnier\/"]}]},{"@type":"BreadcrumbList","@id":"https:\/\/saisonsculturelleschaumont.fr\/mdxpuixt\/evenement\/artbracadabra-lexposition-raphael-garnier\/#breadcrumb","itemListElement":[{"@type":"ListItem","position":1,"name":"Accueil","item":"https:\/\/saisonsculturelleschaumont.fr\/mdxpuixt\/"},{"@type":"ListItem","position":2,"name":"\u00c9v\u00e8nements","item":"https:\/\/saisonsculturelleschaumont.fr\/mdxpuixt\/agenda\/"},{"@type":"ListItem","position":3,"name":"art&rsquo;bracadabra, l&rsquo;exposition &#8211; Rapha\u00ebl Garnier"}]},{"@type":"WebSite","@id":"https:\/\/saisonsculturelleschaumont.fr\/mdxpuixt\/#website","url":"https:\/\/saisonsculturelleschaumont.fr\/mdxpuixt\/","name":"Les Saisons Culturelles de Chaumont","description":"","potentialAction":[{"@type":"SearchAction","target":{"@type":"EntryPoint","urlTemplate":"https:\/\/saisonsculturelleschaumont.fr\/mdxpuixt\/?s={search_term_string}"},"query-input":"required name=search_term_string"}],"inLanguage":"fr-FR"}]}},"uagb_featured_image_src":{"full":["https:\/\/saisonsculturelleschaumont.fr\/mdxpuixt\/wp-content\/uploads\/2021\/03\/Capture-decran-2021-03-10-a-11.52.34-e1615373591184.png",650,402,false],"thumbnail":["https:\/\/saisonsculturelleschaumont.fr\/mdxpuixt\/wp-content\/uploads\/2021\/03\/Capture-decran-2021-03-10-a-11.52.34-80x80.png",80,80,true],"medium":["https:\/\/saisonsculturelleschaumont.fr\/mdxpuixt\/wp-content\/uploads\/2021\/03\/Capture-decran-2021-03-10-a-11.52.34-300x300.png",300,300,true],"medium_large":["https:\/\/saisonsculturelleschaumont.fr\/mdxpuixt\/wp-content\/uploads\/2021\/03\/Capture-decran-2021-03-10-a-11.52.34-768x768.png",768,768,true],"large":["https:\/\/saisonsculturelleschaumont.fr\/mdxpuixt\/wp-content\/uploads\/2021\/03\/Capture-decran-2021-03-10-a-11.52.34-1030x828.png",1030,828,true],"1536x1536":["https:\/\/saisonsculturelleschaumont.fr\/mdxpuixt\/wp-content\/uploads\/2021\/03\/Capture-decran-2021-03-10-a-11.52.34-e1615373591184.png",650,402,false],"2048x2048":["https:\/\/saisonsculturelleschaumont.fr\/mdxpuixt\/wp-content\/uploads\/2021\/03\/Capture-decran-2021-03-10-a-11.52.34-e1615373591184.png",650,402,false],"widget":["https:\/\/saisonsculturelleschaumont.fr\/mdxpuixt\/wp-content\/uploads\/2021\/03\/Capture-decran-2021-03-10-a-11.52.34-36x36.png",36,36,true],"square":["https:\/\/saisonsculturelleschaumont.fr\/mdxpuixt\/wp-content\/uploads\/2021\/03\/Capture-decran-2021-03-10-a-11.52.34-180x180.png",180,180,true],"featured":["https:\/\/saisonsculturelleschaumont.fr\/mdxpuixt\/wp-content\/uploads\/2021\/03\/Capture-decran-2021-03-10-a-11.52.34-1338x430.png",1338,430,true],"featured_large":["https:\/\/saisonsculturelleschaumont.fr\/mdxpuixt\/wp-content\/uploads\/2021\/03\/Capture-decran-2021-03-10-a-11.52.34-1338x630.png",1338,630,true],"extra_large":["https:\/\/saisonsculturelleschaumont.fr\/mdxpuixt\/wp-content\/uploads\/2021\/03\/Capture-decran-2021-03-10-a-11.52.34-e1615373591184.png",650,402,false],"portfolio":["https:\/\/saisonsculturelleschaumont.fr\/mdxpuixt\/wp-content\/uploads\/2021\/03\/Capture-decran-2021-03-10-a-11.52.34-495x400.png",495,400,true],"portfolio_small":["https:\/\/saisonsculturelleschaumont.fr\/mdxpuixt\/wp-content\/uploads\/2021\/03\/Capture-decran-2021-03-10-a-11.52.34-260x185.png",260,185,true],"gallery":["https:\/\/saisonsculturelleschaumont.fr\/mdxpuixt\/wp-content\/uploads\/2021\/03\/Capture-decran-2021-03-10-a-11.52.34-845x684.png",845,684,true],"magazine":["https:\/\/saisonsculturelleschaumont.fr\/mdxpuixt\/wp-content\/uploads\/2021\/03\/Capture-decran-2021-03-10-a-11.52.34-710x375.png",710,375,true],"masonry":["https:\/\/saisonsculturelleschaumont.fr\/mdxpuixt\/wp-content\/uploads\/2021\/03\/Capture-decran-2021-03-10-a-11.52.34-705x436.png",705,436,true],"entry_with_sidebar":["https:\/\/saisonsculturelleschaumont.fr\/mdxpuixt\/wp-content\/uploads\/2021\/03\/Capture-decran-2021-03-10-a-11.52.34-845x321.png",845,321,true],"entry_without_sidebar":["https:\/\/saisonsculturelleschaumont.fr\/mdxpuixt\/wp-content\/uploads\/2021\/03\/Capture-decran-2021-03-10-a-11.52.34-1210x423.png",1210,423,true]},"uagb_author_info":{"display_name":"Justine Ansel","author_link":"https:\/\/saisonsculturelleschaumont.fr\/mdxpuixt\/author\/justine-ansel\/"},"uagb_comment_info":0,"uagb_excerpt":"Originaire de Ch\u00e2teau, un petit village de Bourgogne, Rapha\u00ebl Garnier est artiste-auteur et designer graphique. Bac en poche obtenu \u00e0 l\u2019\u00c9cole Su-p\u00e9rieure d\u2019Arts Appliqu\u00e9s de Bourgogne \u00e0 Nevers (\u00c9saab) en [&hellip;]","_links":{"self":[{"href":"https:\/\/saisonsculturelleschaumont.fr\/mdxpuixt\/wp-json\/wp\/v2\/tribe_events\/6079"}],"collection":[{"href":"https:\/\/saisonsculturelleschaumont.fr\/mdxpuixt\/wp-json\/wp\/v2\/tribe_events"}],"about":[{"href":"https:\/\/saisonsculturelleschaumont.fr\/mdxpuixt\/wp-json\/wp\/v2\/types\/tribe_events"}],"author":[{"embeddable":true,"href":"https:\/\/saisonsculturelleschaumont.fr\/mdxpuixt\/wp-json\/wp\/v2\/users\/3"}],"replies":[{"embeddable":true,"href":"https:\/\/saisonsculturelleschaumont.fr\/mdxpuixt\/wp-json\/wp\/v2\/comments?post=6079"}],"version-history":[{"count":0,"href":"https:\/\/saisonsculturelleschaumont.fr\/mdxpuixt\/wp-json\/wp\/v2\/tribe_events\/6079\/revisions"}],"wp:featuredmedia":[{"embeddable":true,"href":"https:\/\/saisonsculturelleschaumont.fr\/mdxpuixt\/wp-json\/wp\/v2\/media\/6155"}],"wp:attachment":[{"href":"https:\/\/saisonsculturelleschaumont.fr\/mdxpuixt\/wp-json\/wp\/v2\/media?parent=6079"}],"wp:term":[{"taxonomy":"post_tag","embeddable":true,"href":"https:\/\/saisonsculturelleschaumont.fr\/mdxpuixt\/wp-json\/wp\/v2\/tags?post=6079"},{"taxonomy":"tribe_events_cat","embeddable":true,"href":"https:\/\/saisonsculturelleschaumont.fr\/mdxpuixt\/wp-json\/wp\/v2\/tribe_events_cat?post=6079"}],"curies":[{"name":"wp","href":"https:\/\/api.w.org\/{rel}","templated":true}]}}