{"id":6211,"date":"2021-03-12T09:47:24","date_gmt":"2021-03-12T08:47:24","guid":{"rendered":"https:\/\/saisonsculturelleschaumont.fr\/mdxpuixt\/evenement\/je-nai-pas-eu-le-temps-dy-penser-cest-arrive\/"},"modified":"2021-03-12T10:27:36","modified_gmt":"2021-03-12T09:27:36","slug":"je-nai-pas-eu-le-temps-dy-penser-cest-arrive","status":"publish","type":"tribe_events","link":"https:\/\/saisonsculturelleschaumont.fr\/mdxpuixt\/evenement\/je-nai-pas-eu-le-temps-dy-penser-cest-arrive\/","title":{"rendered":"je n&rsquo;ai pas eu le temps d&rsquo;y penser, c&rsquo;est arriv\u00e9 !"},"content":{"rendered":"<p><strong> J\u00e9r\u00f4me Brabant \/ Compagnie L\u2019Octogonale <\/strong><br \/>\n\u00ab I didn\u2019t have time to think about it, it just happened ! \u00bb Siouxsie Sioux, chanteuse du groupe Siouxsie and the Banshees \u2013 11 juillet 1977, Vortex Club de Londres.<\/p>\n<p>Lors de leur premier concert en 1976, le groupe Siouxsie and The Banshees donne une performance improvis\u00e9e de 20 minutes bas\u00e9e sur le morceau \u00ab The Lord\u2019s Prayer \u00bb. A l\u2019issue du concert le groupe se s\u00e9pare. Aucun d\u2019eux n\u2019avait appris la musique, ni chant\u00e9 auparavant. Tout s\u2019est pass\u00e9 dans l\u2019instant.<\/p>\n<p>\u00ab C\u2019est cette notion de l\u2019instantan\u00e9 qui m\u2019int\u00e9resse ici pr\u00e9cis\u00e9ment, et qui sera la fondation de cette cr\u00e9ation. La pi\u00e8ce s\u2019inspirera et rendra hommage au punk, pour lequel j\u2019ai toujours eu une grande fascination. Avec son c\u00f4t\u00e9 \u00ab do it yourself \u00bb, ce mouvement repr\u00e9sente le retour \u00e0 la spontan\u00e9it\u00e9 par la simplicit\u00e9 de son phras\u00e9 musical. De mouvements volontairement d\u00e9sarticul\u00e9s en passages formellement dessin\u00e9s, une relation \u00e9troite se tissera entre les quatre danseurs et un musicien. \u00bb J\u00e9r\u00f4me Brabant<\/p>\n<p>Je n\u2019ai pas eu le temps d\u2019y penser, c\u2019est arriv\u00e9 ! recherchera ce plaisir primitif de danser jusqu\u2019\u00e0 l\u2019ivresse et de partager cette griserie avec le public. J\u00e9r\u00f4me Brabant avait charm\u00e9 le public du Nouveau Relax avec A taste of Ted, une conf\u00e9rence dans\u00e9e \u00e0 la fois d\u00e9licate et espi\u00e8gle, autour du couple chor\u00e9graphique Ruth Saint Denis et Ted Shawn. Nous le retrouvons \u00e0 l\u2019occasion de cette cr\u00e9ation et en tant qu\u2019artiste associ\u00e9 de la saison au Nouveau Relax.<\/p>\n<p>7\u20ac \/ 12\u20ac \/ 15\u20ac<\/p>\n<p>&nbsp;<\/p>\n<p>Sous r\u00e9serve de l&rsquo;\u00e9volution de la situation sanitaire.<\/p>\n","protected":false},"excerpt":{"rendered":"<p>J\u00e9r\u00f4me Brabant \/ Compagnie L\u2019Octogonale \u00ab I didn\u2019t have time to think about it, it just happened ! \u00bb Siouxsie Sioux, chanteuse du groupe Siouxsie and the Banshees \u2013 11 [&hellip;]<\/p>\n","protected":false},"author":3,"featured_media":6227,"comment_status":"closed","ping_status":"closed","template":"","meta":{"_uag_custom_page_level_css":"","_tribe_events_status":"","_tribe_events_status_reason":""},"tags":[87,130,135,117,99,55],"tribe_events_cat":[44],"yoast_head":"<!-- This site is optimized with the Yoast SEO plugin v21.1 - https:\/\/yoast.com\/wordpress\/plugins\/seo\/ -->\n<title>je n&#039;ai pas eu le temps d&#039;y penser, c&#039;est arriv\u00e9 ! - Les Saisons Culturelles de Chaumont<\/title>\n<meta name=\"description\" content=\"D\u00e9couvrez la programmation culturelle de la saison culturelle de la ville de Chaumont. Expositions, visites, rencontres, ateliers, concerts, spectacles, animations et plus encore.\" \/>\n<meta name=\"robots\" content=\"noindex, follow, max-snippet:-1, max-image-preview:large, max-video-preview:-1\" \/>\n<meta property=\"og:locale\" content=\"fr_FR\" \/>\n<meta property=\"og:type\" content=\"article\" \/>\n<meta property=\"og:title\" content=\"je n&#039;ai pas eu le temps d&#039;y penser, c&#039;est arriv\u00e9 ! - Les Saisons Culturelles de Chaumont\" \/>\n<meta property=\"og:description\" content=\"D\u00e9couvrez la programmation culturelle de la saison culturelle de la ville de Chaumont. Expositions, visites, rencontres, ateliers, concerts, spectacles, animations et plus encore.\" \/>\n<meta property=\"og:url\" content=\"https:\/\/saisonsculturelleschaumont.fr\/mdxpuixt\/evenement\/je-nai-pas-eu-le-temps-dy-penser-cest-arrive\/\" \/>\n<meta property=\"og:site_name\" content=\"Les Saisons Culturelles de Chaumont\" \/>\n<meta property=\"article:publisher\" content=\"https:\/\/www.facebook.com\/saisonsculturelleschaumont\/\" \/>\n<meta property=\"article:modified_time\" content=\"2021-03-12T09:27:36+00:00\" \/>\n<meta property=\"og:image\" content=\"https:\/\/saisonsculturelleschaumont.fr\/mdxpuixt\/wp-content\/uploads\/2021\/03\/Cest-arrive-3-Myriam-Tirler-2-scaled-e1615541070561.jpg\" \/>\n\t<meta property=\"og:image:width\" content=\"650\" \/>\n\t<meta property=\"og:image:height\" content=\"975\" \/>\n\t<meta property=\"og:image:type\" content=\"image\/jpeg\" \/>\n<meta name=\"twitter:card\" content=\"summary_large_image\" \/>\n<meta name=\"twitter:label1\" content=\"Dur\u00e9e de lecture estim\u00e9e\" \/>\n\t<meta name=\"twitter:data1\" content=\"2 minutes\" \/>\n<script type=\"application\/ld+json\" class=\"yoast-schema-graph\">{\"@context\":\"https:\/\/schema.org\",\"@graph\":[{\"@type\":\"WebPage\",\"@id\":\"https:\/\/saisonsculturelleschaumont.fr\/mdxpuixt\/evenement\/je-nai-pas-eu-le-temps-dy-penser-cest-arrive\/\",\"url\":\"https:\/\/saisonsculturelleschaumont.fr\/mdxpuixt\/evenement\/je-nai-pas-eu-le-temps-dy-penser-cest-arrive\/\",\"name\":\"je n'ai pas eu le temps d'y penser, c'est arriv\u00e9 ! - Les Saisons Culturelles de Chaumont\",\"isPartOf\":{\"@id\":\"https:\/\/saisonsculturelleschaumont.fr\/mdxpuixt\/#website\"},\"datePublished\":\"2021-03-12T08:47:24+00:00\",\"dateModified\":\"2021-03-12T09:27:36+00:00\",\"description\":\"D\u00e9couvrez la programmation culturelle de la saison culturelle de la ville de Chaumont. Expositions, visites, rencontres, ateliers, concerts, spectacles, animations et plus encore.\",\"breadcrumb\":{\"@id\":\"https:\/\/saisonsculturelleschaumont.fr\/mdxpuixt\/evenement\/je-nai-pas-eu-le-temps-dy-penser-cest-arrive\/#breadcrumb\"},\"inLanguage\":\"fr-FR\",\"potentialAction\":[{\"@type\":\"ReadAction\",\"target\":[\"https:\/\/saisonsculturelleschaumont.fr\/mdxpuixt\/evenement\/je-nai-pas-eu-le-temps-dy-penser-cest-arrive\/\"]}]},{\"@type\":\"BreadcrumbList\",\"@id\":\"https:\/\/saisonsculturelleschaumont.fr\/mdxpuixt\/evenement\/je-nai-pas-eu-le-temps-dy-penser-cest-arrive\/#breadcrumb\",\"itemListElement\":[{\"@type\":\"ListItem\",\"position\":1,\"name\":\"Accueil\",\"item\":\"https:\/\/saisonsculturelleschaumont.fr\/mdxpuixt\/\"},{\"@type\":\"ListItem\",\"position\":2,\"name\":\"\u00c9v\u00e8nements\",\"item\":\"https:\/\/saisonsculturelleschaumont.fr\/mdxpuixt\/agenda\/\"},{\"@type\":\"ListItem\",\"position\":3,\"name\":\"je n&rsquo;ai pas eu le temps d&rsquo;y penser, c&rsquo;est arriv\u00e9 !\"}]},{\"@type\":\"WebSite\",\"@id\":\"https:\/\/saisonsculturelleschaumont.fr\/mdxpuixt\/#website\",\"url\":\"https:\/\/saisonsculturelleschaumont.fr\/mdxpuixt\/\",\"name\":\"Les Saisons Culturelles de Chaumont\",\"description\":\"\",\"potentialAction\":[{\"@type\":\"SearchAction\",\"target\":{\"@type\":\"EntryPoint\",\"urlTemplate\":\"https:\/\/saisonsculturelleschaumont.fr\/mdxpuixt\/?s={search_term_string}\"},\"query-input\":\"required name=search_term_string\"}],\"inLanguage\":\"fr-FR\"}]}<\/script>\n<!-- \/ Yoast SEO plugin. -->","yoast_head_json":{"title":"je n'ai pas eu le temps d'y penser, c'est arriv\u00e9 ! - Les Saisons Culturelles de Chaumont","description":"D\u00e9couvrez la programmation culturelle de la saison culturelle de la ville de Chaumont. Expositions, visites, rencontres, ateliers, concerts, spectacles, animations et plus encore.","robots":{"index":"noindex","follow":"follow","max-snippet":"max-snippet:-1","max-image-preview":"max-image-preview:large","max-video-preview":"max-video-preview:-1"},"og_locale":"fr_FR","og_type":"article","og_title":"je n'ai pas eu le temps d'y penser, c'est arriv\u00e9 ! - Les Saisons Culturelles de Chaumont","og_description":"D\u00e9couvrez la programmation culturelle de la saison culturelle de la ville de Chaumont. Expositions, visites, rencontres, ateliers, concerts, spectacles, animations et plus encore.","og_url":"https:\/\/saisonsculturelleschaumont.fr\/mdxpuixt\/evenement\/je-nai-pas-eu-le-temps-dy-penser-cest-arrive\/","og_site_name":"Les Saisons Culturelles de Chaumont","article_publisher":"https:\/\/www.facebook.com\/saisonsculturelleschaumont\/","article_modified_time":"2021-03-12T09:27:36+00:00","og_image":[{"width":650,"height":975,"url":"https:\/\/saisonsculturelleschaumont.fr\/mdxpuixt\/wp-content\/uploads\/2021\/03\/Cest-arrive-3-Myriam-Tirler-2-scaled-e1615541070561.jpg","type":"image\/jpeg"}],"twitter_card":"summary_large_image","twitter_misc":{"Dur\u00e9e de lecture estim\u00e9e":"2 minutes"},"schema":{"@context":"https:\/\/schema.org","@graph":[{"@type":"WebPage","@id":"https:\/\/saisonsculturelleschaumont.fr\/mdxpuixt\/evenement\/je-nai-pas-eu-le-temps-dy-penser-cest-arrive\/","url":"https:\/\/saisonsculturelleschaumont.fr\/mdxpuixt\/evenement\/je-nai-pas-eu-le-temps-dy-penser-cest-arrive\/","name":"je n'ai pas eu le temps d'y penser, c'est arriv\u00e9 ! - Les Saisons Culturelles de Chaumont","isPartOf":{"@id":"https:\/\/saisonsculturelleschaumont.fr\/mdxpuixt\/#website"},"datePublished":"2021-03-12T08:47:24+00:00","dateModified":"2021-03-12T09:27:36+00:00","description":"D\u00e9couvrez la programmation culturelle de la saison culturelle de la ville de Chaumont. Expositions, visites, rencontres, ateliers, concerts, spectacles, animations et plus encore.","breadcrumb":{"@id":"https:\/\/saisonsculturelleschaumont.fr\/mdxpuixt\/evenement\/je-nai-pas-eu-le-temps-dy-penser-cest-arrive\/#breadcrumb"},"inLanguage":"fr-FR","potentialAction":[{"@type":"ReadAction","target":["https:\/\/saisonsculturelleschaumont.fr\/mdxpuixt\/evenement\/je-nai-pas-eu-le-temps-dy-penser-cest-arrive\/"]}]},{"@type":"BreadcrumbList","@id":"https:\/\/saisonsculturelleschaumont.fr\/mdxpuixt\/evenement\/je-nai-pas-eu-le-temps-dy-penser-cest-arrive\/#breadcrumb","itemListElement":[{"@type":"ListItem","position":1,"name":"Accueil","item":"https:\/\/saisonsculturelleschaumont.fr\/mdxpuixt\/"},{"@type":"ListItem","position":2,"name":"\u00c9v\u00e8nements","item":"https:\/\/saisonsculturelleschaumont.fr\/mdxpuixt\/agenda\/"},{"@type":"ListItem","position":3,"name":"je n&rsquo;ai pas eu le temps d&rsquo;y penser, c&rsquo;est arriv\u00e9 !"}]},{"@type":"WebSite","@id":"https:\/\/saisonsculturelleschaumont.fr\/mdxpuixt\/#website","url":"https:\/\/saisonsculturelleschaumont.fr\/mdxpuixt\/","name":"Les Saisons Culturelles de Chaumont","description":"","potentialAction":[{"@type":"SearchAction","target":{"@type":"EntryPoint","urlTemplate":"https:\/\/saisonsculturelleschaumont.fr\/mdxpuixt\/?s={search_term_string}"},"query-input":"required name=search_term_string"}],"inLanguage":"fr-FR"}]}},"uagb_featured_image_src":{"full":["https:\/\/saisonsculturelleschaumont.fr\/mdxpuixt\/wp-content\/uploads\/2021\/03\/Cest-arrive-3-Myriam-Tirler-2-scaled-e1615541070561.jpg",650,975,false],"thumbnail":["https:\/\/saisonsculturelleschaumont.fr\/mdxpuixt\/wp-content\/uploads\/2021\/03\/Cest-arrive-3-Myriam-Tirler-2-80x80.jpg",80,80,true],"medium":["https:\/\/saisonsculturelleschaumont.fr\/mdxpuixt\/wp-content\/uploads\/2021\/03\/Cest-arrive-3-Myriam-Tirler-2-300x300.jpg",300,300,true],"medium_large":["https:\/\/saisonsculturelleschaumont.fr\/mdxpuixt\/wp-content\/uploads\/2021\/03\/Cest-arrive-3-Myriam-Tirler-2-768x768.jpg",768,768,true],"large":["https:\/\/saisonsculturelleschaumont.fr\/mdxpuixt\/wp-content\/uploads\/2021\/03\/Cest-arrive-3-Myriam-Tirler-2-1030x1030.jpg",1030,1030,true],"1536x1536":["https:\/\/saisonsculturelleschaumont.fr\/mdxpuixt\/wp-content\/uploads\/2021\/03\/Cest-arrive-3-Myriam-Tirler-2-1024x1536.jpg",1024,1536,true],"2048x2048":["https:\/\/saisonsculturelleschaumont.fr\/mdxpuixt\/wp-content\/uploads\/2021\/03\/Cest-arrive-3-Myriam-Tirler-2-1365x2048.jpg",1365,2048,true],"widget":["https:\/\/saisonsculturelleschaumont.fr\/mdxpuixt\/wp-content\/uploads\/2021\/03\/Cest-arrive-3-Myriam-Tirler-2-36x36.jpg",36,36,true],"square":["https:\/\/saisonsculturelleschaumont.fr\/mdxpuixt\/wp-content\/uploads\/2021\/03\/Cest-arrive-3-Myriam-Tirler-2-180x180.jpg",180,180,true],"featured":["https:\/\/saisonsculturelleschaumont.fr\/mdxpuixt\/wp-content\/uploads\/2021\/03\/Cest-arrive-3-Myriam-Tirler-2-1500x430.jpg",1500,430,true],"featured_large":["https:\/\/saisonsculturelleschaumont.fr\/mdxpuixt\/wp-content\/uploads\/2021\/03\/Cest-arrive-3-Myriam-Tirler-2-1500x630.jpg",1500,630,true],"extra_large":["https:\/\/saisonsculturelleschaumont.fr\/mdxpuixt\/wp-content\/uploads\/2021\/03\/Cest-arrive-3-Myriam-Tirler-2-1000x1500.jpg",1000,1500,true],"portfolio":["https:\/\/saisonsculturelleschaumont.fr\/mdxpuixt\/wp-content\/uploads\/2021\/03\/Cest-arrive-3-Myriam-Tirler-2-495x400.jpg",495,400,true],"portfolio_small":["https:\/\/saisonsculturelleschaumont.fr\/mdxpuixt\/wp-content\/uploads\/2021\/03\/Cest-arrive-3-Myriam-Tirler-2-260x185.jpg",260,185,true],"gallery":["https:\/\/saisonsculturelleschaumont.fr\/mdxpuixt\/wp-content\/uploads\/2021\/03\/Cest-arrive-3-Myriam-Tirler-2-845x684.jpg",845,684,true],"magazine":["https:\/\/saisonsculturelleschaumont.fr\/mdxpuixt\/wp-content\/uploads\/2021\/03\/Cest-arrive-3-Myriam-Tirler-2-710x375.jpg",710,375,true],"masonry":["https:\/\/saisonsculturelleschaumont.fr\/mdxpuixt\/wp-content\/uploads\/2021\/03\/Cest-arrive-3-Myriam-Tirler-2-470x705.jpg",470,705,true],"entry_with_sidebar":["https:\/\/saisonsculturelleschaumont.fr\/mdxpuixt\/wp-content\/uploads\/2021\/03\/Cest-arrive-3-Myriam-Tirler-2-845x321.jpg",845,321,true],"entry_without_sidebar":["https:\/\/saisonsculturelleschaumont.fr\/mdxpuixt\/wp-content\/uploads\/2021\/03\/Cest-arrive-3-Myriam-Tirler-2-1210x423.jpg",1210,423,true]},"uagb_author_info":{"display_name":"Justine Ansel","author_link":"https:\/\/saisonsculturelleschaumont.fr\/mdxpuixt\/author\/justine-ansel\/"},"uagb_comment_info":0,"uagb_excerpt":"J\u00e9r\u00f4me Brabant \/ Compagnie L\u2019Octogonale \u00ab I didn\u2019t have time to think about it, it just happened ! \u00bb Siouxsie Sioux, chanteuse du groupe Siouxsie and the Banshees \u2013 11 [&hellip;]","_links":{"self":[{"href":"https:\/\/saisonsculturelleschaumont.fr\/mdxpuixt\/wp-json\/wp\/v2\/tribe_events\/6211"}],"collection":[{"href":"https:\/\/saisonsculturelleschaumont.fr\/mdxpuixt\/wp-json\/wp\/v2\/tribe_events"}],"about":[{"href":"https:\/\/saisonsculturelleschaumont.fr\/mdxpuixt\/wp-json\/wp\/v2\/types\/tribe_events"}],"author":[{"embeddable":true,"href":"https:\/\/saisonsculturelleschaumont.fr\/mdxpuixt\/wp-json\/wp\/v2\/users\/3"}],"replies":[{"embeddable":true,"href":"https:\/\/saisonsculturelleschaumont.fr\/mdxpuixt\/wp-json\/wp\/v2\/comments?post=6211"}],"version-history":[{"count":0,"href":"https:\/\/saisonsculturelleschaumont.fr\/mdxpuixt\/wp-json\/wp\/v2\/tribe_events\/6211\/revisions"}],"wp:featuredmedia":[{"embeddable":true,"href":"https:\/\/saisonsculturelleschaumont.fr\/mdxpuixt\/wp-json\/wp\/v2\/media\/6227"}],"wp:attachment":[{"href":"https:\/\/saisonsculturelleschaumont.fr\/mdxpuixt\/wp-json\/wp\/v2\/media?parent=6211"}],"wp:term":[{"taxonomy":"post_tag","embeddable":true,"href":"https:\/\/saisonsculturelleschaumont.fr\/mdxpuixt\/wp-json\/wp\/v2\/tags?post=6211"},{"taxonomy":"tribe_events_cat","embeddable":true,"href":"https:\/\/saisonsculturelleschaumont.fr\/mdxpuixt\/wp-json\/wp\/v2\/tribe_events_cat?post=6211"}],"curies":[{"name":"wp","href":"https:\/\/api.w.org\/{rel}","templated":true}]}}