{"id":6291,"date":"2021-03-23T11:13:12","date_gmt":"2021-03-23T10:13:12","guid":{"rendered":"https:\/\/saisonsculturelleschaumont.fr\/mdxpuixt\/evenement\/michel-le-petit-didier-aller-voir-pouvoir-faire\/"},"modified":"2021-04-30T11:21:54","modified_gmt":"2021-04-30T09:21:54","slug":"michel-le-petit-didier-aller-voir-pouvoir-faire","status":"publish","type":"tribe_events","link":"https:\/\/saisonsculturelleschaumont.fr\/mdxpuixt\/evenement\/michel-le-petit-didier-aller-voir-pouvoir-faire\/","title":{"rendered":"Michel Le Petit Didier &#8211; Aller \/ Voir \/ Pouvoir \/ Faire"},"content":{"rendered":"<p>L&rsquo;exposition \u00ab Aller \/ Voir \/ Pouvoir \/ Faire \u00bb porte sur le travail du designer graphique MichelLepetitdidier, membre de l&rsquo;Alliance graphique internationale (AGI) depuis 2003. Elle retrace le<br \/>\nparcours et trente ann\u00e9es de pratique de cette figure discr\u00e8te du design graphique \u2014 qui signe<br \/>\nd&rsquo;ailleurs Le Petit Didier, marque de sa modestie qui le caract\u00e9rise. L&rsquo;\u0153uvre importante de<br \/>\nMichel Lepetitdidier est encore trop peu connue bien qu&rsquo;elle ait marqu\u00e9 le paysage visuel<br \/>\nfran\u00e7ais.<br \/>\nDepuis ses d\u00e9buts, \u00e0 la fin des ann\u00e9es quatre-vingt, \u00e0 Metz, il est l&rsquo;auteur d&rsquo;une \u0153uvre libre qui<br \/>\nest tout \u00e0 la fois plastiquement forte et empreinte d&rsquo;un certain rationalisme. Alors que<br \/>\nl&rsquo;opposition entre Style suisse et \u00c9cole polonaise marquait encore les esprits lors de son<br \/>\napprentissage aux beaux-arts, le designer a suivi depuis ses d\u00e9buts un chemin de cr\u00eate entre<br \/>\nces deux h\u00e9ritages.<br \/>\n\u00abDepuis les ann\u00e9es quatre-vingt-dix, Michel Lepetitdidier construit un rapport particulier \u00e0<br \/>\nl&rsquo;image \u00e0 partir d&rsquo;une grammaire des formes, simple, issue notamment du constructivisme. [&#8230;] Il<br \/>\na forg\u00e9 l&rsquo;image du mus\u00e9e Nic\u00e9phore-Ni\u00e9pce (Chalon-sur-Sa\u00f4ne), une identit\u00e9 empreinte par<br \/>\nl&rsquo;esth\u00e9tique moderniste. [&#8230;] Patiemment, sans artifices, Michel Lepetitdidier met en focale un<br \/>\ncin\u00e9tisme dans des compositions fixes. Ce vocabulaire, le graphiste l&rsquo;a toujours mis au service<br \/>\nd&rsquo;une lecture des images dites artistiques. Convaincu par cet art minimaliste de construction, le<br \/>\ntypographe et graphiste Damien Gautier relevait pour la revue d&rsquo;art 50sept que \u00ab\u00a0Michel<br \/>\nLepetitdidier joue de la qualit\u00e9 et de la nature m\u00eame des images pour \u00e9tablir des compositions<br \/>\nrenouvel\u00e9es \u00e0 chaque page\u00a0\u00bb.\u00bb Vanina Pinter<br \/>\n\u00abNous souhaitons que cette exposition puisse rencontrer un public qui d\u00e9couvrira dans son<br \/>\ntravail, un homme engag\u00e9 dans le dessin de formes po\u00e9tiques, sensibles mais aussi utiles, en<br \/>\nqu\u00eate d&rsquo;absolu, de sens et de qualit\u00e9, un homme qui manifeste ainsi sa profonde estime des<br \/>\nautres.\u00bb Damien Gautier et Florence Roller, \u00e9diteurs (\u00c9ditions deux-cent-cinq) de l&rsquo;ouvrage Le<br \/>\nPetit Didier (\u00e0 para\u00eetre en mai 2021), commissaires de l&rsquo;exposition.<\/p>\n<p>Acc\u00e8s libre pour tous et sans r\u00e9servation.<\/p>\n","protected":false},"excerpt":{"rendered":"<p>L&rsquo;exposition \u00ab Aller \/ Voir \/ Pouvoir \/ Faire \u00bb porte sur le travail du designer graphique MichelLepetitdidier, membre de l&rsquo;Alliance graphique internationale (AGI) depuis 2003. Elle retrace le parcours [&hellip;]<\/p>\n","protected":false},"author":3,"featured_media":6307,"comment_status":"closed","ping_status":"closed","template":"","meta":{"_uag_custom_page_level_css":"","_tribe_events_status":"","_tribe_events_status_reason":""},"tags":[87,136,130,67,50,81,83],"tribe_events_cat":[42],"yoast_head":"<!-- This site is optimized with the Yoast SEO plugin v21.1 - https:\/\/yoast.com\/wordpress\/plugins\/seo\/ -->\n<title>Michel Le Petit Didier - Aller \/ Voir \/ Pouvoir \/ Faire - Les Saisons Culturelles de Chaumont<\/title>\n<meta name=\"description\" content=\"D\u00e9couvrez la programmation culturelle de la saison culturelle de la ville de Chaumont. Expositions, visites, rencontres, ateliers, concerts, spectacles, animations et plus encore.\" \/>\n<meta name=\"robots\" content=\"noindex, follow, max-snippet:-1, max-image-preview:large, max-video-preview:-1\" \/>\n<meta property=\"og:locale\" content=\"fr_FR\" \/>\n<meta property=\"og:type\" content=\"article\" \/>\n<meta property=\"og:title\" content=\"Michel Le Petit Didier - Aller \/ Voir \/ Pouvoir \/ Faire - Les Saisons Culturelles de Chaumont\" \/>\n<meta property=\"og:description\" content=\"D\u00e9couvrez la programmation culturelle de la saison culturelle de la ville de Chaumont. Expositions, visites, rencontres, ateliers, concerts, spectacles, animations et plus encore.\" \/>\n<meta property=\"og:url\" content=\"https:\/\/saisonsculturelleschaumont.fr\/mdxpuixt\/evenement\/michel-le-petit-didier-aller-voir-pouvoir-faire\/\" \/>\n<meta property=\"og:site_name\" content=\"Les Saisons Culturelles de Chaumont\" \/>\n<meta property=\"article:publisher\" content=\"https:\/\/www.facebook.com\/saisonsculturelleschaumont\/\" \/>\n<meta property=\"article:modified_time\" content=\"2021-04-30T09:21:54+00:00\" \/>\n<meta property=\"og:image\" content=\"https:\/\/saisonsculturelleschaumont.fr\/mdxpuixt\/wp-content\/uploads\/2021\/03\/5.a-Michel-Le-Petit-Didier-copie-scaled-e1616495153521.jpg\" \/>\n\t<meta property=\"og:image:width\" content=\"650\" \/>\n\t<meta property=\"og:image:height\" content=\"909\" \/>\n\t<meta property=\"og:image:type\" content=\"image\/jpeg\" \/>\n<meta name=\"twitter:card\" content=\"summary_large_image\" \/>\n<meta name=\"twitter:label1\" content=\"Dur\u00e9e de lecture estim\u00e9e\" \/>\n\t<meta name=\"twitter:data1\" content=\"2 minutes\" \/>\n<script type=\"application\/ld+json\" class=\"yoast-schema-graph\">{\"@context\":\"https:\/\/schema.org\",\"@graph\":[{\"@type\":\"WebPage\",\"@id\":\"https:\/\/saisonsculturelleschaumont.fr\/mdxpuixt\/evenement\/michel-le-petit-didier-aller-voir-pouvoir-faire\/\",\"url\":\"https:\/\/saisonsculturelleschaumont.fr\/mdxpuixt\/evenement\/michel-le-petit-didier-aller-voir-pouvoir-faire\/\",\"name\":\"Michel Le Petit Didier - Aller \/ Voir \/ Pouvoir \/ Faire - Les Saisons Culturelles de Chaumont\",\"isPartOf\":{\"@id\":\"https:\/\/saisonsculturelleschaumont.fr\/mdxpuixt\/#website\"},\"datePublished\":\"2021-03-23T10:13:12+00:00\",\"dateModified\":\"2021-04-30T09:21:54+00:00\",\"description\":\"D\u00e9couvrez la programmation culturelle de la saison culturelle de la ville de Chaumont. Expositions, visites, rencontres, ateliers, concerts, spectacles, animations et plus encore.\",\"breadcrumb\":{\"@id\":\"https:\/\/saisonsculturelleschaumont.fr\/mdxpuixt\/evenement\/michel-le-petit-didier-aller-voir-pouvoir-faire\/#breadcrumb\"},\"inLanguage\":\"fr-FR\",\"potentialAction\":[{\"@type\":\"ReadAction\",\"target\":[\"https:\/\/saisonsculturelleschaumont.fr\/mdxpuixt\/evenement\/michel-le-petit-didier-aller-voir-pouvoir-faire\/\"]}]},{\"@type\":\"BreadcrumbList\",\"@id\":\"https:\/\/saisonsculturelleschaumont.fr\/mdxpuixt\/evenement\/michel-le-petit-didier-aller-voir-pouvoir-faire\/#breadcrumb\",\"itemListElement\":[{\"@type\":\"ListItem\",\"position\":1,\"name\":\"Accueil\",\"item\":\"https:\/\/saisonsculturelleschaumont.fr\/mdxpuixt\/\"},{\"@type\":\"ListItem\",\"position\":2,\"name\":\"\u00c9v\u00e8nements\",\"item\":\"https:\/\/saisonsculturelleschaumont.fr\/mdxpuixt\/agenda\/\"},{\"@type\":\"ListItem\",\"position\":3,\"name\":\"Michel Le Petit Didier &#8211; Aller \/ Voir \/ Pouvoir \/ Faire\"}]},{\"@type\":\"WebSite\",\"@id\":\"https:\/\/saisonsculturelleschaumont.fr\/mdxpuixt\/#website\",\"url\":\"https:\/\/saisonsculturelleschaumont.fr\/mdxpuixt\/\",\"name\":\"Les Saisons Culturelles de Chaumont\",\"description\":\"\",\"potentialAction\":[{\"@type\":\"SearchAction\",\"target\":{\"@type\":\"EntryPoint\",\"urlTemplate\":\"https:\/\/saisonsculturelleschaumont.fr\/mdxpuixt\/?s={search_term_string}\"},\"query-input\":\"required name=search_term_string\"}],\"inLanguage\":\"fr-FR\"}]}<\/script>\n<!-- \/ Yoast SEO plugin. -->","yoast_head_json":{"title":"Michel Le Petit Didier - Aller \/ Voir \/ Pouvoir \/ Faire - Les Saisons Culturelles de Chaumont","description":"D\u00e9couvrez la programmation culturelle de la saison culturelle de la ville de Chaumont. Expositions, visites, rencontres, ateliers, concerts, spectacles, animations et plus encore.","robots":{"index":"noindex","follow":"follow","max-snippet":"max-snippet:-1","max-image-preview":"max-image-preview:large","max-video-preview":"max-video-preview:-1"},"og_locale":"fr_FR","og_type":"article","og_title":"Michel Le Petit Didier - Aller \/ Voir \/ Pouvoir \/ Faire - Les Saisons Culturelles de Chaumont","og_description":"D\u00e9couvrez la programmation culturelle de la saison culturelle de la ville de Chaumont. Expositions, visites, rencontres, ateliers, concerts, spectacles, animations et plus encore.","og_url":"https:\/\/saisonsculturelleschaumont.fr\/mdxpuixt\/evenement\/michel-le-petit-didier-aller-voir-pouvoir-faire\/","og_site_name":"Les Saisons Culturelles de Chaumont","article_publisher":"https:\/\/www.facebook.com\/saisonsculturelleschaumont\/","article_modified_time":"2021-04-30T09:21:54+00:00","og_image":[{"width":650,"height":909,"url":"https:\/\/saisonsculturelleschaumont.fr\/mdxpuixt\/wp-content\/uploads\/2021\/03\/5.a-Michel-Le-Petit-Didier-copie-scaled-e1616495153521.jpg","type":"image\/jpeg"}],"twitter_card":"summary_large_image","twitter_misc":{"Dur\u00e9e de lecture estim\u00e9e":"2 minutes"},"schema":{"@context":"https:\/\/schema.org","@graph":[{"@type":"WebPage","@id":"https:\/\/saisonsculturelleschaumont.fr\/mdxpuixt\/evenement\/michel-le-petit-didier-aller-voir-pouvoir-faire\/","url":"https:\/\/saisonsculturelleschaumont.fr\/mdxpuixt\/evenement\/michel-le-petit-didier-aller-voir-pouvoir-faire\/","name":"Michel Le Petit Didier - Aller \/ Voir \/ Pouvoir \/ Faire - Les Saisons Culturelles de Chaumont","isPartOf":{"@id":"https:\/\/saisonsculturelleschaumont.fr\/mdxpuixt\/#website"},"datePublished":"2021-03-23T10:13:12+00:00","dateModified":"2021-04-30T09:21:54+00:00","description":"D\u00e9couvrez la programmation culturelle de la saison culturelle de la ville de Chaumont. Expositions, visites, rencontres, ateliers, concerts, spectacles, animations et plus encore.","breadcrumb":{"@id":"https:\/\/saisonsculturelleschaumont.fr\/mdxpuixt\/evenement\/michel-le-petit-didier-aller-voir-pouvoir-faire\/#breadcrumb"},"inLanguage":"fr-FR","potentialAction":[{"@type":"ReadAction","target":["https:\/\/saisonsculturelleschaumont.fr\/mdxpuixt\/evenement\/michel-le-petit-didier-aller-voir-pouvoir-faire\/"]}]},{"@type":"BreadcrumbList","@id":"https:\/\/saisonsculturelleschaumont.fr\/mdxpuixt\/evenement\/michel-le-petit-didier-aller-voir-pouvoir-faire\/#breadcrumb","itemListElement":[{"@type":"ListItem","position":1,"name":"Accueil","item":"https:\/\/saisonsculturelleschaumont.fr\/mdxpuixt\/"},{"@type":"ListItem","position":2,"name":"\u00c9v\u00e8nements","item":"https:\/\/saisonsculturelleschaumont.fr\/mdxpuixt\/agenda\/"},{"@type":"ListItem","position":3,"name":"Michel Le Petit Didier &#8211; Aller \/ Voir \/ Pouvoir \/ Faire"}]},{"@type":"WebSite","@id":"https:\/\/saisonsculturelleschaumont.fr\/mdxpuixt\/#website","url":"https:\/\/saisonsculturelleschaumont.fr\/mdxpuixt\/","name":"Les Saisons Culturelles de Chaumont","description":"","potentialAction":[{"@type":"SearchAction","target":{"@type":"EntryPoint","urlTemplate":"https:\/\/saisonsculturelleschaumont.fr\/mdxpuixt\/?s={search_term_string}"},"query-input":"required name=search_term_string"}],"inLanguage":"fr-FR"}]}},"uagb_featured_image_src":{"full":["https:\/\/saisonsculturelleschaumont.fr\/mdxpuixt\/wp-content\/uploads\/2021\/03\/5.a-Michel-Le-Petit-Didier-copie-scaled-e1616495153521.jpg",650,909,false],"thumbnail":["https:\/\/saisonsculturelleschaumont.fr\/mdxpuixt\/wp-content\/uploads\/2021\/03\/5.a-Michel-Le-Petit-Didier-copie-80x80.jpg",80,80,true],"medium":["https:\/\/saisonsculturelleschaumont.fr\/mdxpuixt\/wp-content\/uploads\/2021\/03\/5.a-Michel-Le-Petit-Didier-copie-300x300.jpg",300,300,true],"medium_large":["https:\/\/saisonsculturelleschaumont.fr\/mdxpuixt\/wp-content\/uploads\/2021\/03\/5.a-Michel-Le-Petit-Didier-copie-768x768.jpg",768,768,true],"large":["https:\/\/saisonsculturelleschaumont.fr\/mdxpuixt\/wp-content\/uploads\/2021\/03\/5.a-Michel-Le-Petit-Didier-copie-1030x1030.jpg",1030,1030,true],"1536x1536":["https:\/\/saisonsculturelleschaumont.fr\/mdxpuixt\/wp-content\/uploads\/2021\/03\/5.a-Michel-Le-Petit-Didier-copie-1098x1536.jpg",1098,1536,true],"2048x2048":["https:\/\/saisonsculturelleschaumont.fr\/mdxpuixt\/wp-content\/uploads\/2021\/03\/5.a-Michel-Le-Petit-Didier-copie-1464x2048.jpg",1464,2048,true],"widget":["https:\/\/saisonsculturelleschaumont.fr\/mdxpuixt\/wp-content\/uploads\/2021\/03\/5.a-Michel-Le-Petit-Didier-copie-36x36.jpg",36,36,true],"square":["https:\/\/saisonsculturelleschaumont.fr\/mdxpuixt\/wp-content\/uploads\/2021\/03\/5.a-Michel-Le-Petit-Didier-copie-180x180.jpg",180,180,true],"featured":["https:\/\/saisonsculturelleschaumont.fr\/mdxpuixt\/wp-content\/uploads\/2021\/03\/5.a-Michel-Le-Petit-Didier-copie-1500x430.jpg",1500,430,true],"featured_large":["https:\/\/saisonsculturelleschaumont.fr\/mdxpuixt\/wp-content\/uploads\/2021\/03\/5.a-Michel-Le-Petit-Didier-copie-1500x630.jpg",1500,630,true],"extra_large":["https:\/\/saisonsculturelleschaumont.fr\/mdxpuixt\/wp-content\/uploads\/2021\/03\/5.a-Michel-Le-Petit-Didier-copie-1073x1500.jpg",1073,1500,true],"portfolio":["https:\/\/saisonsculturelleschaumont.fr\/mdxpuixt\/wp-content\/uploads\/2021\/03\/5.a-Michel-Le-Petit-Didier-copie-495x400.jpg",495,400,true],"portfolio_small":["https:\/\/saisonsculturelleschaumont.fr\/mdxpuixt\/wp-content\/uploads\/2021\/03\/5.a-Michel-Le-Petit-Didier-copie-260x185.jpg",260,185,true],"gallery":["https:\/\/saisonsculturelleschaumont.fr\/mdxpuixt\/wp-content\/uploads\/2021\/03\/5.a-Michel-Le-Petit-Didier-copie-845x684.jpg",845,684,true],"magazine":["https:\/\/saisonsculturelleschaumont.fr\/mdxpuixt\/wp-content\/uploads\/2021\/03\/5.a-Michel-Le-Petit-Didier-copie-710x375.jpg",710,375,true],"masonry":["https:\/\/saisonsculturelleschaumont.fr\/mdxpuixt\/wp-content\/uploads\/2021\/03\/5.a-Michel-Le-Petit-Didier-copie-504x705.jpg",504,705,true],"entry_with_sidebar":["https:\/\/saisonsculturelleschaumont.fr\/mdxpuixt\/wp-content\/uploads\/2021\/03\/5.a-Michel-Le-Petit-Didier-copie-845x321.jpg",845,321,true],"entry_without_sidebar":["https:\/\/saisonsculturelleschaumont.fr\/mdxpuixt\/wp-content\/uploads\/2021\/03\/5.a-Michel-Le-Petit-Didier-copie-1210x423.jpg",1210,423,true]},"uagb_author_info":{"display_name":"Justine Ansel","author_link":"https:\/\/saisonsculturelleschaumont.fr\/mdxpuixt\/author\/justine-ansel\/"},"uagb_comment_info":0,"uagb_excerpt":"L&rsquo;exposition \u00ab Aller \/ Voir \/ Pouvoir \/ Faire \u00bb porte sur le travail du designer graphique MichelLepetitdidier, membre de l&rsquo;Alliance graphique internationale (AGI) depuis 2003. Elle retrace le parcours [&hellip;]","_links":{"self":[{"href":"https:\/\/saisonsculturelleschaumont.fr\/mdxpuixt\/wp-json\/wp\/v2\/tribe_events\/6291"}],"collection":[{"href":"https:\/\/saisonsculturelleschaumont.fr\/mdxpuixt\/wp-json\/wp\/v2\/tribe_events"}],"about":[{"href":"https:\/\/saisonsculturelleschaumont.fr\/mdxpuixt\/wp-json\/wp\/v2\/types\/tribe_events"}],"author":[{"embeddable":true,"href":"https:\/\/saisonsculturelleschaumont.fr\/mdxpuixt\/wp-json\/wp\/v2\/users\/3"}],"replies":[{"embeddable":true,"href":"https:\/\/saisonsculturelleschaumont.fr\/mdxpuixt\/wp-json\/wp\/v2\/comments?post=6291"}],"version-history":[{"count":0,"href":"https:\/\/saisonsculturelleschaumont.fr\/mdxpuixt\/wp-json\/wp\/v2\/tribe_events\/6291\/revisions"}],"wp:featuredmedia":[{"embeddable":true,"href":"https:\/\/saisonsculturelleschaumont.fr\/mdxpuixt\/wp-json\/wp\/v2\/media\/6307"}],"wp:attachment":[{"href":"https:\/\/saisonsculturelleschaumont.fr\/mdxpuixt\/wp-json\/wp\/v2\/media?parent=6291"}],"wp:term":[{"taxonomy":"post_tag","embeddable":true,"href":"https:\/\/saisonsculturelleschaumont.fr\/mdxpuixt\/wp-json\/wp\/v2\/tags?post=6291"},{"taxonomy":"tribe_events_cat","embeddable":true,"href":"https:\/\/saisonsculturelleschaumont.fr\/mdxpuixt\/wp-json\/wp\/v2\/tribe_events_cat?post=6291"}],"curies":[{"name":"wp","href":"https:\/\/api.w.org\/{rel}","templated":true}]}}