{"id":6543,"date":"2021-06-16T13:25:15","date_gmt":"2021-06-16T11:25:15","guid":{"rendered":"https:\/\/saisonsculturelleschaumont.fr\/mdxpuixt\/?post_type=tribe_events&#038;p=6543"},"modified":"2023-09-15T15:03:28","modified_gmt":"2023-09-15T13:03:28","slug":"__trashed-4__trashed","status":"publish","type":"tribe_events","link":"https:\/\/saisonsculturelleschaumont.fr\/mdxpuixt\/evenement\/__trashed-4__trashed\/","title":{"rendered":"Instantan\u00e9 Duo  &#8211; Compagnie Soundtrack"},"content":{"rendered":"<p>Quand Patricia Dallio et Fr\u00e9d\u00e9ric Le Junter se rencontrent cela donne un duo d\u2019improvisation hors normes. Tous deux s\u2019aventurent ensemble dans les m\u00e9andres de textures sonores \u00e9lectroniques et acoustiques amplifi\u00e9es. Fr\u00e9d\u00e9ric Le Junter fabrique ses instruments, Patricia Dallio joue de l\u2019Olitherpe. Leur conversation se r\u00e9v\u00e8le en public et ils ont beaucoup \u00e0 nous faire entendre de leurs exp\u00e9riences sonores inventives communes et ind\u00e9pendantes.Sculpteur-musicien, Fr\u00e9d\u00e9ric Le Junter explore les sons au travers de ses nombreuses performances. De sa cr\u00e9ativit\u00e9 artistique et de son savoir-faire de bricoleur, Fr\u00e9d\u00e9ric Le Junter fabrique lui-m\u00eame ses instruments et ses machines sonores m\u00e9caniques. Exp\u00e9rimentale, sa musique se renouvelle sans cesse.<\/p>\n<p>Patricia Dallio est musicienne, compositrice et interpr\u00e8te au clavier, capteurs et \u00e9lectronique. Tout au long de son parcours, qui commence par l\u2019apprentissage du piano, elle s\u2019affranchit des fronti\u00e8res stylistiques pour vivre des exp\u00e9riences musicales \u00e9clectiques allant du jazz au rock, en passant par la musique exp\u00e9rimentale et contemporaine. Sa rencontre avec le groupe Art Zoyd qu\u2019elle int\u00e8gre \u00e0 l\u2019\u00e2ge de vingt ans (en 1979) durera trente ann\u00e9es. Depuis 2009, elle se consacre totalement \u00e0 la compagnie Sound Track qu\u2019elle a cofond\u00e9e en 1990 avec Cyril Dumontet.<\/p>\n<p>Gratuit<\/p>\n","protected":false},"excerpt":{"rendered":"<p>Quand Patricia Dallio et Fr\u00e9d\u00e9ric Le Junter se rencontrent cela donne un duo d\u2019improvisation hors normes. Tous deux s\u2019aventurent ensemble dans les m\u00e9andres de textures sonores \u00e9lectroniques et acoustiques amplifi\u00e9es. [&hellip;]<\/p>\n","protected":false},"author":3,"featured_media":6688,"comment_status":"closed","ping_status":"closed","template":"","meta":{"_uag_custom_page_level_css":"","_tribe_events_status":"","_tribe_events_status_reason":""},"tags":[231,51,229,230,228,221],"tribe_events_cat":[305],"yoast_head":"<!-- This site is optimized with the Yoast SEO plugin v21.1 - https:\/\/yoast.com\/wordpress\/plugins\/seo\/ -->\n<title>Instantan\u00e9 Duo - Compagnie Soundtrack - Les Saisons Culturelles de Chaumont<\/title>\n<meta name=\"description\" content=\"D\u00e9couvrez la programmation culturelle de la saison culturelle de la ville de Chaumont. Expositions, visites, rencontres, ateliers, concerts, spectacles, animations et plus encore.\" \/>\n<meta name=\"robots\" content=\"noindex, follow, max-snippet:-1, max-image-preview:large, max-video-preview:-1\" \/>\n<meta property=\"og:locale\" content=\"fr_FR\" \/>\n<meta property=\"og:type\" content=\"article\" \/>\n<meta property=\"og:title\" content=\"Instantan\u00e9 Duo - Compagnie Soundtrack - Les Saisons Culturelles de Chaumont\" \/>\n<meta property=\"og:description\" content=\"D\u00e9couvrez la programmation culturelle de la saison culturelle de la ville de Chaumont. Expositions, visites, rencontres, ateliers, concerts, spectacles, animations et plus encore.\" \/>\n<meta property=\"og:url\" content=\"https:\/\/saisonsculturelleschaumont.fr\/mdxpuixt\/evenement\/__trashed-4__trashed\/\" \/>\n<meta property=\"og:site_name\" content=\"Les Saisons Culturelles de Chaumont\" \/>\n<meta property=\"article:publisher\" content=\"https:\/\/www.facebook.com\/saisonsculturelleschaumont\/\" \/>\n<meta property=\"article:modified_time\" content=\"2023-09-15T13:03:28+00:00\" \/>\n<meta property=\"og:image\" content=\"https:\/\/saisonsculturelleschaumont.fr\/mdxpuixt\/wp-content\/uploads\/2021\/06\/DUO-INSTANTANE_\u00a9Petrouchka-Cyberflonflon.jpeg\" \/>\n\t<meta property=\"og:image:width\" content=\"960\" \/>\n\t<meta property=\"og:image:height\" content=\"960\" \/>\n\t<meta property=\"og:image:type\" content=\"image\/jpeg\" \/>\n<meta name=\"twitter:card\" content=\"summary_large_image\" \/>\n<meta name=\"twitter:label1\" content=\"Dur\u00e9e de lecture estim\u00e9e\" \/>\n\t<meta name=\"twitter:data1\" content=\"1 minute\" \/>\n<script type=\"application\/ld+json\" class=\"yoast-schema-graph\">{\"@context\":\"https:\/\/schema.org\",\"@graph\":[{\"@type\":\"WebPage\",\"@id\":\"https:\/\/saisonsculturelleschaumont.fr\/mdxpuixt\/evenement\/__trashed-4__trashed\/\",\"url\":\"https:\/\/saisonsculturelleschaumont.fr\/mdxpuixt\/evenement\/__trashed-4__trashed\/\",\"name\":\"Instantan\u00e9 Duo - Compagnie Soundtrack - Les Saisons Culturelles de Chaumont\",\"isPartOf\":{\"@id\":\"https:\/\/saisonsculturelleschaumont.fr\/mdxpuixt\/#website\"},\"datePublished\":\"2021-06-16T11:25:15+00:00\",\"dateModified\":\"2023-09-15T13:03:28+00:00\",\"description\":\"D\u00e9couvrez la programmation culturelle de la saison culturelle de la ville de Chaumont. Expositions, visites, rencontres, ateliers, concerts, spectacles, animations et plus encore.\",\"breadcrumb\":{\"@id\":\"https:\/\/saisonsculturelleschaumont.fr\/mdxpuixt\/evenement\/__trashed-4__trashed\/#breadcrumb\"},\"inLanguage\":\"fr-FR\",\"potentialAction\":[{\"@type\":\"ReadAction\",\"target\":[\"https:\/\/saisonsculturelleschaumont.fr\/mdxpuixt\/evenement\/__trashed-4__trashed\/\"]}]},{\"@type\":\"BreadcrumbList\",\"@id\":\"https:\/\/saisonsculturelleschaumont.fr\/mdxpuixt\/evenement\/__trashed-4__trashed\/#breadcrumb\",\"itemListElement\":[{\"@type\":\"ListItem\",\"position\":1,\"name\":\"Accueil\",\"item\":\"https:\/\/saisonsculturelleschaumont.fr\/mdxpuixt\/\"},{\"@type\":\"ListItem\",\"position\":2,\"name\":\"\u00c9v\u00e8nements\",\"item\":\"https:\/\/saisonsculturelleschaumont.fr\/mdxpuixt\/agenda\/\"},{\"@type\":\"ListItem\",\"position\":3,\"name\":\"Instantan\u00e9 Duo &#8211; Compagnie Soundtrack\"}]},{\"@type\":\"WebSite\",\"@id\":\"https:\/\/saisonsculturelleschaumont.fr\/mdxpuixt\/#website\",\"url\":\"https:\/\/saisonsculturelleschaumont.fr\/mdxpuixt\/\",\"name\":\"Les Saisons Culturelles de Chaumont\",\"description\":\"\",\"potentialAction\":[{\"@type\":\"SearchAction\",\"target\":{\"@type\":\"EntryPoint\",\"urlTemplate\":\"https:\/\/saisonsculturelleschaumont.fr\/mdxpuixt\/?s={search_term_string}\"},\"query-input\":\"required name=search_term_string\"}],\"inLanguage\":\"fr-FR\"}]}<\/script>\n<!-- \/ Yoast SEO plugin. -->","yoast_head_json":{"title":"Instantan\u00e9 Duo - Compagnie Soundtrack - Les Saisons Culturelles de Chaumont","description":"D\u00e9couvrez la programmation culturelle de la saison culturelle de la ville de Chaumont. Expositions, visites, rencontres, ateliers, concerts, spectacles, animations et plus encore.","robots":{"index":"noindex","follow":"follow","max-snippet":"max-snippet:-1","max-image-preview":"max-image-preview:large","max-video-preview":"max-video-preview:-1"},"og_locale":"fr_FR","og_type":"article","og_title":"Instantan\u00e9 Duo - Compagnie Soundtrack - Les Saisons Culturelles de Chaumont","og_description":"D\u00e9couvrez la programmation culturelle de la saison culturelle de la ville de Chaumont. Expositions, visites, rencontres, ateliers, concerts, spectacles, animations et plus encore.","og_url":"https:\/\/saisonsculturelleschaumont.fr\/mdxpuixt\/evenement\/__trashed-4__trashed\/","og_site_name":"Les Saisons Culturelles de Chaumont","article_publisher":"https:\/\/www.facebook.com\/saisonsculturelleschaumont\/","article_modified_time":"2023-09-15T13:03:28+00:00","og_image":[{"width":960,"height":960,"url":"https:\/\/saisonsculturelleschaumont.fr\/mdxpuixt\/wp-content\/uploads\/2021\/06\/DUO-INSTANTANE_\u00a9Petrouchka-Cyberflonflon.jpeg","type":"image\/jpeg"}],"twitter_card":"summary_large_image","twitter_misc":{"Dur\u00e9e de lecture estim\u00e9e":"1 minute"},"schema":{"@context":"https:\/\/schema.org","@graph":[{"@type":"WebPage","@id":"https:\/\/saisonsculturelleschaumont.fr\/mdxpuixt\/evenement\/__trashed-4__trashed\/","url":"https:\/\/saisonsculturelleschaumont.fr\/mdxpuixt\/evenement\/__trashed-4__trashed\/","name":"Instantan\u00e9 Duo - Compagnie Soundtrack - Les Saisons Culturelles de Chaumont","isPartOf":{"@id":"https:\/\/saisonsculturelleschaumont.fr\/mdxpuixt\/#website"},"datePublished":"2021-06-16T11:25:15+00:00","dateModified":"2023-09-15T13:03:28+00:00","description":"D\u00e9couvrez la programmation culturelle de la saison culturelle de la ville de Chaumont. Expositions, visites, rencontres, ateliers, concerts, spectacles, animations et plus encore.","breadcrumb":{"@id":"https:\/\/saisonsculturelleschaumont.fr\/mdxpuixt\/evenement\/__trashed-4__trashed\/#breadcrumb"},"inLanguage":"fr-FR","potentialAction":[{"@type":"ReadAction","target":["https:\/\/saisonsculturelleschaumont.fr\/mdxpuixt\/evenement\/__trashed-4__trashed\/"]}]},{"@type":"BreadcrumbList","@id":"https:\/\/saisonsculturelleschaumont.fr\/mdxpuixt\/evenement\/__trashed-4__trashed\/#breadcrumb","itemListElement":[{"@type":"ListItem","position":1,"name":"Accueil","item":"https:\/\/saisonsculturelleschaumont.fr\/mdxpuixt\/"},{"@type":"ListItem","position":2,"name":"\u00c9v\u00e8nements","item":"https:\/\/saisonsculturelleschaumont.fr\/mdxpuixt\/agenda\/"},{"@type":"ListItem","position":3,"name":"Instantan\u00e9 Duo &#8211; Compagnie Soundtrack"}]},{"@type":"WebSite","@id":"https:\/\/saisonsculturelleschaumont.fr\/mdxpuixt\/#website","url":"https:\/\/saisonsculturelleschaumont.fr\/mdxpuixt\/","name":"Les Saisons Culturelles de Chaumont","description":"","potentialAction":[{"@type":"SearchAction","target":{"@type":"EntryPoint","urlTemplate":"https:\/\/saisonsculturelleschaumont.fr\/mdxpuixt\/?s={search_term_string}"},"query-input":"required name=search_term_string"}],"inLanguage":"fr-FR"}]}},"uagb_featured_image_src":{"full":["https:\/\/saisonsculturelleschaumont.fr\/mdxpuixt\/wp-content\/uploads\/2021\/06\/DUO-INSTANTANE_\u00a9Petrouchka-Cyberflonflon.jpeg",960,960,false],"thumbnail":["https:\/\/saisonsculturelleschaumont.fr\/mdxpuixt\/wp-content\/uploads\/2021\/06\/DUO-INSTANTANE_\u00a9Petrouchka-Cyberflonflon-80x80.jpeg",80,80,true],"medium":["https:\/\/saisonsculturelleschaumont.fr\/mdxpuixt\/wp-content\/uploads\/2021\/06\/DUO-INSTANTANE_\u00a9Petrouchka-Cyberflonflon-300x300.jpeg",300,300,true],"medium_large":["https:\/\/saisonsculturelleschaumont.fr\/mdxpuixt\/wp-content\/uploads\/2021\/06\/DUO-INSTANTANE_\u00a9Petrouchka-Cyberflonflon-768x768.jpeg",768,768,true],"large":["https:\/\/saisonsculturelleschaumont.fr\/mdxpuixt\/wp-content\/uploads\/2021\/06\/DUO-INSTANTANE_\u00a9Petrouchka-Cyberflonflon.jpeg",960,960,false],"1536x1536":["https:\/\/saisonsculturelleschaumont.fr\/mdxpuixt\/wp-content\/uploads\/2021\/06\/DUO-INSTANTANE_\u00a9Petrouchka-Cyberflonflon.jpeg",960,960,false],"2048x2048":["https:\/\/saisonsculturelleschaumont.fr\/mdxpuixt\/wp-content\/uploads\/2021\/06\/DUO-INSTANTANE_\u00a9Petrouchka-Cyberflonflon.jpeg",960,960,false],"widget":["https:\/\/saisonsculturelleschaumont.fr\/mdxpuixt\/wp-content\/uploads\/2021\/06\/DUO-INSTANTANE_\u00a9Petrouchka-Cyberflonflon-36x36.jpeg",36,36,true],"square":["https:\/\/saisonsculturelleschaumont.fr\/mdxpuixt\/wp-content\/uploads\/2021\/06\/DUO-INSTANTANE_\u00a9Petrouchka-Cyberflonflon-180x180.jpeg",180,180,true],"featured":["https:\/\/saisonsculturelleschaumont.fr\/mdxpuixt\/wp-content\/uploads\/2021\/06\/DUO-INSTANTANE_\u00a9Petrouchka-Cyberflonflon-960x430.jpeg",960,430,true],"featured_large":["https:\/\/saisonsculturelleschaumont.fr\/mdxpuixt\/wp-content\/uploads\/2021\/06\/DUO-INSTANTANE_\u00a9Petrouchka-Cyberflonflon-960x630.jpeg",960,630,true],"extra_large":["https:\/\/saisonsculturelleschaumont.fr\/mdxpuixt\/wp-content\/uploads\/2021\/06\/DUO-INSTANTANE_\u00a9Petrouchka-Cyberflonflon.jpeg",960,960,false],"portfolio":["https:\/\/saisonsculturelleschaumont.fr\/mdxpuixt\/wp-content\/uploads\/2021\/06\/DUO-INSTANTANE_\u00a9Petrouchka-Cyberflonflon-495x400.jpeg",495,400,true],"portfolio_small":["https:\/\/saisonsculturelleschaumont.fr\/mdxpuixt\/wp-content\/uploads\/2021\/06\/DUO-INSTANTANE_\u00a9Petrouchka-Cyberflonflon-260x185.jpeg",260,185,true],"gallery":["https:\/\/saisonsculturelleschaumont.fr\/mdxpuixt\/wp-content\/uploads\/2021\/06\/DUO-INSTANTANE_\u00a9Petrouchka-Cyberflonflon-845x684.jpeg",845,684,true],"magazine":["https:\/\/saisonsculturelleschaumont.fr\/mdxpuixt\/wp-content\/uploads\/2021\/06\/DUO-INSTANTANE_\u00a9Petrouchka-Cyberflonflon-710x375.jpeg",710,375,true],"masonry":["https:\/\/saisonsculturelleschaumont.fr\/mdxpuixt\/wp-content\/uploads\/2021\/06\/DUO-INSTANTANE_\u00a9Petrouchka-Cyberflonflon-705x705.jpeg",705,705,true],"entry_with_sidebar":["https:\/\/saisonsculturelleschaumont.fr\/mdxpuixt\/wp-content\/uploads\/2021\/06\/DUO-INSTANTANE_\u00a9Petrouchka-Cyberflonflon-845x321.jpeg",845,321,true],"entry_without_sidebar":["https:\/\/saisonsculturelleschaumont.fr\/mdxpuixt\/wp-content\/uploads\/2021\/06\/DUO-INSTANTANE_\u00a9Petrouchka-Cyberflonflon-960x423.jpeg",960,423,true]},"uagb_author_info":{"display_name":"Justine Ansel","author_link":"https:\/\/saisonsculturelleschaumont.fr\/mdxpuixt\/author\/justine-ansel\/"},"uagb_comment_info":0,"uagb_excerpt":"Quand Patricia Dallio et Fr\u00e9d\u00e9ric Le Junter se rencontrent cela donne un duo d\u2019improvisation hors normes. Tous deux s\u2019aventurent ensemble dans les m\u00e9andres de textures sonores \u00e9lectroniques et acoustiques amplifi\u00e9es. [&hellip;]","_links":{"self":[{"href":"https:\/\/saisonsculturelleschaumont.fr\/mdxpuixt\/wp-json\/wp\/v2\/tribe_events\/6543"}],"collection":[{"href":"https:\/\/saisonsculturelleschaumont.fr\/mdxpuixt\/wp-json\/wp\/v2\/tribe_events"}],"about":[{"href":"https:\/\/saisonsculturelleschaumont.fr\/mdxpuixt\/wp-json\/wp\/v2\/types\/tribe_events"}],"author":[{"embeddable":true,"href":"https:\/\/saisonsculturelleschaumont.fr\/mdxpuixt\/wp-json\/wp\/v2\/users\/3"}],"replies":[{"embeddable":true,"href":"https:\/\/saisonsculturelleschaumont.fr\/mdxpuixt\/wp-json\/wp\/v2\/comments?post=6543"}],"version-history":[{"count":0,"href":"https:\/\/saisonsculturelleschaumont.fr\/mdxpuixt\/wp-json\/wp\/v2\/tribe_events\/6543\/revisions"}],"wp:featuredmedia":[{"embeddable":true,"href":"https:\/\/saisonsculturelleschaumont.fr\/mdxpuixt\/wp-json\/wp\/v2\/media\/6688"}],"wp:attachment":[{"href":"https:\/\/saisonsculturelleschaumont.fr\/mdxpuixt\/wp-json\/wp\/v2\/media?parent=6543"}],"wp:term":[{"taxonomy":"post_tag","embeddable":true,"href":"https:\/\/saisonsculturelleschaumont.fr\/mdxpuixt\/wp-json\/wp\/v2\/tags?post=6543"},{"taxonomy":"tribe_events_cat","embeddable":true,"href":"https:\/\/saisonsculturelleschaumont.fr\/mdxpuixt\/wp-json\/wp\/v2\/tribe_events_cat?post=6543"}],"curies":[{"name":"wp","href":"https:\/\/api.w.org\/{rel}","templated":true}]}}