{"id":6626,"date":"2021-06-16T16:04:33","date_gmt":"2021-06-16T14:04:33","guid":{"rendered":"https:\/\/saisonsculturelleschaumont.fr\/mdxpuixt\/?post_type=tribe_events&#038;p=6626"},"modified":"2023-09-15T15:03:28","modified_gmt":"2023-09-15T13:03:28","slug":"trio-commune-improvisation-compagnie-soundtrack","status":"publish","type":"tribe_events","link":"https:\/\/saisonsculturelleschaumont.fr\/mdxpuixt\/evenement\/trio-commune-improvisation-compagnie-soundtrack\/","title":{"rendered":"Trio commune \/ Ateliers &#038; Concert &#8211; Compagnie Soundtrack"},"content":{"rendered":"<p>Le trio commune se retrouve dans le jardin Agathe Roullot \u00e0 la rencontre des promeneurs et des habitants du quartier.<br \/>\nLes trois artistes Patricia Dallio, Fre\u0301de\u0301ric Le Junter et Aurore Gruel sont des improvisateurs ague\u0301rris. Dans ces moments de liberte\u0301, ils tissent, inventent, jouent a\u0300 faire surgir les sons et les mouvements sugge\u0301re\u0301s par l\u2019environnement, par les pre\u0301sences et par l\u2019histoire des lieux dans lesquels ils performent. Leur expe\u0301rience est grande dans cette manie\u0300re de travailler la matie\u0300re vivante, sonore, gestuelle et cette aisance est communicative pour celui qui voit devant lui surgir ces moments ine\u0301dits invente\u0301s la\u0300, pour eux.<\/p>\n<p>Venez les rencontrer d\u00e8s<strong> 14h<\/strong> pour des ateliers de d\u00e9couvertes sonores :<\/p>\n<ul>\n<li><strong>Atelier massage sonore avec Patricia Dallio<\/strong><\/li>\n<\/ul>\n<p class=\"o9v6fnle cxmmr5t8 oygrvhab hcukyx3x c1et5uql\">La musicienne vous invite pour un temps suspendu en \u00e9coute et les yeux ferm\u00e9s. En approche sonore d\u00e9licate, elle fabrique pour chacun de petites explorations sonores en proximit\u00e9 \u00e0 entendre et \u00e0 ressentir. Des massages sonores sous le murmure des arbres pour un temps suspendu dans votre propre imagination.<\/p>\n<p><em>Quelques minutes par personne pour trois participants \u00e0 la fois qui se succ\u00e8dent<\/em><br \/>\n<em>Gratuit<\/em><br \/>\n<em>Sans r\u00e9servation<\/em><\/p>\n<ul>\n<li><strong>Atelier Rommel Pot avec Fr\u00e9d\u00e9ric Le Junter<\/strong><\/li>\n<\/ul>\n<p class=\"o9v6fnle cxmmr5t8 oygrvhab hcukyx3x c1et5uql\">D\u00e9couvrez une version actualis\u00e9e de cet instrument ancien qui sera dans les bois. Le musicien vous montrera comment produire des mati\u00e8res sonores \u00e9tranges.<\/p>\n<p><em>2 participants \u00e0 la fois pour une initiation<\/em><br \/>\n<em>Gratuit<\/em><br \/>\n<em>Sans r\u00e9servation<\/em><\/p>\n<ul>\n<li><strong>Atelier \u00ab\u00a0Habiter autrement son espace\u00a0\u00bb avec Aurore Gruel<\/strong><\/li>\n<\/ul>\n<p class=\"o9v6fnle cxmmr5t8 oygrvhab hcukyx3x c1et5uql\">Habiter autrement son espace est une invitation in situ pour une respiration dans\u00e9e qui se conjugue selon diff\u00e9rents ingr\u00e9dients :<br \/>\nUn tirage de cartes d\u00e9termine les ingr\u00e9dients de base d\u2019une \u201ccomposition chor\u00e9graphique\u201c en dialogue avec un environnement. Chacun repartira avec sa composition in\u00e9dite libre de l\u2019enrichir ou pas, telle une trace de pr\u00e9sences insoup\u00e7onn\u00e9es.<\/p>\n<p><em>12 participants \u00e0 la fois<\/em><br \/>\n<em>Gratuit<\/em><br \/>\n<em>Sans r\u00e9servation<\/em><\/p>\n<p>&nbsp;<\/p>\n<p>Puis rendez-vous \u00e0 <strong>19h<\/strong> pour un concert impro.<\/p>\n<p><em>Gratuit<\/em><br \/>\n<em>Sans r\u00e9servation<\/em><\/p>\n","protected":false},"excerpt":{"rendered":"<p>Le trio commune se retrouve dans le jardin Agathe Roullot \u00e0 la rencontre des promeneurs et des habitants du quartier. Les trois artistes Patricia Dallio, Fre\u0301de\u0301ric Le Junter et Aurore [&hellip;]<\/p>\n","protected":false},"author":3,"featured_media":6687,"comment_status":"closed","ping_status":"closed","template":"","meta":{"_uag_custom_page_level_css":"","_tribe_events_status":"","_tribe_events_status_reason":""},"tags":[115,231,51,229,230,228,221],"tribe_events_cat":[305],"yoast_head":"<!-- This site is optimized with the Yoast SEO plugin v21.1 - https:\/\/yoast.com\/wordpress\/plugins\/seo\/ -->\n<title>Trio commune \/ Ateliers &amp; Concert - Compagnie Soundtrack - Les Saisons Culturelles de Chaumont<\/title>\n<meta name=\"description\" content=\"D\u00e9couvrez la programmation culturelle de la saison culturelle de la ville de Chaumont. Expositions, visites, rencontres, ateliers, concerts, spectacles, animations et plus encore.\" \/>\n<meta name=\"robots\" content=\"noindex, follow, max-snippet:-1, max-image-preview:large, max-video-preview:-1\" \/>\n<meta property=\"og:locale\" content=\"fr_FR\" \/>\n<meta property=\"og:type\" content=\"article\" \/>\n<meta property=\"og:title\" content=\"Trio commune \/ Ateliers &amp; Concert - Compagnie Soundtrack - Les Saisons Culturelles de Chaumont\" \/>\n<meta property=\"og:description\" content=\"D\u00e9couvrez la programmation culturelle de la saison culturelle de la ville de Chaumont. Expositions, visites, rencontres, ateliers, concerts, spectacles, animations et plus encore.\" \/>\n<meta property=\"og:url\" content=\"https:\/\/saisonsculturelleschaumont.fr\/mdxpuixt\/evenement\/trio-commune-improvisation-compagnie-soundtrack\/\" \/>\n<meta property=\"og:site_name\" content=\"Les Saisons Culturelles de Chaumont\" \/>\n<meta property=\"article:publisher\" content=\"https:\/\/www.facebook.com\/saisonsculturelleschaumont\/\" \/>\n<meta property=\"article:modified_time\" content=\"2023-09-15T13:03:28+00:00\" \/>\n<meta property=\"og:image\" content=\"https:\/\/saisonsculturelleschaumont.fr\/mdxpuixt\/wp-content\/uploads\/2021\/06\/TRIO_COMMUNE_prairie_good-serree-scaled-e1623852265989.jpg\" \/>\n\t<meta property=\"og:image:width\" content=\"650\" \/>\n\t<meta property=\"og:image:height\" content=\"781\" \/>\n\t<meta property=\"og:image:type\" content=\"image\/jpeg\" \/>\n<meta name=\"twitter:card\" content=\"summary_large_image\" \/>\n<meta name=\"twitter:label1\" content=\"Dur\u00e9e de lecture estim\u00e9e\" \/>\n\t<meta name=\"twitter:data1\" content=\"2 minutes\" \/>\n<script type=\"application\/ld+json\" class=\"yoast-schema-graph\">{\"@context\":\"https:\/\/schema.org\",\"@graph\":[{\"@type\":\"WebPage\",\"@id\":\"https:\/\/saisonsculturelleschaumont.fr\/mdxpuixt\/evenement\/trio-commune-improvisation-compagnie-soundtrack\/\",\"url\":\"https:\/\/saisonsculturelleschaumont.fr\/mdxpuixt\/evenement\/trio-commune-improvisation-compagnie-soundtrack\/\",\"name\":\"Trio commune \/ Ateliers & Concert - Compagnie Soundtrack - Les Saisons Culturelles de Chaumont\",\"isPartOf\":{\"@id\":\"https:\/\/saisonsculturelleschaumont.fr\/mdxpuixt\/#website\"},\"datePublished\":\"2021-06-16T14:04:33+00:00\",\"dateModified\":\"2023-09-15T13:03:28+00:00\",\"description\":\"D\u00e9couvrez la programmation culturelle de la saison culturelle de la ville de Chaumont. Expositions, visites, rencontres, ateliers, concerts, spectacles, animations et plus encore.\",\"breadcrumb\":{\"@id\":\"https:\/\/saisonsculturelleschaumont.fr\/mdxpuixt\/evenement\/trio-commune-improvisation-compagnie-soundtrack\/#breadcrumb\"},\"inLanguage\":\"fr-FR\",\"potentialAction\":[{\"@type\":\"ReadAction\",\"target\":[\"https:\/\/saisonsculturelleschaumont.fr\/mdxpuixt\/evenement\/trio-commune-improvisation-compagnie-soundtrack\/\"]}]},{\"@type\":\"BreadcrumbList\",\"@id\":\"https:\/\/saisonsculturelleschaumont.fr\/mdxpuixt\/evenement\/trio-commune-improvisation-compagnie-soundtrack\/#breadcrumb\",\"itemListElement\":[{\"@type\":\"ListItem\",\"position\":1,\"name\":\"Accueil\",\"item\":\"https:\/\/saisonsculturelleschaumont.fr\/mdxpuixt\/\"},{\"@type\":\"ListItem\",\"position\":2,\"name\":\"\u00c9v\u00e8nements\",\"item\":\"https:\/\/saisonsculturelleschaumont.fr\/mdxpuixt\/agenda\/\"},{\"@type\":\"ListItem\",\"position\":3,\"name\":\"Trio commune \/ Ateliers &#038; Concert &#8211; Compagnie Soundtrack\"}]},{\"@type\":\"WebSite\",\"@id\":\"https:\/\/saisonsculturelleschaumont.fr\/mdxpuixt\/#website\",\"url\":\"https:\/\/saisonsculturelleschaumont.fr\/mdxpuixt\/\",\"name\":\"Les Saisons Culturelles de Chaumont\",\"description\":\"\",\"potentialAction\":[{\"@type\":\"SearchAction\",\"target\":{\"@type\":\"EntryPoint\",\"urlTemplate\":\"https:\/\/saisonsculturelleschaumont.fr\/mdxpuixt\/?s={search_term_string}\"},\"query-input\":\"required name=search_term_string\"}],\"inLanguage\":\"fr-FR\"}]}<\/script>\n<!-- \/ Yoast SEO plugin. -->","yoast_head_json":{"title":"Trio commune \/ Ateliers & Concert - Compagnie Soundtrack - Les Saisons Culturelles de Chaumont","description":"D\u00e9couvrez la programmation culturelle de la saison culturelle de la ville de Chaumont. Expositions, visites, rencontres, ateliers, concerts, spectacles, animations et plus encore.","robots":{"index":"noindex","follow":"follow","max-snippet":"max-snippet:-1","max-image-preview":"max-image-preview:large","max-video-preview":"max-video-preview:-1"},"og_locale":"fr_FR","og_type":"article","og_title":"Trio commune \/ Ateliers & Concert - Compagnie Soundtrack - Les Saisons Culturelles de Chaumont","og_description":"D\u00e9couvrez la programmation culturelle de la saison culturelle de la ville de Chaumont. Expositions, visites, rencontres, ateliers, concerts, spectacles, animations et plus encore.","og_url":"https:\/\/saisonsculturelleschaumont.fr\/mdxpuixt\/evenement\/trio-commune-improvisation-compagnie-soundtrack\/","og_site_name":"Les Saisons Culturelles de Chaumont","article_publisher":"https:\/\/www.facebook.com\/saisonsculturelleschaumont\/","article_modified_time":"2023-09-15T13:03:28+00:00","og_image":[{"width":650,"height":781,"url":"https:\/\/saisonsculturelleschaumont.fr\/mdxpuixt\/wp-content\/uploads\/2021\/06\/TRIO_COMMUNE_prairie_good-serree-scaled-e1623852265989.jpg","type":"image\/jpeg"}],"twitter_card":"summary_large_image","twitter_misc":{"Dur\u00e9e de lecture estim\u00e9e":"2 minutes"},"schema":{"@context":"https:\/\/schema.org","@graph":[{"@type":"WebPage","@id":"https:\/\/saisonsculturelleschaumont.fr\/mdxpuixt\/evenement\/trio-commune-improvisation-compagnie-soundtrack\/","url":"https:\/\/saisonsculturelleschaumont.fr\/mdxpuixt\/evenement\/trio-commune-improvisation-compagnie-soundtrack\/","name":"Trio commune \/ Ateliers & Concert - Compagnie Soundtrack - Les Saisons Culturelles de Chaumont","isPartOf":{"@id":"https:\/\/saisonsculturelleschaumont.fr\/mdxpuixt\/#website"},"datePublished":"2021-06-16T14:04:33+00:00","dateModified":"2023-09-15T13:03:28+00:00","description":"D\u00e9couvrez la programmation culturelle de la saison culturelle de la ville de Chaumont. Expositions, visites, rencontres, ateliers, concerts, spectacles, animations et plus encore.","breadcrumb":{"@id":"https:\/\/saisonsculturelleschaumont.fr\/mdxpuixt\/evenement\/trio-commune-improvisation-compagnie-soundtrack\/#breadcrumb"},"inLanguage":"fr-FR","potentialAction":[{"@type":"ReadAction","target":["https:\/\/saisonsculturelleschaumont.fr\/mdxpuixt\/evenement\/trio-commune-improvisation-compagnie-soundtrack\/"]}]},{"@type":"BreadcrumbList","@id":"https:\/\/saisonsculturelleschaumont.fr\/mdxpuixt\/evenement\/trio-commune-improvisation-compagnie-soundtrack\/#breadcrumb","itemListElement":[{"@type":"ListItem","position":1,"name":"Accueil","item":"https:\/\/saisonsculturelleschaumont.fr\/mdxpuixt\/"},{"@type":"ListItem","position":2,"name":"\u00c9v\u00e8nements","item":"https:\/\/saisonsculturelleschaumont.fr\/mdxpuixt\/agenda\/"},{"@type":"ListItem","position":3,"name":"Trio commune \/ Ateliers &#038; Concert &#8211; Compagnie Soundtrack"}]},{"@type":"WebSite","@id":"https:\/\/saisonsculturelleschaumont.fr\/mdxpuixt\/#website","url":"https:\/\/saisonsculturelleschaumont.fr\/mdxpuixt\/","name":"Les Saisons Culturelles de Chaumont","description":"","potentialAction":[{"@type":"SearchAction","target":{"@type":"EntryPoint","urlTemplate":"https:\/\/saisonsculturelleschaumont.fr\/mdxpuixt\/?s={search_term_string}"},"query-input":"required name=search_term_string"}],"inLanguage":"fr-FR"}]}},"uagb_featured_image_src":{"full":["https:\/\/saisonsculturelleschaumont.fr\/mdxpuixt\/wp-content\/uploads\/2021\/06\/TRIO_COMMUNE_prairie_good-serree-scaled-e1623852265989.jpg",650,781,false],"thumbnail":["https:\/\/saisonsculturelleschaumont.fr\/mdxpuixt\/wp-content\/uploads\/2021\/06\/TRIO_COMMUNE_prairie_good-serree-80x80.jpg",80,80,true],"medium":["https:\/\/saisonsculturelleschaumont.fr\/mdxpuixt\/wp-content\/uploads\/2021\/06\/TRIO_COMMUNE_prairie_good-serree-300x300.jpg",300,300,true],"medium_large":["https:\/\/saisonsculturelleschaumont.fr\/mdxpuixt\/wp-content\/uploads\/2021\/06\/TRIO_COMMUNE_prairie_good-serree-768x768.jpg",768,768,true],"large":["https:\/\/saisonsculturelleschaumont.fr\/mdxpuixt\/wp-content\/uploads\/2021\/06\/TRIO_COMMUNE_prairie_good-serree-1030x1030.jpg",1030,1030,true],"1536x1536":["https:\/\/saisonsculturelleschaumont.fr\/mdxpuixt\/wp-content\/uploads\/2021\/06\/TRIO_COMMUNE_prairie_good-serree-1278x1536.jpg",1278,1536,true],"2048x2048":["https:\/\/saisonsculturelleschaumont.fr\/mdxpuixt\/wp-content\/uploads\/2021\/06\/TRIO_COMMUNE_prairie_good-serree-1705x2048.jpg",1705,2048,true],"widget":["https:\/\/saisonsculturelleschaumont.fr\/mdxpuixt\/wp-content\/uploads\/2021\/06\/TRIO_COMMUNE_prairie_good-serree-36x36.jpg",36,36,true],"square":["https:\/\/saisonsculturelleschaumont.fr\/mdxpuixt\/wp-content\/uploads\/2021\/06\/TRIO_COMMUNE_prairie_good-serree-180x180.jpg",180,180,true],"featured":["https:\/\/saisonsculturelleschaumont.fr\/mdxpuixt\/wp-content\/uploads\/2021\/06\/TRIO_COMMUNE_prairie_good-serree-1500x430.jpg",1500,430,true],"featured_large":["https:\/\/saisonsculturelleschaumont.fr\/mdxpuixt\/wp-content\/uploads\/2021\/06\/TRIO_COMMUNE_prairie_good-serree-1500x630.jpg",1500,630,true],"extra_large":["https:\/\/saisonsculturelleschaumont.fr\/mdxpuixt\/wp-content\/uploads\/2021\/06\/TRIO_COMMUNE_prairie_good-serree-1248x1500.jpg",1248,1500,true],"portfolio":["https:\/\/saisonsculturelleschaumont.fr\/mdxpuixt\/wp-content\/uploads\/2021\/06\/TRIO_COMMUNE_prairie_good-serree-495x400.jpg",495,400,true],"portfolio_small":["https:\/\/saisonsculturelleschaumont.fr\/mdxpuixt\/wp-content\/uploads\/2021\/06\/TRIO_COMMUNE_prairie_good-serree-260x185.jpg",260,185,true],"gallery":["https:\/\/saisonsculturelleschaumont.fr\/mdxpuixt\/wp-content\/uploads\/2021\/06\/TRIO_COMMUNE_prairie_good-serree-845x684.jpg",845,684,true],"magazine":["https:\/\/saisonsculturelleschaumont.fr\/mdxpuixt\/wp-content\/uploads\/2021\/06\/TRIO_COMMUNE_prairie_good-serree-710x375.jpg",710,375,true],"masonry":["https:\/\/saisonsculturelleschaumont.fr\/mdxpuixt\/wp-content\/uploads\/2021\/06\/TRIO_COMMUNE_prairie_good-serree-587x705.jpg",587,705,true],"entry_with_sidebar":["https:\/\/saisonsculturelleschaumont.fr\/mdxpuixt\/wp-content\/uploads\/2021\/06\/TRIO_COMMUNE_prairie_good-serree-845x321.jpg",845,321,true],"entry_without_sidebar":["https:\/\/saisonsculturelleschaumont.fr\/mdxpuixt\/wp-content\/uploads\/2021\/06\/TRIO_COMMUNE_prairie_good-serree-1210x423.jpg",1210,423,true]},"uagb_author_info":{"display_name":"Justine Ansel","author_link":"https:\/\/saisonsculturelleschaumont.fr\/mdxpuixt\/author\/justine-ansel\/"},"uagb_comment_info":0,"uagb_excerpt":"Le trio commune se retrouve dans le jardin Agathe Roullot \u00e0 la rencontre des promeneurs et des habitants du quartier. Les trois artistes Patricia Dallio, Fre\u0301de\u0301ric Le Junter et Aurore [&hellip;]","_links":{"self":[{"href":"https:\/\/saisonsculturelleschaumont.fr\/mdxpuixt\/wp-json\/wp\/v2\/tribe_events\/6626"}],"collection":[{"href":"https:\/\/saisonsculturelleschaumont.fr\/mdxpuixt\/wp-json\/wp\/v2\/tribe_events"}],"about":[{"href":"https:\/\/saisonsculturelleschaumont.fr\/mdxpuixt\/wp-json\/wp\/v2\/types\/tribe_events"}],"author":[{"embeddable":true,"href":"https:\/\/saisonsculturelleschaumont.fr\/mdxpuixt\/wp-json\/wp\/v2\/users\/3"}],"replies":[{"embeddable":true,"href":"https:\/\/saisonsculturelleschaumont.fr\/mdxpuixt\/wp-json\/wp\/v2\/comments?post=6626"}],"version-history":[{"count":0,"href":"https:\/\/saisonsculturelleschaumont.fr\/mdxpuixt\/wp-json\/wp\/v2\/tribe_events\/6626\/revisions"}],"wp:featuredmedia":[{"embeddable":true,"href":"https:\/\/saisonsculturelleschaumont.fr\/mdxpuixt\/wp-json\/wp\/v2\/media\/6687"}],"wp:attachment":[{"href":"https:\/\/saisonsculturelleschaumont.fr\/mdxpuixt\/wp-json\/wp\/v2\/media?parent=6626"}],"wp:term":[{"taxonomy":"post_tag","embeddable":true,"href":"https:\/\/saisonsculturelleschaumont.fr\/mdxpuixt\/wp-json\/wp\/v2\/tags?post=6626"},{"taxonomy":"tribe_events_cat","embeddable":true,"href":"https:\/\/saisonsculturelleschaumont.fr\/mdxpuixt\/wp-json\/wp\/v2\/tribe_events_cat?post=6626"}],"curies":[{"name":"wp","href":"https:\/\/api.w.org\/{rel}","templated":true}]}}