{"id":6628,"date":"2021-06-29T10:13:05","date_gmt":"2021-06-29T08:13:05","guid":{"rendered":"https:\/\/saisonsculturelleschaumont.fr\/mdxpuixt\/?post_type=tribe_events&#038;p=6628"},"modified":"2023-09-15T15:03:28","modified_gmt":"2023-09-15T13:03:28","slug":"concert-du-13-juillet","status":"publish","type":"tribe_events","link":"https:\/\/saisonsculturelleschaumont.fr\/mdxpuixt\/evenement\/concert-du-13-juillet\/","title":{"rendered":"Concert du 13 Juillet"},"content":{"rendered":"<p>Dans le cadre des festivit\u00e9s du 13 juillet, retrouvez le collectif de &lsquo;La Saugrenue&rsquo; et leur spectacle &lsquo;Le petit bal perdu&rsquo;. Dans une ambiance de bal n\u00e9o-r\u00e9tro, revivez l&rsquo;\u00e2ge d&rsquo;or du musette des ann\u00e9es 30. Accord\u00e9on, contrebasse, banjo\/guitare et j\u00e2se, les musiciens de la Saugrenue encha\u00eenent javas, valses, toupies, tango, paso, swing et autres rumba, pour un bal canaille qui fait aussi la part belle aux chansons de Frehel, Damia, Piaf et Berthe Sylva, interpr\u00e9t\u00e9es par la gouaillante chanteuse Sacha la Fauve.<\/p>\n<p>Ecrit et mis en sc\u00e8ne par Jean-Fran\u00e7ois Caire, dit \u00ab\u00a0La Taxe\u00a0\u00bb | R\u00e9alis\u00e9 par Yannis Pachaud | Compos\u00e9 par Etienne Recagno et Charles Courtioux | Arrang\u00e9 par Florent Sepchat dit \u00ab\u00a0La Bretelle\u00a0\u00bb | D\u00e9cor\u00e9 par Le Balluche de la Saugrenue | Costum\u00e9 par Oc\u00e9ane Halpert dit \u00ab\u00a0La Fauve\u00a0\u00bb | Mis en lumi\u00e8res par Max Moreau | R\u00e9gie: Mathieu Torsat dit \u00ab\u00a0L\u2019emplumeur\u00a0\u00bb second\u00e9 par Jean Guyomarc&rsquo;h dit \u00ab\u00a0La Tambouille\u00a0\u00bb<\/p>\n<p>Avec:<\/p>\n<p>Oc\u00e9ane Halpert (Chant) | Florent Sepchat (Accord\u00e9on) | Jean-Fran\u00e7ois Caire (Jase) | Matthieu Torsat (Contrebasse) | Jean Guyomarch (Banjo) | Samuel Durand (Sax Baryton)<\/p>\n","protected":false},"excerpt":{"rendered":"<p>Dans le cadre des festivit\u00e9s du 13 juillet, retrouvez le collectif de &lsquo;La Saugrenue&rsquo; et leur spectacle &lsquo;Le petit bal perdu&rsquo;. Dans une ambiance de bal n\u00e9o-r\u00e9tro, revivez l&rsquo;\u00e2ge d&rsquo;or [&hellip;]<\/p>\n","protected":false},"author":3,"featured_media":6703,"comment_status":"closed","ping_status":"closed","template":"","meta":{"_uag_custom_page_level_css":"","_tribe_events_status":"","_tribe_events_status_reason":""},"tags":[227,51,226,221,223],"tribe_events_cat":[305],"yoast_head":"<!-- This site is optimized with the Yoast SEO plugin v21.1 - https:\/\/yoast.com\/wordpress\/plugins\/seo\/ -->\n<title>Concert du 13 Juillet - Les Saisons Culturelles de Chaumont<\/title>\n<meta name=\"description\" content=\"D\u00e9couvrez la programmation culturelle de la saison culturelle de la ville de Chaumont. Expositions, visites, rencontres, ateliers, concerts, spectacles, animations et plus encore.\" \/>\n<meta name=\"robots\" content=\"noindex, follow, max-snippet:-1, max-image-preview:large, max-video-preview:-1\" \/>\n<meta property=\"og:locale\" content=\"fr_FR\" \/>\n<meta property=\"og:type\" content=\"article\" \/>\n<meta property=\"og:title\" content=\"Concert du 13 Juillet - Les Saisons Culturelles de Chaumont\" \/>\n<meta property=\"og:description\" content=\"D\u00e9couvrez la programmation culturelle de la saison culturelle de la ville de Chaumont. Expositions, visites, rencontres, ateliers, concerts, spectacles, animations et plus encore.\" \/>\n<meta property=\"og:url\" content=\"https:\/\/saisonsculturelleschaumont.fr\/mdxpuixt\/evenement\/concert-du-13-juillet\/\" \/>\n<meta property=\"og:site_name\" content=\"Les Saisons Culturelles de Chaumont\" \/>\n<meta property=\"article:publisher\" content=\"https:\/\/www.facebook.com\/saisonsculturelleschaumont\/\" \/>\n<meta property=\"article:modified_time\" content=\"2023-09-15T13:03:28+00:00\" \/>\n<meta property=\"og:image\" content=\"https:\/\/saisonsculturelleschaumont.fr\/mdxpuixt\/wp-content\/uploads\/2021\/06\/BALLUCHE_LE_PETIT_BAL_PERDU_FUNNY_OFFICIEL_SMALL-a1e37a74.jpeg\" \/>\n\t<meta property=\"og:image:width\" content=\"800\" \/>\n\t<meta property=\"og:image:height\" content=\"600\" \/>\n\t<meta property=\"og:image:type\" content=\"image\/jpeg\" \/>\n<meta name=\"twitter:card\" content=\"summary_large_image\" \/>\n<meta name=\"twitter:label1\" content=\"Dur\u00e9e de lecture estim\u00e9e\" \/>\n\t<meta name=\"twitter:data1\" content=\"1 minute\" \/>\n<script type=\"application\/ld+json\" class=\"yoast-schema-graph\">{\"@context\":\"https:\/\/schema.org\",\"@graph\":[{\"@type\":\"WebPage\",\"@id\":\"https:\/\/saisonsculturelleschaumont.fr\/mdxpuixt\/evenement\/concert-du-13-juillet\/\",\"url\":\"https:\/\/saisonsculturelleschaumont.fr\/mdxpuixt\/evenement\/concert-du-13-juillet\/\",\"name\":\"Concert du 13 Juillet - Les Saisons Culturelles de Chaumont\",\"isPartOf\":{\"@id\":\"https:\/\/saisonsculturelleschaumont.fr\/mdxpuixt\/#website\"},\"datePublished\":\"2021-06-29T08:13:05+00:00\",\"dateModified\":\"2023-09-15T13:03:28+00:00\",\"description\":\"D\u00e9couvrez la programmation culturelle de la saison culturelle de la ville de Chaumont. Expositions, visites, rencontres, ateliers, concerts, spectacles, animations et plus encore.\",\"breadcrumb\":{\"@id\":\"https:\/\/saisonsculturelleschaumont.fr\/mdxpuixt\/evenement\/concert-du-13-juillet\/#breadcrumb\"},\"inLanguage\":\"fr-FR\",\"potentialAction\":[{\"@type\":\"ReadAction\",\"target\":[\"https:\/\/saisonsculturelleschaumont.fr\/mdxpuixt\/evenement\/concert-du-13-juillet\/\"]}]},{\"@type\":\"BreadcrumbList\",\"@id\":\"https:\/\/saisonsculturelleschaumont.fr\/mdxpuixt\/evenement\/concert-du-13-juillet\/#breadcrumb\",\"itemListElement\":[{\"@type\":\"ListItem\",\"position\":1,\"name\":\"Accueil\",\"item\":\"https:\/\/saisonsculturelleschaumont.fr\/mdxpuixt\/\"},{\"@type\":\"ListItem\",\"position\":2,\"name\":\"\u00c9v\u00e8nements\",\"item\":\"https:\/\/saisonsculturelleschaumont.fr\/mdxpuixt\/agenda\/\"},{\"@type\":\"ListItem\",\"position\":3,\"name\":\"Concert du 13 Juillet\"}]},{\"@type\":\"WebSite\",\"@id\":\"https:\/\/saisonsculturelleschaumont.fr\/mdxpuixt\/#website\",\"url\":\"https:\/\/saisonsculturelleschaumont.fr\/mdxpuixt\/\",\"name\":\"Les Saisons Culturelles de Chaumont\",\"description\":\"\",\"potentialAction\":[{\"@type\":\"SearchAction\",\"target\":{\"@type\":\"EntryPoint\",\"urlTemplate\":\"https:\/\/saisonsculturelleschaumont.fr\/mdxpuixt\/?s={search_term_string}\"},\"query-input\":\"required name=search_term_string\"}],\"inLanguage\":\"fr-FR\"}]}<\/script>\n<!-- \/ Yoast SEO plugin. -->","yoast_head_json":{"title":"Concert du 13 Juillet - Les Saisons Culturelles de Chaumont","description":"D\u00e9couvrez la programmation culturelle de la saison culturelle de la ville de Chaumont. Expositions, visites, rencontres, ateliers, concerts, spectacles, animations et plus encore.","robots":{"index":"noindex","follow":"follow","max-snippet":"max-snippet:-1","max-image-preview":"max-image-preview:large","max-video-preview":"max-video-preview:-1"},"og_locale":"fr_FR","og_type":"article","og_title":"Concert du 13 Juillet - Les Saisons Culturelles de Chaumont","og_description":"D\u00e9couvrez la programmation culturelle de la saison culturelle de la ville de Chaumont. Expositions, visites, rencontres, ateliers, concerts, spectacles, animations et plus encore.","og_url":"https:\/\/saisonsculturelleschaumont.fr\/mdxpuixt\/evenement\/concert-du-13-juillet\/","og_site_name":"Les Saisons Culturelles de Chaumont","article_publisher":"https:\/\/www.facebook.com\/saisonsculturelleschaumont\/","article_modified_time":"2023-09-15T13:03:28+00:00","og_image":[{"width":800,"height":600,"url":"https:\/\/saisonsculturelleschaumont.fr\/mdxpuixt\/wp-content\/uploads\/2021\/06\/BALLUCHE_LE_PETIT_BAL_PERDU_FUNNY_OFFICIEL_SMALL-a1e37a74.jpeg","type":"image\/jpeg"}],"twitter_card":"summary_large_image","twitter_misc":{"Dur\u00e9e de lecture estim\u00e9e":"1 minute"},"schema":{"@context":"https:\/\/schema.org","@graph":[{"@type":"WebPage","@id":"https:\/\/saisonsculturelleschaumont.fr\/mdxpuixt\/evenement\/concert-du-13-juillet\/","url":"https:\/\/saisonsculturelleschaumont.fr\/mdxpuixt\/evenement\/concert-du-13-juillet\/","name":"Concert du 13 Juillet - Les Saisons Culturelles de Chaumont","isPartOf":{"@id":"https:\/\/saisonsculturelleschaumont.fr\/mdxpuixt\/#website"},"datePublished":"2021-06-29T08:13:05+00:00","dateModified":"2023-09-15T13:03:28+00:00","description":"D\u00e9couvrez la programmation culturelle de la saison culturelle de la ville de Chaumont. Expositions, visites, rencontres, ateliers, concerts, spectacles, animations et plus encore.","breadcrumb":{"@id":"https:\/\/saisonsculturelleschaumont.fr\/mdxpuixt\/evenement\/concert-du-13-juillet\/#breadcrumb"},"inLanguage":"fr-FR","potentialAction":[{"@type":"ReadAction","target":["https:\/\/saisonsculturelleschaumont.fr\/mdxpuixt\/evenement\/concert-du-13-juillet\/"]}]},{"@type":"BreadcrumbList","@id":"https:\/\/saisonsculturelleschaumont.fr\/mdxpuixt\/evenement\/concert-du-13-juillet\/#breadcrumb","itemListElement":[{"@type":"ListItem","position":1,"name":"Accueil","item":"https:\/\/saisonsculturelleschaumont.fr\/mdxpuixt\/"},{"@type":"ListItem","position":2,"name":"\u00c9v\u00e8nements","item":"https:\/\/saisonsculturelleschaumont.fr\/mdxpuixt\/agenda\/"},{"@type":"ListItem","position":3,"name":"Concert du 13 Juillet"}]},{"@type":"WebSite","@id":"https:\/\/saisonsculturelleschaumont.fr\/mdxpuixt\/#website","url":"https:\/\/saisonsculturelleschaumont.fr\/mdxpuixt\/","name":"Les Saisons Culturelles de Chaumont","description":"","potentialAction":[{"@type":"SearchAction","target":{"@type":"EntryPoint","urlTemplate":"https:\/\/saisonsculturelleschaumont.fr\/mdxpuixt\/?s={search_term_string}"},"query-input":"required name=search_term_string"}],"inLanguage":"fr-FR"}]}},"uagb_featured_image_src":{"full":["https:\/\/saisonsculturelleschaumont.fr\/mdxpuixt\/wp-content\/uploads\/2021\/06\/BALLUCHE_LE_PETIT_BAL_PERDU_FUNNY_OFFICIEL_SMALL-a1e37a74.jpeg",800,600,false],"thumbnail":["https:\/\/saisonsculturelleschaumont.fr\/mdxpuixt\/wp-content\/uploads\/2021\/06\/BALLUCHE_LE_PETIT_BAL_PERDU_FUNNY_OFFICIEL_SMALL-a1e37a74-80x80.jpeg",80,80,true],"medium":["https:\/\/saisonsculturelleschaumont.fr\/mdxpuixt\/wp-content\/uploads\/2021\/06\/BALLUCHE_LE_PETIT_BAL_PERDU_FUNNY_OFFICIEL_SMALL-a1e37a74-300x300.jpeg",300,300,true],"medium_large":["https:\/\/saisonsculturelleschaumont.fr\/mdxpuixt\/wp-content\/uploads\/2021\/06\/BALLUCHE_LE_PETIT_BAL_PERDU_FUNNY_OFFICIEL_SMALL-a1e37a74-768x600.jpeg",768,600,true],"large":["https:\/\/saisonsculturelleschaumont.fr\/mdxpuixt\/wp-content\/uploads\/2021\/06\/BALLUCHE_LE_PETIT_BAL_PERDU_FUNNY_OFFICIEL_SMALL-a1e37a74.jpeg",800,600,false],"1536x1536":["https:\/\/saisonsculturelleschaumont.fr\/mdxpuixt\/wp-content\/uploads\/2021\/06\/BALLUCHE_LE_PETIT_BAL_PERDU_FUNNY_OFFICIEL_SMALL-a1e37a74.jpeg",800,600,false],"2048x2048":["https:\/\/saisonsculturelleschaumont.fr\/mdxpuixt\/wp-content\/uploads\/2021\/06\/BALLUCHE_LE_PETIT_BAL_PERDU_FUNNY_OFFICIEL_SMALL-a1e37a74.jpeg",800,600,false],"widget":["https:\/\/saisonsculturelleschaumont.fr\/mdxpuixt\/wp-content\/uploads\/2021\/06\/BALLUCHE_LE_PETIT_BAL_PERDU_FUNNY_OFFICIEL_SMALL-a1e37a74-36x36.jpeg",36,36,true],"square":["https:\/\/saisonsculturelleschaumont.fr\/mdxpuixt\/wp-content\/uploads\/2021\/06\/BALLUCHE_LE_PETIT_BAL_PERDU_FUNNY_OFFICIEL_SMALL-a1e37a74-180x180.jpeg",180,180,true],"featured":["https:\/\/saisonsculturelleschaumont.fr\/mdxpuixt\/wp-content\/uploads\/2021\/06\/BALLUCHE_LE_PETIT_BAL_PERDU_FUNNY_OFFICIEL_SMALL-a1e37a74-800x430.jpeg",800,430,true],"featured_large":["https:\/\/saisonsculturelleschaumont.fr\/mdxpuixt\/wp-content\/uploads\/2021\/06\/BALLUCHE_LE_PETIT_BAL_PERDU_FUNNY_OFFICIEL_SMALL-a1e37a74.jpeg",800,600,false],"extra_large":["https:\/\/saisonsculturelleschaumont.fr\/mdxpuixt\/wp-content\/uploads\/2021\/06\/BALLUCHE_LE_PETIT_BAL_PERDU_FUNNY_OFFICIEL_SMALL-a1e37a74.jpeg",800,600,false],"portfolio":["https:\/\/saisonsculturelleschaumont.fr\/mdxpuixt\/wp-content\/uploads\/2021\/06\/BALLUCHE_LE_PETIT_BAL_PERDU_FUNNY_OFFICIEL_SMALL-a1e37a74-495x400.jpeg",495,400,true],"portfolio_small":["https:\/\/saisonsculturelleschaumont.fr\/mdxpuixt\/wp-content\/uploads\/2021\/06\/BALLUCHE_LE_PETIT_BAL_PERDU_FUNNY_OFFICIEL_SMALL-a1e37a74-260x185.jpeg",260,185,true],"gallery":["https:\/\/saisonsculturelleschaumont.fr\/mdxpuixt\/wp-content\/uploads\/2021\/06\/BALLUCHE_LE_PETIT_BAL_PERDU_FUNNY_OFFICIEL_SMALL-a1e37a74.jpeg",800,600,false],"magazine":["https:\/\/saisonsculturelleschaumont.fr\/mdxpuixt\/wp-content\/uploads\/2021\/06\/BALLUCHE_LE_PETIT_BAL_PERDU_FUNNY_OFFICIEL_SMALL-a1e37a74-710x375.jpeg",710,375,true],"masonry":["https:\/\/saisonsculturelleschaumont.fr\/mdxpuixt\/wp-content\/uploads\/2021\/06\/BALLUCHE_LE_PETIT_BAL_PERDU_FUNNY_OFFICIEL_SMALL-a1e37a74-705x529.jpeg",705,529,true],"entry_with_sidebar":["https:\/\/saisonsculturelleschaumont.fr\/mdxpuixt\/wp-content\/uploads\/2021\/06\/BALLUCHE_LE_PETIT_BAL_PERDU_FUNNY_OFFICIEL_SMALL-a1e37a74-800x321.jpeg",800,321,true],"entry_without_sidebar":["https:\/\/saisonsculturelleschaumont.fr\/mdxpuixt\/wp-content\/uploads\/2021\/06\/BALLUCHE_LE_PETIT_BAL_PERDU_FUNNY_OFFICIEL_SMALL-a1e37a74-800x423.jpeg",800,423,true]},"uagb_author_info":{"display_name":"Justine Ansel","author_link":"https:\/\/saisonsculturelleschaumont.fr\/mdxpuixt\/author\/justine-ansel\/"},"uagb_comment_info":0,"uagb_excerpt":"Dans le cadre des festivit\u00e9s du 13 juillet, retrouvez le collectif de &lsquo;La Saugrenue&rsquo; et leur spectacle &lsquo;Le petit bal perdu&rsquo;. Dans une ambiance de bal n\u00e9o-r\u00e9tro, revivez l&rsquo;\u00e2ge d&rsquo;or [&hellip;]","_links":{"self":[{"href":"https:\/\/saisonsculturelleschaumont.fr\/mdxpuixt\/wp-json\/wp\/v2\/tribe_events\/6628"}],"collection":[{"href":"https:\/\/saisonsculturelleschaumont.fr\/mdxpuixt\/wp-json\/wp\/v2\/tribe_events"}],"about":[{"href":"https:\/\/saisonsculturelleschaumont.fr\/mdxpuixt\/wp-json\/wp\/v2\/types\/tribe_events"}],"author":[{"embeddable":true,"href":"https:\/\/saisonsculturelleschaumont.fr\/mdxpuixt\/wp-json\/wp\/v2\/users\/3"}],"replies":[{"embeddable":true,"href":"https:\/\/saisonsculturelleschaumont.fr\/mdxpuixt\/wp-json\/wp\/v2\/comments?post=6628"}],"version-history":[{"count":0,"href":"https:\/\/saisonsculturelleschaumont.fr\/mdxpuixt\/wp-json\/wp\/v2\/tribe_events\/6628\/revisions"}],"wp:featuredmedia":[{"embeddable":true,"href":"https:\/\/saisonsculturelleschaumont.fr\/mdxpuixt\/wp-json\/wp\/v2\/media\/6703"}],"wp:attachment":[{"href":"https:\/\/saisonsculturelleschaumont.fr\/mdxpuixt\/wp-json\/wp\/v2\/media?parent=6628"}],"wp:term":[{"taxonomy":"post_tag","embeddable":true,"href":"https:\/\/saisonsculturelleschaumont.fr\/mdxpuixt\/wp-json\/wp\/v2\/tags?post=6628"},{"taxonomy":"tribe_events_cat","embeddable":true,"href":"https:\/\/saisonsculturelleschaumont.fr\/mdxpuixt\/wp-json\/wp\/v2\/tribe_events_cat?post=6628"}],"curies":[{"name":"wp","href":"https:\/\/api.w.org\/{rel}","templated":true}]}}