{"id":6854,"date":"2021-09-10T16:37:09","date_gmt":"2021-09-10T14:37:09","guid":{"rendered":"https:\/\/saisonsculturelleschaumont.fr\/mdxpuixt\/evenement\/tout-est-vanite-lunivers-apocalyptique-de-frederic-voisin\/"},"modified":"2022-01-11T17:00:08","modified_gmt":"2022-01-11T16:00:08","slug":"tout-est-vanite-lunivers-apocalyptique-de-frederic-voisin","status":"publish","type":"tribe_events","link":"https:\/\/saisonsculturelleschaumont.fr\/mdxpuixt\/evenement\/tout-est-vanite-lunivers-apocalyptique-de-frederic-voisin\/","title":{"rendered":"tout est vanit\u00e9, l&rsquo;univers apocalyptique de Fr\u00e9d\u00e9ric Voisin"},"content":{"rendered":"<p>Tout est vanit\u00e9, l&rsquo;univers apocalyptique de Fr\u00e9d\u00e9ric Voisin<\/p>\n<p>D\u2019abord reconnu mondialement dans le domaine de l\u2019illustration avec ses dessins de presse et la cr\u00e9ation de nombreuses pochettes de disques, Fr\u00e9d\u00e9ric Voisin effectue un virage artistique \u00e0 180\u00b0 dans les ann\u00e9es 2000 lorsqu\u2019il d\u00e9cide de se consacrer exclusivement \u00e0 la gravure et \u00e0 la peinture. Il explore notamment la technique de la gravure sur linol\u00e9um qui deviendra, par la suite, son mode d\u2019expression de pr\u00e9dilection. De ce changement de technique d\u00e9coule \u00e9galement un changement brutal de sujet puisqu\u2019il va s\u2019int\u00e9resser \u00e0 l\u2019iconographie sacr\u00e9e et m\u00e9di\u00e9vale. L\u2019artiste puise son inspiration dans les repr\u00e9sentations classiques des grands ma\u00eetres de la gravure du Moyen-\u00c2ge et de la Renaissance comme D\u00fcrer, Schongauer ou encore Cranach.<br \/>\nHabitu\u00e9 \u00e0 investir des lieux patrimoniaux et historiques comme des \u00e9glises, des chapelles ou encore des biblioth\u00e8ques, Fr\u00e9d\u00e9ric Voisin propose un dialogue entre histoire religieuse et mythes d\u2019un c\u00f4t\u00e9 et monde fantastique de l\u2019autre, \u00e0 la Chapelle des J\u00e9suites \u00e0 partir du 11 septembre avec l\u2019exposition \u2018Tout est vanit\u00e9, l\u2019univers apocalyptique de Fr\u00e9d\u00e9ric Voisin\u2019.<br \/>\n\u2794 Entr\u00e9e libre<br \/>\n\u2794 Inauguration le samedi 11 septembre \u00e0 14h<\/p>\n<p>La Chapelle des J\u00e9suites<br \/>\nrue Victoire de la Marne &#8211; 52 000 CHAUMONT<\/p>\n<p>Exposition ouverte tous les jours de 14h \u00e0 18h30 et \u00e9galement de 10h \u00e0 12h30 le mercredi et samedi. Fermeture le mardi. <\/p>\n","protected":false},"excerpt":{"rendered":"<p>Tout est vanit\u00e9, l&rsquo;univers apocalyptique de Fr\u00e9d\u00e9ric Voisin D\u2019abord reconnu mondialement dans le domaine de l\u2019illustration avec ses dessins de presse et la cr\u00e9ation de nombreuses pochettes de disques, Fr\u00e9d\u00e9ric [&hellip;]<\/p>\n","protected":false},"author":3,"featured_media":6874,"comment_status":"closed","ping_status":"closed","template":"","meta":{"_uag_custom_page_level_css":"","_tribe_events_status":"","_tribe_events_status_reason":""},"tags":[87,202,50,239,240],"tribe_events_cat":[42],"yoast_head":"<!-- This site is optimized with the Yoast SEO plugin v21.1 - https:\/\/yoast.com\/wordpress\/plugins\/seo\/ -->\n<title>tout est vanit\u00e9, l&#039;univers apocalyptique de Fr\u00e9d\u00e9ric Voisin - Les Saisons Culturelles de Chaumont<\/title>\n<meta name=\"description\" content=\"D\u00e9couvrez la programmation culturelle de la saison culturelle de la ville de Chaumont. Expositions, visites, rencontres, ateliers, concerts, spectacles, animations et plus encore.\" \/>\n<meta name=\"robots\" content=\"noindex, follow, max-snippet:-1, max-image-preview:large, max-video-preview:-1\" \/>\n<meta property=\"og:locale\" content=\"fr_FR\" \/>\n<meta property=\"og:type\" content=\"article\" \/>\n<meta property=\"og:title\" content=\"tout est vanit\u00e9, l&#039;univers apocalyptique de Fr\u00e9d\u00e9ric Voisin - Les Saisons Culturelles de Chaumont\" \/>\n<meta property=\"og:description\" content=\"D\u00e9couvrez la programmation culturelle de la saison culturelle de la ville de Chaumont. Expositions, visites, rencontres, ateliers, concerts, spectacles, animations et plus encore.\" \/>\n<meta property=\"og:url\" content=\"https:\/\/saisonsculturelleschaumont.fr\/mdxpuixt\/evenement\/tout-est-vanite-lunivers-apocalyptique-de-frederic-voisin\/\" \/>\n<meta property=\"og:site_name\" content=\"Les Saisons Culturelles de Chaumont\" \/>\n<meta property=\"article:publisher\" content=\"https:\/\/www.facebook.com\/saisonsculturelleschaumont\/\" \/>\n<meta property=\"article:modified_time\" content=\"2022-01-11T16:00:08+00:00\" \/>\n<meta property=\"og:image\" content=\"https:\/\/saisonsculturelleschaumont.fr\/mdxpuixt\/wp-content\/uploads\/2021\/09\/Danse-avec-la-mort_1-scaled-e1631285261238.jpg\" \/>\n\t<meta property=\"og:image:width\" content=\"650\" \/>\n\t<meta property=\"og:image:height\" content=\"806\" \/>\n\t<meta property=\"og:image:type\" content=\"image\/jpeg\" \/>\n<meta name=\"twitter:card\" content=\"summary_large_image\" \/>\n<meta name=\"twitter:label1\" content=\"Dur\u00e9e de lecture estim\u00e9e\" \/>\n\t<meta name=\"twitter:data1\" content=\"1 minute\" \/>\n<script type=\"application\/ld+json\" class=\"yoast-schema-graph\">{\"@context\":\"https:\/\/schema.org\",\"@graph\":[{\"@type\":\"WebPage\",\"@id\":\"https:\/\/saisonsculturelleschaumont.fr\/mdxpuixt\/evenement\/tout-est-vanite-lunivers-apocalyptique-de-frederic-voisin\/\",\"url\":\"https:\/\/saisonsculturelleschaumont.fr\/mdxpuixt\/evenement\/tout-est-vanite-lunivers-apocalyptique-de-frederic-voisin\/\",\"name\":\"tout est vanit\u00e9, l'univers apocalyptique de Fr\u00e9d\u00e9ric Voisin - Les Saisons Culturelles de Chaumont\",\"isPartOf\":{\"@id\":\"https:\/\/saisonsculturelleschaumont.fr\/mdxpuixt\/#website\"},\"datePublished\":\"2021-09-10T14:37:09+00:00\",\"dateModified\":\"2022-01-11T16:00:08+00:00\",\"description\":\"D\u00e9couvrez la programmation culturelle de la saison culturelle de la ville de Chaumont. Expositions, visites, rencontres, ateliers, concerts, spectacles, animations et plus encore.\",\"breadcrumb\":{\"@id\":\"https:\/\/saisonsculturelleschaumont.fr\/mdxpuixt\/evenement\/tout-est-vanite-lunivers-apocalyptique-de-frederic-voisin\/#breadcrumb\"},\"inLanguage\":\"fr-FR\",\"potentialAction\":[{\"@type\":\"ReadAction\",\"target\":[\"https:\/\/saisonsculturelleschaumont.fr\/mdxpuixt\/evenement\/tout-est-vanite-lunivers-apocalyptique-de-frederic-voisin\/\"]}]},{\"@type\":\"BreadcrumbList\",\"@id\":\"https:\/\/saisonsculturelleschaumont.fr\/mdxpuixt\/evenement\/tout-est-vanite-lunivers-apocalyptique-de-frederic-voisin\/#breadcrumb\",\"itemListElement\":[{\"@type\":\"ListItem\",\"position\":1,\"name\":\"Accueil\",\"item\":\"https:\/\/saisonsculturelleschaumont.fr\/mdxpuixt\/\"},{\"@type\":\"ListItem\",\"position\":2,\"name\":\"\u00c9v\u00e8nements\",\"item\":\"https:\/\/saisonsculturelleschaumont.fr\/mdxpuixt\/agenda\/\"},{\"@type\":\"ListItem\",\"position\":3,\"name\":\"tout est vanit\u00e9, l&rsquo;univers apocalyptique de Fr\u00e9d\u00e9ric Voisin\"}]},{\"@type\":\"WebSite\",\"@id\":\"https:\/\/saisonsculturelleschaumont.fr\/mdxpuixt\/#website\",\"url\":\"https:\/\/saisonsculturelleschaumont.fr\/mdxpuixt\/\",\"name\":\"Les Saisons Culturelles de Chaumont\",\"description\":\"\",\"potentialAction\":[{\"@type\":\"SearchAction\",\"target\":{\"@type\":\"EntryPoint\",\"urlTemplate\":\"https:\/\/saisonsculturelleschaumont.fr\/mdxpuixt\/?s={search_term_string}\"},\"query-input\":\"required name=search_term_string\"}],\"inLanguage\":\"fr-FR\"}]}<\/script>\n<!-- \/ Yoast SEO plugin. -->","yoast_head_json":{"title":"tout est vanit\u00e9, l'univers apocalyptique de Fr\u00e9d\u00e9ric Voisin - Les Saisons Culturelles de Chaumont","description":"D\u00e9couvrez la programmation culturelle de la saison culturelle de la ville de Chaumont. Expositions, visites, rencontres, ateliers, concerts, spectacles, animations et plus encore.","robots":{"index":"noindex","follow":"follow","max-snippet":"max-snippet:-1","max-image-preview":"max-image-preview:large","max-video-preview":"max-video-preview:-1"},"og_locale":"fr_FR","og_type":"article","og_title":"tout est vanit\u00e9, l'univers apocalyptique de Fr\u00e9d\u00e9ric Voisin - Les Saisons Culturelles de Chaumont","og_description":"D\u00e9couvrez la programmation culturelle de la saison culturelle de la ville de Chaumont. Expositions, visites, rencontres, ateliers, concerts, spectacles, animations et plus encore.","og_url":"https:\/\/saisonsculturelleschaumont.fr\/mdxpuixt\/evenement\/tout-est-vanite-lunivers-apocalyptique-de-frederic-voisin\/","og_site_name":"Les Saisons Culturelles de Chaumont","article_publisher":"https:\/\/www.facebook.com\/saisonsculturelleschaumont\/","article_modified_time":"2022-01-11T16:00:08+00:00","og_image":[{"width":650,"height":806,"url":"https:\/\/saisonsculturelleschaumont.fr\/mdxpuixt\/wp-content\/uploads\/2021\/09\/Danse-avec-la-mort_1-scaled-e1631285261238.jpg","type":"image\/jpeg"}],"twitter_card":"summary_large_image","twitter_misc":{"Dur\u00e9e de lecture estim\u00e9e":"1 minute"},"schema":{"@context":"https:\/\/schema.org","@graph":[{"@type":"WebPage","@id":"https:\/\/saisonsculturelleschaumont.fr\/mdxpuixt\/evenement\/tout-est-vanite-lunivers-apocalyptique-de-frederic-voisin\/","url":"https:\/\/saisonsculturelleschaumont.fr\/mdxpuixt\/evenement\/tout-est-vanite-lunivers-apocalyptique-de-frederic-voisin\/","name":"tout est vanit\u00e9, l'univers apocalyptique de Fr\u00e9d\u00e9ric Voisin - Les Saisons Culturelles de Chaumont","isPartOf":{"@id":"https:\/\/saisonsculturelleschaumont.fr\/mdxpuixt\/#website"},"datePublished":"2021-09-10T14:37:09+00:00","dateModified":"2022-01-11T16:00:08+00:00","description":"D\u00e9couvrez la programmation culturelle de la saison culturelle de la ville de Chaumont. Expositions, visites, rencontres, ateliers, concerts, spectacles, animations et plus encore.","breadcrumb":{"@id":"https:\/\/saisonsculturelleschaumont.fr\/mdxpuixt\/evenement\/tout-est-vanite-lunivers-apocalyptique-de-frederic-voisin\/#breadcrumb"},"inLanguage":"fr-FR","potentialAction":[{"@type":"ReadAction","target":["https:\/\/saisonsculturelleschaumont.fr\/mdxpuixt\/evenement\/tout-est-vanite-lunivers-apocalyptique-de-frederic-voisin\/"]}]},{"@type":"BreadcrumbList","@id":"https:\/\/saisonsculturelleschaumont.fr\/mdxpuixt\/evenement\/tout-est-vanite-lunivers-apocalyptique-de-frederic-voisin\/#breadcrumb","itemListElement":[{"@type":"ListItem","position":1,"name":"Accueil","item":"https:\/\/saisonsculturelleschaumont.fr\/mdxpuixt\/"},{"@type":"ListItem","position":2,"name":"\u00c9v\u00e8nements","item":"https:\/\/saisonsculturelleschaumont.fr\/mdxpuixt\/agenda\/"},{"@type":"ListItem","position":3,"name":"tout est vanit\u00e9, l&rsquo;univers apocalyptique de Fr\u00e9d\u00e9ric Voisin"}]},{"@type":"WebSite","@id":"https:\/\/saisonsculturelleschaumont.fr\/mdxpuixt\/#website","url":"https:\/\/saisonsculturelleschaumont.fr\/mdxpuixt\/","name":"Les Saisons Culturelles de Chaumont","description":"","potentialAction":[{"@type":"SearchAction","target":{"@type":"EntryPoint","urlTemplate":"https:\/\/saisonsculturelleschaumont.fr\/mdxpuixt\/?s={search_term_string}"},"query-input":"required name=search_term_string"}],"inLanguage":"fr-FR"}]}},"uagb_featured_image_src":{"full":["https:\/\/saisonsculturelleschaumont.fr\/mdxpuixt\/wp-content\/uploads\/2021\/09\/Danse-avec-la-mort_1-scaled-e1631285261238.jpg",650,806,false],"thumbnail":["https:\/\/saisonsculturelleschaumont.fr\/mdxpuixt\/wp-content\/uploads\/2021\/09\/Danse-avec-la-mort_1-80x80.jpg",80,80,true],"medium":["https:\/\/saisonsculturelleschaumont.fr\/mdxpuixt\/wp-content\/uploads\/2021\/09\/Danse-avec-la-mort_1-300x300.jpg",300,300,true],"medium_large":["https:\/\/saisonsculturelleschaumont.fr\/mdxpuixt\/wp-content\/uploads\/2021\/09\/Danse-avec-la-mort_1-768x768.jpg",768,768,true],"large":["https:\/\/saisonsculturelleschaumont.fr\/mdxpuixt\/wp-content\/uploads\/2021\/09\/Danse-avec-la-mort_1-1030x1030.jpg",1030,1030,true],"1536x1536":["https:\/\/saisonsculturelleschaumont.fr\/mdxpuixt\/wp-content\/uploads\/2021\/09\/Danse-avec-la-mort_1-1239x1536.jpg",1239,1536,true],"2048x2048":["https:\/\/saisonsculturelleschaumont.fr\/mdxpuixt\/wp-content\/uploads\/2021\/09\/Danse-avec-la-mort_1-1651x2048.jpg",1651,2048,true],"widget":["https:\/\/saisonsculturelleschaumont.fr\/mdxpuixt\/wp-content\/uploads\/2021\/09\/Danse-avec-la-mort_1-36x36.jpg",36,36,true],"square":["https:\/\/saisonsculturelleschaumont.fr\/mdxpuixt\/wp-content\/uploads\/2021\/09\/Danse-avec-la-mort_1-180x180.jpg",180,180,true],"featured":["https:\/\/saisonsculturelleschaumont.fr\/mdxpuixt\/wp-content\/uploads\/2021\/09\/Danse-avec-la-mort_1-1500x430.jpg",1500,430,true],"featured_large":["https:\/\/saisonsculturelleschaumont.fr\/mdxpuixt\/wp-content\/uploads\/2021\/09\/Danse-avec-la-mort_1-1500x630.jpg",1500,630,true],"extra_large":["https:\/\/saisonsculturelleschaumont.fr\/mdxpuixt\/wp-content\/uploads\/2021\/09\/Danse-avec-la-mort_1-1210x1500.jpg",1210,1500,true],"portfolio":["https:\/\/saisonsculturelleschaumont.fr\/mdxpuixt\/wp-content\/uploads\/2021\/09\/Danse-avec-la-mort_1-495x400.jpg",495,400,true],"portfolio_small":["https:\/\/saisonsculturelleschaumont.fr\/mdxpuixt\/wp-content\/uploads\/2021\/09\/Danse-avec-la-mort_1-260x185.jpg",260,185,true],"gallery":["https:\/\/saisonsculturelleschaumont.fr\/mdxpuixt\/wp-content\/uploads\/2021\/09\/Danse-avec-la-mort_1-845x684.jpg",845,684,true],"magazine":["https:\/\/saisonsculturelleschaumont.fr\/mdxpuixt\/wp-content\/uploads\/2021\/09\/Danse-avec-la-mort_1-710x375.jpg",710,375,true],"masonry":["https:\/\/saisonsculturelleschaumont.fr\/mdxpuixt\/wp-content\/uploads\/2021\/09\/Danse-avec-la-mort_1-568x705.jpg",568,705,true],"entry_with_sidebar":["https:\/\/saisonsculturelleschaumont.fr\/mdxpuixt\/wp-content\/uploads\/2021\/09\/Danse-avec-la-mort_1-845x321.jpg",845,321,true],"entry_without_sidebar":["https:\/\/saisonsculturelleschaumont.fr\/mdxpuixt\/wp-content\/uploads\/2021\/09\/Danse-avec-la-mort_1-1210x423.jpg",1210,423,true]},"uagb_author_info":{"display_name":"Justine Ansel","author_link":"https:\/\/saisonsculturelleschaumont.fr\/mdxpuixt\/author\/justine-ansel\/"},"uagb_comment_info":0,"uagb_excerpt":"Tout est vanit\u00e9, l&rsquo;univers apocalyptique de Fr\u00e9d\u00e9ric Voisin D\u2019abord reconnu mondialement dans le domaine de l\u2019illustration avec ses dessins de presse et la cr\u00e9ation de nombreuses pochettes de disques, Fr\u00e9d\u00e9ric [&hellip;]","_links":{"self":[{"href":"https:\/\/saisonsculturelleschaumont.fr\/mdxpuixt\/wp-json\/wp\/v2\/tribe_events\/6854"}],"collection":[{"href":"https:\/\/saisonsculturelleschaumont.fr\/mdxpuixt\/wp-json\/wp\/v2\/tribe_events"}],"about":[{"href":"https:\/\/saisonsculturelleschaumont.fr\/mdxpuixt\/wp-json\/wp\/v2\/types\/tribe_events"}],"author":[{"embeddable":true,"href":"https:\/\/saisonsculturelleschaumont.fr\/mdxpuixt\/wp-json\/wp\/v2\/users\/3"}],"replies":[{"embeddable":true,"href":"https:\/\/saisonsculturelleschaumont.fr\/mdxpuixt\/wp-json\/wp\/v2\/comments?post=6854"}],"version-history":[{"count":0,"href":"https:\/\/saisonsculturelleschaumont.fr\/mdxpuixt\/wp-json\/wp\/v2\/tribe_events\/6854\/revisions"}],"wp:featuredmedia":[{"embeddable":true,"href":"https:\/\/saisonsculturelleschaumont.fr\/mdxpuixt\/wp-json\/wp\/v2\/media\/6874"}],"wp:attachment":[{"href":"https:\/\/saisonsculturelleschaumont.fr\/mdxpuixt\/wp-json\/wp\/v2\/media?parent=6854"}],"wp:term":[{"taxonomy":"post_tag","embeddable":true,"href":"https:\/\/saisonsculturelleschaumont.fr\/mdxpuixt\/wp-json\/wp\/v2\/tags?post=6854"},{"taxonomy":"tribe_events_cat","embeddable":true,"href":"https:\/\/saisonsculturelleschaumont.fr\/mdxpuixt\/wp-json\/wp\/v2\/tribe_events_cat?post=6854"}],"curies":[{"name":"wp","href":"https:\/\/api.w.org\/{rel}","templated":true}]}}