{"id":6855,"date":"2021-09-10T16:37:09","date_gmt":"2021-09-10T14:37:09","guid":{"rendered":"https:\/\/saisonsculturelleschaumont.fr\/mdxpuixt\/evenement\/walden-chaumont-loic-guenin\/"},"modified":"2023-09-15T15:03:28","modified_gmt":"2023-09-15T13:03:28","slug":"walden-chaumont-loic-guenin","status":"publish","type":"tribe_events","link":"https:\/\/saisonsculturelleschaumont.fr\/mdxpuixt\/evenement\/walden-chaumont-loic-guenin\/","title":{"rendered":"Walden [Chaumont] &#8211; Lo\u00efc Gu\u00e9nin"},"content":{"rendered":"<p>Dans le cadre du week-end des JOURN\u00c9ES EUROP\u00c9ENNES DU PATRIMOINE, partez en balade sonore avec le compositeur Lo\u00efc Gu\u00e9nin \u00e0 travers le patrimoine architectural, naturel et industriel de Chaumont. <br class=\"avia-permanent-lb\" \/><br \/>\nWalden [Chaumont] est le r\u00e9sultat d\u2019une r\u00e9sidence artistique de plus de six mois, de f\u00e9vrier \u00e0 juin 2021 \u00e0 Chaumont. Cette cr\u00e9ation mondiale unique sera l\u2019occasion pour les habitants de red\u00e9couvrir l\u2019histoire de leur ville \u00e0 travers sa richesse patrimoniale. Des lieux historiques comme le lavoir d\u2019En Buez des Tanneries ou l\u2019ancienne ganterie Tr\u00e9fousse.<\/p>\n<p>D\u00e9part du lavoir d&rsquo;en Buez<\/p>\n<p>Gratuit<\/p>\n<h2><strong>DEMANDEZ LE PROGRAMME !<\/strong><\/h2>\n<p><b>1 \u2022 le lavoir d\u2019en Buez<\/b><\/p>\n<p>violoncelle, Marine Rodallec<\/p>\n<p><b> <br class=\"avia-permanent-lb\" \/>2 \u2022 la ganterie Tr\u00e9fousse<\/b><b><span class=\"Apple-converted-space\">\u00a0<\/span><\/b><\/p>\n<p>guitare \u00e9lectrique, Julien Desprez<\/p>\n<p>claviers analogiques, Lo\u00efc Gu\u00e9nin<\/p>\n<p><b> <br class=\"avia-permanent-lb\" \/>3a \u2022<span class=\"Apple-converted-space\">\u00a0 <\/span>le kiosque du Boulingrin<span class=\"Apple-converted-space\">\u00a0<\/span><\/b><\/p>\n<p>contrebasse solo, \u00c9ric Brochard<\/p>\n<p><b> <br class=\"avia-permanent-lb\" \/>3b \u2022 les halles<\/b><\/p>\n<p>piano solo, Alvise Sinivia<\/p>\n<p><b> <br class=\"avia-permanent-lb\" \/>4a \u2022 le jardin Agathe Roullot<\/b><\/p>\n<p>\u00e9lectroacoustique avec le duo NOORG, \u00c9ric Brochard &amp; Lo\u00efc Gu\u00e9nin<\/p>\n<p><b> <br class=\"avia-permanent-lb\" \/>4b \u2022 les subsistances<\/b><\/p>\n<p>violoncelle, Marine Rodallec<\/p>\n<p>fender rhodes, Alvise Sinivia<\/p>\n<p><b> <br class=\"avia-permanent-lb\" \/>4c \u2022 le square<span class=\"Apple-converted-space\">\u00a0<\/span><\/b><b>Philippe Lebon<\/b><\/p>\n<p>guitare \u00e9lectrique, Julien Desprez, basse \u00e9lectrique, \u00c9ric Brochard<\/p>\n<p>claviers analogiques, Lo\u00efc Gu\u00e9nin<\/p>\n<p><b> <br class=\"avia-permanent-lb\" \/>5 \u2022 le Signe<\/b><\/p>\n<p>l\u2019ensemble des musiciens<\/p>\n<p><b>&amp; d\u00e9couverte des six partitions graphiques dessin\u00e9es par l\u2019artiste<span class=\"Apple-converted-space\">\u00a0<\/span><\/b><\/p>\n<p><b>Lo\u00efc Gu\u00e9nin<\/b><\/p>\n","protected":false},"excerpt":{"rendered":"<p>Dans le cadre du week-end des JOURN\u00c9ES EUROP\u00c9ENNES DU PATRIMOINE, partez en balade sonore avec le compositeur Lo\u00efc Gu\u00e9nin \u00e0 travers le patrimoine architectural, naturel et industriel de Chaumont. Walden [&hellip;]<\/p>\n","protected":false},"author":3,"featured_media":6872,"comment_status":"closed","ping_status":"closed","template":"","meta":{"_uag_custom_page_level_css":"","_tribe_events_status":"","_tribe_events_status_reason":""},"tags":[51,202,136,242,99,241,129,243],"tribe_events_cat":[305],"yoast_head":"<!-- This site is optimized with the Yoast SEO plugin v21.1 - https:\/\/yoast.com\/wordpress\/plugins\/seo\/ -->\n<title>Walden [Chaumont] - Lo\u00efc Gu\u00e9nin - Les Saisons Culturelles de Chaumont<\/title>\n<meta name=\"description\" content=\"D\u00e9couvrez la programmation culturelle de la saison culturelle de la ville de Chaumont. Expositions, visites, rencontres, ateliers, concerts, spectacles, animations et plus encore.\" \/>\n<meta name=\"robots\" content=\"noindex, follow, max-snippet:-1, max-image-preview:large, max-video-preview:-1\" \/>\n<meta property=\"og:locale\" content=\"fr_FR\" \/>\n<meta property=\"og:type\" content=\"article\" \/>\n<meta property=\"og:title\" content=\"Walden [Chaumont] - Lo\u00efc Gu\u00e9nin - Les Saisons Culturelles de Chaumont\" \/>\n<meta property=\"og:description\" content=\"D\u00e9couvrez la programmation culturelle de la saison culturelle de la ville de Chaumont. Expositions, visites, rencontres, ateliers, concerts, spectacles, animations et plus encore.\" \/>\n<meta property=\"og:url\" content=\"https:\/\/saisonsculturelleschaumont.fr\/mdxpuixt\/evenement\/walden-chaumont-loic-guenin\/\" \/>\n<meta property=\"og:site_name\" content=\"Les Saisons Culturelles de Chaumont\" \/>\n<meta property=\"article:publisher\" content=\"https:\/\/www.facebook.com\/saisonsculturelleschaumont\/\" \/>\n<meta property=\"article:modified_time\" content=\"2023-09-15T13:03:28+00:00\" \/>\n<meta property=\"og:image\" content=\"https:\/\/saisonsculturelleschaumont.fr\/mdxpuixt\/wp-content\/uploads\/2021\/09\/IMG-5258-e1631285227916.jpg\" \/>\n\t<meta property=\"og:image:width\" content=\"650\" \/>\n\t<meta property=\"og:image:height\" content=\"866\" \/>\n\t<meta property=\"og:image:type\" content=\"image\/jpeg\" \/>\n<meta name=\"twitter:card\" content=\"summary_large_image\" \/>\n<meta name=\"twitter:label1\" content=\"Dur\u00e9e de lecture estim\u00e9e\" \/>\n\t<meta name=\"twitter:data1\" content=\"1 minute\" \/>\n<script type=\"application\/ld+json\" class=\"yoast-schema-graph\">{\"@context\":\"https:\/\/schema.org\",\"@graph\":[{\"@type\":\"WebPage\",\"@id\":\"https:\/\/saisonsculturelleschaumont.fr\/mdxpuixt\/evenement\/walden-chaumont-loic-guenin\/\",\"url\":\"https:\/\/saisonsculturelleschaumont.fr\/mdxpuixt\/evenement\/walden-chaumont-loic-guenin\/\",\"name\":\"Walden [Chaumont] - Lo\u00efc Gu\u00e9nin - Les Saisons Culturelles de Chaumont\",\"isPartOf\":{\"@id\":\"https:\/\/saisonsculturelleschaumont.fr\/mdxpuixt\/#website\"},\"datePublished\":\"2021-09-10T14:37:09+00:00\",\"dateModified\":\"2023-09-15T13:03:28+00:00\",\"description\":\"D\u00e9couvrez la programmation culturelle de la saison culturelle de la ville de Chaumont. Expositions, visites, rencontres, ateliers, concerts, spectacles, animations et plus encore.\",\"breadcrumb\":{\"@id\":\"https:\/\/saisonsculturelleschaumont.fr\/mdxpuixt\/evenement\/walden-chaumont-loic-guenin\/#breadcrumb\"},\"inLanguage\":\"fr-FR\",\"potentialAction\":[{\"@type\":\"ReadAction\",\"target\":[\"https:\/\/saisonsculturelleschaumont.fr\/mdxpuixt\/evenement\/walden-chaumont-loic-guenin\/\"]}]},{\"@type\":\"BreadcrumbList\",\"@id\":\"https:\/\/saisonsculturelleschaumont.fr\/mdxpuixt\/evenement\/walden-chaumont-loic-guenin\/#breadcrumb\",\"itemListElement\":[{\"@type\":\"ListItem\",\"position\":1,\"name\":\"Accueil\",\"item\":\"https:\/\/saisonsculturelleschaumont.fr\/mdxpuixt\/\"},{\"@type\":\"ListItem\",\"position\":2,\"name\":\"\u00c9v\u00e8nements\",\"item\":\"https:\/\/saisonsculturelleschaumont.fr\/mdxpuixt\/agenda\/\"},{\"@type\":\"ListItem\",\"position\":3,\"name\":\"Walden [Chaumont] &#8211; Lo\u00efc Gu\u00e9nin\"}]},{\"@type\":\"WebSite\",\"@id\":\"https:\/\/saisonsculturelleschaumont.fr\/mdxpuixt\/#website\",\"url\":\"https:\/\/saisonsculturelleschaumont.fr\/mdxpuixt\/\",\"name\":\"Les Saisons Culturelles de Chaumont\",\"description\":\"\",\"potentialAction\":[{\"@type\":\"SearchAction\",\"target\":{\"@type\":\"EntryPoint\",\"urlTemplate\":\"https:\/\/saisonsculturelleschaumont.fr\/mdxpuixt\/?s={search_term_string}\"},\"query-input\":\"required name=search_term_string\"}],\"inLanguage\":\"fr-FR\"}]}<\/script>\n<!-- \/ Yoast SEO plugin. -->","yoast_head_json":{"title":"Walden [Chaumont] - Lo\u00efc Gu\u00e9nin - Les Saisons Culturelles de Chaumont","description":"D\u00e9couvrez la programmation culturelle de la saison culturelle de la ville de Chaumont. Expositions, visites, rencontres, ateliers, concerts, spectacles, animations et plus encore.","robots":{"index":"noindex","follow":"follow","max-snippet":"max-snippet:-1","max-image-preview":"max-image-preview:large","max-video-preview":"max-video-preview:-1"},"og_locale":"fr_FR","og_type":"article","og_title":"Walden [Chaumont] - Lo\u00efc Gu\u00e9nin - Les Saisons Culturelles de Chaumont","og_description":"D\u00e9couvrez la programmation culturelle de la saison culturelle de la ville de Chaumont. Expositions, visites, rencontres, ateliers, concerts, spectacles, animations et plus encore.","og_url":"https:\/\/saisonsculturelleschaumont.fr\/mdxpuixt\/evenement\/walden-chaumont-loic-guenin\/","og_site_name":"Les Saisons Culturelles de Chaumont","article_publisher":"https:\/\/www.facebook.com\/saisonsculturelleschaumont\/","article_modified_time":"2023-09-15T13:03:28+00:00","og_image":[{"width":650,"height":866,"url":"https:\/\/saisonsculturelleschaumont.fr\/mdxpuixt\/wp-content\/uploads\/2021\/09\/IMG-5258-e1631285227916.jpg","type":"image\/jpeg"}],"twitter_card":"summary_large_image","twitter_misc":{"Dur\u00e9e de lecture estim\u00e9e":"1 minute"},"schema":{"@context":"https:\/\/schema.org","@graph":[{"@type":"WebPage","@id":"https:\/\/saisonsculturelleschaumont.fr\/mdxpuixt\/evenement\/walden-chaumont-loic-guenin\/","url":"https:\/\/saisonsculturelleschaumont.fr\/mdxpuixt\/evenement\/walden-chaumont-loic-guenin\/","name":"Walden [Chaumont] - Lo\u00efc Gu\u00e9nin - Les Saisons Culturelles de Chaumont","isPartOf":{"@id":"https:\/\/saisonsculturelleschaumont.fr\/mdxpuixt\/#website"},"datePublished":"2021-09-10T14:37:09+00:00","dateModified":"2023-09-15T13:03:28+00:00","description":"D\u00e9couvrez la programmation culturelle de la saison culturelle de la ville de Chaumont. Expositions, visites, rencontres, ateliers, concerts, spectacles, animations et plus encore.","breadcrumb":{"@id":"https:\/\/saisonsculturelleschaumont.fr\/mdxpuixt\/evenement\/walden-chaumont-loic-guenin\/#breadcrumb"},"inLanguage":"fr-FR","potentialAction":[{"@type":"ReadAction","target":["https:\/\/saisonsculturelleschaumont.fr\/mdxpuixt\/evenement\/walden-chaumont-loic-guenin\/"]}]},{"@type":"BreadcrumbList","@id":"https:\/\/saisonsculturelleschaumont.fr\/mdxpuixt\/evenement\/walden-chaumont-loic-guenin\/#breadcrumb","itemListElement":[{"@type":"ListItem","position":1,"name":"Accueil","item":"https:\/\/saisonsculturelleschaumont.fr\/mdxpuixt\/"},{"@type":"ListItem","position":2,"name":"\u00c9v\u00e8nements","item":"https:\/\/saisonsculturelleschaumont.fr\/mdxpuixt\/agenda\/"},{"@type":"ListItem","position":3,"name":"Walden [Chaumont] &#8211; Lo\u00efc Gu\u00e9nin"}]},{"@type":"WebSite","@id":"https:\/\/saisonsculturelleschaumont.fr\/mdxpuixt\/#website","url":"https:\/\/saisonsculturelleschaumont.fr\/mdxpuixt\/","name":"Les Saisons Culturelles de Chaumont","description":"","potentialAction":[{"@type":"SearchAction","target":{"@type":"EntryPoint","urlTemplate":"https:\/\/saisonsculturelleschaumont.fr\/mdxpuixt\/?s={search_term_string}"},"query-input":"required name=search_term_string"}],"inLanguage":"fr-FR"}]}},"uagb_featured_image_src":{"full":["https:\/\/saisonsculturelleschaumont.fr\/mdxpuixt\/wp-content\/uploads\/2021\/09\/IMG-5258-e1631285227916.jpg",650,866,false],"thumbnail":["https:\/\/saisonsculturelleschaumont.fr\/mdxpuixt\/wp-content\/uploads\/2021\/09\/IMG-5258-80x80.jpg",80,80,true],"medium":["https:\/\/saisonsculturelleschaumont.fr\/mdxpuixt\/wp-content\/uploads\/2021\/09\/IMG-5258-300x300.jpg",300,300,true],"medium_large":["https:\/\/saisonsculturelleschaumont.fr\/mdxpuixt\/wp-content\/uploads\/2021\/09\/IMG-5258-768x768.jpg",768,768,true],"large":["https:\/\/saisonsculturelleschaumont.fr\/mdxpuixt\/wp-content\/uploads\/2021\/09\/IMG-5258-1000x1030.jpg",1000,1030,true],"1536x1536":["https:\/\/saisonsculturelleschaumont.fr\/mdxpuixt\/wp-content\/uploads\/2021\/09\/IMG-5258-e1631285227916.jpg",650,866,false],"2048x2048":["https:\/\/saisonsculturelleschaumont.fr\/mdxpuixt\/wp-content\/uploads\/2021\/09\/IMG-5258-e1631285227916.jpg",650,866,false],"widget":["https:\/\/saisonsculturelleschaumont.fr\/mdxpuixt\/wp-content\/uploads\/2021\/09\/IMG-5258-36x36.jpg",36,36,true],"square":["https:\/\/saisonsculturelleschaumont.fr\/mdxpuixt\/wp-content\/uploads\/2021\/09\/IMG-5258-180x180.jpg",180,180,true],"featured":["https:\/\/saisonsculturelleschaumont.fr\/mdxpuixt\/wp-content\/uploads\/2021\/09\/IMG-5258-1000x430.jpg",1000,430,true],"featured_large":["https:\/\/saisonsculturelleschaumont.fr\/mdxpuixt\/wp-content\/uploads\/2021\/09\/IMG-5258-1000x630.jpg",1000,630,true],"extra_large":["https:\/\/saisonsculturelleschaumont.fr\/mdxpuixt\/wp-content\/uploads\/2021\/09\/IMG-5258-e1631285227916.jpg",650,866,false],"portfolio":["https:\/\/saisonsculturelleschaumont.fr\/mdxpuixt\/wp-content\/uploads\/2021\/09\/IMG-5258-495x400.jpg",495,400,true],"portfolio_small":["https:\/\/saisonsculturelleschaumont.fr\/mdxpuixt\/wp-content\/uploads\/2021\/09\/IMG-5258-260x185.jpg",260,185,true],"gallery":["https:\/\/saisonsculturelleschaumont.fr\/mdxpuixt\/wp-content\/uploads\/2021\/09\/IMG-5258-845x684.jpg",845,684,true],"magazine":["https:\/\/saisonsculturelleschaumont.fr\/mdxpuixt\/wp-content\/uploads\/2021\/09\/IMG-5258-710x375.jpg",710,375,true],"masonry":["https:\/\/saisonsculturelleschaumont.fr\/mdxpuixt\/wp-content\/uploads\/2021\/09\/IMG-5258-529x705.jpg",529,705,true],"entry_with_sidebar":["https:\/\/saisonsculturelleschaumont.fr\/mdxpuixt\/wp-content\/uploads\/2021\/09\/IMG-5258-845x321.jpg",845,321,true],"entry_without_sidebar":["https:\/\/saisonsculturelleschaumont.fr\/mdxpuixt\/wp-content\/uploads\/2021\/09\/IMG-5258-1000x423.jpg",1000,423,true]},"uagb_author_info":{"display_name":"Justine Ansel","author_link":"https:\/\/saisonsculturelleschaumont.fr\/mdxpuixt\/author\/justine-ansel\/"},"uagb_comment_info":0,"uagb_excerpt":"Dans le cadre du week-end des JOURN\u00c9ES EUROP\u00c9ENNES DU PATRIMOINE, partez en balade sonore avec le compositeur Lo\u00efc Gu\u00e9nin \u00e0 travers le patrimoine architectural, naturel et industriel de Chaumont. Walden [&hellip;]","_links":{"self":[{"href":"https:\/\/saisonsculturelleschaumont.fr\/mdxpuixt\/wp-json\/wp\/v2\/tribe_events\/6855"}],"collection":[{"href":"https:\/\/saisonsculturelleschaumont.fr\/mdxpuixt\/wp-json\/wp\/v2\/tribe_events"}],"about":[{"href":"https:\/\/saisonsculturelleschaumont.fr\/mdxpuixt\/wp-json\/wp\/v2\/types\/tribe_events"}],"author":[{"embeddable":true,"href":"https:\/\/saisonsculturelleschaumont.fr\/mdxpuixt\/wp-json\/wp\/v2\/users\/3"}],"replies":[{"embeddable":true,"href":"https:\/\/saisonsculturelleschaumont.fr\/mdxpuixt\/wp-json\/wp\/v2\/comments?post=6855"}],"version-history":[{"count":0,"href":"https:\/\/saisonsculturelleschaumont.fr\/mdxpuixt\/wp-json\/wp\/v2\/tribe_events\/6855\/revisions"}],"wp:featuredmedia":[{"embeddable":true,"href":"https:\/\/saisonsculturelleschaumont.fr\/mdxpuixt\/wp-json\/wp\/v2\/media\/6872"}],"wp:attachment":[{"href":"https:\/\/saisonsculturelleschaumont.fr\/mdxpuixt\/wp-json\/wp\/v2\/media?parent=6855"}],"wp:term":[{"taxonomy":"post_tag","embeddable":true,"href":"https:\/\/saisonsculturelleschaumont.fr\/mdxpuixt\/wp-json\/wp\/v2\/tags?post=6855"},{"taxonomy":"tribe_events_cat","embeddable":true,"href":"https:\/\/saisonsculturelleschaumont.fr\/mdxpuixt\/wp-json\/wp\/v2\/tribe_events_cat?post=6855"}],"curies":[{"name":"wp","href":"https:\/\/api.w.org\/{rel}","templated":true}]}}