{"id":6859,"date":"2021-09-10T16:37:12","date_gmt":"2021-09-10T14:37:12","guid":{"rendered":"https:\/\/saisonsculturelleschaumont.fr\/mdxpuixt\/evenement\/ma-boite-a-jazz-5-avec-groovinhigh\/"},"modified":"2023-09-15T15:03:26","modified_gmt":"2023-09-15T13:03:26","slug":"ma-boite-a-jazz-5-avec-groovinhigh","status":"publish","type":"tribe_events","link":"https:\/\/saisonsculturelleschaumont.fr\/mdxpuixt\/evenement\/ma-boite-a-jazz-5-avec-groovinhigh\/","title":{"rendered":"ma bo\u00eete \u00e0 jazz #5 avec Groovin&rsquo;High"},"content":{"rendered":"<p>Le groupe &lsquo;Groovin\u2019 High&rsquo; est un ensemble compos\u00e9 de six musiciens de premier plan aussi bien en Allemagne, Luxembourg qu\u2019en France.<br \/>\nJohannes M\u00fcller est consid\u00e9r\u00e9 comme un des saxophonistes les plus prometteurs de la grande sc\u00e8ne Jazz d\u2019Allemagne. Il a jou\u00e9 sur les sc\u00e8nes les plus prestigieuses d\u2019Europe telles que le Ronnie\u2019s Scott \u00e0 Londres, Bimhuis \u00e0 Amsterdam, Yoshi\u2019s \u00e0 Oakland (USA) \u2026 <\/p>\n<p>August-Wilhelm Scheer a jou\u00e9 depuis de nombreuses ann\u00e9es dans de multiples orchestres, du combo au Big Band. <\/p>\n<p>Ernie Hammes a \u00e9t\u00e9, entre autre, membre des orchestres de Maynard Fergusson, Dizzy Gillespie All Star Band et conduit une carri\u00e8re de soliste au Luxembourg, Belgique et Pays-Bas.<\/p>\n<p>Pierre-Alain Goualch joue depuis de nombreuses ann\u00e9es avec des musiciens tels que Andr\u00e9 Ceccarelli, David Linx, Franck Agulhon, Diego Imbert et a \u00e9t\u00e9 laur\u00e9at du premier concours de Piano Jazz de Toulon ainsi que du Concours Jazz de La D\u00e9fense. <\/p>\n<p>Gautier Laurent, coordinateur du d\u00e9partement Jazz du Conservatoire de Nancy, est un des contrebassistes les plus actifs de l\u2019Est de la France. <\/p>\n<p>Remi Vignolo, ex-contrebassiste, est le batteur du nouveau projet de la chanteuse Youn Soun Nah. <\/p>\n<p>Ce sextet de haut vol jouera un r\u00e9pertoire compos\u00e9 de standards de jazz ainsi que des compositions originales.<\/p>\n<p>Johannes M\u00fcller &#8211; Saxophone Tenor<br \/>\nAugust-Wilhelm Scheer &#8211; Saxophone Baryton<br \/>\nErnie Hammes &#8211; Trompette<br \/>\nPierre-Alain Goualch &#8211; Piano<br \/>\nGautier Laurent &#8211; Contrebass<br \/>\nRemi Vignolo &#8211; Batterie <\/p>\n<p>TARIF PLEIN 10 \u20ac<br \/>\nTARIF R\u00c9DUIT 5\u20ac (\u00e9l\u00e8ves et professeurs de conservatoire, \u00e9tudiants, demandeurs d\u2019emploi)<br \/>\nGRATUIT pour les &#8211; 12 ans<\/p>\n<p>R\u00e9servations <\/p>\n<p>03 25 30 60 53<br \/>\nadmin.culture@ville-chaumont.fr<\/p>\n<p>Avec l\u2019association Trebim Music et Diego Imbert, directeur artistique du cycle musical &lsquo;Ma bo\u00eete \u00e0 jazz&rsquo;<\/p>\n","protected":false},"excerpt":{"rendered":"<p>Le groupe &lsquo;Groovin\u2019 High&rsquo; est un ensemble compos\u00e9 de six musiciens de premier plan aussi bien en Allemagne, Luxembourg qu\u2019en France. Johannes M\u00fcller est consid\u00e9r\u00e9 comme un des saxophonistes les [&hellip;]<\/p>\n","protected":false},"author":3,"featured_media":6863,"comment_status":"closed","ping_status":"closed","template":"","meta":{"_uag_custom_page_level_css":"","_tribe_events_status":"","_tribe_events_status_reason":""},"tags":[225,51,178,99,249],"tribe_events_cat":[305],"yoast_head":"<!-- This site is optimized with the Yoast SEO plugin v21.1 - https:\/\/yoast.com\/wordpress\/plugins\/seo\/ -->\n<title>ma bo\u00eete \u00e0 jazz #5 avec Groovin&#039;High - Les Saisons Culturelles de Chaumont<\/title>\n<meta name=\"description\" content=\"D\u00e9couvrez la programmation culturelle de la saison culturelle de la ville de Chaumont. Expositions, visites, rencontres, ateliers, concerts, spectacles, animations et plus encore.\" \/>\n<meta name=\"robots\" content=\"noindex, follow, max-snippet:-1, max-image-preview:large, max-video-preview:-1\" \/>\n<meta property=\"og:locale\" content=\"fr_FR\" \/>\n<meta property=\"og:type\" content=\"article\" \/>\n<meta property=\"og:title\" content=\"ma bo\u00eete \u00e0 jazz #5 avec Groovin&#039;High - Les Saisons Culturelles de Chaumont\" \/>\n<meta property=\"og:description\" content=\"D\u00e9couvrez la programmation culturelle de la saison culturelle de la ville de Chaumont. Expositions, visites, rencontres, ateliers, concerts, spectacles, animations et plus encore.\" \/>\n<meta property=\"og:url\" content=\"https:\/\/saisonsculturelleschaumont.fr\/mdxpuixt\/evenement\/ma-boite-a-jazz-5-avec-groovinhigh\/\" \/>\n<meta property=\"og:site_name\" content=\"Les Saisons Culturelles de Chaumont\" \/>\n<meta property=\"article:publisher\" content=\"https:\/\/www.facebook.com\/saisonsculturelleschaumont\/\" \/>\n<meta property=\"article:modified_time\" content=\"2023-09-15T13:03:26+00:00\" \/>\n<meta property=\"og:image\" content=\"https:\/\/saisonsculturelleschaumont.fr\/mdxpuixt\/wp-content\/uploads\/2021\/09\/F8CCDF3B-BA4C-4FAD-8D7B-140156E121EB-e1631285148295.jpeg\" \/>\n\t<meta property=\"og:image:width\" content=\"650\" \/>\n\t<meta property=\"og:image:height\" content=\"433\" \/>\n\t<meta property=\"og:image:type\" content=\"image\/jpeg\" \/>\n<meta name=\"twitter:card\" content=\"summary_large_image\" \/>\n<meta name=\"twitter:label1\" content=\"Dur\u00e9e de lecture estim\u00e9e\" \/>\n\t<meta name=\"twitter:data1\" content=\"1 minute\" \/>\n<script type=\"application\/ld+json\" class=\"yoast-schema-graph\">{\"@context\":\"https:\/\/schema.org\",\"@graph\":[{\"@type\":\"WebPage\",\"@id\":\"https:\/\/saisonsculturelleschaumont.fr\/mdxpuixt\/evenement\/ma-boite-a-jazz-5-avec-groovinhigh\/\",\"url\":\"https:\/\/saisonsculturelleschaumont.fr\/mdxpuixt\/evenement\/ma-boite-a-jazz-5-avec-groovinhigh\/\",\"name\":\"ma bo\u00eete \u00e0 jazz #5 avec Groovin'High - Les Saisons Culturelles de Chaumont\",\"isPartOf\":{\"@id\":\"https:\/\/saisonsculturelleschaumont.fr\/mdxpuixt\/#website\"},\"datePublished\":\"2021-09-10T14:37:12+00:00\",\"dateModified\":\"2023-09-15T13:03:26+00:00\",\"description\":\"D\u00e9couvrez la programmation culturelle de la saison culturelle de la ville de Chaumont. Expositions, visites, rencontres, ateliers, concerts, spectacles, animations et plus encore.\",\"breadcrumb\":{\"@id\":\"https:\/\/saisonsculturelleschaumont.fr\/mdxpuixt\/evenement\/ma-boite-a-jazz-5-avec-groovinhigh\/#breadcrumb\"},\"inLanguage\":\"fr-FR\",\"potentialAction\":[{\"@type\":\"ReadAction\",\"target\":[\"https:\/\/saisonsculturelleschaumont.fr\/mdxpuixt\/evenement\/ma-boite-a-jazz-5-avec-groovinhigh\/\"]}]},{\"@type\":\"BreadcrumbList\",\"@id\":\"https:\/\/saisonsculturelleschaumont.fr\/mdxpuixt\/evenement\/ma-boite-a-jazz-5-avec-groovinhigh\/#breadcrumb\",\"itemListElement\":[{\"@type\":\"ListItem\",\"position\":1,\"name\":\"Accueil\",\"item\":\"https:\/\/saisonsculturelleschaumont.fr\/mdxpuixt\/\"},{\"@type\":\"ListItem\",\"position\":2,\"name\":\"\u00c9v\u00e8nements\",\"item\":\"https:\/\/saisonsculturelleschaumont.fr\/mdxpuixt\/agenda\/\"},{\"@type\":\"ListItem\",\"position\":3,\"name\":\"ma bo\u00eete \u00e0 jazz #5 avec Groovin&rsquo;High\"}]},{\"@type\":\"WebSite\",\"@id\":\"https:\/\/saisonsculturelleschaumont.fr\/mdxpuixt\/#website\",\"url\":\"https:\/\/saisonsculturelleschaumont.fr\/mdxpuixt\/\",\"name\":\"Les Saisons Culturelles de Chaumont\",\"description\":\"\",\"potentialAction\":[{\"@type\":\"SearchAction\",\"target\":{\"@type\":\"EntryPoint\",\"urlTemplate\":\"https:\/\/saisonsculturelleschaumont.fr\/mdxpuixt\/?s={search_term_string}\"},\"query-input\":\"required name=search_term_string\"}],\"inLanguage\":\"fr-FR\"}]}<\/script>\n<!-- \/ Yoast SEO plugin. -->","yoast_head_json":{"title":"ma bo\u00eete \u00e0 jazz #5 avec Groovin'High - Les Saisons Culturelles de Chaumont","description":"D\u00e9couvrez la programmation culturelle de la saison culturelle de la ville de Chaumont. Expositions, visites, rencontres, ateliers, concerts, spectacles, animations et plus encore.","robots":{"index":"noindex","follow":"follow","max-snippet":"max-snippet:-1","max-image-preview":"max-image-preview:large","max-video-preview":"max-video-preview:-1"},"og_locale":"fr_FR","og_type":"article","og_title":"ma bo\u00eete \u00e0 jazz #5 avec Groovin'High - Les Saisons Culturelles de Chaumont","og_description":"D\u00e9couvrez la programmation culturelle de la saison culturelle de la ville de Chaumont. Expositions, visites, rencontres, ateliers, concerts, spectacles, animations et plus encore.","og_url":"https:\/\/saisonsculturelleschaumont.fr\/mdxpuixt\/evenement\/ma-boite-a-jazz-5-avec-groovinhigh\/","og_site_name":"Les Saisons Culturelles de Chaumont","article_publisher":"https:\/\/www.facebook.com\/saisonsculturelleschaumont\/","article_modified_time":"2023-09-15T13:03:26+00:00","og_image":[{"width":650,"height":433,"url":"https:\/\/saisonsculturelleschaumont.fr\/mdxpuixt\/wp-content\/uploads\/2021\/09\/F8CCDF3B-BA4C-4FAD-8D7B-140156E121EB-e1631285148295.jpeg","type":"image\/jpeg"}],"twitter_card":"summary_large_image","twitter_misc":{"Dur\u00e9e de lecture estim\u00e9e":"1 minute"},"schema":{"@context":"https:\/\/schema.org","@graph":[{"@type":"WebPage","@id":"https:\/\/saisonsculturelleschaumont.fr\/mdxpuixt\/evenement\/ma-boite-a-jazz-5-avec-groovinhigh\/","url":"https:\/\/saisonsculturelleschaumont.fr\/mdxpuixt\/evenement\/ma-boite-a-jazz-5-avec-groovinhigh\/","name":"ma bo\u00eete \u00e0 jazz #5 avec Groovin'High - Les Saisons Culturelles de Chaumont","isPartOf":{"@id":"https:\/\/saisonsculturelleschaumont.fr\/mdxpuixt\/#website"},"datePublished":"2021-09-10T14:37:12+00:00","dateModified":"2023-09-15T13:03:26+00:00","description":"D\u00e9couvrez la programmation culturelle de la saison culturelle de la ville de Chaumont. Expositions, visites, rencontres, ateliers, concerts, spectacles, animations et plus encore.","breadcrumb":{"@id":"https:\/\/saisonsculturelleschaumont.fr\/mdxpuixt\/evenement\/ma-boite-a-jazz-5-avec-groovinhigh\/#breadcrumb"},"inLanguage":"fr-FR","potentialAction":[{"@type":"ReadAction","target":["https:\/\/saisonsculturelleschaumont.fr\/mdxpuixt\/evenement\/ma-boite-a-jazz-5-avec-groovinhigh\/"]}]},{"@type":"BreadcrumbList","@id":"https:\/\/saisonsculturelleschaumont.fr\/mdxpuixt\/evenement\/ma-boite-a-jazz-5-avec-groovinhigh\/#breadcrumb","itemListElement":[{"@type":"ListItem","position":1,"name":"Accueil","item":"https:\/\/saisonsculturelleschaumont.fr\/mdxpuixt\/"},{"@type":"ListItem","position":2,"name":"\u00c9v\u00e8nements","item":"https:\/\/saisonsculturelleschaumont.fr\/mdxpuixt\/agenda\/"},{"@type":"ListItem","position":3,"name":"ma bo\u00eete \u00e0 jazz #5 avec Groovin&rsquo;High"}]},{"@type":"WebSite","@id":"https:\/\/saisonsculturelleschaumont.fr\/mdxpuixt\/#website","url":"https:\/\/saisonsculturelleschaumont.fr\/mdxpuixt\/","name":"Les Saisons Culturelles de Chaumont","description":"","potentialAction":[{"@type":"SearchAction","target":{"@type":"EntryPoint","urlTemplate":"https:\/\/saisonsculturelleschaumont.fr\/mdxpuixt\/?s={search_term_string}"},"query-input":"required name=search_term_string"}],"inLanguage":"fr-FR"}]}},"uagb_featured_image_src":{"full":["https:\/\/saisonsculturelleschaumont.fr\/mdxpuixt\/wp-content\/uploads\/2021\/09\/F8CCDF3B-BA4C-4FAD-8D7B-140156E121EB-e1631285148295.jpeg",650,433,false],"thumbnail":["https:\/\/saisonsculturelleschaumont.fr\/mdxpuixt\/wp-content\/uploads\/2021\/09\/F8CCDF3B-BA4C-4FAD-8D7B-140156E121EB-80x80.jpeg",80,80,true],"medium":["https:\/\/saisonsculturelleschaumont.fr\/mdxpuixt\/wp-content\/uploads\/2021\/09\/F8CCDF3B-BA4C-4FAD-8D7B-140156E121EB-300x300.jpeg",300,300,true],"medium_large":["https:\/\/saisonsculturelleschaumont.fr\/mdxpuixt\/wp-content\/uploads\/2021\/09\/F8CCDF3B-BA4C-4FAD-8D7B-140156E121EB-e1631285148295.jpeg",650,433,false],"large":["https:\/\/saisonsculturelleschaumont.fr\/mdxpuixt\/wp-content\/uploads\/2021\/09\/F8CCDF3B-BA4C-4FAD-8D7B-140156E121EB-e1631285148295.jpeg",650,433,false],"1536x1536":["https:\/\/saisonsculturelleschaumont.fr\/mdxpuixt\/wp-content\/uploads\/2021\/09\/F8CCDF3B-BA4C-4FAD-8D7B-140156E121EB-e1631285148295.jpeg",650,433,false],"2048x2048":["https:\/\/saisonsculturelleschaumont.fr\/mdxpuixt\/wp-content\/uploads\/2021\/09\/F8CCDF3B-BA4C-4FAD-8D7B-140156E121EB-e1631285148295.jpeg",650,433,false],"widget":["https:\/\/saisonsculturelleschaumont.fr\/mdxpuixt\/wp-content\/uploads\/2021\/09\/F8CCDF3B-BA4C-4FAD-8D7B-140156E121EB-36x36.jpeg",36,36,true],"square":["https:\/\/saisonsculturelleschaumont.fr\/mdxpuixt\/wp-content\/uploads\/2021\/09\/F8CCDF3B-BA4C-4FAD-8D7B-140156E121EB-180x180.jpeg",180,180,true],"featured":["https:\/\/saisonsculturelleschaumont.fr\/mdxpuixt\/wp-content\/uploads\/2021\/09\/F8CCDF3B-BA4C-4FAD-8D7B-140156E121EB-700x430.jpeg",700,430,true],"featured_large":["https:\/\/saisonsculturelleschaumont.fr\/mdxpuixt\/wp-content\/uploads\/2021\/09\/F8CCDF3B-BA4C-4FAD-8D7B-140156E121EB-e1631285148295.jpeg",650,433,false],"extra_large":["https:\/\/saisonsculturelleschaumont.fr\/mdxpuixt\/wp-content\/uploads\/2021\/09\/F8CCDF3B-BA4C-4FAD-8D7B-140156E121EB-e1631285148295.jpeg",650,433,false],"portfolio":["https:\/\/saisonsculturelleschaumont.fr\/mdxpuixt\/wp-content\/uploads\/2021\/09\/F8CCDF3B-BA4C-4FAD-8D7B-140156E121EB-495x400.jpeg",495,400,true],"portfolio_small":["https:\/\/saisonsculturelleschaumont.fr\/mdxpuixt\/wp-content\/uploads\/2021\/09\/F8CCDF3B-BA4C-4FAD-8D7B-140156E121EB-260x185.jpeg",260,185,true],"gallery":["https:\/\/saisonsculturelleschaumont.fr\/mdxpuixt\/wp-content\/uploads\/2021\/09\/F8CCDF3B-BA4C-4FAD-8D7B-140156E121EB-e1631285148295.jpeg",650,433,false],"magazine":["https:\/\/saisonsculturelleschaumont.fr\/mdxpuixt\/wp-content\/uploads\/2021\/09\/F8CCDF3B-BA4C-4FAD-8D7B-140156E121EB-700x375.jpeg",700,375,true],"masonry":["https:\/\/saisonsculturelleschaumont.fr\/mdxpuixt\/wp-content\/uploads\/2021\/09\/F8CCDF3B-BA4C-4FAD-8D7B-140156E121EB-e1631285148295.jpeg",650,433,false],"entry_with_sidebar":["https:\/\/saisonsculturelleschaumont.fr\/mdxpuixt\/wp-content\/uploads\/2021\/09\/F8CCDF3B-BA4C-4FAD-8D7B-140156E121EB-700x321.jpeg",700,321,true],"entry_without_sidebar":["https:\/\/saisonsculturelleschaumont.fr\/mdxpuixt\/wp-content\/uploads\/2021\/09\/F8CCDF3B-BA4C-4FAD-8D7B-140156E121EB-700x423.jpeg",700,423,true]},"uagb_author_info":{"display_name":"Justine Ansel","author_link":"https:\/\/saisonsculturelleschaumont.fr\/mdxpuixt\/author\/justine-ansel\/"},"uagb_comment_info":0,"uagb_excerpt":"Le groupe &lsquo;Groovin\u2019 High&rsquo; est un ensemble compos\u00e9 de six musiciens de premier plan aussi bien en Allemagne, Luxembourg qu\u2019en France. Johannes M\u00fcller est consid\u00e9r\u00e9 comme un des saxophonistes les [&hellip;]","_links":{"self":[{"href":"https:\/\/saisonsculturelleschaumont.fr\/mdxpuixt\/wp-json\/wp\/v2\/tribe_events\/6859"}],"collection":[{"href":"https:\/\/saisonsculturelleschaumont.fr\/mdxpuixt\/wp-json\/wp\/v2\/tribe_events"}],"about":[{"href":"https:\/\/saisonsculturelleschaumont.fr\/mdxpuixt\/wp-json\/wp\/v2\/types\/tribe_events"}],"author":[{"embeddable":true,"href":"https:\/\/saisonsculturelleschaumont.fr\/mdxpuixt\/wp-json\/wp\/v2\/users\/3"}],"replies":[{"embeddable":true,"href":"https:\/\/saisonsculturelleschaumont.fr\/mdxpuixt\/wp-json\/wp\/v2\/comments?post=6859"}],"version-history":[{"count":0,"href":"https:\/\/saisonsculturelleschaumont.fr\/mdxpuixt\/wp-json\/wp\/v2\/tribe_events\/6859\/revisions"}],"wp:featuredmedia":[{"embeddable":true,"href":"https:\/\/saisonsculturelleschaumont.fr\/mdxpuixt\/wp-json\/wp\/v2\/media\/6863"}],"wp:attachment":[{"href":"https:\/\/saisonsculturelleschaumont.fr\/mdxpuixt\/wp-json\/wp\/v2\/media?parent=6859"}],"wp:term":[{"taxonomy":"post_tag","embeddable":true,"href":"https:\/\/saisonsculturelleschaumont.fr\/mdxpuixt\/wp-json\/wp\/v2\/tags?post=6859"},{"taxonomy":"tribe_events_cat","embeddable":true,"href":"https:\/\/saisonsculturelleschaumont.fr\/mdxpuixt\/wp-json\/wp\/v2\/tribe_events_cat?post=6859"}],"curies":[{"name":"wp","href":"https:\/\/api.w.org\/{rel}","templated":true}]}}