{"id":6885,"date":"2021-09-10T17:01:41","date_gmt":"2021-09-10T15:01:41","guid":{"rendered":"https:\/\/saisonsculturelleschaumont.fr\/mdxpuixt\/evenement\/semaine-bleue-atelier-a-la-mode-de-chez-nous\/"},"modified":"2021-10-06T11:21:12","modified_gmt":"2021-10-06T09:21:12","slug":"semaine-bleue-atelier-a-la-mode-de-chez-nous","status":"publish","type":"tribe_events","link":"https:\/\/saisonsculturelleschaumont.fr\/mdxpuixt\/evenement\/semaine-bleue-atelier-a-la-mode-de-chez-nous\/","title":{"rendered":"SEMAINE BLEUE atelier &lsquo;\u00e0 la mode de chez nous&rsquo;"},"content":{"rendered":"<p>Dans le cadre de la Semaine bleue, le Mus\u00e9e d\u2019Art et d\u2019Histoire propose aux s\u00e9niors d\u2019\u00e9voquer l\u2019ancienne ganterie Tr\u00e9fousse active \u00e0 Chaumont de 1829 \u00e0 1974 \u00e0 travers quelques outils, photographies anciennes et productions. La visite sera suivie d\u2019un atelier de confection d\u2019une gravure de mode en tissu incrust\u00e9. Le mercredi 6 octobre \u00e0 14h30<br \/>\nAu Mus\u00e9e d\u2019Art et d\u2019Histoire<br \/>\n2h30<br \/>\nGratuit<br \/>\nPlaces limit\u00e9es<br \/>\nSur r\u00e9servation au 03.25.03.86.99 ou cmartel@ville-chaumont.fr<\/p>\n","protected":false},"excerpt":{"rendered":"<p>Dans le cadre de la Semaine bleue, le Mus\u00e9e d\u2019Art et d\u2019Histoire propose aux s\u00e9niors d\u2019\u00e9voquer l\u2019ancienne ganterie Tr\u00e9fousse active \u00e0 Chaumont de 1829 \u00e0 1974 \u00e0 travers quelques outils, [&hellip;]<\/p>\n","protected":false},"author":3,"featured_media":6901,"comment_status":"closed","ping_status":"closed","template":"","meta":{"_uag_custom_page_level_css":"","_tribe_events_status":"","_tribe_events_status_reason":""},"tags":[115,214,252,85,129,251,250,113],"tribe_events_cat":[217],"yoast_head":"<!-- This site is optimized with the Yoast SEO plugin v21.1 - https:\/\/yoast.com\/wordpress\/plugins\/seo\/ -->\n<title>SEMAINE BLEUE atelier &#039;\u00e0 la mode de chez nous&#039; - Les Saisons Culturelles de Chaumont<\/title>\n<meta name=\"description\" content=\"D\u00e9couvrez la programmation culturelle de la saison culturelle de la ville de Chaumont. Expositions, visites, rencontres, ateliers, concerts, spectacles, animations et plus encore.\" \/>\n<meta name=\"robots\" content=\"noindex, follow, max-snippet:-1, max-image-preview:large, max-video-preview:-1\" \/>\n<meta property=\"og:locale\" content=\"fr_FR\" \/>\n<meta property=\"og:type\" content=\"article\" \/>\n<meta property=\"og:title\" content=\"SEMAINE BLEUE atelier &#039;\u00e0 la mode de chez nous&#039; - Les Saisons Culturelles de Chaumont\" \/>\n<meta property=\"og:description\" content=\"D\u00e9couvrez la programmation culturelle de la saison culturelle de la ville de Chaumont. Expositions, visites, rencontres, ateliers, concerts, spectacles, animations et plus encore.\" \/>\n<meta property=\"og:url\" content=\"https:\/\/saisonsculturelleschaumont.fr\/mdxpuixt\/evenement\/semaine-bleue-atelier-a-la-mode-de-chez-nous\/\" \/>\n<meta property=\"og:site_name\" content=\"Les Saisons Culturelles de Chaumont\" \/>\n<meta property=\"article:publisher\" content=\"https:\/\/www.facebook.com\/saisonsculturelleschaumont\/\" \/>\n<meta property=\"article:modified_time\" content=\"2021-10-06T09:21:12+00:00\" \/>\n<meta property=\"og:image\" content=\"https:\/\/saisonsculturelleschaumont.fr\/mdxpuixt\/wp-content\/uploads\/2021\/09\/Musees-de-Chaumont_Semaine-Bleue_Atelier-A-la-mode-de-chez-nous-scaled-e1631286348859.jpg\" \/>\n\t<meta property=\"og:image:width\" content=\"649\" \/>\n\t<meta property=\"og:image:height\" content=\"504\" \/>\n\t<meta property=\"og:image:type\" content=\"image\/jpeg\" \/>\n<meta name=\"twitter:card\" content=\"summary_large_image\" \/>\n<script type=\"application\/ld+json\" class=\"yoast-schema-graph\">{\"@context\":\"https:\/\/schema.org\",\"@graph\":[{\"@type\":\"WebPage\",\"@id\":\"https:\/\/saisonsculturelleschaumont.fr\/mdxpuixt\/evenement\/semaine-bleue-atelier-a-la-mode-de-chez-nous\/\",\"url\":\"https:\/\/saisonsculturelleschaumont.fr\/mdxpuixt\/evenement\/semaine-bleue-atelier-a-la-mode-de-chez-nous\/\",\"name\":\"SEMAINE BLEUE atelier '\u00e0 la mode de chez nous' - Les Saisons Culturelles de Chaumont\",\"isPartOf\":{\"@id\":\"https:\/\/saisonsculturelleschaumont.fr\/mdxpuixt\/#website\"},\"datePublished\":\"2021-09-10T15:01:41+00:00\",\"dateModified\":\"2021-10-06T09:21:12+00:00\",\"description\":\"D\u00e9couvrez la programmation culturelle de la saison culturelle de la ville de Chaumont. Expositions, visites, rencontres, ateliers, concerts, spectacles, animations et plus encore.\",\"breadcrumb\":{\"@id\":\"https:\/\/saisonsculturelleschaumont.fr\/mdxpuixt\/evenement\/semaine-bleue-atelier-a-la-mode-de-chez-nous\/#breadcrumb\"},\"inLanguage\":\"fr-FR\",\"potentialAction\":[{\"@type\":\"ReadAction\",\"target\":[\"https:\/\/saisonsculturelleschaumont.fr\/mdxpuixt\/evenement\/semaine-bleue-atelier-a-la-mode-de-chez-nous\/\"]}]},{\"@type\":\"BreadcrumbList\",\"@id\":\"https:\/\/saisonsculturelleschaumont.fr\/mdxpuixt\/evenement\/semaine-bleue-atelier-a-la-mode-de-chez-nous\/#breadcrumb\",\"itemListElement\":[{\"@type\":\"ListItem\",\"position\":1,\"name\":\"Accueil\",\"item\":\"https:\/\/saisonsculturelleschaumont.fr\/mdxpuixt\/\"},{\"@type\":\"ListItem\",\"position\":2,\"name\":\"\u00c9v\u00e8nements\",\"item\":\"https:\/\/saisonsculturelleschaumont.fr\/mdxpuixt\/agenda\/\"},{\"@type\":\"ListItem\",\"position\":3,\"name\":\"SEMAINE BLEUE atelier &lsquo;\u00e0 la mode de chez nous&rsquo;\"}]},{\"@type\":\"WebSite\",\"@id\":\"https:\/\/saisonsculturelleschaumont.fr\/mdxpuixt\/#website\",\"url\":\"https:\/\/saisonsculturelleschaumont.fr\/mdxpuixt\/\",\"name\":\"Les Saisons Culturelles de Chaumont\",\"description\":\"\",\"potentialAction\":[{\"@type\":\"SearchAction\",\"target\":{\"@type\":\"EntryPoint\",\"urlTemplate\":\"https:\/\/saisonsculturelleschaumont.fr\/mdxpuixt\/?s={search_term_string}\"},\"query-input\":\"required name=search_term_string\"}],\"inLanguage\":\"fr-FR\"}]}<\/script>\n<!-- \/ Yoast SEO plugin. -->","yoast_head_json":{"title":"SEMAINE BLEUE atelier '\u00e0 la mode de chez nous' - Les Saisons Culturelles de Chaumont","description":"D\u00e9couvrez la programmation culturelle de la saison culturelle de la ville de Chaumont. Expositions, visites, rencontres, ateliers, concerts, spectacles, animations et plus encore.","robots":{"index":"noindex","follow":"follow","max-snippet":"max-snippet:-1","max-image-preview":"max-image-preview:large","max-video-preview":"max-video-preview:-1"},"og_locale":"fr_FR","og_type":"article","og_title":"SEMAINE BLEUE atelier '\u00e0 la mode de chez nous' - Les Saisons Culturelles de Chaumont","og_description":"D\u00e9couvrez la programmation culturelle de la saison culturelle de la ville de Chaumont. Expositions, visites, rencontres, ateliers, concerts, spectacles, animations et plus encore.","og_url":"https:\/\/saisonsculturelleschaumont.fr\/mdxpuixt\/evenement\/semaine-bleue-atelier-a-la-mode-de-chez-nous\/","og_site_name":"Les Saisons Culturelles de Chaumont","article_publisher":"https:\/\/www.facebook.com\/saisonsculturelleschaumont\/","article_modified_time":"2021-10-06T09:21:12+00:00","og_image":[{"width":649,"height":504,"url":"https:\/\/saisonsculturelleschaumont.fr\/mdxpuixt\/wp-content\/uploads\/2021\/09\/Musees-de-Chaumont_Semaine-Bleue_Atelier-A-la-mode-de-chez-nous-scaled-e1631286348859.jpg","type":"image\/jpeg"}],"twitter_card":"summary_large_image","schema":{"@context":"https:\/\/schema.org","@graph":[{"@type":"WebPage","@id":"https:\/\/saisonsculturelleschaumont.fr\/mdxpuixt\/evenement\/semaine-bleue-atelier-a-la-mode-de-chez-nous\/","url":"https:\/\/saisonsculturelleschaumont.fr\/mdxpuixt\/evenement\/semaine-bleue-atelier-a-la-mode-de-chez-nous\/","name":"SEMAINE BLEUE atelier '\u00e0 la mode de chez nous' - Les Saisons Culturelles de Chaumont","isPartOf":{"@id":"https:\/\/saisonsculturelleschaumont.fr\/mdxpuixt\/#website"},"datePublished":"2021-09-10T15:01:41+00:00","dateModified":"2021-10-06T09:21:12+00:00","description":"D\u00e9couvrez la programmation culturelle de la saison culturelle de la ville de Chaumont. Expositions, visites, rencontres, ateliers, concerts, spectacles, animations et plus encore.","breadcrumb":{"@id":"https:\/\/saisonsculturelleschaumont.fr\/mdxpuixt\/evenement\/semaine-bleue-atelier-a-la-mode-de-chez-nous\/#breadcrumb"},"inLanguage":"fr-FR","potentialAction":[{"@type":"ReadAction","target":["https:\/\/saisonsculturelleschaumont.fr\/mdxpuixt\/evenement\/semaine-bleue-atelier-a-la-mode-de-chez-nous\/"]}]},{"@type":"BreadcrumbList","@id":"https:\/\/saisonsculturelleschaumont.fr\/mdxpuixt\/evenement\/semaine-bleue-atelier-a-la-mode-de-chez-nous\/#breadcrumb","itemListElement":[{"@type":"ListItem","position":1,"name":"Accueil","item":"https:\/\/saisonsculturelleschaumont.fr\/mdxpuixt\/"},{"@type":"ListItem","position":2,"name":"\u00c9v\u00e8nements","item":"https:\/\/saisonsculturelleschaumont.fr\/mdxpuixt\/agenda\/"},{"@type":"ListItem","position":3,"name":"SEMAINE BLEUE atelier &lsquo;\u00e0 la mode de chez nous&rsquo;"}]},{"@type":"WebSite","@id":"https:\/\/saisonsculturelleschaumont.fr\/mdxpuixt\/#website","url":"https:\/\/saisonsculturelleschaumont.fr\/mdxpuixt\/","name":"Les Saisons Culturelles de Chaumont","description":"","potentialAction":[{"@type":"SearchAction","target":{"@type":"EntryPoint","urlTemplate":"https:\/\/saisonsculturelleschaumont.fr\/mdxpuixt\/?s={search_term_string}"},"query-input":"required name=search_term_string"}],"inLanguage":"fr-FR"}]}},"uagb_featured_image_src":{"full":["https:\/\/saisonsculturelleschaumont.fr\/mdxpuixt\/wp-content\/uploads\/2021\/09\/Musees-de-Chaumont_Semaine-Bleue_Atelier-A-la-mode-de-chez-nous-scaled-e1631286348859.jpg",649,504,false],"thumbnail":["https:\/\/saisonsculturelleschaumont.fr\/mdxpuixt\/wp-content\/uploads\/2021\/09\/Musees-de-Chaumont_Semaine-Bleue_Atelier-A-la-mode-de-chez-nous-scaled-e1631286348859-80x80.jpg",80,80,true],"medium":["https:\/\/saisonsculturelleschaumont.fr\/mdxpuixt\/wp-content\/uploads\/2021\/09\/Musees-de-Chaumont_Semaine-Bleue_Atelier-A-la-mode-de-chez-nous-scaled-e1631286348859-300x300.jpg",300,300,true],"medium_large":["https:\/\/saisonsculturelleschaumont.fr\/mdxpuixt\/wp-content\/uploads\/2021\/09\/Musees-de-Chaumont_Semaine-Bleue_Atelier-A-la-mode-de-chez-nous-768x768.jpg",768,768,true],"large":["https:\/\/saisonsculturelleschaumont.fr\/mdxpuixt\/wp-content\/uploads\/2021\/09\/Musees-de-Chaumont_Semaine-Bleue_Atelier-A-la-mode-de-chez-nous-1030x1030.jpg",1030,1030,true],"1536x1536":["https:\/\/saisonsculturelleschaumont.fr\/mdxpuixt\/wp-content\/uploads\/2021\/09\/Musees-de-Chaumont_Semaine-Bleue_Atelier-A-la-mode-de-chez-nous-1015x1536.jpg",1015,1536,true],"2048x2048":["https:\/\/saisonsculturelleschaumont.fr\/mdxpuixt\/wp-content\/uploads\/2021\/09\/Musees-de-Chaumont_Semaine-Bleue_Atelier-A-la-mode-de-chez-nous-1353x2048.jpg",1353,2048,true],"widget":["https:\/\/saisonsculturelleschaumont.fr\/mdxpuixt\/wp-content\/uploads\/2021\/09\/Musees-de-Chaumont_Semaine-Bleue_Atelier-A-la-mode-de-chez-nous-scaled-e1631286348859-36x36.jpg",36,36,true],"square":["https:\/\/saisonsculturelleschaumont.fr\/mdxpuixt\/wp-content\/uploads\/2021\/09\/Musees-de-Chaumont_Semaine-Bleue_Atelier-A-la-mode-de-chez-nous-scaled-e1631286348859-180x180.jpg",180,180,true],"featured":["https:\/\/saisonsculturelleschaumont.fr\/mdxpuixt\/wp-content\/uploads\/2021\/09\/Musees-de-Chaumont_Semaine-Bleue_Atelier-A-la-mode-de-chez-nous-scaled-e1631286348859-649x430.jpg",649,430,true],"featured_large":["https:\/\/saisonsculturelleschaumont.fr\/mdxpuixt\/wp-content\/uploads\/2021\/09\/Musees-de-Chaumont_Semaine-Bleue_Atelier-A-la-mode-de-chez-nous-1500x630.jpg",1500,630,true],"extra_large":["https:\/\/saisonsculturelleschaumont.fr\/mdxpuixt\/wp-content\/uploads\/2021\/09\/Musees-de-Chaumont_Semaine-Bleue_Atelier-A-la-mode-de-chez-nous-991x1500.jpg",991,1500,true],"portfolio":["https:\/\/saisonsculturelleschaumont.fr\/mdxpuixt\/wp-content\/uploads\/2021\/09\/Musees-de-Chaumont_Semaine-Bleue_Atelier-A-la-mode-de-chez-nous-scaled-e1631286348859-495x400.jpg",495,400,true],"portfolio_small":["https:\/\/saisonsculturelleschaumont.fr\/mdxpuixt\/wp-content\/uploads\/2021\/09\/Musees-de-Chaumont_Semaine-Bleue_Atelier-A-la-mode-de-chez-nous-scaled-e1631286348859-260x185.jpg",260,185,true],"gallery":["https:\/\/saisonsculturelleschaumont.fr\/mdxpuixt\/wp-content\/uploads\/2021\/09\/Musees-de-Chaumont_Semaine-Bleue_Atelier-A-la-mode-de-chez-nous-845x684.jpg",845,684,true],"magazine":["https:\/\/saisonsculturelleschaumont.fr\/mdxpuixt\/wp-content\/uploads\/2021\/09\/Musees-de-Chaumont_Semaine-Bleue_Atelier-A-la-mode-de-chez-nous-scaled-e1631286348859-649x375.jpg",649,375,true],"masonry":["https:\/\/saisonsculturelleschaumont.fr\/mdxpuixt\/wp-content\/uploads\/2021\/09\/Musees-de-Chaumont_Semaine-Bleue_Atelier-A-la-mode-de-chez-nous-466x705.jpg",466,705,true],"entry_with_sidebar":["https:\/\/saisonsculturelleschaumont.fr\/mdxpuixt\/wp-content\/uploads\/2021\/09\/Musees-de-Chaumont_Semaine-Bleue_Atelier-A-la-mode-de-chez-nous-scaled-e1631286348859-649x321.jpg",649,321,true],"entry_without_sidebar":["https:\/\/saisonsculturelleschaumont.fr\/mdxpuixt\/wp-content\/uploads\/2021\/09\/Musees-de-Chaumont_Semaine-Bleue_Atelier-A-la-mode-de-chez-nous-scaled-e1631286348859-649x423.jpg",649,423,true]},"uagb_author_info":{"display_name":"Justine Ansel","author_link":"https:\/\/saisonsculturelleschaumont.fr\/mdxpuixt\/author\/justine-ansel\/"},"uagb_comment_info":0,"uagb_excerpt":"Dans le cadre de la Semaine bleue, le Mus\u00e9e d\u2019Art et d\u2019Histoire propose aux s\u00e9niors d\u2019\u00e9voquer l\u2019ancienne ganterie Tr\u00e9fousse active \u00e0 Chaumont de 1829 \u00e0 1974 \u00e0 travers quelques outils, [&hellip;]","_links":{"self":[{"href":"https:\/\/saisonsculturelleschaumont.fr\/mdxpuixt\/wp-json\/wp\/v2\/tribe_events\/6885"}],"collection":[{"href":"https:\/\/saisonsculturelleschaumont.fr\/mdxpuixt\/wp-json\/wp\/v2\/tribe_events"}],"about":[{"href":"https:\/\/saisonsculturelleschaumont.fr\/mdxpuixt\/wp-json\/wp\/v2\/types\/tribe_events"}],"author":[{"embeddable":true,"href":"https:\/\/saisonsculturelleschaumont.fr\/mdxpuixt\/wp-json\/wp\/v2\/users\/3"}],"replies":[{"embeddable":true,"href":"https:\/\/saisonsculturelleschaumont.fr\/mdxpuixt\/wp-json\/wp\/v2\/comments?post=6885"}],"version-history":[{"count":0,"href":"https:\/\/saisonsculturelleschaumont.fr\/mdxpuixt\/wp-json\/wp\/v2\/tribe_events\/6885\/revisions"}],"wp:featuredmedia":[{"embeddable":true,"href":"https:\/\/saisonsculturelleschaumont.fr\/mdxpuixt\/wp-json\/wp\/v2\/media\/6901"}],"wp:attachment":[{"href":"https:\/\/saisonsculturelleschaumont.fr\/mdxpuixt\/wp-json\/wp\/v2\/media?parent=6885"}],"wp:term":[{"taxonomy":"post_tag","embeddable":true,"href":"https:\/\/saisonsculturelleschaumont.fr\/mdxpuixt\/wp-json\/wp\/v2\/tags?post=6885"},{"taxonomy":"tribe_events_cat","embeddable":true,"href":"https:\/\/saisonsculturelleschaumont.fr\/mdxpuixt\/wp-json\/wp\/v2\/tribe_events_cat?post=6885"}],"curies":[{"name":"wp","href":"https:\/\/api.w.org\/{rel}","templated":true}]}}