{"id":6887,"date":"2021-09-10T17:01:42","date_gmt":"2021-09-10T15:01:42","guid":{"rendered":"https:\/\/saisonsculturelleschaumont.fr\/mdxpuixt\/evenement\/journees-nationales-de-larchitecture-balade-urbaine-sur-les-pas-de-jean-baptiste-bouchardon-architecte-2\/"},"modified":"2021-12-02T12:01:13","modified_gmt":"2021-12-02T11:01:13","slug":"journees-nationales-de-larchitecture-balade-urbaine-sur-les-pas-de-jean-baptiste-bouchardon-architecte-2","status":"publish","type":"tribe_events","link":"https:\/\/saisonsculturelleschaumont.fr\/mdxpuixt\/evenement\/journees-nationales-de-larchitecture-balade-urbaine-sur-les-pas-de-jean-baptiste-bouchardon-architecte-2\/","title":{"rendered":"JOURNEES NATIONALES DE L&rsquo;ARCHITECTURE balade urbaine &lsquo;sur les pas de Jean-Baptiste Bouchardon, architecte&rsquo;"},"content":{"rendered":"<p>Les Journ\u00e9es nationales de l\u2019architecture ont pour objectif de d\u00e9velopper la connaissance architecturale du grand public. Elles proposent de d\u00e9voiler les richesses de l\u2019architecture contemporaine remarquable partout o\u00f9 elle se trouve ; de raconter l\u2019histoire du b\u00e2ti qui nous entoure, d\u2019\u00e9veiller les curiosit\u00e9s et les sensibilit\u00e9s artistiques et de valoriser l\u2019apport culturel, scientifique et social de l\u2019architecture pour le bien-\u00eatre de tous. La 6e \u00e9dition se d\u00e9roulera les 15, 16 et 17 octobre 2021.Ces journ\u00e9es seront l\u2019occasion de mettre en lumi\u00e8re la figure de Jean-Baptiste Bouchardon comme architecte de la ville de Chaumont. Le Mus\u00e9e d\u2019Art et d\u2019Histoire, o\u00f9 seront d\u2019abord pr\u00e9sent\u00e9s quelques-uns de ses dessins, sera le point de d\u00e9part d\u2019une petite balade urbaine sur les pas de celui qui se voulut d\u2019abord architecte.<br \/>\nLe dimanche 17 octobre. D\u00e9part \u00e0 15h au Mus\u00e9e d\u2019Art et d\u2019Histoire<br \/>\n1h<br \/>\nGratuit<br \/>\nNombre de places limit\u00e9<br \/>\nSur r\u00e9servation au 03.25.03.86.99 ou cmartel@ville-chaumont.fr<\/p>\n","protected":false},"excerpt":{"rendered":"<p>Les Journ\u00e9es nationales de l\u2019architecture ont pour objectif de d\u00e9velopper la connaissance architecturale du grand public. Elles proposent de d\u00e9voiler les richesses de l\u2019architecture contemporaine remarquable partout o\u00f9 elle se [&hellip;]<\/p>\n","protected":false},"author":3,"featured_media":6900,"comment_status":"closed","ping_status":"closed","template":"","meta":{"_uag_custom_page_level_css":"","_tribe_events_status":"","_tribe_events_status_reason":""},"tags":[253,145,254,85,73,129,203,131],"tribe_events_cat":[217],"yoast_head":"<!-- This site is optimized with the Yoast SEO plugin v21.1 - https:\/\/yoast.com\/wordpress\/plugins\/seo\/ -->\n<title>JOURNEES NATIONALES DE L&#039;ARCHITECTURE balade urbaine &#039;sur les pas de Jean-Baptiste Bouchardon, architecte&#039; - Les Saisons Culturelles de Chaumont<\/title>\n<meta name=\"description\" content=\"D\u00e9couvrez la programmation culturelle de la saison culturelle de la ville de Chaumont. Expositions, visites, rencontres, ateliers, concerts, spectacles, animations et plus encore.\" \/>\n<meta name=\"robots\" content=\"noindex, follow, max-snippet:-1, max-image-preview:large, max-video-preview:-1\" \/>\n<meta property=\"og:locale\" content=\"fr_FR\" \/>\n<meta property=\"og:type\" content=\"article\" \/>\n<meta property=\"og:title\" content=\"JOURNEES NATIONALES DE L&#039;ARCHITECTURE balade urbaine &#039;sur les pas de Jean-Baptiste Bouchardon, architecte&#039; - Les Saisons Culturelles de Chaumont\" \/>\n<meta property=\"og:description\" content=\"D\u00e9couvrez la programmation culturelle de la saison culturelle de la ville de Chaumont. Expositions, visites, rencontres, ateliers, concerts, spectacles, animations et plus encore.\" \/>\n<meta property=\"og:url\" content=\"https:\/\/saisonsculturelleschaumont.fr\/mdxpuixt\/evenement\/journees-nationales-de-larchitecture-balade-urbaine-sur-les-pas-de-jean-baptiste-bouchardon-architecte-2\/\" \/>\n<meta property=\"og:site_name\" content=\"Les Saisons Culturelles de Chaumont\" \/>\n<meta property=\"article:publisher\" content=\"https:\/\/www.facebook.com\/saisonsculturelleschaumont\/\" \/>\n<meta property=\"article:modified_time\" content=\"2021-12-02T11:01:13+00:00\" \/>\n<meta property=\"og:image\" content=\"https:\/\/saisonsculturelleschaumont.fr\/mdxpuixt\/wp-content\/uploads\/2021\/09\/Musees-de-Chaumont_JNA_Balade-urbaine-Sur-les-pas-de-JBB-architecte-scaled-e1631286545385.jpg\" \/>\n\t<meta property=\"og:image:width\" content=\"650\" \/>\n\t<meta property=\"og:image:height\" content=\"867\" \/>\n\t<meta property=\"og:image:type\" content=\"image\/jpeg\" \/>\n<meta name=\"twitter:card\" content=\"summary_large_image\" \/>\n<meta name=\"twitter:label1\" content=\"Dur\u00e9e de lecture estim\u00e9e\" \/>\n\t<meta name=\"twitter:data1\" content=\"1 minute\" \/>\n<script type=\"application\/ld+json\" class=\"yoast-schema-graph\">{\"@context\":\"https:\/\/schema.org\",\"@graph\":[{\"@type\":\"WebPage\",\"@id\":\"https:\/\/saisonsculturelleschaumont.fr\/mdxpuixt\/evenement\/journees-nationales-de-larchitecture-balade-urbaine-sur-les-pas-de-jean-baptiste-bouchardon-architecte-2\/\",\"url\":\"https:\/\/saisonsculturelleschaumont.fr\/mdxpuixt\/evenement\/journees-nationales-de-larchitecture-balade-urbaine-sur-les-pas-de-jean-baptiste-bouchardon-architecte-2\/\",\"name\":\"JOURNEES NATIONALES DE L'ARCHITECTURE balade urbaine 'sur les pas de Jean-Baptiste Bouchardon, architecte' - Les Saisons Culturelles de Chaumont\",\"isPartOf\":{\"@id\":\"https:\/\/saisonsculturelleschaumont.fr\/mdxpuixt\/#website\"},\"datePublished\":\"2021-09-10T15:01:42+00:00\",\"dateModified\":\"2021-12-02T11:01:13+00:00\",\"description\":\"D\u00e9couvrez la programmation culturelle de la saison culturelle de la ville de Chaumont. Expositions, visites, rencontres, ateliers, concerts, spectacles, animations et plus encore.\",\"breadcrumb\":{\"@id\":\"https:\/\/saisonsculturelleschaumont.fr\/mdxpuixt\/evenement\/journees-nationales-de-larchitecture-balade-urbaine-sur-les-pas-de-jean-baptiste-bouchardon-architecte-2\/#breadcrumb\"},\"inLanguage\":\"fr-FR\",\"potentialAction\":[{\"@type\":\"ReadAction\",\"target\":[\"https:\/\/saisonsculturelleschaumont.fr\/mdxpuixt\/evenement\/journees-nationales-de-larchitecture-balade-urbaine-sur-les-pas-de-jean-baptiste-bouchardon-architecte-2\/\"]}]},{\"@type\":\"BreadcrumbList\",\"@id\":\"https:\/\/saisonsculturelleschaumont.fr\/mdxpuixt\/evenement\/journees-nationales-de-larchitecture-balade-urbaine-sur-les-pas-de-jean-baptiste-bouchardon-architecte-2\/#breadcrumb\",\"itemListElement\":[{\"@type\":\"ListItem\",\"position\":1,\"name\":\"Accueil\",\"item\":\"https:\/\/saisonsculturelleschaumont.fr\/mdxpuixt\/\"},{\"@type\":\"ListItem\",\"position\":2,\"name\":\"\u00c9v\u00e8nements\",\"item\":\"https:\/\/saisonsculturelleschaumont.fr\/mdxpuixt\/agenda\/\"},{\"@type\":\"ListItem\",\"position\":3,\"name\":\"JOURNEES NATIONALES DE L&rsquo;ARCHITECTURE balade urbaine &lsquo;sur les pas de Jean-Baptiste Bouchardon, architecte&rsquo;\"}]},{\"@type\":\"WebSite\",\"@id\":\"https:\/\/saisonsculturelleschaumont.fr\/mdxpuixt\/#website\",\"url\":\"https:\/\/saisonsculturelleschaumont.fr\/mdxpuixt\/\",\"name\":\"Les Saisons Culturelles de Chaumont\",\"description\":\"\",\"potentialAction\":[{\"@type\":\"SearchAction\",\"target\":{\"@type\":\"EntryPoint\",\"urlTemplate\":\"https:\/\/saisonsculturelleschaumont.fr\/mdxpuixt\/?s={search_term_string}\"},\"query-input\":\"required name=search_term_string\"}],\"inLanguage\":\"fr-FR\"}]}<\/script>\n<!-- \/ Yoast SEO plugin. -->","yoast_head_json":{"title":"JOURNEES NATIONALES DE L'ARCHITECTURE balade urbaine 'sur les pas de Jean-Baptiste Bouchardon, architecte' - Les Saisons Culturelles de Chaumont","description":"D\u00e9couvrez la programmation culturelle de la saison culturelle de la ville de Chaumont. Expositions, visites, rencontres, ateliers, concerts, spectacles, animations et plus encore.","robots":{"index":"noindex","follow":"follow","max-snippet":"max-snippet:-1","max-image-preview":"max-image-preview:large","max-video-preview":"max-video-preview:-1"},"og_locale":"fr_FR","og_type":"article","og_title":"JOURNEES NATIONALES DE L'ARCHITECTURE balade urbaine 'sur les pas de Jean-Baptiste Bouchardon, architecte' - Les Saisons Culturelles de Chaumont","og_description":"D\u00e9couvrez la programmation culturelle de la saison culturelle de la ville de Chaumont. Expositions, visites, rencontres, ateliers, concerts, spectacles, animations et plus encore.","og_url":"https:\/\/saisonsculturelleschaumont.fr\/mdxpuixt\/evenement\/journees-nationales-de-larchitecture-balade-urbaine-sur-les-pas-de-jean-baptiste-bouchardon-architecte-2\/","og_site_name":"Les Saisons Culturelles de Chaumont","article_publisher":"https:\/\/www.facebook.com\/saisonsculturelleschaumont\/","article_modified_time":"2021-12-02T11:01:13+00:00","og_image":[{"width":650,"height":867,"url":"https:\/\/saisonsculturelleschaumont.fr\/mdxpuixt\/wp-content\/uploads\/2021\/09\/Musees-de-Chaumont_JNA_Balade-urbaine-Sur-les-pas-de-JBB-architecte-scaled-e1631286545385.jpg","type":"image\/jpeg"}],"twitter_card":"summary_large_image","twitter_misc":{"Dur\u00e9e de lecture estim\u00e9e":"1 minute"},"schema":{"@context":"https:\/\/schema.org","@graph":[{"@type":"WebPage","@id":"https:\/\/saisonsculturelleschaumont.fr\/mdxpuixt\/evenement\/journees-nationales-de-larchitecture-balade-urbaine-sur-les-pas-de-jean-baptiste-bouchardon-architecte-2\/","url":"https:\/\/saisonsculturelleschaumont.fr\/mdxpuixt\/evenement\/journees-nationales-de-larchitecture-balade-urbaine-sur-les-pas-de-jean-baptiste-bouchardon-architecte-2\/","name":"JOURNEES NATIONALES DE L'ARCHITECTURE balade urbaine 'sur les pas de Jean-Baptiste Bouchardon, architecte' - Les Saisons Culturelles de Chaumont","isPartOf":{"@id":"https:\/\/saisonsculturelleschaumont.fr\/mdxpuixt\/#website"},"datePublished":"2021-09-10T15:01:42+00:00","dateModified":"2021-12-02T11:01:13+00:00","description":"D\u00e9couvrez la programmation culturelle de la saison culturelle de la ville de Chaumont. Expositions, visites, rencontres, ateliers, concerts, spectacles, animations et plus encore.","breadcrumb":{"@id":"https:\/\/saisonsculturelleschaumont.fr\/mdxpuixt\/evenement\/journees-nationales-de-larchitecture-balade-urbaine-sur-les-pas-de-jean-baptiste-bouchardon-architecte-2\/#breadcrumb"},"inLanguage":"fr-FR","potentialAction":[{"@type":"ReadAction","target":["https:\/\/saisonsculturelleschaumont.fr\/mdxpuixt\/evenement\/journees-nationales-de-larchitecture-balade-urbaine-sur-les-pas-de-jean-baptiste-bouchardon-architecte-2\/"]}]},{"@type":"BreadcrumbList","@id":"https:\/\/saisonsculturelleschaumont.fr\/mdxpuixt\/evenement\/journees-nationales-de-larchitecture-balade-urbaine-sur-les-pas-de-jean-baptiste-bouchardon-architecte-2\/#breadcrumb","itemListElement":[{"@type":"ListItem","position":1,"name":"Accueil","item":"https:\/\/saisonsculturelleschaumont.fr\/mdxpuixt\/"},{"@type":"ListItem","position":2,"name":"\u00c9v\u00e8nements","item":"https:\/\/saisonsculturelleschaumont.fr\/mdxpuixt\/agenda\/"},{"@type":"ListItem","position":3,"name":"JOURNEES NATIONALES DE L&rsquo;ARCHITECTURE balade urbaine &lsquo;sur les pas de Jean-Baptiste Bouchardon, architecte&rsquo;"}]},{"@type":"WebSite","@id":"https:\/\/saisonsculturelleschaumont.fr\/mdxpuixt\/#website","url":"https:\/\/saisonsculturelleschaumont.fr\/mdxpuixt\/","name":"Les Saisons Culturelles de Chaumont","description":"","potentialAction":[{"@type":"SearchAction","target":{"@type":"EntryPoint","urlTemplate":"https:\/\/saisonsculturelleschaumont.fr\/mdxpuixt\/?s={search_term_string}"},"query-input":"required name=search_term_string"}],"inLanguage":"fr-FR"}]}},"uagb_featured_image_src":{"full":["https:\/\/saisonsculturelleschaumont.fr\/mdxpuixt\/wp-content\/uploads\/2021\/09\/Musees-de-Chaumont_JNA_Balade-urbaine-Sur-les-pas-de-JBB-architecte-scaled-e1631286545385.jpg",650,867,false],"thumbnail":["https:\/\/saisonsculturelleschaumont.fr\/mdxpuixt\/wp-content\/uploads\/2021\/09\/Musees-de-Chaumont_JNA_Balade-urbaine-Sur-les-pas-de-JBB-architecte-80x80.jpg",80,80,true],"medium":["https:\/\/saisonsculturelleschaumont.fr\/mdxpuixt\/wp-content\/uploads\/2021\/09\/Musees-de-Chaumont_JNA_Balade-urbaine-Sur-les-pas-de-JBB-architecte-300x300.jpg",300,300,true],"medium_large":["https:\/\/saisonsculturelleschaumont.fr\/mdxpuixt\/wp-content\/uploads\/2021\/09\/Musees-de-Chaumont_JNA_Balade-urbaine-Sur-les-pas-de-JBB-architecte-768x768.jpg",768,768,true],"large":["https:\/\/saisonsculturelleschaumont.fr\/mdxpuixt\/wp-content\/uploads\/2021\/09\/Musees-de-Chaumont_JNA_Balade-urbaine-Sur-les-pas-de-JBB-architecte-1030x1030.jpg",1030,1030,true],"1536x1536":["https:\/\/saisonsculturelleschaumont.fr\/mdxpuixt\/wp-content\/uploads\/2021\/09\/Musees-de-Chaumont_JNA_Balade-urbaine-Sur-les-pas-de-JBB-architecte-1152x1536.jpg",1152,1536,true],"2048x2048":["https:\/\/saisonsculturelleschaumont.fr\/mdxpuixt\/wp-content\/uploads\/2021\/09\/Musees-de-Chaumont_JNA_Balade-urbaine-Sur-les-pas-de-JBB-architecte-1536x2048.jpg",1536,2048,true],"widget":["https:\/\/saisonsculturelleschaumont.fr\/mdxpuixt\/wp-content\/uploads\/2021\/09\/Musees-de-Chaumont_JNA_Balade-urbaine-Sur-les-pas-de-JBB-architecte-36x36.jpg",36,36,true],"square":["https:\/\/saisonsculturelleschaumont.fr\/mdxpuixt\/wp-content\/uploads\/2021\/09\/Musees-de-Chaumont_JNA_Balade-urbaine-Sur-les-pas-de-JBB-architecte-180x180.jpg",180,180,true],"featured":["https:\/\/saisonsculturelleschaumont.fr\/mdxpuixt\/wp-content\/uploads\/2021\/09\/Musees-de-Chaumont_JNA_Balade-urbaine-Sur-les-pas-de-JBB-architecte-1500x430.jpg",1500,430,true],"featured_large":["https:\/\/saisonsculturelleschaumont.fr\/mdxpuixt\/wp-content\/uploads\/2021\/09\/Musees-de-Chaumont_JNA_Balade-urbaine-Sur-les-pas-de-JBB-architecte-1500x630.jpg",1500,630,true],"extra_large":["https:\/\/saisonsculturelleschaumont.fr\/mdxpuixt\/wp-content\/uploads\/2021\/09\/Musees-de-Chaumont_JNA_Balade-urbaine-Sur-les-pas-de-JBB-architecte-1125x1500.jpg",1125,1500,true],"portfolio":["https:\/\/saisonsculturelleschaumont.fr\/mdxpuixt\/wp-content\/uploads\/2021\/09\/Musees-de-Chaumont_JNA_Balade-urbaine-Sur-les-pas-de-JBB-architecte-495x400.jpg",495,400,true],"portfolio_small":["https:\/\/saisonsculturelleschaumont.fr\/mdxpuixt\/wp-content\/uploads\/2021\/09\/Musees-de-Chaumont_JNA_Balade-urbaine-Sur-les-pas-de-JBB-architecte-260x185.jpg",260,185,true],"gallery":["https:\/\/saisonsculturelleschaumont.fr\/mdxpuixt\/wp-content\/uploads\/2021\/09\/Musees-de-Chaumont_JNA_Balade-urbaine-Sur-les-pas-de-JBB-architecte-845x684.jpg",845,684,true],"magazine":["https:\/\/saisonsculturelleschaumont.fr\/mdxpuixt\/wp-content\/uploads\/2021\/09\/Musees-de-Chaumont_JNA_Balade-urbaine-Sur-les-pas-de-JBB-architecte-710x375.jpg",710,375,true],"masonry":["https:\/\/saisonsculturelleschaumont.fr\/mdxpuixt\/wp-content\/uploads\/2021\/09\/Musees-de-Chaumont_JNA_Balade-urbaine-Sur-les-pas-de-JBB-architecte-529x705.jpg",529,705,true],"entry_with_sidebar":["https:\/\/saisonsculturelleschaumont.fr\/mdxpuixt\/wp-content\/uploads\/2021\/09\/Musees-de-Chaumont_JNA_Balade-urbaine-Sur-les-pas-de-JBB-architecte-845x321.jpg",845,321,true],"entry_without_sidebar":["https:\/\/saisonsculturelleschaumont.fr\/mdxpuixt\/wp-content\/uploads\/2021\/09\/Musees-de-Chaumont_JNA_Balade-urbaine-Sur-les-pas-de-JBB-architecte-1210x423.jpg",1210,423,true]},"uagb_author_info":{"display_name":"Justine Ansel","author_link":"https:\/\/saisonsculturelleschaumont.fr\/mdxpuixt\/author\/justine-ansel\/"},"uagb_comment_info":0,"uagb_excerpt":"Les Journ\u00e9es nationales de l\u2019architecture ont pour objectif de d\u00e9velopper la connaissance architecturale du grand public. Elles proposent de d\u00e9voiler les richesses de l\u2019architecture contemporaine remarquable partout o\u00f9 elle se [&hellip;]","_links":{"self":[{"href":"https:\/\/saisonsculturelleschaumont.fr\/mdxpuixt\/wp-json\/wp\/v2\/tribe_events\/6887"}],"collection":[{"href":"https:\/\/saisonsculturelleschaumont.fr\/mdxpuixt\/wp-json\/wp\/v2\/tribe_events"}],"about":[{"href":"https:\/\/saisonsculturelleschaumont.fr\/mdxpuixt\/wp-json\/wp\/v2\/types\/tribe_events"}],"author":[{"embeddable":true,"href":"https:\/\/saisonsculturelleschaumont.fr\/mdxpuixt\/wp-json\/wp\/v2\/users\/3"}],"replies":[{"embeddable":true,"href":"https:\/\/saisonsculturelleschaumont.fr\/mdxpuixt\/wp-json\/wp\/v2\/comments?post=6887"}],"version-history":[{"count":0,"href":"https:\/\/saisonsculturelleschaumont.fr\/mdxpuixt\/wp-json\/wp\/v2\/tribe_events\/6887\/revisions"}],"wp:featuredmedia":[{"embeddable":true,"href":"https:\/\/saisonsculturelleschaumont.fr\/mdxpuixt\/wp-json\/wp\/v2\/media\/6900"}],"wp:attachment":[{"href":"https:\/\/saisonsculturelleschaumont.fr\/mdxpuixt\/wp-json\/wp\/v2\/media?parent=6887"}],"wp:term":[{"taxonomy":"post_tag","embeddable":true,"href":"https:\/\/saisonsculturelleschaumont.fr\/mdxpuixt\/wp-json\/wp\/v2\/tags?post=6887"},{"taxonomy":"tribe_events_cat","embeddable":true,"href":"https:\/\/saisonsculturelleschaumont.fr\/mdxpuixt\/wp-json\/wp\/v2\/tribe_events_cat?post=6887"}],"curies":[{"name":"wp","href":"https:\/\/api.w.org\/{rel}","templated":true}]}}