{"id":6888,"date":"2021-09-10T17:01:42","date_gmt":"2021-09-10T15:01:42","guid":{"rendered":"https:\/\/saisonsculturelleschaumont.fr\/mdxpuixt\/evenement\/visite-atelier-pour-les-5-12-ans-apprenti-mosaiste\/"},"modified":"2021-12-08T10:51:23","modified_gmt":"2021-12-08T09:51:23","slug":"visite-atelier-pour-les-5-12-ans-apprenti-mosaiste","status":"publish","type":"tribe_events","link":"https:\/\/saisonsculturelleschaumont.fr\/mdxpuixt\/evenement\/visite-atelier-pour-les-5-12-ans-apprenti-mosaiste\/","title":{"rendered":"visite-atelier pour les 5-12 ans &lsquo;apprenti mosa\u00efste&rsquo;"},"content":{"rendered":"<p>\u00c0 partir du IIe si\u00e8cle de notre \u00e8re, les mosa\u00efques grecques \u00e0 tesselles furent adopt\u00e9es dans tout l\u2019Empire romain pour d\u00e9corer le sol des maisons et \u00e9laborer des d\u00e9cors. Les motifs sont g\u00e9om\u00e9triques et complexes. La Mosa\u00efque \u00e0 la panth\u00e8re et au serpent d\u00e9couverte \u00e0 Maranville en 1897 t\u00e9moigne de ce savoir-faire. Forts de leur observation, les enfants sont invit\u00e9s \u00e0 r\u00e9aliser leur propre mosa\u00efque en tesselles de pl\u00e2tre.  Les mercredi 27 octobre \u00e0 9h30 et 14h30, jeudi 28 octobre \u00e0 14h30, vendredi 29 octobre \u00e0 14h30, mercredi 3 novembre \u00e0 9h30 et 14h30, jeudi 4 novembre \u00e0 14h30, vendredi 5 novembre \u00e0 14h30.<br \/>\nAu Mus\u00e9e d\u2019Art et d\u2019Histoire<br \/>\nPour les 5-12 ans<br \/>\nDur\u00e9e : 2h<br \/>\nTarif : 4 euros par enfant<br \/>\nPlaces limit\u00e9es<br \/>\nSur r\u00e9servation au 03.25.03.86.99 ou cmartel@ville-chaumont.fr<\/p>\n","protected":false},"excerpt":{"rendered":"<p>\u00c0 partir du IIe si\u00e8cle de notre \u00e8re, les mosa\u00efques grecques \u00e0 tesselles furent adopt\u00e9es dans tout l\u2019Empire romain pour d\u00e9corer le sol des maisons et \u00e9laborer des d\u00e9cors. Les [&hellip;]<\/p>\n","protected":false},"author":3,"featured_media":6899,"comment_status":"closed","ping_status":"closed","template":"","meta":{"_uag_custom_page_level_css":"","_tribe_events_status":"","_tribe_events_status_reason":""},"tags":[204,87,115,224,135,85,129,113],"tribe_events_cat":[217],"yoast_head":"<!-- This site is optimized with the Yoast SEO plugin v21.1 - https:\/\/yoast.com\/wordpress\/plugins\/seo\/ -->\n<title>visite-atelier pour les 5-12 ans &#039;apprenti mosa\u00efste&#039; - Les Saisons Culturelles de Chaumont<\/title>\n<meta name=\"description\" content=\"D\u00e9couvrez la programmation culturelle de la saison culturelle de la ville de Chaumont. Expositions, visites, rencontres, ateliers, concerts, spectacles, animations et plus encore.\" \/>\n<meta name=\"robots\" content=\"noindex, follow, max-snippet:-1, max-image-preview:large, max-video-preview:-1\" \/>\n<meta property=\"og:locale\" content=\"fr_FR\" \/>\n<meta property=\"og:type\" content=\"article\" \/>\n<meta property=\"og:title\" content=\"visite-atelier pour les 5-12 ans &#039;apprenti mosa\u00efste&#039; - Les Saisons Culturelles de Chaumont\" \/>\n<meta property=\"og:description\" content=\"D\u00e9couvrez la programmation culturelle de la saison culturelle de la ville de Chaumont. Expositions, visites, rencontres, ateliers, concerts, spectacles, animations et plus encore.\" \/>\n<meta property=\"og:url\" content=\"https:\/\/saisonsculturelleschaumont.fr\/mdxpuixt\/evenement\/visite-atelier-pour-les-5-12-ans-apprenti-mosaiste\/\" \/>\n<meta property=\"og:site_name\" content=\"Les Saisons Culturelles de Chaumont\" \/>\n<meta property=\"article:publisher\" content=\"https:\/\/www.facebook.com\/saisonsculturelleschaumont\/\" \/>\n<meta property=\"article:modified_time\" content=\"2021-12-08T09:51:23+00:00\" \/>\n<meta property=\"og:image\" content=\"https:\/\/saisonsculturelleschaumont.fr\/mdxpuixt\/wp-content\/uploads\/2021\/09\/Musees-de-Chaumont_Atelier_Apprenti-mosaiste-scaled-e1631286585570.jpg\" \/>\n\t<meta property=\"og:image:width\" content=\"650\" \/>\n\t<meta property=\"og:image:height\" content=\"650\" \/>\n\t<meta property=\"og:image:type\" content=\"image\/jpeg\" \/>\n<meta name=\"twitter:card\" content=\"summary_large_image\" \/>\n<meta name=\"twitter:label1\" content=\"Dur\u00e9e de lecture estim\u00e9e\" \/>\n\t<meta name=\"twitter:data1\" content=\"1 minute\" \/>\n<script type=\"application\/ld+json\" class=\"yoast-schema-graph\">{\"@context\":\"https:\/\/schema.org\",\"@graph\":[{\"@type\":\"WebPage\",\"@id\":\"https:\/\/saisonsculturelleschaumont.fr\/mdxpuixt\/evenement\/visite-atelier-pour-les-5-12-ans-apprenti-mosaiste\/\",\"url\":\"https:\/\/saisonsculturelleschaumont.fr\/mdxpuixt\/evenement\/visite-atelier-pour-les-5-12-ans-apprenti-mosaiste\/\",\"name\":\"visite-atelier pour les 5-12 ans 'apprenti mosa\u00efste' - Les Saisons Culturelles de Chaumont\",\"isPartOf\":{\"@id\":\"https:\/\/saisonsculturelleschaumont.fr\/mdxpuixt\/#website\"},\"datePublished\":\"2021-09-10T15:01:42+00:00\",\"dateModified\":\"2021-12-08T09:51:23+00:00\",\"description\":\"D\u00e9couvrez la programmation culturelle de la saison culturelle de la ville de Chaumont. Expositions, visites, rencontres, ateliers, concerts, spectacles, animations et plus encore.\",\"breadcrumb\":{\"@id\":\"https:\/\/saisonsculturelleschaumont.fr\/mdxpuixt\/evenement\/visite-atelier-pour-les-5-12-ans-apprenti-mosaiste\/#breadcrumb\"},\"inLanguage\":\"fr-FR\",\"potentialAction\":[{\"@type\":\"ReadAction\",\"target\":[\"https:\/\/saisonsculturelleschaumont.fr\/mdxpuixt\/evenement\/visite-atelier-pour-les-5-12-ans-apprenti-mosaiste\/\"]}]},{\"@type\":\"BreadcrumbList\",\"@id\":\"https:\/\/saisonsculturelleschaumont.fr\/mdxpuixt\/evenement\/visite-atelier-pour-les-5-12-ans-apprenti-mosaiste\/#breadcrumb\",\"itemListElement\":[{\"@type\":\"ListItem\",\"position\":1,\"name\":\"Accueil\",\"item\":\"https:\/\/saisonsculturelleschaumont.fr\/mdxpuixt\/\"},{\"@type\":\"ListItem\",\"position\":2,\"name\":\"\u00c9v\u00e8nements\",\"item\":\"https:\/\/saisonsculturelleschaumont.fr\/mdxpuixt\/agenda\/\"},{\"@type\":\"ListItem\",\"position\":3,\"name\":\"visite-atelier pour les 5-12 ans &lsquo;apprenti mosa\u00efste&rsquo;\"}]},{\"@type\":\"WebSite\",\"@id\":\"https:\/\/saisonsculturelleschaumont.fr\/mdxpuixt\/#website\",\"url\":\"https:\/\/saisonsculturelleschaumont.fr\/mdxpuixt\/\",\"name\":\"Les Saisons Culturelles de Chaumont\",\"description\":\"\",\"potentialAction\":[{\"@type\":\"SearchAction\",\"target\":{\"@type\":\"EntryPoint\",\"urlTemplate\":\"https:\/\/saisonsculturelleschaumont.fr\/mdxpuixt\/?s={search_term_string}\"},\"query-input\":\"required name=search_term_string\"}],\"inLanguage\":\"fr-FR\"}]}<\/script>\n<!-- \/ Yoast SEO plugin. -->","yoast_head_json":{"title":"visite-atelier pour les 5-12 ans 'apprenti mosa\u00efste' - Les Saisons Culturelles de Chaumont","description":"D\u00e9couvrez la programmation culturelle de la saison culturelle de la ville de Chaumont. Expositions, visites, rencontres, ateliers, concerts, spectacles, animations et plus encore.","robots":{"index":"noindex","follow":"follow","max-snippet":"max-snippet:-1","max-image-preview":"max-image-preview:large","max-video-preview":"max-video-preview:-1"},"og_locale":"fr_FR","og_type":"article","og_title":"visite-atelier pour les 5-12 ans 'apprenti mosa\u00efste' - Les Saisons Culturelles de Chaumont","og_description":"D\u00e9couvrez la programmation culturelle de la saison culturelle de la ville de Chaumont. Expositions, visites, rencontres, ateliers, concerts, spectacles, animations et plus encore.","og_url":"https:\/\/saisonsculturelleschaumont.fr\/mdxpuixt\/evenement\/visite-atelier-pour-les-5-12-ans-apprenti-mosaiste\/","og_site_name":"Les Saisons Culturelles de Chaumont","article_publisher":"https:\/\/www.facebook.com\/saisonsculturelleschaumont\/","article_modified_time":"2021-12-08T09:51:23+00:00","og_image":[{"width":650,"height":650,"url":"https:\/\/saisonsculturelleschaumont.fr\/mdxpuixt\/wp-content\/uploads\/2021\/09\/Musees-de-Chaumont_Atelier_Apprenti-mosaiste-scaled-e1631286585570.jpg","type":"image\/jpeg"}],"twitter_card":"summary_large_image","twitter_misc":{"Dur\u00e9e de lecture estim\u00e9e":"1 minute"},"schema":{"@context":"https:\/\/schema.org","@graph":[{"@type":"WebPage","@id":"https:\/\/saisonsculturelleschaumont.fr\/mdxpuixt\/evenement\/visite-atelier-pour-les-5-12-ans-apprenti-mosaiste\/","url":"https:\/\/saisonsculturelleschaumont.fr\/mdxpuixt\/evenement\/visite-atelier-pour-les-5-12-ans-apprenti-mosaiste\/","name":"visite-atelier pour les 5-12 ans 'apprenti mosa\u00efste' - Les Saisons Culturelles de Chaumont","isPartOf":{"@id":"https:\/\/saisonsculturelleschaumont.fr\/mdxpuixt\/#website"},"datePublished":"2021-09-10T15:01:42+00:00","dateModified":"2021-12-08T09:51:23+00:00","description":"D\u00e9couvrez la programmation culturelle de la saison culturelle de la ville de Chaumont. Expositions, visites, rencontres, ateliers, concerts, spectacles, animations et plus encore.","breadcrumb":{"@id":"https:\/\/saisonsculturelleschaumont.fr\/mdxpuixt\/evenement\/visite-atelier-pour-les-5-12-ans-apprenti-mosaiste\/#breadcrumb"},"inLanguage":"fr-FR","potentialAction":[{"@type":"ReadAction","target":["https:\/\/saisonsculturelleschaumont.fr\/mdxpuixt\/evenement\/visite-atelier-pour-les-5-12-ans-apprenti-mosaiste\/"]}]},{"@type":"BreadcrumbList","@id":"https:\/\/saisonsculturelleschaumont.fr\/mdxpuixt\/evenement\/visite-atelier-pour-les-5-12-ans-apprenti-mosaiste\/#breadcrumb","itemListElement":[{"@type":"ListItem","position":1,"name":"Accueil","item":"https:\/\/saisonsculturelleschaumont.fr\/mdxpuixt\/"},{"@type":"ListItem","position":2,"name":"\u00c9v\u00e8nements","item":"https:\/\/saisonsculturelleschaumont.fr\/mdxpuixt\/agenda\/"},{"@type":"ListItem","position":3,"name":"visite-atelier pour les 5-12 ans &lsquo;apprenti mosa\u00efste&rsquo;"}]},{"@type":"WebSite","@id":"https:\/\/saisonsculturelleschaumont.fr\/mdxpuixt\/#website","url":"https:\/\/saisonsculturelleschaumont.fr\/mdxpuixt\/","name":"Les Saisons Culturelles de Chaumont","description":"","potentialAction":[{"@type":"SearchAction","target":{"@type":"EntryPoint","urlTemplate":"https:\/\/saisonsculturelleschaumont.fr\/mdxpuixt\/?s={search_term_string}"},"query-input":"required name=search_term_string"}],"inLanguage":"fr-FR"}]}},"uagb_featured_image_src":{"full":["https:\/\/saisonsculturelleschaumont.fr\/mdxpuixt\/wp-content\/uploads\/2021\/09\/Musees-de-Chaumont_Atelier_Apprenti-mosaiste-scaled-e1631286585570.jpg",650,650,false],"thumbnail":["https:\/\/saisonsculturelleschaumont.fr\/mdxpuixt\/wp-content\/uploads\/2021\/09\/Musees-de-Chaumont_Atelier_Apprenti-mosaiste-80x80.jpg",80,80,true],"medium":["https:\/\/saisonsculturelleschaumont.fr\/mdxpuixt\/wp-content\/uploads\/2021\/09\/Musees-de-Chaumont_Atelier_Apprenti-mosaiste-300x300.jpg",300,300,true],"medium_large":["https:\/\/saisonsculturelleschaumont.fr\/mdxpuixt\/wp-content\/uploads\/2021\/09\/Musees-de-Chaumont_Atelier_Apprenti-mosaiste-768x768.jpg",768,768,true],"large":["https:\/\/saisonsculturelleschaumont.fr\/mdxpuixt\/wp-content\/uploads\/2021\/09\/Musees-de-Chaumont_Atelier_Apprenti-mosaiste-1030x1030.jpg",1030,1030,true],"1536x1536":["https:\/\/saisonsculturelleschaumont.fr\/mdxpuixt\/wp-content\/uploads\/2021\/09\/Musees-de-Chaumont_Atelier_Apprenti-mosaiste-1536x1536.jpg",1536,1536,true],"2048x2048":["https:\/\/saisonsculturelleschaumont.fr\/mdxpuixt\/wp-content\/uploads\/2021\/09\/Musees-de-Chaumont_Atelier_Apprenti-mosaiste-2048x2048.jpg",2048,2048,true],"widget":["https:\/\/saisonsculturelleschaumont.fr\/mdxpuixt\/wp-content\/uploads\/2021\/09\/Musees-de-Chaumont_Atelier_Apprenti-mosaiste-36x36.jpg",36,36,true],"square":["https:\/\/saisonsculturelleschaumont.fr\/mdxpuixt\/wp-content\/uploads\/2021\/09\/Musees-de-Chaumont_Atelier_Apprenti-mosaiste-180x180.jpg",180,180,true],"featured":["https:\/\/saisonsculturelleschaumont.fr\/mdxpuixt\/wp-content\/uploads\/2021\/09\/Musees-de-Chaumont_Atelier_Apprenti-mosaiste-1500x430.jpg",1500,430,true],"featured_large":["https:\/\/saisonsculturelleschaumont.fr\/mdxpuixt\/wp-content\/uploads\/2021\/09\/Musees-de-Chaumont_Atelier_Apprenti-mosaiste-1500x630.jpg",1500,630,true],"extra_large":["https:\/\/saisonsculturelleschaumont.fr\/mdxpuixt\/wp-content\/uploads\/2021\/09\/Musees-de-Chaumont_Atelier_Apprenti-mosaiste-1500x1500.jpg",1500,1500,true],"portfolio":["https:\/\/saisonsculturelleschaumont.fr\/mdxpuixt\/wp-content\/uploads\/2021\/09\/Musees-de-Chaumont_Atelier_Apprenti-mosaiste-495x400.jpg",495,400,true],"portfolio_small":["https:\/\/saisonsculturelleschaumont.fr\/mdxpuixt\/wp-content\/uploads\/2021\/09\/Musees-de-Chaumont_Atelier_Apprenti-mosaiste-260x185.jpg",260,185,true],"gallery":["https:\/\/saisonsculturelleschaumont.fr\/mdxpuixt\/wp-content\/uploads\/2021\/09\/Musees-de-Chaumont_Atelier_Apprenti-mosaiste-845x684.jpg",845,684,true],"magazine":["https:\/\/saisonsculturelleschaumont.fr\/mdxpuixt\/wp-content\/uploads\/2021\/09\/Musees-de-Chaumont_Atelier_Apprenti-mosaiste-710x375.jpg",710,375,true],"masonry":["https:\/\/saisonsculturelleschaumont.fr\/mdxpuixt\/wp-content\/uploads\/2021\/09\/Musees-de-Chaumont_Atelier_Apprenti-mosaiste-705x705.jpg",705,705,true],"entry_with_sidebar":["https:\/\/saisonsculturelleschaumont.fr\/mdxpuixt\/wp-content\/uploads\/2021\/09\/Musees-de-Chaumont_Atelier_Apprenti-mosaiste-845x321.jpg",845,321,true],"entry_without_sidebar":["https:\/\/saisonsculturelleschaumont.fr\/mdxpuixt\/wp-content\/uploads\/2021\/09\/Musees-de-Chaumont_Atelier_Apprenti-mosaiste-1210x423.jpg",1210,423,true]},"uagb_author_info":{"display_name":"Justine Ansel","author_link":"https:\/\/saisonsculturelleschaumont.fr\/mdxpuixt\/author\/justine-ansel\/"},"uagb_comment_info":0,"uagb_excerpt":"\u00c0 partir du IIe si\u00e8cle de notre \u00e8re, les mosa\u00efques grecques \u00e0 tesselles furent adopt\u00e9es dans tout l\u2019Empire romain pour d\u00e9corer le sol des maisons et \u00e9laborer des d\u00e9cors. Les [&hellip;]","_links":{"self":[{"href":"https:\/\/saisonsculturelleschaumont.fr\/mdxpuixt\/wp-json\/wp\/v2\/tribe_events\/6888"}],"collection":[{"href":"https:\/\/saisonsculturelleschaumont.fr\/mdxpuixt\/wp-json\/wp\/v2\/tribe_events"}],"about":[{"href":"https:\/\/saisonsculturelleschaumont.fr\/mdxpuixt\/wp-json\/wp\/v2\/types\/tribe_events"}],"author":[{"embeddable":true,"href":"https:\/\/saisonsculturelleschaumont.fr\/mdxpuixt\/wp-json\/wp\/v2\/users\/3"}],"replies":[{"embeddable":true,"href":"https:\/\/saisonsculturelleschaumont.fr\/mdxpuixt\/wp-json\/wp\/v2\/comments?post=6888"}],"version-history":[{"count":0,"href":"https:\/\/saisonsculturelleschaumont.fr\/mdxpuixt\/wp-json\/wp\/v2\/tribe_events\/6888\/revisions"}],"wp:featuredmedia":[{"embeddable":true,"href":"https:\/\/saisonsculturelleschaumont.fr\/mdxpuixt\/wp-json\/wp\/v2\/media\/6899"}],"wp:attachment":[{"href":"https:\/\/saisonsculturelleschaumont.fr\/mdxpuixt\/wp-json\/wp\/v2\/media?parent=6888"}],"wp:term":[{"taxonomy":"post_tag","embeddable":true,"href":"https:\/\/saisonsculturelleschaumont.fr\/mdxpuixt\/wp-json\/wp\/v2\/tags?post=6888"},{"taxonomy":"tribe_events_cat","embeddable":true,"href":"https:\/\/saisonsculturelleschaumont.fr\/mdxpuixt\/wp-json\/wp\/v2\/tribe_events_cat?post=6888"}],"curies":[{"name":"wp","href":"https:\/\/api.w.org\/{rel}","templated":true}]}}