{"id":6889,"date":"2021-09-10T17:01:44","date_gmt":"2021-09-10T15:01:44","guid":{"rendered":"https:\/\/saisonsculturelleschaumont.fr\/mdxpuixt\/evenement\/visite-atelier-pour-les-adultes-et-les-adolescents-couronne-dhiver\/"},"modified":"2021-12-20T13:45:20","modified_gmt":"2021-12-20T12:45:20","slug":"visite-atelier-pour-les-adultes-et-les-adolescents-couronne-dhiver","status":"publish","type":"tribe_events","link":"https:\/\/saisonsculturelleschaumont.fr\/mdxpuixt\/evenement\/visite-atelier-pour-les-adultes-et-les-adolescents-couronne-dhiver\/","title":{"rendered":"visite-atelier pour les adultes et les adolescents &lsquo;couronne d&rsquo;hiver&rsquo;"},"content":{"rendered":"<p>Atelier pour les adultes et adolescents \u00ab Couronne d&rsquo;hiver \u00bbL\u2019hiver est l\u00e0 ! Pr\u00e9sent dans les collections du Mus\u00e9e notamment \u00e0 travers l\u2019\u0153uvre d\u2019Edme Bouchardon. Laissez-vous inspirer ! L\u2019\u00e9quipe du mus\u00e9e met \u00e0 votre disposition branchages, rubans, pommes de pin, oranges et b\u00e2tons de cannelle, figurines en bois\u2026 tout le mat\u00e9riel n\u00e9cessaire pour confectionner une couronne \u00e0 accrocher sur la porte ou \u00e0 poser sur la table.<br \/>\nLes dimanche 5 d\u00e9cembre \u00e0 14h30 et dimanche 12 d\u00e9cembre \u00e0 14h30.<br \/>\nAu Mus\u00e9e d\u2019Art et d\u2019Histoire<br \/>\nPour adultes et adolescents<br \/>\nEnviron 2h<br \/>\n4 euros<br \/>\nNombre de places limit\u00e9<br \/>\nSur r\u00e9servation au 03.25.03.86.99 ou cmartel@ville-chaumont.fr<\/p>\n","protected":false},"excerpt":{"rendered":"<p>Atelier pour les adultes et adolescents \u00ab Couronne d&rsquo;hiver \u00bbL\u2019hiver est l\u00e0 ! Pr\u00e9sent dans les collections du Mus\u00e9e notamment \u00e0 travers l\u2019\u0153uvre d\u2019Edme Bouchardon. Laissez-vous inspirer ! L\u2019\u00e9quipe du [&hellip;]<\/p>\n","protected":false},"author":3,"featured_media":6897,"comment_status":"closed","ping_status":"closed","template":"","meta":{"_uag_custom_page_level_css":"","_tribe_events_status":"","_tribe_events_status_reason":""},"tags":[204,164,137,87,115,85,113],"tribe_events_cat":[217],"yoast_head":"<!-- This site is optimized with the Yoast SEO plugin v21.1 - https:\/\/yoast.com\/wordpress\/plugins\/seo\/ -->\n<title>visite-atelier pour les adultes et les adolescents &#039;couronne d&#039;hiver&#039; - Les Saisons Culturelles de Chaumont<\/title>\n<meta name=\"description\" content=\"D\u00e9couvrez la programmation culturelle de la saison culturelle de la ville de Chaumont. Expositions, visites, rencontres, ateliers, concerts, spectacles, animations et plus encore.\" \/>\n<meta name=\"robots\" content=\"noindex, follow, max-snippet:-1, max-image-preview:large, max-video-preview:-1\" \/>\n<meta property=\"og:locale\" content=\"fr_FR\" \/>\n<meta property=\"og:type\" content=\"article\" \/>\n<meta property=\"og:title\" content=\"visite-atelier pour les adultes et les adolescents &#039;couronne d&#039;hiver&#039; - Les Saisons Culturelles de Chaumont\" \/>\n<meta property=\"og:description\" content=\"D\u00e9couvrez la programmation culturelle de la saison culturelle de la ville de Chaumont. Expositions, visites, rencontres, ateliers, concerts, spectacles, animations et plus encore.\" \/>\n<meta property=\"og:url\" content=\"https:\/\/saisonsculturelleschaumont.fr\/mdxpuixt\/evenement\/visite-atelier-pour-les-adultes-et-les-adolescents-couronne-dhiver\/\" \/>\n<meta property=\"og:site_name\" content=\"Les Saisons Culturelles de Chaumont\" \/>\n<meta property=\"article:publisher\" content=\"https:\/\/www.facebook.com\/saisonsculturelleschaumont\/\" \/>\n<meta property=\"article:modified_time\" content=\"2021-12-20T12:45:20+00:00\" \/>\n<meta property=\"og:image\" content=\"https:\/\/saisonsculturelleschaumont.fr\/mdxpuixt\/wp-content\/uploads\/2021\/09\/Musees-de-Chaumont_Atelier-adultes-et-ados_Couronne-dhiver.jpg\" \/>\n\t<meta property=\"og:image:width\" content=\"2540\" \/>\n\t<meta property=\"og:image:height\" content=\"2200\" \/>\n\t<meta property=\"og:image:type\" content=\"image\/jpeg\" \/>\n<meta name=\"twitter:card\" content=\"summary_large_image\" \/>\n<meta name=\"twitter:label1\" content=\"Dur\u00e9e de lecture estim\u00e9e\" \/>\n\t<meta name=\"twitter:data1\" content=\"1 minute\" \/>\n<script type=\"application\/ld+json\" class=\"yoast-schema-graph\">{\"@context\":\"https:\/\/schema.org\",\"@graph\":[{\"@type\":\"WebPage\",\"@id\":\"https:\/\/saisonsculturelleschaumont.fr\/mdxpuixt\/evenement\/visite-atelier-pour-les-adultes-et-les-adolescents-couronne-dhiver\/\",\"url\":\"https:\/\/saisonsculturelleschaumont.fr\/mdxpuixt\/evenement\/visite-atelier-pour-les-adultes-et-les-adolescents-couronne-dhiver\/\",\"name\":\"visite-atelier pour les adultes et les adolescents 'couronne d'hiver' - Les Saisons Culturelles de Chaumont\",\"isPartOf\":{\"@id\":\"https:\/\/saisonsculturelleschaumont.fr\/mdxpuixt\/#website\"},\"datePublished\":\"2021-09-10T15:01:44+00:00\",\"dateModified\":\"2021-12-20T12:45:20+00:00\",\"description\":\"D\u00e9couvrez la programmation culturelle de la saison culturelle de la ville de Chaumont. Expositions, visites, rencontres, ateliers, concerts, spectacles, animations et plus encore.\",\"breadcrumb\":{\"@id\":\"https:\/\/saisonsculturelleschaumont.fr\/mdxpuixt\/evenement\/visite-atelier-pour-les-adultes-et-les-adolescents-couronne-dhiver\/#breadcrumb\"},\"inLanguage\":\"fr-FR\",\"potentialAction\":[{\"@type\":\"ReadAction\",\"target\":[\"https:\/\/saisonsculturelleschaumont.fr\/mdxpuixt\/evenement\/visite-atelier-pour-les-adultes-et-les-adolescents-couronne-dhiver\/\"]}]},{\"@type\":\"BreadcrumbList\",\"@id\":\"https:\/\/saisonsculturelleschaumont.fr\/mdxpuixt\/evenement\/visite-atelier-pour-les-adultes-et-les-adolescents-couronne-dhiver\/#breadcrumb\",\"itemListElement\":[{\"@type\":\"ListItem\",\"position\":1,\"name\":\"Accueil\",\"item\":\"https:\/\/saisonsculturelleschaumont.fr\/mdxpuixt\/\"},{\"@type\":\"ListItem\",\"position\":2,\"name\":\"\u00c9v\u00e8nements\",\"item\":\"https:\/\/saisonsculturelleschaumont.fr\/mdxpuixt\/agenda\/\"},{\"@type\":\"ListItem\",\"position\":3,\"name\":\"visite-atelier pour les adultes et les adolescents &lsquo;couronne d&rsquo;hiver&rsquo;\"}]},{\"@type\":\"WebSite\",\"@id\":\"https:\/\/saisonsculturelleschaumont.fr\/mdxpuixt\/#website\",\"url\":\"https:\/\/saisonsculturelleschaumont.fr\/mdxpuixt\/\",\"name\":\"Les Saisons Culturelles de Chaumont\",\"description\":\"\",\"potentialAction\":[{\"@type\":\"SearchAction\",\"target\":{\"@type\":\"EntryPoint\",\"urlTemplate\":\"https:\/\/saisonsculturelleschaumont.fr\/mdxpuixt\/?s={search_term_string}\"},\"query-input\":\"required name=search_term_string\"}],\"inLanguage\":\"fr-FR\"}]}<\/script>\n<!-- \/ Yoast SEO plugin. -->","yoast_head_json":{"title":"visite-atelier pour les adultes et les adolescents 'couronne d'hiver' - Les Saisons Culturelles de Chaumont","description":"D\u00e9couvrez la programmation culturelle de la saison culturelle de la ville de Chaumont. Expositions, visites, rencontres, ateliers, concerts, spectacles, animations et plus encore.","robots":{"index":"noindex","follow":"follow","max-snippet":"max-snippet:-1","max-image-preview":"max-image-preview:large","max-video-preview":"max-video-preview:-1"},"og_locale":"fr_FR","og_type":"article","og_title":"visite-atelier pour les adultes et les adolescents 'couronne d'hiver' - Les Saisons Culturelles de Chaumont","og_description":"D\u00e9couvrez la programmation culturelle de la saison culturelle de la ville de Chaumont. Expositions, visites, rencontres, ateliers, concerts, spectacles, animations et plus encore.","og_url":"https:\/\/saisonsculturelleschaumont.fr\/mdxpuixt\/evenement\/visite-atelier-pour-les-adultes-et-les-adolescents-couronne-dhiver\/","og_site_name":"Les Saisons Culturelles de Chaumont","article_publisher":"https:\/\/www.facebook.com\/saisonsculturelleschaumont\/","article_modified_time":"2021-12-20T12:45:20+00:00","og_image":[{"width":2540,"height":2200,"url":"https:\/\/saisonsculturelleschaumont.fr\/mdxpuixt\/wp-content\/uploads\/2021\/09\/Musees-de-Chaumont_Atelier-adultes-et-ados_Couronne-dhiver.jpg","type":"image\/jpeg"}],"twitter_card":"summary_large_image","twitter_misc":{"Dur\u00e9e de lecture estim\u00e9e":"1 minute"},"schema":{"@context":"https:\/\/schema.org","@graph":[{"@type":"WebPage","@id":"https:\/\/saisonsculturelleschaumont.fr\/mdxpuixt\/evenement\/visite-atelier-pour-les-adultes-et-les-adolescents-couronne-dhiver\/","url":"https:\/\/saisonsculturelleschaumont.fr\/mdxpuixt\/evenement\/visite-atelier-pour-les-adultes-et-les-adolescents-couronne-dhiver\/","name":"visite-atelier pour les adultes et les adolescents 'couronne d'hiver' - Les Saisons Culturelles de Chaumont","isPartOf":{"@id":"https:\/\/saisonsculturelleschaumont.fr\/mdxpuixt\/#website"},"datePublished":"2021-09-10T15:01:44+00:00","dateModified":"2021-12-20T12:45:20+00:00","description":"D\u00e9couvrez la programmation culturelle de la saison culturelle de la ville de Chaumont. Expositions, visites, rencontres, ateliers, concerts, spectacles, animations et plus encore.","breadcrumb":{"@id":"https:\/\/saisonsculturelleschaumont.fr\/mdxpuixt\/evenement\/visite-atelier-pour-les-adultes-et-les-adolescents-couronne-dhiver\/#breadcrumb"},"inLanguage":"fr-FR","potentialAction":[{"@type":"ReadAction","target":["https:\/\/saisonsculturelleschaumont.fr\/mdxpuixt\/evenement\/visite-atelier-pour-les-adultes-et-les-adolescents-couronne-dhiver\/"]}]},{"@type":"BreadcrumbList","@id":"https:\/\/saisonsculturelleschaumont.fr\/mdxpuixt\/evenement\/visite-atelier-pour-les-adultes-et-les-adolescents-couronne-dhiver\/#breadcrumb","itemListElement":[{"@type":"ListItem","position":1,"name":"Accueil","item":"https:\/\/saisonsculturelleschaumont.fr\/mdxpuixt\/"},{"@type":"ListItem","position":2,"name":"\u00c9v\u00e8nements","item":"https:\/\/saisonsculturelleschaumont.fr\/mdxpuixt\/agenda\/"},{"@type":"ListItem","position":3,"name":"visite-atelier pour les adultes et les adolescents &lsquo;couronne d&rsquo;hiver&rsquo;"}]},{"@type":"WebSite","@id":"https:\/\/saisonsculturelleschaumont.fr\/mdxpuixt\/#website","url":"https:\/\/saisonsculturelleschaumont.fr\/mdxpuixt\/","name":"Les Saisons Culturelles de Chaumont","description":"","potentialAction":[{"@type":"SearchAction","target":{"@type":"EntryPoint","urlTemplate":"https:\/\/saisonsculturelleschaumont.fr\/mdxpuixt\/?s={search_term_string}"},"query-input":"required name=search_term_string"}],"inLanguage":"fr-FR"}]}},"uagb_featured_image_src":{"full":["https:\/\/saisonsculturelleschaumont.fr\/mdxpuixt\/wp-content\/uploads\/2021\/09\/Musees-de-Chaumont_Atelier-adultes-et-ados_Couronne-dhiver.jpg",2540,2200,false],"thumbnail":["https:\/\/saisonsculturelleschaumont.fr\/mdxpuixt\/wp-content\/uploads\/2021\/09\/Musees-de-Chaumont_Atelier-adultes-et-ados_Couronne-dhiver-80x80.jpg",80,80,true],"medium":["https:\/\/saisonsculturelleschaumont.fr\/mdxpuixt\/wp-content\/uploads\/2021\/09\/Musees-de-Chaumont_Atelier-adultes-et-ados_Couronne-dhiver-300x300.jpg",300,300,true],"medium_large":["https:\/\/saisonsculturelleschaumont.fr\/mdxpuixt\/wp-content\/uploads\/2021\/09\/Musees-de-Chaumont_Atelier-adultes-et-ados_Couronne-dhiver-768x768.jpg",768,768,true],"large":["https:\/\/saisonsculturelleschaumont.fr\/mdxpuixt\/wp-content\/uploads\/2021\/09\/Musees-de-Chaumont_Atelier-adultes-et-ados_Couronne-dhiver-1030x1030.jpg",1030,1030,true],"1536x1536":["https:\/\/saisonsculturelleschaumont.fr\/mdxpuixt\/wp-content\/uploads\/2021\/09\/Musees-de-Chaumont_Atelier-adultes-et-ados_Couronne-dhiver-1536x1330.jpg",1536,1330,true],"2048x2048":["https:\/\/saisonsculturelleschaumont.fr\/mdxpuixt\/wp-content\/uploads\/2021\/09\/Musees-de-Chaumont_Atelier-adultes-et-ados_Couronne-dhiver-2048x1774.jpg",2048,1774,true],"widget":["https:\/\/saisonsculturelleschaumont.fr\/mdxpuixt\/wp-content\/uploads\/2021\/09\/Musees-de-Chaumont_Atelier-adultes-et-ados_Couronne-dhiver-36x36.jpg",36,36,true],"square":["https:\/\/saisonsculturelleschaumont.fr\/mdxpuixt\/wp-content\/uploads\/2021\/09\/Musees-de-Chaumont_Atelier-adultes-et-ados_Couronne-dhiver-180x180.jpg",180,180,true],"featured":["https:\/\/saisonsculturelleschaumont.fr\/mdxpuixt\/wp-content\/uploads\/2021\/09\/Musees-de-Chaumont_Atelier-adultes-et-ados_Couronne-dhiver-1500x430.jpg",1500,430,true],"featured_large":["https:\/\/saisonsculturelleschaumont.fr\/mdxpuixt\/wp-content\/uploads\/2021\/09\/Musees-de-Chaumont_Atelier-adultes-et-ados_Couronne-dhiver-1500x630.jpg",1500,630,true],"extra_large":["https:\/\/saisonsculturelleschaumont.fr\/mdxpuixt\/wp-content\/uploads\/2021\/09\/Musees-de-Chaumont_Atelier-adultes-et-ados_Couronne-dhiver-1500x1299.jpg",1500,1299,true],"portfolio":["https:\/\/saisonsculturelleschaumont.fr\/mdxpuixt\/wp-content\/uploads\/2021\/09\/Musees-de-Chaumont_Atelier-adultes-et-ados_Couronne-dhiver-495x400.jpg",495,400,true],"portfolio_small":["https:\/\/saisonsculturelleschaumont.fr\/mdxpuixt\/wp-content\/uploads\/2021\/09\/Musees-de-Chaumont_Atelier-adultes-et-ados_Couronne-dhiver-260x185.jpg",260,185,true],"gallery":["https:\/\/saisonsculturelleschaumont.fr\/mdxpuixt\/wp-content\/uploads\/2021\/09\/Musees-de-Chaumont_Atelier-adultes-et-ados_Couronne-dhiver-845x684.jpg",845,684,true],"magazine":["https:\/\/saisonsculturelleschaumont.fr\/mdxpuixt\/wp-content\/uploads\/2021\/09\/Musees-de-Chaumont_Atelier-adultes-et-ados_Couronne-dhiver-710x375.jpg",710,375,true],"masonry":["https:\/\/saisonsculturelleschaumont.fr\/mdxpuixt\/wp-content\/uploads\/2021\/09\/Musees-de-Chaumont_Atelier-adultes-et-ados_Couronne-dhiver-705x611.jpg",705,611,true],"entry_with_sidebar":["https:\/\/saisonsculturelleschaumont.fr\/mdxpuixt\/wp-content\/uploads\/2021\/09\/Musees-de-Chaumont_Atelier-adultes-et-ados_Couronne-dhiver-845x321.jpg",845,321,true],"entry_without_sidebar":["https:\/\/saisonsculturelleschaumont.fr\/mdxpuixt\/wp-content\/uploads\/2021\/09\/Musees-de-Chaumont_Atelier-adultes-et-ados_Couronne-dhiver-1210x423.jpg",1210,423,true]},"uagb_author_info":{"display_name":"Justine Ansel","author_link":"https:\/\/saisonsculturelleschaumont.fr\/mdxpuixt\/author\/justine-ansel\/"},"uagb_comment_info":0,"uagb_excerpt":"Atelier pour les adultes et adolescents \u00ab Couronne d&rsquo;hiver \u00bbL\u2019hiver est l\u00e0 ! Pr\u00e9sent dans les collections du Mus\u00e9e notamment \u00e0 travers l\u2019\u0153uvre d\u2019Edme Bouchardon. Laissez-vous inspirer ! L\u2019\u00e9quipe du [&hellip;]","_links":{"self":[{"href":"https:\/\/saisonsculturelleschaumont.fr\/mdxpuixt\/wp-json\/wp\/v2\/tribe_events\/6889"}],"collection":[{"href":"https:\/\/saisonsculturelleschaumont.fr\/mdxpuixt\/wp-json\/wp\/v2\/tribe_events"}],"about":[{"href":"https:\/\/saisonsculturelleschaumont.fr\/mdxpuixt\/wp-json\/wp\/v2\/types\/tribe_events"}],"author":[{"embeddable":true,"href":"https:\/\/saisonsculturelleschaumont.fr\/mdxpuixt\/wp-json\/wp\/v2\/users\/3"}],"replies":[{"embeddable":true,"href":"https:\/\/saisonsculturelleschaumont.fr\/mdxpuixt\/wp-json\/wp\/v2\/comments?post=6889"}],"version-history":[{"count":0,"href":"https:\/\/saisonsculturelleschaumont.fr\/mdxpuixt\/wp-json\/wp\/v2\/tribe_events\/6889\/revisions"}],"wp:featuredmedia":[{"embeddable":true,"href":"https:\/\/saisonsculturelleschaumont.fr\/mdxpuixt\/wp-json\/wp\/v2\/media\/6897"}],"wp:attachment":[{"href":"https:\/\/saisonsculturelleschaumont.fr\/mdxpuixt\/wp-json\/wp\/v2\/media?parent=6889"}],"wp:term":[{"taxonomy":"post_tag","embeddable":true,"href":"https:\/\/saisonsculturelleschaumont.fr\/mdxpuixt\/wp-json\/wp\/v2\/tags?post=6889"},{"taxonomy":"tribe_events_cat","embeddable":true,"href":"https:\/\/saisonsculturelleschaumont.fr\/mdxpuixt\/wp-json\/wp\/v2\/tribe_events_cat?post=6889"}],"curies":[{"name":"wp","href":"https:\/\/api.w.org\/{rel}","templated":true}]}}