{"id":6892,"date":"2021-09-10T17:01:45","date_gmt":"2021-09-10T15:01:45","guid":{"rendered":"https:\/\/saisonsculturelleschaumont.fr\/mdxpuixt\/evenement\/conference-du-mardi-figures-du-corps-la-transmission-dun-savoir-de-la-renaissance-au-xixe-siecle\/"},"modified":"2021-12-10T13:58:31","modified_gmt":"2021-12-10T12:58:31","slug":"conference-du-mardi-figures-du-corps-la-transmission-dun-savoir-de-la-renaissance-au-xixe-siecle","status":"publish","type":"tribe_events","link":"https:\/\/saisonsculturelleschaumont.fr\/mdxpuixt\/evenement\/conference-du-mardi-figures-du-corps-la-transmission-dun-savoir-de-la-renaissance-au-xixe-siecle\/","title":{"rendered":"conf\u00e9rence du mardi : figures du corps &#8211; la transmission d\u2019un savoir de la Renaissance au XIXe si\u00e8cle"},"content":{"rendered":"<div class=\"o9v6fnle cxmmr5t8 oygrvhab hcukyx3x c1et5uql\">par Philippe Comar, plasticien, sc\u00e9nographe, commissaire d\u2019exposition, \u00e9crivain, professeur de dessin et de morphologie humaine aux Beaux-Arts de Paris de 1979 \u00e0 2018<\/div>\n<div class=\"o9v6fnle cxmmr5t8 oygrvhab hcukyx3x c1et5uql\"><\/div>\n<div class=\"o9v6fnle cxmmr5t8 oygrvhab hcukyx3x c1et5uql\">Aucune question n\u2019a occup\u00e9 autant l\u2019art occidental depuis la Renaissance que celle qui touche \u00e0 la repr\u00e9sentation de la figure humaine, \u00e0 ses conventions et ses licences. Scand\u00e9e par des querelles, des ruptures, des crises iconoclastes, la transmission d\u2019un savoir sur le corps, sous forme de r\u00e8gles de proportions, de mod\u00e8les anatomiques, de poses de r\u00e9f\u00e9rence, est une des missions majeures que se sont donn\u00e9es les \u00e9coles d\u2019art. Dessins d\u2019apr\u00e8s mod\u00e8les vivants ou d\u2019apr\u00e8s l\u2019Antique, \u00e9tudes du squelette, de l\u2019\u00e9corch\u00e9 ou de mannequins articul\u00e9s, apprentissage dans des manuels ou copie d\u2019apr\u00e8s les ma\u00eetres, autant de moyens pratiques et d\u2019outils conceptuels qui ont servi \u00e0 \u00e9laborer des repr\u00e9sentations du corps et \u00e0 transmettre une id\u00e9e de la beaut\u00e9.<\/div>\n<div><\/div>\n<div class=\"o9v6fnle cxmmr5t8 oygrvhab hcukyx3x c1et5uql\">Au Mus\u00e9e d\u2019Art et d\u2019Histoire, place du Palais, \u00e0 20h30<\/div>\n<div class=\"o9v6fnle cxmmr5t8 oygrvhab hcukyx3x c1et5uql\">Entr\u00e9e libre<br \/>\nPlaces limit\u00e9es<br \/>\nPass sanitaire obligatoire<br \/>\nPort du masque<\/div>\n","protected":false},"excerpt":{"rendered":"<p>par Philippe Comar, plasticien, sc\u00e9nographe, commissaire d\u2019exposition, \u00e9crivain, professeur de dessin et de morphologie humaine aux Beaux-Arts de Paris de 1979 \u00e0 2018 Aucune question n\u2019a occup\u00e9 autant l\u2019art occidental [&hellip;]<\/p>\n","protected":false},"author":3,"featured_media":6895,"comment_status":"closed","ping_status":"closed","template":"","meta":{"_uag_custom_page_level_css":"","_tribe_events_status":"","_tribe_events_status_reason":""},"tags":[84,79],"tribe_events_cat":[217],"yoast_head":"<!-- This site is optimized with the Yoast SEO plugin v21.1 - https:\/\/yoast.com\/wordpress\/plugins\/seo\/ -->\n<title>conf\u00e9rence du mardi : figures du corps - la transmission d\u2019un savoir de la Renaissance au XIXe si\u00e8cle - Les Saisons Culturelles de Chaumont<\/title>\n<meta name=\"description\" content=\"D\u00e9couvrez la programmation culturelle de la saison culturelle de la ville de Chaumont. Expositions, visites, rencontres, ateliers, concerts, spectacles, animations et plus encore.\" \/>\n<meta name=\"robots\" content=\"noindex, follow, max-snippet:-1, max-image-preview:large, max-video-preview:-1\" \/>\n<meta property=\"og:locale\" content=\"fr_FR\" \/>\n<meta property=\"og:type\" content=\"article\" \/>\n<meta property=\"og:title\" content=\"conf\u00e9rence du mardi : figures du corps - la transmission d\u2019un savoir de la Renaissance au XIXe si\u00e8cle - Les Saisons Culturelles de Chaumont\" \/>\n<meta property=\"og:description\" content=\"D\u00e9couvrez la programmation culturelle de la saison culturelle de la ville de Chaumont. Expositions, visites, rencontres, ateliers, concerts, spectacles, animations et plus encore.\" \/>\n<meta property=\"og:url\" content=\"https:\/\/saisonsculturelleschaumont.fr\/mdxpuixt\/evenement\/conference-du-mardi-figures-du-corps-la-transmission-dun-savoir-de-la-renaissance-au-xixe-siecle\/\" \/>\n<meta property=\"og:site_name\" content=\"Les Saisons Culturelles de Chaumont\" \/>\n<meta property=\"article:publisher\" content=\"https:\/\/www.facebook.com\/saisonsculturelleschaumont\/\" \/>\n<meta property=\"article:modified_time\" content=\"2021-12-10T12:58:31+00:00\" \/>\n<meta property=\"og:image\" content=\"https:\/\/saisonsculturelleschaumont.fr\/mdxpuixt\/wp-content\/uploads\/2021\/09\/Conference-du-Mardi_Figures-du-corps_Hercule-et-Omphale-de-Luca-Ferrari-scaled-e1631286628840.jpg\" \/>\n\t<meta property=\"og:image:width\" content=\"650\" \/>\n\t<meta property=\"og:image:height\" content=\"534\" \/>\n\t<meta property=\"og:image:type\" content=\"image\/jpeg\" \/>\n<meta name=\"twitter:card\" content=\"summary_large_image\" \/>\n<meta name=\"twitter:label1\" content=\"Dur\u00e9e de lecture estim\u00e9e\" \/>\n\t<meta name=\"twitter:data1\" content=\"1 minute\" \/>\n<script type=\"application\/ld+json\" class=\"yoast-schema-graph\">{\"@context\":\"https:\/\/schema.org\",\"@graph\":[{\"@type\":\"WebPage\",\"@id\":\"https:\/\/saisonsculturelleschaumont.fr\/mdxpuixt\/evenement\/conference-du-mardi-figures-du-corps-la-transmission-dun-savoir-de-la-renaissance-au-xixe-siecle\/\",\"url\":\"https:\/\/saisonsculturelleschaumont.fr\/mdxpuixt\/evenement\/conference-du-mardi-figures-du-corps-la-transmission-dun-savoir-de-la-renaissance-au-xixe-siecle\/\",\"name\":\"conf\u00e9rence du mardi : figures du corps - la transmission d\u2019un savoir de la Renaissance au XIXe si\u00e8cle - Les Saisons Culturelles de Chaumont\",\"isPartOf\":{\"@id\":\"https:\/\/saisonsculturelleschaumont.fr\/mdxpuixt\/#website\"},\"datePublished\":\"2021-09-10T15:01:45+00:00\",\"dateModified\":\"2021-12-10T12:58:31+00:00\",\"description\":\"D\u00e9couvrez la programmation culturelle de la saison culturelle de la ville de Chaumont. Expositions, visites, rencontres, ateliers, concerts, spectacles, animations et plus encore.\",\"breadcrumb\":{\"@id\":\"https:\/\/saisonsculturelleschaumont.fr\/mdxpuixt\/evenement\/conference-du-mardi-figures-du-corps-la-transmission-dun-savoir-de-la-renaissance-au-xixe-siecle\/#breadcrumb\"},\"inLanguage\":\"fr-FR\",\"potentialAction\":[{\"@type\":\"ReadAction\",\"target\":[\"https:\/\/saisonsculturelleschaumont.fr\/mdxpuixt\/evenement\/conference-du-mardi-figures-du-corps-la-transmission-dun-savoir-de-la-renaissance-au-xixe-siecle\/\"]}]},{\"@type\":\"BreadcrumbList\",\"@id\":\"https:\/\/saisonsculturelleschaumont.fr\/mdxpuixt\/evenement\/conference-du-mardi-figures-du-corps-la-transmission-dun-savoir-de-la-renaissance-au-xixe-siecle\/#breadcrumb\",\"itemListElement\":[{\"@type\":\"ListItem\",\"position\":1,\"name\":\"Accueil\",\"item\":\"https:\/\/saisonsculturelleschaumont.fr\/mdxpuixt\/\"},{\"@type\":\"ListItem\",\"position\":2,\"name\":\"\u00c9v\u00e8nements\",\"item\":\"https:\/\/saisonsculturelleschaumont.fr\/mdxpuixt\/agenda\/\"},{\"@type\":\"ListItem\",\"position\":3,\"name\":\"conf\u00e9rence du mardi : figures du corps &#8211; la transmission d\u2019un savoir de la Renaissance au XIXe si\u00e8cle\"}]},{\"@type\":\"WebSite\",\"@id\":\"https:\/\/saisonsculturelleschaumont.fr\/mdxpuixt\/#website\",\"url\":\"https:\/\/saisonsculturelleschaumont.fr\/mdxpuixt\/\",\"name\":\"Les Saisons Culturelles de Chaumont\",\"description\":\"\",\"potentialAction\":[{\"@type\":\"SearchAction\",\"target\":{\"@type\":\"EntryPoint\",\"urlTemplate\":\"https:\/\/saisonsculturelleschaumont.fr\/mdxpuixt\/?s={search_term_string}\"},\"query-input\":\"required name=search_term_string\"}],\"inLanguage\":\"fr-FR\"}]}<\/script>\n<!-- \/ Yoast SEO plugin. -->","yoast_head_json":{"title":"conf\u00e9rence du mardi : figures du corps - la transmission d\u2019un savoir de la Renaissance au XIXe si\u00e8cle - Les Saisons Culturelles de Chaumont","description":"D\u00e9couvrez la programmation culturelle de la saison culturelle de la ville de Chaumont. Expositions, visites, rencontres, ateliers, concerts, spectacles, animations et plus encore.","robots":{"index":"noindex","follow":"follow","max-snippet":"max-snippet:-1","max-image-preview":"max-image-preview:large","max-video-preview":"max-video-preview:-1"},"og_locale":"fr_FR","og_type":"article","og_title":"conf\u00e9rence du mardi : figures du corps - la transmission d\u2019un savoir de la Renaissance au XIXe si\u00e8cle - Les Saisons Culturelles de Chaumont","og_description":"D\u00e9couvrez la programmation culturelle de la saison culturelle de la ville de Chaumont. Expositions, visites, rencontres, ateliers, concerts, spectacles, animations et plus encore.","og_url":"https:\/\/saisonsculturelleschaumont.fr\/mdxpuixt\/evenement\/conference-du-mardi-figures-du-corps-la-transmission-dun-savoir-de-la-renaissance-au-xixe-siecle\/","og_site_name":"Les Saisons Culturelles de Chaumont","article_publisher":"https:\/\/www.facebook.com\/saisonsculturelleschaumont\/","article_modified_time":"2021-12-10T12:58:31+00:00","og_image":[{"width":650,"height":534,"url":"https:\/\/saisonsculturelleschaumont.fr\/mdxpuixt\/wp-content\/uploads\/2021\/09\/Conference-du-Mardi_Figures-du-corps_Hercule-et-Omphale-de-Luca-Ferrari-scaled-e1631286628840.jpg","type":"image\/jpeg"}],"twitter_card":"summary_large_image","twitter_misc":{"Dur\u00e9e de lecture estim\u00e9e":"1 minute"},"schema":{"@context":"https:\/\/schema.org","@graph":[{"@type":"WebPage","@id":"https:\/\/saisonsculturelleschaumont.fr\/mdxpuixt\/evenement\/conference-du-mardi-figures-du-corps-la-transmission-dun-savoir-de-la-renaissance-au-xixe-siecle\/","url":"https:\/\/saisonsculturelleschaumont.fr\/mdxpuixt\/evenement\/conference-du-mardi-figures-du-corps-la-transmission-dun-savoir-de-la-renaissance-au-xixe-siecle\/","name":"conf\u00e9rence du mardi : figures du corps - la transmission d\u2019un savoir de la Renaissance au XIXe si\u00e8cle - Les Saisons Culturelles de Chaumont","isPartOf":{"@id":"https:\/\/saisonsculturelleschaumont.fr\/mdxpuixt\/#website"},"datePublished":"2021-09-10T15:01:45+00:00","dateModified":"2021-12-10T12:58:31+00:00","description":"D\u00e9couvrez la programmation culturelle de la saison culturelle de la ville de Chaumont. Expositions, visites, rencontres, ateliers, concerts, spectacles, animations et plus encore.","breadcrumb":{"@id":"https:\/\/saisonsculturelleschaumont.fr\/mdxpuixt\/evenement\/conference-du-mardi-figures-du-corps-la-transmission-dun-savoir-de-la-renaissance-au-xixe-siecle\/#breadcrumb"},"inLanguage":"fr-FR","potentialAction":[{"@type":"ReadAction","target":["https:\/\/saisonsculturelleschaumont.fr\/mdxpuixt\/evenement\/conference-du-mardi-figures-du-corps-la-transmission-dun-savoir-de-la-renaissance-au-xixe-siecle\/"]}]},{"@type":"BreadcrumbList","@id":"https:\/\/saisonsculturelleschaumont.fr\/mdxpuixt\/evenement\/conference-du-mardi-figures-du-corps-la-transmission-dun-savoir-de-la-renaissance-au-xixe-siecle\/#breadcrumb","itemListElement":[{"@type":"ListItem","position":1,"name":"Accueil","item":"https:\/\/saisonsculturelleschaumont.fr\/mdxpuixt\/"},{"@type":"ListItem","position":2,"name":"\u00c9v\u00e8nements","item":"https:\/\/saisonsculturelleschaumont.fr\/mdxpuixt\/agenda\/"},{"@type":"ListItem","position":3,"name":"conf\u00e9rence du mardi : figures du corps &#8211; la transmission d\u2019un savoir de la Renaissance au XIXe si\u00e8cle"}]},{"@type":"WebSite","@id":"https:\/\/saisonsculturelleschaumont.fr\/mdxpuixt\/#website","url":"https:\/\/saisonsculturelleschaumont.fr\/mdxpuixt\/","name":"Les Saisons Culturelles de Chaumont","description":"","potentialAction":[{"@type":"SearchAction","target":{"@type":"EntryPoint","urlTemplate":"https:\/\/saisonsculturelleschaumont.fr\/mdxpuixt\/?s={search_term_string}"},"query-input":"required name=search_term_string"}],"inLanguage":"fr-FR"}]}},"uagb_featured_image_src":{"full":["https:\/\/saisonsculturelleschaumont.fr\/mdxpuixt\/wp-content\/uploads\/2021\/09\/Conference-du-Mardi_Figures-du-corps_Hercule-et-Omphale-de-Luca-Ferrari-scaled-e1631286628840.jpg",650,534,false],"thumbnail":["https:\/\/saisonsculturelleschaumont.fr\/mdxpuixt\/wp-content\/uploads\/2021\/09\/Conference-du-Mardi_Figures-du-corps_Hercule-et-Omphale-de-Luca-Ferrari-80x80.jpg",80,80,true],"medium":["https:\/\/saisonsculturelleschaumont.fr\/mdxpuixt\/wp-content\/uploads\/2021\/09\/Conference-du-Mardi_Figures-du-corps_Hercule-et-Omphale-de-Luca-Ferrari-300x300.jpg",300,300,true],"medium_large":["https:\/\/saisonsculturelleschaumont.fr\/mdxpuixt\/wp-content\/uploads\/2021\/09\/Conference-du-Mardi_Figures-du-corps_Hercule-et-Omphale-de-Luca-Ferrari-768x768.jpg",768,768,true],"large":["https:\/\/saisonsculturelleschaumont.fr\/mdxpuixt\/wp-content\/uploads\/2021\/09\/Conference-du-Mardi_Figures-du-corps_Hercule-et-Omphale-de-Luca-Ferrari-1030x1030.jpg",1030,1030,true],"1536x1536":["https:\/\/saisonsculturelleschaumont.fr\/mdxpuixt\/wp-content\/uploads\/2021\/09\/Conference-du-Mardi_Figures-du-corps_Hercule-et-Omphale-de-Luca-Ferrari-1536x1262.jpg",1536,1262,true],"2048x2048":["https:\/\/saisonsculturelleschaumont.fr\/mdxpuixt\/wp-content\/uploads\/2021\/09\/Conference-du-Mardi_Figures-du-corps_Hercule-et-Omphale-de-Luca-Ferrari-2048x1683.jpg",2048,1683,true],"widget":["https:\/\/saisonsculturelleschaumont.fr\/mdxpuixt\/wp-content\/uploads\/2021\/09\/Conference-du-Mardi_Figures-du-corps_Hercule-et-Omphale-de-Luca-Ferrari-36x36.jpg",36,36,true],"square":["https:\/\/saisonsculturelleschaumont.fr\/mdxpuixt\/wp-content\/uploads\/2021\/09\/Conference-du-Mardi_Figures-du-corps_Hercule-et-Omphale-de-Luca-Ferrari-180x180.jpg",180,180,true],"featured":["https:\/\/saisonsculturelleschaumont.fr\/mdxpuixt\/wp-content\/uploads\/2021\/09\/Conference-du-Mardi_Figures-du-corps_Hercule-et-Omphale-de-Luca-Ferrari-1500x430.jpg",1500,430,true],"featured_large":["https:\/\/saisonsculturelleschaumont.fr\/mdxpuixt\/wp-content\/uploads\/2021\/09\/Conference-du-Mardi_Figures-du-corps_Hercule-et-Omphale-de-Luca-Ferrari-1500x630.jpg",1500,630,true],"extra_large":["https:\/\/saisonsculturelleschaumont.fr\/mdxpuixt\/wp-content\/uploads\/2021\/09\/Conference-du-Mardi_Figures-du-corps_Hercule-et-Omphale-de-Luca-Ferrari-1500x1232.jpg",1500,1232,true],"portfolio":["https:\/\/saisonsculturelleschaumont.fr\/mdxpuixt\/wp-content\/uploads\/2021\/09\/Conference-du-Mardi_Figures-du-corps_Hercule-et-Omphale-de-Luca-Ferrari-495x400.jpg",495,400,true],"portfolio_small":["https:\/\/saisonsculturelleschaumont.fr\/mdxpuixt\/wp-content\/uploads\/2021\/09\/Conference-du-Mardi_Figures-du-corps_Hercule-et-Omphale-de-Luca-Ferrari-260x185.jpg",260,185,true],"gallery":["https:\/\/saisonsculturelleschaumont.fr\/mdxpuixt\/wp-content\/uploads\/2021\/09\/Conference-du-Mardi_Figures-du-corps_Hercule-et-Omphale-de-Luca-Ferrari-845x684.jpg",845,684,true],"magazine":["https:\/\/saisonsculturelleschaumont.fr\/mdxpuixt\/wp-content\/uploads\/2021\/09\/Conference-du-Mardi_Figures-du-corps_Hercule-et-Omphale-de-Luca-Ferrari-710x375.jpg",710,375,true],"masonry":["https:\/\/saisonsculturelleschaumont.fr\/mdxpuixt\/wp-content\/uploads\/2021\/09\/Conference-du-Mardi_Figures-du-corps_Hercule-et-Omphale-de-Luca-Ferrari-705x579.jpg",705,579,true],"entry_with_sidebar":["https:\/\/saisonsculturelleschaumont.fr\/mdxpuixt\/wp-content\/uploads\/2021\/09\/Conference-du-Mardi_Figures-du-corps_Hercule-et-Omphale-de-Luca-Ferrari-845x321.jpg",845,321,true],"entry_without_sidebar":["https:\/\/saisonsculturelleschaumont.fr\/mdxpuixt\/wp-content\/uploads\/2021\/09\/Conference-du-Mardi_Figures-du-corps_Hercule-et-Omphale-de-Luca-Ferrari-1210x423.jpg",1210,423,true]},"uagb_author_info":{"display_name":"Justine Ansel","author_link":"https:\/\/saisonsculturelleschaumont.fr\/mdxpuixt\/author\/justine-ansel\/"},"uagb_comment_info":0,"uagb_excerpt":"par Philippe Comar, plasticien, sc\u00e9nographe, commissaire d\u2019exposition, \u00e9crivain, professeur de dessin et de morphologie humaine aux Beaux-Arts de Paris de 1979 \u00e0 2018 Aucune question n\u2019a occup\u00e9 autant l\u2019art occidental [&hellip;]","_links":{"self":[{"href":"https:\/\/saisonsculturelleschaumont.fr\/mdxpuixt\/wp-json\/wp\/v2\/tribe_events\/6892"}],"collection":[{"href":"https:\/\/saisonsculturelleschaumont.fr\/mdxpuixt\/wp-json\/wp\/v2\/tribe_events"}],"about":[{"href":"https:\/\/saisonsculturelleschaumont.fr\/mdxpuixt\/wp-json\/wp\/v2\/types\/tribe_events"}],"author":[{"embeddable":true,"href":"https:\/\/saisonsculturelleschaumont.fr\/mdxpuixt\/wp-json\/wp\/v2\/users\/3"}],"replies":[{"embeddable":true,"href":"https:\/\/saisonsculturelleschaumont.fr\/mdxpuixt\/wp-json\/wp\/v2\/comments?post=6892"}],"version-history":[{"count":0,"href":"https:\/\/saisonsculturelleschaumont.fr\/mdxpuixt\/wp-json\/wp\/v2\/tribe_events\/6892\/revisions"}],"wp:featuredmedia":[{"embeddable":true,"href":"https:\/\/saisonsculturelleschaumont.fr\/mdxpuixt\/wp-json\/wp\/v2\/media\/6895"}],"wp:attachment":[{"href":"https:\/\/saisonsculturelleschaumont.fr\/mdxpuixt\/wp-json\/wp\/v2\/media?parent=6892"}],"wp:term":[{"taxonomy":"post_tag","embeddable":true,"href":"https:\/\/saisonsculturelleschaumont.fr\/mdxpuixt\/wp-json\/wp\/v2\/tags?post=6892"},{"taxonomy":"tribe_events_cat","embeddable":true,"href":"https:\/\/saisonsculturelleschaumont.fr\/mdxpuixt\/wp-json\/wp\/v2\/tribe_events_cat?post=6892"}],"curies":[{"name":"wp","href":"https:\/\/api.w.org\/{rel}","templated":true}]}}