{"id":6921,"date":"2021-09-14T13:32:22","date_gmt":"2021-09-14T11:32:22","guid":{"rendered":"https:\/\/saisonsculturelleschaumont.fr\/mdxpuixt\/?post_type=tribe_events&#038;p=6921"},"modified":"2021-09-23T16:04:50","modified_gmt":"2021-09-23T14:04:50","slug":"journees-europeennes-du-patrimoine-2021","status":"publish","type":"tribe_events","link":"https:\/\/saisonsculturelleschaumont.fr\/mdxpuixt\/evenement\/journees-europeennes-du-patrimoine-2021\/","title":{"rendered":"journ\u00e9es europ\u00e9ennes du patrimoine 2021"},"content":{"rendered":"<p>Apr\u00e8s une ann\u00e9e marqu\u00e9e par la fermeture des \u00e9tablissements accueillant du public partout en France et en Europe, les Journ\u00e9es Europ\u00e9ennes du Patrimoine c\u00e9l\u00e8breront la r\u00e9ouverture des \u00e9tablissements patrimoniaux et offriront \u00e0 tous une occasion de se rassembler. Le th\u00e8me de cette \u00e9dition \u00ab Patrimoine pour tous \u00bb, porte l\u2019ambition f\u00e9d\u00e9ratrice de l\u2019\u00e9v\u00e9nement.<\/p>\n<p>D\u00e9couvrez le programme des JOURN\u00c9ES DU PATRIMOINE \u00e0 Chaumont <a href=\"https:\/\/saisonsculturelleschaumont.fr\/mdxpuixt\/wp-content\/uploads\/2021\/09\/PROG-JDP-2021.pdf\">ici<\/a> !<\/p>\n<div class=\"o9v6fnle cxmmr5t8 oygrvhab hcukyx3x c1et5uql\"><strong> <br class=\"avia-permanent-lb\" \/><br class=\"avia-permanent-lb\" \/>vendredi 17 sept.<\/strong><\/div>\n<div><\/div>\n<div class=\"o9v6fnle cxmmr5t8 oygrvhab hcukyx3x c1et5uql\"><span class=\"pq6dq46d tbxw36s4 knj5qynh kvgmc6g5 ditlmg2l oygrvhab nvdbi5me sf5mxxl7 gl3lb2sf hhz5lgdu\"> <br class=\"avia-permanent-lb\" \/><img decoding=\"async\" loading=\"lazy\" src=\"https:\/\/www.facebook.com\/images\/emoji.php\/v9\/t1f\/2\/16\/27a1.png\" alt=\"\u27a1\ufe0f\" width=\"16\" height=\"16\" \/>\u00a0<\/span>20h<br \/>\n<em>l\u2019h\u00f4tel du d\u00e9partement<\/em><br \/>\nconcert de Louise-Ellie \u2022 musique<\/div>\n<div class=\"o9v6fnle cxmmr5t8 oygrvhab hcukyx3x c1et5uql\">La chanteuse bragarde Louise-Ellie se repr\u00e9sentera en concert \u00e0 200 au sein des jardins de l\u2019H\u00f4tel du D\u00e9partement \u00e0 Chaumont pour y livrer ses derniers titres. Accompagn\u00e9e de sa guitare, elle y proposera son r\u00e9pertoire de chansons fran\u00e7aises aux influences pop.<\/div>\n<div><br class=\"avia-permanent-lb\" \/><br class=\"avia-permanent-lb\" \/><\/div>\n<div class=\"o9v6fnle cxmmr5t8 oygrvhab hcukyx3x c1et5uql\"><strong>samedi 18 sept.<\/strong><\/div>\n<div><\/div>\n<div class=\"o9v6fnle cxmmr5t8 oygrvhab hcukyx3x c1et5uql\"><span class=\"pq6dq46d tbxw36s4 knj5qynh kvgmc6g5 ditlmg2l oygrvhab nvdbi5me sf5mxxl7 gl3lb2sf hhz5lgdu\"> <br class=\"avia-permanent-lb\" \/><img decoding=\"async\" loading=\"lazy\" src=\"https:\/\/www.facebook.com\/images\/emoji.php\/v9\/t1f\/2\/16\/27a1.png\" alt=\"\u27a1\ufe0f\" width=\"16\" height=\"16\" \/><\/span> 10h \u2192 19h<br \/>\n<em>le quartier du Vieux Chaumont<\/em><br \/>\nrallye &lsquo;le chevalier du patrimoine&rsquo; par l\u2019association M\u00e9di\u00e9valys et la Ville de Chaumont<br \/>\n&gt; 12 lieux \u00e0 d\u00e9couvrir \u00e0 l\u2019aide du plan de la ville et ses indices disponible \u00e0 l\u2019accueil de l\u2019h\u00f4tel de Ville, C\u2019SAM, silos et office du tourisme.<\/div>\n<div class=\"o9v6fnle cxmmr5t8 oygrvhab hcukyx3x c1et5uql\">Une fois le rallye termin\u00e9 et les lieux retrouv\u00e9s, les familles sont invit\u00e9es \u00e0 d\u00e9poser le formulaire compl\u00e9t\u00e9 de leurs coordonn\u00e9es et des 12 lieux dans une urne pr\u00e9vue \u00e0 cet effet \u00e0 l\u2019H\u00f4tel de Ville. Des cadeaux seront offerts aux gagnants sur tirage au sort.<\/div>\n<div class=\"o9v6fnle cxmmr5t8 oygrvhab hcukyx3x c1et5uql\"><span class=\"pq6dq46d tbxw36s4 knj5qynh kvgmc6g5 ditlmg2l oygrvhab nvdbi5me sf5mxxl7 gl3lb2sf hhz5lgdu\"> <br class=\"avia-permanent-lb\" \/><img decoding=\"async\" loading=\"lazy\" src=\"https:\/\/www.facebook.com\/images\/emoji.php\/v9\/t1f\/2\/16\/27a1.png\" alt=\"\u27a1\ufe0f\" width=\"16\" height=\"16\" \/><\/span> 10h \u2192 19h<br \/>\n<em>le quartier du Vieux Chaumont<\/em><br \/>\nbalade m\u00e9di\u00e9vale dans la vieille ville<\/div>\n<div><\/div>\n<div class=\"o9v6fnle cxmmr5t8 oygrvhab hcukyx3x c1et5uql\"><span class=\"pq6dq46d tbxw36s4 knj5qynh kvgmc6g5 ditlmg2l oygrvhab nvdbi5me sf5mxxl7 gl3lb2sf hhz5lgdu\"> <br class=\"avia-permanent-lb\" \/><img decoding=\"async\" loading=\"lazy\" src=\"https:\/\/www.facebook.com\/images\/emoji.php\/v9\/t1f\/2\/16\/27a1.png\" alt=\"\u27a1\ufe0f\" width=\"16\" height=\"16\" \/><\/span> 10h \u2192 12h30 &amp; 14h \u2192 18h<br \/>\n<em>la chapelle des J\u00e9suites<\/em><br \/>\nvisite libre de la chapelle<\/div>\n<div><\/div>\n<div><\/div>\n<div class=\"o9v6fnle cxmmr5t8 oygrvhab hcukyx3x c1et5uql\"><span class=\"pq6dq46d tbxw36s4 knj5qynh kvgmc6g5 ditlmg2l oygrvhab nvdbi5me sf5mxxl7 gl3lb2sf hhz5lgdu\"> <br class=\"avia-permanent-lb\" \/><img decoding=\"async\" loading=\"lazy\" src=\"https:\/\/www.facebook.com\/images\/emoji.php\/v9\/t1f\/2\/16\/27a1.png\" alt=\"\u27a1\ufe0f\" width=\"16\" height=\"16\" \/><\/span> 11h15<br \/>\n<em>la chapelle Ste Madeleine du Centre Hospitalier de Chaumont<\/em><br \/>\nvisite guid\u00e9e de la chapelle<\/div>\n<div><\/div>\n<div class=\"o9v6fnle cxmmr5t8 oygrvhab hcukyx3x c1et5uql\"><span class=\"pq6dq46d tbxw36s4 knj5qynh kvgmc6g5 ditlmg2l oygrvhab nvdbi5me sf5mxxl7 gl3lb2sf hhz5lgdu\"> <br class=\"avia-permanent-lb\" \/><img decoding=\"async\" loading=\"lazy\" src=\"https:\/\/www.facebook.com\/images\/emoji.php\/v9\/t1f\/2\/16\/27a1.png\" alt=\"\u27a1\ufe0f\" width=\"16\" height=\"16\" \/><\/span> 13h \u2192 19h<br \/>\n<em>l\u2019h\u00f4tel du d\u00e9partement<\/em><br \/>\nvisite libre du Conseil D\u00e9partemental<\/div>\n<div><\/div>\n<div class=\"o9v6fnle cxmmr5t8 oygrvhab hcukyx3x c1et5uql\"><span class=\"pq6dq46d tbxw36s4 knj5qynh kvgmc6g5 ditlmg2l oygrvhab nvdbi5me sf5mxxl7 gl3lb2sf hhz5lgdu\"> <br class=\"avia-permanent-lb\" \/><img decoding=\"async\" loading=\"lazy\" src=\"https:\/\/www.facebook.com\/images\/emoji.php\/v9\/t1f\/2\/16\/27a1.png\" alt=\"\u27a1\ufe0f\" width=\"16\" height=\"16\" \/><\/span> 13h \u2192 19h<br \/>\n<em>l\u2019h\u00f4tel du d\u00e9partement<\/em><br \/>\nperformance artistique de J. de LeBoy \u2022 peinture<\/div>\n<div><\/div>\n<div class=\"o9v6fnle cxmmr5t8 oygrvhab hcukyx3x c1et5uql\"><span class=\"pq6dq46d tbxw36s4 knj5qynh kvgmc6g5 ditlmg2l oygrvhab nvdbi5me sf5mxxl7 gl3lb2sf hhz5lgdu\"> <br class=\"avia-permanent-lb\" \/><img decoding=\"async\" loading=\"lazy\" src=\"https:\/\/www.facebook.com\/images\/emoji.php\/v9\/t1f\/2\/16\/27a1.png\" alt=\"\u27a1\ufe0f\" width=\"16\" height=\"16\" \/><\/span> 14h<br \/>\n<em>d\u00e9part du lavoir d\u2019en Buez<\/em><br \/>\nbalade musicale et patrimoniale &lsquo;Walden [Chaumont]&rsquo; avec le compositeur Lo\u00efc Gu\u00e9nin<br \/>\n&gt;partez en balade sonore avec le compositeur Lo\u00efc Gu\u00e9nin \u00e0 travers le patrimoine architectural, naturel et industriel de Chaumont.<\/div>\n<div class=\"o9v6fnle cxmmr5t8 oygrvhab hcukyx3x c1et5uql\">Walden [Chaumont] est le r\u00e9sultat d\u2019une r\u00e9sidence artistique de plus de six mois, de f\u00e9vrier \u00e0 juin 2021 \u00e0 Chaumont. Cette cr\u00e9ation mondiale unique sera l\u2019occasion pour les habitants de red\u00e9couvrir l\u2019histoire de leur ville \u00e0 travers sa richesse patrimoniale. Des lieux historiques comme le lavoir d\u2019En Buez des Tanneries ou l\u2019ancienne ganterie Tr\u00e9fousse.<\/div>\n<div><\/div>\n<div class=\"o9v6fnle cxmmr5t8 oygrvhab hcukyx3x c1et5uql\"><span class=\"pq6dq46d tbxw36s4 knj5qynh kvgmc6g5 ditlmg2l oygrvhab nvdbi5me sf5mxxl7 gl3lb2sf hhz5lgdu\"> <br class=\"avia-permanent-lb\" \/><img decoding=\"async\" loading=\"lazy\" src=\"https:\/\/www.facebook.com\/images\/emoji.php\/v9\/t1f\/2\/16\/27a1.png\" alt=\"\u27a1\ufe0f\" width=\"16\" height=\"16\" \/><\/span> 14h \u2192 18h<br \/>\n<em>la chapelle des J\u00e9suites<\/em><br \/>\nvisites guid\u00e9es de l\u2019exposition &lsquo;tout est vanit\u00e9&rsquo; de Fr\u00e9d\u00e9ric Voisin<\/div>\n<div><\/div>\n<div class=\"o9v6fnle cxmmr5t8 oygrvhab hcukyx3x c1et5uql\"><span class=\"pq6dq46d tbxw36s4 knj5qynh kvgmc6g5 ditlmg2l oygrvhab nvdbi5me sf5mxxl7 gl3lb2sf hhz5lgdu\"> <br class=\"avia-permanent-lb\" \/><img decoding=\"async\" loading=\"lazy\" src=\"https:\/\/www.facebook.com\/images\/emoji.php\/v9\/t1f\/2\/16\/27a1.png\" alt=\"\u27a1\ufe0f\" width=\"16\" height=\"16\" \/><\/span> 14h \u2192 19h<br \/>\n<em>la maison des Carm\u00e9lites<\/em><br \/>\nexposition photo &lsquo;les graffitis du donjon&rsquo;<\/div>\n<div><\/div>\n<div class=\"o9v6fnle cxmmr5t8 oygrvhab hcukyx3x c1et5uql\"><span class=\"pq6dq46d tbxw36s4 knj5qynh kvgmc6g5 ditlmg2l oygrvhab nvdbi5me sf5mxxl7 gl3lb2sf hhz5lgdu\"> <br class=\"avia-permanent-lb\" \/><img decoding=\"async\" loading=\"lazy\" src=\"https:\/\/www.facebook.com\/images\/emoji.php\/v9\/t1f\/2\/16\/27a1.png\" alt=\"\u27a1\ufe0f\" width=\"16\" height=\"16\" \/><\/span> 14h, 15h &amp; 16h<br \/>\n<em>le mus\u00e9e de la cr\u00e8che<\/em><br \/>\nvisite guid\u00e9e &lsquo;sous la peinture, l\u2019or !&rsquo;<\/div>\n<div class=\"o9v6fnle cxmmr5t8 oygrvhab hcukyx3x c1et5uql\">Le fonds de sculptures hispaniques du mus\u00e9e rec\u00e8le bien des tr\u00e9sors. Toujours sur bois et toujours peintes, celles-ci pr\u00e9sentent une riche polychromie r\u00e9alis\u00e9e a sgraffito : le peintre dore son \u0153uvre avant de la peindre compl\u00e9tement, puis incise au stylet la peinture pour cr\u00e9er des motifs dor\u00e9s aussi fins que vari\u00e9s. La visite pr\u00e9sentera cette technique d\u00e9corative et le vaste r\u00e9pertoire des motifs refl\u00e9tant l&rsquo;\u00e9volution des styles du 16e au 18e si\u00e8cle.<br \/>\n&gt; 30 min<\/div>\n<div><\/div>\n<div class=\"o9v6fnle cxmmr5t8 oygrvhab hcukyx3x c1et5uql\"><span class=\"pq6dq46d tbxw36s4 knj5qynh kvgmc6g5 ditlmg2l oygrvhab nvdbi5me sf5mxxl7 gl3lb2sf hhz5lgdu\"> <br class=\"avia-permanent-lb\" \/><img decoding=\"async\" loading=\"lazy\" src=\"https:\/\/www.facebook.com\/images\/emoji.php\/v9\/t1f\/2\/16\/27a1.png\" alt=\"\u27a1\ufe0f\" width=\"16\" height=\"16\" \/><\/span> 14h \u2192 19h<br \/>\n<em>les mus\u00e9es<\/em><br \/>\nvisite libre des deux mus\u00e9es<\/div>\n<div><\/div>\n<div class=\"o9v6fnle cxmmr5t8 oygrvhab hcukyx3x c1et5uql\"><span class=\"pq6dq46d tbxw36s4 knj5qynh kvgmc6g5 ditlmg2l oygrvhab nvdbi5me sf5mxxl7 gl3lb2sf hhz5lgdu\"> <br class=\"avia-permanent-lb\" \/><img decoding=\"async\" loading=\"lazy\" src=\"https:\/\/www.facebook.com\/images\/emoji.php\/v9\/t1f\/2\/16\/27a1.png\" alt=\"\u27a1\ufe0f\" width=\"16\" height=\"16\" \/><\/span> 14h \u2192 18h<br \/>\n<em>l\u2019\u00e9glise protestante unie de Chaumont-Sud Haute-Marne<\/em><br \/>\nexposition &lsquo;la Bible comme un roman&rsquo; et visite libre du temple<\/div>\n<div class=\"o9v6fnle cxmmr5t8 oygrvhab hcukyx3x c1et5uql\">L&rsquo; exposition \u00ab\u00a0la Bible comme un roman\u00a0\u00bb permet de red\u00e9couvrir les histoires bibliques connues plus ou moins de tous car elles ont nourri la foi chr\u00e9tienne mais aussi les expressions artistiques depuis 2000 ans. P Lechermeier, enseignant et \u00e9crivain offre une relecture de ces grands r\u00e9cits sous diverses formes, po\u00e9tique, th\u00e9\u00e2trale, romanesque, et les illustrations de R. Dautremer sont une autre fa\u00e7on de faire vivre les textes.<\/div>\n<div class=\"o9v6fnle cxmmr5t8 oygrvhab hcukyx3x c1et5uql\">Une occasion aussi de d\u00e9couvrir le temple, dont l&rsquo;existence est inconnue de la plupart des Chaumontais.<\/div>\n<div><\/div>\n<div class=\"o9v6fnle cxmmr5t8 oygrvhab hcukyx3x c1et5uql\"><span class=\"pq6dq46d tbxw36s4 knj5qynh kvgmc6g5 ditlmg2l oygrvhab nvdbi5me sf5mxxl7 gl3lb2sf hhz5lgdu\"> <br class=\"avia-permanent-lb\" \/><img decoding=\"async\" loading=\"lazy\" src=\"https:\/\/www.facebook.com\/images\/emoji.php\/v9\/t1f\/2\/16\/27a1.png\" alt=\"\u27a1\ufe0f\" width=\"16\" height=\"16\" \/><\/span> 14h, 15h45 &amp; 17h30<br \/>\n<em>l\u2019h\u00f4tel du d\u00e9partement<\/em><br \/>\nvisites guid\u00e9es du Conseil D\u00e9partemental<\/div>\n<div><\/div>\n<div class=\"o9v6fnle cxmmr5t8 oygrvhab hcukyx3x c1et5uql\"><span class=\"pq6dq46d tbxw36s4 knj5qynh kvgmc6g5 ditlmg2l oygrvhab nvdbi5me sf5mxxl7 gl3lb2sf hhz5lgdu\"> <br class=\"avia-permanent-lb\" \/><img decoding=\"async\" loading=\"lazy\" src=\"https:\/\/www.facebook.com\/images\/emoji.php\/v9\/t1f\/2\/16\/27a1.png\" alt=\"\u27a1\ufe0f\" width=\"16\" height=\"16\" \/><\/span> 14h, 15h &amp; 16h<br \/>\n<em>la m\u00e9diath\u00e8que d\u00e9partementale de la Haute-Marne<\/em><br \/>\nvisite guid\u00e9e de la m\u00e9diath\u00e8que<\/div>\n<div class=\"o9v6fnle cxmmr5t8 oygrvhab hcukyx3x c1et5uql\">D\u00e9couvrez les locaux, les missions et services de la M\u00e9diath\u00e8que d\u00e9partementale \u00e0 travers des visites guid\u00e9es ! Savez-vous que les collections de la M\u00e9diath\u00e8que d\u00e9partementale se composent de plus de 267 000 documents ? Le d\u00e9partement compte pr\u00e8s de 140 biblioth\u00e8ques ? Plus de 250 personnes \u0153uvrent au quotidien pour rendre un service de qualit\u00e9 aux lecteurs et usagers haut-marnais ? Vous pouvez jouer \u00e0 la Xbox, fabriquer des objets en 3D ou encore apprendre le codage dans les biblioth\u00e8ques ? L&rsquo;\u00e9quipe de la m\u00e9diath\u00e8que d\u00e9partementale de la Haute-Marne (MDHM) se tient \u00e0 votre disposition pour vous pr\u00e9senter les coulisses et les moindres recoins de ses locaux. Ordinairement ouverte uniquement aux professionnels des biblioth\u00e8ques, les Journ\u00e9es europ\u00e9ennes du patrimoine vous permettront de d\u00e9couvrir l&rsquo;univers d&rsquo;une m\u00e9diath\u00e8que d\u00e9partementale, souvent peu connu du grand public.<\/div>\n<div class=\"o9v6fnle cxmmr5t8 oygrvhab hcukyx3x c1et5uql\">&gt; 45 min<br \/>\n&gt; r\u00e9servation \u00e0 mediatheque.departementale@haute-marne.fr \/ 03 25 03 29 19<\/div>\n<div><\/div>\n<div class=\"o9v6fnle cxmmr5t8 oygrvhab hcukyx3x c1et5uql\"><span class=\"pq6dq46d tbxw36s4 knj5qynh kvgmc6g5 ditlmg2l oygrvhab nvdbi5me sf5mxxl7 gl3lb2sf hhz5lgdu\"> <br class=\"avia-permanent-lb\" \/><img decoding=\"async\" loading=\"lazy\" src=\"https:\/\/www.facebook.com\/images\/emoji.php\/v9\/t1f\/2\/16\/27a1.png\" alt=\"\u27a1\ufe0f\" width=\"16\" height=\"16\" \/><\/span> 14h, 15h, 16h &amp; 17h<br \/>\n<em>le signe<\/em><br \/>\nvisite de la salle des coffres<br \/>\n&gt; 30 min<br \/>\n&gt; r\u00e9servation obligatoire \u00e0 resa@cndg.fr<\/div>\n<div><\/div>\n<div class=\"o9v6fnle cxmmr5t8 oygrvhab hcukyx3x c1et5uql\"><span class=\"pq6dq46d tbxw36s4 knj5qynh kvgmc6g5 ditlmg2l oygrvhab nvdbi5me sf5mxxl7 gl3lb2sf hhz5lgdu\"> <br class=\"avia-permanent-lb\" \/><img decoding=\"async\" loading=\"lazy\" src=\"https:\/\/www.facebook.com\/images\/emoji.php\/v9\/t1f\/2\/16\/27a1.png\" alt=\"\u27a1\ufe0f\" width=\"16\" height=\"16\" \/><\/span> 14h30, 16h15 &amp; 18h<br \/>\n<em>l\u2019h\u00f4tel du d\u00e9partement<\/em><br \/>\nspectacle &lsquo;mets des mots&rsquo; de la cie Th\u00e9\u00e2rto \u2022 th\u00e9\u00e2tre<\/div>\n<div><\/div>\n<div class=\"o9v6fnle cxmmr5t8 oygrvhab hcukyx3x c1et5uql\"><span class=\"pq6dq46d tbxw36s4 knj5qynh kvgmc6g5 ditlmg2l oygrvhab nvdbi5me sf5mxxl7 gl3lb2sf hhz5lgdu\"> <br class=\"avia-permanent-lb\" \/><img decoding=\"async\" loading=\"lazy\" src=\"https:\/\/www.facebook.com\/images\/emoji.php\/v9\/t1f\/2\/16\/27a1.png\" alt=\"\u27a1\ufe0f\" width=\"16\" height=\"16\" \/><\/span> 15h<br \/>\n<em>le signe<\/em><br \/>\nvisite comment\u00e9e de l\u2019exposition &lsquo;viral&rsquo;<br \/>\n&gt; 1h<\/div>\n<div><\/div>\n<div class=\"o9v6fnle cxmmr5t8 oygrvhab hcukyx3x c1et5uql\"><span class=\"pq6dq46d tbxw36s4 knj5qynh kvgmc6g5 ditlmg2l oygrvhab nvdbi5me sf5mxxl7 gl3lb2sf hhz5lgdu\"> <br class=\"avia-permanent-lb\" \/><img decoding=\"async\" loading=\"lazy\" src=\"https:\/\/www.facebook.com\/images\/emoji.php\/v9\/t1f\/2\/16\/27a1.png\" alt=\"\u27a1\ufe0f\" width=\"16\" height=\"16\" \/><\/span> 15h \u2192 18h<br \/>\nvisites guid\u00e9es de la basilique Saint Jean-Baptiste par G\u00e9rard Bocquillon<\/div>\n<div><\/div>\n<div class=\"o9v6fnle cxmmr5t8 oygrvhab hcukyx3x c1et5uql\"><span class=\"pq6dq46d tbxw36s4 knj5qynh kvgmc6g5 ditlmg2l oygrvhab nvdbi5me sf5mxxl7 gl3lb2sf hhz5lgdu\"> <br class=\"avia-permanent-lb\" \/><img decoding=\"async\" loading=\"lazy\" src=\"https:\/\/www.facebook.com\/images\/emoji.php\/v9\/t1f\/2\/16\/27a1.png\" alt=\"\u27a1\ufe0f\" width=\"16\" height=\"16\" \/><\/span> 15h<br \/>\n<em>l\u2019office du tourisme de Chaumont<\/em><br \/>\nvisite guid\u00e9e &lsquo;les tourelles \u00e0 Chaumont&rsquo;<br \/>\n&gt; 2h<br \/>\n&gt; r\u00e9servation obligatoire au 03 25 03 80 80<\/div>\n<div><\/div>\n<div class=\"o9v6fnle cxmmr5t8 oygrvhab hcukyx3x c1et5uql\"><span class=\"pq6dq46d tbxw36s4 knj5qynh kvgmc6g5 ditlmg2l oygrvhab nvdbi5me sf5mxxl7 gl3lb2sf hhz5lgdu\"> <br class=\"avia-permanent-lb\" \/><img decoding=\"async\" loading=\"lazy\" src=\"https:\/\/www.facebook.com\/images\/emoji.php\/v9\/t1f\/2\/16\/27a1.png\" alt=\"\u27a1\ufe0f\" width=\"16\" height=\"16\" \/><\/span> 15h15, 17h &amp; 18h45<br \/>\n<em>l\u2019h\u00f4tel du d\u00e9partement<\/em><br \/>\nperformance multi-instrumentale de Jean-Baptiste Batteault \u2022 musique<\/div>\n<div><\/div>\n<div class=\"o9v6fnle cxmmr5t8 oygrvhab hcukyx3x c1et5uql\"><strong> <br class=\"avia-permanent-lb\" \/>dimanche 19 sept.<\/strong><\/div>\n<div><\/div>\n<div class=\"o9v6fnle cxmmr5t8 oygrvhab hcukyx3x c1et5uql\"><span class=\"pq6dq46d tbxw36s4 knj5qynh kvgmc6g5 ditlmg2l oygrvhab nvdbi5me sf5mxxl7 gl3lb2sf hhz5lgdu\"> <br class=\"avia-permanent-lb\" \/><img decoding=\"async\" loading=\"lazy\" src=\"https:\/\/www.facebook.com\/images\/emoji.php\/v9\/t1f\/2\/16\/27a1.png\" alt=\"\u27a1\ufe0f\" width=\"16\" height=\"16\" \/><\/span> 10h \u2192 19h<br \/>\n<em>le quartier du Vieux Chaumont<\/em><br \/>\nrallye &lsquo;le chevalier du patrimoine&rsquo; par l\u2019association M\u00e9di\u00e9valys et la Ville de Chaumont<br \/>\n&gt; 12 lieux \u00e0 d\u00e9couvrir \u00e0 l\u2019aide du plan de la ville et ses indices disponible \u00e0 l\u2019accueil de l\u2019h\u00f4tel de Ville, C\u2019SAM, silos et office du tourisme<\/div>\n<div><\/div>\n<div class=\"o9v6fnle cxmmr5t8 oygrvhab hcukyx3x c1et5uql\"><span class=\"pq6dq46d tbxw36s4 knj5qynh kvgmc6g5 ditlmg2l oygrvhab nvdbi5me sf5mxxl7 gl3lb2sf hhz5lgdu\"> <br class=\"avia-permanent-lb\" \/><img decoding=\"async\" loading=\"lazy\" src=\"https:\/\/www.facebook.com\/images\/emoji.php\/v9\/t1f\/2\/16\/27a1.png\" alt=\"\u27a1\ufe0f\" width=\"16\" height=\"16\" \/><\/span> 10h \u2192 19h<br \/>\n<em>le quartier du Vieux Chaumont<\/em><br \/>\nbalade m\u00e9di\u00e9vale dans la vieille ville<\/div>\n<div><\/div>\n<div class=\"o9v6fnle cxmmr5t8 oygrvhab hcukyx3x c1et5uql\"><span class=\"pq6dq46d tbxw36s4 knj5qynh kvgmc6g5 ditlmg2l oygrvhab nvdbi5me sf5mxxl7 gl3lb2sf hhz5lgdu\"> <br class=\"avia-permanent-lb\" \/><img decoding=\"async\" loading=\"lazy\" src=\"https:\/\/www.facebook.com\/images\/emoji.php\/v9\/t1f\/2\/16\/27a1.png\" alt=\"\u27a1\ufe0f\" width=\"16\" height=\"16\" \/><\/span> 10h \u2192 12h30 &amp; 14h \u2192 18h<br \/>\n<em>la chapelle des J\u00e9suites<\/em><br \/>\nvisite libre de la chapelle<\/div>\n<div><\/div>\n<div class=\"o9v6fnle cxmmr5t8 oygrvhab hcukyx3x c1et5uql\"><span class=\"pq6dq46d tbxw36s4 knj5qynh kvgmc6g5 ditlmg2l oygrvhab nvdbi5me sf5mxxl7 gl3lb2sf hhz5lgdu\"> <br class=\"avia-permanent-lb\" \/><img decoding=\"async\" loading=\"lazy\" src=\"https:\/\/www.facebook.com\/images\/emoji.php\/v9\/t1f\/2\/16\/27a1.png\" alt=\"\u27a1\ufe0f\" width=\"16\" height=\"16\" \/><\/span> 10h \u2192 12h<br \/>\n<em>l\u2019office du tourisme de Chaumont<\/em><br \/>\nvisite guid\u00e9e &lsquo;les tourelles \u00e0 Chaumont&rsquo;<br \/>\n&gt; 2h<br \/>\n&gt; r\u00e9servation obligatoire au 03 25 03 80 80<\/div>\n<div><\/div>\n<div class=\"o9v6fnle cxmmr5t8 oygrvhab hcukyx3x c1et5uql\"><span class=\"pq6dq46d tbxw36s4 knj5qynh kvgmc6g5 ditlmg2l oygrvhab nvdbi5me sf5mxxl7 gl3lb2sf hhz5lgdu\"> <br class=\"avia-permanent-lb\" \/><img decoding=\"async\" loading=\"lazy\" src=\"https:\/\/www.facebook.com\/images\/emoji.php\/v9\/t1f\/2\/16\/27a1.png\" alt=\"\u27a1\ufe0f\" width=\"16\" height=\"16\" \/><\/span> 14h \u2192 18h<br \/>\n<em>la chapelle des J\u00e9suites<\/em><br \/>\nvisites guid\u00e9es de l\u2019exposition &lsquo;tout est vanit\u00e9&rsquo; de Fr\u00e9d\u00e9ric Voisin<\/div>\n<div><\/div>\n<div class=\"o9v6fnle cxmmr5t8 oygrvhab hcukyx3x c1et5uql\"><span class=\"pq6dq46d tbxw36s4 knj5qynh kvgmc6g5 ditlmg2l oygrvhab nvdbi5me sf5mxxl7 gl3lb2sf hhz5lgdu\"> <br class=\"avia-permanent-lb\" \/><img decoding=\"async\" loading=\"lazy\" src=\"https:\/\/www.facebook.com\/images\/emoji.php\/v9\/t1f\/2\/16\/27a1.png\" alt=\"\u27a1\ufe0f\" width=\"16\" height=\"16\" \/><\/span> 14h \u2192 19h<br \/>\n<em>la maison des Carm\u00e9lites<\/em><br \/>\nexposition photo &lsquo;les graffitis du donjon&rsquo;<\/div>\n<div><\/div>\n<div class=\"o9v6fnle cxmmr5t8 oygrvhab hcukyx3x c1et5uql\"><span class=\"pq6dq46d tbxw36s4 knj5qynh kvgmc6g5 ditlmg2l oygrvhab nvdbi5me sf5mxxl7 gl3lb2sf hhz5lgdu\"> <br class=\"avia-permanent-lb\" \/><img decoding=\"async\" loading=\"lazy\" src=\"https:\/\/www.facebook.com\/images\/emoji.php\/v9\/t1f\/2\/16\/27a1.png\" alt=\"\u27a1\ufe0f\" width=\"16\" height=\"16\" \/><\/span> 14h, 15h &amp; 16h<br \/>\n<em>le mus\u00e9e de la cr\u00e8che<\/em><br \/>\nvisite guid\u00e9e &lsquo;sous la peinture, l\u2019or !&rsquo;<br \/>\n&gt; 30 min<\/div>\n<div><\/div>\n<div class=\"o9v6fnle cxmmr5t8 oygrvhab hcukyx3x c1et5uql\"><span class=\"pq6dq46d tbxw36s4 knj5qynh kvgmc6g5 ditlmg2l oygrvhab nvdbi5me sf5mxxl7 gl3lb2sf hhz5lgdu\"> <br class=\"avia-permanent-lb\" \/><img decoding=\"async\" loading=\"lazy\" src=\"https:\/\/www.facebook.com\/images\/emoji.php\/v9\/t1f\/2\/16\/27a1.png\" alt=\"\u27a1\ufe0f\" width=\"16\" height=\"16\" \/><\/span> 14h \u2192 19h<br \/>\n<em>les mus\u00e9es<\/em><br \/>\nvisite libre des deux mus\u00e9es<\/div>\n<div><\/div>\n<div class=\"o9v6fnle cxmmr5t8 oygrvhab hcukyx3x c1et5uql\"><span class=\"pq6dq46d tbxw36s4 knj5qynh kvgmc6g5 ditlmg2l oygrvhab nvdbi5me sf5mxxl7 gl3lb2sf hhz5lgdu\"> <br class=\"avia-permanent-lb\" \/><img decoding=\"async\" loading=\"lazy\" src=\"https:\/\/www.facebook.com\/images\/emoji.php\/v9\/t1f\/2\/16\/27a1.png\" alt=\"\u27a1\ufe0f\" width=\"16\" height=\"16\" \/><\/span> 14h, 15h15 &amp; 16h30<br \/>\n<em>la chapelle Ste Madeleine du Centre Hospitalier de Chaumont<\/em><br \/>\nvisite guid\u00e9e de la chapelle<\/div>\n<div><\/div>\n<div class=\"o9v6fnle cxmmr5t8 oygrvhab hcukyx3x c1et5uql\"><span class=\"pq6dq46d tbxw36s4 knj5qynh kvgmc6g5 ditlmg2l oygrvhab nvdbi5me sf5mxxl7 gl3lb2sf hhz5lgdu\"> <br class=\"avia-permanent-lb\" \/><img decoding=\"async\" loading=\"lazy\" src=\"https:\/\/www.facebook.com\/images\/emoji.php\/v9\/t1f\/2\/16\/27a1.png\" alt=\"\u27a1\ufe0f\" width=\"16\" height=\"16\" \/><\/span> 14h \u2192 18h<br \/>\n<em>l\u2019\u00e9glise protestante unie de Chaumont-Sud Haute-Marne<\/em><br \/>\nexposition &lsquo;la Bible comme un roman&rsquo; et visite libre du temple<\/div>\n<div><\/div>\n<div class=\"o9v6fnle cxmmr5t8 oygrvhab hcukyx3x c1et5uql\"><span class=\"pq6dq46d tbxw36s4 knj5qynh kvgmc6g5 ditlmg2l oygrvhab nvdbi5me sf5mxxl7 gl3lb2sf hhz5lgdu\"> <br class=\"avia-permanent-lb\" \/><img decoding=\"async\" loading=\"lazy\" src=\"https:\/\/www.facebook.com\/images\/emoji.php\/v9\/t1f\/2\/16\/27a1.png\" alt=\"\u27a1\ufe0f\" width=\"16\" height=\"16\" \/><\/span> 14h, 15h &amp; 16h<br \/>\n<em>la m\u00e9diath\u00e8que d\u00e9partementale de la Haute-Marne<\/em><br \/>\nvisite guid\u00e9e de la m\u00e9diath\u00e8que<br \/>\n&gt; 45 min<br \/>\n&gt; r\u00e9servation \u00e0 mediatheque.departementale@haute-marne.fr \/ 03 25 03 29 19<\/div>\n<div><\/div>\n<div class=\"o9v6fnle cxmmr5t8 oygrvhab hcukyx3x c1et5uql\"><span class=\"pq6dq46d tbxw36s4 knj5qynh kvgmc6g5 ditlmg2l oygrvhab nvdbi5me sf5mxxl7 gl3lb2sf hhz5lgdu\"> <br class=\"avia-permanent-lb\" \/><img decoding=\"async\" loading=\"lazy\" src=\"https:\/\/www.facebook.com\/images\/emoji.php\/v9\/t1f\/2\/16\/27a1.png\" alt=\"\u27a1\ufe0f\" width=\"16\" height=\"16\" \/><\/span> 14h, 15h, 16h &amp; 17h<br \/>\n<em>le signe<\/em><br \/>\nvisite de la salle des coffres<br \/>\n&gt; 30 min<br \/>\n&gt; r\u00e9servation obligatoire \u00e0 resa@cndg.fr<\/div>\n<div><\/div>\n<div class=\"o9v6fnle cxmmr5t8 oygrvhab hcukyx3x c1et5uql\"><span class=\"pq6dq46d tbxw36s4 knj5qynh kvgmc6g5 ditlmg2l oygrvhab nvdbi5me sf5mxxl7 gl3lb2sf hhz5lgdu\"> <br class=\"avia-permanent-lb\" \/><img decoding=\"async\" loading=\"lazy\" src=\"https:\/\/www.facebook.com\/images\/emoji.php\/v9\/t1f\/2\/16\/27a1.png\" alt=\"\u27a1\ufe0f\" width=\"16\" height=\"16\" \/><\/span> 14h30\u2192 16h30<br \/>\n<em>le signe<\/em><br \/>\natelier libre &lsquo;salade tomates oignons&rsquo;<br \/>\n\u2022 jeune public<\/div>\n<div><\/div>\n<div class=\"o9v6fnle cxmmr5t8 oygrvhab hcukyx3x c1et5uql\"><span class=\"pq6dq46d tbxw36s4 knj5qynh kvgmc6g5 ditlmg2l oygrvhab nvdbi5me sf5mxxl7 gl3lb2sf hhz5lgdu\"> <br class=\"avia-permanent-lb\" \/><img decoding=\"async\" loading=\"lazy\" src=\"https:\/\/www.facebook.com\/images\/emoji.php\/v9\/t1f\/2\/16\/27a1.png\" alt=\"\u27a1\ufe0f\" width=\"16\" height=\"16\" \/><\/span> 14h30 \u2192 16h30<br \/>\n<em>le square Philippe Lebon<\/em><br \/>\njeu de p\u00e9tanque avec le Signe et les associations ABCC et ABCR<\/div>\n<div><\/div>\n<div class=\"o9v6fnle cxmmr5t8 oygrvhab hcukyx3x c1et5uql\"><span class=\"pq6dq46d tbxw36s4 knj5qynh kvgmc6g5 ditlmg2l oygrvhab nvdbi5me sf5mxxl7 gl3lb2sf hhz5lgdu\"> <br class=\"avia-permanent-lb\" \/><img decoding=\"async\" loading=\"lazy\" src=\"https:\/\/www.facebook.com\/images\/emoji.php\/v9\/t1f\/2\/16\/27a1.png\" alt=\"\u27a1\ufe0f\" width=\"16\" height=\"16\" \/><\/span> 15h<br \/>\n<em>l\u2019association du Vieux Chaumont<\/em><br \/>\ninauguration de l\u2019affiche Dutailly, rue Dutailly<\/div>\n<div><\/div>\n<div class=\"o9v6fnle cxmmr5t8 oygrvhab hcukyx3x c1et5uql\"><span class=\"pq6dq46d tbxw36s4 knj5qynh kvgmc6g5 ditlmg2l oygrvhab nvdbi5me sf5mxxl7 gl3lb2sf hhz5lgdu\"> <br class=\"avia-permanent-lb\" \/><img decoding=\"async\" loading=\"lazy\" src=\"https:\/\/www.facebook.com\/images\/emoji.php\/v9\/t1f\/2\/16\/27a1.png\" alt=\"\u27a1\ufe0f\" width=\"16\" height=\"16\" \/><\/span> 15h<br \/>\n<em>le signe<\/em><br \/>\nvisite comment\u00e9e des expositions &rsquo;29e Concours international d\u2019affiches&rsquo; &amp; &lsquo;DEMO festival&rsquo;<br \/>\n&gt; 1h<\/div>\n<div><\/div>\n<div class=\"o9v6fnle cxmmr5t8 oygrvhab hcukyx3x c1et5uql\"><span class=\"pq6dq46d tbxw36s4 knj5qynh kvgmc6g5 ditlmg2l oygrvhab nvdbi5me sf5mxxl7 gl3lb2sf hhz5lgdu\"> <br class=\"avia-permanent-lb\" \/><img decoding=\"async\" loading=\"lazy\" src=\"https:\/\/www.facebook.com\/images\/emoji.php\/v9\/t1f\/2\/16\/27a1.png\" alt=\"\u27a1\ufe0f\" width=\"16\" height=\"16\" \/><\/span> 15h \u2192 18h<br \/>\nvisite guid\u00e9e de la basilique Saint Jean-Baptiste par G\u00e9rard Bocquillon<\/div>\n<div><\/div>\n<div class=\"o9v6fnle cxmmr5t8 oygrvhab hcukyx3x c1et5uql\"><strong> <br class=\"avia-permanent-lb\" \/>tout le week-end<\/strong><\/div>\n<div><\/div>\n<div class=\"o9v6fnle cxmmr5t8 oygrvhab hcukyx3x c1et5uql\"><br class=\"avia-permanent-lb\" \/>parcours graphique urbain d\u2019Eltono<br \/>\n&gt; pour vous guider, des \u00e9nigmes sont \u00e0 r\u00e9soudre dans le livret \u00e0 venir chercher \u00e0 l\u2019h\u00f4tel de ville, l\u2019office du tourisme et vos \u00e9tablissements culturels de la ville<\/div>\n<div><\/div>\n<div class=\"o9v6fnle cxmmr5t8 oygrvhab hcukyx3x c1et5uql\"><br class=\"avia-permanent-lb\" \/>parcours &lsquo;le soleil &amp; la lune&rsquo;, affiches du fonds Dutailly dans les rues du quartier du Vieux Chaumont, par les associations du Vieux Chaumont et Chaumont Design Graphique<\/div>\n<p>&nbsp;<\/p>\n","protected":false},"excerpt":{"rendered":"<p>Apr\u00e8s une ann\u00e9e marqu\u00e9e par la fermeture des \u00e9tablissements accueillant du public partout en France et en Europe, les Journ\u00e9es Europ\u00e9ennes du Patrimoine c\u00e9l\u00e8breront la r\u00e9ouverture des \u00e9tablissements patrimoniaux et [&hellip;]<\/p>\n","protected":false},"author":3,"featured_media":6924,"comment_status":"open","ping_status":"closed","template":"","meta":{"_uag_custom_page_level_css":"","_tribe_events_status":"","_tribe_events_status_reason":""},"tags":[130,255,256,129,257,249],"tribe_events_cat":[111],"yoast_head":"<!-- This site is optimized with the Yoast SEO plugin v21.1 - https:\/\/yoast.com\/wordpress\/plugins\/seo\/ -->\n<title>journ\u00e9es europ\u00e9ennes du patrimoine 2021 - Les Saisons Culturelles de Chaumont<\/title>\n<meta name=\"description\" content=\"D\u00e9couvrez la programmation culturelle de la saison culturelle de la ville de Chaumont. Expositions, visites, rencontres, ateliers, concerts, spectacles, animations et plus encore.\" \/>\n<meta name=\"robots\" content=\"noindex, follow, max-snippet:-1, max-image-preview:large, max-video-preview:-1\" \/>\n<meta property=\"og:locale\" content=\"fr_FR\" \/>\n<meta property=\"og:type\" content=\"article\" \/>\n<meta property=\"og:title\" content=\"journ\u00e9es europ\u00e9ennes du patrimoine 2021 - Les Saisons Culturelles de Chaumont\" \/>\n<meta property=\"og:description\" content=\"D\u00e9couvrez la programmation culturelle de la saison culturelle de la ville de Chaumont. Expositions, visites, rencontres, ateliers, concerts, spectacles, animations et plus encore.\" \/>\n<meta property=\"og:url\" content=\"https:\/\/saisonsculturelleschaumont.fr\/mdxpuixt\/evenement\/journees-europeennes-du-patrimoine-2021\/\" \/>\n<meta property=\"og:site_name\" content=\"Les Saisons Culturelles de Chaumont\" \/>\n<meta property=\"article:publisher\" content=\"https:\/\/www.facebook.com\/saisonsculturelleschaumont\/\" \/>\n<meta property=\"article:modified_time\" content=\"2021-09-23T14:04:50+00:00\" \/>\n<meta property=\"og:image\" content=\"https:\/\/saisonsculturelleschaumont.fr\/mdxpuixt\/wp-content\/uploads\/2021\/09\/Sans-titre-1_Plan-de-travail-1.png\" \/>\n\t<meta property=\"og:image:width\" content=\"1629\" \/>\n\t<meta property=\"og:image:height\" content=\"1595\" \/>\n\t<meta property=\"og:image:type\" content=\"image\/png\" \/>\n<meta name=\"twitter:card\" content=\"summary_large_image\" \/>\n<meta name=\"twitter:label1\" content=\"Dur\u00e9e de lecture estim\u00e9e\" \/>\n\t<meta name=\"twitter:data1\" content=\"14 minutes\" \/>\n<script type=\"application\/ld+json\" class=\"yoast-schema-graph\">{\"@context\":\"https:\/\/schema.org\",\"@graph\":[{\"@type\":\"WebPage\",\"@id\":\"https:\/\/saisonsculturelleschaumont.fr\/mdxpuixt\/evenement\/journees-europeennes-du-patrimoine-2021\/\",\"url\":\"https:\/\/saisonsculturelleschaumont.fr\/mdxpuixt\/evenement\/journees-europeennes-du-patrimoine-2021\/\",\"name\":\"journ\u00e9es europ\u00e9ennes du patrimoine 2021 - Les Saisons Culturelles de Chaumont\",\"isPartOf\":{\"@id\":\"https:\/\/saisonsculturelleschaumont.fr\/mdxpuixt\/#website\"},\"datePublished\":\"2021-09-14T11:32:22+00:00\",\"dateModified\":\"2021-09-23T14:04:50+00:00\",\"description\":\"D\u00e9couvrez la programmation culturelle de la saison culturelle de la ville de Chaumont. Expositions, visites, rencontres, ateliers, concerts, spectacles, animations et plus encore.\",\"breadcrumb\":{\"@id\":\"https:\/\/saisonsculturelleschaumont.fr\/mdxpuixt\/evenement\/journees-europeennes-du-patrimoine-2021\/#breadcrumb\"},\"inLanguage\":\"fr-FR\",\"potentialAction\":[{\"@type\":\"ReadAction\",\"target\":[\"https:\/\/saisonsculturelleschaumont.fr\/mdxpuixt\/evenement\/journees-europeennes-du-patrimoine-2021\/\"]}]},{\"@type\":\"BreadcrumbList\",\"@id\":\"https:\/\/saisonsculturelleschaumont.fr\/mdxpuixt\/evenement\/journees-europeennes-du-patrimoine-2021\/#breadcrumb\",\"itemListElement\":[{\"@type\":\"ListItem\",\"position\":1,\"name\":\"Accueil\",\"item\":\"https:\/\/saisonsculturelleschaumont.fr\/mdxpuixt\/\"},{\"@type\":\"ListItem\",\"position\":2,\"name\":\"\u00c9v\u00e8nements\",\"item\":\"https:\/\/saisonsculturelleschaumont.fr\/mdxpuixt\/agenda\/\"},{\"@type\":\"ListItem\",\"position\":3,\"name\":\"journ\u00e9es europ\u00e9ennes du patrimoine 2021\"}]},{\"@type\":\"WebSite\",\"@id\":\"https:\/\/saisonsculturelleschaumont.fr\/mdxpuixt\/#website\",\"url\":\"https:\/\/saisonsculturelleschaumont.fr\/mdxpuixt\/\",\"name\":\"Les Saisons Culturelles de Chaumont\",\"description\":\"\",\"potentialAction\":[{\"@type\":\"SearchAction\",\"target\":{\"@type\":\"EntryPoint\",\"urlTemplate\":\"https:\/\/saisonsculturelleschaumont.fr\/mdxpuixt\/?s={search_term_string}\"},\"query-input\":\"required name=search_term_string\"}],\"inLanguage\":\"fr-FR\"}]}<\/script>\n<!-- \/ Yoast SEO plugin. -->","yoast_head_json":{"title":"journ\u00e9es europ\u00e9ennes du patrimoine 2021 - Les Saisons Culturelles de Chaumont","description":"D\u00e9couvrez la programmation culturelle de la saison culturelle de la ville de Chaumont. Expositions, visites, rencontres, ateliers, concerts, spectacles, animations et plus encore.","robots":{"index":"noindex","follow":"follow","max-snippet":"max-snippet:-1","max-image-preview":"max-image-preview:large","max-video-preview":"max-video-preview:-1"},"og_locale":"fr_FR","og_type":"article","og_title":"journ\u00e9es europ\u00e9ennes du patrimoine 2021 - Les Saisons Culturelles de Chaumont","og_description":"D\u00e9couvrez la programmation culturelle de la saison culturelle de la ville de Chaumont. Expositions, visites, rencontres, ateliers, concerts, spectacles, animations et plus encore.","og_url":"https:\/\/saisonsculturelleschaumont.fr\/mdxpuixt\/evenement\/journees-europeennes-du-patrimoine-2021\/","og_site_name":"Les Saisons Culturelles de Chaumont","article_publisher":"https:\/\/www.facebook.com\/saisonsculturelleschaumont\/","article_modified_time":"2021-09-23T14:04:50+00:00","og_image":[{"width":1629,"height":1595,"url":"https:\/\/saisonsculturelleschaumont.fr\/mdxpuixt\/wp-content\/uploads\/2021\/09\/Sans-titre-1_Plan-de-travail-1.png","type":"image\/png"}],"twitter_card":"summary_large_image","twitter_misc":{"Dur\u00e9e de lecture estim\u00e9e":"14 minutes"},"schema":{"@context":"https:\/\/schema.org","@graph":[{"@type":"WebPage","@id":"https:\/\/saisonsculturelleschaumont.fr\/mdxpuixt\/evenement\/journees-europeennes-du-patrimoine-2021\/","url":"https:\/\/saisonsculturelleschaumont.fr\/mdxpuixt\/evenement\/journees-europeennes-du-patrimoine-2021\/","name":"journ\u00e9es europ\u00e9ennes du patrimoine 2021 - Les Saisons Culturelles de Chaumont","isPartOf":{"@id":"https:\/\/saisonsculturelleschaumont.fr\/mdxpuixt\/#website"},"datePublished":"2021-09-14T11:32:22+00:00","dateModified":"2021-09-23T14:04:50+00:00","description":"D\u00e9couvrez la programmation culturelle de la saison culturelle de la ville de Chaumont. Expositions, visites, rencontres, ateliers, concerts, spectacles, animations et plus encore.","breadcrumb":{"@id":"https:\/\/saisonsculturelleschaumont.fr\/mdxpuixt\/evenement\/journees-europeennes-du-patrimoine-2021\/#breadcrumb"},"inLanguage":"fr-FR","potentialAction":[{"@type":"ReadAction","target":["https:\/\/saisonsculturelleschaumont.fr\/mdxpuixt\/evenement\/journees-europeennes-du-patrimoine-2021\/"]}]},{"@type":"BreadcrumbList","@id":"https:\/\/saisonsculturelleschaumont.fr\/mdxpuixt\/evenement\/journees-europeennes-du-patrimoine-2021\/#breadcrumb","itemListElement":[{"@type":"ListItem","position":1,"name":"Accueil","item":"https:\/\/saisonsculturelleschaumont.fr\/mdxpuixt\/"},{"@type":"ListItem","position":2,"name":"\u00c9v\u00e8nements","item":"https:\/\/saisonsculturelleschaumont.fr\/mdxpuixt\/agenda\/"},{"@type":"ListItem","position":3,"name":"journ\u00e9es europ\u00e9ennes du patrimoine 2021"}]},{"@type":"WebSite","@id":"https:\/\/saisonsculturelleschaumont.fr\/mdxpuixt\/#website","url":"https:\/\/saisonsculturelleschaumont.fr\/mdxpuixt\/","name":"Les Saisons Culturelles de Chaumont","description":"","potentialAction":[{"@type":"SearchAction","target":{"@type":"EntryPoint","urlTemplate":"https:\/\/saisonsculturelleschaumont.fr\/mdxpuixt\/?s={search_term_string}"},"query-input":"required name=search_term_string"}],"inLanguage":"fr-FR"}]}},"uagb_featured_image_src":{"full":["https:\/\/saisonsculturelleschaumont.fr\/mdxpuixt\/wp-content\/uploads\/2021\/09\/Sans-titre-1_Plan-de-travail-1.png",1629,1595,false],"thumbnail":["https:\/\/saisonsculturelleschaumont.fr\/mdxpuixt\/wp-content\/uploads\/2021\/09\/Sans-titre-1_Plan-de-travail-1-80x80.png",80,80,true],"medium":["https:\/\/saisonsculturelleschaumont.fr\/mdxpuixt\/wp-content\/uploads\/2021\/09\/Sans-titre-1_Plan-de-travail-1-300x300.png",300,300,true],"medium_large":["https:\/\/saisonsculturelleschaumont.fr\/mdxpuixt\/wp-content\/uploads\/2021\/09\/Sans-titre-1_Plan-de-travail-1-768x768.png",768,768,true],"large":["https:\/\/saisonsculturelleschaumont.fr\/mdxpuixt\/wp-content\/uploads\/2021\/09\/Sans-titre-1_Plan-de-travail-1-1030x1030.png",1030,1030,true],"1536x1536":["https:\/\/saisonsculturelleschaumont.fr\/mdxpuixt\/wp-content\/uploads\/2021\/09\/Sans-titre-1_Plan-de-travail-1-1536x1504.png",1536,1504,true],"2048x2048":["https:\/\/saisonsculturelleschaumont.fr\/mdxpuixt\/wp-content\/uploads\/2021\/09\/Sans-titre-1_Plan-de-travail-1.png",1629,1595,false],"widget":["https:\/\/saisonsculturelleschaumont.fr\/mdxpuixt\/wp-content\/uploads\/2021\/09\/Sans-titre-1_Plan-de-travail-1-36x36.png",36,36,true],"square":["https:\/\/saisonsculturelleschaumont.fr\/mdxpuixt\/wp-content\/uploads\/2021\/09\/Sans-titre-1_Plan-de-travail-1-180x180.png",180,180,true],"featured":["https:\/\/saisonsculturelleschaumont.fr\/mdxpuixt\/wp-content\/uploads\/2021\/09\/Sans-titre-1_Plan-de-travail-1-1500x430.png",1500,430,true],"featured_large":["https:\/\/saisonsculturelleschaumont.fr\/mdxpuixt\/wp-content\/uploads\/2021\/09\/Sans-titre-1_Plan-de-travail-1-1500x630.png",1500,630,true],"extra_large":["https:\/\/saisonsculturelleschaumont.fr\/mdxpuixt\/wp-content\/uploads\/2021\/09\/Sans-titre-1_Plan-de-travail-1-1500x1469.png",1500,1469,true],"portfolio":["https:\/\/saisonsculturelleschaumont.fr\/mdxpuixt\/wp-content\/uploads\/2021\/09\/Sans-titre-1_Plan-de-travail-1-495x400.png",495,400,true],"portfolio_small":["https:\/\/saisonsculturelleschaumont.fr\/mdxpuixt\/wp-content\/uploads\/2021\/09\/Sans-titre-1_Plan-de-travail-1-260x185.png",260,185,true],"gallery":["https:\/\/saisonsculturelleschaumont.fr\/mdxpuixt\/wp-content\/uploads\/2021\/09\/Sans-titre-1_Plan-de-travail-1-845x684.png",845,684,true],"magazine":["https:\/\/saisonsculturelleschaumont.fr\/mdxpuixt\/wp-content\/uploads\/2021\/09\/Sans-titre-1_Plan-de-travail-1-710x375.png",710,375,true],"masonry":["https:\/\/saisonsculturelleschaumont.fr\/mdxpuixt\/wp-content\/uploads\/2021\/09\/Sans-titre-1_Plan-de-travail-1-705x690.png",705,690,true],"entry_with_sidebar":["https:\/\/saisonsculturelleschaumont.fr\/mdxpuixt\/wp-content\/uploads\/2021\/09\/Sans-titre-1_Plan-de-travail-1-845x321.png",845,321,true],"entry_without_sidebar":["https:\/\/saisonsculturelleschaumont.fr\/mdxpuixt\/wp-content\/uploads\/2021\/09\/Sans-titre-1_Plan-de-travail-1-1210x423.png",1210,423,true]},"uagb_author_info":{"display_name":"Justine Ansel","author_link":"https:\/\/saisonsculturelleschaumont.fr\/mdxpuixt\/author\/justine-ansel\/"},"uagb_comment_info":0,"uagb_excerpt":"Apr\u00e8s une ann\u00e9e marqu\u00e9e par la fermeture des \u00e9tablissements accueillant du public partout en France et en Europe, les Journ\u00e9es Europ\u00e9ennes du Patrimoine c\u00e9l\u00e8breront la r\u00e9ouverture des \u00e9tablissements patrimoniaux et [&hellip;]","_links":{"self":[{"href":"https:\/\/saisonsculturelleschaumont.fr\/mdxpuixt\/wp-json\/wp\/v2\/tribe_events\/6921"}],"collection":[{"href":"https:\/\/saisonsculturelleschaumont.fr\/mdxpuixt\/wp-json\/wp\/v2\/tribe_events"}],"about":[{"href":"https:\/\/saisonsculturelleschaumont.fr\/mdxpuixt\/wp-json\/wp\/v2\/types\/tribe_events"}],"author":[{"embeddable":true,"href":"https:\/\/saisonsculturelleschaumont.fr\/mdxpuixt\/wp-json\/wp\/v2\/users\/3"}],"replies":[{"embeddable":true,"href":"https:\/\/saisonsculturelleschaumont.fr\/mdxpuixt\/wp-json\/wp\/v2\/comments?post=6921"}],"version-history":[{"count":0,"href":"https:\/\/saisonsculturelleschaumont.fr\/mdxpuixt\/wp-json\/wp\/v2\/tribe_events\/6921\/revisions"}],"wp:featuredmedia":[{"embeddable":true,"href":"https:\/\/saisonsculturelleschaumont.fr\/mdxpuixt\/wp-json\/wp\/v2\/media\/6924"}],"wp:attachment":[{"href":"https:\/\/saisonsculturelleschaumont.fr\/mdxpuixt\/wp-json\/wp\/v2\/media?parent=6921"}],"wp:term":[{"taxonomy":"post_tag","embeddable":true,"href":"https:\/\/saisonsculturelleschaumont.fr\/mdxpuixt\/wp-json\/wp\/v2\/tags?post=6921"},{"taxonomy":"tribe_events_cat","embeddable":true,"href":"https:\/\/saisonsculturelleschaumont.fr\/mdxpuixt\/wp-json\/wp\/v2\/tribe_events_cat?post=6921"}],"curies":[{"name":"wp","href":"https:\/\/api.w.org\/{rel}","templated":true}]}}