{"id":6950,"date":"2021-09-30T16:27:07","date_gmt":"2021-09-30T14:27:07","guid":{"rendered":"https:\/\/saisonsculturelleschaumont.fr\/mdxpuixt\/evenement\/exposition-rare-remarquable\/"},"modified":"2022-01-11T17:00:47","modified_gmt":"2022-01-11T16:00:47","slug":"exposition-rare-remarquable","status":"publish","type":"tribe_events","link":"https:\/\/saisonsculturelleschaumont.fr\/mdxpuixt\/evenement\/exposition-rare-remarquable\/","title":{"rendered":"exposition Rare &amp; remarquable"},"content":{"rendered":"<p>Le th\u00e8me de la raret\u00e9 est le fil conducteur de cette exposition d\u2019envergure, d\u00e9clin\u00e9 sous ses diff\u00e9rentes dimensions par le commissaire scientifique de l\u2019exposition, Malcolm Walsby, enseignant \u00e0 l\u2019ENSSIB et sp\u00e9cialiste du monde \u00e9ditorial d\u2019ancien r\u00e9gime. L\u2019exposition questionne, \u00e0 partir d\u2019une soixantaine d\u2019exemplaires s\u00e9lectionn\u00e9s dans la collection des 30 000 livres anciens conserv\u00e9s \u00e0 Chaumont, le(s) sens du mot raret\u00e9 appliqu\u00e9(s) au domaine du livre ancien et met relief le cycle de vie du livre ancien depuis sa mise en circulation, son appropriation, son usage, sa conservation puis sa patrimonialisation.<br \/>\nIls y seront pr\u00e9sent\u00e9s un livre ayant appartenu \u00e0 Rabelais, contenant sa signature authentifi\u00e9e, quelque \u00e9ph\u00e9m\u00e8re ayant miraculeusement \u00e9chapp\u00e9 \u00e0 son funeste destin et conserv\u00e9 l\u00e0 par les hasards de l\u2019histoire ou par la volont\u00e9 d\u2019un collectionneur, quelques unica rep\u00e9r\u00e9s ou encore un recueil factice hors normes contenant un \u00e9crit oubli\u00e9.<\/p>\n<p>Les marques de personnalisation, les traces de vie, d\u2019usage et plus globalement la mat\u00e9rialit\u00e9 de l\u2019objet-livre sont des aspects qui seront particuli\u00e8rement abord\u00e9s dans cette exposition. Un ouvrage d\u2019apparence anodine peut se r\u00e9v\u00e9ler rare par bien des aspects.<\/p>\n","protected":false},"excerpt":{"rendered":"<p>Le th\u00e8me de la raret\u00e9 est le fil conducteur de cette exposition d\u2019envergure, d\u00e9clin\u00e9 sous ses diff\u00e9rentes dimensions par le commissaire scientifique de l\u2019exposition, Malcolm Walsby, enseignant \u00e0 l\u2019ENSSIB et [&hellip;]<\/p>\n","protected":false},"author":3,"featured_media":6970,"comment_status":"closed","ping_status":"closed","template":"","meta":{"_uag_custom_page_level_css":"","_tribe_events_status":"","_tribe_events_status_reason":""},"tags":[50,262],"tribe_events_cat":[45],"yoast_head":"<!-- This site is optimized with the Yoast SEO plugin v21.1 - https:\/\/yoast.com\/wordpress\/plugins\/seo\/ -->\n<title>exposition Rare &amp; remarquable - Les Saisons Culturelles de Chaumont<\/title>\n<meta name=\"description\" content=\"D\u00e9couvrez la programmation culturelle de la saison culturelle de la ville de Chaumont. Expositions, visites, rencontres, ateliers, concerts, spectacles, animations et plus encore.\" \/>\n<meta name=\"robots\" content=\"noindex, follow, max-snippet:-1, max-image-preview:large, max-video-preview:-1\" \/>\n<meta property=\"og:locale\" content=\"fr_FR\" \/>\n<meta property=\"og:type\" content=\"article\" \/>\n<meta property=\"og:title\" content=\"exposition Rare &amp; remarquable - Les Saisons Culturelles de Chaumont\" \/>\n<meta property=\"og:description\" content=\"D\u00e9couvrez la programmation culturelle de la saison culturelle de la ville de Chaumont. Expositions, visites, rencontres, ateliers, concerts, spectacles, animations et plus encore.\" \/>\n<meta property=\"og:url\" content=\"https:\/\/saisonsculturelleschaumont.fr\/mdxpuixt\/evenement\/exposition-rare-remarquable\/\" \/>\n<meta property=\"og:site_name\" content=\"Les Saisons Culturelles de Chaumont\" \/>\n<meta property=\"article:publisher\" content=\"https:\/\/www.facebook.com\/saisonsculturelleschaumont\/\" \/>\n<meta property=\"article:modified_time\" content=\"2022-01-11T16:00:47+00:00\" \/>\n<meta property=\"og:image\" content=\"https:\/\/saisonsculturelleschaumont.fr\/mdxpuixt\/wp-content\/uploads\/2021\/09\/DSC_4199-copie-e1633013236752.jpg\" \/>\n\t<meta property=\"og:image:width\" content=\"650\" \/>\n\t<meta property=\"og:image:height\" content=\"974\" \/>\n\t<meta property=\"og:image:type\" content=\"image\/jpeg\" \/>\n<meta name=\"twitter:card\" content=\"summary_large_image\" \/>\n<meta name=\"twitter:label1\" content=\"Dur\u00e9e de lecture estim\u00e9e\" \/>\n\t<meta name=\"twitter:data1\" content=\"1 minute\" \/>\n<script type=\"application\/ld+json\" class=\"yoast-schema-graph\">{\"@context\":\"https:\/\/schema.org\",\"@graph\":[{\"@type\":\"WebPage\",\"@id\":\"https:\/\/saisonsculturelleschaumont.fr\/mdxpuixt\/evenement\/exposition-rare-remarquable\/\",\"url\":\"https:\/\/saisonsculturelleschaumont.fr\/mdxpuixt\/evenement\/exposition-rare-remarquable\/\",\"name\":\"exposition Rare &amp; remarquable - Les Saisons Culturelles de Chaumont\",\"isPartOf\":{\"@id\":\"https:\/\/saisonsculturelleschaumont.fr\/mdxpuixt\/#website\"},\"datePublished\":\"2021-09-30T14:27:07+00:00\",\"dateModified\":\"2022-01-11T16:00:47+00:00\",\"description\":\"D\u00e9couvrez la programmation culturelle de la saison culturelle de la ville de Chaumont. Expositions, visites, rencontres, ateliers, concerts, spectacles, animations et plus encore.\",\"breadcrumb\":{\"@id\":\"https:\/\/saisonsculturelleschaumont.fr\/mdxpuixt\/evenement\/exposition-rare-remarquable\/#breadcrumb\"},\"inLanguage\":\"fr-FR\",\"potentialAction\":[{\"@type\":\"ReadAction\",\"target\":[\"https:\/\/saisonsculturelleschaumont.fr\/mdxpuixt\/evenement\/exposition-rare-remarquable\/\"]}]},{\"@type\":\"BreadcrumbList\",\"@id\":\"https:\/\/saisonsculturelleschaumont.fr\/mdxpuixt\/evenement\/exposition-rare-remarquable\/#breadcrumb\",\"itemListElement\":[{\"@type\":\"ListItem\",\"position\":1,\"name\":\"Accueil\",\"item\":\"https:\/\/saisonsculturelleschaumont.fr\/mdxpuixt\/\"},{\"@type\":\"ListItem\",\"position\":2,\"name\":\"\u00c9v\u00e8nements\",\"item\":\"https:\/\/saisonsculturelleschaumont.fr\/mdxpuixt\/agenda\/\"},{\"@type\":\"ListItem\",\"position\":3,\"name\":\"exposition Rare &amp; remarquable\"}]},{\"@type\":\"WebSite\",\"@id\":\"https:\/\/saisonsculturelleschaumont.fr\/mdxpuixt\/#website\",\"url\":\"https:\/\/saisonsculturelleschaumont.fr\/mdxpuixt\/\",\"name\":\"Les Saisons Culturelles de Chaumont\",\"description\":\"\",\"potentialAction\":[{\"@type\":\"SearchAction\",\"target\":{\"@type\":\"EntryPoint\",\"urlTemplate\":\"https:\/\/saisonsculturelleschaumont.fr\/mdxpuixt\/?s={search_term_string}\"},\"query-input\":\"required name=search_term_string\"}],\"inLanguage\":\"fr-FR\"}]}<\/script>\n<!-- \/ Yoast SEO plugin. -->","yoast_head_json":{"title":"exposition Rare &amp; remarquable - Les Saisons Culturelles de Chaumont","description":"D\u00e9couvrez la programmation culturelle de la saison culturelle de la ville de Chaumont. Expositions, visites, rencontres, ateliers, concerts, spectacles, animations et plus encore.","robots":{"index":"noindex","follow":"follow","max-snippet":"max-snippet:-1","max-image-preview":"max-image-preview:large","max-video-preview":"max-video-preview:-1"},"og_locale":"fr_FR","og_type":"article","og_title":"exposition Rare &amp; remarquable - Les Saisons Culturelles de Chaumont","og_description":"D\u00e9couvrez la programmation culturelle de la saison culturelle de la ville de Chaumont. Expositions, visites, rencontres, ateliers, concerts, spectacles, animations et plus encore.","og_url":"https:\/\/saisonsculturelleschaumont.fr\/mdxpuixt\/evenement\/exposition-rare-remarquable\/","og_site_name":"Les Saisons Culturelles de Chaumont","article_publisher":"https:\/\/www.facebook.com\/saisonsculturelleschaumont\/","article_modified_time":"2022-01-11T16:00:47+00:00","og_image":[{"width":650,"height":974,"url":"https:\/\/saisonsculturelleschaumont.fr\/mdxpuixt\/wp-content\/uploads\/2021\/09\/DSC_4199-copie-e1633013236752.jpg","type":"image\/jpeg"}],"twitter_card":"summary_large_image","twitter_misc":{"Dur\u00e9e de lecture estim\u00e9e":"1 minute"},"schema":{"@context":"https:\/\/schema.org","@graph":[{"@type":"WebPage","@id":"https:\/\/saisonsculturelleschaumont.fr\/mdxpuixt\/evenement\/exposition-rare-remarquable\/","url":"https:\/\/saisonsculturelleschaumont.fr\/mdxpuixt\/evenement\/exposition-rare-remarquable\/","name":"exposition Rare &amp; remarquable - Les Saisons Culturelles de Chaumont","isPartOf":{"@id":"https:\/\/saisonsculturelleschaumont.fr\/mdxpuixt\/#website"},"datePublished":"2021-09-30T14:27:07+00:00","dateModified":"2022-01-11T16:00:47+00:00","description":"D\u00e9couvrez la programmation culturelle de la saison culturelle de la ville de Chaumont. Expositions, visites, rencontres, ateliers, concerts, spectacles, animations et plus encore.","breadcrumb":{"@id":"https:\/\/saisonsculturelleschaumont.fr\/mdxpuixt\/evenement\/exposition-rare-remarquable\/#breadcrumb"},"inLanguage":"fr-FR","potentialAction":[{"@type":"ReadAction","target":["https:\/\/saisonsculturelleschaumont.fr\/mdxpuixt\/evenement\/exposition-rare-remarquable\/"]}]},{"@type":"BreadcrumbList","@id":"https:\/\/saisonsculturelleschaumont.fr\/mdxpuixt\/evenement\/exposition-rare-remarquable\/#breadcrumb","itemListElement":[{"@type":"ListItem","position":1,"name":"Accueil","item":"https:\/\/saisonsculturelleschaumont.fr\/mdxpuixt\/"},{"@type":"ListItem","position":2,"name":"\u00c9v\u00e8nements","item":"https:\/\/saisonsculturelleschaumont.fr\/mdxpuixt\/agenda\/"},{"@type":"ListItem","position":3,"name":"exposition Rare &amp; remarquable"}]},{"@type":"WebSite","@id":"https:\/\/saisonsculturelleschaumont.fr\/mdxpuixt\/#website","url":"https:\/\/saisonsculturelleschaumont.fr\/mdxpuixt\/","name":"Les Saisons Culturelles de Chaumont","description":"","potentialAction":[{"@type":"SearchAction","target":{"@type":"EntryPoint","urlTemplate":"https:\/\/saisonsculturelleschaumont.fr\/mdxpuixt\/?s={search_term_string}"},"query-input":"required name=search_term_string"}],"inLanguage":"fr-FR"}]}},"uagb_featured_image_src":{"full":["https:\/\/saisonsculturelleschaumont.fr\/mdxpuixt\/wp-content\/uploads\/2021\/09\/DSC_4199-copie-e1633013236752.jpg",650,974,false],"thumbnail":["https:\/\/saisonsculturelleschaumont.fr\/mdxpuixt\/wp-content\/uploads\/2021\/09\/DSC_4199-copie-80x80.jpg",80,80,true],"medium":["https:\/\/saisonsculturelleschaumont.fr\/mdxpuixt\/wp-content\/uploads\/2021\/09\/DSC_4199-copie-300x300.jpg",300,300,true],"medium_large":["https:\/\/saisonsculturelleschaumont.fr\/mdxpuixt\/wp-content\/uploads\/2021\/09\/DSC_4199-copie-672x768.jpg",672,768,true],"large":["https:\/\/saisonsculturelleschaumont.fr\/mdxpuixt\/wp-content\/uploads\/2021\/09\/DSC_4199-copie-e1633013236752.jpg",650,974,false],"1536x1536":["https:\/\/saisonsculturelleschaumont.fr\/mdxpuixt\/wp-content\/uploads\/2021\/09\/DSC_4199-copie-e1633013236752.jpg",650,974,false],"2048x2048":["https:\/\/saisonsculturelleschaumont.fr\/mdxpuixt\/wp-content\/uploads\/2021\/09\/DSC_4199-copie-e1633013236752.jpg",650,974,false],"widget":["https:\/\/saisonsculturelleschaumont.fr\/mdxpuixt\/wp-content\/uploads\/2021\/09\/DSC_4199-copie-36x36.jpg",36,36,true],"square":["https:\/\/saisonsculturelleschaumont.fr\/mdxpuixt\/wp-content\/uploads\/2021\/09\/DSC_4199-copie-180x180.jpg",180,180,true],"featured":["https:\/\/saisonsculturelleschaumont.fr\/mdxpuixt\/wp-content\/uploads\/2021\/09\/DSC_4199-copie-672x430.jpg",672,430,true],"featured_large":["https:\/\/saisonsculturelleschaumont.fr\/mdxpuixt\/wp-content\/uploads\/2021\/09\/DSC_4199-copie-672x630.jpg",672,630,true],"extra_large":["https:\/\/saisonsculturelleschaumont.fr\/mdxpuixt\/wp-content\/uploads\/2021\/09\/DSC_4199-copie-e1633013236752.jpg",650,974,false],"portfolio":["https:\/\/saisonsculturelleschaumont.fr\/mdxpuixt\/wp-content\/uploads\/2021\/09\/DSC_4199-copie-495x400.jpg",495,400,true],"portfolio_small":["https:\/\/saisonsculturelleschaumont.fr\/mdxpuixt\/wp-content\/uploads\/2021\/09\/DSC_4199-copie-260x185.jpg",260,185,true],"gallery":["https:\/\/saisonsculturelleschaumont.fr\/mdxpuixt\/wp-content\/uploads\/2021\/09\/DSC_4199-copie-672x684.jpg",672,684,true],"magazine":["https:\/\/saisonsculturelleschaumont.fr\/mdxpuixt\/wp-content\/uploads\/2021\/09\/DSC_4199-copie-672x375.jpg",672,375,true],"masonry":["https:\/\/saisonsculturelleschaumont.fr\/mdxpuixt\/wp-content\/uploads\/2021\/09\/DSC_4199-copie-470x705.jpg",470,705,true],"entry_with_sidebar":["https:\/\/saisonsculturelleschaumont.fr\/mdxpuixt\/wp-content\/uploads\/2021\/09\/DSC_4199-copie-672x321.jpg",672,321,true],"entry_without_sidebar":["https:\/\/saisonsculturelleschaumont.fr\/mdxpuixt\/wp-content\/uploads\/2021\/09\/DSC_4199-copie-672x423.jpg",672,423,true]},"uagb_author_info":{"display_name":"Justine Ansel","author_link":"https:\/\/saisonsculturelleschaumont.fr\/mdxpuixt\/author\/justine-ansel\/"},"uagb_comment_info":0,"uagb_excerpt":"Le th\u00e8me de la raret\u00e9 est le fil conducteur de cette exposition d\u2019envergure, d\u00e9clin\u00e9 sous ses diff\u00e9rentes dimensions par le commissaire scientifique de l\u2019exposition, Malcolm Walsby, enseignant \u00e0 l\u2019ENSSIB et [&hellip;]","_links":{"self":[{"href":"https:\/\/saisonsculturelleschaumont.fr\/mdxpuixt\/wp-json\/wp\/v2\/tribe_events\/6950"}],"collection":[{"href":"https:\/\/saisonsculturelleschaumont.fr\/mdxpuixt\/wp-json\/wp\/v2\/tribe_events"}],"about":[{"href":"https:\/\/saisonsculturelleschaumont.fr\/mdxpuixt\/wp-json\/wp\/v2\/types\/tribe_events"}],"author":[{"embeddable":true,"href":"https:\/\/saisonsculturelleschaumont.fr\/mdxpuixt\/wp-json\/wp\/v2\/users\/3"}],"replies":[{"embeddable":true,"href":"https:\/\/saisonsculturelleschaumont.fr\/mdxpuixt\/wp-json\/wp\/v2\/comments?post=6950"}],"version-history":[{"count":0,"href":"https:\/\/saisonsculturelleschaumont.fr\/mdxpuixt\/wp-json\/wp\/v2\/tribe_events\/6950\/revisions"}],"wp:featuredmedia":[{"embeddable":true,"href":"https:\/\/saisonsculturelleschaumont.fr\/mdxpuixt\/wp-json\/wp\/v2\/media\/6970"}],"wp:attachment":[{"href":"https:\/\/saisonsculturelleschaumont.fr\/mdxpuixt\/wp-json\/wp\/v2\/media?parent=6950"}],"wp:term":[{"taxonomy":"post_tag","embeddable":true,"href":"https:\/\/saisonsculturelleschaumont.fr\/mdxpuixt\/wp-json\/wp\/v2\/tags?post=6950"},{"taxonomy":"tribe_events_cat","embeddable":true,"href":"https:\/\/saisonsculturelleschaumont.fr\/mdxpuixt\/wp-json\/wp\/v2\/tribe_events_cat?post=6950"}],"curies":[{"name":"wp","href":"https:\/\/api.w.org\/{rel}","templated":true}]}}