{"id":7059,"date":"2021-10-08T14:40:19","date_gmt":"2021-10-08T12:40:19","guid":{"rendered":"https:\/\/saisonsculturelleschaumont.fr\/mdxpuixt\/evenement\/presentation-de-la-selection-du-prix-unique-du-livre-et-remise-des-prix-du-25e-concours-etudiant-ce-monde-que-nous-partageons\/"},"modified":"2021-10-08T15:11:50","modified_gmt":"2021-10-08T13:11:50","slug":"presentation-de-la-selection-du-prix-unique-du-livre-et-remise-des-prix-du-25e-concours-etudiant-ce-monde-que-nous-partageons","status":"publish","type":"tribe_events","link":"https:\/\/saisonsculturelleschaumont.fr\/mdxpuixt\/evenement\/presentation-de-la-selection-du-prix-unique-du-livre-et-remise-des-prix-du-25e-concours-etudiant-ce-monde-que-nous-partageons\/","title":{"rendered":"pr\u00e9sentation de la s\u00e9lection du Prix unique du livre et remise des prix du 25e Concours \u00e9tudiant &#8211; Ce monde que nous partageons."},"content":{"rendered":"<p>Le concours \u00e9tudiant invite enseignant\u00b7e\u00b7s et \u00e9tudiant\u00b7e\u00b7s \u00e0 r\u00e9fl\u00e9chir au r\u00f4le du design graphique dans les soci\u00e9t\u00e9s actuelles \u2013 et par cons\u00e9quent \u00e0 envisager leur propre posture face aux multiples enjeux soci\u00e9taux. Pour ce 25e concours, nous les avons invit\u00e9s \u00e0 r\u00e9fl\u00e9chir et \u00e0 produire autour de du th\u00e8me \u00abCe monde que nous partageons\u00bb.<br \/>\nOrganis\u00e9 pour sa premi\u00e8re \u00e9dition, Le Prix Unique du livre met en lumi\u00e8re une s\u00e9lection de 20 ouvrages fran\u00e7ais parmi les plus singuliers. \u00c9dit\u00e9s durant ces trois derni\u00e8res ann\u00e9es, choisis, sans concertation, par quatre personnalit\u00e9s du monde de l&rsquo;\u00e9dition. Le prix unique du livre co\u00efncide avec le quaranti\u00e8me anniversaire de la loi \u00e9ponyme, dite loi Lang, mais signe aussi l\u2019absence depuis plus d\u2019une d\u00e9cennie du remarquable Concours des Plus Beaux Livres Fran\u00e7ais que nous esp\u00e9rons voir revenir.<br \/>\nUne s\u00e9lection par \u00c9lodie Boyer, Jean-Philippe Bretin, Juliette Bucquet, Cl\u00e9mence Michon.<\/p>\n","protected":false},"excerpt":{"rendered":"<p>Le concours \u00e9tudiant invite enseignant\u00b7e\u00b7s et \u00e9tudiant\u00b7e\u00b7s \u00e0 r\u00e9fl\u00e9chir au r\u00f4le du design graphique dans les soci\u00e9t\u00e9s actuelles \u2013 et par cons\u00e9quent \u00e0 envisager leur propre posture face aux multiples [&hellip;]<\/p>\n","protected":false},"author":3,"featured_media":7081,"comment_status":"closed","ping_status":"closed","template":"","meta":{"_uag_custom_page_level_css":"","_tribe_events_status":"","_tribe_events_status_reason":""},"tags":[82,87,136,130,50,81],"tribe_events_cat":[42],"yoast_head":"<!-- This site is optimized with the Yoast SEO plugin v21.1 - https:\/\/yoast.com\/wordpress\/plugins\/seo\/ -->\n<title>pr\u00e9sentation de la s\u00e9lection du Prix unique du livre et remise des prix du 25e Concours \u00e9tudiant - Ce monde que nous partageons. - Les Saisons Culturelles de Chaumont<\/title>\n<meta name=\"description\" content=\"D\u00e9couvrez la programmation culturelle de la saison culturelle de la ville de Chaumont. Expositions, visites, rencontres, ateliers, concerts, spectacles, animations et plus encore.\" \/>\n<meta name=\"robots\" content=\"noindex, follow, max-snippet:-1, max-image-preview:large, max-video-preview:-1\" \/>\n<meta property=\"og:locale\" content=\"fr_FR\" \/>\n<meta property=\"og:type\" content=\"article\" \/>\n<meta property=\"og:title\" content=\"pr\u00e9sentation de la s\u00e9lection du Prix unique du livre et remise des prix du 25e Concours \u00e9tudiant - Ce monde que nous partageons. - Les Saisons Culturelles de Chaumont\" \/>\n<meta property=\"og:description\" content=\"D\u00e9couvrez la programmation culturelle de la saison culturelle de la ville de Chaumont. Expositions, visites, rencontres, ateliers, concerts, spectacles, animations et plus encore.\" \/>\n<meta property=\"og:url\" content=\"https:\/\/saisonsculturelleschaumont.fr\/mdxpuixt\/evenement\/presentation-de-la-selection-du-prix-unique-du-livre-et-remise-des-prix-du-25e-concours-etudiant-ce-monde-que-nous-partageons\/\" \/>\n<meta property=\"og:site_name\" content=\"Les Saisons Culturelles de Chaumont\" \/>\n<meta property=\"article:publisher\" content=\"https:\/\/www.facebook.com\/saisonsculturelleschaumont\/\" \/>\n<meta property=\"article:modified_time\" content=\"2021-10-08T13:11:50+00:00\" \/>\n<meta property=\"og:image\" content=\"https:\/\/saisonsculturelleschaumont.fr\/mdxpuixt\/wp-content\/uploads\/2021\/10\/Remise-des-prix-e1633698627321.jpg\" \/>\n\t<meta property=\"og:image:width\" content=\"650\" \/>\n\t<meta property=\"og:image:height\" content=\"432\" \/>\n\t<meta property=\"og:image:type\" content=\"image\/jpeg\" \/>\n<meta name=\"twitter:card\" content=\"summary_large_image\" \/>\n<meta name=\"twitter:label1\" content=\"Dur\u00e9e de lecture estim\u00e9e\" \/>\n\t<meta name=\"twitter:data1\" content=\"1 minute\" \/>\n<script type=\"application\/ld+json\" class=\"yoast-schema-graph\">{\"@context\":\"https:\/\/schema.org\",\"@graph\":[{\"@type\":\"WebPage\",\"@id\":\"https:\/\/saisonsculturelleschaumont.fr\/mdxpuixt\/evenement\/presentation-de-la-selection-du-prix-unique-du-livre-et-remise-des-prix-du-25e-concours-etudiant-ce-monde-que-nous-partageons\/\",\"url\":\"https:\/\/saisonsculturelleschaumont.fr\/mdxpuixt\/evenement\/presentation-de-la-selection-du-prix-unique-du-livre-et-remise-des-prix-du-25e-concours-etudiant-ce-monde-que-nous-partageons\/\",\"name\":\"pr\u00e9sentation de la s\u00e9lection du Prix unique du livre et remise des prix du 25e Concours \u00e9tudiant - Ce monde que nous partageons. - Les Saisons Culturelles de Chaumont\",\"isPartOf\":{\"@id\":\"https:\/\/saisonsculturelleschaumont.fr\/mdxpuixt\/#website\"},\"datePublished\":\"2021-10-08T12:40:19+00:00\",\"dateModified\":\"2021-10-08T13:11:50+00:00\",\"description\":\"D\u00e9couvrez la programmation culturelle de la saison culturelle de la ville de Chaumont. Expositions, visites, rencontres, ateliers, concerts, spectacles, animations et plus encore.\",\"breadcrumb\":{\"@id\":\"https:\/\/saisonsculturelleschaumont.fr\/mdxpuixt\/evenement\/presentation-de-la-selection-du-prix-unique-du-livre-et-remise-des-prix-du-25e-concours-etudiant-ce-monde-que-nous-partageons\/#breadcrumb\"},\"inLanguage\":\"fr-FR\",\"potentialAction\":[{\"@type\":\"ReadAction\",\"target\":[\"https:\/\/saisonsculturelleschaumont.fr\/mdxpuixt\/evenement\/presentation-de-la-selection-du-prix-unique-du-livre-et-remise-des-prix-du-25e-concours-etudiant-ce-monde-que-nous-partageons\/\"]}]},{\"@type\":\"BreadcrumbList\",\"@id\":\"https:\/\/saisonsculturelleschaumont.fr\/mdxpuixt\/evenement\/presentation-de-la-selection-du-prix-unique-du-livre-et-remise-des-prix-du-25e-concours-etudiant-ce-monde-que-nous-partageons\/#breadcrumb\",\"itemListElement\":[{\"@type\":\"ListItem\",\"position\":1,\"name\":\"Accueil\",\"item\":\"https:\/\/saisonsculturelleschaumont.fr\/mdxpuixt\/\"},{\"@type\":\"ListItem\",\"position\":2,\"name\":\"\u00c9v\u00e8nements\",\"item\":\"https:\/\/saisonsculturelleschaumont.fr\/mdxpuixt\/agenda\/\"},{\"@type\":\"ListItem\",\"position\":3,\"name\":\"pr\u00e9sentation de la s\u00e9lection du Prix unique du livre et remise des prix du 25e Concours \u00e9tudiant &#8211; Ce monde que nous partageons.\"}]},{\"@type\":\"WebSite\",\"@id\":\"https:\/\/saisonsculturelleschaumont.fr\/mdxpuixt\/#website\",\"url\":\"https:\/\/saisonsculturelleschaumont.fr\/mdxpuixt\/\",\"name\":\"Les Saisons Culturelles de Chaumont\",\"description\":\"\",\"potentialAction\":[{\"@type\":\"SearchAction\",\"target\":{\"@type\":\"EntryPoint\",\"urlTemplate\":\"https:\/\/saisonsculturelleschaumont.fr\/mdxpuixt\/?s={search_term_string}\"},\"query-input\":\"required name=search_term_string\"}],\"inLanguage\":\"fr-FR\"}]}<\/script>\n<!-- \/ Yoast SEO plugin. -->","yoast_head_json":{"title":"pr\u00e9sentation de la s\u00e9lection du Prix unique du livre et remise des prix du 25e Concours \u00e9tudiant - Ce monde que nous partageons. - Les Saisons Culturelles de Chaumont","description":"D\u00e9couvrez la programmation culturelle de la saison culturelle de la ville de Chaumont. Expositions, visites, rencontres, ateliers, concerts, spectacles, animations et plus encore.","robots":{"index":"noindex","follow":"follow","max-snippet":"max-snippet:-1","max-image-preview":"max-image-preview:large","max-video-preview":"max-video-preview:-1"},"og_locale":"fr_FR","og_type":"article","og_title":"pr\u00e9sentation de la s\u00e9lection du Prix unique du livre et remise des prix du 25e Concours \u00e9tudiant - Ce monde que nous partageons. - Les Saisons Culturelles de Chaumont","og_description":"D\u00e9couvrez la programmation culturelle de la saison culturelle de la ville de Chaumont. Expositions, visites, rencontres, ateliers, concerts, spectacles, animations et plus encore.","og_url":"https:\/\/saisonsculturelleschaumont.fr\/mdxpuixt\/evenement\/presentation-de-la-selection-du-prix-unique-du-livre-et-remise-des-prix-du-25e-concours-etudiant-ce-monde-que-nous-partageons\/","og_site_name":"Les Saisons Culturelles de Chaumont","article_publisher":"https:\/\/www.facebook.com\/saisonsculturelleschaumont\/","article_modified_time":"2021-10-08T13:11:50+00:00","og_image":[{"width":650,"height":432,"url":"https:\/\/saisonsculturelleschaumont.fr\/mdxpuixt\/wp-content\/uploads\/2021\/10\/Remise-des-prix-e1633698627321.jpg","type":"image\/jpeg"}],"twitter_card":"summary_large_image","twitter_misc":{"Dur\u00e9e de lecture estim\u00e9e":"1 minute"},"schema":{"@context":"https:\/\/schema.org","@graph":[{"@type":"WebPage","@id":"https:\/\/saisonsculturelleschaumont.fr\/mdxpuixt\/evenement\/presentation-de-la-selection-du-prix-unique-du-livre-et-remise-des-prix-du-25e-concours-etudiant-ce-monde-que-nous-partageons\/","url":"https:\/\/saisonsculturelleschaumont.fr\/mdxpuixt\/evenement\/presentation-de-la-selection-du-prix-unique-du-livre-et-remise-des-prix-du-25e-concours-etudiant-ce-monde-que-nous-partageons\/","name":"pr\u00e9sentation de la s\u00e9lection du Prix unique du livre et remise des prix du 25e Concours \u00e9tudiant - Ce monde que nous partageons. - Les Saisons Culturelles de Chaumont","isPartOf":{"@id":"https:\/\/saisonsculturelleschaumont.fr\/mdxpuixt\/#website"},"datePublished":"2021-10-08T12:40:19+00:00","dateModified":"2021-10-08T13:11:50+00:00","description":"D\u00e9couvrez la programmation culturelle de la saison culturelle de la ville de Chaumont. Expositions, visites, rencontres, ateliers, concerts, spectacles, animations et plus encore.","breadcrumb":{"@id":"https:\/\/saisonsculturelleschaumont.fr\/mdxpuixt\/evenement\/presentation-de-la-selection-du-prix-unique-du-livre-et-remise-des-prix-du-25e-concours-etudiant-ce-monde-que-nous-partageons\/#breadcrumb"},"inLanguage":"fr-FR","potentialAction":[{"@type":"ReadAction","target":["https:\/\/saisonsculturelleschaumont.fr\/mdxpuixt\/evenement\/presentation-de-la-selection-du-prix-unique-du-livre-et-remise-des-prix-du-25e-concours-etudiant-ce-monde-que-nous-partageons\/"]}]},{"@type":"BreadcrumbList","@id":"https:\/\/saisonsculturelleschaumont.fr\/mdxpuixt\/evenement\/presentation-de-la-selection-du-prix-unique-du-livre-et-remise-des-prix-du-25e-concours-etudiant-ce-monde-que-nous-partageons\/#breadcrumb","itemListElement":[{"@type":"ListItem","position":1,"name":"Accueil","item":"https:\/\/saisonsculturelleschaumont.fr\/mdxpuixt\/"},{"@type":"ListItem","position":2,"name":"\u00c9v\u00e8nements","item":"https:\/\/saisonsculturelleschaumont.fr\/mdxpuixt\/agenda\/"},{"@type":"ListItem","position":3,"name":"pr\u00e9sentation de la s\u00e9lection du Prix unique du livre et remise des prix du 25e Concours \u00e9tudiant &#8211; Ce monde que nous partageons."}]},{"@type":"WebSite","@id":"https:\/\/saisonsculturelleschaumont.fr\/mdxpuixt\/#website","url":"https:\/\/saisonsculturelleschaumont.fr\/mdxpuixt\/","name":"Les Saisons Culturelles de Chaumont","description":"","potentialAction":[{"@type":"SearchAction","target":{"@type":"EntryPoint","urlTemplate":"https:\/\/saisonsculturelleschaumont.fr\/mdxpuixt\/?s={search_term_string}"},"query-input":"required name=search_term_string"}],"inLanguage":"fr-FR"}]}},"uagb_featured_image_src":{"full":["https:\/\/saisonsculturelleschaumont.fr\/mdxpuixt\/wp-content\/uploads\/2021\/10\/Remise-des-prix-e1633698627321.jpg",650,432,false],"thumbnail":["https:\/\/saisonsculturelleschaumont.fr\/mdxpuixt\/wp-content\/uploads\/2021\/10\/Remise-des-prix-80x80.jpg",80,80,true],"medium":["https:\/\/saisonsculturelleschaumont.fr\/mdxpuixt\/wp-content\/uploads\/2021\/10\/Remise-des-prix-300x300.jpg",300,300,true],"medium_large":["https:\/\/saisonsculturelleschaumont.fr\/mdxpuixt\/wp-content\/uploads\/2021\/10\/Remise-des-prix-768x768.jpg",768,768,true],"large":["https:\/\/saisonsculturelleschaumont.fr\/mdxpuixt\/wp-content\/uploads\/2021\/10\/Remise-des-prix-1030x1030.jpg",1030,1030,true],"1536x1536":["https:\/\/saisonsculturelleschaumont.fr\/mdxpuixt\/wp-content\/uploads\/2021\/10\/Remise-des-prix-1536x1020.jpg",1536,1020,true],"2048x2048":["https:\/\/saisonsculturelleschaumont.fr\/mdxpuixt\/wp-content\/uploads\/2021\/10\/Remise-des-prix-e1633698627321.jpg",650,432,false],"widget":["https:\/\/saisonsculturelleschaumont.fr\/mdxpuixt\/wp-content\/uploads\/2021\/10\/Remise-des-prix-36x36.jpg",36,36,true],"square":["https:\/\/saisonsculturelleschaumont.fr\/mdxpuixt\/wp-content\/uploads\/2021\/10\/Remise-des-prix-180x180.jpg",180,180,true],"featured":["https:\/\/saisonsculturelleschaumont.fr\/mdxpuixt\/wp-content\/uploads\/2021\/10\/Remise-des-prix-1500x430.jpg",1500,430,true],"featured_large":["https:\/\/saisonsculturelleschaumont.fr\/mdxpuixt\/wp-content\/uploads\/2021\/10\/Remise-des-prix-1500x630.jpg",1500,630,true],"extra_large":["https:\/\/saisonsculturelleschaumont.fr\/mdxpuixt\/wp-content\/uploads\/2021\/10\/Remise-des-prix-1500x996.jpg",1500,996,true],"portfolio":["https:\/\/saisonsculturelleschaumont.fr\/mdxpuixt\/wp-content\/uploads\/2021\/10\/Remise-des-prix-495x400.jpg",495,400,true],"portfolio_small":["https:\/\/saisonsculturelleschaumont.fr\/mdxpuixt\/wp-content\/uploads\/2021\/10\/Remise-des-prix-260x185.jpg",260,185,true],"gallery":["https:\/\/saisonsculturelleschaumont.fr\/mdxpuixt\/wp-content\/uploads\/2021\/10\/Remise-des-prix-845x684.jpg",845,684,true],"magazine":["https:\/\/saisonsculturelleschaumont.fr\/mdxpuixt\/wp-content\/uploads\/2021\/10\/Remise-des-prix-710x375.jpg",710,375,true],"masonry":["https:\/\/saisonsculturelleschaumont.fr\/mdxpuixt\/wp-content\/uploads\/2021\/10\/Remise-des-prix-705x468.jpg",705,468,true],"entry_with_sidebar":["https:\/\/saisonsculturelleschaumont.fr\/mdxpuixt\/wp-content\/uploads\/2021\/10\/Remise-des-prix-845x321.jpg",845,321,true],"entry_without_sidebar":["https:\/\/saisonsculturelleschaumont.fr\/mdxpuixt\/wp-content\/uploads\/2021\/10\/Remise-des-prix-1210x423.jpg",1210,423,true]},"uagb_author_info":{"display_name":"Justine Ansel","author_link":"https:\/\/saisonsculturelleschaumont.fr\/mdxpuixt\/author\/justine-ansel\/"},"uagb_comment_info":0,"uagb_excerpt":"Le concours \u00e9tudiant invite enseignant\u00b7e\u00b7s et \u00e9tudiant\u00b7e\u00b7s \u00e0 r\u00e9fl\u00e9chir au r\u00f4le du design graphique dans les soci\u00e9t\u00e9s actuelles \u2013 et par cons\u00e9quent \u00e0 envisager leur propre posture face aux multiples [&hellip;]","_links":{"self":[{"href":"https:\/\/saisonsculturelleschaumont.fr\/mdxpuixt\/wp-json\/wp\/v2\/tribe_events\/7059"}],"collection":[{"href":"https:\/\/saisonsculturelleschaumont.fr\/mdxpuixt\/wp-json\/wp\/v2\/tribe_events"}],"about":[{"href":"https:\/\/saisonsculturelleschaumont.fr\/mdxpuixt\/wp-json\/wp\/v2\/types\/tribe_events"}],"author":[{"embeddable":true,"href":"https:\/\/saisonsculturelleschaumont.fr\/mdxpuixt\/wp-json\/wp\/v2\/users\/3"}],"replies":[{"embeddable":true,"href":"https:\/\/saisonsculturelleschaumont.fr\/mdxpuixt\/wp-json\/wp\/v2\/comments?post=7059"}],"version-history":[{"count":0,"href":"https:\/\/saisonsculturelleschaumont.fr\/mdxpuixt\/wp-json\/wp\/v2\/tribe_events\/7059\/revisions"}],"wp:featuredmedia":[{"embeddable":true,"href":"https:\/\/saisonsculturelleschaumont.fr\/mdxpuixt\/wp-json\/wp\/v2\/media\/7081"}],"wp:attachment":[{"href":"https:\/\/saisonsculturelleschaumont.fr\/mdxpuixt\/wp-json\/wp\/v2\/media?parent=7059"}],"wp:term":[{"taxonomy":"post_tag","embeddable":true,"href":"https:\/\/saisonsculturelleschaumont.fr\/mdxpuixt\/wp-json\/wp\/v2\/tags?post=7059"},{"taxonomy":"tribe_events_cat","embeddable":true,"href":"https:\/\/saisonsculturelleschaumont.fr\/mdxpuixt\/wp-json\/wp\/v2\/tribe_events_cat?post=7059"}],"curies":[{"name":"wp","href":"https:\/\/api.w.org\/{rel}","templated":true}]}}