{"id":7167,"date":"2021-10-12T11:18:00","date_gmt":"2021-10-12T09:18:00","guid":{"rendered":"https:\/\/saisonsculturelleschaumont.fr\/mdxpuixt\/?post_type=tribe_events&#038;p=7167"},"modified":"2022-02-18T09:29:25","modified_gmt":"2022-02-18T08:29:25","slug":"burning-je-ne-mourus-pas-et-pourtant-nulle-vie-ne-demeura-2","status":"publish","type":"tribe_events","link":"https:\/\/saisonsculturelleschaumont.fr\/mdxpuixt\/evenement\/burning-je-ne-mourus-pas-et-pourtant-nulle-vie-ne-demeura-2\/","title":{"rendered":"BURNING (JE NE MOURUS PAS ET POURTANT NULLE VIE NE DEMEURA)"},"content":{"rendered":"<p>CIRQUE DOCUMENTAIRE <br class=\"avia-permanent-lb\" \/>Objet sc\u00e9nique singulier, Burning est \u00e0 la fois du cirque documentaire \u2013 performant et politique \u2013 et de la po\u00e9sie chor\u00e9graphique : un remarquable travail de corps, de voix et d\u2019esprit qui t\u00e9moigne de la fa\u00e7on insidieuse avec laquelle s\u2019installe la souffrance au travail.<br \/>\nPris au pi\u00e8ge dans l\u2019espace de la repr\u00e9sentation, un personnage \u00e9volue, contraint par son environnement. Il tente de rester assis ou debout, d\u2019aligner des cartons, en prise avec un espace o\u00f9 tout bascule, effa\u00e7ant petit \u00e0 petit un possible horizon. En parall\u00e8le, la voix off de Laurence Vielle \u00e9gr\u00e8ne les mots d\u2019une lente combustion int\u00e9rieure : essoufflement, rythmes sans r\u00e9pit, fragments de t\u00e9moignages&#8230;<br \/>\nIci le corps \u00e9volue en r\u00e9sonance avec les propos, l\u2019acte acrobatique se fond au langage vid\u00e9o. Graphiques, pourcentages, t\u00e9moignages et corps malmen\u00e9 d\u00e9peignent un monde du travail, du rendement et de la surconsommation malade, o\u00f9 l\u2019homme est devenu marchandise, o\u00f9 le sens a \u00e9t\u00e9 perdu.<\/p>\n","protected":false},"excerpt":{"rendered":"<p>CIRQUE DOCUMENTAIRE Objet sc\u00e9nique singulier, Burning est \u00e0 la fois du cirque documentaire \u2013 performant et politique \u2013 et de la po\u00e9sie chor\u00e9graphique : un remarquable travail de corps, de [&hellip;]<\/p>\n","protected":false},"author":3,"featured_media":7173,"comment_status":"closed","ping_status":"closed","template":"","meta":{"_uag_custom_page_level_css":"","_tribe_events_status":"","_tribe_events_status_reason":""},"tags":[59],"tribe_events_cat":[44],"yoast_head":"<!-- This site is optimized with the Yoast SEO plugin v21.1 - https:\/\/yoast.com\/wordpress\/plugins\/seo\/ -->\n<title>BURNING (JE NE MOURUS PAS ET POURTANT NULLE VIE NE DEMEURA) - Les Saisons Culturelles de Chaumont<\/title>\n<meta name=\"description\" content=\"D\u00e9couvrez la programmation culturelle de la saison culturelle de la ville de Chaumont. Expositions, visites, rencontres, ateliers, concerts, spectacles, animations et plus encore.\" \/>\n<meta name=\"robots\" content=\"noindex, follow, max-snippet:-1, max-image-preview:large, max-video-preview:-1\" \/>\n<meta property=\"og:locale\" content=\"fr_FR\" \/>\n<meta property=\"og:type\" content=\"article\" \/>\n<meta property=\"og:title\" content=\"BURNING (JE NE MOURUS PAS ET POURTANT NULLE VIE NE DEMEURA) - Les Saisons Culturelles de Chaumont\" \/>\n<meta property=\"og:description\" content=\"D\u00e9couvrez la programmation culturelle de la saison culturelle de la ville de Chaumont. Expositions, visites, rencontres, ateliers, concerts, spectacles, animations et plus encore.\" \/>\n<meta property=\"og:url\" content=\"https:\/\/saisonsculturelleschaumont.fr\/mdxpuixt\/evenement\/burning-je-ne-mourus-pas-et-pourtant-nulle-vie-ne-demeura-2\/\" \/>\n<meta property=\"og:site_name\" content=\"Les Saisons Culturelles de Chaumont\" \/>\n<meta property=\"article:publisher\" content=\"https:\/\/www.facebook.com\/saisonsculturelleschaumont\/\" \/>\n<meta property=\"article:modified_time\" content=\"2022-02-18T08:29:25+00:00\" \/>\n<meta property=\"og:image\" content=\"https:\/\/saisonsculturelleschaumont.fr\/mdxpuixt\/wp-content\/uploads\/2021\/10\/BURNING-vignette-850x500-B-e1634029637899.jpg\" \/>\n\t<meta property=\"og:image:width\" content=\"650\" \/>\n\t<meta property=\"og:image:height\" content=\"382\" \/>\n\t<meta property=\"og:image:type\" content=\"image\/jpeg\" \/>\n<meta name=\"twitter:card\" content=\"summary_large_image\" \/>\n<meta name=\"twitter:label1\" content=\"Dur\u00e9e de lecture estim\u00e9e\" \/>\n\t<meta name=\"twitter:data1\" content=\"1 minute\" \/>\n<script type=\"application\/ld+json\" class=\"yoast-schema-graph\">{\"@context\":\"https:\/\/schema.org\",\"@graph\":[{\"@type\":\"WebPage\",\"@id\":\"https:\/\/saisonsculturelleschaumont.fr\/mdxpuixt\/evenement\/burning-je-ne-mourus-pas-et-pourtant-nulle-vie-ne-demeura-2\/\",\"url\":\"https:\/\/saisonsculturelleschaumont.fr\/mdxpuixt\/evenement\/burning-je-ne-mourus-pas-et-pourtant-nulle-vie-ne-demeura-2\/\",\"name\":\"BURNING (JE NE MOURUS PAS ET POURTANT NULLE VIE NE DEMEURA) - Les Saisons Culturelles de Chaumont\",\"isPartOf\":{\"@id\":\"https:\/\/saisonsculturelleschaumont.fr\/mdxpuixt\/#website\"},\"datePublished\":\"2021-10-12T09:18:00+00:00\",\"dateModified\":\"2022-02-18T08:29:25+00:00\",\"description\":\"D\u00e9couvrez la programmation culturelle de la saison culturelle de la ville de Chaumont. Expositions, visites, rencontres, ateliers, concerts, spectacles, animations et plus encore.\",\"breadcrumb\":{\"@id\":\"https:\/\/saisonsculturelleschaumont.fr\/mdxpuixt\/evenement\/burning-je-ne-mourus-pas-et-pourtant-nulle-vie-ne-demeura-2\/#breadcrumb\"},\"inLanguage\":\"fr-FR\",\"potentialAction\":[{\"@type\":\"ReadAction\",\"target\":[\"https:\/\/saisonsculturelleschaumont.fr\/mdxpuixt\/evenement\/burning-je-ne-mourus-pas-et-pourtant-nulle-vie-ne-demeura-2\/\"]}]},{\"@type\":\"BreadcrumbList\",\"@id\":\"https:\/\/saisonsculturelleschaumont.fr\/mdxpuixt\/evenement\/burning-je-ne-mourus-pas-et-pourtant-nulle-vie-ne-demeura-2\/#breadcrumb\",\"itemListElement\":[{\"@type\":\"ListItem\",\"position\":1,\"name\":\"Accueil\",\"item\":\"https:\/\/saisonsculturelleschaumont.fr\/mdxpuixt\/\"},{\"@type\":\"ListItem\",\"position\":2,\"name\":\"\u00c9v\u00e8nements\",\"item\":\"https:\/\/saisonsculturelleschaumont.fr\/mdxpuixt\/agenda\/\"},{\"@type\":\"ListItem\",\"position\":3,\"name\":\"BURNING (JE NE MOURUS PAS ET POURTANT NULLE VIE NE DEMEURA)\"}]},{\"@type\":\"WebSite\",\"@id\":\"https:\/\/saisonsculturelleschaumont.fr\/mdxpuixt\/#website\",\"url\":\"https:\/\/saisonsculturelleschaumont.fr\/mdxpuixt\/\",\"name\":\"Les Saisons Culturelles de Chaumont\",\"description\":\"\",\"potentialAction\":[{\"@type\":\"SearchAction\",\"target\":{\"@type\":\"EntryPoint\",\"urlTemplate\":\"https:\/\/saisonsculturelleschaumont.fr\/mdxpuixt\/?s={search_term_string}\"},\"query-input\":\"required name=search_term_string\"}],\"inLanguage\":\"fr-FR\"}]}<\/script>\n<!-- \/ Yoast SEO plugin. -->","yoast_head_json":{"title":"BURNING (JE NE MOURUS PAS ET POURTANT NULLE VIE NE DEMEURA) - Les Saisons Culturelles de Chaumont","description":"D\u00e9couvrez la programmation culturelle de la saison culturelle de la ville de Chaumont. Expositions, visites, rencontres, ateliers, concerts, spectacles, animations et plus encore.","robots":{"index":"noindex","follow":"follow","max-snippet":"max-snippet:-1","max-image-preview":"max-image-preview:large","max-video-preview":"max-video-preview:-1"},"og_locale":"fr_FR","og_type":"article","og_title":"BURNING (JE NE MOURUS PAS ET POURTANT NULLE VIE NE DEMEURA) - Les Saisons Culturelles de Chaumont","og_description":"D\u00e9couvrez la programmation culturelle de la saison culturelle de la ville de Chaumont. Expositions, visites, rencontres, ateliers, concerts, spectacles, animations et plus encore.","og_url":"https:\/\/saisonsculturelleschaumont.fr\/mdxpuixt\/evenement\/burning-je-ne-mourus-pas-et-pourtant-nulle-vie-ne-demeura-2\/","og_site_name":"Les Saisons Culturelles de Chaumont","article_publisher":"https:\/\/www.facebook.com\/saisonsculturelleschaumont\/","article_modified_time":"2022-02-18T08:29:25+00:00","og_image":[{"width":650,"height":382,"url":"https:\/\/saisonsculturelleschaumont.fr\/mdxpuixt\/wp-content\/uploads\/2021\/10\/BURNING-vignette-850x500-B-e1634029637899.jpg","type":"image\/jpeg"}],"twitter_card":"summary_large_image","twitter_misc":{"Dur\u00e9e de lecture estim\u00e9e":"1 minute"},"schema":{"@context":"https:\/\/schema.org","@graph":[{"@type":"WebPage","@id":"https:\/\/saisonsculturelleschaumont.fr\/mdxpuixt\/evenement\/burning-je-ne-mourus-pas-et-pourtant-nulle-vie-ne-demeura-2\/","url":"https:\/\/saisonsculturelleschaumont.fr\/mdxpuixt\/evenement\/burning-je-ne-mourus-pas-et-pourtant-nulle-vie-ne-demeura-2\/","name":"BURNING (JE NE MOURUS PAS ET POURTANT NULLE VIE NE DEMEURA) - Les Saisons Culturelles de Chaumont","isPartOf":{"@id":"https:\/\/saisonsculturelleschaumont.fr\/mdxpuixt\/#website"},"datePublished":"2021-10-12T09:18:00+00:00","dateModified":"2022-02-18T08:29:25+00:00","description":"D\u00e9couvrez la programmation culturelle de la saison culturelle de la ville de Chaumont. Expositions, visites, rencontres, ateliers, concerts, spectacles, animations et plus encore.","breadcrumb":{"@id":"https:\/\/saisonsculturelleschaumont.fr\/mdxpuixt\/evenement\/burning-je-ne-mourus-pas-et-pourtant-nulle-vie-ne-demeura-2\/#breadcrumb"},"inLanguage":"fr-FR","potentialAction":[{"@type":"ReadAction","target":["https:\/\/saisonsculturelleschaumont.fr\/mdxpuixt\/evenement\/burning-je-ne-mourus-pas-et-pourtant-nulle-vie-ne-demeura-2\/"]}]},{"@type":"BreadcrumbList","@id":"https:\/\/saisonsculturelleschaumont.fr\/mdxpuixt\/evenement\/burning-je-ne-mourus-pas-et-pourtant-nulle-vie-ne-demeura-2\/#breadcrumb","itemListElement":[{"@type":"ListItem","position":1,"name":"Accueil","item":"https:\/\/saisonsculturelleschaumont.fr\/mdxpuixt\/"},{"@type":"ListItem","position":2,"name":"\u00c9v\u00e8nements","item":"https:\/\/saisonsculturelleschaumont.fr\/mdxpuixt\/agenda\/"},{"@type":"ListItem","position":3,"name":"BURNING (JE NE MOURUS PAS ET POURTANT NULLE VIE NE DEMEURA)"}]},{"@type":"WebSite","@id":"https:\/\/saisonsculturelleschaumont.fr\/mdxpuixt\/#website","url":"https:\/\/saisonsculturelleschaumont.fr\/mdxpuixt\/","name":"Les Saisons Culturelles de Chaumont","description":"","potentialAction":[{"@type":"SearchAction","target":{"@type":"EntryPoint","urlTemplate":"https:\/\/saisonsculturelleschaumont.fr\/mdxpuixt\/?s={search_term_string}"},"query-input":"required name=search_term_string"}],"inLanguage":"fr-FR"}]}},"uagb_featured_image_src":{"full":["https:\/\/saisonsculturelleschaumont.fr\/mdxpuixt\/wp-content\/uploads\/2021\/10\/BURNING-vignette-850x500-B-e1634029637899.jpg",650,382,false],"thumbnail":["https:\/\/saisonsculturelleschaumont.fr\/mdxpuixt\/wp-content\/uploads\/2021\/10\/BURNING-vignette-850x500-B-80x80.jpg",80,80,true],"medium":["https:\/\/saisonsculturelleschaumont.fr\/mdxpuixt\/wp-content\/uploads\/2021\/10\/BURNING-vignette-850x500-B-300x300.jpg",300,300,true],"medium_large":["https:\/\/saisonsculturelleschaumont.fr\/mdxpuixt\/wp-content\/uploads\/2021\/10\/BURNING-vignette-850x500-B-768x500.jpg",768,500,true],"large":["https:\/\/saisonsculturelleschaumont.fr\/mdxpuixt\/wp-content\/uploads\/2021\/10\/BURNING-vignette-850x500-B-e1634029637899.jpg",650,382,false],"1536x1536":["https:\/\/saisonsculturelleschaumont.fr\/mdxpuixt\/wp-content\/uploads\/2021\/10\/BURNING-vignette-850x500-B-e1634029637899.jpg",650,382,false],"2048x2048":["https:\/\/saisonsculturelleschaumont.fr\/mdxpuixt\/wp-content\/uploads\/2021\/10\/BURNING-vignette-850x500-B-e1634029637899.jpg",650,382,false],"widget":["https:\/\/saisonsculturelleschaumont.fr\/mdxpuixt\/wp-content\/uploads\/2021\/10\/BURNING-vignette-850x500-B-36x36.jpg",36,36,true],"square":["https:\/\/saisonsculturelleschaumont.fr\/mdxpuixt\/wp-content\/uploads\/2021\/10\/BURNING-vignette-850x500-B-180x180.jpg",180,180,true],"featured":["https:\/\/saisonsculturelleschaumont.fr\/mdxpuixt\/wp-content\/uploads\/2021\/10\/BURNING-vignette-850x500-B-850x430.jpg",850,430,true],"featured_large":["https:\/\/saisonsculturelleschaumont.fr\/mdxpuixt\/wp-content\/uploads\/2021\/10\/BURNING-vignette-850x500-B-e1634029637899.jpg",650,382,false],"extra_large":["https:\/\/saisonsculturelleschaumont.fr\/mdxpuixt\/wp-content\/uploads\/2021\/10\/BURNING-vignette-850x500-B-e1634029637899.jpg",650,382,false],"portfolio":["https:\/\/saisonsculturelleschaumont.fr\/mdxpuixt\/wp-content\/uploads\/2021\/10\/BURNING-vignette-850x500-B-495x400.jpg",495,400,true],"portfolio_small":["https:\/\/saisonsculturelleschaumont.fr\/mdxpuixt\/wp-content\/uploads\/2021\/10\/BURNING-vignette-850x500-B-260x185.jpg",260,185,true],"gallery":["https:\/\/saisonsculturelleschaumont.fr\/mdxpuixt\/wp-content\/uploads\/2021\/10\/BURNING-vignette-850x500-B-845x500.jpg",845,500,true],"magazine":["https:\/\/saisonsculturelleschaumont.fr\/mdxpuixt\/wp-content\/uploads\/2021\/10\/BURNING-vignette-850x500-B-710x375.jpg",710,375,true],"masonry":["https:\/\/saisonsculturelleschaumont.fr\/mdxpuixt\/wp-content\/uploads\/2021\/10\/BURNING-vignette-850x500-B-705x415.jpg",705,415,true],"entry_with_sidebar":["https:\/\/saisonsculturelleschaumont.fr\/mdxpuixt\/wp-content\/uploads\/2021\/10\/BURNING-vignette-850x500-B-845x321.jpg",845,321,true],"entry_without_sidebar":["https:\/\/saisonsculturelleschaumont.fr\/mdxpuixt\/wp-content\/uploads\/2021\/10\/BURNING-vignette-850x500-B-850x423.jpg",850,423,true]},"uagb_author_info":{"display_name":"Justine Ansel","author_link":"https:\/\/saisonsculturelleschaumont.fr\/mdxpuixt\/author\/justine-ansel\/"},"uagb_comment_info":0,"uagb_excerpt":"CIRQUE DOCUMENTAIRE Objet sc\u00e9nique singulier, Burning est \u00e0 la fois du cirque documentaire \u2013 performant et politique \u2013 et de la po\u00e9sie chor\u00e9graphique : un remarquable travail de corps, de [&hellip;]","_links":{"self":[{"href":"https:\/\/saisonsculturelleschaumont.fr\/mdxpuixt\/wp-json\/wp\/v2\/tribe_events\/7167"}],"collection":[{"href":"https:\/\/saisonsculturelleschaumont.fr\/mdxpuixt\/wp-json\/wp\/v2\/tribe_events"}],"about":[{"href":"https:\/\/saisonsculturelleschaumont.fr\/mdxpuixt\/wp-json\/wp\/v2\/types\/tribe_events"}],"author":[{"embeddable":true,"href":"https:\/\/saisonsculturelleschaumont.fr\/mdxpuixt\/wp-json\/wp\/v2\/users\/3"}],"replies":[{"embeddable":true,"href":"https:\/\/saisonsculturelleschaumont.fr\/mdxpuixt\/wp-json\/wp\/v2\/comments?post=7167"}],"version-history":[{"count":0,"href":"https:\/\/saisonsculturelleschaumont.fr\/mdxpuixt\/wp-json\/wp\/v2\/tribe_events\/7167\/revisions"}],"wp:featuredmedia":[{"embeddable":true,"href":"https:\/\/saisonsculturelleschaumont.fr\/mdxpuixt\/wp-json\/wp\/v2\/media\/7173"}],"wp:attachment":[{"href":"https:\/\/saisonsculturelleschaumont.fr\/mdxpuixt\/wp-json\/wp\/v2\/media?parent=7167"}],"wp:term":[{"taxonomy":"post_tag","embeddable":true,"href":"https:\/\/saisonsculturelleschaumont.fr\/mdxpuixt\/wp-json\/wp\/v2\/tags?post=7167"},{"taxonomy":"tribe_events_cat","embeddable":true,"href":"https:\/\/saisonsculturelleschaumont.fr\/mdxpuixt\/wp-json\/wp\/v2\/tribe_events_cat?post=7167"}],"curies":[{"name":"wp","href":"https:\/\/api.w.org\/{rel}","templated":true}]}}