{"id":7559,"date":"2022-02-07T12:04:00","date_gmt":"2022-02-07T11:04:00","guid":{"rendered":"https:\/\/saisonsculturelleschaumont.fr\/mdxpuixt\/evenement\/retrouvee-ou-perdue-2\/"},"modified":"2022-02-07T13:58:17","modified_gmt":"2022-02-07T12:58:17","slug":"retrouvee-ou-perdue-2","status":"publish","type":"tribe_events","link":"https:\/\/saisonsculturelleschaumont.fr\/mdxpuixt\/evenement\/retrouvee-ou-perdue-2\/","title":{"rendered":"RETROUV\u00c9E OU PERDUE"},"content":{"rendered":"<p>\u00ab Maxime est venu me voir, le texte de Ph\u00e8dre dans les mains. Il m\u2019a dit que la pi\u00e8ce que nous allions cr\u00e9er serait l\u2019histoire de quatre acteurs qui veulent monter-\u00e9crire-r\u00e9\u00e9crire-adapter-transmettre-jouer-essayer cette trag\u00e9die maintes fois mont\u00e9e. Et tr\u00e8s s\u00e9rieusement, il a ajout\u00e9 que ce ne serait pas seulement \u00e7a : ne jouons pas Racine, prenons-nous pour Racine. \u00bb\u00c0 partir de l\u00e0, j\u2019ai entrevu la suite diff\u00e9remment&#8230; Il s\u2019agissait donc de monter Ph\u00e8dre de Racine d\u2019apr\u00e8s Maxime Kerzanet ; de cheminer \u00e0 rebours en faisant entrer en r\u00e9sonance la po\u00e9sie de l\u2019auteur avec la parole du com\u00e9dien. J\u2019aime le paradoxe entre l\u2019histoire mill\u00e9naire et l\u2019\u00e9ph\u00e9m\u00e8re de la repr\u00e9sentation\u2026 Alors, on a invit\u00e9 trois acteurs \u00e0 nous rejoindre, on s\u2019est mis \u00e0 une table tous ensemble et on a commenc\u00e9<br \/>\n\u00e0 lire : Et Ph\u00e8dre au labyrinthe avec vous descendue, se serait avec vous retrouv\u00e9e ou perdue \u00bb.<\/p>\n<p>\u00c0 l\u2019origine de ce projet, une complicit\u00e9 : celle qui lie Chlo\u00e9 Brugnon \u00e0 Maxime Kerzanet. Apr\u00e8s On voudrait revivre, pr\u00e9sent\u00e9 au Nouveau Relax en 2019, la Compagnie Claire Sergent r\u00e9invente sur sc\u00e8ne une des grandes oeuvres de Racine. Luttes d\u00e9sesp\u00e9r\u00e9es, passion, amour interdit\u2026 D\u2019hier \u00e0 aujourd\u2019hui, l\u2019exp\u00e9rience intime de cette Ph\u00e8dre hors-norme lib\u00e8re les imaginaires pour devenir une exp\u00e9rience commune qui s\u2019\u00e9crit au pr\u00e9sent, avec joie et modestie !<\/p>\n<p> 7 \u20ac \/ 12 \u20ac \/ 15 \u20ac<\/p>\n","protected":false},"excerpt":{"rendered":"<p>\u00ab Maxime est venu me voir, le texte de Ph\u00e8dre dans les mains. Il m\u2019a dit que la pi\u00e8ce que nous allions cr\u00e9er serait l\u2019histoire de quatre acteurs qui veulent [&hellip;]<\/p>\n","protected":false},"author":3,"featured_media":7575,"comment_status":"closed","ping_status":"closed","template":"","meta":{"_uag_custom_page_level_css":"","_tribe_events_status":"","_tribe_events_status_reason":""},"tags":[230,106],"tribe_events_cat":[44],"yoast_head":"<!-- This site is optimized with the Yoast SEO plugin v21.1 - https:\/\/yoast.com\/wordpress\/plugins\/seo\/ -->\n<title>RETROUV\u00c9E OU PERDUE - Les Saisons Culturelles de Chaumont<\/title>\n<meta name=\"description\" content=\"D\u00e9couvrez la programmation culturelle de la saison culturelle de la ville de Chaumont. Expositions, visites, rencontres, ateliers, concerts, spectacles, animations et plus encore.\" \/>\n<meta name=\"robots\" content=\"noindex, follow, max-snippet:-1, max-image-preview:large, max-video-preview:-1\" \/>\n<meta property=\"og:locale\" content=\"fr_FR\" \/>\n<meta property=\"og:type\" content=\"article\" \/>\n<meta property=\"og:title\" content=\"RETROUV\u00c9E OU PERDUE - Les Saisons Culturelles de Chaumont\" \/>\n<meta property=\"og:description\" content=\"D\u00e9couvrez la programmation culturelle de la saison culturelle de la ville de Chaumont. Expositions, visites, rencontres, ateliers, concerts, spectacles, animations et plus encore.\" \/>\n<meta property=\"og:url\" content=\"https:\/\/saisonsculturelleschaumont.fr\/mdxpuixt\/evenement\/retrouvee-ou-perdue-2\/\" \/>\n<meta property=\"og:site_name\" content=\"Les Saisons Culturelles de Chaumont\" \/>\n<meta property=\"article:publisher\" content=\"https:\/\/www.facebook.com\/saisonsculturelleschaumont\/\" \/>\n<meta property=\"article:modified_time\" content=\"2022-02-07T12:58:17+00:00\" \/>\n<meta property=\"og:image\" content=\"https:\/\/saisonsculturelleschaumont.fr\/mdxpuixt\/wp-content\/uploads\/2022\/02\/13-Retrouvee-ou-perdue-credit-leo-poirson-scaled-e1644238570356.jpg\" \/>\n\t<meta property=\"og:image:width\" content=\"650\" \/>\n\t<meta property=\"og:image:height\" content=\"488\" \/>\n\t<meta property=\"og:image:type\" content=\"image\/jpeg\" \/>\n<meta name=\"twitter:card\" content=\"summary_large_image\" \/>\n<meta name=\"twitter:label1\" content=\"Dur\u00e9e de lecture estim\u00e9e\" \/>\n\t<meta name=\"twitter:data1\" content=\"1 minute\" \/>\n<script type=\"application\/ld+json\" class=\"yoast-schema-graph\">{\"@context\":\"https:\/\/schema.org\",\"@graph\":[{\"@type\":\"WebPage\",\"@id\":\"https:\/\/saisonsculturelleschaumont.fr\/mdxpuixt\/evenement\/retrouvee-ou-perdue-2\/\",\"url\":\"https:\/\/saisonsculturelleschaumont.fr\/mdxpuixt\/evenement\/retrouvee-ou-perdue-2\/\",\"name\":\"RETROUV\u00c9E OU PERDUE - Les Saisons Culturelles de Chaumont\",\"isPartOf\":{\"@id\":\"https:\/\/saisonsculturelleschaumont.fr\/mdxpuixt\/#website\"},\"datePublished\":\"2022-02-07T11:04:00+00:00\",\"dateModified\":\"2022-02-07T12:58:17+00:00\",\"description\":\"D\u00e9couvrez la programmation culturelle de la saison culturelle de la ville de Chaumont. Expositions, visites, rencontres, ateliers, concerts, spectacles, animations et plus encore.\",\"breadcrumb\":{\"@id\":\"https:\/\/saisonsculturelleschaumont.fr\/mdxpuixt\/evenement\/retrouvee-ou-perdue-2\/#breadcrumb\"},\"inLanguage\":\"fr-FR\",\"potentialAction\":[{\"@type\":\"ReadAction\",\"target\":[\"https:\/\/saisonsculturelleschaumont.fr\/mdxpuixt\/evenement\/retrouvee-ou-perdue-2\/\"]}]},{\"@type\":\"BreadcrumbList\",\"@id\":\"https:\/\/saisonsculturelleschaumont.fr\/mdxpuixt\/evenement\/retrouvee-ou-perdue-2\/#breadcrumb\",\"itemListElement\":[{\"@type\":\"ListItem\",\"position\":1,\"name\":\"Accueil\",\"item\":\"https:\/\/saisonsculturelleschaumont.fr\/mdxpuixt\/\"},{\"@type\":\"ListItem\",\"position\":2,\"name\":\"\u00c9v\u00e8nements\",\"item\":\"https:\/\/saisonsculturelleschaumont.fr\/mdxpuixt\/agenda\/\"},{\"@type\":\"ListItem\",\"position\":3,\"name\":\"RETROUV\u00c9E OU PERDUE\"}]},{\"@type\":\"WebSite\",\"@id\":\"https:\/\/saisonsculturelleschaumont.fr\/mdxpuixt\/#website\",\"url\":\"https:\/\/saisonsculturelleschaumont.fr\/mdxpuixt\/\",\"name\":\"Les Saisons Culturelles de Chaumont\",\"description\":\"\",\"potentialAction\":[{\"@type\":\"SearchAction\",\"target\":{\"@type\":\"EntryPoint\",\"urlTemplate\":\"https:\/\/saisonsculturelleschaumont.fr\/mdxpuixt\/?s={search_term_string}\"},\"query-input\":\"required name=search_term_string\"}],\"inLanguage\":\"fr-FR\"}]}<\/script>\n<!-- \/ Yoast SEO plugin. -->","yoast_head_json":{"title":"RETROUV\u00c9E OU PERDUE - Les Saisons Culturelles de Chaumont","description":"D\u00e9couvrez la programmation culturelle de la saison culturelle de la ville de Chaumont. Expositions, visites, rencontres, ateliers, concerts, spectacles, animations et plus encore.","robots":{"index":"noindex","follow":"follow","max-snippet":"max-snippet:-1","max-image-preview":"max-image-preview:large","max-video-preview":"max-video-preview:-1"},"og_locale":"fr_FR","og_type":"article","og_title":"RETROUV\u00c9E OU PERDUE - Les Saisons Culturelles de Chaumont","og_description":"D\u00e9couvrez la programmation culturelle de la saison culturelle de la ville de Chaumont. Expositions, visites, rencontres, ateliers, concerts, spectacles, animations et plus encore.","og_url":"https:\/\/saisonsculturelleschaumont.fr\/mdxpuixt\/evenement\/retrouvee-ou-perdue-2\/","og_site_name":"Les Saisons Culturelles de Chaumont","article_publisher":"https:\/\/www.facebook.com\/saisonsculturelleschaumont\/","article_modified_time":"2022-02-07T12:58:17+00:00","og_image":[{"width":650,"height":488,"url":"https:\/\/saisonsculturelleschaumont.fr\/mdxpuixt\/wp-content\/uploads\/2022\/02\/13-Retrouvee-ou-perdue-credit-leo-poirson-scaled-e1644238570356.jpg","type":"image\/jpeg"}],"twitter_card":"summary_large_image","twitter_misc":{"Dur\u00e9e de lecture estim\u00e9e":"1 minute"},"schema":{"@context":"https:\/\/schema.org","@graph":[{"@type":"WebPage","@id":"https:\/\/saisonsculturelleschaumont.fr\/mdxpuixt\/evenement\/retrouvee-ou-perdue-2\/","url":"https:\/\/saisonsculturelleschaumont.fr\/mdxpuixt\/evenement\/retrouvee-ou-perdue-2\/","name":"RETROUV\u00c9E OU PERDUE - Les Saisons Culturelles de Chaumont","isPartOf":{"@id":"https:\/\/saisonsculturelleschaumont.fr\/mdxpuixt\/#website"},"datePublished":"2022-02-07T11:04:00+00:00","dateModified":"2022-02-07T12:58:17+00:00","description":"D\u00e9couvrez la programmation culturelle de la saison culturelle de la ville de Chaumont. Expositions, visites, rencontres, ateliers, concerts, spectacles, animations et plus encore.","breadcrumb":{"@id":"https:\/\/saisonsculturelleschaumont.fr\/mdxpuixt\/evenement\/retrouvee-ou-perdue-2\/#breadcrumb"},"inLanguage":"fr-FR","potentialAction":[{"@type":"ReadAction","target":["https:\/\/saisonsculturelleschaumont.fr\/mdxpuixt\/evenement\/retrouvee-ou-perdue-2\/"]}]},{"@type":"BreadcrumbList","@id":"https:\/\/saisonsculturelleschaumont.fr\/mdxpuixt\/evenement\/retrouvee-ou-perdue-2\/#breadcrumb","itemListElement":[{"@type":"ListItem","position":1,"name":"Accueil","item":"https:\/\/saisonsculturelleschaumont.fr\/mdxpuixt\/"},{"@type":"ListItem","position":2,"name":"\u00c9v\u00e8nements","item":"https:\/\/saisonsculturelleschaumont.fr\/mdxpuixt\/agenda\/"},{"@type":"ListItem","position":3,"name":"RETROUV\u00c9E OU PERDUE"}]},{"@type":"WebSite","@id":"https:\/\/saisonsculturelleschaumont.fr\/mdxpuixt\/#website","url":"https:\/\/saisonsculturelleschaumont.fr\/mdxpuixt\/","name":"Les Saisons Culturelles de Chaumont","description":"","potentialAction":[{"@type":"SearchAction","target":{"@type":"EntryPoint","urlTemplate":"https:\/\/saisonsculturelleschaumont.fr\/mdxpuixt\/?s={search_term_string}"},"query-input":"required name=search_term_string"}],"inLanguage":"fr-FR"}]}},"uagb_featured_image_src":{"full":["https:\/\/saisonsculturelleschaumont.fr\/mdxpuixt\/wp-content\/uploads\/2022\/02\/13-Retrouvee-ou-perdue-credit-leo-poirson-scaled-e1644238570356.jpg",650,488,false],"thumbnail":["https:\/\/saisonsculturelleschaumont.fr\/mdxpuixt\/wp-content\/uploads\/2022\/02\/13-Retrouvee-ou-perdue-credit-leo-poirson-80x80.jpg",80,80,true],"medium":["https:\/\/saisonsculturelleschaumont.fr\/mdxpuixt\/wp-content\/uploads\/2022\/02\/13-Retrouvee-ou-perdue-credit-leo-poirson-300x300.jpg",300,300,true],"medium_large":["https:\/\/saisonsculturelleschaumont.fr\/mdxpuixt\/wp-content\/uploads\/2022\/02\/13-Retrouvee-ou-perdue-credit-leo-poirson-768x768.jpg",768,768,true],"large":["https:\/\/saisonsculturelleschaumont.fr\/mdxpuixt\/wp-content\/uploads\/2022\/02\/13-Retrouvee-ou-perdue-credit-leo-poirson-1030x1030.jpg",1030,1030,true],"1536x1536":["https:\/\/saisonsculturelleschaumont.fr\/mdxpuixt\/wp-content\/uploads\/2022\/02\/13-Retrouvee-ou-perdue-credit-leo-poirson-1536x1152.jpg",1536,1152,true],"2048x2048":["https:\/\/saisonsculturelleschaumont.fr\/mdxpuixt\/wp-content\/uploads\/2022\/02\/13-Retrouvee-ou-perdue-credit-leo-poirson-2048x1536.jpg",2048,1536,true],"widget":["https:\/\/saisonsculturelleschaumont.fr\/mdxpuixt\/wp-content\/uploads\/2022\/02\/13-Retrouvee-ou-perdue-credit-leo-poirson-36x36.jpg",36,36,true],"square":["https:\/\/saisonsculturelleschaumont.fr\/mdxpuixt\/wp-content\/uploads\/2022\/02\/13-Retrouvee-ou-perdue-credit-leo-poirson-180x180.jpg",180,180,true],"featured":["https:\/\/saisonsculturelleschaumont.fr\/mdxpuixt\/wp-content\/uploads\/2022\/02\/13-Retrouvee-ou-perdue-credit-leo-poirson-1500x430.jpg",1500,430,true],"featured_large":["https:\/\/saisonsculturelleschaumont.fr\/mdxpuixt\/wp-content\/uploads\/2022\/02\/13-Retrouvee-ou-perdue-credit-leo-poirson-1500x630.jpg",1500,630,true],"extra_large":["https:\/\/saisonsculturelleschaumont.fr\/mdxpuixt\/wp-content\/uploads\/2022\/02\/13-Retrouvee-ou-perdue-credit-leo-poirson-1500x1125.jpg",1500,1125,true],"portfolio":["https:\/\/saisonsculturelleschaumont.fr\/mdxpuixt\/wp-content\/uploads\/2022\/02\/13-Retrouvee-ou-perdue-credit-leo-poirson-495x400.jpg",495,400,true],"portfolio_small":["https:\/\/saisonsculturelleschaumont.fr\/mdxpuixt\/wp-content\/uploads\/2022\/02\/13-Retrouvee-ou-perdue-credit-leo-poirson-260x185.jpg",260,185,true],"gallery":["https:\/\/saisonsculturelleschaumont.fr\/mdxpuixt\/wp-content\/uploads\/2022\/02\/13-Retrouvee-ou-perdue-credit-leo-poirson-845x684.jpg",845,684,true],"magazine":["https:\/\/saisonsculturelleschaumont.fr\/mdxpuixt\/wp-content\/uploads\/2022\/02\/13-Retrouvee-ou-perdue-credit-leo-poirson-710x375.jpg",710,375,true],"masonry":["https:\/\/saisonsculturelleschaumont.fr\/mdxpuixt\/wp-content\/uploads\/2022\/02\/13-Retrouvee-ou-perdue-credit-leo-poirson-705x529.jpg",705,529,true],"entry_with_sidebar":["https:\/\/saisonsculturelleschaumont.fr\/mdxpuixt\/wp-content\/uploads\/2022\/02\/13-Retrouvee-ou-perdue-credit-leo-poirson-845x321.jpg",845,321,true],"entry_without_sidebar":["https:\/\/saisonsculturelleschaumont.fr\/mdxpuixt\/wp-content\/uploads\/2022\/02\/13-Retrouvee-ou-perdue-credit-leo-poirson-1210x423.jpg",1210,423,true]},"uagb_author_info":{"display_name":"Justine Ansel","author_link":"https:\/\/saisonsculturelleschaumont.fr\/mdxpuixt\/author\/justine-ansel\/"},"uagb_comment_info":0,"uagb_excerpt":"\u00ab Maxime est venu me voir, le texte de Ph\u00e8dre dans les mains. Il m\u2019a dit que la pi\u00e8ce que nous allions cr\u00e9er serait l\u2019histoire de quatre acteurs qui veulent [&hellip;]","_links":{"self":[{"href":"https:\/\/saisonsculturelleschaumont.fr\/mdxpuixt\/wp-json\/wp\/v2\/tribe_events\/7559"}],"collection":[{"href":"https:\/\/saisonsculturelleschaumont.fr\/mdxpuixt\/wp-json\/wp\/v2\/tribe_events"}],"about":[{"href":"https:\/\/saisonsculturelleschaumont.fr\/mdxpuixt\/wp-json\/wp\/v2\/types\/tribe_events"}],"author":[{"embeddable":true,"href":"https:\/\/saisonsculturelleschaumont.fr\/mdxpuixt\/wp-json\/wp\/v2\/users\/3"}],"replies":[{"embeddable":true,"href":"https:\/\/saisonsculturelleschaumont.fr\/mdxpuixt\/wp-json\/wp\/v2\/comments?post=7559"}],"version-history":[{"count":0,"href":"https:\/\/saisonsculturelleschaumont.fr\/mdxpuixt\/wp-json\/wp\/v2\/tribe_events\/7559\/revisions"}],"wp:featuredmedia":[{"embeddable":true,"href":"https:\/\/saisonsculturelleschaumont.fr\/mdxpuixt\/wp-json\/wp\/v2\/media\/7575"}],"wp:attachment":[{"href":"https:\/\/saisonsculturelleschaumont.fr\/mdxpuixt\/wp-json\/wp\/v2\/media?parent=7559"}],"wp:term":[{"taxonomy":"post_tag","embeddable":true,"href":"https:\/\/saisonsculturelleschaumont.fr\/mdxpuixt\/wp-json\/wp\/v2\/tags?post=7559"},{"taxonomy":"tribe_events_cat","embeddable":true,"href":"https:\/\/saisonsculturelleschaumont.fr\/mdxpuixt\/wp-json\/wp\/v2\/tribe_events_cat?post=7559"}],"curies":[{"name":"wp","href":"https:\/\/api.w.org\/{rel}","templated":true}]}}