{"id":7595,"date":"2022-02-22T00:00:00","date_gmt":"2022-02-21T23:00:00","guid":{"rendered":"https:\/\/saisonsculturelleschaumont.fr\/mdxpuixt\/?post_type=tribe_events&#038;p=7595"},"modified":"2022-03-29T15:42:02","modified_gmt":"2022-03-29T13:42:02","slug":"conference-du-mardi-4","status":"publish","type":"tribe_events","link":"https:\/\/saisonsculturelleschaumont.fr\/mdxpuixt\/evenement\/conference-du-mardi-4\/","title":{"rendered":"Conf\u00e9rence du mardi"},"content":{"rendered":"<p>Conf\u00e9rence du mardi : L\u2019ornement moresque et les arts d\u00e9coratifs en Europe \u00e0 la Renaissance : une envie \u00ab d\u2019exotisme \u00bb ?<br \/>\nPar Soersha Dyon, ATER en histoire de l\u2019art moderne \u00e0 l\u2019universit\u00e9 Rennes 2, ayant termin\u00e9 une th\u00e8se \u00e0 l\u2019\u00c9cole Pratique des Hautes \u00c9tudes sur l\u2019ornement moresque en France \u00e0 la Renaissance, sous la direction de M. Guy-Michel Leproux. <\/p>\n<p>Sur deux de ses sculptures espagnoles, le mus\u00e9e a identifi\u00e9 des moresques dans la polychromie des v\u00eatements. C\u2019est une d\u00e9couverte de ces motifs que propose Soersha Dyon qui vient de leur consacrer sa th\u00e8se. En 1530, un peintre italien travaillant \u00e0 la cour de Fran\u00e7ois Ier, Francesco Pellegrino, publia La fleur de la science de pourtraicture. On y trouve quantit\u00e9 d\u2019ornements moresques, un motif v\u00e9g\u00e9tal stylis\u00e9 import\u00e9 de l\u2019art islamique. Miroir du go\u00fbt florissant pour l\u2019ornement \u00e0 l&rsquo;\u00e9poque, cet ouvrage, ainsi que d\u2019autres sources, permet d\u2019appr\u00e9hender son arriv\u00e9e et les raisons de son succ\u00e8s. Peut-on parler d\u2019un go\u00fbt pr\u00e9coce pour \u00ab l\u2019exotisme \u00bb ? Comment peut-on faire l\u2019histoire d\u2019un ornement dont l\u2019apog\u00e9e eut lieu il y a plus de cinq cents ans ?<\/p>\n<p>Le 15 mars 2022 \u00e0 20h30 au Mus\u00e9e d\u2019Art et d\u2019Histoire <\/p>\n<p>GRATUIT<\/p>\n","protected":false},"excerpt":{"rendered":"<p>Conf\u00e9rence du mardi : L\u2019ornement moresque et les arts d\u00e9coratifs en Europe \u00e0 la Renaissance : une envie \u00ab d\u2019exotisme \u00bb ? Par Soersha Dyon, ATER en histoire de l\u2019art [&hellip;]<\/p>\n","protected":false},"author":3,"featured_media":7604,"comment_status":"closed","ping_status":"closed","template":"","meta":{"_uag_custom_page_level_css":"","_tribe_events_status":"","_tribe_events_status_reason":""},"tags":[137,84],"tribe_events_cat":[217],"yoast_head":"<!-- This site is optimized with the Yoast SEO plugin v21.1 - https:\/\/yoast.com\/wordpress\/plugins\/seo\/ -->\n<title>Conf\u00e9rence du mardi - Les Saisons Culturelles de Chaumont<\/title>\n<meta name=\"description\" content=\"D\u00e9couvrez la programmation culturelle de la saison culturelle de la ville de Chaumont. Expositions, visites, rencontres, ateliers, concerts, spectacles, animations et plus encore.\" \/>\n<meta name=\"robots\" content=\"noindex, follow, max-snippet:-1, max-image-preview:large, max-video-preview:-1\" \/>\n<meta property=\"og:locale\" content=\"fr_FR\" \/>\n<meta property=\"og:type\" content=\"article\" \/>\n<meta property=\"og:title\" content=\"Conf\u00e9rence du mardi - Les Saisons Culturelles de Chaumont\" \/>\n<meta property=\"og:description\" content=\"D\u00e9couvrez la programmation culturelle de la saison culturelle de la ville de Chaumont. Expositions, visites, rencontres, ateliers, concerts, spectacles, animations et plus encore.\" \/>\n<meta property=\"og:url\" content=\"https:\/\/saisonsculturelleschaumont.fr\/mdxpuixt\/evenement\/conference-du-mardi-4\/\" \/>\n<meta property=\"og:site_name\" content=\"Les Saisons Culturelles de Chaumont\" \/>\n<meta property=\"article:publisher\" content=\"https:\/\/www.facebook.com\/saisonsculturelleschaumont\/\" \/>\n<meta property=\"article:modified_time\" content=\"2022-03-29T13:42:02+00:00\" \/>\n<meta property=\"og:image\" content=\"https:\/\/saisonsculturelleschaumont.fr\/mdxpuixt\/wp-content\/uploads\/2022\/02\/Conference-du-mardi_mars_S.Dyon_Reliquaire-de-sainte-Cecile-Espagne-XVIe-s-pendant-sa-restauration-scaled-e1644239881746.jpg\" \/>\n\t<meta property=\"og:image:width\" content=\"650\" \/>\n\t<meta property=\"og:image:height\" content=\"867\" \/>\n\t<meta property=\"og:image:type\" content=\"image\/jpeg\" \/>\n<meta name=\"twitter:card\" content=\"summary_large_image\" \/>\n<meta name=\"twitter:label1\" content=\"Dur\u00e9e de lecture estim\u00e9e\" \/>\n\t<meta name=\"twitter:data1\" content=\"1 minute\" \/>\n<script type=\"application\/ld+json\" class=\"yoast-schema-graph\">{\"@context\":\"https:\/\/schema.org\",\"@graph\":[{\"@type\":\"WebPage\",\"@id\":\"https:\/\/saisonsculturelleschaumont.fr\/mdxpuixt\/evenement\/conference-du-mardi-4\/\",\"url\":\"https:\/\/saisonsculturelleschaumont.fr\/mdxpuixt\/evenement\/conference-du-mardi-4\/\",\"name\":\"Conf\u00e9rence du mardi - Les Saisons Culturelles de Chaumont\",\"isPartOf\":{\"@id\":\"https:\/\/saisonsculturelleschaumont.fr\/mdxpuixt\/#website\"},\"datePublished\":\"2022-02-21T23:00:00+00:00\",\"dateModified\":\"2022-03-29T13:42:02+00:00\",\"description\":\"D\u00e9couvrez la programmation culturelle de la saison culturelle de la ville de Chaumont. Expositions, visites, rencontres, ateliers, concerts, spectacles, animations et plus encore.\",\"breadcrumb\":{\"@id\":\"https:\/\/saisonsculturelleschaumont.fr\/mdxpuixt\/evenement\/conference-du-mardi-4\/#breadcrumb\"},\"inLanguage\":\"fr-FR\",\"potentialAction\":[{\"@type\":\"ReadAction\",\"target\":[\"https:\/\/saisonsculturelleschaumont.fr\/mdxpuixt\/evenement\/conference-du-mardi-4\/\"]}]},{\"@type\":\"BreadcrumbList\",\"@id\":\"https:\/\/saisonsculturelleschaumont.fr\/mdxpuixt\/evenement\/conference-du-mardi-4\/#breadcrumb\",\"itemListElement\":[{\"@type\":\"ListItem\",\"position\":1,\"name\":\"Accueil\",\"item\":\"https:\/\/saisonsculturelleschaumont.fr\/mdxpuixt\/\"},{\"@type\":\"ListItem\",\"position\":2,\"name\":\"\u00c9v\u00e8nements\",\"item\":\"https:\/\/saisonsculturelleschaumont.fr\/mdxpuixt\/agenda\/\"},{\"@type\":\"ListItem\",\"position\":3,\"name\":\"Conf\u00e9rence du mardi\"}]},{\"@type\":\"WebSite\",\"@id\":\"https:\/\/saisonsculturelleschaumont.fr\/mdxpuixt\/#website\",\"url\":\"https:\/\/saisonsculturelleschaumont.fr\/mdxpuixt\/\",\"name\":\"Les Saisons Culturelles de Chaumont\",\"description\":\"\",\"potentialAction\":[{\"@type\":\"SearchAction\",\"target\":{\"@type\":\"EntryPoint\",\"urlTemplate\":\"https:\/\/saisonsculturelleschaumont.fr\/mdxpuixt\/?s={search_term_string}\"},\"query-input\":\"required name=search_term_string\"}],\"inLanguage\":\"fr-FR\"}]}<\/script>\n<!-- \/ Yoast SEO plugin. -->","yoast_head_json":{"title":"Conf\u00e9rence du mardi - Les Saisons Culturelles de Chaumont","description":"D\u00e9couvrez la programmation culturelle de la saison culturelle de la ville de Chaumont. Expositions, visites, rencontres, ateliers, concerts, spectacles, animations et plus encore.","robots":{"index":"noindex","follow":"follow","max-snippet":"max-snippet:-1","max-image-preview":"max-image-preview:large","max-video-preview":"max-video-preview:-1"},"og_locale":"fr_FR","og_type":"article","og_title":"Conf\u00e9rence du mardi - Les Saisons Culturelles de Chaumont","og_description":"D\u00e9couvrez la programmation culturelle de la saison culturelle de la ville de Chaumont. Expositions, visites, rencontres, ateliers, concerts, spectacles, animations et plus encore.","og_url":"https:\/\/saisonsculturelleschaumont.fr\/mdxpuixt\/evenement\/conference-du-mardi-4\/","og_site_name":"Les Saisons Culturelles de Chaumont","article_publisher":"https:\/\/www.facebook.com\/saisonsculturelleschaumont\/","article_modified_time":"2022-03-29T13:42:02+00:00","og_image":[{"width":650,"height":867,"url":"https:\/\/saisonsculturelleschaumont.fr\/mdxpuixt\/wp-content\/uploads\/2022\/02\/Conference-du-mardi_mars_S.Dyon_Reliquaire-de-sainte-Cecile-Espagne-XVIe-s-pendant-sa-restauration-scaled-e1644239881746.jpg","type":"image\/jpeg"}],"twitter_card":"summary_large_image","twitter_misc":{"Dur\u00e9e de lecture estim\u00e9e":"1 minute"},"schema":{"@context":"https:\/\/schema.org","@graph":[{"@type":"WebPage","@id":"https:\/\/saisonsculturelleschaumont.fr\/mdxpuixt\/evenement\/conference-du-mardi-4\/","url":"https:\/\/saisonsculturelleschaumont.fr\/mdxpuixt\/evenement\/conference-du-mardi-4\/","name":"Conf\u00e9rence du mardi - Les Saisons Culturelles de Chaumont","isPartOf":{"@id":"https:\/\/saisonsculturelleschaumont.fr\/mdxpuixt\/#website"},"datePublished":"2022-02-21T23:00:00+00:00","dateModified":"2022-03-29T13:42:02+00:00","description":"D\u00e9couvrez la programmation culturelle de la saison culturelle de la ville de Chaumont. Expositions, visites, rencontres, ateliers, concerts, spectacles, animations et plus encore.","breadcrumb":{"@id":"https:\/\/saisonsculturelleschaumont.fr\/mdxpuixt\/evenement\/conference-du-mardi-4\/#breadcrumb"},"inLanguage":"fr-FR","potentialAction":[{"@type":"ReadAction","target":["https:\/\/saisonsculturelleschaumont.fr\/mdxpuixt\/evenement\/conference-du-mardi-4\/"]}]},{"@type":"BreadcrumbList","@id":"https:\/\/saisonsculturelleschaumont.fr\/mdxpuixt\/evenement\/conference-du-mardi-4\/#breadcrumb","itemListElement":[{"@type":"ListItem","position":1,"name":"Accueil","item":"https:\/\/saisonsculturelleschaumont.fr\/mdxpuixt\/"},{"@type":"ListItem","position":2,"name":"\u00c9v\u00e8nements","item":"https:\/\/saisonsculturelleschaumont.fr\/mdxpuixt\/agenda\/"},{"@type":"ListItem","position":3,"name":"Conf\u00e9rence du mardi"}]},{"@type":"WebSite","@id":"https:\/\/saisonsculturelleschaumont.fr\/mdxpuixt\/#website","url":"https:\/\/saisonsculturelleschaumont.fr\/mdxpuixt\/","name":"Les Saisons Culturelles de Chaumont","description":"","potentialAction":[{"@type":"SearchAction","target":{"@type":"EntryPoint","urlTemplate":"https:\/\/saisonsculturelleschaumont.fr\/mdxpuixt\/?s={search_term_string}"},"query-input":"required name=search_term_string"}],"inLanguage":"fr-FR"}]}},"uagb_featured_image_src":{"full":["https:\/\/saisonsculturelleschaumont.fr\/mdxpuixt\/wp-content\/uploads\/2022\/02\/Conference-du-mardi_mars_S.Dyon_Reliquaire-de-sainte-Cecile-Espagne-XVIe-s-pendant-sa-restauration-scaled-e1644239881746.jpg",650,867,false],"thumbnail":["https:\/\/saisonsculturelleschaumont.fr\/mdxpuixt\/wp-content\/uploads\/2022\/02\/Conference-du-mardi_mars_S.Dyon_Reliquaire-de-sainte-Cecile-Espagne-XVIe-s-pendant-sa-restauration-80x80.jpg",80,80,true],"medium":["https:\/\/saisonsculturelleschaumont.fr\/mdxpuixt\/wp-content\/uploads\/2022\/02\/Conference-du-mardi_mars_S.Dyon_Reliquaire-de-sainte-Cecile-Espagne-XVIe-s-pendant-sa-restauration-300x300.jpg",300,300,true],"medium_large":["https:\/\/saisonsculturelleschaumont.fr\/mdxpuixt\/wp-content\/uploads\/2022\/02\/Conference-du-mardi_mars_S.Dyon_Reliquaire-de-sainte-Cecile-Espagne-XVIe-s-pendant-sa-restauration-768x768.jpg",768,768,true],"large":["https:\/\/saisonsculturelleschaumont.fr\/mdxpuixt\/wp-content\/uploads\/2022\/02\/Conference-du-mardi_mars_S.Dyon_Reliquaire-de-sainte-Cecile-Espagne-XVIe-s-pendant-sa-restauration-1030x1030.jpg",1030,1030,true],"1536x1536":["https:\/\/saisonsculturelleschaumont.fr\/mdxpuixt\/wp-content\/uploads\/2022\/02\/Conference-du-mardi_mars_S.Dyon_Reliquaire-de-sainte-Cecile-Espagne-XVIe-s-pendant-sa-restauration-1152x1536.jpg",1152,1536,true],"2048x2048":["https:\/\/saisonsculturelleschaumont.fr\/mdxpuixt\/wp-content\/uploads\/2022\/02\/Conference-du-mardi_mars_S.Dyon_Reliquaire-de-sainte-Cecile-Espagne-XVIe-s-pendant-sa-restauration-1536x2048.jpg",1536,2048,true],"widget":["https:\/\/saisonsculturelleschaumont.fr\/mdxpuixt\/wp-content\/uploads\/2022\/02\/Conference-du-mardi_mars_S.Dyon_Reliquaire-de-sainte-Cecile-Espagne-XVIe-s-pendant-sa-restauration-36x36.jpg",36,36,true],"square":["https:\/\/saisonsculturelleschaumont.fr\/mdxpuixt\/wp-content\/uploads\/2022\/02\/Conference-du-mardi_mars_S.Dyon_Reliquaire-de-sainte-Cecile-Espagne-XVIe-s-pendant-sa-restauration-180x180.jpg",180,180,true],"featured":["https:\/\/saisonsculturelleschaumont.fr\/mdxpuixt\/wp-content\/uploads\/2022\/02\/Conference-du-mardi_mars_S.Dyon_Reliquaire-de-sainte-Cecile-Espagne-XVIe-s-pendant-sa-restauration-1500x430.jpg",1500,430,true],"featured_large":["https:\/\/saisonsculturelleschaumont.fr\/mdxpuixt\/wp-content\/uploads\/2022\/02\/Conference-du-mardi_mars_S.Dyon_Reliquaire-de-sainte-Cecile-Espagne-XVIe-s-pendant-sa-restauration-1500x630.jpg",1500,630,true],"extra_large":["https:\/\/saisonsculturelleschaumont.fr\/mdxpuixt\/wp-content\/uploads\/2022\/02\/Conference-du-mardi_mars_S.Dyon_Reliquaire-de-sainte-Cecile-Espagne-XVIe-s-pendant-sa-restauration-1125x1500.jpg",1125,1500,true],"portfolio":["https:\/\/saisonsculturelleschaumont.fr\/mdxpuixt\/wp-content\/uploads\/2022\/02\/Conference-du-mardi_mars_S.Dyon_Reliquaire-de-sainte-Cecile-Espagne-XVIe-s-pendant-sa-restauration-495x400.jpg",495,400,true],"portfolio_small":["https:\/\/saisonsculturelleschaumont.fr\/mdxpuixt\/wp-content\/uploads\/2022\/02\/Conference-du-mardi_mars_S.Dyon_Reliquaire-de-sainte-Cecile-Espagne-XVIe-s-pendant-sa-restauration-260x185.jpg",260,185,true],"gallery":["https:\/\/saisonsculturelleschaumont.fr\/mdxpuixt\/wp-content\/uploads\/2022\/02\/Conference-du-mardi_mars_S.Dyon_Reliquaire-de-sainte-Cecile-Espagne-XVIe-s-pendant-sa-restauration-845x684.jpg",845,684,true],"magazine":["https:\/\/saisonsculturelleschaumont.fr\/mdxpuixt\/wp-content\/uploads\/2022\/02\/Conference-du-mardi_mars_S.Dyon_Reliquaire-de-sainte-Cecile-Espagne-XVIe-s-pendant-sa-restauration-710x375.jpg",710,375,true],"masonry":["https:\/\/saisonsculturelleschaumont.fr\/mdxpuixt\/wp-content\/uploads\/2022\/02\/Conference-du-mardi_mars_S.Dyon_Reliquaire-de-sainte-Cecile-Espagne-XVIe-s-pendant-sa-restauration-529x705.jpg",529,705,true],"entry_with_sidebar":["https:\/\/saisonsculturelleschaumont.fr\/mdxpuixt\/wp-content\/uploads\/2022\/02\/Conference-du-mardi_mars_S.Dyon_Reliquaire-de-sainte-Cecile-Espagne-XVIe-s-pendant-sa-restauration-845x321.jpg",845,321,true],"entry_without_sidebar":["https:\/\/saisonsculturelleschaumont.fr\/mdxpuixt\/wp-content\/uploads\/2022\/02\/Conference-du-mardi_mars_S.Dyon_Reliquaire-de-sainte-Cecile-Espagne-XVIe-s-pendant-sa-restauration-1210x423.jpg",1210,423,true]},"uagb_author_info":{"display_name":"Justine Ansel","author_link":"https:\/\/saisonsculturelleschaumont.fr\/mdxpuixt\/author\/justine-ansel\/"},"uagb_comment_info":0,"uagb_excerpt":"Conf\u00e9rence du mardi : L\u2019ornement moresque et les arts d\u00e9coratifs en Europe \u00e0 la Renaissance : une envie \u00ab d\u2019exotisme \u00bb ? Par Soersha Dyon, ATER en histoire de l\u2019art [&hellip;]","_links":{"self":[{"href":"https:\/\/saisonsculturelleschaumont.fr\/mdxpuixt\/wp-json\/wp\/v2\/tribe_events\/7595"}],"collection":[{"href":"https:\/\/saisonsculturelleschaumont.fr\/mdxpuixt\/wp-json\/wp\/v2\/tribe_events"}],"about":[{"href":"https:\/\/saisonsculturelleschaumont.fr\/mdxpuixt\/wp-json\/wp\/v2\/types\/tribe_events"}],"author":[{"embeddable":true,"href":"https:\/\/saisonsculturelleschaumont.fr\/mdxpuixt\/wp-json\/wp\/v2\/users\/3"}],"replies":[{"embeddable":true,"href":"https:\/\/saisonsculturelleschaumont.fr\/mdxpuixt\/wp-json\/wp\/v2\/comments?post=7595"}],"version-history":[{"count":0,"href":"https:\/\/saisonsculturelleschaumont.fr\/mdxpuixt\/wp-json\/wp\/v2\/tribe_events\/7595\/revisions"}],"wp:featuredmedia":[{"embeddable":true,"href":"https:\/\/saisonsculturelleschaumont.fr\/mdxpuixt\/wp-json\/wp\/v2\/media\/7604"}],"wp:attachment":[{"href":"https:\/\/saisonsculturelleschaumont.fr\/mdxpuixt\/wp-json\/wp\/v2\/media?parent=7595"}],"wp:term":[{"taxonomy":"post_tag","embeddable":true,"href":"https:\/\/saisonsculturelleschaumont.fr\/mdxpuixt\/wp-json\/wp\/v2\/tags?post=7595"},{"taxonomy":"tribe_events_cat","embeddable":true,"href":"https:\/\/saisonsculturelleschaumont.fr\/mdxpuixt\/wp-json\/wp\/v2\/tribe_events_cat?post=7595"}],"curies":[{"name":"wp","href":"https:\/\/api.w.org\/{rel}","templated":true}]}}