{"id":7597,"date":"2022-02-22T00:00:00","date_gmt":"2022-02-21T23:00:00","guid":{"rendered":"https:\/\/saisonsculturelleschaumont.fr\/mdxpuixt\/?post_type=tribe_events&#038;p=7597"},"modified":"2022-05-03T09:59:22","modified_gmt":"2022-05-03T07:59:22","slug":"le-tour-de-loeuvre","status":"publish","type":"tribe_events","link":"https:\/\/saisonsculturelleschaumont.fr\/mdxpuixt\/evenement\/le-tour-de-loeuvre\/","title":{"rendered":"Le Tour de l&rsquo;\u0153uvre"},"content":{"rendered":"<p>Le Tour de l&rsquo;oeuvre : Le retable de la chapelle du couvent des Ursulines de Chaumont, Jean-Baptiste Bouchardon, 1712<br \/>\nVendu comme bien national \u00e0 la R\u00e9volution, le retable de la chapelle du couvent des Ursulines fut d\u00e9membr\u00e9 et ses \u00e9l\u00e9ments furent dispers\u00e9s dans plusieurs endroits de la ville en 1837. A partir des reliefs pr\u00e9sent\u00e9s au Mus\u00e9e, le prochain Tour de l\u2019\u0153uvre s\u2019attachera \u00e0 restituer l\u2019histoire de ce retable monumental et \u00e0 le placer dans la carri\u00e8re de son sculpteur, Jean-Baptiste Bouchardon. <\/p>\n<p>Mercredi 27 avril \u00e0 17h au Mus\u00e9e d\u2019Art et d\u2019Histoire<\/p>\n<p>Dur\u00e9e : 45 minutes<br \/>\nTarif : 3 euros par personne<br \/>\nPlaces limit\u00e9es<br \/>\nSur r\u00e9servation au 03.25.03.86.99\/ cmartel@ville-chaumont.fr<\/p>\n","protected":false},"excerpt":{"rendered":"<p>Le Tour de l&rsquo;oeuvre : Le retable de la chapelle du couvent des Ursulines de Chaumont, Jean-Baptiste Bouchardon, 1712 Vendu comme bien national \u00e0 la R\u00e9volution, le retable de la [&hellip;]<\/p>\n","protected":false},"author":3,"featured_media":7607,"comment_status":"closed","ping_status":"closed","template":"","meta":{"_uag_custom_page_level_css":"","_tribe_events_status":"","_tribe_events_status_reason":""},"tags":[137,131],"tribe_events_cat":[217],"yoast_head":"<!-- This site is optimized with the Yoast SEO plugin v21.1 - https:\/\/yoast.com\/wordpress\/plugins\/seo\/ -->\n<title>Le Tour de l&#039;\u0153uvre - Les Saisons Culturelles de Chaumont<\/title>\n<meta name=\"description\" content=\"D\u00e9couvrez la programmation culturelle de la saison culturelle de la ville de Chaumont. Expositions, visites, rencontres, ateliers, concerts, spectacles, animations et plus encore.\" \/>\n<meta name=\"robots\" content=\"noindex, follow, max-snippet:-1, max-image-preview:large, max-video-preview:-1\" \/>\n<meta property=\"og:locale\" content=\"fr_FR\" \/>\n<meta property=\"og:type\" content=\"article\" \/>\n<meta property=\"og:title\" content=\"Le Tour de l&#039;\u0153uvre - Les Saisons Culturelles de Chaumont\" \/>\n<meta property=\"og:description\" content=\"D\u00e9couvrez la programmation culturelle de la saison culturelle de la ville de Chaumont. Expositions, visites, rencontres, ateliers, concerts, spectacles, animations et plus encore.\" \/>\n<meta property=\"og:url\" content=\"https:\/\/saisonsculturelleschaumont.fr\/mdxpuixt\/evenement\/le-tour-de-loeuvre\/\" \/>\n<meta property=\"og:site_name\" content=\"Les Saisons Culturelles de Chaumont\" \/>\n<meta property=\"article:publisher\" content=\"https:\/\/www.facebook.com\/saisonsculturelleschaumont\/\" \/>\n<meta property=\"article:modified_time\" content=\"2022-05-03T07:59:22+00:00\" \/>\n<meta property=\"og:image\" content=\"https:\/\/saisonsculturelleschaumont.fr\/mdxpuixt\/wp-content\/uploads\/2022\/02\/Tour-de-loeuvre_le-retable-de-la-chapelle-des-Ursulines-Jean-Baptiste-Bouchardon-1712-scaled-e1644239914789.jpg\" \/>\n\t<meta property=\"og:image:width\" content=\"650\" \/>\n\t<meta property=\"og:image:height\" content=\"515\" \/>\n\t<meta property=\"og:image:type\" content=\"image\/jpeg\" \/>\n<meta name=\"twitter:card\" content=\"summary_large_image\" \/>\n<meta name=\"twitter:label1\" content=\"Dur\u00e9e de lecture estim\u00e9e\" \/>\n\t<meta name=\"twitter:data1\" content=\"1 minute\" \/>\n<script type=\"application\/ld+json\" class=\"yoast-schema-graph\">{\"@context\":\"https:\/\/schema.org\",\"@graph\":[{\"@type\":\"WebPage\",\"@id\":\"https:\/\/saisonsculturelleschaumont.fr\/mdxpuixt\/evenement\/le-tour-de-loeuvre\/\",\"url\":\"https:\/\/saisonsculturelleschaumont.fr\/mdxpuixt\/evenement\/le-tour-de-loeuvre\/\",\"name\":\"Le Tour de l'\u0153uvre - Les Saisons Culturelles de Chaumont\",\"isPartOf\":{\"@id\":\"https:\/\/saisonsculturelleschaumont.fr\/mdxpuixt\/#website\"},\"datePublished\":\"2022-02-21T23:00:00+00:00\",\"dateModified\":\"2022-05-03T07:59:22+00:00\",\"description\":\"D\u00e9couvrez la programmation culturelle de la saison culturelle de la ville de Chaumont. Expositions, visites, rencontres, ateliers, concerts, spectacles, animations et plus encore.\",\"breadcrumb\":{\"@id\":\"https:\/\/saisonsculturelleschaumont.fr\/mdxpuixt\/evenement\/le-tour-de-loeuvre\/#breadcrumb\"},\"inLanguage\":\"fr-FR\",\"potentialAction\":[{\"@type\":\"ReadAction\",\"target\":[\"https:\/\/saisonsculturelleschaumont.fr\/mdxpuixt\/evenement\/le-tour-de-loeuvre\/\"]}]},{\"@type\":\"BreadcrumbList\",\"@id\":\"https:\/\/saisonsculturelleschaumont.fr\/mdxpuixt\/evenement\/le-tour-de-loeuvre\/#breadcrumb\",\"itemListElement\":[{\"@type\":\"ListItem\",\"position\":1,\"name\":\"Accueil\",\"item\":\"https:\/\/saisonsculturelleschaumont.fr\/mdxpuixt\/\"},{\"@type\":\"ListItem\",\"position\":2,\"name\":\"\u00c9v\u00e8nements\",\"item\":\"https:\/\/saisonsculturelleschaumont.fr\/mdxpuixt\/agenda\/\"},{\"@type\":\"ListItem\",\"position\":3,\"name\":\"Le Tour de l&rsquo;\u0153uvre\"}]},{\"@type\":\"WebSite\",\"@id\":\"https:\/\/saisonsculturelleschaumont.fr\/mdxpuixt\/#website\",\"url\":\"https:\/\/saisonsculturelleschaumont.fr\/mdxpuixt\/\",\"name\":\"Les Saisons Culturelles de Chaumont\",\"description\":\"\",\"potentialAction\":[{\"@type\":\"SearchAction\",\"target\":{\"@type\":\"EntryPoint\",\"urlTemplate\":\"https:\/\/saisonsculturelleschaumont.fr\/mdxpuixt\/?s={search_term_string}\"},\"query-input\":\"required name=search_term_string\"}],\"inLanguage\":\"fr-FR\"}]}<\/script>\n<!-- \/ Yoast SEO plugin. -->","yoast_head_json":{"title":"Le Tour de l'\u0153uvre - Les Saisons Culturelles de Chaumont","description":"D\u00e9couvrez la programmation culturelle de la saison culturelle de la ville de Chaumont. Expositions, visites, rencontres, ateliers, concerts, spectacles, animations et plus encore.","robots":{"index":"noindex","follow":"follow","max-snippet":"max-snippet:-1","max-image-preview":"max-image-preview:large","max-video-preview":"max-video-preview:-1"},"og_locale":"fr_FR","og_type":"article","og_title":"Le Tour de l'\u0153uvre - Les Saisons Culturelles de Chaumont","og_description":"D\u00e9couvrez la programmation culturelle de la saison culturelle de la ville de Chaumont. Expositions, visites, rencontres, ateliers, concerts, spectacles, animations et plus encore.","og_url":"https:\/\/saisonsculturelleschaumont.fr\/mdxpuixt\/evenement\/le-tour-de-loeuvre\/","og_site_name":"Les Saisons Culturelles de Chaumont","article_publisher":"https:\/\/www.facebook.com\/saisonsculturelleschaumont\/","article_modified_time":"2022-05-03T07:59:22+00:00","og_image":[{"width":650,"height":515,"url":"https:\/\/saisonsculturelleschaumont.fr\/mdxpuixt\/wp-content\/uploads\/2022\/02\/Tour-de-loeuvre_le-retable-de-la-chapelle-des-Ursulines-Jean-Baptiste-Bouchardon-1712-scaled-e1644239914789.jpg","type":"image\/jpeg"}],"twitter_card":"summary_large_image","twitter_misc":{"Dur\u00e9e de lecture estim\u00e9e":"1 minute"},"schema":{"@context":"https:\/\/schema.org","@graph":[{"@type":"WebPage","@id":"https:\/\/saisonsculturelleschaumont.fr\/mdxpuixt\/evenement\/le-tour-de-loeuvre\/","url":"https:\/\/saisonsculturelleschaumont.fr\/mdxpuixt\/evenement\/le-tour-de-loeuvre\/","name":"Le Tour de l'\u0153uvre - Les Saisons Culturelles de Chaumont","isPartOf":{"@id":"https:\/\/saisonsculturelleschaumont.fr\/mdxpuixt\/#website"},"datePublished":"2022-02-21T23:00:00+00:00","dateModified":"2022-05-03T07:59:22+00:00","description":"D\u00e9couvrez la programmation culturelle de la saison culturelle de la ville de Chaumont. Expositions, visites, rencontres, ateliers, concerts, spectacles, animations et plus encore.","breadcrumb":{"@id":"https:\/\/saisonsculturelleschaumont.fr\/mdxpuixt\/evenement\/le-tour-de-loeuvre\/#breadcrumb"},"inLanguage":"fr-FR","potentialAction":[{"@type":"ReadAction","target":["https:\/\/saisonsculturelleschaumont.fr\/mdxpuixt\/evenement\/le-tour-de-loeuvre\/"]}]},{"@type":"BreadcrumbList","@id":"https:\/\/saisonsculturelleschaumont.fr\/mdxpuixt\/evenement\/le-tour-de-loeuvre\/#breadcrumb","itemListElement":[{"@type":"ListItem","position":1,"name":"Accueil","item":"https:\/\/saisonsculturelleschaumont.fr\/mdxpuixt\/"},{"@type":"ListItem","position":2,"name":"\u00c9v\u00e8nements","item":"https:\/\/saisonsculturelleschaumont.fr\/mdxpuixt\/agenda\/"},{"@type":"ListItem","position":3,"name":"Le Tour de l&rsquo;\u0153uvre"}]},{"@type":"WebSite","@id":"https:\/\/saisonsculturelleschaumont.fr\/mdxpuixt\/#website","url":"https:\/\/saisonsculturelleschaumont.fr\/mdxpuixt\/","name":"Les Saisons Culturelles de Chaumont","description":"","potentialAction":[{"@type":"SearchAction","target":{"@type":"EntryPoint","urlTemplate":"https:\/\/saisonsculturelleschaumont.fr\/mdxpuixt\/?s={search_term_string}"},"query-input":"required name=search_term_string"}],"inLanguage":"fr-FR"}]}},"uagb_featured_image_src":{"full":["https:\/\/saisonsculturelleschaumont.fr\/mdxpuixt\/wp-content\/uploads\/2022\/02\/Tour-de-loeuvre_le-retable-de-la-chapelle-des-Ursulines-Jean-Baptiste-Bouchardon-1712-scaled-e1644239914789.jpg",650,515,false],"thumbnail":["https:\/\/saisonsculturelleschaumont.fr\/mdxpuixt\/wp-content\/uploads\/2022\/02\/Tour-de-loeuvre_le-retable-de-la-chapelle-des-Ursulines-Jean-Baptiste-Bouchardon-1712-80x80.jpg",80,80,true],"medium":["https:\/\/saisonsculturelleschaumont.fr\/mdxpuixt\/wp-content\/uploads\/2022\/02\/Tour-de-loeuvre_le-retable-de-la-chapelle-des-Ursulines-Jean-Baptiste-Bouchardon-1712-300x300.jpg",300,300,true],"medium_large":["https:\/\/saisonsculturelleschaumont.fr\/mdxpuixt\/wp-content\/uploads\/2022\/02\/Tour-de-loeuvre_le-retable-de-la-chapelle-des-Ursulines-Jean-Baptiste-Bouchardon-1712-768x768.jpg",768,768,true],"large":["https:\/\/saisonsculturelleschaumont.fr\/mdxpuixt\/wp-content\/uploads\/2022\/02\/Tour-de-loeuvre_le-retable-de-la-chapelle-des-Ursulines-Jean-Baptiste-Bouchardon-1712-1030x1030.jpg",1030,1030,true],"1536x1536":["https:\/\/saisonsculturelleschaumont.fr\/mdxpuixt\/wp-content\/uploads\/2022\/02\/Tour-de-loeuvre_le-retable-de-la-chapelle-des-Ursulines-Jean-Baptiste-Bouchardon-1712-1536x1218.jpg",1536,1218,true],"2048x2048":["https:\/\/saisonsculturelleschaumont.fr\/mdxpuixt\/wp-content\/uploads\/2022\/02\/Tour-de-loeuvre_le-retable-de-la-chapelle-des-Ursulines-Jean-Baptiste-Bouchardon-1712-2048x1624.jpg",2048,1624,true],"widget":["https:\/\/saisonsculturelleschaumont.fr\/mdxpuixt\/wp-content\/uploads\/2022\/02\/Tour-de-loeuvre_le-retable-de-la-chapelle-des-Ursulines-Jean-Baptiste-Bouchardon-1712-36x36.jpg",36,36,true],"square":["https:\/\/saisonsculturelleschaumont.fr\/mdxpuixt\/wp-content\/uploads\/2022\/02\/Tour-de-loeuvre_le-retable-de-la-chapelle-des-Ursulines-Jean-Baptiste-Bouchardon-1712-180x180.jpg",180,180,true],"featured":["https:\/\/saisonsculturelleschaumont.fr\/mdxpuixt\/wp-content\/uploads\/2022\/02\/Tour-de-loeuvre_le-retable-de-la-chapelle-des-Ursulines-Jean-Baptiste-Bouchardon-1712-1500x430.jpg",1500,430,true],"featured_large":["https:\/\/saisonsculturelleschaumont.fr\/mdxpuixt\/wp-content\/uploads\/2022\/02\/Tour-de-loeuvre_le-retable-de-la-chapelle-des-Ursulines-Jean-Baptiste-Bouchardon-1712-1500x630.jpg",1500,630,true],"extra_large":["https:\/\/saisonsculturelleschaumont.fr\/mdxpuixt\/wp-content\/uploads\/2022\/02\/Tour-de-loeuvre_le-retable-de-la-chapelle-des-Ursulines-Jean-Baptiste-Bouchardon-1712-1500x1189.jpg",1500,1189,true],"portfolio":["https:\/\/saisonsculturelleschaumont.fr\/mdxpuixt\/wp-content\/uploads\/2022\/02\/Tour-de-loeuvre_le-retable-de-la-chapelle-des-Ursulines-Jean-Baptiste-Bouchardon-1712-495x400.jpg",495,400,true],"portfolio_small":["https:\/\/saisonsculturelleschaumont.fr\/mdxpuixt\/wp-content\/uploads\/2022\/02\/Tour-de-loeuvre_le-retable-de-la-chapelle-des-Ursulines-Jean-Baptiste-Bouchardon-1712-260x185.jpg",260,185,true],"gallery":["https:\/\/saisonsculturelleschaumont.fr\/mdxpuixt\/wp-content\/uploads\/2022\/02\/Tour-de-loeuvre_le-retable-de-la-chapelle-des-Ursulines-Jean-Baptiste-Bouchardon-1712-845x684.jpg",845,684,true],"magazine":["https:\/\/saisonsculturelleschaumont.fr\/mdxpuixt\/wp-content\/uploads\/2022\/02\/Tour-de-loeuvre_le-retable-de-la-chapelle-des-Ursulines-Jean-Baptiste-Bouchardon-1712-710x375.jpg",710,375,true],"masonry":["https:\/\/saisonsculturelleschaumont.fr\/mdxpuixt\/wp-content\/uploads\/2022\/02\/Tour-de-loeuvre_le-retable-de-la-chapelle-des-Ursulines-Jean-Baptiste-Bouchardon-1712-705x559.jpg",705,559,true],"entry_with_sidebar":["https:\/\/saisonsculturelleschaumont.fr\/mdxpuixt\/wp-content\/uploads\/2022\/02\/Tour-de-loeuvre_le-retable-de-la-chapelle-des-Ursulines-Jean-Baptiste-Bouchardon-1712-845x321.jpg",845,321,true],"entry_without_sidebar":["https:\/\/saisonsculturelleschaumont.fr\/mdxpuixt\/wp-content\/uploads\/2022\/02\/Tour-de-loeuvre_le-retable-de-la-chapelle-des-Ursulines-Jean-Baptiste-Bouchardon-1712-1210x423.jpg",1210,423,true]},"uagb_author_info":{"display_name":"Justine Ansel","author_link":"https:\/\/saisonsculturelleschaumont.fr\/mdxpuixt\/author\/justine-ansel\/"},"uagb_comment_info":0,"uagb_excerpt":"Le Tour de l&rsquo;oeuvre : Le retable de la chapelle du couvent des Ursulines de Chaumont, Jean-Baptiste Bouchardon, 1712 Vendu comme bien national \u00e0 la R\u00e9volution, le retable de la [&hellip;]","_links":{"self":[{"href":"https:\/\/saisonsculturelleschaumont.fr\/mdxpuixt\/wp-json\/wp\/v2\/tribe_events\/7597"}],"collection":[{"href":"https:\/\/saisonsculturelleschaumont.fr\/mdxpuixt\/wp-json\/wp\/v2\/tribe_events"}],"about":[{"href":"https:\/\/saisonsculturelleschaumont.fr\/mdxpuixt\/wp-json\/wp\/v2\/types\/tribe_events"}],"author":[{"embeddable":true,"href":"https:\/\/saisonsculturelleschaumont.fr\/mdxpuixt\/wp-json\/wp\/v2\/users\/3"}],"replies":[{"embeddable":true,"href":"https:\/\/saisonsculturelleschaumont.fr\/mdxpuixt\/wp-json\/wp\/v2\/comments?post=7597"}],"version-history":[{"count":0,"href":"https:\/\/saisonsculturelleschaumont.fr\/mdxpuixt\/wp-json\/wp\/v2\/tribe_events\/7597\/revisions"}],"wp:featuredmedia":[{"embeddable":true,"href":"https:\/\/saisonsculturelleschaumont.fr\/mdxpuixt\/wp-json\/wp\/v2\/media\/7607"}],"wp:attachment":[{"href":"https:\/\/saisonsculturelleschaumont.fr\/mdxpuixt\/wp-json\/wp\/v2\/media?parent=7597"}],"wp:term":[{"taxonomy":"post_tag","embeddable":true,"href":"https:\/\/saisonsculturelleschaumont.fr\/mdxpuixt\/wp-json\/wp\/v2\/tags?post=7597"},{"taxonomy":"tribe_events_cat","embeddable":true,"href":"https:\/\/saisonsculturelleschaumont.fr\/mdxpuixt\/wp-json\/wp\/v2\/tribe_events_cat?post=7597"}],"curies":[{"name":"wp","href":"https:\/\/api.w.org\/{rel}","templated":true}]}}