{"id":7847,"date":"2022-02-22T00:00:00","date_gmt":"2022-02-21T23:00:00","guid":{"rendered":"https:\/\/saisonsculturelleschaumont.fr\/mdxpuixt\/?post_type=tribe_events&#038;p=7847"},"modified":"2023-09-15T15:03:24","modified_gmt":"2023-09-15T13:03:24","slug":"les-nuits-electro-2","status":"publish","type":"tribe_events","link":"https:\/\/saisonsculturelleschaumont.fr\/mdxpuixt\/evenement\/les-nuits-electro-2\/","title":{"rendered":"Les nuits \u00e9lectro"},"content":{"rendered":"<p>4 soirs, 4 concerts !<br \/>\nPour la premi\u00e8re fois, en 2020, la Chapelle des J\u00e9suites ouvrait ses portes au monde de la nuit avec, en t\u00eate d\u2019affiche, les DJ Maud Geffray et Toh Imago.<\/p>\n<p>2022 marque le retour des \u2018Nuits \u00c9lectro\u2019 avec une programmation exceptionnelle \u00e0 noter imp\u00e9rativement dans votre agenda :<\/p>\n<p>JEUDI 05 MAI 21h : NSDOS \/\/ VEL<\/p>\n<p>JEUDI 19 MAI 21h : CHLOE \/\/ RAG<\/p>\n<p>JEUDI 02 JUIN 21h : MILA DIETRICH \/\/ SIERRA<\/p>\n<p>JEUDI 16 JUIN 21h : MOLECULE \/\/ SUBMARINE FM<\/p>\n<p>Comme nous ne faisons pas les choses \u00e0 moiti\u00e9, les artistes auront la chance de performer dans une sc\u00e9nographie cin\u00e9tique et lumineuse hors norme sign\u00e9e Scale. Le collectif Scale apprivoise la lumi\u00e8re et explore le monde du mouvement et de la robotique \u00e0 travers des installations artistiques plus futuristes les unes que les autres.<\/p>\n<p>https:\/\/www.collectifscale.com<\/p>\n<p>GRATUIT<\/p>\n<p>NSDOS<br \/>\nSoundcloud &#8211; https:\/\/soundcloud.com\/nsdoslazerconnect<br \/>\nFacebook &#8211; https:\/\/www.facebook.com\/nsdoslazerconnect<br \/>\nInstagram &#8211; https:\/\/www.instagram.com\/koodes_k\/<\/p>\n<p>VEL<br \/>\nSoundcloud &#8211; https:\/\/soundcloud.app.goo.gl\/dNScyFmYaNVT9LN37<br \/>\nFacebook &#8211; https:\/\/www.facebook.com\/velmusique<br \/>\nInstagram &#8211; https:\/\/www.instagram.com\/vel_musique\/?hl=fr<\/p>\n<p>RAG<br \/>\nSoundcloud &#8211; https:\/\/soundcloud.com\/dj_rag<br \/>\nFacebook &#8211; https:\/\/www.facebook.com\/raglamenace\/?fref=ts<br \/>\nInstagram &#8211; https:\/\/www.instagram.com\/the_real_beautiful_loser\/<\/p>\n<p>CHLOE<br \/>\nSoundcloud &#8211; https:\/\/soundcloud.com\/chloe-dj-producer<br \/>\nFacebook &#8211; https:\/\/www.facebook.com\/listentochloe\/<br \/>\nInstagram &#8211; https:\/\/www.instagram.com\/listentochloe\/<\/p>\n<p>MILA DIETRICH<br \/>\nSoundcloud &#8211; https:\/\/soundcloud.com\/mila-dietrich<br \/>\nFacebook &#8211; https:\/\/www.facebook.com\/miladietrichmusic\/<br \/>\nInstagram &#8211; https:\/\/www.instagram.com\/mila_dietrich_music\/<\/p>\n<p>SIERRA<br \/>\nSoundcloud &#8211; https:\/\/soundcloud.com\/sierriously<br \/>\nInstagram &#8211; <a href=\"https:\/\/www.instagram.com\/je_suis_sierra\/\">https:\/\/www.instagram.com\/sierra___dj\/?hl=fr<\/a><\/p>\n<p>MOLECULE<br \/>\nSoundcloud &#8211; https:\/\/soundcloud.com\/moleculesound<br \/>\nFacebook &#8211; https:\/\/www.facebook.com\/moleculesound<br \/>\nInstagram &#8211; https:\/\/www.instagram.com\/molecule_music\/<\/p>\n<p>SUBMARINE FM<br \/>\nSoundcloud &#8211; https:\/\/soundcloud.com\/submarine-fm<br \/>\nFacebook &#8211; https:\/\/www.facebook.com\/SubmarineFm\/<br \/>\nInstagram &#8211; https:\/\/www.instagram.com\/submarine_fm\/<\/p>\n","protected":false},"excerpt":{"rendered":"<p>4 soirs, 4 concerts ! Pour la premi\u00e8re fois, en 2020, la Chapelle des J\u00e9suites ouvrait ses portes au monde de la nuit avec, en t\u00eate d\u2019affiche, les DJ Maud [&hellip;]<\/p>\n","protected":false},"author":3,"featured_media":7958,"comment_status":"closed","ping_status":"closed","template":"","meta":{"_uag_custom_page_level_css":"","_tribe_events_status":"","_tribe_events_status_reason":""},"tags":[51],"tribe_events_cat":[305],"yoast_head":"<!-- This site is optimized with the Yoast SEO plugin v21.1 - https:\/\/yoast.com\/wordpress\/plugins\/seo\/ -->\n<title>Les nuits \u00e9lectro - Les Saisons Culturelles de Chaumont<\/title>\n<meta name=\"description\" content=\"D\u00e9couvrez la programmation culturelle de la saison culturelle de la ville de Chaumont. Expositions, visites, rencontres, ateliers, concerts, spectacles, animations et plus encore.\" \/>\n<meta name=\"robots\" content=\"noindex, follow, max-snippet:-1, max-image-preview:large, max-video-preview:-1\" \/>\n<meta property=\"og:locale\" content=\"fr_FR\" \/>\n<meta property=\"og:type\" content=\"article\" \/>\n<meta property=\"og:title\" content=\"Les nuits \u00e9lectro - Les Saisons Culturelles de Chaumont\" \/>\n<meta property=\"og:description\" content=\"D\u00e9couvrez la programmation culturelle de la saison culturelle de la ville de Chaumont. Expositions, visites, rencontres, ateliers, concerts, spectacles, animations et plus encore.\" \/>\n<meta property=\"og:url\" content=\"https:\/\/saisonsculturelleschaumont.fr\/mdxpuixt\/evenement\/les-nuits-electro-2\/\" \/>\n<meta property=\"og:site_name\" content=\"Les Saisons Culturelles de Chaumont\" \/>\n<meta property=\"article:publisher\" content=\"https:\/\/www.facebook.com\/saisonsculturelleschaumont\/\" \/>\n<meta property=\"article:modified_time\" content=\"2023-09-15T13:03:24+00:00\" \/>\n<meta property=\"og:image\" content=\"https:\/\/saisonsculturelleschaumont.fr\/mdxpuixt\/wp-content\/uploads\/2022\/02\/Flux-Metz-17-scaled-e1645173808955.jpg\" \/>\n\t<meta property=\"og:image:width\" content=\"650\" \/>\n\t<meta property=\"og:image:height\" content=\"366\" \/>\n\t<meta property=\"og:image:type\" content=\"image\/jpeg\" \/>\n<meta name=\"twitter:card\" content=\"summary_large_image\" \/>\n<meta name=\"twitter:label1\" content=\"Dur\u00e9e de lecture estim\u00e9e\" \/>\n\t<meta name=\"twitter:data1\" content=\"1 minute\" \/>\n<script type=\"application\/ld+json\" class=\"yoast-schema-graph\">{\"@context\":\"https:\/\/schema.org\",\"@graph\":[{\"@type\":\"WebPage\",\"@id\":\"https:\/\/saisonsculturelleschaumont.fr\/mdxpuixt\/evenement\/les-nuits-electro-2\/\",\"url\":\"https:\/\/saisonsculturelleschaumont.fr\/mdxpuixt\/evenement\/les-nuits-electro-2\/\",\"name\":\"Les nuits \u00e9lectro - Les Saisons Culturelles de Chaumont\",\"isPartOf\":{\"@id\":\"https:\/\/saisonsculturelleschaumont.fr\/mdxpuixt\/#website\"},\"datePublished\":\"2022-02-21T23:00:00+00:00\",\"dateModified\":\"2023-09-15T13:03:24+00:00\",\"description\":\"D\u00e9couvrez la programmation culturelle de la saison culturelle de la ville de Chaumont. Expositions, visites, rencontres, ateliers, concerts, spectacles, animations et plus encore.\",\"breadcrumb\":{\"@id\":\"https:\/\/saisonsculturelleschaumont.fr\/mdxpuixt\/evenement\/les-nuits-electro-2\/#breadcrumb\"},\"inLanguage\":\"fr-FR\",\"potentialAction\":[{\"@type\":\"ReadAction\",\"target\":[\"https:\/\/saisonsculturelleschaumont.fr\/mdxpuixt\/evenement\/les-nuits-electro-2\/\"]}]},{\"@type\":\"BreadcrumbList\",\"@id\":\"https:\/\/saisonsculturelleschaumont.fr\/mdxpuixt\/evenement\/les-nuits-electro-2\/#breadcrumb\",\"itemListElement\":[{\"@type\":\"ListItem\",\"position\":1,\"name\":\"Accueil\",\"item\":\"https:\/\/saisonsculturelleschaumont.fr\/mdxpuixt\/\"},{\"@type\":\"ListItem\",\"position\":2,\"name\":\"\u00c9v\u00e8nements\",\"item\":\"https:\/\/saisonsculturelleschaumont.fr\/mdxpuixt\/agenda\/\"},{\"@type\":\"ListItem\",\"position\":3,\"name\":\"Les nuits \u00e9lectro\"}]},{\"@type\":\"WebSite\",\"@id\":\"https:\/\/saisonsculturelleschaumont.fr\/mdxpuixt\/#website\",\"url\":\"https:\/\/saisonsculturelleschaumont.fr\/mdxpuixt\/\",\"name\":\"Les Saisons Culturelles de Chaumont\",\"description\":\"\",\"potentialAction\":[{\"@type\":\"SearchAction\",\"target\":{\"@type\":\"EntryPoint\",\"urlTemplate\":\"https:\/\/saisonsculturelleschaumont.fr\/mdxpuixt\/?s={search_term_string}\"},\"query-input\":\"required name=search_term_string\"}],\"inLanguage\":\"fr-FR\"}]}<\/script>\n<!-- \/ Yoast SEO plugin. -->","yoast_head_json":{"title":"Les nuits \u00e9lectro - Les Saisons Culturelles de Chaumont","description":"D\u00e9couvrez la programmation culturelle de la saison culturelle de la ville de Chaumont. Expositions, visites, rencontres, ateliers, concerts, spectacles, animations et plus encore.","robots":{"index":"noindex","follow":"follow","max-snippet":"max-snippet:-1","max-image-preview":"max-image-preview:large","max-video-preview":"max-video-preview:-1"},"og_locale":"fr_FR","og_type":"article","og_title":"Les nuits \u00e9lectro - Les Saisons Culturelles de Chaumont","og_description":"D\u00e9couvrez la programmation culturelle de la saison culturelle de la ville de Chaumont. Expositions, visites, rencontres, ateliers, concerts, spectacles, animations et plus encore.","og_url":"https:\/\/saisonsculturelleschaumont.fr\/mdxpuixt\/evenement\/les-nuits-electro-2\/","og_site_name":"Les Saisons Culturelles de Chaumont","article_publisher":"https:\/\/www.facebook.com\/saisonsculturelleschaumont\/","article_modified_time":"2023-09-15T13:03:24+00:00","og_image":[{"width":650,"height":366,"url":"https:\/\/saisonsculturelleschaumont.fr\/mdxpuixt\/wp-content\/uploads\/2022\/02\/Flux-Metz-17-scaled-e1645173808955.jpg","type":"image\/jpeg"}],"twitter_card":"summary_large_image","twitter_misc":{"Dur\u00e9e de lecture estim\u00e9e":"1 minute"},"schema":{"@context":"https:\/\/schema.org","@graph":[{"@type":"WebPage","@id":"https:\/\/saisonsculturelleschaumont.fr\/mdxpuixt\/evenement\/les-nuits-electro-2\/","url":"https:\/\/saisonsculturelleschaumont.fr\/mdxpuixt\/evenement\/les-nuits-electro-2\/","name":"Les nuits \u00e9lectro - Les Saisons Culturelles de Chaumont","isPartOf":{"@id":"https:\/\/saisonsculturelleschaumont.fr\/mdxpuixt\/#website"},"datePublished":"2022-02-21T23:00:00+00:00","dateModified":"2023-09-15T13:03:24+00:00","description":"D\u00e9couvrez la programmation culturelle de la saison culturelle de la ville de Chaumont. Expositions, visites, rencontres, ateliers, concerts, spectacles, animations et plus encore.","breadcrumb":{"@id":"https:\/\/saisonsculturelleschaumont.fr\/mdxpuixt\/evenement\/les-nuits-electro-2\/#breadcrumb"},"inLanguage":"fr-FR","potentialAction":[{"@type":"ReadAction","target":["https:\/\/saisonsculturelleschaumont.fr\/mdxpuixt\/evenement\/les-nuits-electro-2\/"]}]},{"@type":"BreadcrumbList","@id":"https:\/\/saisonsculturelleschaumont.fr\/mdxpuixt\/evenement\/les-nuits-electro-2\/#breadcrumb","itemListElement":[{"@type":"ListItem","position":1,"name":"Accueil","item":"https:\/\/saisonsculturelleschaumont.fr\/mdxpuixt\/"},{"@type":"ListItem","position":2,"name":"\u00c9v\u00e8nements","item":"https:\/\/saisonsculturelleschaumont.fr\/mdxpuixt\/agenda\/"},{"@type":"ListItem","position":3,"name":"Les nuits \u00e9lectro"}]},{"@type":"WebSite","@id":"https:\/\/saisonsculturelleschaumont.fr\/mdxpuixt\/#website","url":"https:\/\/saisonsculturelleschaumont.fr\/mdxpuixt\/","name":"Les Saisons Culturelles de Chaumont","description":"","potentialAction":[{"@type":"SearchAction","target":{"@type":"EntryPoint","urlTemplate":"https:\/\/saisonsculturelleschaumont.fr\/mdxpuixt\/?s={search_term_string}"},"query-input":"required name=search_term_string"}],"inLanguage":"fr-FR"}]}},"uagb_featured_image_src":{"full":["https:\/\/saisonsculturelleschaumont.fr\/mdxpuixt\/wp-content\/uploads\/2022\/02\/Flux-Metz-17-scaled-e1645173808955.jpg",650,366,false],"thumbnail":["https:\/\/saisonsculturelleschaumont.fr\/mdxpuixt\/wp-content\/uploads\/2022\/02\/Flux-Metz-17-80x80.jpg",80,80,true],"medium":["https:\/\/saisonsculturelleschaumont.fr\/mdxpuixt\/wp-content\/uploads\/2022\/02\/Flux-Metz-17-300x300.jpg",300,300,true],"medium_large":["https:\/\/saisonsculturelleschaumont.fr\/mdxpuixt\/wp-content\/uploads\/2022\/02\/Flux-Metz-17-768x768.jpg",768,768,true],"large":["https:\/\/saisonsculturelleschaumont.fr\/mdxpuixt\/wp-content\/uploads\/2022\/02\/Flux-Metz-17-1030x1030.jpg",1030,1030,true],"1536x1536":["https:\/\/saisonsculturelleschaumont.fr\/mdxpuixt\/wp-content\/uploads\/2022\/02\/Flux-Metz-17-1536x864.jpg",1536,864,true],"2048x2048":["https:\/\/saisonsculturelleschaumont.fr\/mdxpuixt\/wp-content\/uploads\/2022\/02\/Flux-Metz-17-2048x1152.jpg",2048,1152,true],"widget":["https:\/\/saisonsculturelleschaumont.fr\/mdxpuixt\/wp-content\/uploads\/2022\/02\/Flux-Metz-17-36x36.jpg",36,36,true],"square":["https:\/\/saisonsculturelleschaumont.fr\/mdxpuixt\/wp-content\/uploads\/2022\/02\/Flux-Metz-17-180x180.jpg",180,180,true],"featured":["https:\/\/saisonsculturelleschaumont.fr\/mdxpuixt\/wp-content\/uploads\/2022\/02\/Flux-Metz-17-1500x430.jpg",1500,430,true],"featured_large":["https:\/\/saisonsculturelleschaumont.fr\/mdxpuixt\/wp-content\/uploads\/2022\/02\/Flux-Metz-17-1500x630.jpg",1500,630,true],"extra_large":["https:\/\/saisonsculturelleschaumont.fr\/mdxpuixt\/wp-content\/uploads\/2022\/02\/Flux-Metz-17-1500x844.jpg",1500,844,true],"portfolio":["https:\/\/saisonsculturelleschaumont.fr\/mdxpuixt\/wp-content\/uploads\/2022\/02\/Flux-Metz-17-495x400.jpg",495,400,true],"portfolio_small":["https:\/\/saisonsculturelleschaumont.fr\/mdxpuixt\/wp-content\/uploads\/2022\/02\/Flux-Metz-17-260x185.jpg",260,185,true],"gallery":["https:\/\/saisonsculturelleschaumont.fr\/mdxpuixt\/wp-content\/uploads\/2022\/02\/Flux-Metz-17-845x684.jpg",845,684,true],"magazine":["https:\/\/saisonsculturelleschaumont.fr\/mdxpuixt\/wp-content\/uploads\/2022\/02\/Flux-Metz-17-710x375.jpg",710,375,true],"masonry":["https:\/\/saisonsculturelleschaumont.fr\/mdxpuixt\/wp-content\/uploads\/2022\/02\/Flux-Metz-17-705x397.jpg",705,397,true],"entry_with_sidebar":["https:\/\/saisonsculturelleschaumont.fr\/mdxpuixt\/wp-content\/uploads\/2022\/02\/Flux-Metz-17-845x321.jpg",845,321,true],"entry_without_sidebar":["https:\/\/saisonsculturelleschaumont.fr\/mdxpuixt\/wp-content\/uploads\/2022\/02\/Flux-Metz-17-1210x423.jpg",1210,423,true]},"uagb_author_info":{"display_name":"Justine Ansel","author_link":"https:\/\/saisonsculturelleschaumont.fr\/mdxpuixt\/author\/justine-ansel\/"},"uagb_comment_info":0,"uagb_excerpt":"4 soirs, 4 concerts ! Pour la premi\u00e8re fois, en 2020, la Chapelle des J\u00e9suites ouvrait ses portes au monde de la nuit avec, en t\u00eate d\u2019affiche, les DJ Maud [&hellip;]","_links":{"self":[{"href":"https:\/\/saisonsculturelleschaumont.fr\/mdxpuixt\/wp-json\/wp\/v2\/tribe_events\/7847"}],"collection":[{"href":"https:\/\/saisonsculturelleschaumont.fr\/mdxpuixt\/wp-json\/wp\/v2\/tribe_events"}],"about":[{"href":"https:\/\/saisonsculturelleschaumont.fr\/mdxpuixt\/wp-json\/wp\/v2\/types\/tribe_events"}],"author":[{"embeddable":true,"href":"https:\/\/saisonsculturelleschaumont.fr\/mdxpuixt\/wp-json\/wp\/v2\/users\/3"}],"replies":[{"embeddable":true,"href":"https:\/\/saisonsculturelleschaumont.fr\/mdxpuixt\/wp-json\/wp\/v2\/comments?post=7847"}],"version-history":[{"count":0,"href":"https:\/\/saisonsculturelleschaumont.fr\/mdxpuixt\/wp-json\/wp\/v2\/tribe_events\/7847\/revisions"}],"wp:featuredmedia":[{"embeddable":true,"href":"https:\/\/saisonsculturelleschaumont.fr\/mdxpuixt\/wp-json\/wp\/v2\/media\/7958"}],"wp:attachment":[{"href":"https:\/\/saisonsculturelleschaumont.fr\/mdxpuixt\/wp-json\/wp\/v2\/media?parent=7847"}],"wp:term":[{"taxonomy":"post_tag","embeddable":true,"href":"https:\/\/saisonsculturelleschaumont.fr\/mdxpuixt\/wp-json\/wp\/v2\/tags?post=7847"},{"taxonomy":"tribe_events_cat","embeddable":true,"href":"https:\/\/saisonsculturelleschaumont.fr\/mdxpuixt\/wp-json\/wp\/v2\/tribe_events_cat?post=7847"}],"curies":[{"name":"wp","href":"https:\/\/api.w.org\/{rel}","templated":true}]}}