{"id":7849,"date":"2022-04-22T17:06:28","date_gmt":"2022-04-22T15:06:28","guid":{"rendered":"https:\/\/saisonsculturelleschaumont.fr\/mdxpuixt\/?post_type=tribe_events&#038;p=7849"},"modified":"2023-09-15T15:03:23","modified_gmt":"2023-09-15T13:03:23","slug":"estival-jazz","status":"publish","type":"tribe_events","link":"https:\/\/saisonsculturelleschaumont.fr\/mdxpuixt\/evenement\/estival-jazz\/","title":{"rendered":"Estival jazz"},"content":{"rendered":"<p>Pour cette nouvelle \u00e9dition, Estival Jazz, port\u00e9 par l&rsquo;association Tr\u00e9bim Music, se d\u00e9roulera exclusivement \u00e0 Chaumont ! Du 3 au 6 juin 2022, Estival Jazz s&rsquo;ouvre sur la ville et investit le jardin du Donjon des Comtes de Champagne, mais pas que ! D\u00e9couvrez imm\u00e9diatement la programmation d\u00e9taill\u00e9e :<\/p>\n<h4>VENDREDI 3 JUIN<\/h4>\n<h4>18h<br \/>\nAu Signe, centre national du graphisme<br \/>\nEntr\u00e9e libre<\/h4>\n<p><strong>A Contrario<br \/>\n<\/strong><em>A Contrario<\/em> est le fruit d\u2019une rencontre fertile entre deux amoureuses des mots et de la po\u00e9sie : la chanteuse de jazz <strong>Sandrine Deschamps<\/strong> et la contrebassiste classique <strong>Marie-Christine D\u2019Acqui<\/strong>. Au fil de leurs \u00e9changes, elles ont construit un r\u00e9pertoire d\u2019o\u00f9 \u00e9mergeaient principalement des histoires de vie de femmes. Ainsi peut-on croiser dans leur album Alfonsina Storni, Jessie Mae Robinson, Abbey Lincoln, et bien d\u2019autres artistes inspirantes et inoubliables.<br \/>\n<em>Marie-Christine D\u2019Acqui : contrebasse <\/em><br \/>\n<em>Sandrine Deschamps : chant<\/em><\/p>\n<h4>20h30<br \/>\nJardin du Donjon<br \/>\n10\u20ac \/ tarif r\u00e9duit : 5\u20ac \/ gratuit : &#8211; de 12 ans<\/h4>\n<p><strong>INK<br \/>\n<\/strong>Puisant dans le jazz et l\u2019improvisation un langage commun, le quartet survolt\u00e9 de <em>INK<\/em>, emmen\u00e9 par le batteur et compositeur <strong>Victor Gachet<\/strong>, caresse les fronti\u00e8res de l\u2019\u00e9lectronique dans un incessant dialogue avec la beaut\u00e9 du silence. Une musique \u00e0 la fois irr\u00e9v\u00e9rencieuse et accessible que le groupe propose : jazz et musiques \u00e9lectroniques, Hard-bop et Deep berlinoise, Massive Attack et John Coltrane, Stanley Kubrick et Jorge Luis Borges, autant d\u2019influences qui pars\u00e8ment <em>Continuum<\/em>, se jouant des codes et des barri\u00e8res.<br \/>\n<em>L\u00e9onard Kretz : saxophones <\/em><br \/>\n<em>S\u00e9bastien Valle : piano, claviers <\/em><br \/>\n<em>Lionel Ehrhart : basse <\/em><br \/>\n<em>Victor Gachet : batterie, samples, effets<\/em><\/p>\n<h4>SAMEDI 4 JUIN<\/h4>\n<h4>10\u20ac \/ tarif r\u00e9duit : 5\u20ac \/ gratuit : &#8211; de 12 ans (billet valable pour les deux concerts du samedi)<\/h4>\n<h4><span style=\"font-size: 18px; font-weight: 600;\">20h30<br \/>\n<\/span>Jardin du Donjon<\/h4>\n<p><strong>Thomas Bramerie trio invite Estelle Perreault<br \/>\nThomas Bramerie<\/strong> est un contrebassiste qui a sillonn\u00e9 la sc\u00e8ne jazz entre la France et New-York avec de nombreux artistes internationaux. Apr\u00e8s la sortie remarqu\u00e9e de son premier album <em>Side Stories<\/em>, Thomas Bramerie poursuit son exploration de la formule du trio avec les ph\u00e9nom\u00e9naux <strong>Elie Martin-Charri\u00e8re<\/strong> et <strong>Carl-Henri Moris<\/strong><strong>set<\/strong> dans leur nouvel opus <em>What We Love<\/em>\u2026 \u00e0 para\u00eetre. Le trio invite pour la circonstance l\u2019envo\u00fbtante chanteuse <strong>Estelle Perrault<\/strong>, dont la voix suave n\u2019est pas sans rappeler les grandes divas du genre.<br \/>\n<em>Thomas Bramerie : contrebasse <\/em><br \/>\n<em>Carl-Henri Morisset : piano <\/em><br \/>\n<em>Elie Martin-Charri\u00e8re : batterie <\/em><br \/>\n<em>Estelle Perrault : chant<\/em><\/p>\n<h4>22h<em><br \/>\n<\/em>Jardin du Donjon<\/h4>\n<p><strong>Pierrick Pedron 4tet<br \/>\n<\/strong>Ce n\u2019est pas rien d\u2019avoir cinquante ans. Surtout quand on s\u2019appelle <strong>Pierrick Pedron<\/strong>. Quel chemin parcouru depuis 2001 quand il sortait <em>Cherokee<\/em>, son premier album en leader\u2026 Depuis, on l\u2019a vu sillonner la plan\u00e8te, sur sc\u00e8ne ou en studio, on l\u2019a entendu passer avec une aisance d\u00e9concertante du jazz le plus traditionnel aux exp\u00e9rimentations \u00e9lectriques les plus \u00e9bouriff\u00e9es !<br \/>\n<em>Pierrick Pedron : saxophone alto <\/em><br \/>\n<em>Thomas Bramerie : contrebasse <\/em><br \/>\n<em>Carl-Henri Morisset : piano <\/em><br \/>\n<em>Elie Martin-Charri\u00e8re : batterie <\/em><\/p>\n<h4>DIMANCHE 5 JUIN<\/h4>\n<h4>20h30<br \/>\nJardin du Donjon<br \/>\n10\u20ac \/ tarif r\u00e9duit : 5\u20ac \/ gratuit : &#8211; de 12 ans<\/h4>\n<p><strong>YOM<\/strong><br \/>\nConnu pour \u00eatre un des plus grands virtuoses mondiaux de son instrument, <strong>Yom<\/strong> change aujourd\u2019hui radicalement sa vision artistique avec son album <em>CELEBRATION<\/em> pour se recentrer sur l\u2019essentiel, \u00e9liminer l\u2019artifice et le factice et acc\u00e9der de l\u2019int\u00e9rieur \u00e0 la nudit\u00e9 de l\u2019\u00e9motion v\u00e9ritable, donner acc\u00e8s \u00e0 ses paysages int\u00e9rieurs d\u2019une pudeur touchante, provoquer la prise de conscience que mouve-ment, beaut\u00e9, bonheur ne peuvent \u00e9clore que de l\u2019int\u00e9rieur. Le duo avec <strong>L\u00e9o Jassef<\/strong> part en tourn\u00e9e dans une version sc\u00e9nique de l\u2019album librement interpr\u00e9t\u00e9e, o\u00f9 les m\u00e9lodies fragiles du disque c\u00f4toient les improvisations \u00e9piques propres au live.<br \/>\n<em>Yom : clarinette <\/em><br \/>\n<em>L\u00e9o Jassef : piano et percussion<\/em><\/p>\n<h4>LUNDI 6 JUIN<\/h4>\n<h4>20h30<br \/>\nJardin du Donjon<br \/>\n10\u20ac \/ tarif r\u00e9duit : 5\u20ac \/ gratuit : &#8211; de 12 ans<\/h4>\n<p><strong>Ceccarelli trio<br \/>\n<\/strong>Cela fait maintenant plus de 10 ans que <strong>Andr\u00e9 Ceccarelli<\/strong>, <strong>Diego Imbert<\/strong> et <strong>Pierre-Alain Goualch<\/strong> jouent ensemble et ont enregistr\u00e9 plusieurs disques. Leur complicit\u00e9 et leur interaction musicale gr\u00e2ce \u00e0 plusieurs centaines de concerts n\u2019a fait que se renforcer au cours de ces derni\u00e8res ann\u00e9es. Le nouveau projet de ce trio est un hommage \u00e0 George Gershwin et plus particuli\u00e8rement Porgy and Bess immortalis\u00e9 par Ella Fitzgerald et Louis Armstrong puis Miles Davis et bien d\u2019autres.<br \/>\n<em>Andr\u00e9 Ceccarelli : batterie <\/em><br \/>\n<em>Diego Imbert : contrebasse <\/em><br \/>\n<em>Pierre-Alain Goualch : piano, Fender Rhodes<\/em> <strong><br \/>\n<\/strong><\/p>\n<p>ET<\/p>\n<h4><strong>APERO-JAZZ<\/strong><br \/>\nSamedi 4, dimanche 5 et lundi 6 juin<br \/>\n18h<br \/>\nParvis du Palais de Justice<br \/>\nEntr\u00e9e libre<\/h4>\n<h4><strong>JAM SESSION<\/strong><br \/>\nTous les soirs, apr\u00e8s les concerts !<br \/>\nZe bock<\/h4>\n<p>&nbsp;<\/p>\n<p>R\u00e9servez vos billets : www.estival-jazz.com<\/p>\n<p>&nbsp;<\/p>\n<p>avec le soutien de la Ville de Chaumont, le D\u00e9partement de la Haute-Marne, la R\u00e9gion Grand Est, la Sp\u00e9didam, Arts Vivants 52, la Maison de Courcelles, Ze Bock, le Cin\u00e9ma \u00c0 l&rsquo;affiche, le Conservatoire de Musique et la m\u00e9diath\u00e8que les Silos<\/p>\n<p>Facebook @EstivalJazz2022<br \/>\nwww.trebim-music.com<\/p>\n","protected":false},"excerpt":{"rendered":"<p>Pour cette nouvelle \u00e9dition, Estival Jazz, port\u00e9 par l&rsquo;association Tr\u00e9bim Music, se d\u00e9roulera exclusivement \u00e0 Chaumont ! Du 3 au 6 juin 2022, Estival Jazz s&rsquo;ouvre sur la ville et [&hellip;]<\/p>\n","protected":false},"author":3,"featured_media":8480,"comment_status":"closed","ping_status":"closed","template":"","meta":{"_uag_custom_page_level_css":"","_tribe_events_status":"","_tribe_events_status_reason":""},"tags":[51,215,188,178,99,291],"tribe_events_cat":[305],"yoast_head":"<!-- This site is optimized with the Yoast SEO plugin v21.1 - https:\/\/yoast.com\/wordpress\/plugins\/seo\/ -->\n<title>Estival jazz - Les Saisons Culturelles de Chaumont<\/title>\n<meta name=\"description\" content=\"D\u00e9couvrez la programmation culturelle de la saison culturelle de la ville de Chaumont. Expositions, visites, rencontres, ateliers, concerts, spectacles, animations et plus encore.\" \/>\n<meta name=\"robots\" content=\"noindex, follow, max-snippet:-1, max-image-preview:large, max-video-preview:-1\" \/>\n<meta property=\"og:locale\" content=\"fr_FR\" \/>\n<meta property=\"og:type\" content=\"article\" \/>\n<meta property=\"og:title\" content=\"Estival jazz - Les Saisons Culturelles de Chaumont\" \/>\n<meta property=\"og:description\" content=\"D\u00e9couvrez la programmation culturelle de la saison culturelle de la ville de Chaumont. Expositions, visites, rencontres, ateliers, concerts, spectacles, animations et plus encore.\" \/>\n<meta property=\"og:url\" content=\"https:\/\/saisonsculturelleschaumont.fr\/mdxpuixt\/evenement\/estival-jazz\/\" \/>\n<meta property=\"og:site_name\" content=\"Les Saisons Culturelles de Chaumont\" \/>\n<meta property=\"article:publisher\" content=\"https:\/\/www.facebook.com\/saisonsculturelleschaumont\/\" \/>\n<meta property=\"article:modified_time\" content=\"2023-09-15T13:03:23+00:00\" \/>\n<meta property=\"og:image\" content=\"https:\/\/saisonsculturelleschaumont.fr\/mdxpuixt\/wp-content\/uploads\/2022\/04\/ESTIVALJAZZ-FINAL-WEB-e1650639953493.png\" \/>\n\t<meta property=\"og:image:width\" content=\"650\" \/>\n\t<meta property=\"og:image:height\" content=\"917\" \/>\n\t<meta property=\"og:image:type\" content=\"image\/png\" \/>\n<meta name=\"twitter:card\" content=\"summary_large_image\" \/>\n<meta name=\"twitter:label1\" content=\"Dur\u00e9e de lecture estim\u00e9e\" \/>\n\t<meta name=\"twitter:data1\" content=\"4 minutes\" \/>\n<script type=\"application\/ld+json\" class=\"yoast-schema-graph\">{\"@context\":\"https:\/\/schema.org\",\"@graph\":[{\"@type\":\"WebPage\",\"@id\":\"https:\/\/saisonsculturelleschaumont.fr\/mdxpuixt\/evenement\/estival-jazz\/\",\"url\":\"https:\/\/saisonsculturelleschaumont.fr\/mdxpuixt\/evenement\/estival-jazz\/\",\"name\":\"Estival jazz - Les Saisons Culturelles de Chaumont\",\"isPartOf\":{\"@id\":\"https:\/\/saisonsculturelleschaumont.fr\/mdxpuixt\/#website\"},\"datePublished\":\"2022-04-22T15:06:28+00:00\",\"dateModified\":\"2023-09-15T13:03:23+00:00\",\"description\":\"D\u00e9couvrez la programmation culturelle de la saison culturelle de la ville de Chaumont. Expositions, visites, rencontres, ateliers, concerts, spectacles, animations et plus encore.\",\"breadcrumb\":{\"@id\":\"https:\/\/saisonsculturelleschaumont.fr\/mdxpuixt\/evenement\/estival-jazz\/#breadcrumb\"},\"inLanguage\":\"fr-FR\",\"potentialAction\":[{\"@type\":\"ReadAction\",\"target\":[\"https:\/\/saisonsculturelleschaumont.fr\/mdxpuixt\/evenement\/estival-jazz\/\"]}]},{\"@type\":\"BreadcrumbList\",\"@id\":\"https:\/\/saisonsculturelleschaumont.fr\/mdxpuixt\/evenement\/estival-jazz\/#breadcrumb\",\"itemListElement\":[{\"@type\":\"ListItem\",\"position\":1,\"name\":\"Accueil\",\"item\":\"https:\/\/saisonsculturelleschaumont.fr\/mdxpuixt\/\"},{\"@type\":\"ListItem\",\"position\":2,\"name\":\"\u00c9v\u00e8nements\",\"item\":\"https:\/\/saisonsculturelleschaumont.fr\/mdxpuixt\/agenda\/\"},{\"@type\":\"ListItem\",\"position\":3,\"name\":\"Estival jazz\"}]},{\"@type\":\"WebSite\",\"@id\":\"https:\/\/saisonsculturelleschaumont.fr\/mdxpuixt\/#website\",\"url\":\"https:\/\/saisonsculturelleschaumont.fr\/mdxpuixt\/\",\"name\":\"Les Saisons Culturelles de Chaumont\",\"description\":\"\",\"potentialAction\":[{\"@type\":\"SearchAction\",\"target\":{\"@type\":\"EntryPoint\",\"urlTemplate\":\"https:\/\/saisonsculturelleschaumont.fr\/mdxpuixt\/?s={search_term_string}\"},\"query-input\":\"required name=search_term_string\"}],\"inLanguage\":\"fr-FR\"}]}<\/script>\n<!-- \/ Yoast SEO plugin. -->","yoast_head_json":{"title":"Estival jazz - Les Saisons Culturelles de Chaumont","description":"D\u00e9couvrez la programmation culturelle de la saison culturelle de la ville de Chaumont. Expositions, visites, rencontres, ateliers, concerts, spectacles, animations et plus encore.","robots":{"index":"noindex","follow":"follow","max-snippet":"max-snippet:-1","max-image-preview":"max-image-preview:large","max-video-preview":"max-video-preview:-1"},"og_locale":"fr_FR","og_type":"article","og_title":"Estival jazz - Les Saisons Culturelles de Chaumont","og_description":"D\u00e9couvrez la programmation culturelle de la saison culturelle de la ville de Chaumont. Expositions, visites, rencontres, ateliers, concerts, spectacles, animations et plus encore.","og_url":"https:\/\/saisonsculturelleschaumont.fr\/mdxpuixt\/evenement\/estival-jazz\/","og_site_name":"Les Saisons Culturelles de Chaumont","article_publisher":"https:\/\/www.facebook.com\/saisonsculturelleschaumont\/","article_modified_time":"2023-09-15T13:03:23+00:00","og_image":[{"width":650,"height":917,"url":"https:\/\/saisonsculturelleschaumont.fr\/mdxpuixt\/wp-content\/uploads\/2022\/04\/ESTIVALJAZZ-FINAL-WEB-e1650639953493.png","type":"image\/png"}],"twitter_card":"summary_large_image","twitter_misc":{"Dur\u00e9e de lecture estim\u00e9e":"4 minutes"},"schema":{"@context":"https:\/\/schema.org","@graph":[{"@type":"WebPage","@id":"https:\/\/saisonsculturelleschaumont.fr\/mdxpuixt\/evenement\/estival-jazz\/","url":"https:\/\/saisonsculturelleschaumont.fr\/mdxpuixt\/evenement\/estival-jazz\/","name":"Estival jazz - Les Saisons Culturelles de Chaumont","isPartOf":{"@id":"https:\/\/saisonsculturelleschaumont.fr\/mdxpuixt\/#website"},"datePublished":"2022-04-22T15:06:28+00:00","dateModified":"2023-09-15T13:03:23+00:00","description":"D\u00e9couvrez la programmation culturelle de la saison culturelle de la ville de Chaumont. Expositions, visites, rencontres, ateliers, concerts, spectacles, animations et plus encore.","breadcrumb":{"@id":"https:\/\/saisonsculturelleschaumont.fr\/mdxpuixt\/evenement\/estival-jazz\/#breadcrumb"},"inLanguage":"fr-FR","potentialAction":[{"@type":"ReadAction","target":["https:\/\/saisonsculturelleschaumont.fr\/mdxpuixt\/evenement\/estival-jazz\/"]}]},{"@type":"BreadcrumbList","@id":"https:\/\/saisonsculturelleschaumont.fr\/mdxpuixt\/evenement\/estival-jazz\/#breadcrumb","itemListElement":[{"@type":"ListItem","position":1,"name":"Accueil","item":"https:\/\/saisonsculturelleschaumont.fr\/mdxpuixt\/"},{"@type":"ListItem","position":2,"name":"\u00c9v\u00e8nements","item":"https:\/\/saisonsculturelleschaumont.fr\/mdxpuixt\/agenda\/"},{"@type":"ListItem","position":3,"name":"Estival jazz"}]},{"@type":"WebSite","@id":"https:\/\/saisonsculturelleschaumont.fr\/mdxpuixt\/#website","url":"https:\/\/saisonsculturelleschaumont.fr\/mdxpuixt\/","name":"Les Saisons Culturelles de Chaumont","description":"","potentialAction":[{"@type":"SearchAction","target":{"@type":"EntryPoint","urlTemplate":"https:\/\/saisonsculturelleschaumont.fr\/mdxpuixt\/?s={search_term_string}"},"query-input":"required name=search_term_string"}],"inLanguage":"fr-FR"}]}},"uagb_featured_image_src":{"full":["https:\/\/saisonsculturelleschaumont.fr\/mdxpuixt\/wp-content\/uploads\/2022\/04\/ESTIVALJAZZ-FINAL-WEB-e1650639953493.png",650,917,false],"thumbnail":["https:\/\/saisonsculturelleschaumont.fr\/mdxpuixt\/wp-content\/uploads\/2022\/04\/ESTIVALJAZZ-FINAL-WEB-80x80.png",80,80,true],"medium":["https:\/\/saisonsculturelleschaumont.fr\/mdxpuixt\/wp-content\/uploads\/2022\/04\/ESTIVALJAZZ-FINAL-WEB-300x300.png",300,300,true],"medium_large":["https:\/\/saisonsculturelleschaumont.fr\/mdxpuixt\/wp-content\/uploads\/2022\/04\/ESTIVALJAZZ-FINAL-WEB-768x768.png",768,768,true],"large":["https:\/\/saisonsculturelleschaumont.fr\/mdxpuixt\/wp-content\/uploads\/2022\/04\/ESTIVALJAZZ-FINAL-WEB-1030x1030.png",1030,1030,true],"1536x1536":["https:\/\/saisonsculturelleschaumont.fr\/mdxpuixt\/wp-content\/uploads\/2022\/04\/ESTIVALJAZZ-FINAL-WEB-1088x1536.png",1088,1536,true],"2048x2048":["https:\/\/saisonsculturelleschaumont.fr\/mdxpuixt\/wp-content\/uploads\/2022\/04\/ESTIVALJAZZ-FINAL-WEB-1451x2048.png",1451,2048,true],"widget":["https:\/\/saisonsculturelleschaumont.fr\/mdxpuixt\/wp-content\/uploads\/2022\/04\/ESTIVALJAZZ-FINAL-WEB-36x36.png",36,36,true],"square":["https:\/\/saisonsculturelleschaumont.fr\/mdxpuixt\/wp-content\/uploads\/2022\/04\/ESTIVALJAZZ-FINAL-WEB-180x180.png",180,180,true],"featured":["https:\/\/saisonsculturelleschaumont.fr\/mdxpuixt\/wp-content\/uploads\/2022\/04\/ESTIVALJAZZ-FINAL-WEB-1500x430.png",1500,430,true],"featured_large":["https:\/\/saisonsculturelleschaumont.fr\/mdxpuixt\/wp-content\/uploads\/2022\/04\/ESTIVALJAZZ-FINAL-WEB-1500x630.png",1500,630,true],"extra_large":["https:\/\/saisonsculturelleschaumont.fr\/mdxpuixt\/wp-content\/uploads\/2022\/04\/ESTIVALJAZZ-FINAL-WEB-1063x1500.png",1063,1500,true],"portfolio":["https:\/\/saisonsculturelleschaumont.fr\/mdxpuixt\/wp-content\/uploads\/2022\/04\/ESTIVALJAZZ-FINAL-WEB-495x400.png",495,400,true],"portfolio_small":["https:\/\/saisonsculturelleschaumont.fr\/mdxpuixt\/wp-content\/uploads\/2022\/04\/ESTIVALJAZZ-FINAL-WEB-260x185.png",260,185,true],"gallery":["https:\/\/saisonsculturelleschaumont.fr\/mdxpuixt\/wp-content\/uploads\/2022\/04\/ESTIVALJAZZ-FINAL-WEB-845x684.png",845,684,true],"magazine":["https:\/\/saisonsculturelleschaumont.fr\/mdxpuixt\/wp-content\/uploads\/2022\/04\/ESTIVALJAZZ-FINAL-WEB-710x375.png",710,375,true],"masonry":["https:\/\/saisonsculturelleschaumont.fr\/mdxpuixt\/wp-content\/uploads\/2022\/04\/ESTIVALJAZZ-FINAL-WEB-499x705.png",499,705,true],"entry_with_sidebar":["https:\/\/saisonsculturelleschaumont.fr\/mdxpuixt\/wp-content\/uploads\/2022\/04\/ESTIVALJAZZ-FINAL-WEB-845x321.png",845,321,true],"entry_without_sidebar":["https:\/\/saisonsculturelleschaumont.fr\/mdxpuixt\/wp-content\/uploads\/2022\/04\/ESTIVALJAZZ-FINAL-WEB-1210x423.png",1210,423,true]},"uagb_author_info":{"display_name":"Justine Ansel","author_link":"https:\/\/saisonsculturelleschaumont.fr\/mdxpuixt\/author\/justine-ansel\/"},"uagb_comment_info":0,"uagb_excerpt":"Pour cette nouvelle \u00e9dition, Estival Jazz, port\u00e9 par l&rsquo;association Tr\u00e9bim Music, se d\u00e9roulera exclusivement \u00e0 Chaumont ! Du 3 au 6 juin 2022, Estival Jazz s&rsquo;ouvre sur la ville et [&hellip;]","_links":{"self":[{"href":"https:\/\/saisonsculturelleschaumont.fr\/mdxpuixt\/wp-json\/wp\/v2\/tribe_events\/7849"}],"collection":[{"href":"https:\/\/saisonsculturelleschaumont.fr\/mdxpuixt\/wp-json\/wp\/v2\/tribe_events"}],"about":[{"href":"https:\/\/saisonsculturelleschaumont.fr\/mdxpuixt\/wp-json\/wp\/v2\/types\/tribe_events"}],"author":[{"embeddable":true,"href":"https:\/\/saisonsculturelleschaumont.fr\/mdxpuixt\/wp-json\/wp\/v2\/users\/3"}],"replies":[{"embeddable":true,"href":"https:\/\/saisonsculturelleschaumont.fr\/mdxpuixt\/wp-json\/wp\/v2\/comments?post=7849"}],"version-history":[{"count":0,"href":"https:\/\/saisonsculturelleschaumont.fr\/mdxpuixt\/wp-json\/wp\/v2\/tribe_events\/7849\/revisions"}],"wp:featuredmedia":[{"embeddable":true,"href":"https:\/\/saisonsculturelleschaumont.fr\/mdxpuixt\/wp-json\/wp\/v2\/media\/8480"}],"wp:attachment":[{"href":"https:\/\/saisonsculturelleschaumont.fr\/mdxpuixt\/wp-json\/wp\/v2\/media?parent=7849"}],"wp:term":[{"taxonomy":"post_tag","embeddable":true,"href":"https:\/\/saisonsculturelleschaumont.fr\/mdxpuixt\/wp-json\/wp\/v2\/tags?post=7849"},{"taxonomy":"tribe_events_cat","embeddable":true,"href":"https:\/\/saisonsculturelleschaumont.fr\/mdxpuixt\/wp-json\/wp\/v2\/tribe_events_cat?post=7849"}],"curies":[{"name":"wp","href":"https:\/\/api.w.org\/{rel}","templated":true}]}}