{"id":7851,"date":"2022-02-22T00:00:00","date_gmt":"2022-02-21T23:00:00","guid":{"rendered":"https:\/\/saisonsculturelleschaumont.fr\/mdxpuixt\/?post_type=tribe_events&#038;p=7851"},"modified":"2023-09-15T15:03:23","modified_gmt":"2023-09-15T13:03:23","slug":"fete-de-la-musique-2","status":"publish","type":"tribe_events","link":"https:\/\/saisonsculturelleschaumont.fr\/mdxpuixt\/evenement\/fete-de-la-musique-2\/","title":{"rendered":"F\u00eate de la musique"},"content":{"rendered":"<p>Cette ann\u00e9e, la F\u00eate de la musique de Chaumont renoue avec l\u2019\u00e9nergie des ann\u00e9es avant COVID et l\u2019envie de se rassembler en musique.\u00a0Deux plateaux sont propos\u00e9s par la Ville de Chaumont\u00a0: place des Arts o\u00f9, notamment les 3 groupes finalistes du Tremplin du Chien \u00e0 Plumes 2020 se produiront et place de l\u2019H\u00f4tel de Ville. Sur ces deux sc\u00e8nes, des musiciens de tous horizons se succ\u00e8deront au fil de la soir\u00e9e.\u00a0Les bars et restaurants en centre-ville et dans les quartiers ne seront pas en reste, ils proposeront \u00e9galement des groupes de leur choix.<\/p>\n<h3>Programmation d\u00e9taill\u00e9e<\/h3>\n<div><\/div>\n<h4 class=\"cxmmr5t8 oygrvhab hcukyx3x c1et5uql o9v6fnle\"><strong>PLACE DE L&rsquo;H\u00d4TEL DE VILLE<\/strong><\/h4>\n<h4 class=\"cxmmr5t8 oygrvhab hcukyx3x c1et5uql o9v6fnle\" style=\"padding-left: 40px;\">&gt; <em>18h45<\/em> &#8211; Tom Echalier (pop)<br \/>\n&gt; <em>20h<\/em> &#8211; Gim Mix (pop-world)<br \/>\n&gt; <em>21h<\/em> &#8211; Casius Belli (chanson fran\u00e7aise)<br \/>\n&gt; <em>22h<\/em> &#8211; Louise Ellie (chanson fran\u00e7aise)<br \/>\n&gt; <em>23h15<\/em> &#8211; ASK (n\u00fcm\u00e9tal)<\/h4>\n<div><\/div>\n<hr \/>\n<h4 class=\"cxmmr5t8 oygrvhab hcukyx3x c1et5uql o9v6fnle\"><strong>PLACE DES ARTS<\/strong><\/h4>\n<h4 class=\"cxmmr5t8 oygrvhab hcukyx3x c1et5uql o9v6fnle\" style=\"padding-left: 40px;\">&gt; <em>18h30<\/em> &#8211; Conservatoire de Musique (la funk \u00e0 la Bruno Mars)<br \/>\n&gt; <em>19h<\/em> &#8211; Anim&rsquo;accord\u00e9on (musette)<br \/>\n&gt; <em>20h15<\/em> &#8211; Osino &amp; Le Brame (rap)<br \/>\n&gt; <em>21h15<\/em> &#8211; Tremplin du Chien \u00e0 Plumes avec Deinos MC (\u00e9lectro-jazz\/pop), Ad El Mariachi (hip-hop latino) &amp; avec le groupe invit\u00e9 Parh\u00e9lie (funk, pop-rock)<\/h4>\n<div><\/div>\n<hr \/>\n<h4 class=\"cxmmr5t8 oygrvhab hcukyx3x c1et5uql o9v6fnle\"><strong>CONSEIL D\u00c9PARTEMENTAL<\/strong><\/h4>\n<h4 class=\"cxmmr5t8 oygrvhab hcukyx3x c1et5uql o9v6fnle\" style=\"padding-left: 40px;\">&gt; <em>19h \u00e0 20h30<\/em> &#8211; Wildation (soul-rock)<\/h4>\n<div class=\"cxmmr5t8 oygrvhab hcukyx3x c1et5uql o9v6fnle\" style=\"padding-left: 40px;\"><\/div>\n<hr \/>\n<h4 class=\"cxmmr5t8 oygrvhab hcukyx3x c1et5uql o9v6fnle\"><strong>PR\u00c9F\u00c9CTURE<\/strong><\/h4>\n<h4 class=\"cxmmr5t8 oygrvhab hcukyx3x c1et5uql o9v6fnle\" style=\"padding-left: 40px;\">&gt; <em>14h \u00e0 16h30<\/em> &#8211; Conservatoire de Musique (musiques traditionnelles, ensembles et duo baroque)<\/h4>\n<div>\n<h5 style=\"padding-left: 80px;\">de 14h \u00e0 14h30 &#8211; autour du clavecin dans le Hall d\u2019entr\u00e9e de la Pr\u00e9fecture<\/h5>\n<h5 style=\"padding-left: 80px;\">de 14h30 \u00e0 16h &#8211; r\u00e9pertoire d\u2019ensembles instrumentaux avec les \u00e9l\u00e8ves des classes CHAM (Classes \u00e0 horaires am\u00e9nag\u00e9s musique) devant le perron, derri\u00e8re le b\u00e2timent\u00a0principal de la Pr\u00e9fecture<\/h5>\n<h5 style=\"padding-left: 80px;\">de 16h \u00e0 16h30 &#8211; autour du clavecin dans le Hall d\u2019entr\u00e9e de la Pr\u00e9fecture<\/h5>\n<\/div>\n<div style=\"padding-left: 80px;\"><\/div>\n<hr \/>\n<h4 class=\"cxmmr5t8 oygrvhab hcukyx3x c1et5uql o9v6fnle\"><strong>MJC<\/strong><\/h4>\n<h4 class=\"cxmmr5t8 oygrvhab hcukyx3x c1et5uql o9v6fnle\" style=\"padding-left: 40px;\">&gt; <em>18h \u00e0 20h30<\/em> &#8211; \u00c9l\u00e8ves des ateliers musique<\/h4>\n<div><\/div>\n<hr \/>\n<h4 class=\"cxmmr5t8 oygrvhab hcukyx3x c1et5uql o9v6fnle\"><strong>BISTROT DES HALLES<\/strong><\/h4>\n<h4 class=\"cxmmr5t8 oygrvhab hcukyx3x c1et5uql o9v6fnle\" style=\"padding-left: 40px;\">Trio de jazz<\/h4>\n<div><\/div>\n<hr \/>\n<h4 class=\"cxmmr5t8 oygrvhab hcukyx3x c1et5uql o9v6fnle\"><strong>COMME \u00c0 LA MAISON<\/strong><\/h4>\n<h4 class=\"cxmmr5t8 oygrvhab hcukyx3x c1et5uql o9v6fnle\" style=\"padding-left: 40px;\">Rock&rsquo;n&rsquo;puppet<\/h4>\n<div><\/div>\n<hr \/>\n<h4 class=\"cxmmr5t8 oygrvhab hcukyx3x c1et5uql o9v6fnle\"><strong>GREEN&rsquo;S CAF\u00c9<\/strong><\/h4>\n<h4 class=\"cxmmr5t8 oygrvhab hcukyx3x c1et5uql o9v6fnle\" style=\"padding-left: 40px;\">The Bad Flies (hard-blues)<br \/>\nEkymose (punk)<\/h4>\n<div><\/div>\n<hr \/>\n<h4 class=\"cxmmr5t8 oygrvhab hcukyx3x c1et5uql o9v6fnle\"><strong>JUST \u00c0 C\u00d4T\u00c9<\/strong><\/h4>\n<h4 class=\"cxmmr5t8 oygrvhab hcukyx3x c1et5uql o9v6fnle\" style=\"padding-left: 40px;\">Arthur &amp; Ma\u00e9lys (duo guitare-chant)<\/h4>\n<div><\/div>\n<hr \/>\n<h4 class=\"cxmmr5t8 oygrvhab hcukyx3x c1et5uql o9v6fnle\"><strong>K32 FACTORY<\/strong><\/h4>\n<h4 class=\"cxmmr5t8 oygrvhab hcukyx3x c1et5uql o9v6fnle\" style=\"padding-left: 40px;\">Penelop&rsquo; (cover-rock)<\/h4>\n<div class=\"cxmmr5t8 oygrvhab hcukyx3x c1et5uql o9v6fnle\" style=\"padding-left: 40px;\"><\/div>\n<hr \/>\n<h4 class=\"cxmmr5t8 oygrvhab hcukyx3x c1et5uql o9v6fnle\"><strong>LE PARISIEN<\/strong><\/h4>\n<h4 class=\"cxmmr5t8 oygrvhab hcukyx3x c1et5uql o9v6fnle\" style=\"padding-left: 40px;\">Sensitive (cover-rock)<\/h4>\n<div><\/div>\n<hr \/>\n<h4 class=\"cxmmr5t8 oygrvhab hcukyx3x c1et5uql o9v6fnle\"><strong>LES 4 FESSES<\/strong><\/h4>\n<h4 class=\"cxmmr5t8 oygrvhab hcukyx3x c1et5uql o9v6fnle\" style=\"padding-left: 40px;\">Les Jambes d&rsquo;Hollywood (chanson)<\/h4>\n<div class=\"cxmmr5t8 oygrvhab hcukyx3x c1et5uql o9v6fnle\"><\/div>\n<hr \/>\n<h4 class=\"cxmmr5t8 oygrvhab hcukyx3x c1et5uql o9v6fnle\"><strong>L&rsquo;UTOPISTE<\/strong><\/h4>\n<h4 class=\"cxmmr5t8 oygrvhab hcukyx3x c1et5uql o9v6fnle\" style=\"padding-left: 40px;\">Chris &amp; Isaac (duo guitare-chant)<\/h4>\n<div class=\"cxmmr5t8 oygrvhab hcukyx3x c1et5uql o9v6fnle\"><\/div>\n<hr \/>\n<h4 class=\"cxmmr5t8 oygrvhab hcukyx3x c1et5uql o9v6fnle\"><strong>ST EXUP\u00c9RY<\/strong><\/h4>\n<h4 class=\"cxmmr5t8 oygrvhab hcukyx3x c1et5uql o9v6fnle\" style=\"padding-left: 40px;\">Jeanlou Leleu (DJ 80&rsquo;s)<\/h4>\n<div class=\"cxmmr5t8 oygrvhab hcukyx3x c1et5uql o9v6fnle\"><\/div>\n<hr \/>\n<h4 class=\"cxmmr5t8 oygrvhab hcukyx3x c1et5uql o9v6fnle\"><strong>ZE BOCK<\/strong><\/h4>\n<h4 class=\"cxmmr5t8 oygrvhab hcukyx3x c1et5uql o9v6fnle\" style=\"padding-left: 40px;\">Christophe Lesuisse (chanson)<\/h4>\n<div><\/div>\n<hr \/>\n<h4 class=\"cxmmr5t8 oygrvhab hcukyx3x c1et5uql o9v6fnle\"><strong>3\u00c8ME MI TEMPS<\/strong><\/h4>\n<h4 class=\"cxmmr5t8 oygrvhab hcukyx3x c1et5uql o9v6fnle\" style=\"padding-left: 40px;\">David (chanson)<br \/>\nTh\u00e9o DJ (80&rsquo;s)<\/h4>\n","protected":false},"excerpt":{"rendered":"<p>Cette ann\u00e9e, la F\u00eate de la musique de Chaumont renoue avec l\u2019\u00e9nergie des ann\u00e9es avant COVID et l\u2019envie de se rassembler en musique.\u00a0Deux plateaux sont propos\u00e9s par la Ville de [&hellip;]<\/p>\n","protected":false},"author":3,"featured_media":7962,"comment_status":"closed","ping_status":"closed","template":"","meta":{"_uag_custom_page_level_css":"","_tribe_events_status":"","_tribe_events_status_reason":""},"tags":[285,300,299,51,163,297,296,99,298],"tribe_events_cat":[305],"yoast_head":"<!-- This site is optimized with the Yoast SEO plugin v21.1 - https:\/\/yoast.com\/wordpress\/plugins\/seo\/ -->\n<title>F\u00eate de la musique - Les Saisons Culturelles de Chaumont<\/title>\n<meta name=\"description\" content=\"D\u00e9couvrez la programmation culturelle de la saison culturelle de la ville de Chaumont. Expositions, visites, rencontres, ateliers, concerts, spectacles, animations et plus encore.\" \/>\n<meta name=\"robots\" content=\"noindex, follow, max-snippet:-1, max-image-preview:large, max-video-preview:-1\" \/>\n<meta property=\"og:locale\" content=\"fr_FR\" \/>\n<meta property=\"og:type\" content=\"article\" \/>\n<meta property=\"og:title\" content=\"F\u00eate de la musique - Les Saisons Culturelles de Chaumont\" \/>\n<meta property=\"og:description\" content=\"D\u00e9couvrez la programmation culturelle de la saison culturelle de la ville de Chaumont. Expositions, visites, rencontres, ateliers, concerts, spectacles, animations et plus encore.\" \/>\n<meta property=\"og:url\" content=\"https:\/\/saisonsculturelleschaumont.fr\/mdxpuixt\/evenement\/fete-de-la-musique-2\/\" \/>\n<meta property=\"og:site_name\" content=\"Les Saisons Culturelles de Chaumont\" \/>\n<meta property=\"article:publisher\" content=\"https:\/\/www.facebook.com\/saisonsculturelleschaumont\/\" \/>\n<meta property=\"article:modified_time\" content=\"2023-09-15T13:03:23+00:00\" \/>\n<meta property=\"og:image\" content=\"https:\/\/saisonsculturelleschaumont.fr\/mdxpuixt\/wp-content\/uploads\/2022\/02\/DSC_7574-2-scaled-e1645174477607.jpg\" \/>\n\t<meta property=\"og:image:width\" content=\"650\" \/>\n\t<meta property=\"og:image:height\" content=\"434\" \/>\n\t<meta property=\"og:image:type\" content=\"image\/jpeg\" \/>\n<meta name=\"twitter:card\" content=\"summary_large_image\" \/>\n<meta name=\"twitter:label1\" content=\"Dur\u00e9e de lecture estim\u00e9e\" \/>\n\t<meta name=\"twitter:data1\" content=\"2 minutes\" \/>\n<script type=\"application\/ld+json\" class=\"yoast-schema-graph\">{\"@context\":\"https:\/\/schema.org\",\"@graph\":[{\"@type\":\"WebPage\",\"@id\":\"https:\/\/saisonsculturelleschaumont.fr\/mdxpuixt\/evenement\/fete-de-la-musique-2\/\",\"url\":\"https:\/\/saisonsculturelleschaumont.fr\/mdxpuixt\/evenement\/fete-de-la-musique-2\/\",\"name\":\"F\u00eate de la musique - Les Saisons Culturelles de Chaumont\",\"isPartOf\":{\"@id\":\"https:\/\/saisonsculturelleschaumont.fr\/mdxpuixt\/#website\"},\"datePublished\":\"2022-02-21T23:00:00+00:00\",\"dateModified\":\"2023-09-15T13:03:23+00:00\",\"description\":\"D\u00e9couvrez la programmation culturelle de la saison culturelle de la ville de Chaumont. Expositions, visites, rencontres, ateliers, concerts, spectacles, animations et plus encore.\",\"breadcrumb\":{\"@id\":\"https:\/\/saisonsculturelleschaumont.fr\/mdxpuixt\/evenement\/fete-de-la-musique-2\/#breadcrumb\"},\"inLanguage\":\"fr-FR\",\"potentialAction\":[{\"@type\":\"ReadAction\",\"target\":[\"https:\/\/saisonsculturelleschaumont.fr\/mdxpuixt\/evenement\/fete-de-la-musique-2\/\"]}]},{\"@type\":\"BreadcrumbList\",\"@id\":\"https:\/\/saisonsculturelleschaumont.fr\/mdxpuixt\/evenement\/fete-de-la-musique-2\/#breadcrumb\",\"itemListElement\":[{\"@type\":\"ListItem\",\"position\":1,\"name\":\"Accueil\",\"item\":\"https:\/\/saisonsculturelleschaumont.fr\/mdxpuixt\/\"},{\"@type\":\"ListItem\",\"position\":2,\"name\":\"\u00c9v\u00e8nements\",\"item\":\"https:\/\/saisonsculturelleschaumont.fr\/mdxpuixt\/agenda\/\"},{\"@type\":\"ListItem\",\"position\":3,\"name\":\"F\u00eate de la musique\"}]},{\"@type\":\"WebSite\",\"@id\":\"https:\/\/saisonsculturelleschaumont.fr\/mdxpuixt\/#website\",\"url\":\"https:\/\/saisonsculturelleschaumont.fr\/mdxpuixt\/\",\"name\":\"Les Saisons Culturelles de Chaumont\",\"description\":\"\",\"potentialAction\":[{\"@type\":\"SearchAction\",\"target\":{\"@type\":\"EntryPoint\",\"urlTemplate\":\"https:\/\/saisonsculturelleschaumont.fr\/mdxpuixt\/?s={search_term_string}\"},\"query-input\":\"required name=search_term_string\"}],\"inLanguage\":\"fr-FR\"}]}<\/script>\n<!-- \/ Yoast SEO plugin. -->","yoast_head_json":{"title":"F\u00eate de la musique - Les Saisons Culturelles de Chaumont","description":"D\u00e9couvrez la programmation culturelle de la saison culturelle de la ville de Chaumont. Expositions, visites, rencontres, ateliers, concerts, spectacles, animations et plus encore.","robots":{"index":"noindex","follow":"follow","max-snippet":"max-snippet:-1","max-image-preview":"max-image-preview:large","max-video-preview":"max-video-preview:-1"},"og_locale":"fr_FR","og_type":"article","og_title":"F\u00eate de la musique - Les Saisons Culturelles de Chaumont","og_description":"D\u00e9couvrez la programmation culturelle de la saison culturelle de la ville de Chaumont. Expositions, visites, rencontres, ateliers, concerts, spectacles, animations et plus encore.","og_url":"https:\/\/saisonsculturelleschaumont.fr\/mdxpuixt\/evenement\/fete-de-la-musique-2\/","og_site_name":"Les Saisons Culturelles de Chaumont","article_publisher":"https:\/\/www.facebook.com\/saisonsculturelleschaumont\/","article_modified_time":"2023-09-15T13:03:23+00:00","og_image":[{"width":650,"height":434,"url":"https:\/\/saisonsculturelleschaumont.fr\/mdxpuixt\/wp-content\/uploads\/2022\/02\/DSC_7574-2-scaled-e1645174477607.jpg","type":"image\/jpeg"}],"twitter_card":"summary_large_image","twitter_misc":{"Dur\u00e9e de lecture estim\u00e9e":"2 minutes"},"schema":{"@context":"https:\/\/schema.org","@graph":[{"@type":"WebPage","@id":"https:\/\/saisonsculturelleschaumont.fr\/mdxpuixt\/evenement\/fete-de-la-musique-2\/","url":"https:\/\/saisonsculturelleschaumont.fr\/mdxpuixt\/evenement\/fete-de-la-musique-2\/","name":"F\u00eate de la musique - Les Saisons Culturelles de Chaumont","isPartOf":{"@id":"https:\/\/saisonsculturelleschaumont.fr\/mdxpuixt\/#website"},"datePublished":"2022-02-21T23:00:00+00:00","dateModified":"2023-09-15T13:03:23+00:00","description":"D\u00e9couvrez la programmation culturelle de la saison culturelle de la ville de Chaumont. Expositions, visites, rencontres, ateliers, concerts, spectacles, animations et plus encore.","breadcrumb":{"@id":"https:\/\/saisonsculturelleschaumont.fr\/mdxpuixt\/evenement\/fete-de-la-musique-2\/#breadcrumb"},"inLanguage":"fr-FR","potentialAction":[{"@type":"ReadAction","target":["https:\/\/saisonsculturelleschaumont.fr\/mdxpuixt\/evenement\/fete-de-la-musique-2\/"]}]},{"@type":"BreadcrumbList","@id":"https:\/\/saisonsculturelleschaumont.fr\/mdxpuixt\/evenement\/fete-de-la-musique-2\/#breadcrumb","itemListElement":[{"@type":"ListItem","position":1,"name":"Accueil","item":"https:\/\/saisonsculturelleschaumont.fr\/mdxpuixt\/"},{"@type":"ListItem","position":2,"name":"\u00c9v\u00e8nements","item":"https:\/\/saisonsculturelleschaumont.fr\/mdxpuixt\/agenda\/"},{"@type":"ListItem","position":3,"name":"F\u00eate de la musique"}]},{"@type":"WebSite","@id":"https:\/\/saisonsculturelleschaumont.fr\/mdxpuixt\/#website","url":"https:\/\/saisonsculturelleschaumont.fr\/mdxpuixt\/","name":"Les Saisons Culturelles de Chaumont","description":"","potentialAction":[{"@type":"SearchAction","target":{"@type":"EntryPoint","urlTemplate":"https:\/\/saisonsculturelleschaumont.fr\/mdxpuixt\/?s={search_term_string}"},"query-input":"required name=search_term_string"}],"inLanguage":"fr-FR"}]}},"uagb_featured_image_src":{"full":["https:\/\/saisonsculturelleschaumont.fr\/mdxpuixt\/wp-content\/uploads\/2022\/02\/DSC_7574-2-scaled-e1645174477607.jpg",650,434,false],"thumbnail":["https:\/\/saisonsculturelleschaumont.fr\/mdxpuixt\/wp-content\/uploads\/2022\/02\/DSC_7574-2-80x80.jpg",80,80,true],"medium":["https:\/\/saisonsculturelleschaumont.fr\/mdxpuixt\/wp-content\/uploads\/2022\/02\/DSC_7574-2-300x300.jpg",300,300,true],"medium_large":["https:\/\/saisonsculturelleschaumont.fr\/mdxpuixt\/wp-content\/uploads\/2022\/02\/DSC_7574-2-768x768.jpg",768,768,true],"large":["https:\/\/saisonsculturelleschaumont.fr\/mdxpuixt\/wp-content\/uploads\/2022\/02\/DSC_7574-2-1030x1030.jpg",1030,1030,true],"1536x1536":["https:\/\/saisonsculturelleschaumont.fr\/mdxpuixt\/wp-content\/uploads\/2022\/02\/DSC_7574-2-1536x1025.jpg",1536,1025,true],"2048x2048":["https:\/\/saisonsculturelleschaumont.fr\/mdxpuixt\/wp-content\/uploads\/2022\/02\/DSC_7574-2-2048x1367.jpg",2048,1367,true],"widget":["https:\/\/saisonsculturelleschaumont.fr\/mdxpuixt\/wp-content\/uploads\/2022\/02\/DSC_7574-2-36x36.jpg",36,36,true],"square":["https:\/\/saisonsculturelleschaumont.fr\/mdxpuixt\/wp-content\/uploads\/2022\/02\/DSC_7574-2-180x180.jpg",180,180,true],"featured":["https:\/\/saisonsculturelleschaumont.fr\/mdxpuixt\/wp-content\/uploads\/2022\/02\/DSC_7574-2-1500x430.jpg",1500,430,true],"featured_large":["https:\/\/saisonsculturelleschaumont.fr\/mdxpuixt\/wp-content\/uploads\/2022\/02\/DSC_7574-2-1500x630.jpg",1500,630,true],"extra_large":["https:\/\/saisonsculturelleschaumont.fr\/mdxpuixt\/wp-content\/uploads\/2022\/02\/DSC_7574-2-1500x1001.jpg",1500,1001,true],"portfolio":["https:\/\/saisonsculturelleschaumont.fr\/mdxpuixt\/wp-content\/uploads\/2022\/02\/DSC_7574-2-495x400.jpg",495,400,true],"portfolio_small":["https:\/\/saisonsculturelleschaumont.fr\/mdxpuixt\/wp-content\/uploads\/2022\/02\/DSC_7574-2-260x185.jpg",260,185,true],"gallery":["https:\/\/saisonsculturelleschaumont.fr\/mdxpuixt\/wp-content\/uploads\/2022\/02\/DSC_7574-2-845x684.jpg",845,684,true],"magazine":["https:\/\/saisonsculturelleschaumont.fr\/mdxpuixt\/wp-content\/uploads\/2022\/02\/DSC_7574-2-710x375.jpg",710,375,true],"masonry":["https:\/\/saisonsculturelleschaumont.fr\/mdxpuixt\/wp-content\/uploads\/2022\/02\/DSC_7574-2-705x471.jpg",705,471,true],"entry_with_sidebar":["https:\/\/saisonsculturelleschaumont.fr\/mdxpuixt\/wp-content\/uploads\/2022\/02\/DSC_7574-2-845x321.jpg",845,321,true],"entry_without_sidebar":["https:\/\/saisonsculturelleschaumont.fr\/mdxpuixt\/wp-content\/uploads\/2022\/02\/DSC_7574-2-1210x423.jpg",1210,423,true]},"uagb_author_info":{"display_name":"Justine Ansel","author_link":"https:\/\/saisonsculturelleschaumont.fr\/mdxpuixt\/author\/justine-ansel\/"},"uagb_comment_info":0,"uagb_excerpt":"Cette ann\u00e9e, la F\u00eate de la musique de Chaumont renoue avec l\u2019\u00e9nergie des ann\u00e9es avant COVID et l\u2019envie de se rassembler en musique.\u00a0Deux plateaux sont propos\u00e9s par la Ville de [&hellip;]","_links":{"self":[{"href":"https:\/\/saisonsculturelleschaumont.fr\/mdxpuixt\/wp-json\/wp\/v2\/tribe_events\/7851"}],"collection":[{"href":"https:\/\/saisonsculturelleschaumont.fr\/mdxpuixt\/wp-json\/wp\/v2\/tribe_events"}],"about":[{"href":"https:\/\/saisonsculturelleschaumont.fr\/mdxpuixt\/wp-json\/wp\/v2\/types\/tribe_events"}],"author":[{"embeddable":true,"href":"https:\/\/saisonsculturelleschaumont.fr\/mdxpuixt\/wp-json\/wp\/v2\/users\/3"}],"replies":[{"embeddable":true,"href":"https:\/\/saisonsculturelleschaumont.fr\/mdxpuixt\/wp-json\/wp\/v2\/comments?post=7851"}],"version-history":[{"count":0,"href":"https:\/\/saisonsculturelleschaumont.fr\/mdxpuixt\/wp-json\/wp\/v2\/tribe_events\/7851\/revisions"}],"wp:featuredmedia":[{"embeddable":true,"href":"https:\/\/saisonsculturelleschaumont.fr\/mdxpuixt\/wp-json\/wp\/v2\/media\/7962"}],"wp:attachment":[{"href":"https:\/\/saisonsculturelleschaumont.fr\/mdxpuixt\/wp-json\/wp\/v2\/media?parent=7851"}],"wp:term":[{"taxonomy":"post_tag","embeddable":true,"href":"https:\/\/saisonsculturelleschaumont.fr\/mdxpuixt\/wp-json\/wp\/v2\/tags?post=7851"},{"taxonomy":"tribe_events_cat","embeddable":true,"href":"https:\/\/saisonsculturelleschaumont.fr\/mdxpuixt\/wp-json\/wp\/v2\/tribe_events_cat?post=7851"}],"curies":[{"name":"wp","href":"https:\/\/api.w.org\/{rel}","templated":true}]}}