{"id":8375,"date":"2022-03-29T15:57:12","date_gmt":"2022-03-29T13:57:12","guid":{"rendered":"https:\/\/saisonsculturelleschaumont.fr\/mdxpuixt\/evenement\/au-carrefour-des-musiques-la-musique-les-musiques-la-musique-de-cinema-avant-le-cinemapar-tom-mebarki\/"},"modified":"2022-03-29T16:00:19","modified_gmt":"2022-03-29T14:00:19","slug":"au-carrefour-des-musiques-la-musique-les-musiques-la-musique-de-cinema-avant-le-cinemapar-tom-mebarki","status":"publish","type":"tribe_events","link":"https:\/\/saisonsculturelleschaumont.fr\/mdxpuixt\/evenement\/au-carrefour-des-musiques-la-musique-les-musiques-la-musique-de-cinema-avant-le-cinemapar-tom-mebarki\/","title":{"rendered":"Au carrefour des musiques : la musique, les musiques &#8211; La musique de cin\u00e9ma avant le cin\u00e9maPar Tom Mebarki"},"content":{"rendered":"<p>Au carrefour des musiques est une s\u00e9rie de 3 conf\u00e9rences, anim\u00e9es par des sp\u00e9cialistes de la musique propos\u00e9e par Fugue \u00e0 l&rsquo;Op\u00e9ra, et pr\u00e9sent\u00e9e par Marie Henry, en partenariat avec Arts Vivants 52. <\/p>\n<p>14 avril<br \/>\nLa musique de cin\u00e9ma avant le cin\u00e9ma<br \/>\nPar Tom Mebarki<\/p>\n<p>12 mai\u2002<br \/>\nBaroque\u2019n\u2019Roll<br \/>\nPar Guillaume Deveney<\/p>\n<p>19 mai<br \/>\nLes Ann\u00e9es folles en musique<br \/>\nPar Etienne Kippelen<\/p>\n","protected":false},"excerpt":{"rendered":"<p>Au carrefour des musiques est une s\u00e9rie de 3 conf\u00e9rences, anim\u00e9es par des sp\u00e9cialistes de la musique propos\u00e9e par Fugue \u00e0 l&rsquo;Op\u00e9ra, et pr\u00e9sent\u00e9e par Marie Henry, en partenariat avec [&hellip;]<\/p>\n","protected":false},"author":3,"featured_media":8380,"comment_status":"closed","ping_status":"closed","template":"","meta":{"_uag_custom_page_level_css":"","_tribe_events_status":"","_tribe_events_status_reason":""},"tags":[137,87,136,130,135,95,127,85],"tribe_events_cat":[42],"yoast_head":"<!-- This site is optimized with the Yoast SEO plugin v21.1 - https:\/\/yoast.com\/wordpress\/plugins\/seo\/ -->\n<title>Au carrefour des musiques : la musique, les musiques - La musique de cin\u00e9ma avant le cin\u00e9maPar Tom Mebarki - Les Saisons Culturelles de Chaumont<\/title>\n<meta name=\"description\" content=\"D\u00e9couvrez la programmation culturelle de la saison culturelle de la ville de Chaumont. Expositions, visites, rencontres, ateliers, concerts, spectacles, animations et plus encore.\" \/>\n<meta name=\"robots\" content=\"noindex, follow, max-snippet:-1, max-image-preview:large, max-video-preview:-1\" \/>\n<meta property=\"og:locale\" content=\"fr_FR\" \/>\n<meta property=\"og:type\" content=\"article\" \/>\n<meta property=\"og:title\" content=\"Au carrefour des musiques : la musique, les musiques - La musique de cin\u00e9ma avant le cin\u00e9maPar Tom Mebarki - Les Saisons Culturelles de Chaumont\" \/>\n<meta property=\"og:description\" content=\"D\u00e9couvrez la programmation culturelle de la saison culturelle de la ville de Chaumont. Expositions, visites, rencontres, ateliers, concerts, spectacles, animations et plus encore.\" \/>\n<meta property=\"og:url\" content=\"https:\/\/saisonsculturelleschaumont.fr\/mdxpuixt\/evenement\/au-carrefour-des-musiques-la-musique-les-musiques-la-musique-de-cinema-avant-le-cinemapar-tom-mebarki\/\" \/>\n<meta property=\"og:site_name\" content=\"Les Saisons Culturelles de Chaumont\" \/>\n<meta property=\"article:publisher\" content=\"https:\/\/www.facebook.com\/saisonsculturelleschaumont\/\" \/>\n<meta property=\"article:modified_time\" content=\"2022-03-29T14:00:19+00:00\" \/>\n<meta property=\"og:image\" content=\"https:\/\/saisonsculturelleschaumont.fr\/mdxpuixt\/wp-content\/uploads\/2022\/03\/Tom-Mebarki-\u00a9-Richard-Pelletier-e1648562291668.jpg\" \/>\n\t<meta property=\"og:image:width\" content=\"650\" \/>\n\t<meta property=\"og:image:height\" content=\"952\" \/>\n\t<meta property=\"og:image:type\" content=\"image\/jpeg\" \/>\n<meta name=\"twitter:card\" content=\"summary_large_image\" \/>\n<script type=\"application\/ld+json\" class=\"yoast-schema-graph\">{\"@context\":\"https:\/\/schema.org\",\"@graph\":[{\"@type\":\"WebPage\",\"@id\":\"https:\/\/saisonsculturelleschaumont.fr\/mdxpuixt\/evenement\/au-carrefour-des-musiques-la-musique-les-musiques-la-musique-de-cinema-avant-le-cinemapar-tom-mebarki\/\",\"url\":\"https:\/\/saisonsculturelleschaumont.fr\/mdxpuixt\/evenement\/au-carrefour-des-musiques-la-musique-les-musiques-la-musique-de-cinema-avant-le-cinemapar-tom-mebarki\/\",\"name\":\"Au carrefour des musiques : la musique, les musiques - La musique de cin\u00e9ma avant le cin\u00e9maPar Tom Mebarki - Les Saisons Culturelles de Chaumont\",\"isPartOf\":{\"@id\":\"https:\/\/saisonsculturelleschaumont.fr\/mdxpuixt\/#website\"},\"datePublished\":\"2022-03-29T13:57:12+00:00\",\"dateModified\":\"2022-03-29T14:00:19+00:00\",\"description\":\"D\u00e9couvrez la programmation culturelle de la saison culturelle de la ville de Chaumont. Expositions, visites, rencontres, ateliers, concerts, spectacles, animations et plus encore.\",\"breadcrumb\":{\"@id\":\"https:\/\/saisonsculturelleschaumont.fr\/mdxpuixt\/evenement\/au-carrefour-des-musiques-la-musique-les-musiques-la-musique-de-cinema-avant-le-cinemapar-tom-mebarki\/#breadcrumb\"},\"inLanguage\":\"fr-FR\",\"potentialAction\":[{\"@type\":\"ReadAction\",\"target\":[\"https:\/\/saisonsculturelleschaumont.fr\/mdxpuixt\/evenement\/au-carrefour-des-musiques-la-musique-les-musiques-la-musique-de-cinema-avant-le-cinemapar-tom-mebarki\/\"]}]},{\"@type\":\"BreadcrumbList\",\"@id\":\"https:\/\/saisonsculturelleschaumont.fr\/mdxpuixt\/evenement\/au-carrefour-des-musiques-la-musique-les-musiques-la-musique-de-cinema-avant-le-cinemapar-tom-mebarki\/#breadcrumb\",\"itemListElement\":[{\"@type\":\"ListItem\",\"position\":1,\"name\":\"Accueil\",\"item\":\"https:\/\/saisonsculturelleschaumont.fr\/mdxpuixt\/\"},{\"@type\":\"ListItem\",\"position\":2,\"name\":\"\u00c9v\u00e8nements\",\"item\":\"https:\/\/saisonsculturelleschaumont.fr\/mdxpuixt\/agenda\/\"},{\"@type\":\"ListItem\",\"position\":3,\"name\":\"Au carrefour des musiques : la musique, les musiques &#8211; La musique de cin\u00e9ma avant le cin\u00e9maPar Tom Mebarki\"}]},{\"@type\":\"WebSite\",\"@id\":\"https:\/\/saisonsculturelleschaumont.fr\/mdxpuixt\/#website\",\"url\":\"https:\/\/saisonsculturelleschaumont.fr\/mdxpuixt\/\",\"name\":\"Les Saisons Culturelles de Chaumont\",\"description\":\"\",\"potentialAction\":[{\"@type\":\"SearchAction\",\"target\":{\"@type\":\"EntryPoint\",\"urlTemplate\":\"https:\/\/saisonsculturelleschaumont.fr\/mdxpuixt\/?s={search_term_string}\"},\"query-input\":\"required name=search_term_string\"}],\"inLanguage\":\"fr-FR\"}]}<\/script>\n<!-- \/ Yoast SEO plugin. -->","yoast_head_json":{"title":"Au carrefour des musiques : la musique, les musiques - La musique de cin\u00e9ma avant le cin\u00e9maPar Tom Mebarki - Les Saisons Culturelles de Chaumont","description":"D\u00e9couvrez la programmation culturelle de la saison culturelle de la ville de Chaumont. Expositions, visites, rencontres, ateliers, concerts, spectacles, animations et plus encore.","robots":{"index":"noindex","follow":"follow","max-snippet":"max-snippet:-1","max-image-preview":"max-image-preview:large","max-video-preview":"max-video-preview:-1"},"og_locale":"fr_FR","og_type":"article","og_title":"Au carrefour des musiques : la musique, les musiques - La musique de cin\u00e9ma avant le cin\u00e9maPar Tom Mebarki - Les Saisons Culturelles de Chaumont","og_description":"D\u00e9couvrez la programmation culturelle de la saison culturelle de la ville de Chaumont. Expositions, visites, rencontres, ateliers, concerts, spectacles, animations et plus encore.","og_url":"https:\/\/saisonsculturelleschaumont.fr\/mdxpuixt\/evenement\/au-carrefour-des-musiques-la-musique-les-musiques-la-musique-de-cinema-avant-le-cinemapar-tom-mebarki\/","og_site_name":"Les Saisons Culturelles de Chaumont","article_publisher":"https:\/\/www.facebook.com\/saisonsculturelleschaumont\/","article_modified_time":"2022-03-29T14:00:19+00:00","og_image":[{"width":650,"height":952,"url":"https:\/\/saisonsculturelleschaumont.fr\/mdxpuixt\/wp-content\/uploads\/2022\/03\/Tom-Mebarki-\u00a9-Richard-Pelletier-e1648562291668.jpg","type":"image\/jpeg"}],"twitter_card":"summary_large_image","schema":{"@context":"https:\/\/schema.org","@graph":[{"@type":"WebPage","@id":"https:\/\/saisonsculturelleschaumont.fr\/mdxpuixt\/evenement\/au-carrefour-des-musiques-la-musique-les-musiques-la-musique-de-cinema-avant-le-cinemapar-tom-mebarki\/","url":"https:\/\/saisonsculturelleschaumont.fr\/mdxpuixt\/evenement\/au-carrefour-des-musiques-la-musique-les-musiques-la-musique-de-cinema-avant-le-cinemapar-tom-mebarki\/","name":"Au carrefour des musiques : la musique, les musiques - La musique de cin\u00e9ma avant le cin\u00e9maPar Tom Mebarki - Les Saisons Culturelles de Chaumont","isPartOf":{"@id":"https:\/\/saisonsculturelleschaumont.fr\/mdxpuixt\/#website"},"datePublished":"2022-03-29T13:57:12+00:00","dateModified":"2022-03-29T14:00:19+00:00","description":"D\u00e9couvrez la programmation culturelle de la saison culturelle de la ville de Chaumont. Expositions, visites, rencontres, ateliers, concerts, spectacles, animations et plus encore.","breadcrumb":{"@id":"https:\/\/saisonsculturelleschaumont.fr\/mdxpuixt\/evenement\/au-carrefour-des-musiques-la-musique-les-musiques-la-musique-de-cinema-avant-le-cinemapar-tom-mebarki\/#breadcrumb"},"inLanguage":"fr-FR","potentialAction":[{"@type":"ReadAction","target":["https:\/\/saisonsculturelleschaumont.fr\/mdxpuixt\/evenement\/au-carrefour-des-musiques-la-musique-les-musiques-la-musique-de-cinema-avant-le-cinemapar-tom-mebarki\/"]}]},{"@type":"BreadcrumbList","@id":"https:\/\/saisonsculturelleschaumont.fr\/mdxpuixt\/evenement\/au-carrefour-des-musiques-la-musique-les-musiques-la-musique-de-cinema-avant-le-cinemapar-tom-mebarki\/#breadcrumb","itemListElement":[{"@type":"ListItem","position":1,"name":"Accueil","item":"https:\/\/saisonsculturelleschaumont.fr\/mdxpuixt\/"},{"@type":"ListItem","position":2,"name":"\u00c9v\u00e8nements","item":"https:\/\/saisonsculturelleschaumont.fr\/mdxpuixt\/agenda\/"},{"@type":"ListItem","position":3,"name":"Au carrefour des musiques : la musique, les musiques &#8211; La musique de cin\u00e9ma avant le cin\u00e9maPar Tom Mebarki"}]},{"@type":"WebSite","@id":"https:\/\/saisonsculturelleschaumont.fr\/mdxpuixt\/#website","url":"https:\/\/saisonsculturelleschaumont.fr\/mdxpuixt\/","name":"Les Saisons Culturelles de Chaumont","description":"","potentialAction":[{"@type":"SearchAction","target":{"@type":"EntryPoint","urlTemplate":"https:\/\/saisonsculturelleschaumont.fr\/mdxpuixt\/?s={search_term_string}"},"query-input":"required name=search_term_string"}],"inLanguage":"fr-FR"}]}},"uagb_featured_image_src":{"full":["https:\/\/saisonsculturelleschaumont.fr\/mdxpuixt\/wp-content\/uploads\/2022\/03\/Tom-Mebarki-\u00a9-Richard-Pelletier-e1648562291668.jpg",650,952,false],"thumbnail":["https:\/\/saisonsculturelleschaumont.fr\/mdxpuixt\/wp-content\/uploads\/2022\/03\/Tom-Mebarki-\u00a9-Richard-Pelletier-80x80.jpg",80,80,true],"medium":["https:\/\/saisonsculturelleschaumont.fr\/mdxpuixt\/wp-content\/uploads\/2022\/03\/Tom-Mebarki-\u00a9-Richard-Pelletier-300x300.jpg",300,300,true],"medium_large":["https:\/\/saisonsculturelleschaumont.fr\/mdxpuixt\/wp-content\/uploads\/2022\/03\/Tom-Mebarki-\u00a9-Richard-Pelletier-768x768.jpg",768,768,true],"large":["https:\/\/saisonsculturelleschaumont.fr\/mdxpuixt\/wp-content\/uploads\/2022\/03\/Tom-Mebarki-\u00a9-Richard-Pelletier-1030x1030.jpg",1030,1030,true],"1536x1536":["https:\/\/saisonsculturelleschaumont.fr\/mdxpuixt\/wp-content\/uploads\/2022\/03\/Tom-Mebarki-\u00a9-Richard-Pelletier-1049x1536.jpg",1049,1536,true],"2048x2048":["https:\/\/saisonsculturelleschaumont.fr\/mdxpuixt\/wp-content\/uploads\/2022\/03\/Tom-Mebarki-\u00a9-Richard-Pelletier-e1648562291668.jpg",650,952,false],"widget":["https:\/\/saisonsculturelleschaumont.fr\/mdxpuixt\/wp-content\/uploads\/2022\/03\/Tom-Mebarki-\u00a9-Richard-Pelletier-36x36.jpg",36,36,true],"square":["https:\/\/saisonsculturelleschaumont.fr\/mdxpuixt\/wp-content\/uploads\/2022\/03\/Tom-Mebarki-\u00a9-Richard-Pelletier-180x180.jpg",180,180,true],"featured":["https:\/\/saisonsculturelleschaumont.fr\/mdxpuixt\/wp-content\/uploads\/2022\/03\/Tom-Mebarki-\u00a9-Richard-Pelletier-1093x430.jpg",1093,430,true],"featured_large":["https:\/\/saisonsculturelleschaumont.fr\/mdxpuixt\/wp-content\/uploads\/2022\/03\/Tom-Mebarki-\u00a9-Richard-Pelletier-1093x630.jpg",1093,630,true],"extra_large":["https:\/\/saisonsculturelleschaumont.fr\/mdxpuixt\/wp-content\/uploads\/2022\/03\/Tom-Mebarki-\u00a9-Richard-Pelletier-1025x1500.jpg",1025,1500,true],"portfolio":["https:\/\/saisonsculturelleschaumont.fr\/mdxpuixt\/wp-content\/uploads\/2022\/03\/Tom-Mebarki-\u00a9-Richard-Pelletier-495x400.jpg",495,400,true],"portfolio_small":["https:\/\/saisonsculturelleschaumont.fr\/mdxpuixt\/wp-content\/uploads\/2022\/03\/Tom-Mebarki-\u00a9-Richard-Pelletier-260x185.jpg",260,185,true],"gallery":["https:\/\/saisonsculturelleschaumont.fr\/mdxpuixt\/wp-content\/uploads\/2022\/03\/Tom-Mebarki-\u00a9-Richard-Pelletier-845x684.jpg",845,684,true],"magazine":["https:\/\/saisonsculturelleschaumont.fr\/mdxpuixt\/wp-content\/uploads\/2022\/03\/Tom-Mebarki-\u00a9-Richard-Pelletier-710x375.jpg",710,375,true],"masonry":["https:\/\/saisonsculturelleschaumont.fr\/mdxpuixt\/wp-content\/uploads\/2022\/03\/Tom-Mebarki-\u00a9-Richard-Pelletier-482x705.jpg",482,705,true],"entry_with_sidebar":["https:\/\/saisonsculturelleschaumont.fr\/mdxpuixt\/wp-content\/uploads\/2022\/03\/Tom-Mebarki-\u00a9-Richard-Pelletier-845x321.jpg",845,321,true],"entry_without_sidebar":["https:\/\/saisonsculturelleschaumont.fr\/mdxpuixt\/wp-content\/uploads\/2022\/03\/Tom-Mebarki-\u00a9-Richard-Pelletier-1093x423.jpg",1093,423,true]},"uagb_author_info":{"display_name":"Justine Ansel","author_link":"https:\/\/saisonsculturelleschaumont.fr\/mdxpuixt\/author\/justine-ansel\/"},"uagb_comment_info":0,"uagb_excerpt":"Au carrefour des musiques est une s\u00e9rie de 3 conf\u00e9rences, anim\u00e9es par des sp\u00e9cialistes de la musique propos\u00e9e par Fugue \u00e0 l&rsquo;Op\u00e9ra, et pr\u00e9sent\u00e9e par Marie Henry, en partenariat avec [&hellip;]","_links":{"self":[{"href":"https:\/\/saisonsculturelleschaumont.fr\/mdxpuixt\/wp-json\/wp\/v2\/tribe_events\/8375"}],"collection":[{"href":"https:\/\/saisonsculturelleschaumont.fr\/mdxpuixt\/wp-json\/wp\/v2\/tribe_events"}],"about":[{"href":"https:\/\/saisonsculturelleschaumont.fr\/mdxpuixt\/wp-json\/wp\/v2\/types\/tribe_events"}],"author":[{"embeddable":true,"href":"https:\/\/saisonsculturelleschaumont.fr\/mdxpuixt\/wp-json\/wp\/v2\/users\/3"}],"replies":[{"embeddable":true,"href":"https:\/\/saisonsculturelleschaumont.fr\/mdxpuixt\/wp-json\/wp\/v2\/comments?post=8375"}],"version-history":[{"count":0,"href":"https:\/\/saisonsculturelleschaumont.fr\/mdxpuixt\/wp-json\/wp\/v2\/tribe_events\/8375\/revisions"}],"wp:featuredmedia":[{"embeddable":true,"href":"https:\/\/saisonsculturelleschaumont.fr\/mdxpuixt\/wp-json\/wp\/v2\/media\/8380"}],"wp:attachment":[{"href":"https:\/\/saisonsculturelleschaumont.fr\/mdxpuixt\/wp-json\/wp\/v2\/media?parent=8375"}],"wp:term":[{"taxonomy":"post_tag","embeddable":true,"href":"https:\/\/saisonsculturelleschaumont.fr\/mdxpuixt\/wp-json\/wp\/v2\/tags?post=8375"},{"taxonomy":"tribe_events_cat","embeddable":true,"href":"https:\/\/saisonsculturelleschaumont.fr\/mdxpuixt\/wp-json\/wp\/v2\/tribe_events_cat?post=8375"}],"curies":[{"name":"wp","href":"https:\/\/api.w.org\/{rel}","templated":true}]}}