{"id":8811,"date":"2022-09-13T11:02:04","date_gmt":"2022-09-13T09:02:04","guid":{"rendered":"https:\/\/saisonsculturelleschaumont.fr\/mdxpuixt\/?post_type=tribe_events&#038;p=8811"},"modified":"2022-09-21T15:46:41","modified_gmt":"2022-09-21T13:46:41","slug":"journees-europeennes-du-patrimoine-3","status":"publish","type":"tribe_events","link":"https:\/\/saisonsculturelleschaumont.fr\/mdxpuixt\/evenement\/journees-europeennes-du-patrimoine-3\/","title":{"rendered":"Journ\u00e9es Europ\u00e9ennes du Patrimoine"},"content":{"rendered":"<p>Chaque ann\u00e9e, lors du 3\u00e8me week-end de septembre, d\u00e9couvrez les tr\u00e9sors patrimoniaux de votre ville de mani\u00e8re conviviale et ludique ! Et gratuitement !<\/p>\n<h5>\nPROGRAMME<\/h5>\n<hr \/>\n<h3>\nVENDREDI 16<\/h3>\n<p>10h30 \u2192 19h30<br \/>\nfestival d\u2019art brut\/singulier\/outsider \u2018marche du c\u00f4t\u00e9 sauvage\u2019 des Inou\u00efs Curieux<br \/>\n&gt; l\u2019espace Bouchardon &amp; la maison des Carm\u00e9lites<\/p>\n<p>14h \u2192 19h<br \/>\nsauvegarde de l\u2019ancienne \u00e9cole Sainte Marie par l\u2019Institut du Patrimoine Haut-Marnais<br \/>\n&gt; place de l\u2019Orme &#8211; 19 rue Girardon<\/p>\n<h3>\nSAMEDI 17<\/h3>\n<p>8h30 \u2192 12h<br \/>\ncollecte de sang<br \/>\n&gt; l\u2019H\u00f4tel de Ville (salle du Conseil)<\/p>\n<p>9h \u2192 12h<br \/>\ndistribution de la gazette \u2018le Vieux Bavard\u2019 n\u00b04<br \/>\n&gt; le march\u00e9 couvert<\/p>\n<p>10h, 11h &amp; 14h<br \/>\nvisite comment\u00e9e de l\u2019h\u00f4tel de ville<br \/>\n&gt; l\u2019H\u00f4tel de Ville<\/p>\n<p>10h30 \u2192 19h30<br \/>\nfestival d\u2019art brut\/singulier\/outsider \u2018marche du c\u00f4t\u00e9 sauvage\u2019 des Inou\u00efs Curieux<br \/>\n&gt; l\u2019espace Bouchardon &amp; la maison des Carm\u00e9lites<\/p>\n<p>11h<br \/>\ns\u00e9ance de d\u00e9dicaces avec Julien Delval et de ses jeux de soci\u00e9t\u00e9<br \/>\n&gt; le magasin Temps Libre<\/p>\n<p>11h15<br \/>\nvisite de la chapelle Sainte Madeleine<br \/>\n&gt; le Centre Hospitalier de Chaumont<\/p>\n<p>13h15, 14h15, 15h15 &amp; 16h15<br \/>\nvisite comment\u00e9e des coulisses des Archives D\u00e9partementales &#8211; r\u00e9servation au 03 25 03 33 54<br \/>\n&gt; les Archives D\u00e9partementales de la Haute-Marne<\/p>\n<p>13h30 \u2192 19h<br \/>\nvisites libres du Conseil D\u00e9partemental<br \/>\n&gt; l\u2019H\u00f4tel du D\u00e9partement<\/p>\n<p>13h30, 15h30 &amp; 16h30<br \/>\nvisite guid\u00e9e du Conseil d\u00e9partemental et atelier artistique avec diff\u00e9rents groupes de jeunes par Mixaam<br \/>\n&gt; l\u2019H\u00f4tel du D\u00e9partement<\/p>\n<p>14h, 15h &amp; 16h<br \/>\nvisite guid\u00e9e de la M\u00e9diath\u00e8que D\u00e9partementale de la Haute-Marne<br \/>\n&gt; la M\u00e9diath\u00e8que D\u00e9partementale de la Haute-Marne<\/p>\n<p>14h, 16h, 17h &amp; 18h<br \/>\natelier \u00e9volutif de composition musicale avec interaction et participation du public par Jean-Baptiste Batteault<br \/>\n&gt; l\u2019H\u00f4tel du D\u00e9partement<\/p>\n<p>14h \u2192 15h &amp; 16h \u2192 17h<br \/>\nvisite de la salle des coffres<br \/>\nr\u00e9servation \u00e0 r\u00e9sa@cndg.fr<br \/>\n&gt; le Signe<\/p>\n<p>14h \u2192 19h<br \/>\nvisite libre des mus\u00e9es de Chaumont<br \/>\n&gt; le mus\u00e9e d\u2019art et d\u2019histoire &amp; le mus\u00e9e de la cr\u00e8che<\/p>\n<p>14h \u2192 19h<br \/>\nsauvegarde de l\u2019ancienne \u00e9cole Sainte Marie par l\u2019Institut du Patrimoine Haut-Marnais<br \/>\n&gt; place de l\u2019Orme &#8211; 19 rue Girardon<\/p>\n<p>14h30<br \/>\nspectacle \u2018Go\u00fbtez Gourmand !\u2019<br \/>\npar la Compagnie Th\u00e9\u00e2rto<br \/>\n&gt; l\u2019H\u00f4tel du D\u00e9partement<\/p>\n<p>15h, 16h &amp; 17h<br \/>\nensemble de violes &amp; violoncelle<br \/>\ninterlude 20\u2019 par le Conservatoire de Musique de Chaumont<br \/>\n&gt; le hall de l\u2019H\u00f4tel de Ville<\/p>\n<p>15h \u2192 16h<br \/>\nvisite comment\u00e9e de l\u2019exposition Manga<br \/>\n&gt; le Signe<\/p>\n<p>15h \u2192 18h<br \/>\natelier \u2018le chemin de l\u2019\u00e9criture\u2019 avec Jean Michel Douche<br \/>\n&gt; l\u2019Eglise Protestante Unie de Chaumont &#8211; 7 rue du temple<\/p>\n<p>15h \u2192 18h<br \/>\natelier \u2018\u00c0 vous de jouer avec la Wii U, la Mega Drive et la Mini Super Nes !\u2019<br \/>\n&gt; le Quarante 4 &#8211; 44 rue Fleming<\/p>\n<p>16h, 17h &amp; 18h<br \/>\npr\u00e9sentation in\u00e9dite de six gravures d\u2019apr\u00e8s Edme Bouchardon<br \/>\n&gt; le mus\u00e9e d\u2019art et d\u2019histoire<\/p>\n<p>16h<br \/>\nvernissage de l\u2019exposition \u2018Les Mondes Suspendus de Julien Delval\u2019 en pr\u00e9sence de l\u2019artiste<br \/>\n&gt; la chapelle<\/p>\n<p>16h<br \/>\nvisite guid\u00e9e &lsquo;L&rsquo;eau et des Fontaines \u00e0 Chaumont&rsquo; par l&rsquo;office du tourisme Chaumont Destinations<br \/>\n&gt; l&rsquo;office du tourisme Chaumont Destinations<\/p>\n<p>17h30<br \/>\ns\u00e9ance de d\u00e9dicaces avec Julien Delval<br \/>\n&gt; la librairie Le Pythagore<\/p>\n<p>17h30<br \/>\nvisite guid\u00e9e du Conseil d\u00e9partemental<br \/>\n&gt; l\u2019H\u00f4tel du D\u00e9partement<\/p>\n<p>18h<br \/>\nconcert duos viole\/violoncelle &amp; clavecin par le Conservatoire de Musique de Chaumont<br \/>\n&gt; l\u2019H\u00f4tel de Ville (salle des mariages)<\/p>\n<p>21h \u2192 22h<br \/>\nconcert dessin\u00e9 \u2018Idoles\u2019<br \/>\npar Rosa Han, pianiste &amp; Saehan Parc, illustratrice<br \/>\n&gt; le Signe<\/p>\n<h3>\nDIMANCHE 18<\/h3>\n<p>10h, 11h, 14h &amp; 15h<br \/>\nvisite comment\u00e9e de l\u2019h\u00f4tel de ville<br \/>\n&gt; l\u2019H\u00f4tel de Ville<\/p>\n<p>10h \u2192 19h<br \/>\nvisite libre de la chapelle des J\u00e9suites<br \/>\n&gt; la chapelle<\/p>\n<p>10h, 11h, 14h, 15h, 16h &amp; 17h<br \/>\nvisite comment\u00e9e de l\u2019exposition \u2018Les Mondes Suspendus de Julien Delval\u2019<br \/>\n&gt; la chapelle<\/p>\n<p>10h30 \u2192 19h30<br \/>\nfestival d\u2019art brut\/singulier\/outsider \u2018marche du c\u00f4t\u00e9 sauvage\u2019 des Inou\u00efs Curieux<br \/>\n&gt; l\u2019espace Bouchardon &amp; la maison des Carm\u00e9lites<\/p>\n<p>10h30<br \/>\nvisite guid\u00e9e &lsquo;L&rsquo;eau et des Fontaines \u00e0 Chaumont&rsquo; par l&rsquo;office du tourisme Chaumont Destinations<br \/>\n&gt; l&rsquo;office du tourisme Chaumont Destinations<\/p>\n<p>13h15, 14h15, 15h15 &amp; 16h15<br \/>\nvisite comment\u00e9e des coulisses des Archives D\u00e9partementales r\u00e9servation au 03 25 03 33 54<br \/>\n&gt; les Archives D\u00e9partementales de la Haute-Marne<\/p>\n<p>14h, 15h &amp; 16h<br \/>\nvisite guid\u00e9e de la M\u00e9diath\u00e8que D\u00e9partementale de la Haute-Marne<br \/>\n&gt; la M\u00e9diath\u00e8que D\u00e9partementale de la Haute-Marne<\/p>\n<p>14h \u2192 17h<br \/>\nvisite de la chapelle Sainte Madeleine<br \/>\n&gt; le Centre Hospitalier de Chaumont<\/p>\n<p>14h \u2192 19h<br \/>\nvisite libre des mus\u00e9es de Chaumont<br \/>\n&gt; le mus\u00e9e d\u2019art et d\u2019histoire &amp; le mus\u00e9e de la cr\u00e8che<\/p>\n<p>14h \u2192 19h<br \/>\nsauvegarde de l\u2019ancienne \u00e9cole Sainte Marie par l\u2019Institut du Patrimoine Haut-Marnais<br \/>\n&gt; place de l\u2019Orme &#8211; 19 rue Girardon<\/p>\n<p>14h \u2192 15h &amp; 16h \u2192 17h<br \/>\nvisite de la salle des coffres<br \/>\nr\u00e9servation \u00e0 r\u00e9sa@cndg.fr<br \/>\n&gt; le Signe<\/p>\n<p>14h30 \u2192 16h30<br \/>\natelier participatif avec Vanessa V\u00e9rillon<br \/>\n&gt; le Signe<\/p>\n<p>15h \u2192 16h<br \/>\nvisite comment\u00e9e de l\u2019exposition \u2018Sous le soleil exactement\u2019<br \/>\n&gt; le Signe<\/p>\n<p>16h, 17h &amp; 18h<br \/>\npr\u00e9sentation in\u00e9dite de six gravures d\u2019apr\u00e8s Edme Bouchardon<br \/>\n&gt; le mus\u00e9e d\u2019art et d\u2019histoire<\/p>\n<p>18h30<br \/>\nconcert du groupe Kalaasa &#8211; musique pop\/rock progressif<br \/>\n&gt; la Basilique Saint-Jean Baptiste<\/p>\n<h3>\nTOUT LE WEEK-END<\/h3>\n<p>visite libre du jardin m\u00e9di\u00e9val<br \/>\n&gt; le donjon<\/p>\n<p>balade en clic<br \/>\n\u2018en qu\u00eate des QR codes\u2019<br \/>\n&gt; le centre-ville<\/p>\n","protected":false},"excerpt":{"rendered":"<p>Chaque ann\u00e9e, lors du 3\u00e8me week-end de septembre, d\u00e9couvrez les tr\u00e9sors patrimoniaux de votre ville de mani\u00e8re conviviale et ludique ! Et gratuitement ! PROGRAMME VENDREDI 16 10h30 \u2192 19h30 [&hellip;]<\/p>\n","protected":false},"author":3,"featured_media":8842,"comment_status":"closed","ping_status":"closed","template":"","meta":{"_uag_custom_page_level_css":"","_tribe_events_status":"","_tribe_events_status_reason":""},"tags":[51,145,50,128,129,113,321],"tribe_events_cat":[111],"yoast_head":"<!-- This site is optimized with the Yoast SEO plugin v21.1 - https:\/\/yoast.com\/wordpress\/plugins\/seo\/ -->\n<title>Journ\u00e9es Europ\u00e9ennes du Patrimoine - Les Saisons Culturelles de Chaumont<\/title>\n<meta name=\"description\" content=\"D\u00e9couvrez la programmation culturelle de la saison culturelle de la ville de Chaumont. Expositions, visites, rencontres, ateliers, concerts, spectacles, animations et plus encore.\" \/>\n<meta name=\"robots\" content=\"noindex, follow, max-snippet:-1, max-image-preview:large, max-video-preview:-1\" \/>\n<meta property=\"og:locale\" content=\"fr_FR\" \/>\n<meta property=\"og:type\" content=\"article\" \/>\n<meta property=\"og:title\" content=\"Journ\u00e9es Europ\u00e9ennes du Patrimoine - Les Saisons Culturelles de Chaumont\" \/>\n<meta property=\"og:description\" content=\"D\u00e9couvrez la programmation culturelle de la saison culturelle de la ville de Chaumont. Expositions, visites, rencontres, ateliers, concerts, spectacles, animations et plus encore.\" \/>\n<meta property=\"og:url\" content=\"https:\/\/saisonsculturelleschaumont.fr\/mdxpuixt\/evenement\/journees-europeennes-du-patrimoine-3\/\" \/>\n<meta property=\"og:site_name\" content=\"Les Saisons Culturelles de Chaumont\" \/>\n<meta property=\"article:publisher\" content=\"https:\/\/www.facebook.com\/saisonsculturelleschaumont\/\" \/>\n<meta property=\"article:modified_time\" content=\"2022-09-21T13:46:41+00:00\" \/>\n<meta property=\"og:image\" content=\"https:\/\/saisonsculturelleschaumont.fr\/mdxpuixt\/wp-content\/uploads\/2022\/09\/UNADJUSTEDNONRAW_thumb_a51-e1662975510120.jpg\" \/>\n\t<meta property=\"og:image:width\" content=\"650\" \/>\n\t<meta property=\"og:image:height\" content=\"867\" \/>\n\t<meta property=\"og:image:type\" content=\"image\/jpeg\" \/>\n<meta name=\"twitter:card\" content=\"summary_large_image\" \/>\n<meta name=\"twitter:label1\" content=\"Dur\u00e9e de lecture estim\u00e9e\" \/>\n\t<meta name=\"twitter:data1\" content=\"5 minutes\" \/>\n<script type=\"application\/ld+json\" class=\"yoast-schema-graph\">{\"@context\":\"https:\/\/schema.org\",\"@graph\":[{\"@type\":\"WebPage\",\"@id\":\"https:\/\/saisonsculturelleschaumont.fr\/mdxpuixt\/evenement\/journees-europeennes-du-patrimoine-3\/\",\"url\":\"https:\/\/saisonsculturelleschaumont.fr\/mdxpuixt\/evenement\/journees-europeennes-du-patrimoine-3\/\",\"name\":\"Journ\u00e9es Europ\u00e9ennes du Patrimoine - Les Saisons Culturelles de Chaumont\",\"isPartOf\":{\"@id\":\"https:\/\/saisonsculturelleschaumont.fr\/mdxpuixt\/#website\"},\"datePublished\":\"2022-09-13T09:02:04+00:00\",\"dateModified\":\"2022-09-21T13:46:41+00:00\",\"description\":\"D\u00e9couvrez la programmation culturelle de la saison culturelle de la ville de Chaumont. Expositions, visites, rencontres, ateliers, concerts, spectacles, animations et plus encore.\",\"breadcrumb\":{\"@id\":\"https:\/\/saisonsculturelleschaumont.fr\/mdxpuixt\/evenement\/journees-europeennes-du-patrimoine-3\/#breadcrumb\"},\"inLanguage\":\"fr-FR\",\"potentialAction\":[{\"@type\":\"ReadAction\",\"target\":[\"https:\/\/saisonsculturelleschaumont.fr\/mdxpuixt\/evenement\/journees-europeennes-du-patrimoine-3\/\"]}]},{\"@type\":\"BreadcrumbList\",\"@id\":\"https:\/\/saisonsculturelleschaumont.fr\/mdxpuixt\/evenement\/journees-europeennes-du-patrimoine-3\/#breadcrumb\",\"itemListElement\":[{\"@type\":\"ListItem\",\"position\":1,\"name\":\"Accueil\",\"item\":\"https:\/\/saisonsculturelleschaumont.fr\/mdxpuixt\/\"},{\"@type\":\"ListItem\",\"position\":2,\"name\":\"\u00c9v\u00e8nements\",\"item\":\"https:\/\/saisonsculturelleschaumont.fr\/mdxpuixt\/agenda\/\"},{\"@type\":\"ListItem\",\"position\":3,\"name\":\"Journ\u00e9es Europ\u00e9ennes du Patrimoine\"}]},{\"@type\":\"WebSite\",\"@id\":\"https:\/\/saisonsculturelleschaumont.fr\/mdxpuixt\/#website\",\"url\":\"https:\/\/saisonsculturelleschaumont.fr\/mdxpuixt\/\",\"name\":\"Les Saisons Culturelles de Chaumont\",\"description\":\"\",\"potentialAction\":[{\"@type\":\"SearchAction\",\"target\":{\"@type\":\"EntryPoint\",\"urlTemplate\":\"https:\/\/saisonsculturelleschaumont.fr\/mdxpuixt\/?s={search_term_string}\"},\"query-input\":\"required name=search_term_string\"}],\"inLanguage\":\"fr-FR\"}]}<\/script>\n<!-- \/ Yoast SEO plugin. -->","yoast_head_json":{"title":"Journ\u00e9es Europ\u00e9ennes du Patrimoine - Les Saisons Culturelles de Chaumont","description":"D\u00e9couvrez la programmation culturelle de la saison culturelle de la ville de Chaumont. Expositions, visites, rencontres, ateliers, concerts, spectacles, animations et plus encore.","robots":{"index":"noindex","follow":"follow","max-snippet":"max-snippet:-1","max-image-preview":"max-image-preview:large","max-video-preview":"max-video-preview:-1"},"og_locale":"fr_FR","og_type":"article","og_title":"Journ\u00e9es Europ\u00e9ennes du Patrimoine - Les Saisons Culturelles de Chaumont","og_description":"D\u00e9couvrez la programmation culturelle de la saison culturelle de la ville de Chaumont. Expositions, visites, rencontres, ateliers, concerts, spectacles, animations et plus encore.","og_url":"https:\/\/saisonsculturelleschaumont.fr\/mdxpuixt\/evenement\/journees-europeennes-du-patrimoine-3\/","og_site_name":"Les Saisons Culturelles de Chaumont","article_publisher":"https:\/\/www.facebook.com\/saisonsculturelleschaumont\/","article_modified_time":"2022-09-21T13:46:41+00:00","og_image":[{"width":650,"height":867,"url":"https:\/\/saisonsculturelleschaumont.fr\/mdxpuixt\/wp-content\/uploads\/2022\/09\/UNADJUSTEDNONRAW_thumb_a51-e1662975510120.jpg","type":"image\/jpeg"}],"twitter_card":"summary_large_image","twitter_misc":{"Dur\u00e9e de lecture estim\u00e9e":"5 minutes"},"schema":{"@context":"https:\/\/schema.org","@graph":[{"@type":"WebPage","@id":"https:\/\/saisonsculturelleschaumont.fr\/mdxpuixt\/evenement\/journees-europeennes-du-patrimoine-3\/","url":"https:\/\/saisonsculturelleschaumont.fr\/mdxpuixt\/evenement\/journees-europeennes-du-patrimoine-3\/","name":"Journ\u00e9es Europ\u00e9ennes du Patrimoine - Les Saisons Culturelles de Chaumont","isPartOf":{"@id":"https:\/\/saisonsculturelleschaumont.fr\/mdxpuixt\/#website"},"datePublished":"2022-09-13T09:02:04+00:00","dateModified":"2022-09-21T13:46:41+00:00","description":"D\u00e9couvrez la programmation culturelle de la saison culturelle de la ville de Chaumont. Expositions, visites, rencontres, ateliers, concerts, spectacles, animations et plus encore.","breadcrumb":{"@id":"https:\/\/saisonsculturelleschaumont.fr\/mdxpuixt\/evenement\/journees-europeennes-du-patrimoine-3\/#breadcrumb"},"inLanguage":"fr-FR","potentialAction":[{"@type":"ReadAction","target":["https:\/\/saisonsculturelleschaumont.fr\/mdxpuixt\/evenement\/journees-europeennes-du-patrimoine-3\/"]}]},{"@type":"BreadcrumbList","@id":"https:\/\/saisonsculturelleschaumont.fr\/mdxpuixt\/evenement\/journees-europeennes-du-patrimoine-3\/#breadcrumb","itemListElement":[{"@type":"ListItem","position":1,"name":"Accueil","item":"https:\/\/saisonsculturelleschaumont.fr\/mdxpuixt\/"},{"@type":"ListItem","position":2,"name":"\u00c9v\u00e8nements","item":"https:\/\/saisonsculturelleschaumont.fr\/mdxpuixt\/agenda\/"},{"@type":"ListItem","position":3,"name":"Journ\u00e9es Europ\u00e9ennes du Patrimoine"}]},{"@type":"WebSite","@id":"https:\/\/saisonsculturelleschaumont.fr\/mdxpuixt\/#website","url":"https:\/\/saisonsculturelleschaumont.fr\/mdxpuixt\/","name":"Les Saisons Culturelles de Chaumont","description":"","potentialAction":[{"@type":"SearchAction","target":{"@type":"EntryPoint","urlTemplate":"https:\/\/saisonsculturelleschaumont.fr\/mdxpuixt\/?s={search_term_string}"},"query-input":"required name=search_term_string"}],"inLanguage":"fr-FR"}]}},"uagb_featured_image_src":{"full":["https:\/\/saisonsculturelleschaumont.fr\/mdxpuixt\/wp-content\/uploads\/2022\/09\/UNADJUSTEDNONRAW_thumb_a51-e1662975510120.jpg",650,867,false],"thumbnail":["https:\/\/saisonsculturelleschaumont.fr\/mdxpuixt\/wp-content\/uploads\/2022\/09\/UNADJUSTEDNONRAW_thumb_a51-e1662975510120-80x80.jpg",80,80,true],"medium":["https:\/\/saisonsculturelleschaumont.fr\/mdxpuixt\/wp-content\/uploads\/2022\/09\/UNADJUSTEDNONRAW_thumb_a51-e1662975510120-300x300.jpg",300,300,true],"medium_large":["https:\/\/saisonsculturelleschaumont.fr\/mdxpuixt\/wp-content\/uploads\/2022\/09\/UNADJUSTEDNONRAW_thumb_a51-e1662975510120-650x768.jpg",650,768,true],"large":["https:\/\/saisonsculturelleschaumont.fr\/mdxpuixt\/wp-content\/uploads\/2022\/09\/UNADJUSTEDNONRAW_thumb_a51-e1662975510120.jpg",650,867,false],"1536x1536":["https:\/\/saisonsculturelleschaumont.fr\/mdxpuixt\/wp-content\/uploads\/2022\/09\/UNADJUSTEDNONRAW_thumb_a51-e1662975510120.jpg",650,867,false],"2048x2048":["https:\/\/saisonsculturelleschaumont.fr\/mdxpuixt\/wp-content\/uploads\/2022\/09\/UNADJUSTEDNONRAW_thumb_a51-e1662975510120.jpg",650,867,false],"widget":["https:\/\/saisonsculturelleschaumont.fr\/mdxpuixt\/wp-content\/uploads\/2022\/09\/UNADJUSTEDNONRAW_thumb_a51-e1662975510120-36x36.jpg",36,36,true],"square":["https:\/\/saisonsculturelleschaumont.fr\/mdxpuixt\/wp-content\/uploads\/2022\/09\/UNADJUSTEDNONRAW_thumb_a51-e1662975510120-180x180.jpg",180,180,true],"featured":["https:\/\/saisonsculturelleschaumont.fr\/mdxpuixt\/wp-content\/uploads\/2022\/09\/UNADJUSTEDNONRAW_thumb_a51-e1662975510120-650x430.jpg",650,430,true],"featured_large":["https:\/\/saisonsculturelleschaumont.fr\/mdxpuixt\/wp-content\/uploads\/2022\/09\/UNADJUSTEDNONRAW_thumb_a51-e1662975510120-650x630.jpg",650,630,true],"extra_large":["https:\/\/saisonsculturelleschaumont.fr\/mdxpuixt\/wp-content\/uploads\/2022\/09\/UNADJUSTEDNONRAW_thumb_a51-e1662975510120.jpg",650,867,false],"portfolio":["https:\/\/saisonsculturelleschaumont.fr\/mdxpuixt\/wp-content\/uploads\/2022\/09\/UNADJUSTEDNONRAW_thumb_a51-e1662975510120-495x400.jpg",495,400,true],"portfolio_small":["https:\/\/saisonsculturelleschaumont.fr\/mdxpuixt\/wp-content\/uploads\/2022\/09\/UNADJUSTEDNONRAW_thumb_a51-e1662975510120-260x185.jpg",260,185,true],"gallery":["https:\/\/saisonsculturelleschaumont.fr\/mdxpuixt\/wp-content\/uploads\/2022\/09\/UNADJUSTEDNONRAW_thumb_a51-e1662975510120-650x684.jpg",650,684,true],"magazine":["https:\/\/saisonsculturelleschaumont.fr\/mdxpuixt\/wp-content\/uploads\/2022\/09\/UNADJUSTEDNONRAW_thumb_a51-e1662975510120-650x375.jpg",650,375,true],"masonry":["https:\/\/saisonsculturelleschaumont.fr\/mdxpuixt\/wp-content\/uploads\/2022\/09\/UNADJUSTEDNONRAW_thumb_a51-e1662975510120-529x705.jpg",529,705,true],"entry_with_sidebar":["https:\/\/saisonsculturelleschaumont.fr\/mdxpuixt\/wp-content\/uploads\/2022\/09\/UNADJUSTEDNONRAW_thumb_a51-e1662975510120-650x321.jpg",650,321,true],"entry_without_sidebar":["https:\/\/saisonsculturelleschaumont.fr\/mdxpuixt\/wp-content\/uploads\/2022\/09\/UNADJUSTEDNONRAW_thumb_a51-e1662975510120-650x423.jpg",650,423,true]},"uagb_author_info":{"display_name":"Justine Ansel","author_link":"https:\/\/saisonsculturelleschaumont.fr\/mdxpuixt\/author\/justine-ansel\/"},"uagb_comment_info":0,"uagb_excerpt":"Chaque ann\u00e9e, lors du 3\u00e8me week-end de septembre, d\u00e9couvrez les tr\u00e9sors patrimoniaux de votre ville de mani\u00e8re conviviale et ludique ! Et gratuitement ! PROGRAMME VENDREDI 16 10h30 \u2192 19h30 [&hellip;]","_links":{"self":[{"href":"https:\/\/saisonsculturelleschaumont.fr\/mdxpuixt\/wp-json\/wp\/v2\/tribe_events\/8811"}],"collection":[{"href":"https:\/\/saisonsculturelleschaumont.fr\/mdxpuixt\/wp-json\/wp\/v2\/tribe_events"}],"about":[{"href":"https:\/\/saisonsculturelleschaumont.fr\/mdxpuixt\/wp-json\/wp\/v2\/types\/tribe_events"}],"author":[{"embeddable":true,"href":"https:\/\/saisonsculturelleschaumont.fr\/mdxpuixt\/wp-json\/wp\/v2\/users\/3"}],"replies":[{"embeddable":true,"href":"https:\/\/saisonsculturelleschaumont.fr\/mdxpuixt\/wp-json\/wp\/v2\/comments?post=8811"}],"version-history":[{"count":0,"href":"https:\/\/saisonsculturelleschaumont.fr\/mdxpuixt\/wp-json\/wp\/v2\/tribe_events\/8811\/revisions"}],"wp:featuredmedia":[{"embeddable":true,"href":"https:\/\/saisonsculturelleschaumont.fr\/mdxpuixt\/wp-json\/wp\/v2\/media\/8842"}],"wp:attachment":[{"href":"https:\/\/saisonsculturelleschaumont.fr\/mdxpuixt\/wp-json\/wp\/v2\/media?parent=8811"}],"wp:term":[{"taxonomy":"post_tag","embeddable":true,"href":"https:\/\/saisonsculturelleschaumont.fr\/mdxpuixt\/wp-json\/wp\/v2\/tags?post=8811"},{"taxonomy":"tribe_events_cat","embeddable":true,"href":"https:\/\/saisonsculturelleschaumont.fr\/mdxpuixt\/wp-json\/wp\/v2\/tribe_events_cat?post=8811"}],"curies":[{"name":"wp","href":"https:\/\/api.w.org\/{rel}","templated":true}]}}