{"id":8816,"date":"2022-09-13T10:49:09","date_gmt":"2022-09-13T08:49:09","guid":{"rendered":"https:\/\/saisonsculturelleschaumont.fr\/mdxpuixt\/?post_type=tribe_events&#038;p=8816"},"modified":"2022-12-28T09:23:32","modified_gmt":"2022-12-28T08:23:32","slug":"spectacle-odysseus-de-la-cie-karnavires","status":"publish","type":"tribe_events","link":"https:\/\/saisonsculturelleschaumont.fr\/mdxpuixt\/evenement\/spectacle-odysseus-de-la-cie-karnavires\/","title":{"rendered":"REPORT\u00c9 &#8211; Spectacle &lsquo;Odysseus&rsquo; de la Cie Karnavires"},"content":{"rendered":"<p>ODYSSEUS ou le Voyage Imaginaire est une l\u00e9gende qui retrouve la rue pour faire surgir ces figures du pass\u00e9 qu\u2019il nous faut sans cesse revisiter. Odysseus c\u00f4toie la repr\u00e9sentation, le simulacre et l\u2019extraordinaire, \u00e0 travers des formes \u00e0 la fois modernes et archa\u00efques. Un spectacle total o\u00f9 musique, th\u00e9\u00e2tre et pyrotechnie se mettent au service de cette adaptation onirique de l\u2019Odyss\u00e9e d\u2019Hom\u00e8re.<\/p>\n<p>\u00ab Cette vieille histoire, commence ou continue sur\u00a0les plages de Troie. L\u2019air y est pestilentiel, le soleil\u00a0voil\u00e9 par les fum\u00e9es acres d\u2019une ville qui br\u00fble. Plus\u00a0rien autour d\u2019Ulysse ne semble vivant. Ses souvenirs\u00a0m\u00eames flottent, insaisissables\u00a0Ulysse semble d\u00e9vier de sa route. Est-ce l&rsquo;errance,\u00a0ses impr\u00e9vus, ses souffrances, ses joies qui arrivent au\u00a0hasard ou une lutte obstin\u00e9e de la vie contre les coups\u00a0du sort ?\u00a0Ulysse, c&rsquo;est personne et tout le monde. Ulysse\u00a0c&rsquo;est un peu cette humanit\u00e9 conduite dans une\u00a0\u00e9volution perp\u00e9tuelle par des forces inconnues, dans\u00a0un monde \u00e9nigmatique, proche de l&rsquo;irrationnel \u00bb.<\/p>\n<p>Parcours dans la ville<\/p>\n<p>Entr\u00e9e libre<\/p>\n","protected":false},"excerpt":{"rendered":"<p>ODYSSEUS ou le Voyage Imaginaire est une l\u00e9gende qui retrouve la rue pour faire surgir ces figures du pass\u00e9 qu\u2019il nous faut sans cesse revisiter. Odysseus c\u00f4toie la repr\u00e9sentation, le [&hellip;]<\/p>\n","protected":false},"author":3,"featured_media":8820,"comment_status":"closed","ping_status":"closed","template":"","meta":{"_uag_custom_page_level_css":"","_tribe_events_status":"","_tribe_events_status_reason":""},"tags":[59,328,58],"tribe_events_cat":[44],"yoast_head":"<!-- This site is optimized with the Yoast SEO plugin v21.1 - https:\/\/yoast.com\/wordpress\/plugins\/seo\/ -->\n<title>REPORT\u00c9 - Spectacle &#039;Odysseus&#039; de la Cie Karnavires - Les Saisons Culturelles de Chaumont<\/title>\n<meta name=\"description\" content=\"D\u00e9couvrez la programmation culturelle de la saison culturelle de la ville de Chaumont. Expositions, visites, rencontres, ateliers, concerts, spectacles, animations et plus encore.\" \/>\n<meta name=\"robots\" content=\"noindex, follow, max-snippet:-1, max-image-preview:large, max-video-preview:-1\" \/>\n<meta property=\"og:locale\" content=\"fr_FR\" \/>\n<meta property=\"og:type\" content=\"article\" \/>\n<meta property=\"og:title\" content=\"REPORT\u00c9 - Spectacle &#039;Odysseus&#039; de la Cie Karnavires - Les Saisons Culturelles de Chaumont\" \/>\n<meta property=\"og:description\" content=\"D\u00e9couvrez la programmation culturelle de la saison culturelle de la ville de Chaumont. Expositions, visites, rencontres, ateliers, concerts, spectacles, animations et plus encore.\" \/>\n<meta property=\"og:url\" content=\"https:\/\/saisonsculturelleschaumont.fr\/mdxpuixt\/evenement\/spectacle-odysseus-de-la-cie-karnavires\/\" \/>\n<meta property=\"og:site_name\" content=\"Les Saisons Culturelles de Chaumont\" \/>\n<meta property=\"article:publisher\" content=\"https:\/\/www.facebook.com\/saisonsculturelleschaumont\/\" \/>\n<meta property=\"article:modified_time\" content=\"2022-12-28T08:23:32+00:00\" \/>\n<meta property=\"og:image\" content=\"https:\/\/saisonsculturelleschaumont.fr\/mdxpuixt\/wp-content\/uploads\/2022\/09\/Ody-L.Viatour-11-5-1030x1030.jpg\" \/>\n\t<meta property=\"og:image:width\" content=\"1030\" \/>\n\t<meta property=\"og:image:height\" content=\"1030\" \/>\n\t<meta property=\"og:image:type\" content=\"image\/jpeg\" \/>\n<meta name=\"twitter:card\" content=\"summary_large_image\" \/>\n<meta name=\"twitter:label1\" content=\"Dur\u00e9e de lecture estim\u00e9e\" \/>\n\t<meta name=\"twitter:data1\" content=\"1 minute\" \/>\n<script type=\"application\/ld+json\" class=\"yoast-schema-graph\">{\"@context\":\"https:\/\/schema.org\",\"@graph\":[{\"@type\":\"WebPage\",\"@id\":\"https:\/\/saisonsculturelleschaumont.fr\/mdxpuixt\/evenement\/spectacle-odysseus-de-la-cie-karnavires\/\",\"url\":\"https:\/\/saisonsculturelleschaumont.fr\/mdxpuixt\/evenement\/spectacle-odysseus-de-la-cie-karnavires\/\",\"name\":\"REPORT\u00c9 - Spectacle 'Odysseus' de la Cie Karnavires - Les Saisons Culturelles de Chaumont\",\"isPartOf\":{\"@id\":\"https:\/\/saisonsculturelleschaumont.fr\/mdxpuixt\/#website\"},\"datePublished\":\"2022-09-13T08:49:09+00:00\",\"dateModified\":\"2022-12-28T08:23:32+00:00\",\"description\":\"D\u00e9couvrez la programmation culturelle de la saison culturelle de la ville de Chaumont. Expositions, visites, rencontres, ateliers, concerts, spectacles, animations et plus encore.\",\"breadcrumb\":{\"@id\":\"https:\/\/saisonsculturelleschaumont.fr\/mdxpuixt\/evenement\/spectacle-odysseus-de-la-cie-karnavires\/#breadcrumb\"},\"inLanguage\":\"fr-FR\",\"potentialAction\":[{\"@type\":\"ReadAction\",\"target\":[\"https:\/\/saisonsculturelleschaumont.fr\/mdxpuixt\/evenement\/spectacle-odysseus-de-la-cie-karnavires\/\"]}]},{\"@type\":\"BreadcrumbList\",\"@id\":\"https:\/\/saisonsculturelleschaumont.fr\/mdxpuixt\/evenement\/spectacle-odysseus-de-la-cie-karnavires\/#breadcrumb\",\"itemListElement\":[{\"@type\":\"ListItem\",\"position\":1,\"name\":\"Accueil\",\"item\":\"https:\/\/saisonsculturelleschaumont.fr\/mdxpuixt\/\"},{\"@type\":\"ListItem\",\"position\":2,\"name\":\"\u00c9v\u00e8nements\",\"item\":\"https:\/\/saisonsculturelleschaumont.fr\/mdxpuixt\/agenda\/\"},{\"@type\":\"ListItem\",\"position\":3,\"name\":\"REPORT\u00c9 &#8211; Spectacle &lsquo;Odysseus&rsquo; de la Cie Karnavires\"}]},{\"@type\":\"WebSite\",\"@id\":\"https:\/\/saisonsculturelleschaumont.fr\/mdxpuixt\/#website\",\"url\":\"https:\/\/saisonsculturelleschaumont.fr\/mdxpuixt\/\",\"name\":\"Les Saisons Culturelles de Chaumont\",\"description\":\"\",\"potentialAction\":[{\"@type\":\"SearchAction\",\"target\":{\"@type\":\"EntryPoint\",\"urlTemplate\":\"https:\/\/saisonsculturelleschaumont.fr\/mdxpuixt\/?s={search_term_string}\"},\"query-input\":\"required name=search_term_string\"}],\"inLanguage\":\"fr-FR\"}]}<\/script>\n<!-- \/ Yoast SEO plugin. -->","yoast_head_json":{"title":"REPORT\u00c9 - Spectacle 'Odysseus' de la Cie Karnavires - Les Saisons Culturelles de Chaumont","description":"D\u00e9couvrez la programmation culturelle de la saison culturelle de la ville de Chaumont. Expositions, visites, rencontres, ateliers, concerts, spectacles, animations et plus encore.","robots":{"index":"noindex","follow":"follow","max-snippet":"max-snippet:-1","max-image-preview":"max-image-preview:large","max-video-preview":"max-video-preview:-1"},"og_locale":"fr_FR","og_type":"article","og_title":"REPORT\u00c9 - Spectacle 'Odysseus' de la Cie Karnavires - Les Saisons Culturelles de Chaumont","og_description":"D\u00e9couvrez la programmation culturelle de la saison culturelle de la ville de Chaumont. Expositions, visites, rencontres, ateliers, concerts, spectacles, animations et plus encore.","og_url":"https:\/\/saisonsculturelleschaumont.fr\/mdxpuixt\/evenement\/spectacle-odysseus-de-la-cie-karnavires\/","og_site_name":"Les Saisons Culturelles de Chaumont","article_publisher":"https:\/\/www.facebook.com\/saisonsculturelleschaumont\/","article_modified_time":"2022-12-28T08:23:32+00:00","og_image":[{"width":1030,"height":1030,"url":"https:\/\/saisonsculturelleschaumont.fr\/mdxpuixt\/wp-content\/uploads\/2022\/09\/Ody-L.Viatour-11-5-1030x1030.jpg","type":"image\/jpeg"}],"twitter_card":"summary_large_image","twitter_misc":{"Dur\u00e9e de lecture estim\u00e9e":"1 minute"},"schema":{"@context":"https:\/\/schema.org","@graph":[{"@type":"WebPage","@id":"https:\/\/saisonsculturelleschaumont.fr\/mdxpuixt\/evenement\/spectacle-odysseus-de-la-cie-karnavires\/","url":"https:\/\/saisonsculturelleschaumont.fr\/mdxpuixt\/evenement\/spectacle-odysseus-de-la-cie-karnavires\/","name":"REPORT\u00c9 - Spectacle 'Odysseus' de la Cie Karnavires - Les Saisons Culturelles de Chaumont","isPartOf":{"@id":"https:\/\/saisonsculturelleschaumont.fr\/mdxpuixt\/#website"},"datePublished":"2022-09-13T08:49:09+00:00","dateModified":"2022-12-28T08:23:32+00:00","description":"D\u00e9couvrez la programmation culturelle de la saison culturelle de la ville de Chaumont. Expositions, visites, rencontres, ateliers, concerts, spectacles, animations et plus encore.","breadcrumb":{"@id":"https:\/\/saisonsculturelleschaumont.fr\/mdxpuixt\/evenement\/spectacle-odysseus-de-la-cie-karnavires\/#breadcrumb"},"inLanguage":"fr-FR","potentialAction":[{"@type":"ReadAction","target":["https:\/\/saisonsculturelleschaumont.fr\/mdxpuixt\/evenement\/spectacle-odysseus-de-la-cie-karnavires\/"]}]},{"@type":"BreadcrumbList","@id":"https:\/\/saisonsculturelleschaumont.fr\/mdxpuixt\/evenement\/spectacle-odysseus-de-la-cie-karnavires\/#breadcrumb","itemListElement":[{"@type":"ListItem","position":1,"name":"Accueil","item":"https:\/\/saisonsculturelleschaumont.fr\/mdxpuixt\/"},{"@type":"ListItem","position":2,"name":"\u00c9v\u00e8nements","item":"https:\/\/saisonsculturelleschaumont.fr\/mdxpuixt\/agenda\/"},{"@type":"ListItem","position":3,"name":"REPORT\u00c9 &#8211; Spectacle &lsquo;Odysseus&rsquo; de la Cie Karnavires"}]},{"@type":"WebSite","@id":"https:\/\/saisonsculturelleschaumont.fr\/mdxpuixt\/#website","url":"https:\/\/saisonsculturelleschaumont.fr\/mdxpuixt\/","name":"Les Saisons Culturelles de Chaumont","description":"","potentialAction":[{"@type":"SearchAction","target":{"@type":"EntryPoint","urlTemplate":"https:\/\/saisonsculturelleschaumont.fr\/mdxpuixt\/?s={search_term_string}"},"query-input":"required name=search_term_string"}],"inLanguage":"fr-FR"}]}},"uagb_featured_image_src":{"full":["https:\/\/saisonsculturelleschaumont.fr\/mdxpuixt\/wp-content\/uploads\/2022\/09\/Ody-L.Viatour-11-5-scaled-e1662975413369.jpg",650,433,false],"thumbnail":["https:\/\/saisonsculturelleschaumont.fr\/mdxpuixt\/wp-content\/uploads\/2022\/09\/Ody-L.Viatour-11-5-scaled-e1662975413369-80x80.jpg",80,80,true],"medium":["https:\/\/saisonsculturelleschaumont.fr\/mdxpuixt\/wp-content\/uploads\/2022\/09\/Ody-L.Viatour-11-5-scaled-e1662975413369-300x300.jpg",300,300,true],"medium_large":["https:\/\/saisonsculturelleschaumont.fr\/mdxpuixt\/wp-content\/uploads\/2022\/09\/Ody-L.Viatour-11-5-768x768.jpg",768,768,true],"large":["https:\/\/saisonsculturelleschaumont.fr\/mdxpuixt\/wp-content\/uploads\/2022\/09\/Ody-L.Viatour-11-5-1030x1030.jpg",1030,1030,true],"1536x1536":["https:\/\/saisonsculturelleschaumont.fr\/mdxpuixt\/wp-content\/uploads\/2022\/09\/Ody-L.Viatour-11-5-1536x1024.jpg",1536,1024,true],"2048x2048":["https:\/\/saisonsculturelleschaumont.fr\/mdxpuixt\/wp-content\/uploads\/2022\/09\/Ody-L.Viatour-11-5-2048x1365.jpg",2048,1365,true],"widget":["https:\/\/saisonsculturelleschaumont.fr\/mdxpuixt\/wp-content\/uploads\/2022\/09\/Ody-L.Viatour-11-5-scaled-e1662975413369-36x36.jpg",36,36,true],"square":["https:\/\/saisonsculturelleschaumont.fr\/mdxpuixt\/wp-content\/uploads\/2022\/09\/Ody-L.Viatour-11-5-scaled-e1662975413369-180x180.jpg",180,180,true],"featured":["https:\/\/saisonsculturelleschaumont.fr\/mdxpuixt\/wp-content\/uploads\/2022\/09\/Ody-L.Viatour-11-5-scaled-e1662975413369-650x430.jpg",650,430,true],"featured_large":["https:\/\/saisonsculturelleschaumont.fr\/mdxpuixt\/wp-content\/uploads\/2022\/09\/Ody-L.Viatour-11-5-1500x630.jpg",1500,630,true],"extra_large":["https:\/\/saisonsculturelleschaumont.fr\/mdxpuixt\/wp-content\/uploads\/2022\/09\/Ody-L.Viatour-11-5-1500x1000.jpg",1500,1000,true],"portfolio":["https:\/\/saisonsculturelleschaumont.fr\/mdxpuixt\/wp-content\/uploads\/2022\/09\/Ody-L.Viatour-11-5-scaled-e1662975413369-495x400.jpg",495,400,true],"portfolio_small":["https:\/\/saisonsculturelleschaumont.fr\/mdxpuixt\/wp-content\/uploads\/2022\/09\/Ody-L.Viatour-11-5-scaled-e1662975413369-260x185.jpg",260,185,true],"gallery":["https:\/\/saisonsculturelleschaumont.fr\/mdxpuixt\/wp-content\/uploads\/2022\/09\/Ody-L.Viatour-11-5-845x684.jpg",845,684,true],"magazine":["https:\/\/saisonsculturelleschaumont.fr\/mdxpuixt\/wp-content\/uploads\/2022\/09\/Ody-L.Viatour-11-5-scaled-e1662975413369-650x375.jpg",650,375,true],"masonry":["https:\/\/saisonsculturelleschaumont.fr\/mdxpuixt\/wp-content\/uploads\/2022\/09\/Ody-L.Viatour-11-5-705x470.jpg",705,470,true],"entry_with_sidebar":["https:\/\/saisonsculturelleschaumont.fr\/mdxpuixt\/wp-content\/uploads\/2022\/09\/Ody-L.Viatour-11-5-scaled-e1662975413369-650x321.jpg",650,321,true],"entry_without_sidebar":["https:\/\/saisonsculturelleschaumont.fr\/mdxpuixt\/wp-content\/uploads\/2022\/09\/Ody-L.Viatour-11-5-scaled-e1662975413369-650x423.jpg",650,423,true]},"uagb_author_info":{"display_name":"Justine Ansel","author_link":"https:\/\/saisonsculturelleschaumont.fr\/mdxpuixt\/author\/justine-ansel\/"},"uagb_comment_info":0,"uagb_excerpt":"ODYSSEUS ou le Voyage Imaginaire est une l\u00e9gende qui retrouve la rue pour faire surgir ces figures du pass\u00e9 qu\u2019il nous faut sans cesse revisiter. Odysseus c\u00f4toie la repr\u00e9sentation, le [&hellip;]","_links":{"self":[{"href":"https:\/\/saisonsculturelleschaumont.fr\/mdxpuixt\/wp-json\/wp\/v2\/tribe_events\/8816"}],"collection":[{"href":"https:\/\/saisonsculturelleschaumont.fr\/mdxpuixt\/wp-json\/wp\/v2\/tribe_events"}],"about":[{"href":"https:\/\/saisonsculturelleschaumont.fr\/mdxpuixt\/wp-json\/wp\/v2\/types\/tribe_events"}],"author":[{"embeddable":true,"href":"https:\/\/saisonsculturelleschaumont.fr\/mdxpuixt\/wp-json\/wp\/v2\/users\/3"}],"replies":[{"embeddable":true,"href":"https:\/\/saisonsculturelleschaumont.fr\/mdxpuixt\/wp-json\/wp\/v2\/comments?post=8816"}],"version-history":[{"count":0,"href":"https:\/\/saisonsculturelleschaumont.fr\/mdxpuixt\/wp-json\/wp\/v2\/tribe_events\/8816\/revisions"}],"wp:featuredmedia":[{"embeddable":true,"href":"https:\/\/saisonsculturelleschaumont.fr\/mdxpuixt\/wp-json\/wp\/v2\/media\/8820"}],"wp:attachment":[{"href":"https:\/\/saisonsculturelleschaumont.fr\/mdxpuixt\/wp-json\/wp\/v2\/media?parent=8816"}],"wp:term":[{"taxonomy":"post_tag","embeddable":true,"href":"https:\/\/saisonsculturelleschaumont.fr\/mdxpuixt\/wp-json\/wp\/v2\/tags?post=8816"},{"taxonomy":"tribe_events_cat","embeddable":true,"href":"https:\/\/saisonsculturelleschaumont.fr\/mdxpuixt\/wp-json\/wp\/v2\/tribe_events_cat?post=8816"}],"curies":[{"name":"wp","href":"https:\/\/api.w.org\/{rel}","templated":true}]}}