{"id":8890,"date":"2022-09-13T16:56:50","date_gmt":"2022-09-13T14:56:50","guid":{"rendered":"https:\/\/saisonsculturelleschaumont.fr\/mdxpuixt\/?post_type=tribe_events&#038;p=8890"},"modified":"2022-09-21T15:46:37","modified_gmt":"2022-09-21T13:46:37","slug":"journees-europeennes-du-patrimoine-visite-atelier-pour-les-6-12-ans-la-main-a-la-pate-creation-dun-bas-relief-en-modelage","status":"publish","type":"tribe_events","link":"https:\/\/saisonsculturelleschaumont.fr\/mdxpuixt\/evenement\/journees-europeennes-du-patrimoine-visite-atelier-pour-les-6-12-ans-la-main-a-la-pate-creation-dun-bas-relief-en-modelage\/","title":{"rendered":"Journ\u00e9es europ\u00e9ennes du Patrimoine. Visite-atelier pour les 6-12 ans. La main \u00e0 la p\u00e2te ! Cr\u00e9ation d\u2019un bas-relief en modelage"},"content":{"rendered":"<p>VISITE-ATELIER POUR LES 6-12 ANS &lsquo;La main \u00e0 la p\u00e2te !&rsquo;<br \/>\nCr\u00e9ation d\u2019un bas-relief en modelage<\/p>\n<p>\u00c0 l\u2019approche des Journ\u00e9es europ\u00e9ennes du patrimoine, le Mus\u00e9e d\u2019Art et d\u2019Histoire propose aux enfants de d\u00e9couvrir la technique du bas-relief en s\u2019inspirant des fragments du tombeau d\u2019Autreville-sur-la-Renne dont les quatre seuls \u00e9l\u00e9ments connus sont actuellement pr\u00e9sent\u00e9s au Mus\u00e9e de Chaumont gr\u00e2ce \u00e0 un partenariat exceptionnel avec le Mus\u00e9e de Dijon et la Fondation Gandur pour l\u2019Art (Gen\u00e8ve). Aplanir, creuser, rouler, faire des serpentins avec de la p\u00e2te, les enfants cr\u00e9ent un personnage en costume dans un d\u00e9cor m\u00e9di\u00e9val.<\/p>\n<p>Dur\u00e9e : 2h <\/p>\n<p>Tarif : 4 euros par enfant <\/p>\n<p>N\u00e9cessite la pr\u00e9sence d\u2019un accompagnateur<\/p>\n<p>Places limit\u00e9es<\/p>\n<p>Sur r\u00e9servation au 03.25.03.86.99\/ cmartel@ville-chaumont.fr<\/p>\n","protected":false},"excerpt":{"rendered":"<p>VISITE-ATELIER POUR LES 6-12 ANS &lsquo;La main \u00e0 la p\u00e2te !&rsquo; Cr\u00e9ation d\u2019un bas-relief en modelage \u00c0 l\u2019approche des Journ\u00e9es europ\u00e9ennes du patrimoine, le Mus\u00e9e d\u2019Art et d\u2019Histoire propose aux [&hellip;]<\/p>\n","protected":false},"author":3,"featured_media":8920,"comment_status":"closed","ping_status":"closed","template":"","meta":{"_uag_custom_page_level_css":"","_tribe_events_status":"","_tribe_events_status_reason":""},"tags":[115,135,117],"tribe_events_cat":[217],"yoast_head":"<!-- This site is optimized with the Yoast SEO plugin v21.1 - https:\/\/yoast.com\/wordpress\/plugins\/seo\/ -->\n<title>Journ\u00e9es europ\u00e9ennes du Patrimoine. Visite-atelier pour les 6-12 ans. La main \u00e0 la p\u00e2te ! Cr\u00e9ation d\u2019un bas-relief en modelage - Les Saisons Culturelles de Chaumont<\/title>\n<meta name=\"description\" content=\"D\u00e9couvrez la programmation culturelle de la saison culturelle de la ville de Chaumont. Expositions, visites, rencontres, ateliers, concerts, spectacles, animations et plus encore.\" \/>\n<meta name=\"robots\" content=\"noindex, follow, max-snippet:-1, max-image-preview:large, max-video-preview:-1\" \/>\n<meta property=\"og:locale\" content=\"fr_FR\" \/>\n<meta property=\"og:type\" content=\"article\" \/>\n<meta property=\"og:title\" content=\"Journ\u00e9es europ\u00e9ennes du Patrimoine. Visite-atelier pour les 6-12 ans. La main \u00e0 la p\u00e2te ! Cr\u00e9ation d\u2019un bas-relief en modelage - Les Saisons Culturelles de Chaumont\" \/>\n<meta property=\"og:description\" content=\"D\u00e9couvrez la programmation culturelle de la saison culturelle de la ville de Chaumont. Expositions, visites, rencontres, ateliers, concerts, spectacles, animations et plus encore.\" \/>\n<meta property=\"og:url\" content=\"https:\/\/saisonsculturelleschaumont.fr\/mdxpuixt\/evenement\/journees-europeennes-du-patrimoine-visite-atelier-pour-les-6-12-ans-la-main-a-la-pate-creation-dun-bas-relief-en-modelage\/\" \/>\n<meta property=\"og:site_name\" content=\"Les Saisons Culturelles de Chaumont\" \/>\n<meta property=\"article:publisher\" content=\"https:\/\/www.facebook.com\/saisonsculturelleschaumont\/\" \/>\n<meta property=\"article:modified_time\" content=\"2022-09-21T13:46:37+00:00\" \/>\n<meta property=\"og:image\" content=\"https:\/\/saisonsculturelleschaumont.fr\/mdxpuixt\/wp-content\/uploads\/2022\/09\/JdP_Musees-de-Chaumont_Atelier-enfants_-La-main-a-la-pate-1030x1030.jpg\" \/>\n\t<meta property=\"og:image:width\" content=\"1030\" \/>\n\t<meta property=\"og:image:height\" content=\"1030\" \/>\n\t<meta property=\"og:image:type\" content=\"image\/jpeg\" \/>\n<meta name=\"twitter:card\" content=\"summary_large_image\" \/>\n<meta name=\"twitter:label1\" content=\"Dur\u00e9e de lecture estim\u00e9e\" \/>\n\t<meta name=\"twitter:data1\" content=\"1 minute\" \/>\n<script type=\"application\/ld+json\" class=\"yoast-schema-graph\">{\"@context\":\"https:\/\/schema.org\",\"@graph\":[{\"@type\":\"WebPage\",\"@id\":\"https:\/\/saisonsculturelleschaumont.fr\/mdxpuixt\/evenement\/journees-europeennes-du-patrimoine-visite-atelier-pour-les-6-12-ans-la-main-a-la-pate-creation-dun-bas-relief-en-modelage\/\",\"url\":\"https:\/\/saisonsculturelleschaumont.fr\/mdxpuixt\/evenement\/journees-europeennes-du-patrimoine-visite-atelier-pour-les-6-12-ans-la-main-a-la-pate-creation-dun-bas-relief-en-modelage\/\",\"name\":\"Journ\u00e9es europ\u00e9ennes du Patrimoine. Visite-atelier pour les 6-12 ans. La main \u00e0 la p\u00e2te ! Cr\u00e9ation d\u2019un bas-relief en modelage - Les Saisons Culturelles de Chaumont\",\"isPartOf\":{\"@id\":\"https:\/\/saisonsculturelleschaumont.fr\/mdxpuixt\/#website\"},\"datePublished\":\"2022-09-13T14:56:50+00:00\",\"dateModified\":\"2022-09-21T13:46:37+00:00\",\"description\":\"D\u00e9couvrez la programmation culturelle de la saison culturelle de la ville de Chaumont. Expositions, visites, rencontres, ateliers, concerts, spectacles, animations et plus encore.\",\"breadcrumb\":{\"@id\":\"https:\/\/saisonsculturelleschaumont.fr\/mdxpuixt\/evenement\/journees-europeennes-du-patrimoine-visite-atelier-pour-les-6-12-ans-la-main-a-la-pate-creation-dun-bas-relief-en-modelage\/#breadcrumb\"},\"inLanguage\":\"fr-FR\",\"potentialAction\":[{\"@type\":\"ReadAction\",\"target\":[\"https:\/\/saisonsculturelleschaumont.fr\/mdxpuixt\/evenement\/journees-europeennes-du-patrimoine-visite-atelier-pour-les-6-12-ans-la-main-a-la-pate-creation-dun-bas-relief-en-modelage\/\"]}]},{\"@type\":\"BreadcrumbList\",\"@id\":\"https:\/\/saisonsculturelleschaumont.fr\/mdxpuixt\/evenement\/journees-europeennes-du-patrimoine-visite-atelier-pour-les-6-12-ans-la-main-a-la-pate-creation-dun-bas-relief-en-modelage\/#breadcrumb\",\"itemListElement\":[{\"@type\":\"ListItem\",\"position\":1,\"name\":\"Accueil\",\"item\":\"https:\/\/saisonsculturelleschaumont.fr\/mdxpuixt\/\"},{\"@type\":\"ListItem\",\"position\":2,\"name\":\"\u00c9v\u00e8nements\",\"item\":\"https:\/\/saisonsculturelleschaumont.fr\/mdxpuixt\/agenda\/\"},{\"@type\":\"ListItem\",\"position\":3,\"name\":\"Journ\u00e9es europ\u00e9ennes du Patrimoine. Visite-atelier pour les 6-12 ans. La main \u00e0 la p\u00e2te ! Cr\u00e9ation d\u2019un bas-relief en modelage\"}]},{\"@type\":\"WebSite\",\"@id\":\"https:\/\/saisonsculturelleschaumont.fr\/mdxpuixt\/#website\",\"url\":\"https:\/\/saisonsculturelleschaumont.fr\/mdxpuixt\/\",\"name\":\"Les Saisons Culturelles de Chaumont\",\"description\":\"\",\"potentialAction\":[{\"@type\":\"SearchAction\",\"target\":{\"@type\":\"EntryPoint\",\"urlTemplate\":\"https:\/\/saisonsculturelleschaumont.fr\/mdxpuixt\/?s={search_term_string}\"},\"query-input\":\"required name=search_term_string\"}],\"inLanguage\":\"fr-FR\"}]}<\/script>\n<!-- \/ Yoast SEO plugin. -->","yoast_head_json":{"title":"Journ\u00e9es europ\u00e9ennes du Patrimoine. Visite-atelier pour les 6-12 ans. La main \u00e0 la p\u00e2te ! Cr\u00e9ation d\u2019un bas-relief en modelage - Les Saisons Culturelles de Chaumont","description":"D\u00e9couvrez la programmation culturelle de la saison culturelle de la ville de Chaumont. Expositions, visites, rencontres, ateliers, concerts, spectacles, animations et plus encore.","robots":{"index":"noindex","follow":"follow","max-snippet":"max-snippet:-1","max-image-preview":"max-image-preview:large","max-video-preview":"max-video-preview:-1"},"og_locale":"fr_FR","og_type":"article","og_title":"Journ\u00e9es europ\u00e9ennes du Patrimoine. Visite-atelier pour les 6-12 ans. La main \u00e0 la p\u00e2te ! Cr\u00e9ation d\u2019un bas-relief en modelage - Les Saisons Culturelles de Chaumont","og_description":"D\u00e9couvrez la programmation culturelle de la saison culturelle de la ville de Chaumont. Expositions, visites, rencontres, ateliers, concerts, spectacles, animations et plus encore.","og_url":"https:\/\/saisonsculturelleschaumont.fr\/mdxpuixt\/evenement\/journees-europeennes-du-patrimoine-visite-atelier-pour-les-6-12-ans-la-main-a-la-pate-creation-dun-bas-relief-en-modelage\/","og_site_name":"Les Saisons Culturelles de Chaumont","article_publisher":"https:\/\/www.facebook.com\/saisonsculturelleschaumont\/","article_modified_time":"2022-09-21T13:46:37+00:00","og_image":[{"width":1030,"height":1030,"url":"https:\/\/saisonsculturelleschaumont.fr\/mdxpuixt\/wp-content\/uploads\/2022\/09\/JdP_Musees-de-Chaumont_Atelier-enfants_-La-main-a-la-pate-1030x1030.jpg","type":"image\/jpeg"}],"twitter_card":"summary_large_image","twitter_misc":{"Dur\u00e9e de lecture estim\u00e9e":"1 minute"},"schema":{"@context":"https:\/\/schema.org","@graph":[{"@type":"WebPage","@id":"https:\/\/saisonsculturelleschaumont.fr\/mdxpuixt\/evenement\/journees-europeennes-du-patrimoine-visite-atelier-pour-les-6-12-ans-la-main-a-la-pate-creation-dun-bas-relief-en-modelage\/","url":"https:\/\/saisonsculturelleschaumont.fr\/mdxpuixt\/evenement\/journees-europeennes-du-patrimoine-visite-atelier-pour-les-6-12-ans-la-main-a-la-pate-creation-dun-bas-relief-en-modelage\/","name":"Journ\u00e9es europ\u00e9ennes du Patrimoine. Visite-atelier pour les 6-12 ans. La main \u00e0 la p\u00e2te ! Cr\u00e9ation d\u2019un bas-relief en modelage - Les Saisons Culturelles de Chaumont","isPartOf":{"@id":"https:\/\/saisonsculturelleschaumont.fr\/mdxpuixt\/#website"},"datePublished":"2022-09-13T14:56:50+00:00","dateModified":"2022-09-21T13:46:37+00:00","description":"D\u00e9couvrez la programmation culturelle de la saison culturelle de la ville de Chaumont. Expositions, visites, rencontres, ateliers, concerts, spectacles, animations et plus encore.","breadcrumb":{"@id":"https:\/\/saisonsculturelleschaumont.fr\/mdxpuixt\/evenement\/journees-europeennes-du-patrimoine-visite-atelier-pour-les-6-12-ans-la-main-a-la-pate-creation-dun-bas-relief-en-modelage\/#breadcrumb"},"inLanguage":"fr-FR","potentialAction":[{"@type":"ReadAction","target":["https:\/\/saisonsculturelleschaumont.fr\/mdxpuixt\/evenement\/journees-europeennes-du-patrimoine-visite-atelier-pour-les-6-12-ans-la-main-a-la-pate-creation-dun-bas-relief-en-modelage\/"]}]},{"@type":"BreadcrumbList","@id":"https:\/\/saisonsculturelleschaumont.fr\/mdxpuixt\/evenement\/journees-europeennes-du-patrimoine-visite-atelier-pour-les-6-12-ans-la-main-a-la-pate-creation-dun-bas-relief-en-modelage\/#breadcrumb","itemListElement":[{"@type":"ListItem","position":1,"name":"Accueil","item":"https:\/\/saisonsculturelleschaumont.fr\/mdxpuixt\/"},{"@type":"ListItem","position":2,"name":"\u00c9v\u00e8nements","item":"https:\/\/saisonsculturelleschaumont.fr\/mdxpuixt\/agenda\/"},{"@type":"ListItem","position":3,"name":"Journ\u00e9es europ\u00e9ennes du Patrimoine. Visite-atelier pour les 6-12 ans. La main \u00e0 la p\u00e2te ! Cr\u00e9ation d\u2019un bas-relief en modelage"}]},{"@type":"WebSite","@id":"https:\/\/saisonsculturelleschaumont.fr\/mdxpuixt\/#website","url":"https:\/\/saisonsculturelleschaumont.fr\/mdxpuixt\/","name":"Les Saisons Culturelles de Chaumont","description":"","potentialAction":[{"@type":"SearchAction","target":{"@type":"EntryPoint","urlTemplate":"https:\/\/saisonsculturelleschaumont.fr\/mdxpuixt\/?s={search_term_string}"},"query-input":"required name=search_term_string"}],"inLanguage":"fr-FR"}]}},"uagb_featured_image_src":{"full":["https:\/\/saisonsculturelleschaumont.fr\/mdxpuixt\/wp-content\/uploads\/2022\/09\/JdP_Musees-de-Chaumont_Atelier-enfants_-La-main-a-la-pate-scaled-e1663079783521.jpg",650,867,false],"thumbnail":["https:\/\/saisonsculturelleschaumont.fr\/mdxpuixt\/wp-content\/uploads\/2022\/09\/JdP_Musees-de-Chaumont_Atelier-enfants_-La-main-a-la-pate-scaled-e1663079783521-80x80.jpg",80,80,true],"medium":["https:\/\/saisonsculturelleschaumont.fr\/mdxpuixt\/wp-content\/uploads\/2022\/09\/JdP_Musees-de-Chaumont_Atelier-enfants_-La-main-a-la-pate-scaled-e1663079783521-300x300.jpg",300,300,true],"medium_large":["https:\/\/saisonsculturelleschaumont.fr\/mdxpuixt\/wp-content\/uploads\/2022\/09\/JdP_Musees-de-Chaumont_Atelier-enfants_-La-main-a-la-pate-scaled-e1663079783521-650x768.jpg",650,768,true],"large":["https:\/\/saisonsculturelleschaumont.fr\/mdxpuixt\/wp-content\/uploads\/2022\/09\/JdP_Musees-de-Chaumont_Atelier-enfants_-La-main-a-la-pate-1030x1030.jpg",1030,1030,true],"1536x1536":["https:\/\/saisonsculturelleschaumont.fr\/mdxpuixt\/wp-content\/uploads\/2022\/09\/JdP_Musees-de-Chaumont_Atelier-enfants_-La-main-a-la-pate-1152x1536.jpg",1152,1536,true],"2048x2048":["https:\/\/saisonsculturelleschaumont.fr\/mdxpuixt\/wp-content\/uploads\/2022\/09\/JdP_Musees-de-Chaumont_Atelier-enfants_-La-main-a-la-pate-1536x2048.jpg",1536,2048,true],"widget":["https:\/\/saisonsculturelleschaumont.fr\/mdxpuixt\/wp-content\/uploads\/2022\/09\/JdP_Musees-de-Chaumont_Atelier-enfants_-La-main-a-la-pate-scaled-e1663079783521-36x36.jpg",36,36,true],"square":["https:\/\/saisonsculturelleschaumont.fr\/mdxpuixt\/wp-content\/uploads\/2022\/09\/JdP_Musees-de-Chaumont_Atelier-enfants_-La-main-a-la-pate-scaled-e1663079783521-180x180.jpg",180,180,true],"featured":["https:\/\/saisonsculturelleschaumont.fr\/mdxpuixt\/wp-content\/uploads\/2022\/09\/JdP_Musees-de-Chaumont_Atelier-enfants_-La-main-a-la-pate-scaled-e1663079783521-650x430.jpg",650,430,true],"featured_large":["https:\/\/saisonsculturelleschaumont.fr\/mdxpuixt\/wp-content\/uploads\/2022\/09\/JdP_Musees-de-Chaumont_Atelier-enfants_-La-main-a-la-pate-scaled-e1663079783521-650x630.jpg",650,630,true],"extra_large":["https:\/\/saisonsculturelleschaumont.fr\/mdxpuixt\/wp-content\/uploads\/2022\/09\/JdP_Musees-de-Chaumont_Atelier-enfants_-La-main-a-la-pate-1125x1500.jpg",1125,1500,true],"portfolio":["https:\/\/saisonsculturelleschaumont.fr\/mdxpuixt\/wp-content\/uploads\/2022\/09\/JdP_Musees-de-Chaumont_Atelier-enfants_-La-main-a-la-pate-scaled-e1663079783521-495x400.jpg",495,400,true],"portfolio_small":["https:\/\/saisonsculturelleschaumont.fr\/mdxpuixt\/wp-content\/uploads\/2022\/09\/JdP_Musees-de-Chaumont_Atelier-enfants_-La-main-a-la-pate-scaled-e1663079783521-260x185.jpg",260,185,true],"gallery":["https:\/\/saisonsculturelleschaumont.fr\/mdxpuixt\/wp-content\/uploads\/2022\/09\/JdP_Musees-de-Chaumont_Atelier-enfants_-La-main-a-la-pate-scaled-e1663079783521-650x684.jpg",650,684,true],"magazine":["https:\/\/saisonsculturelleschaumont.fr\/mdxpuixt\/wp-content\/uploads\/2022\/09\/JdP_Musees-de-Chaumont_Atelier-enfants_-La-main-a-la-pate-scaled-e1663079783521-650x375.jpg",650,375,true],"masonry":["https:\/\/saisonsculturelleschaumont.fr\/mdxpuixt\/wp-content\/uploads\/2022\/09\/JdP_Musees-de-Chaumont_Atelier-enfants_-La-main-a-la-pate-scaled-e1663079783521-529x705.jpg",529,705,true],"entry_with_sidebar":["https:\/\/saisonsculturelleschaumont.fr\/mdxpuixt\/wp-content\/uploads\/2022\/09\/JdP_Musees-de-Chaumont_Atelier-enfants_-La-main-a-la-pate-scaled-e1663079783521-650x321.jpg",650,321,true],"entry_without_sidebar":["https:\/\/saisonsculturelleschaumont.fr\/mdxpuixt\/wp-content\/uploads\/2022\/09\/JdP_Musees-de-Chaumont_Atelier-enfants_-La-main-a-la-pate-scaled-e1663079783521-650x423.jpg",650,423,true]},"uagb_author_info":{"display_name":"Justine Ansel","author_link":"https:\/\/saisonsculturelleschaumont.fr\/mdxpuixt\/author\/justine-ansel\/"},"uagb_comment_info":0,"uagb_excerpt":"VISITE-ATELIER POUR LES 6-12 ANS &lsquo;La main \u00e0 la p\u00e2te !&rsquo; Cr\u00e9ation d\u2019un bas-relief en modelage \u00c0 l\u2019approche des Journ\u00e9es europ\u00e9ennes du patrimoine, le Mus\u00e9e d\u2019Art et d\u2019Histoire propose aux [&hellip;]","_links":{"self":[{"href":"https:\/\/saisonsculturelleschaumont.fr\/mdxpuixt\/wp-json\/wp\/v2\/tribe_events\/8890"}],"collection":[{"href":"https:\/\/saisonsculturelleschaumont.fr\/mdxpuixt\/wp-json\/wp\/v2\/tribe_events"}],"about":[{"href":"https:\/\/saisonsculturelleschaumont.fr\/mdxpuixt\/wp-json\/wp\/v2\/types\/tribe_events"}],"author":[{"embeddable":true,"href":"https:\/\/saisonsculturelleschaumont.fr\/mdxpuixt\/wp-json\/wp\/v2\/users\/3"}],"replies":[{"embeddable":true,"href":"https:\/\/saisonsculturelleschaumont.fr\/mdxpuixt\/wp-json\/wp\/v2\/comments?post=8890"}],"version-history":[{"count":0,"href":"https:\/\/saisonsculturelleschaumont.fr\/mdxpuixt\/wp-json\/wp\/v2\/tribe_events\/8890\/revisions"}],"wp:featuredmedia":[{"embeddable":true,"href":"https:\/\/saisonsculturelleschaumont.fr\/mdxpuixt\/wp-json\/wp\/v2\/media\/8920"}],"wp:attachment":[{"href":"https:\/\/saisonsculturelleschaumont.fr\/mdxpuixt\/wp-json\/wp\/v2\/media?parent=8890"}],"wp:term":[{"taxonomy":"post_tag","embeddable":true,"href":"https:\/\/saisonsculturelleschaumont.fr\/mdxpuixt\/wp-json\/wp\/v2\/tags?post=8890"},{"taxonomy":"tribe_events_cat","embeddable":true,"href":"https:\/\/saisonsculturelleschaumont.fr\/mdxpuixt\/wp-json\/wp\/v2\/tribe_events_cat?post=8890"}],"curies":[{"name":"wp","href":"https:\/\/api.w.org\/{rel}","templated":true}]}}