{"id":8893,"date":"2022-09-13T16:57:59","date_gmt":"2022-09-13T14:57:59","guid":{"rendered":"https:\/\/saisonsculturelleschaumont.fr\/mdxpuixt\/?post_type=tribe_events&#038;p=8893"},"modified":"2022-10-10T16:23:23","modified_gmt":"2022-10-10T14:23:23","slug":"semaine-bleue-visite-intergenerationnellepop-pop-embarquement-immediat-fabrique-un-bateau-a-propulsion-a-vapeur","status":"publish","type":"tribe_events","link":"https:\/\/saisonsculturelleschaumont.fr\/mdxpuixt\/evenement\/semaine-bleue-visite-intergenerationnellepop-pop-embarquement-immediat-fabrique-un-bateau-a-propulsion-a-vapeur\/","title":{"rendered":"Semaine Bleue &#8211; Visite interg\u00e9n\u00e9rationnelle"},"content":{"rendered":"<p>SEMAINE BLEUE<br \/>\nVISITE-ATELIER INTERG\u00c9N\u00c9RATIONNELLE<\/p>\n<p>Pop-pop : embarquement imm\u00e9diat ! Fabrique un bateau \u00e0 propulsion \u00e0 vapeur<\/p>\n<p>En 1847, Raymond Esbrat peint un paysage normand. Sur les bords de Seine, une famille se prom\u00e8ne. Au loin, on aper\u00e7oit des bateaux\u2026 Apr\u00e8s la d\u00e9couverte de ce tableau, seniors et enfants fabriquent un bateau pop-pop \u00e0 la mani\u00e8re de celui brevet\u00e9 par l\u2019ing\u00e9nieur D\u00e9sir\u00e9 Thomas Piot quelques d\u00e9cennies plus tard.<\/p>\n<p>Cette visite-atelier s\u2019adresse \u00e0 des duos grands-parents\/enfants de plus de 3 ans ainsi qu\u2019\u00e0 des seniors en solo.<\/p>\n<p>Dur\u00e9e : 2h<\/p>\n<p>Gratuit<\/p>\n<p>Non accessible aux personnes \u00e0 mobilit\u00e9 r\u00e9duite<\/p>\n<p>Places limit\u00e9es<\/p>\n<p>R\u00e9servation obligatoire au 03.25.03.86.99\/ cmartel@ville-chaumont.fr<\/p>\n","protected":false},"excerpt":{"rendered":"<p>SEMAINE BLEUE VISITE-ATELIER INTERG\u00c9N\u00c9RATIONNELLE Pop-pop : embarquement imm\u00e9diat ! Fabrique un bateau \u00e0 propulsion \u00e0 vapeur En 1847, Raymond Esbrat peint un paysage normand. Sur les bords de Seine, une [&hellip;]<\/p>\n","protected":false},"author":3,"featured_media":8926,"comment_status":"closed","ping_status":"closed","template":"","meta":{"_uag_custom_page_level_css":"","_tribe_events_status":"","_tribe_events_status_reason":""},"tags":[115],"tribe_events_cat":[217],"yoast_head":"<!-- This site is optimized with the Yoast SEO plugin v21.1 - https:\/\/yoast.com\/wordpress\/plugins\/seo\/ -->\n<title>Semaine Bleue - Visite interg\u00e9n\u00e9rationnelle - Les Saisons Culturelles de Chaumont<\/title>\n<meta name=\"description\" content=\"D\u00e9couvrez la programmation culturelle de la saison culturelle de la ville de Chaumont. Expositions, visites, rencontres, ateliers, concerts, spectacles, animations et plus encore.\" \/>\n<meta name=\"robots\" content=\"noindex, follow, max-snippet:-1, max-image-preview:large, max-video-preview:-1\" \/>\n<meta property=\"og:locale\" content=\"fr_FR\" \/>\n<meta property=\"og:type\" content=\"article\" \/>\n<meta property=\"og:title\" content=\"Semaine Bleue - Visite interg\u00e9n\u00e9rationnelle - Les Saisons Culturelles de Chaumont\" \/>\n<meta property=\"og:description\" content=\"D\u00e9couvrez la programmation culturelle de la saison culturelle de la ville de Chaumont. Expositions, visites, rencontres, ateliers, concerts, spectacles, animations et plus encore.\" \/>\n<meta property=\"og:url\" content=\"https:\/\/saisonsculturelleschaumont.fr\/mdxpuixt\/evenement\/semaine-bleue-visite-intergenerationnellepop-pop-embarquement-immediat-fabrique-un-bateau-a-propulsion-a-vapeur\/\" \/>\n<meta property=\"og:site_name\" content=\"Les Saisons Culturelles de Chaumont\" \/>\n<meta property=\"article:publisher\" content=\"https:\/\/www.facebook.com\/saisonsculturelleschaumont\/\" \/>\n<meta property=\"article:modified_time\" content=\"2022-10-10T14:23:23+00:00\" \/>\n<meta property=\"og:image\" content=\"https:\/\/saisonsculturelleschaumont.fr\/mdxpuixt\/wp-content\/uploads\/2022\/09\/Semaine-Bleue_Musees-de-Chaumont_Atelier-enfants_-Pop-pop-embraquement-immediat_01-scaled-e1663079862720.jpg\" \/>\n\t<meta property=\"og:image:width\" content=\"650\" \/>\n\t<meta property=\"og:image:height\" content=\"293\" \/>\n\t<meta property=\"og:image:type\" content=\"image\/jpeg\" \/>\n<meta name=\"twitter:card\" content=\"summary_large_image\" \/>\n<meta name=\"twitter:label1\" content=\"Dur\u00e9e de lecture estim\u00e9e\" \/>\n\t<meta name=\"twitter:data1\" content=\"1 minute\" \/>\n<script type=\"application\/ld+json\" class=\"yoast-schema-graph\">{\"@context\":\"https:\/\/schema.org\",\"@graph\":[{\"@type\":\"WebPage\",\"@id\":\"https:\/\/saisonsculturelleschaumont.fr\/mdxpuixt\/evenement\/semaine-bleue-visite-intergenerationnellepop-pop-embarquement-immediat-fabrique-un-bateau-a-propulsion-a-vapeur\/\",\"url\":\"https:\/\/saisonsculturelleschaumont.fr\/mdxpuixt\/evenement\/semaine-bleue-visite-intergenerationnellepop-pop-embarquement-immediat-fabrique-un-bateau-a-propulsion-a-vapeur\/\",\"name\":\"Semaine Bleue - Visite interg\u00e9n\u00e9rationnelle - Les Saisons Culturelles de Chaumont\",\"isPartOf\":{\"@id\":\"https:\/\/saisonsculturelleschaumont.fr\/mdxpuixt\/#website\"},\"datePublished\":\"2022-09-13T14:57:59+00:00\",\"dateModified\":\"2022-10-10T14:23:23+00:00\",\"description\":\"D\u00e9couvrez la programmation culturelle de la saison culturelle de la ville de Chaumont. Expositions, visites, rencontres, ateliers, concerts, spectacles, animations et plus encore.\",\"breadcrumb\":{\"@id\":\"https:\/\/saisonsculturelleschaumont.fr\/mdxpuixt\/evenement\/semaine-bleue-visite-intergenerationnellepop-pop-embarquement-immediat-fabrique-un-bateau-a-propulsion-a-vapeur\/#breadcrumb\"},\"inLanguage\":\"fr-FR\",\"potentialAction\":[{\"@type\":\"ReadAction\",\"target\":[\"https:\/\/saisonsculturelleschaumont.fr\/mdxpuixt\/evenement\/semaine-bleue-visite-intergenerationnellepop-pop-embarquement-immediat-fabrique-un-bateau-a-propulsion-a-vapeur\/\"]}]},{\"@type\":\"BreadcrumbList\",\"@id\":\"https:\/\/saisonsculturelleschaumont.fr\/mdxpuixt\/evenement\/semaine-bleue-visite-intergenerationnellepop-pop-embarquement-immediat-fabrique-un-bateau-a-propulsion-a-vapeur\/#breadcrumb\",\"itemListElement\":[{\"@type\":\"ListItem\",\"position\":1,\"name\":\"Accueil\",\"item\":\"https:\/\/saisonsculturelleschaumont.fr\/mdxpuixt\/\"},{\"@type\":\"ListItem\",\"position\":2,\"name\":\"\u00c9v\u00e8nements\",\"item\":\"https:\/\/saisonsculturelleschaumont.fr\/mdxpuixt\/agenda\/\"},{\"@type\":\"ListItem\",\"position\":3,\"name\":\"Semaine Bleue &#8211; Visite interg\u00e9n\u00e9rationnelle\"}]},{\"@type\":\"WebSite\",\"@id\":\"https:\/\/saisonsculturelleschaumont.fr\/mdxpuixt\/#website\",\"url\":\"https:\/\/saisonsculturelleschaumont.fr\/mdxpuixt\/\",\"name\":\"Les Saisons Culturelles de Chaumont\",\"description\":\"\",\"potentialAction\":[{\"@type\":\"SearchAction\",\"target\":{\"@type\":\"EntryPoint\",\"urlTemplate\":\"https:\/\/saisonsculturelleschaumont.fr\/mdxpuixt\/?s={search_term_string}\"},\"query-input\":\"required name=search_term_string\"}],\"inLanguage\":\"fr-FR\"}]}<\/script>\n<!-- \/ Yoast SEO plugin. -->","yoast_head_json":{"title":"Semaine Bleue - Visite interg\u00e9n\u00e9rationnelle - Les Saisons Culturelles de Chaumont","description":"D\u00e9couvrez la programmation culturelle de la saison culturelle de la ville de Chaumont. Expositions, visites, rencontres, ateliers, concerts, spectacles, animations et plus encore.","robots":{"index":"noindex","follow":"follow","max-snippet":"max-snippet:-1","max-image-preview":"max-image-preview:large","max-video-preview":"max-video-preview:-1"},"og_locale":"fr_FR","og_type":"article","og_title":"Semaine Bleue - Visite interg\u00e9n\u00e9rationnelle - Les Saisons Culturelles de Chaumont","og_description":"D\u00e9couvrez la programmation culturelle de la saison culturelle de la ville de Chaumont. Expositions, visites, rencontres, ateliers, concerts, spectacles, animations et plus encore.","og_url":"https:\/\/saisonsculturelleschaumont.fr\/mdxpuixt\/evenement\/semaine-bleue-visite-intergenerationnellepop-pop-embarquement-immediat-fabrique-un-bateau-a-propulsion-a-vapeur\/","og_site_name":"Les Saisons Culturelles de Chaumont","article_publisher":"https:\/\/www.facebook.com\/saisonsculturelleschaumont\/","article_modified_time":"2022-10-10T14:23:23+00:00","og_image":[{"width":650,"height":293,"url":"https:\/\/saisonsculturelleschaumont.fr\/mdxpuixt\/wp-content\/uploads\/2022\/09\/Semaine-Bleue_Musees-de-Chaumont_Atelier-enfants_-Pop-pop-embraquement-immediat_01-scaled-e1663079862720.jpg","type":"image\/jpeg"}],"twitter_card":"summary_large_image","twitter_misc":{"Dur\u00e9e de lecture estim\u00e9e":"1 minute"},"schema":{"@context":"https:\/\/schema.org","@graph":[{"@type":"WebPage","@id":"https:\/\/saisonsculturelleschaumont.fr\/mdxpuixt\/evenement\/semaine-bleue-visite-intergenerationnellepop-pop-embarquement-immediat-fabrique-un-bateau-a-propulsion-a-vapeur\/","url":"https:\/\/saisonsculturelleschaumont.fr\/mdxpuixt\/evenement\/semaine-bleue-visite-intergenerationnellepop-pop-embarquement-immediat-fabrique-un-bateau-a-propulsion-a-vapeur\/","name":"Semaine Bleue - Visite interg\u00e9n\u00e9rationnelle - Les Saisons Culturelles de Chaumont","isPartOf":{"@id":"https:\/\/saisonsculturelleschaumont.fr\/mdxpuixt\/#website"},"datePublished":"2022-09-13T14:57:59+00:00","dateModified":"2022-10-10T14:23:23+00:00","description":"D\u00e9couvrez la programmation culturelle de la saison culturelle de la ville de Chaumont. Expositions, visites, rencontres, ateliers, concerts, spectacles, animations et plus encore.","breadcrumb":{"@id":"https:\/\/saisonsculturelleschaumont.fr\/mdxpuixt\/evenement\/semaine-bleue-visite-intergenerationnellepop-pop-embarquement-immediat-fabrique-un-bateau-a-propulsion-a-vapeur\/#breadcrumb"},"inLanguage":"fr-FR","potentialAction":[{"@type":"ReadAction","target":["https:\/\/saisonsculturelleschaumont.fr\/mdxpuixt\/evenement\/semaine-bleue-visite-intergenerationnellepop-pop-embarquement-immediat-fabrique-un-bateau-a-propulsion-a-vapeur\/"]}]},{"@type":"BreadcrumbList","@id":"https:\/\/saisonsculturelleschaumont.fr\/mdxpuixt\/evenement\/semaine-bleue-visite-intergenerationnellepop-pop-embarquement-immediat-fabrique-un-bateau-a-propulsion-a-vapeur\/#breadcrumb","itemListElement":[{"@type":"ListItem","position":1,"name":"Accueil","item":"https:\/\/saisonsculturelleschaumont.fr\/mdxpuixt\/"},{"@type":"ListItem","position":2,"name":"\u00c9v\u00e8nements","item":"https:\/\/saisonsculturelleschaumont.fr\/mdxpuixt\/agenda\/"},{"@type":"ListItem","position":3,"name":"Semaine Bleue &#8211; Visite interg\u00e9n\u00e9rationnelle"}]},{"@type":"WebSite","@id":"https:\/\/saisonsculturelleschaumont.fr\/mdxpuixt\/#website","url":"https:\/\/saisonsculturelleschaumont.fr\/mdxpuixt\/","name":"Les Saisons Culturelles de Chaumont","description":"","potentialAction":[{"@type":"SearchAction","target":{"@type":"EntryPoint","urlTemplate":"https:\/\/saisonsculturelleschaumont.fr\/mdxpuixt\/?s={search_term_string}"},"query-input":"required name=search_term_string"}],"inLanguage":"fr-FR"}]}},"uagb_featured_image_src":{"full":["https:\/\/saisonsculturelleschaumont.fr\/mdxpuixt\/wp-content\/uploads\/2022\/09\/Semaine-Bleue_Musees-de-Chaumont_Atelier-enfants_-Pop-pop-embraquement-immediat_01-scaled-e1663079862720.jpg",650,293,false],"thumbnail":["https:\/\/saisonsculturelleschaumont.fr\/mdxpuixt\/wp-content\/uploads\/2022\/09\/Semaine-Bleue_Musees-de-Chaumont_Atelier-enfants_-Pop-pop-embraquement-immediat_01-scaled-e1663079862720-80x80.jpg",80,80,true],"medium":["https:\/\/saisonsculturelleschaumont.fr\/mdxpuixt\/wp-content\/uploads\/2022\/09\/Semaine-Bleue_Musees-de-Chaumont_Atelier-enfants_-Pop-pop-embraquement-immediat_01-scaled-e1663079862720-300x293.jpg",300,293,true],"medium_large":["https:\/\/saisonsculturelleschaumont.fr\/mdxpuixt\/wp-content\/uploads\/2022\/09\/Semaine-Bleue_Musees-de-Chaumont_Atelier-enfants_-Pop-pop-embraquement-immediat_01-768x768.jpg",768,768,true],"large":["https:\/\/saisonsculturelleschaumont.fr\/mdxpuixt\/wp-content\/uploads\/2022\/09\/Semaine-Bleue_Musees-de-Chaumont_Atelier-enfants_-Pop-pop-embraquement-immediat_01-1030x1030.jpg",1030,1030,true],"1536x1536":["https:\/\/saisonsculturelleschaumont.fr\/mdxpuixt\/wp-content\/uploads\/2022\/09\/Semaine-Bleue_Musees-de-Chaumont_Atelier-enfants_-Pop-pop-embraquement-immediat_01-1536x691.jpg",1536,691,true],"2048x2048":["https:\/\/saisonsculturelleschaumont.fr\/mdxpuixt\/wp-content\/uploads\/2022\/09\/Semaine-Bleue_Musees-de-Chaumont_Atelier-enfants_-Pop-pop-embraquement-immediat_01-2048x922.jpg",2048,922,true],"widget":["https:\/\/saisonsculturelleschaumont.fr\/mdxpuixt\/wp-content\/uploads\/2022\/09\/Semaine-Bleue_Musees-de-Chaumont_Atelier-enfants_-Pop-pop-embraquement-immediat_01-scaled-e1663079862720-36x36.jpg",36,36,true],"square":["https:\/\/saisonsculturelleschaumont.fr\/mdxpuixt\/wp-content\/uploads\/2022\/09\/Semaine-Bleue_Musees-de-Chaumont_Atelier-enfants_-Pop-pop-embraquement-immediat_01-scaled-e1663079862720-180x180.jpg",180,180,true],"featured":["https:\/\/saisonsculturelleschaumont.fr\/mdxpuixt\/wp-content\/uploads\/2022\/09\/Semaine-Bleue_Musees-de-Chaumont_Atelier-enfants_-Pop-pop-embraquement-immediat_01-1500x430.jpg",1500,430,true],"featured_large":["https:\/\/saisonsculturelleschaumont.fr\/mdxpuixt\/wp-content\/uploads\/2022\/09\/Semaine-Bleue_Musees-de-Chaumont_Atelier-enfants_-Pop-pop-embraquement-immediat_01-1500x630.jpg",1500,630,true],"extra_large":["https:\/\/saisonsculturelleschaumont.fr\/mdxpuixt\/wp-content\/uploads\/2022\/09\/Semaine-Bleue_Musees-de-Chaumont_Atelier-enfants_-Pop-pop-embraquement-immediat_01-1500x675.jpg",1500,675,true],"portfolio":["https:\/\/saisonsculturelleschaumont.fr\/mdxpuixt\/wp-content\/uploads\/2022\/09\/Semaine-Bleue_Musees-de-Chaumont_Atelier-enfants_-Pop-pop-embraquement-immediat_01-scaled-e1663079862720-495x293.jpg",495,293,true],"portfolio_small":["https:\/\/saisonsculturelleschaumont.fr\/mdxpuixt\/wp-content\/uploads\/2022\/09\/Semaine-Bleue_Musees-de-Chaumont_Atelier-enfants_-Pop-pop-embraquement-immediat_01-scaled-e1663079862720-260x185.jpg",260,185,true],"gallery":["https:\/\/saisonsculturelleschaumont.fr\/mdxpuixt\/wp-content\/uploads\/2022\/09\/Semaine-Bleue_Musees-de-Chaumont_Atelier-enfants_-Pop-pop-embraquement-immediat_01-845x684.jpg",845,684,true],"magazine":["https:\/\/saisonsculturelleschaumont.fr\/mdxpuixt\/wp-content\/uploads\/2022\/09\/Semaine-Bleue_Musees-de-Chaumont_Atelier-enfants_-Pop-pop-embraquement-immediat_01-710x375.jpg",710,375,true],"masonry":["https:\/\/saisonsculturelleschaumont.fr\/mdxpuixt\/wp-content\/uploads\/2022\/09\/Semaine-Bleue_Musees-de-Chaumont_Atelier-enfants_-Pop-pop-embraquement-immediat_01-705x317.jpg",705,317,true],"entry_with_sidebar":["https:\/\/saisonsculturelleschaumont.fr\/mdxpuixt\/wp-content\/uploads\/2022\/09\/Semaine-Bleue_Musees-de-Chaumont_Atelier-enfants_-Pop-pop-embraquement-immediat_01-845x321.jpg",845,321,true],"entry_without_sidebar":["https:\/\/saisonsculturelleschaumont.fr\/mdxpuixt\/wp-content\/uploads\/2022\/09\/Semaine-Bleue_Musees-de-Chaumont_Atelier-enfants_-Pop-pop-embraquement-immediat_01-1210x423.jpg",1210,423,true]},"uagb_author_info":{"display_name":"Justine Ansel","author_link":"https:\/\/saisonsculturelleschaumont.fr\/mdxpuixt\/author\/justine-ansel\/"},"uagb_comment_info":0,"uagb_excerpt":"SEMAINE BLEUE VISITE-ATELIER INTERG\u00c9N\u00c9RATIONNELLE Pop-pop : embarquement imm\u00e9diat ! Fabrique un bateau \u00e0 propulsion \u00e0 vapeur En 1847, Raymond Esbrat peint un paysage normand. Sur les bords de Seine, une [&hellip;]","_links":{"self":[{"href":"https:\/\/saisonsculturelleschaumont.fr\/mdxpuixt\/wp-json\/wp\/v2\/tribe_events\/8893"}],"collection":[{"href":"https:\/\/saisonsculturelleschaumont.fr\/mdxpuixt\/wp-json\/wp\/v2\/tribe_events"}],"about":[{"href":"https:\/\/saisonsculturelleschaumont.fr\/mdxpuixt\/wp-json\/wp\/v2\/types\/tribe_events"}],"author":[{"embeddable":true,"href":"https:\/\/saisonsculturelleschaumont.fr\/mdxpuixt\/wp-json\/wp\/v2\/users\/3"}],"replies":[{"embeddable":true,"href":"https:\/\/saisonsculturelleschaumont.fr\/mdxpuixt\/wp-json\/wp\/v2\/comments?post=8893"}],"version-history":[{"count":0,"href":"https:\/\/saisonsculturelleschaumont.fr\/mdxpuixt\/wp-json\/wp\/v2\/tribe_events\/8893\/revisions"}],"wp:featuredmedia":[{"embeddable":true,"href":"https:\/\/saisonsculturelleschaumont.fr\/mdxpuixt\/wp-json\/wp\/v2\/media\/8926"}],"wp:attachment":[{"href":"https:\/\/saisonsculturelleschaumont.fr\/mdxpuixt\/wp-json\/wp\/v2\/media?parent=8893"}],"wp:term":[{"taxonomy":"post_tag","embeddable":true,"href":"https:\/\/saisonsculturelleschaumont.fr\/mdxpuixt\/wp-json\/wp\/v2\/tags?post=8893"},{"taxonomy":"tribe_events_cat","embeddable":true,"href":"https:\/\/saisonsculturelleschaumont.fr\/mdxpuixt\/wp-json\/wp\/v2\/tribe_events_cat?post=8893"}],"curies":[{"name":"wp","href":"https:\/\/api.w.org\/{rel}","templated":true}]}}