{"id":8896,"date":"2022-09-13T17:00:27","date_gmt":"2022-09-13T15:00:27","guid":{"rendered":"https:\/\/saisonsculturelleschaumont.fr\/mdxpuixt\/?post_type=tribe_events&#038;p=8896"},"modified":"2022-09-21T09:30:50","modified_gmt":"2022-09-21T07:30:50","slug":"journees-nationales-de-larchitecture-atelier-pedagogique-pour-les-6-12-ans","status":"publish","type":"tribe_events","link":"https:\/\/saisonsculturelleschaumont.fr\/mdxpuixt\/evenement\/journees-nationales-de-larchitecture-atelier-pedagogique-pour-les-6-12-ans\/","title":{"rendered":"Journ\u00e9es nationales de l&rsquo;architecture &#8211; Atelier p\u00e9dagogique pour les 6-12 ans"},"content":{"rendered":"<p>JOURN\u00c9ES NATIONALES DE L\u2019ARCHITECTURE &#8211; LEVEZ-LES YEUX !<br \/>\nATELIER P\u00c9DAGOGIQUE POUR LES 6-12 ANS<\/p>\n<p>Paysage sensible. Initiation \u00e0 la lecture de paysage<br \/>\nAutour des Journ\u00e9es nationales de l\u2019architecture et en \u00e9cho \u00e0 sa nouvelle exposition \u00ab Traverser le paysage \u00bb, le Mus\u00e9e d\u2019Art et d\u2019Histoire invite les enfants \u00e2g\u00e9s de 6 \u00e0 12 ans \u00e0 un atelier d\u2019initiation \u00e0 la lecture de paysage. Accompagn\u00e9s d\u2019une m\u00e9diatrice, les enfants et leurs accompagnateurs observent la vieille ville de Chaumont depuis le point de vue du square Philippe Lebon. Ensemble, ils rep\u00e8rent ses principales composantes (ambiances, textures, couleurs, lignes, effets g\u00e9om\u00e9triques\u2026). Au mus\u00e9e, ils r\u00e9inventent cet environnement par le collage.<\/p>\n<p>Dur\u00e9e : 2h<\/p>\n<p>Tarif : 4 euros par enfant<\/p>\n<p>N\u00e9cessite la pr\u00e9sence d\u2019un accompagnateur<\/p>\n<p>D\u00e9part de la visite au square Philippe Lebon<\/p>\n<p>Places limit\u00e9es<\/p>\n<p>Sur r\u00e9servation au 03.25.03.86.99\/ cmartel@ville-chaumont.fr<\/p>\n","protected":false},"excerpt":{"rendered":"<p>JOURN\u00c9ES NATIONALES DE L\u2019ARCHITECTURE &#8211; LEVEZ-LES YEUX ! ATELIER P\u00c9DAGOGIQUE POUR LES 6-12 ANS Paysage sensible. Initiation \u00e0 la lecture de paysage Autour des Journ\u00e9es nationales de l\u2019architecture et en [&hellip;]<\/p>\n","protected":false},"author":3,"featured_media":8921,"comment_status":"closed","ping_status":"closed","template":"","meta":{"_uag_custom_page_level_css":"","_tribe_events_status":"","_tribe_events_status_reason":""},"tags":[115,135,73],"tribe_events_cat":[217],"yoast_head":"<!-- This site is optimized with the Yoast SEO plugin v21.1 - https:\/\/yoast.com\/wordpress\/plugins\/seo\/ -->\n<title>Journ\u00e9es nationales de l&#039;architecture - Atelier p\u00e9dagogique pour les 6-12 ans - Les Saisons Culturelles de Chaumont<\/title>\n<meta name=\"description\" content=\"D\u00e9couvrez la programmation culturelle de la saison culturelle de la ville de Chaumont. Expositions, visites, rencontres, ateliers, concerts, spectacles, animations et plus encore.\" \/>\n<meta name=\"robots\" content=\"noindex, follow, max-snippet:-1, max-image-preview:large, max-video-preview:-1\" \/>\n<meta property=\"og:locale\" content=\"fr_FR\" \/>\n<meta property=\"og:type\" content=\"article\" \/>\n<meta property=\"og:title\" content=\"Journ\u00e9es nationales de l&#039;architecture - Atelier p\u00e9dagogique pour les 6-12 ans - Les Saisons Culturelles de Chaumont\" \/>\n<meta property=\"og:description\" content=\"D\u00e9couvrez la programmation culturelle de la saison culturelle de la ville de Chaumont. Expositions, visites, rencontres, ateliers, concerts, spectacles, animations et plus encore.\" \/>\n<meta property=\"og:url\" content=\"https:\/\/saisonsculturelleschaumont.fr\/mdxpuixt\/evenement\/journees-nationales-de-larchitecture-atelier-pedagogique-pour-les-6-12-ans\/\" \/>\n<meta property=\"og:site_name\" content=\"Les Saisons Culturelles de Chaumont\" \/>\n<meta property=\"article:publisher\" content=\"https:\/\/www.facebook.com\/saisonsculturelleschaumont\/\" \/>\n<meta property=\"article:modified_time\" content=\"2022-09-21T07:30:50+00:00\" \/>\n<meta property=\"og:image\" content=\"https:\/\/saisonsculturelleschaumont.fr\/mdxpuixt\/wp-content\/uploads\/2022\/09\/JNA_Atelier-Paysage-sensible-1030x1030.jpg\" \/>\n\t<meta property=\"og:image:width\" content=\"1030\" \/>\n\t<meta property=\"og:image:height\" content=\"1030\" \/>\n\t<meta property=\"og:image:type\" content=\"image\/jpeg\" \/>\n<meta name=\"twitter:card\" content=\"summary_large_image\" \/>\n<meta name=\"twitter:label1\" content=\"Dur\u00e9e de lecture estim\u00e9e\" \/>\n\t<meta name=\"twitter:data1\" content=\"1 minute\" \/>\n<script type=\"application\/ld+json\" class=\"yoast-schema-graph\">{\"@context\":\"https:\/\/schema.org\",\"@graph\":[{\"@type\":\"WebPage\",\"@id\":\"https:\/\/saisonsculturelleschaumont.fr\/mdxpuixt\/evenement\/journees-nationales-de-larchitecture-atelier-pedagogique-pour-les-6-12-ans\/\",\"url\":\"https:\/\/saisonsculturelleschaumont.fr\/mdxpuixt\/evenement\/journees-nationales-de-larchitecture-atelier-pedagogique-pour-les-6-12-ans\/\",\"name\":\"Journ\u00e9es nationales de l'architecture - Atelier p\u00e9dagogique pour les 6-12 ans - Les Saisons Culturelles de Chaumont\",\"isPartOf\":{\"@id\":\"https:\/\/saisonsculturelleschaumont.fr\/mdxpuixt\/#website\"},\"datePublished\":\"2022-09-13T15:00:27+00:00\",\"dateModified\":\"2022-09-21T07:30:50+00:00\",\"description\":\"D\u00e9couvrez la programmation culturelle de la saison culturelle de la ville de Chaumont. Expositions, visites, rencontres, ateliers, concerts, spectacles, animations et plus encore.\",\"breadcrumb\":{\"@id\":\"https:\/\/saisonsculturelleschaumont.fr\/mdxpuixt\/evenement\/journees-nationales-de-larchitecture-atelier-pedagogique-pour-les-6-12-ans\/#breadcrumb\"},\"inLanguage\":\"fr-FR\",\"potentialAction\":[{\"@type\":\"ReadAction\",\"target\":[\"https:\/\/saisonsculturelleschaumont.fr\/mdxpuixt\/evenement\/journees-nationales-de-larchitecture-atelier-pedagogique-pour-les-6-12-ans\/\"]}]},{\"@type\":\"BreadcrumbList\",\"@id\":\"https:\/\/saisonsculturelleschaumont.fr\/mdxpuixt\/evenement\/journees-nationales-de-larchitecture-atelier-pedagogique-pour-les-6-12-ans\/#breadcrumb\",\"itemListElement\":[{\"@type\":\"ListItem\",\"position\":1,\"name\":\"Accueil\",\"item\":\"https:\/\/saisonsculturelleschaumont.fr\/mdxpuixt\/\"},{\"@type\":\"ListItem\",\"position\":2,\"name\":\"\u00c9v\u00e8nements\",\"item\":\"https:\/\/saisonsculturelleschaumont.fr\/mdxpuixt\/agenda\/\"},{\"@type\":\"ListItem\",\"position\":3,\"name\":\"Journ\u00e9es nationales de l&rsquo;architecture &#8211; Atelier p\u00e9dagogique pour les 6-12 ans\"}]},{\"@type\":\"WebSite\",\"@id\":\"https:\/\/saisonsculturelleschaumont.fr\/mdxpuixt\/#website\",\"url\":\"https:\/\/saisonsculturelleschaumont.fr\/mdxpuixt\/\",\"name\":\"Les Saisons Culturelles de Chaumont\",\"description\":\"\",\"potentialAction\":[{\"@type\":\"SearchAction\",\"target\":{\"@type\":\"EntryPoint\",\"urlTemplate\":\"https:\/\/saisonsculturelleschaumont.fr\/mdxpuixt\/?s={search_term_string}\"},\"query-input\":\"required name=search_term_string\"}],\"inLanguage\":\"fr-FR\"}]}<\/script>\n<!-- \/ Yoast SEO plugin. -->","yoast_head_json":{"title":"Journ\u00e9es nationales de l'architecture - Atelier p\u00e9dagogique pour les 6-12 ans - Les Saisons Culturelles de Chaumont","description":"D\u00e9couvrez la programmation culturelle de la saison culturelle de la ville de Chaumont. Expositions, visites, rencontres, ateliers, concerts, spectacles, animations et plus encore.","robots":{"index":"noindex","follow":"follow","max-snippet":"max-snippet:-1","max-image-preview":"max-image-preview:large","max-video-preview":"max-video-preview:-1"},"og_locale":"fr_FR","og_type":"article","og_title":"Journ\u00e9es nationales de l'architecture - Atelier p\u00e9dagogique pour les 6-12 ans - Les Saisons Culturelles de Chaumont","og_description":"D\u00e9couvrez la programmation culturelle de la saison culturelle de la ville de Chaumont. Expositions, visites, rencontres, ateliers, concerts, spectacles, animations et plus encore.","og_url":"https:\/\/saisonsculturelleschaumont.fr\/mdxpuixt\/evenement\/journees-nationales-de-larchitecture-atelier-pedagogique-pour-les-6-12-ans\/","og_site_name":"Les Saisons Culturelles de Chaumont","article_publisher":"https:\/\/www.facebook.com\/saisonsculturelleschaumont\/","article_modified_time":"2022-09-21T07:30:50+00:00","og_image":[{"width":1030,"height":1030,"url":"https:\/\/saisonsculturelleschaumont.fr\/mdxpuixt\/wp-content\/uploads\/2022\/09\/JNA_Atelier-Paysage-sensible-1030x1030.jpg","type":"image\/jpeg"}],"twitter_card":"summary_large_image","twitter_misc":{"Dur\u00e9e de lecture estim\u00e9e":"1 minute"},"schema":{"@context":"https:\/\/schema.org","@graph":[{"@type":"WebPage","@id":"https:\/\/saisonsculturelleschaumont.fr\/mdxpuixt\/evenement\/journees-nationales-de-larchitecture-atelier-pedagogique-pour-les-6-12-ans\/","url":"https:\/\/saisonsculturelleschaumont.fr\/mdxpuixt\/evenement\/journees-nationales-de-larchitecture-atelier-pedagogique-pour-les-6-12-ans\/","name":"Journ\u00e9es nationales de l'architecture - Atelier p\u00e9dagogique pour les 6-12 ans - Les Saisons Culturelles de Chaumont","isPartOf":{"@id":"https:\/\/saisonsculturelleschaumont.fr\/mdxpuixt\/#website"},"datePublished":"2022-09-13T15:00:27+00:00","dateModified":"2022-09-21T07:30:50+00:00","description":"D\u00e9couvrez la programmation culturelle de la saison culturelle de la ville de Chaumont. Expositions, visites, rencontres, ateliers, concerts, spectacles, animations et plus encore.","breadcrumb":{"@id":"https:\/\/saisonsculturelleschaumont.fr\/mdxpuixt\/evenement\/journees-nationales-de-larchitecture-atelier-pedagogique-pour-les-6-12-ans\/#breadcrumb"},"inLanguage":"fr-FR","potentialAction":[{"@type":"ReadAction","target":["https:\/\/saisonsculturelleschaumont.fr\/mdxpuixt\/evenement\/journees-nationales-de-larchitecture-atelier-pedagogique-pour-les-6-12-ans\/"]}]},{"@type":"BreadcrumbList","@id":"https:\/\/saisonsculturelleschaumont.fr\/mdxpuixt\/evenement\/journees-nationales-de-larchitecture-atelier-pedagogique-pour-les-6-12-ans\/#breadcrumb","itemListElement":[{"@type":"ListItem","position":1,"name":"Accueil","item":"https:\/\/saisonsculturelleschaumont.fr\/mdxpuixt\/"},{"@type":"ListItem","position":2,"name":"\u00c9v\u00e8nements","item":"https:\/\/saisonsculturelleschaumont.fr\/mdxpuixt\/agenda\/"},{"@type":"ListItem","position":3,"name":"Journ\u00e9es nationales de l&rsquo;architecture &#8211; Atelier p\u00e9dagogique pour les 6-12 ans"}]},{"@type":"WebSite","@id":"https:\/\/saisonsculturelleschaumont.fr\/mdxpuixt\/#website","url":"https:\/\/saisonsculturelleschaumont.fr\/mdxpuixt\/","name":"Les Saisons Culturelles de Chaumont","description":"","potentialAction":[{"@type":"SearchAction","target":{"@type":"EntryPoint","urlTemplate":"https:\/\/saisonsculturelleschaumont.fr\/mdxpuixt\/?s={search_term_string}"},"query-input":"required name=search_term_string"}],"inLanguage":"fr-FR"}]}},"uagb_featured_image_src":{"full":["https:\/\/saisonsculturelleschaumont.fr\/mdxpuixt\/wp-content\/uploads\/2022\/09\/JNA_Atelier-Paysage-sensible-scaled-e1663079799930.jpg",650,488,false],"thumbnail":["https:\/\/saisonsculturelleschaumont.fr\/mdxpuixt\/wp-content\/uploads\/2022\/09\/JNA_Atelier-Paysage-sensible-scaled-e1663079799930-80x80.jpg",80,80,true],"medium":["https:\/\/saisonsculturelleschaumont.fr\/mdxpuixt\/wp-content\/uploads\/2022\/09\/JNA_Atelier-Paysage-sensible-scaled-e1663079799930-300x300.jpg",300,300,true],"medium_large":["https:\/\/saisonsculturelleschaumont.fr\/mdxpuixt\/wp-content\/uploads\/2022\/09\/JNA_Atelier-Paysage-sensible-768x768.jpg",768,768,true],"large":["https:\/\/saisonsculturelleschaumont.fr\/mdxpuixt\/wp-content\/uploads\/2022\/09\/JNA_Atelier-Paysage-sensible-1030x1030.jpg",1030,1030,true],"1536x1536":["https:\/\/saisonsculturelleschaumont.fr\/mdxpuixt\/wp-content\/uploads\/2022\/09\/JNA_Atelier-Paysage-sensible-1536x1152.jpg",1536,1152,true],"2048x2048":["https:\/\/saisonsculturelleschaumont.fr\/mdxpuixt\/wp-content\/uploads\/2022\/09\/JNA_Atelier-Paysage-sensible-2048x1536.jpg",2048,1536,true],"widget":["https:\/\/saisonsculturelleschaumont.fr\/mdxpuixt\/wp-content\/uploads\/2022\/09\/JNA_Atelier-Paysage-sensible-scaled-e1663079799930-36x36.jpg",36,36,true],"square":["https:\/\/saisonsculturelleschaumont.fr\/mdxpuixt\/wp-content\/uploads\/2022\/09\/JNA_Atelier-Paysage-sensible-scaled-e1663079799930-180x180.jpg",180,180,true],"featured":["https:\/\/saisonsculturelleschaumont.fr\/mdxpuixt\/wp-content\/uploads\/2022\/09\/JNA_Atelier-Paysage-sensible-scaled-e1663079799930-650x430.jpg",650,430,true],"featured_large":["https:\/\/saisonsculturelleschaumont.fr\/mdxpuixt\/wp-content\/uploads\/2022\/09\/JNA_Atelier-Paysage-sensible-1500x630.jpg",1500,630,true],"extra_large":["https:\/\/saisonsculturelleschaumont.fr\/mdxpuixt\/wp-content\/uploads\/2022\/09\/JNA_Atelier-Paysage-sensible-1500x1125.jpg",1500,1125,true],"portfolio":["https:\/\/saisonsculturelleschaumont.fr\/mdxpuixt\/wp-content\/uploads\/2022\/09\/JNA_Atelier-Paysage-sensible-scaled-e1663079799930-495x400.jpg",495,400,true],"portfolio_small":["https:\/\/saisonsculturelleschaumont.fr\/mdxpuixt\/wp-content\/uploads\/2022\/09\/JNA_Atelier-Paysage-sensible-scaled-e1663079799930-260x185.jpg",260,185,true],"gallery":["https:\/\/saisonsculturelleschaumont.fr\/mdxpuixt\/wp-content\/uploads\/2022\/09\/JNA_Atelier-Paysage-sensible-845x684.jpg",845,684,true],"magazine":["https:\/\/saisonsculturelleschaumont.fr\/mdxpuixt\/wp-content\/uploads\/2022\/09\/JNA_Atelier-Paysage-sensible-scaled-e1663079799930-650x375.jpg",650,375,true],"masonry":["https:\/\/saisonsculturelleschaumont.fr\/mdxpuixt\/wp-content\/uploads\/2022\/09\/JNA_Atelier-Paysage-sensible-705x529.jpg",705,529,true],"entry_with_sidebar":["https:\/\/saisonsculturelleschaumont.fr\/mdxpuixt\/wp-content\/uploads\/2022\/09\/JNA_Atelier-Paysage-sensible-scaled-e1663079799930-650x321.jpg",650,321,true],"entry_without_sidebar":["https:\/\/saisonsculturelleschaumont.fr\/mdxpuixt\/wp-content\/uploads\/2022\/09\/JNA_Atelier-Paysage-sensible-scaled-e1663079799930-650x423.jpg",650,423,true]},"uagb_author_info":{"display_name":"Justine Ansel","author_link":"https:\/\/saisonsculturelleschaumont.fr\/mdxpuixt\/author\/justine-ansel\/"},"uagb_comment_info":0,"uagb_excerpt":"JOURN\u00c9ES NATIONALES DE L\u2019ARCHITECTURE &#8211; LEVEZ-LES YEUX ! ATELIER P\u00c9DAGOGIQUE POUR LES 6-12 ANS Paysage sensible. Initiation \u00e0 la lecture de paysage Autour des Journ\u00e9es nationales de l\u2019architecture et en [&hellip;]","_links":{"self":[{"href":"https:\/\/saisonsculturelleschaumont.fr\/mdxpuixt\/wp-json\/wp\/v2\/tribe_events\/8896"}],"collection":[{"href":"https:\/\/saisonsculturelleschaumont.fr\/mdxpuixt\/wp-json\/wp\/v2\/tribe_events"}],"about":[{"href":"https:\/\/saisonsculturelleschaumont.fr\/mdxpuixt\/wp-json\/wp\/v2\/types\/tribe_events"}],"author":[{"embeddable":true,"href":"https:\/\/saisonsculturelleschaumont.fr\/mdxpuixt\/wp-json\/wp\/v2\/users\/3"}],"replies":[{"embeddable":true,"href":"https:\/\/saisonsculturelleschaumont.fr\/mdxpuixt\/wp-json\/wp\/v2\/comments?post=8896"}],"version-history":[{"count":0,"href":"https:\/\/saisonsculturelleschaumont.fr\/mdxpuixt\/wp-json\/wp\/v2\/tribe_events\/8896\/revisions"}],"wp:featuredmedia":[{"embeddable":true,"href":"https:\/\/saisonsculturelleschaumont.fr\/mdxpuixt\/wp-json\/wp\/v2\/media\/8921"}],"wp:attachment":[{"href":"https:\/\/saisonsculturelleschaumont.fr\/mdxpuixt\/wp-json\/wp\/v2\/media?parent=8896"}],"wp:term":[{"taxonomy":"post_tag","embeddable":true,"href":"https:\/\/saisonsculturelleschaumont.fr\/mdxpuixt\/wp-json\/wp\/v2\/tags?post=8896"},{"taxonomy":"tribe_events_cat","embeddable":true,"href":"https:\/\/saisonsculturelleschaumont.fr\/mdxpuixt\/wp-json\/wp\/v2\/tribe_events_cat?post=8896"}],"curies":[{"name":"wp","href":"https:\/\/api.w.org\/{rel}","templated":true}]}}