{"id":8902,"date":"2022-09-21T09:27:05","date_gmt":"2022-09-21T07:27:05","guid":{"rendered":"https:\/\/saisonsculturelleschaumont.fr\/mdxpuixt\/?post_type=tribe_events&#038;p=8902"},"modified":"2022-12-16T14:32:31","modified_gmt":"2022-12-16T13:32:31","slug":"le-tour-de-loeuvre-2","status":"publish","type":"tribe_events","link":"https:\/\/saisonsculturelleschaumont.fr\/mdxpuixt\/evenement\/le-tour-de-loeuvre-2\/","title":{"rendered":"Le Tour de l&rsquo;\u0153uvre"},"content":{"rendered":"<p>TOUR DE L\u2019\u0152UVRE \u00ab L\u2019Enfant J\u00e9sus Sauveur du Monde (Espagne, milieu XVIIe si\u00e8cle) \u00bb<\/p>\n<p>Longtemps associ\u00e9 \u00e0 sa m\u00e8re, l\u2019Enfant J\u00e9sus devient une figure autonome \u00e0 partir de la fin du Moyen-\u00c2ge. De nombreuses statuettes \u00e0 son effigie sont produites \u00e0 partir du XIVe si\u00e8cle et le montrent en Sauveur du Monde. Celle qui fera l\u2019objet de ce tour de l\u2019\u0153uvre a pour particularit\u00e9 d\u2019\u00eatre habill\u00e9e.<\/p>\n<p>Dur\u00e9e : 40 minutes<\/p>\n<p>Tarif : 3 euros par adulte<\/p>\n<p>Le mercredi 14 d\u00e9cembre \u00e0 17h<\/p>\n<p>Nombre de places limit\u00e9<br \/>\nSans r\u00e9servation<\/p>\n<p>&nbsp;<\/p>\n<p>\u00a9 Philippe Fuzeau<\/p>\n","protected":false},"excerpt":{"rendered":"<p>TOUR DE L\u2019\u0152UVRE \u00ab L\u2019Enfant J\u00e9sus Sauveur du Monde (Espagne, milieu XVIIe si\u00e8cle) \u00bb Longtemps associ\u00e9 \u00e0 sa m\u00e8re, l\u2019Enfant J\u00e9sus devient une figure autonome \u00e0 partir de la fin [&hellip;]<\/p>\n","protected":false},"author":3,"featured_media":9188,"comment_status":"closed","ping_status":"closed","template":"","meta":{"_uag_custom_page_level_css":"","_tribe_events_status":"","_tribe_events_status_reason":""},"tags":[131],"tribe_events_cat":[217],"yoast_head":"<!-- This site is optimized with the Yoast SEO plugin v21.1 - https:\/\/yoast.com\/wordpress\/plugins\/seo\/ -->\n<title>Le Tour de l&#039;\u0153uvre - Les Saisons Culturelles de Chaumont<\/title>\n<meta name=\"description\" content=\"D\u00e9couvrez la programmation culturelle de la saison culturelle de la ville de Chaumont. Expositions, visites, rencontres, ateliers, concerts, spectacles, animations et plus encore.\" \/>\n<meta name=\"robots\" content=\"noindex, follow, max-snippet:-1, max-image-preview:large, max-video-preview:-1\" \/>\n<meta property=\"og:locale\" content=\"fr_FR\" \/>\n<meta property=\"og:type\" content=\"article\" \/>\n<meta property=\"og:title\" content=\"Le Tour de l&#039;\u0153uvre - Les Saisons Culturelles de Chaumont\" \/>\n<meta property=\"og:description\" content=\"D\u00e9couvrez la programmation culturelle de la saison culturelle de la ville de Chaumont. Expositions, visites, rencontres, ateliers, concerts, spectacles, animations et plus encore.\" \/>\n<meta property=\"og:url\" content=\"https:\/\/saisonsculturelleschaumont.fr\/mdxpuixt\/evenement\/le-tour-de-loeuvre-2\/\" \/>\n<meta property=\"og:site_name\" content=\"Les Saisons Culturelles de Chaumont\" \/>\n<meta property=\"article:publisher\" content=\"https:\/\/www.facebook.com\/saisonsculturelleschaumont\/\" \/>\n<meta property=\"article:modified_time\" content=\"2022-12-16T13:32:31+00:00\" \/>\n<meta property=\"og:image\" content=\"https:\/\/saisonsculturelleschaumont.fr\/mdxpuixt\/wp-content\/uploads\/2022\/09\/Tour_Enfant-Jesus-_Photo-Philippe-Fuzeau-1030x1030.jpg\" \/>\n\t<meta property=\"og:image:width\" content=\"1030\" \/>\n\t<meta property=\"og:image:height\" content=\"1030\" \/>\n\t<meta property=\"og:image:type\" content=\"image\/jpeg\" \/>\n<meta name=\"twitter:card\" content=\"summary_large_image\" \/>\n<meta name=\"twitter:label1\" content=\"Dur\u00e9e de lecture estim\u00e9e\" \/>\n\t<meta name=\"twitter:data1\" content=\"1 minute\" \/>\n<script type=\"application\/ld+json\" class=\"yoast-schema-graph\">{\"@context\":\"https:\/\/schema.org\",\"@graph\":[{\"@type\":\"WebPage\",\"@id\":\"https:\/\/saisonsculturelleschaumont.fr\/mdxpuixt\/evenement\/le-tour-de-loeuvre-2\/\",\"url\":\"https:\/\/saisonsculturelleschaumont.fr\/mdxpuixt\/evenement\/le-tour-de-loeuvre-2\/\",\"name\":\"Le Tour de l'\u0153uvre - Les Saisons Culturelles de Chaumont\",\"isPartOf\":{\"@id\":\"https:\/\/saisonsculturelleschaumont.fr\/mdxpuixt\/#website\"},\"datePublished\":\"2022-09-21T07:27:05+00:00\",\"dateModified\":\"2022-12-16T13:32:31+00:00\",\"description\":\"D\u00e9couvrez la programmation culturelle de la saison culturelle de la ville de Chaumont. Expositions, visites, rencontres, ateliers, concerts, spectacles, animations et plus encore.\",\"breadcrumb\":{\"@id\":\"https:\/\/saisonsculturelleschaumont.fr\/mdxpuixt\/evenement\/le-tour-de-loeuvre-2\/#breadcrumb\"},\"inLanguage\":\"fr-FR\",\"potentialAction\":[{\"@type\":\"ReadAction\",\"target\":[\"https:\/\/saisonsculturelleschaumont.fr\/mdxpuixt\/evenement\/le-tour-de-loeuvre-2\/\"]}]},{\"@type\":\"BreadcrumbList\",\"@id\":\"https:\/\/saisonsculturelleschaumont.fr\/mdxpuixt\/evenement\/le-tour-de-loeuvre-2\/#breadcrumb\",\"itemListElement\":[{\"@type\":\"ListItem\",\"position\":1,\"name\":\"Accueil\",\"item\":\"https:\/\/saisonsculturelleschaumont.fr\/mdxpuixt\/\"},{\"@type\":\"ListItem\",\"position\":2,\"name\":\"\u00c9v\u00e8nements\",\"item\":\"https:\/\/saisonsculturelleschaumont.fr\/mdxpuixt\/agenda\/\"},{\"@type\":\"ListItem\",\"position\":3,\"name\":\"Le Tour de l&rsquo;\u0153uvre\"}]},{\"@type\":\"WebSite\",\"@id\":\"https:\/\/saisonsculturelleschaumont.fr\/mdxpuixt\/#website\",\"url\":\"https:\/\/saisonsculturelleschaumont.fr\/mdxpuixt\/\",\"name\":\"Les Saisons Culturelles de Chaumont\",\"description\":\"\",\"potentialAction\":[{\"@type\":\"SearchAction\",\"target\":{\"@type\":\"EntryPoint\",\"urlTemplate\":\"https:\/\/saisonsculturelleschaumont.fr\/mdxpuixt\/?s={search_term_string}\"},\"query-input\":\"required name=search_term_string\"}],\"inLanguage\":\"fr-FR\"}]}<\/script>\n<!-- \/ Yoast SEO plugin. -->","yoast_head_json":{"title":"Le Tour de l'\u0153uvre - Les Saisons Culturelles de Chaumont","description":"D\u00e9couvrez la programmation culturelle de la saison culturelle de la ville de Chaumont. Expositions, visites, rencontres, ateliers, concerts, spectacles, animations et plus encore.","robots":{"index":"noindex","follow":"follow","max-snippet":"max-snippet:-1","max-image-preview":"max-image-preview:large","max-video-preview":"max-video-preview:-1"},"og_locale":"fr_FR","og_type":"article","og_title":"Le Tour de l'\u0153uvre - Les Saisons Culturelles de Chaumont","og_description":"D\u00e9couvrez la programmation culturelle de la saison culturelle de la ville de Chaumont. Expositions, visites, rencontres, ateliers, concerts, spectacles, animations et plus encore.","og_url":"https:\/\/saisonsculturelleschaumont.fr\/mdxpuixt\/evenement\/le-tour-de-loeuvre-2\/","og_site_name":"Les Saisons Culturelles de Chaumont","article_publisher":"https:\/\/www.facebook.com\/saisonsculturelleschaumont\/","article_modified_time":"2022-12-16T13:32:31+00:00","og_image":[{"width":1030,"height":1030,"url":"https:\/\/saisonsculturelleschaumont.fr\/mdxpuixt\/wp-content\/uploads\/2022\/09\/Tour_Enfant-Jesus-_Photo-Philippe-Fuzeau-1030x1030.jpg","type":"image\/jpeg"}],"twitter_card":"summary_large_image","twitter_misc":{"Dur\u00e9e de lecture estim\u00e9e":"1 minute"},"schema":{"@context":"https:\/\/schema.org","@graph":[{"@type":"WebPage","@id":"https:\/\/saisonsculturelleschaumont.fr\/mdxpuixt\/evenement\/le-tour-de-loeuvre-2\/","url":"https:\/\/saisonsculturelleschaumont.fr\/mdxpuixt\/evenement\/le-tour-de-loeuvre-2\/","name":"Le Tour de l'\u0153uvre - Les Saisons Culturelles de Chaumont","isPartOf":{"@id":"https:\/\/saisonsculturelleschaumont.fr\/mdxpuixt\/#website"},"datePublished":"2022-09-21T07:27:05+00:00","dateModified":"2022-12-16T13:32:31+00:00","description":"D\u00e9couvrez la programmation culturelle de la saison culturelle de la ville de Chaumont. Expositions, visites, rencontres, ateliers, concerts, spectacles, animations et plus encore.","breadcrumb":{"@id":"https:\/\/saisonsculturelleschaumont.fr\/mdxpuixt\/evenement\/le-tour-de-loeuvre-2\/#breadcrumb"},"inLanguage":"fr-FR","potentialAction":[{"@type":"ReadAction","target":["https:\/\/saisonsculturelleschaumont.fr\/mdxpuixt\/evenement\/le-tour-de-loeuvre-2\/"]}]},{"@type":"BreadcrumbList","@id":"https:\/\/saisonsculturelleschaumont.fr\/mdxpuixt\/evenement\/le-tour-de-loeuvre-2\/#breadcrumb","itemListElement":[{"@type":"ListItem","position":1,"name":"Accueil","item":"https:\/\/saisonsculturelleschaumont.fr\/mdxpuixt\/"},{"@type":"ListItem","position":2,"name":"\u00c9v\u00e8nements","item":"https:\/\/saisonsculturelleschaumont.fr\/mdxpuixt\/agenda\/"},{"@type":"ListItem","position":3,"name":"Le Tour de l&rsquo;\u0153uvre"}]},{"@type":"WebSite","@id":"https:\/\/saisonsculturelleschaumont.fr\/mdxpuixt\/#website","url":"https:\/\/saisonsculturelleschaumont.fr\/mdxpuixt\/","name":"Les Saisons Culturelles de Chaumont","description":"","potentialAction":[{"@type":"SearchAction","target":{"@type":"EntryPoint","urlTemplate":"https:\/\/saisonsculturelleschaumont.fr\/mdxpuixt\/?s={search_term_string}"},"query-input":"required name=search_term_string"}],"inLanguage":"fr-FR"}]}},"uagb_featured_image_src":{"full":["https:\/\/saisonsculturelleschaumont.fr\/mdxpuixt\/wp-content\/uploads\/2022\/09\/Tour_Enfant-Jesus-_Photo-Philippe-Fuzeau-scaled-e1663744999110.jpg",650,975,false],"thumbnail":["https:\/\/saisonsculturelleschaumont.fr\/mdxpuixt\/wp-content\/uploads\/2022\/09\/Tour_Enfant-Jesus-_Photo-Philippe-Fuzeau-scaled-e1663744999110-80x80.jpg",80,80,true],"medium":["https:\/\/saisonsculturelleschaumont.fr\/mdxpuixt\/wp-content\/uploads\/2022\/09\/Tour_Enfant-Jesus-_Photo-Philippe-Fuzeau-scaled-e1663744999110-300x300.jpg",300,300,true],"medium_large":["https:\/\/saisonsculturelleschaumont.fr\/mdxpuixt\/wp-content\/uploads\/2022\/09\/Tour_Enfant-Jesus-_Photo-Philippe-Fuzeau-scaled-e1663744999110-650x768.jpg",650,768,true],"large":["https:\/\/saisonsculturelleschaumont.fr\/mdxpuixt\/wp-content\/uploads\/2022\/09\/Tour_Enfant-Jesus-_Photo-Philippe-Fuzeau-1030x1030.jpg",1030,1030,true],"1536x1536":["https:\/\/saisonsculturelleschaumont.fr\/mdxpuixt\/wp-content\/uploads\/2022\/09\/Tour_Enfant-Jesus-_Photo-Philippe-Fuzeau-1024x1536.jpg",1024,1536,true],"2048x2048":["https:\/\/saisonsculturelleschaumont.fr\/mdxpuixt\/wp-content\/uploads\/2022\/09\/Tour_Enfant-Jesus-_Photo-Philippe-Fuzeau-1365x2048.jpg",1365,2048,true],"widget":["https:\/\/saisonsculturelleschaumont.fr\/mdxpuixt\/wp-content\/uploads\/2022\/09\/Tour_Enfant-Jesus-_Photo-Philippe-Fuzeau-scaled-e1663744999110-36x36.jpg",36,36,true],"square":["https:\/\/saisonsculturelleschaumont.fr\/mdxpuixt\/wp-content\/uploads\/2022\/09\/Tour_Enfant-Jesus-_Photo-Philippe-Fuzeau-scaled-e1663744999110-180x180.jpg",180,180,true],"featured":["https:\/\/saisonsculturelleschaumont.fr\/mdxpuixt\/wp-content\/uploads\/2022\/09\/Tour_Enfant-Jesus-_Photo-Philippe-Fuzeau-scaled-e1663744999110-650x430.jpg",650,430,true],"featured_large":["https:\/\/saisonsculturelleschaumont.fr\/mdxpuixt\/wp-content\/uploads\/2022\/09\/Tour_Enfant-Jesus-_Photo-Philippe-Fuzeau-scaled-e1663744999110-650x630.jpg",650,630,true],"extra_large":["https:\/\/saisonsculturelleschaumont.fr\/mdxpuixt\/wp-content\/uploads\/2022\/09\/Tour_Enfant-Jesus-_Photo-Philippe-Fuzeau-1000x1500.jpg",1000,1500,true],"portfolio":["https:\/\/saisonsculturelleschaumont.fr\/mdxpuixt\/wp-content\/uploads\/2022\/09\/Tour_Enfant-Jesus-_Photo-Philippe-Fuzeau-scaled-e1663744999110-495x400.jpg",495,400,true],"portfolio_small":["https:\/\/saisonsculturelleschaumont.fr\/mdxpuixt\/wp-content\/uploads\/2022\/09\/Tour_Enfant-Jesus-_Photo-Philippe-Fuzeau-scaled-e1663744999110-260x185.jpg",260,185,true],"gallery":["https:\/\/saisonsculturelleschaumont.fr\/mdxpuixt\/wp-content\/uploads\/2022\/09\/Tour_Enfant-Jesus-_Photo-Philippe-Fuzeau-scaled-e1663744999110-650x684.jpg",650,684,true],"magazine":["https:\/\/saisonsculturelleschaumont.fr\/mdxpuixt\/wp-content\/uploads\/2022\/09\/Tour_Enfant-Jesus-_Photo-Philippe-Fuzeau-scaled-e1663744999110-650x375.jpg",650,375,true],"masonry":["https:\/\/saisonsculturelleschaumont.fr\/mdxpuixt\/wp-content\/uploads\/2022\/09\/Tour_Enfant-Jesus-_Photo-Philippe-Fuzeau-scaled-e1663744999110-470x705.jpg",470,705,true],"entry_with_sidebar":["https:\/\/saisonsculturelleschaumont.fr\/mdxpuixt\/wp-content\/uploads\/2022\/09\/Tour_Enfant-Jesus-_Photo-Philippe-Fuzeau-scaled-e1663744999110-650x321.jpg",650,321,true],"entry_without_sidebar":["https:\/\/saisonsculturelleschaumont.fr\/mdxpuixt\/wp-content\/uploads\/2022\/09\/Tour_Enfant-Jesus-_Photo-Philippe-Fuzeau-scaled-e1663744999110-650x423.jpg",650,423,true]},"uagb_author_info":{"display_name":"Justine Ansel","author_link":"https:\/\/saisonsculturelleschaumont.fr\/mdxpuixt\/author\/justine-ansel\/"},"uagb_comment_info":0,"uagb_excerpt":"TOUR DE L\u2019\u0152UVRE \u00ab L\u2019Enfant J\u00e9sus Sauveur du Monde (Espagne, milieu XVIIe si\u00e8cle) \u00bb Longtemps associ\u00e9 \u00e0 sa m\u00e8re, l\u2019Enfant J\u00e9sus devient une figure autonome \u00e0 partir de la fin [&hellip;]","_links":{"self":[{"href":"https:\/\/saisonsculturelleschaumont.fr\/mdxpuixt\/wp-json\/wp\/v2\/tribe_events\/8902"}],"collection":[{"href":"https:\/\/saisonsculturelleschaumont.fr\/mdxpuixt\/wp-json\/wp\/v2\/tribe_events"}],"about":[{"href":"https:\/\/saisonsculturelleschaumont.fr\/mdxpuixt\/wp-json\/wp\/v2\/types\/tribe_events"}],"author":[{"embeddable":true,"href":"https:\/\/saisonsculturelleschaumont.fr\/mdxpuixt\/wp-json\/wp\/v2\/users\/3"}],"replies":[{"embeddable":true,"href":"https:\/\/saisonsculturelleschaumont.fr\/mdxpuixt\/wp-json\/wp\/v2\/comments?post=8902"}],"version-history":[{"count":0,"href":"https:\/\/saisonsculturelleschaumont.fr\/mdxpuixt\/wp-json\/wp\/v2\/tribe_events\/8902\/revisions"}],"wp:featuredmedia":[{"embeddable":true,"href":"https:\/\/saisonsculturelleschaumont.fr\/mdxpuixt\/wp-json\/wp\/v2\/media\/9188"}],"wp:attachment":[{"href":"https:\/\/saisonsculturelleschaumont.fr\/mdxpuixt\/wp-json\/wp\/v2\/media?parent=8902"}],"wp:term":[{"taxonomy":"post_tag","embeddable":true,"href":"https:\/\/saisonsculturelleschaumont.fr\/mdxpuixt\/wp-json\/wp\/v2\/tags?post=8902"},{"taxonomy":"tribe_events_cat","embeddable":true,"href":"https:\/\/saisonsculturelleschaumont.fr\/mdxpuixt\/wp-json\/wp\/v2\/tribe_events_cat?post=8902"}],"curies":[{"name":"wp","href":"https:\/\/api.w.org\/{rel}","templated":true}]}}