{"id":9140,"date":"2022-09-19T16:22:19","date_gmt":"2022-09-19T14:22:19","guid":{"rendered":"https:\/\/saisonsculturelleschaumont.fr\/mdxpuixt\/?post_type=tribe_events&#038;p=9140"},"modified":"2023-09-15T15:03:20","modified_gmt":"2023-09-15T13:03:20","slug":"nuits-de-la-lecture-chimeres","status":"publish","type":"tribe_events","link":"https:\/\/saisonsculturelleschaumont.fr\/mdxpuixt\/evenement\/nuits-de-la-lecture-chimeres\/","title":{"rendered":"Nuits de la lecture &#8211; La peur"},"content":{"rendered":"<p>Votre m\u00e9diath\u00e8que vous invite \u00e0 explorer les confins de votre imagination : construction de cr\u00e9atures fantastiques, cr\u00e9ation d\u2019histoires fabuleuses, ateliers d\u2019illustration de chim\u00e8res, et pour les plus courageux : lectures effrayantes \u00e0 la nuit tomb\u00e9e !<\/p>\n<p>PROGRAMME<\/p>\n<p style=\"font-weight: 400;\"><strong>Exposition \u2013 Chim\u00e8res m\u00e9di\u00e9vales<br \/>\n<\/strong><em>M\u00e9diation en continu de 16h30 \u00e0 18h30<br \/>\n<\/em><em>Tout public<br \/>\n<\/em><em>Rez-de-chauss\u00e9e de l\u2019Espace Bouchardon<\/em><\/p>\n<p style=\"font-weight: 400;\">Gargouillesques, dr\u00f4latiques et chim\u00e9riques, venez d\u00e9couvrir les dr\u00f4les de b\u00eates imagin\u00e9es par l\u2019artiste anonyme qui a d\u00e9cor\u00e9 les marges du Br\u00e9viaire de Jean d\u2019Amboise \u00e0 la fin du Moyen-\u00c2ge !<\/p>\n<p style=\"font-weight: 400;\"><strong>Atelier &#8211; Mille millions de mille chim\u00e8res<br \/>\n<\/strong><em>En continu de 16h30 \u00e0 18h30<br \/>\n<\/em><em>A partir de 6 ans<br \/>\n<\/em><em>Auditorium de l\u2019Espace Bouchardon<\/em><\/p>\n<p style=\"font-weight: 400;\">L\u2019univers extravagant et merveilleux des chim\u00e8res te pla\u00eet\u00a0? Viens imaginer et construire ta propre chim\u00e8re fantastique\u00a0! Fais-la \u00e9voluer en compagnie de ses cong\u00e9n\u00e8res et\u00a0 invente des histoires fabuleuses\u00a0!<\/p>\n<p style=\"font-weight: 400;\"><strong>Atelier \u2013 Initiation \u00e0 l\u2019illustration avec Marc Giudice<br \/>\n<\/strong><em>De 16h30 \u00e0 18h30<br \/>\n<\/em><em>Tout public<br \/>\n<\/em><em>Sur inscription au 03 25 03 86 86<br \/>\n<\/em><em>Rez-de-chauss\u00e9e de l\u2019Espace Bouchardon<\/em><\/p>\n<p style=\"font-weight: 400;\">Venez vous initier \u00e0 l\u2019illustration et d\u00e9couvrir l\u2019univers de l\u2019artiste Marc Giudice, de la bande dessin\u00e9e aux dessins anim\u00e9s.\u00a0<em>Originaire de la Haute-Marne, l\u2019artiste Marc\u00a0Giudice\u00a0a tout d\u2019abord travaill\u00e9 dans le domaine des dessins anim\u00e9s avant de se plonger dans celui de la bande dessin\u00e9e.\u00a0<\/em><em>Souhaitant transmettre sa passion, il devient enseignant formateur en bande dessin\u00e9e et intervient dans une multitude de structures du champ social et \u00e9ducatif.<\/em><\/p>\n<p style=\"font-weight: 400;\"><strong>Lecture \u2013 2-4 ans<br \/>\n<\/strong><em>De 16h30 \u00e0 17h<br \/>\n<\/em><em>De 2 \u00e0 4 ans<br \/>\n<\/em><em>Auditorium de l\u2019Espace Bouchardon<\/em><\/p>\n<p style=\"font-weight: 400;\">La nuit est myst\u00e9rieuse, elle nous r\u00e9v\u00e8le de belles surprises.<\/p>\n<p style=\"font-weight: 400;\"><strong>Lecture \u2013 5-8 ans<br \/>\n<\/strong><em>De 17h30 \u00e0 18h15<br \/>\n<\/em><em>De 5 \u00e0 8 ans<br \/>\n<\/em><em>Auditorium de l\u2019Espace Bouchardon<\/em><\/p>\n<p style=\"font-weight: 400;\">De quoi as-tu peur\u00a0? Des loups, de la nuit, de l\u2019orage\u00a0? Viens frissonner \u00e0 la nuit tomb\u00e9e avec notre s\u00e9lection d\u2019albums\u00a0!<\/p>\n<p>&nbsp;<\/p>\n","protected":false},"excerpt":{"rendered":"<p>Votre m\u00e9diath\u00e8que vous invite \u00e0 explorer les confins de votre imagination : construction de cr\u00e9atures fantastiques, cr\u00e9ation d\u2019histoires fabuleuses, ateliers d\u2019illustration de chim\u00e8res, et pour les plus courageux : lectures [&hellip;]<\/p>\n","protected":false},"author":3,"featured_media":9180,"comment_status":"closed","ping_status":"closed","template":"","meta":{"_uag_custom_page_level_css":"","_tribe_events_status":"","_tribe_events_status_reason":""},"tags":[116,340,342,341],"tribe_events_cat":[305],"yoast_head":"<!-- This site is optimized with the Yoast SEO plugin v21.1 - https:\/\/yoast.com\/wordpress\/plugins\/seo\/ -->\n<title>Nuits de la lecture - La peur - Les Saisons Culturelles de Chaumont<\/title>\n<meta name=\"description\" content=\"D\u00e9couvrez la programmation culturelle de la saison culturelle de la ville de Chaumont. Expositions, visites, rencontres, ateliers, concerts, spectacles, animations et plus encore.\" \/>\n<meta name=\"robots\" content=\"noindex, follow, max-snippet:-1, max-image-preview:large, max-video-preview:-1\" \/>\n<meta property=\"og:locale\" content=\"fr_FR\" \/>\n<meta property=\"og:type\" content=\"article\" \/>\n<meta property=\"og:title\" content=\"Nuits de la lecture - La peur - Les Saisons Culturelles de Chaumont\" \/>\n<meta property=\"og:description\" content=\"D\u00e9couvrez la programmation culturelle de la saison culturelle de la ville de Chaumont. Expositions, visites, rencontres, ateliers, concerts, spectacles, animations et plus encore.\" \/>\n<meta property=\"og:url\" content=\"https:\/\/saisonsculturelleschaumont.fr\/mdxpuixt\/evenement\/nuits-de-la-lecture-chimeres\/\" \/>\n<meta property=\"og:site_name\" content=\"Les Saisons Culturelles de Chaumont\" \/>\n<meta property=\"article:publisher\" content=\"https:\/\/www.facebook.com\/saisonsculturelleschaumont\/\" \/>\n<meta property=\"article:modified_time\" content=\"2023-09-15T13:03:20+00:00\" \/>\n<meta property=\"og:image\" content=\"https:\/\/saisonsculturelleschaumont.fr\/mdxpuixt\/wp-content\/uploads\/2022\/09\/DSC_5293-e1663597331677.jpg\" \/>\n\t<meta property=\"og:image:width\" content=\"650\" \/>\n\t<meta property=\"og:image:height\" content=\"434\" \/>\n\t<meta property=\"og:image:type\" content=\"image\/jpeg\" \/>\n<meta name=\"twitter:card\" content=\"summary_large_image\" \/>\n<meta name=\"twitter:label1\" content=\"Dur\u00e9e de lecture estim\u00e9e\" \/>\n\t<meta name=\"twitter:data1\" content=\"2 minutes\" \/>\n<script type=\"application\/ld+json\" class=\"yoast-schema-graph\">{\"@context\":\"https:\/\/schema.org\",\"@graph\":[{\"@type\":\"WebPage\",\"@id\":\"https:\/\/saisonsculturelleschaumont.fr\/mdxpuixt\/evenement\/nuits-de-la-lecture-chimeres\/\",\"url\":\"https:\/\/saisonsculturelleschaumont.fr\/mdxpuixt\/evenement\/nuits-de-la-lecture-chimeres\/\",\"name\":\"Nuits de la lecture - La peur - Les Saisons Culturelles de Chaumont\",\"isPartOf\":{\"@id\":\"https:\/\/saisonsculturelleschaumont.fr\/mdxpuixt\/#website\"},\"datePublished\":\"2022-09-19T14:22:19+00:00\",\"dateModified\":\"2023-09-15T13:03:20+00:00\",\"description\":\"D\u00e9couvrez la programmation culturelle de la saison culturelle de la ville de Chaumont. Expositions, visites, rencontres, ateliers, concerts, spectacles, animations et plus encore.\",\"breadcrumb\":{\"@id\":\"https:\/\/saisonsculturelleschaumont.fr\/mdxpuixt\/evenement\/nuits-de-la-lecture-chimeres\/#breadcrumb\"},\"inLanguage\":\"fr-FR\",\"potentialAction\":[{\"@type\":\"ReadAction\",\"target\":[\"https:\/\/saisonsculturelleschaumont.fr\/mdxpuixt\/evenement\/nuits-de-la-lecture-chimeres\/\"]}]},{\"@type\":\"BreadcrumbList\",\"@id\":\"https:\/\/saisonsculturelleschaumont.fr\/mdxpuixt\/evenement\/nuits-de-la-lecture-chimeres\/#breadcrumb\",\"itemListElement\":[{\"@type\":\"ListItem\",\"position\":1,\"name\":\"Accueil\",\"item\":\"https:\/\/saisonsculturelleschaumont.fr\/mdxpuixt\/\"},{\"@type\":\"ListItem\",\"position\":2,\"name\":\"\u00c9v\u00e8nements\",\"item\":\"https:\/\/saisonsculturelleschaumont.fr\/mdxpuixt\/agenda\/\"},{\"@type\":\"ListItem\",\"position\":3,\"name\":\"Nuits de la lecture &#8211; La peur\"}]},{\"@type\":\"WebSite\",\"@id\":\"https:\/\/saisonsculturelleschaumont.fr\/mdxpuixt\/#website\",\"url\":\"https:\/\/saisonsculturelleschaumont.fr\/mdxpuixt\/\",\"name\":\"Les Saisons Culturelles de Chaumont\",\"description\":\"\",\"potentialAction\":[{\"@type\":\"SearchAction\",\"target\":{\"@type\":\"EntryPoint\",\"urlTemplate\":\"https:\/\/saisonsculturelleschaumont.fr\/mdxpuixt\/?s={search_term_string}\"},\"query-input\":\"required name=search_term_string\"}],\"inLanguage\":\"fr-FR\"}]}<\/script>\n<!-- \/ Yoast SEO plugin. -->","yoast_head_json":{"title":"Nuits de la lecture - La peur - Les Saisons Culturelles de Chaumont","description":"D\u00e9couvrez la programmation culturelle de la saison culturelle de la ville de Chaumont. Expositions, visites, rencontres, ateliers, concerts, spectacles, animations et plus encore.","robots":{"index":"noindex","follow":"follow","max-snippet":"max-snippet:-1","max-image-preview":"max-image-preview:large","max-video-preview":"max-video-preview:-1"},"og_locale":"fr_FR","og_type":"article","og_title":"Nuits de la lecture - La peur - Les Saisons Culturelles de Chaumont","og_description":"D\u00e9couvrez la programmation culturelle de la saison culturelle de la ville de Chaumont. Expositions, visites, rencontres, ateliers, concerts, spectacles, animations et plus encore.","og_url":"https:\/\/saisonsculturelleschaumont.fr\/mdxpuixt\/evenement\/nuits-de-la-lecture-chimeres\/","og_site_name":"Les Saisons Culturelles de Chaumont","article_publisher":"https:\/\/www.facebook.com\/saisonsculturelleschaumont\/","article_modified_time":"2023-09-15T13:03:20+00:00","og_image":[{"width":650,"height":434,"url":"https:\/\/saisonsculturelleschaumont.fr\/mdxpuixt\/wp-content\/uploads\/2022\/09\/DSC_5293-e1663597331677.jpg","type":"image\/jpeg"}],"twitter_card":"summary_large_image","twitter_misc":{"Dur\u00e9e de lecture estim\u00e9e":"2 minutes"},"schema":{"@context":"https:\/\/schema.org","@graph":[{"@type":"WebPage","@id":"https:\/\/saisonsculturelleschaumont.fr\/mdxpuixt\/evenement\/nuits-de-la-lecture-chimeres\/","url":"https:\/\/saisonsculturelleschaumont.fr\/mdxpuixt\/evenement\/nuits-de-la-lecture-chimeres\/","name":"Nuits de la lecture - La peur - Les Saisons Culturelles de Chaumont","isPartOf":{"@id":"https:\/\/saisonsculturelleschaumont.fr\/mdxpuixt\/#website"},"datePublished":"2022-09-19T14:22:19+00:00","dateModified":"2023-09-15T13:03:20+00:00","description":"D\u00e9couvrez la programmation culturelle de la saison culturelle de la ville de Chaumont. Expositions, visites, rencontres, ateliers, concerts, spectacles, animations et plus encore.","breadcrumb":{"@id":"https:\/\/saisonsculturelleschaumont.fr\/mdxpuixt\/evenement\/nuits-de-la-lecture-chimeres\/#breadcrumb"},"inLanguage":"fr-FR","potentialAction":[{"@type":"ReadAction","target":["https:\/\/saisonsculturelleschaumont.fr\/mdxpuixt\/evenement\/nuits-de-la-lecture-chimeres\/"]}]},{"@type":"BreadcrumbList","@id":"https:\/\/saisonsculturelleschaumont.fr\/mdxpuixt\/evenement\/nuits-de-la-lecture-chimeres\/#breadcrumb","itemListElement":[{"@type":"ListItem","position":1,"name":"Accueil","item":"https:\/\/saisonsculturelleschaumont.fr\/mdxpuixt\/"},{"@type":"ListItem","position":2,"name":"\u00c9v\u00e8nements","item":"https:\/\/saisonsculturelleschaumont.fr\/mdxpuixt\/agenda\/"},{"@type":"ListItem","position":3,"name":"Nuits de la lecture &#8211; La peur"}]},{"@type":"WebSite","@id":"https:\/\/saisonsculturelleschaumont.fr\/mdxpuixt\/#website","url":"https:\/\/saisonsculturelleschaumont.fr\/mdxpuixt\/","name":"Les Saisons Culturelles de Chaumont","description":"","potentialAction":[{"@type":"SearchAction","target":{"@type":"EntryPoint","urlTemplate":"https:\/\/saisonsculturelleschaumont.fr\/mdxpuixt\/?s={search_term_string}"},"query-input":"required name=search_term_string"}],"inLanguage":"fr-FR"}]}},"uagb_featured_image_src":{"full":["https:\/\/saisonsculturelleschaumont.fr\/mdxpuixt\/wp-content\/uploads\/2022\/09\/DSC_5293-e1663597331677.jpg",650,434,false],"thumbnail":["https:\/\/saisonsculturelleschaumont.fr\/mdxpuixt\/wp-content\/uploads\/2022\/09\/DSC_5293-e1663597331677-80x80.jpg",80,80,true],"medium":["https:\/\/saisonsculturelleschaumont.fr\/mdxpuixt\/wp-content\/uploads\/2022\/09\/DSC_5293-e1663597331677-300x300.jpg",300,300,true],"medium_large":["https:\/\/saisonsculturelleschaumont.fr\/mdxpuixt\/wp-content\/uploads\/2022\/09\/DSC_5293-768x768.jpg",768,768,true],"large":["https:\/\/saisonsculturelleschaumont.fr\/mdxpuixt\/wp-content\/uploads\/2022\/09\/DSC_5293-1030x1030.jpg",1030,1030,true],"1536x1536":["https:\/\/saisonsculturelleschaumont.fr\/mdxpuixt\/wp-content\/uploads\/2022\/09\/DSC_5293-1536x1025.jpg",1536,1025,true],"2048x2048":["https:\/\/saisonsculturelleschaumont.fr\/mdxpuixt\/wp-content\/uploads\/2022\/09\/DSC_5293-e1663597331677.jpg",650,434,false],"widget":["https:\/\/saisonsculturelleschaumont.fr\/mdxpuixt\/wp-content\/uploads\/2022\/09\/DSC_5293-e1663597331677-36x36.jpg",36,36,true],"square":["https:\/\/saisonsculturelleschaumont.fr\/mdxpuixt\/wp-content\/uploads\/2022\/09\/DSC_5293-e1663597331677-180x180.jpg",180,180,true],"featured":["https:\/\/saisonsculturelleschaumont.fr\/mdxpuixt\/wp-content\/uploads\/2022\/09\/DSC_5293-e1663597331677-650x430.jpg",650,430,true],"featured_large":["https:\/\/saisonsculturelleschaumont.fr\/mdxpuixt\/wp-content\/uploads\/2022\/09\/DSC_5293-1500x630.jpg",1500,630,true],"extra_large":["https:\/\/saisonsculturelleschaumont.fr\/mdxpuixt\/wp-content\/uploads\/2022\/09\/DSC_5293-1500x1001.jpg",1500,1001,true],"portfolio":["https:\/\/saisonsculturelleschaumont.fr\/mdxpuixt\/wp-content\/uploads\/2022\/09\/DSC_5293-e1663597331677-495x400.jpg",495,400,true],"portfolio_small":["https:\/\/saisonsculturelleschaumont.fr\/mdxpuixt\/wp-content\/uploads\/2022\/09\/DSC_5293-e1663597331677-260x185.jpg",260,185,true],"gallery":["https:\/\/saisonsculturelleschaumont.fr\/mdxpuixt\/wp-content\/uploads\/2022\/09\/DSC_5293-845x684.jpg",845,684,true],"magazine":["https:\/\/saisonsculturelleschaumont.fr\/mdxpuixt\/wp-content\/uploads\/2022\/09\/DSC_5293-e1663597331677-650x375.jpg",650,375,true],"masonry":["https:\/\/saisonsculturelleschaumont.fr\/mdxpuixt\/wp-content\/uploads\/2022\/09\/DSC_5293-705x471.jpg",705,471,true],"entry_with_sidebar":["https:\/\/saisonsculturelleschaumont.fr\/mdxpuixt\/wp-content\/uploads\/2022\/09\/DSC_5293-e1663597331677-650x321.jpg",650,321,true],"entry_without_sidebar":["https:\/\/saisonsculturelleschaumont.fr\/mdxpuixt\/wp-content\/uploads\/2022\/09\/DSC_5293-e1663597331677-650x423.jpg",650,423,true]},"uagb_author_info":{"display_name":"Justine Ansel","author_link":"https:\/\/saisonsculturelleschaumont.fr\/mdxpuixt\/author\/justine-ansel\/"},"uagb_comment_info":0,"uagb_excerpt":"Votre m\u00e9diath\u00e8que vous invite \u00e0 explorer les confins de votre imagination : construction de cr\u00e9atures fantastiques, cr\u00e9ation d\u2019histoires fabuleuses, ateliers d\u2019illustration de chim\u00e8res, et pour les plus courageux : lectures [&hellip;]","_links":{"self":[{"href":"https:\/\/saisonsculturelleschaumont.fr\/mdxpuixt\/wp-json\/wp\/v2\/tribe_events\/9140"}],"collection":[{"href":"https:\/\/saisonsculturelleschaumont.fr\/mdxpuixt\/wp-json\/wp\/v2\/tribe_events"}],"about":[{"href":"https:\/\/saisonsculturelleschaumont.fr\/mdxpuixt\/wp-json\/wp\/v2\/types\/tribe_events"}],"author":[{"embeddable":true,"href":"https:\/\/saisonsculturelleschaumont.fr\/mdxpuixt\/wp-json\/wp\/v2\/users\/3"}],"replies":[{"embeddable":true,"href":"https:\/\/saisonsculturelleschaumont.fr\/mdxpuixt\/wp-json\/wp\/v2\/comments?post=9140"}],"version-history":[{"count":0,"href":"https:\/\/saisonsculturelleschaumont.fr\/mdxpuixt\/wp-json\/wp\/v2\/tribe_events\/9140\/revisions"}],"wp:featuredmedia":[{"embeddable":true,"href":"https:\/\/saisonsculturelleschaumont.fr\/mdxpuixt\/wp-json\/wp\/v2\/media\/9180"}],"wp:attachment":[{"href":"https:\/\/saisonsculturelleschaumont.fr\/mdxpuixt\/wp-json\/wp\/v2\/media?parent=9140"}],"wp:term":[{"taxonomy":"post_tag","embeddable":true,"href":"https:\/\/saisonsculturelleschaumont.fr\/mdxpuixt\/wp-json\/wp\/v2\/tags?post=9140"},{"taxonomy":"tribe_events_cat","embeddable":true,"href":"https:\/\/saisonsculturelleschaumont.fr\/mdxpuixt\/wp-json\/wp\/v2\/tribe_events_cat?post=9140"}],"curies":[{"name":"wp","href":"https:\/\/api.w.org\/{rel}","templated":true}]}}