{"id":9255,"date":"2022-09-23T17:08:26","date_gmt":"2022-09-23T15:08:26","guid":{"rendered":"https:\/\/saisonsculturelleschaumont.fr\/mdxpuixt\/?post_type=tribe_events&#038;p=9255"},"modified":"2023-05-11T18:18:56","modified_gmt":"2023-05-11T16:18:56","slug":"puisque-cest-comme-ca-je-vais-faire-un-opera-toute-seule","status":"publish","type":"tribe_events","link":"https:\/\/saisonsculturelleschaumont.fr\/mdxpuixt\/evenement\/puisque-cest-comme-ca-je-vais-faire-un-opera-toute-seule\/","title":{"rendered":"PUISQUE C\u2019EST COMME \u00c7A JE VAIS FAIRE UN OP\u00c9RA TOUTE SEULE"},"content":{"rendered":"<p>MUSIQUE &#8211; \u00c0 partir de 9 ansSPECTACLE EN PARTENARIAT AVEC \u00ab TOUS A L\u2019OP\u00c9RA \u00bb<br \/>\nCompagnie Je garde le chien<\/p>\n<p>Anya, 12 ans, d\u00e9voile son d\u00e9sir d\u2019\u00e9crire un op\u00e9ra. \u00c0 l\u2019\u00e9cole, on explique que les grandes compositrices, \u00e7a n\u2019existe pas ! Seulement pour Anya, la musique, c\u2019est sa langue maternelle\u2026<br \/>\nNotre histoire commence par une grande col\u00e8re. Une col\u00e8re d\u2019enfant qui fait claquer les portes et trembler les murs. Une col\u00e8re russe pour en finir avec l\u2019injustice, les interdits, les injonctions a\u0300 devenir autre chose que ce qu\u2019elle veut \u00eatre : LIBRE.<\/p>\n<p>TARIFS<br \/>\n4\u20ac \/ 5\u20ac \/ 9\u20ac \/ 15\u20ac<\/p>\n","protected":false},"excerpt":{"rendered":"<p>MUSIQUE &#8211; \u00c0 partir de 9 ansSPECTACLE EN PARTENARIAT AVEC \u00ab TOUS A L\u2019OP\u00c9RA \u00bb Compagnie Je garde le chien Anya, 12 ans, d\u00e9voile son d\u00e9sir d\u2019\u00e9crire un op\u00e9ra. \u00c0 [&hellip;]<\/p>\n","protected":false},"author":3,"featured_media":9285,"comment_status":"closed","ping_status":"closed","template":"","meta":{"_uag_custom_page_level_css":"","_tribe_events_status":"","_tribe_events_status_reason":""},"tags":[55],"tribe_events_cat":[44],"yoast_head":"<!-- This site is optimized with the Yoast SEO plugin v21.1 - https:\/\/yoast.com\/wordpress\/plugins\/seo\/ -->\n<title>PUISQUE C\u2019EST COMME \u00c7A JE VAIS FAIRE UN OP\u00c9RA TOUTE SEULE - Les Saisons Culturelles de Chaumont<\/title>\n<meta name=\"description\" content=\"D\u00e9couvrez la programmation culturelle de la saison culturelle de la ville de Chaumont. Expositions, visites, rencontres, ateliers, concerts, spectacles, animations et plus encore.\" \/>\n<meta name=\"robots\" content=\"noindex, follow, max-snippet:-1, max-image-preview:large, max-video-preview:-1\" \/>\n<meta property=\"og:locale\" content=\"fr_FR\" \/>\n<meta property=\"og:type\" content=\"article\" \/>\n<meta property=\"og:title\" content=\"PUISQUE C\u2019EST COMME \u00c7A JE VAIS FAIRE UN OP\u00c9RA TOUTE SEULE - Les Saisons Culturelles de Chaumont\" \/>\n<meta property=\"og:description\" content=\"D\u00e9couvrez la programmation culturelle de la saison culturelle de la ville de Chaumont. Expositions, visites, rencontres, ateliers, concerts, spectacles, animations et plus encore.\" \/>\n<meta property=\"og:url\" content=\"https:\/\/saisonsculturelleschaumont.fr\/mdxpuixt\/evenement\/puisque-cest-comme-ca-je-vais-faire-un-opera-toute-seule\/\" \/>\n<meta property=\"og:site_name\" content=\"Les Saisons Culturelles de Chaumont\" \/>\n<meta property=\"article:publisher\" content=\"https:\/\/www.facebook.com\/saisonsculturelleschaumont\/\" \/>\n<meta property=\"article:modified_time\" content=\"2023-05-11T16:18:56+00:00\" \/>\n<meta property=\"og:image\" content=\"https:\/\/saisonsculturelleschaumont.fr\/mdxpuixt\/wp-content\/uploads\/2022\/09\/24-puisque-cest-comme-ca-\u00a9J-M-Lobbe-e1663946087551.jpg\" \/>\n\t<meta property=\"og:image:width\" content=\"650\" \/>\n\t<meta property=\"og:image:height\" content=\"433\" \/>\n\t<meta property=\"og:image:type\" content=\"image\/jpeg\" \/>\n<meta name=\"twitter:card\" content=\"summary_large_image\" \/>\n<meta name=\"twitter:label1\" content=\"Dur\u00e9e de lecture estim\u00e9e\" \/>\n\t<meta name=\"twitter:data1\" content=\"1 minute\" \/>\n<script type=\"application\/ld+json\" class=\"yoast-schema-graph\">{\"@context\":\"https:\/\/schema.org\",\"@graph\":[{\"@type\":\"WebPage\",\"@id\":\"https:\/\/saisonsculturelleschaumont.fr\/mdxpuixt\/evenement\/puisque-cest-comme-ca-je-vais-faire-un-opera-toute-seule\/\",\"url\":\"https:\/\/saisonsculturelleschaumont.fr\/mdxpuixt\/evenement\/puisque-cest-comme-ca-je-vais-faire-un-opera-toute-seule\/\",\"name\":\"PUISQUE C\u2019EST COMME \u00c7A JE VAIS FAIRE UN OP\u00c9RA TOUTE SEULE - Les Saisons Culturelles de Chaumont\",\"isPartOf\":{\"@id\":\"https:\/\/saisonsculturelleschaumont.fr\/mdxpuixt\/#website\"},\"datePublished\":\"2022-09-23T15:08:26+00:00\",\"dateModified\":\"2023-05-11T16:18:56+00:00\",\"description\":\"D\u00e9couvrez la programmation culturelle de la saison culturelle de la ville de Chaumont. Expositions, visites, rencontres, ateliers, concerts, spectacles, animations et plus encore.\",\"breadcrumb\":{\"@id\":\"https:\/\/saisonsculturelleschaumont.fr\/mdxpuixt\/evenement\/puisque-cest-comme-ca-je-vais-faire-un-opera-toute-seule\/#breadcrumb\"},\"inLanguage\":\"fr-FR\",\"potentialAction\":[{\"@type\":\"ReadAction\",\"target\":[\"https:\/\/saisonsculturelleschaumont.fr\/mdxpuixt\/evenement\/puisque-cest-comme-ca-je-vais-faire-un-opera-toute-seule\/\"]}]},{\"@type\":\"BreadcrumbList\",\"@id\":\"https:\/\/saisonsculturelleschaumont.fr\/mdxpuixt\/evenement\/puisque-cest-comme-ca-je-vais-faire-un-opera-toute-seule\/#breadcrumb\",\"itemListElement\":[{\"@type\":\"ListItem\",\"position\":1,\"name\":\"Accueil\",\"item\":\"https:\/\/saisonsculturelleschaumont.fr\/mdxpuixt\/\"},{\"@type\":\"ListItem\",\"position\":2,\"name\":\"\u00c9v\u00e8nements\",\"item\":\"https:\/\/saisonsculturelleschaumont.fr\/mdxpuixt\/agenda\/\"},{\"@type\":\"ListItem\",\"position\":3,\"name\":\"PUISQUE C\u2019EST COMME \u00c7A JE VAIS FAIRE UN OP\u00c9RA TOUTE SEULE\"}]},{\"@type\":\"WebSite\",\"@id\":\"https:\/\/saisonsculturelleschaumont.fr\/mdxpuixt\/#website\",\"url\":\"https:\/\/saisonsculturelleschaumont.fr\/mdxpuixt\/\",\"name\":\"Les Saisons Culturelles de Chaumont\",\"description\":\"\",\"potentialAction\":[{\"@type\":\"SearchAction\",\"target\":{\"@type\":\"EntryPoint\",\"urlTemplate\":\"https:\/\/saisonsculturelleschaumont.fr\/mdxpuixt\/?s={search_term_string}\"},\"query-input\":\"required name=search_term_string\"}],\"inLanguage\":\"fr-FR\"}]}<\/script>\n<!-- \/ Yoast SEO plugin. -->","yoast_head_json":{"title":"PUISQUE C\u2019EST COMME \u00c7A JE VAIS FAIRE UN OP\u00c9RA TOUTE SEULE - Les Saisons Culturelles de Chaumont","description":"D\u00e9couvrez la programmation culturelle de la saison culturelle de la ville de Chaumont. Expositions, visites, rencontres, ateliers, concerts, spectacles, animations et plus encore.","robots":{"index":"noindex","follow":"follow","max-snippet":"max-snippet:-1","max-image-preview":"max-image-preview:large","max-video-preview":"max-video-preview:-1"},"og_locale":"fr_FR","og_type":"article","og_title":"PUISQUE C\u2019EST COMME \u00c7A JE VAIS FAIRE UN OP\u00c9RA TOUTE SEULE - Les Saisons Culturelles de Chaumont","og_description":"D\u00e9couvrez la programmation culturelle de la saison culturelle de la ville de Chaumont. Expositions, visites, rencontres, ateliers, concerts, spectacles, animations et plus encore.","og_url":"https:\/\/saisonsculturelleschaumont.fr\/mdxpuixt\/evenement\/puisque-cest-comme-ca-je-vais-faire-un-opera-toute-seule\/","og_site_name":"Les Saisons Culturelles de Chaumont","article_publisher":"https:\/\/www.facebook.com\/saisonsculturelleschaumont\/","article_modified_time":"2023-05-11T16:18:56+00:00","og_image":[{"width":650,"height":433,"url":"https:\/\/saisonsculturelleschaumont.fr\/mdxpuixt\/wp-content\/uploads\/2022\/09\/24-puisque-cest-comme-ca-\u00a9J-M-Lobbe-e1663946087551.jpg","type":"image\/jpeg"}],"twitter_card":"summary_large_image","twitter_misc":{"Dur\u00e9e de lecture estim\u00e9e":"1 minute"},"schema":{"@context":"https:\/\/schema.org","@graph":[{"@type":"WebPage","@id":"https:\/\/saisonsculturelleschaumont.fr\/mdxpuixt\/evenement\/puisque-cest-comme-ca-je-vais-faire-un-opera-toute-seule\/","url":"https:\/\/saisonsculturelleschaumont.fr\/mdxpuixt\/evenement\/puisque-cest-comme-ca-je-vais-faire-un-opera-toute-seule\/","name":"PUISQUE C\u2019EST COMME \u00c7A JE VAIS FAIRE UN OP\u00c9RA TOUTE SEULE - Les Saisons Culturelles de Chaumont","isPartOf":{"@id":"https:\/\/saisonsculturelleschaumont.fr\/mdxpuixt\/#website"},"datePublished":"2022-09-23T15:08:26+00:00","dateModified":"2023-05-11T16:18:56+00:00","description":"D\u00e9couvrez la programmation culturelle de la saison culturelle de la ville de Chaumont. Expositions, visites, rencontres, ateliers, concerts, spectacles, animations et plus encore.","breadcrumb":{"@id":"https:\/\/saisonsculturelleschaumont.fr\/mdxpuixt\/evenement\/puisque-cest-comme-ca-je-vais-faire-un-opera-toute-seule\/#breadcrumb"},"inLanguage":"fr-FR","potentialAction":[{"@type":"ReadAction","target":["https:\/\/saisonsculturelleschaumont.fr\/mdxpuixt\/evenement\/puisque-cest-comme-ca-je-vais-faire-un-opera-toute-seule\/"]}]},{"@type":"BreadcrumbList","@id":"https:\/\/saisonsculturelleschaumont.fr\/mdxpuixt\/evenement\/puisque-cest-comme-ca-je-vais-faire-un-opera-toute-seule\/#breadcrumb","itemListElement":[{"@type":"ListItem","position":1,"name":"Accueil","item":"https:\/\/saisonsculturelleschaumont.fr\/mdxpuixt\/"},{"@type":"ListItem","position":2,"name":"\u00c9v\u00e8nements","item":"https:\/\/saisonsculturelleschaumont.fr\/mdxpuixt\/agenda\/"},{"@type":"ListItem","position":3,"name":"PUISQUE C\u2019EST COMME \u00c7A JE VAIS FAIRE UN OP\u00c9RA TOUTE SEULE"}]},{"@type":"WebSite","@id":"https:\/\/saisonsculturelleschaumont.fr\/mdxpuixt\/#website","url":"https:\/\/saisonsculturelleschaumont.fr\/mdxpuixt\/","name":"Les Saisons Culturelles de Chaumont","description":"","potentialAction":[{"@type":"SearchAction","target":{"@type":"EntryPoint","urlTemplate":"https:\/\/saisonsculturelleschaumont.fr\/mdxpuixt\/?s={search_term_string}"},"query-input":"required name=search_term_string"}],"inLanguage":"fr-FR"}]}},"uagb_featured_image_src":{"full":["https:\/\/saisonsculturelleschaumont.fr\/mdxpuixt\/wp-content\/uploads\/2022\/09\/24-puisque-cest-comme-ca-\u00a9J-M-Lobbe-e1663946087551.jpg",650,433,false],"thumbnail":["https:\/\/saisonsculturelleschaumont.fr\/mdxpuixt\/wp-content\/uploads\/2022\/09\/24-puisque-cest-comme-ca-\u00a9J-M-Lobbe-e1663946087551-80x80.jpg",80,80,true],"medium":["https:\/\/saisonsculturelleschaumont.fr\/mdxpuixt\/wp-content\/uploads\/2022\/09\/24-puisque-cest-comme-ca-\u00a9J-M-Lobbe-e1663946087551-300x300.jpg",300,300,true],"medium_large":["https:\/\/saisonsculturelleschaumont.fr\/mdxpuixt\/wp-content\/uploads\/2022\/09\/24-puisque-cest-comme-ca-\u00a9J-M-Lobbe-768x768.jpg",768,768,true],"large":["https:\/\/saisonsculturelleschaumont.fr\/mdxpuixt\/wp-content\/uploads\/2022\/09\/24-puisque-cest-comme-ca-\u00a9J-M-Lobbe-1030x800.jpg",1030,800,true],"1536x1536":["https:\/\/saisonsculturelleschaumont.fr\/mdxpuixt\/wp-content\/uploads\/2022\/09\/24-puisque-cest-comme-ca-\u00a9J-M-Lobbe-e1663946087551.jpg",650,433,false],"2048x2048":["https:\/\/saisonsculturelleschaumont.fr\/mdxpuixt\/wp-content\/uploads\/2022\/09\/24-puisque-cest-comme-ca-\u00a9J-M-Lobbe-e1663946087551.jpg",650,433,false],"widget":["https:\/\/saisonsculturelleschaumont.fr\/mdxpuixt\/wp-content\/uploads\/2022\/09\/24-puisque-cest-comme-ca-\u00a9J-M-Lobbe-e1663946087551-36x36.jpg",36,36,true],"square":["https:\/\/saisonsculturelleschaumont.fr\/mdxpuixt\/wp-content\/uploads\/2022\/09\/24-puisque-cest-comme-ca-\u00a9J-M-Lobbe-e1663946087551-180x180.jpg",180,180,true],"featured":["https:\/\/saisonsculturelleschaumont.fr\/mdxpuixt\/wp-content\/uploads\/2022\/09\/24-puisque-cest-comme-ca-\u00a9J-M-Lobbe-e1663946087551-650x430.jpg",650,430,true],"featured_large":["https:\/\/saisonsculturelleschaumont.fr\/mdxpuixt\/wp-content\/uploads\/2022\/09\/24-puisque-cest-comme-ca-\u00a9J-M-Lobbe-1200x630.jpg",1200,630,true],"extra_large":["https:\/\/saisonsculturelleschaumont.fr\/mdxpuixt\/wp-content\/uploads\/2022\/09\/24-puisque-cest-comme-ca-\u00a9J-M-Lobbe-e1663946087551.jpg",650,433,false],"portfolio":["https:\/\/saisonsculturelleschaumont.fr\/mdxpuixt\/wp-content\/uploads\/2022\/09\/24-puisque-cest-comme-ca-\u00a9J-M-Lobbe-e1663946087551-495x400.jpg",495,400,true],"portfolio_small":["https:\/\/saisonsculturelleschaumont.fr\/mdxpuixt\/wp-content\/uploads\/2022\/09\/24-puisque-cest-comme-ca-\u00a9J-M-Lobbe-e1663946087551-260x185.jpg",260,185,true],"gallery":["https:\/\/saisonsculturelleschaumont.fr\/mdxpuixt\/wp-content\/uploads\/2022\/09\/24-puisque-cest-comme-ca-\u00a9J-M-Lobbe-845x684.jpg",845,684,true],"magazine":["https:\/\/saisonsculturelleschaumont.fr\/mdxpuixt\/wp-content\/uploads\/2022\/09\/24-puisque-cest-comme-ca-\u00a9J-M-Lobbe-e1663946087551-650x375.jpg",650,375,true],"masonry":["https:\/\/saisonsculturelleschaumont.fr\/mdxpuixt\/wp-content\/uploads\/2022\/09\/24-puisque-cest-comme-ca-\u00a9J-M-Lobbe-705x470.jpg",705,470,true],"entry_with_sidebar":["https:\/\/saisonsculturelleschaumont.fr\/mdxpuixt\/wp-content\/uploads\/2022\/09\/24-puisque-cest-comme-ca-\u00a9J-M-Lobbe-e1663946087551-650x321.jpg",650,321,true],"entry_without_sidebar":["https:\/\/saisonsculturelleschaumont.fr\/mdxpuixt\/wp-content\/uploads\/2022\/09\/24-puisque-cest-comme-ca-\u00a9J-M-Lobbe-e1663946087551-650x423.jpg",650,423,true]},"uagb_author_info":{"display_name":"Justine Ansel","author_link":"https:\/\/saisonsculturelleschaumont.fr\/mdxpuixt\/author\/justine-ansel\/"},"uagb_comment_info":0,"uagb_excerpt":"MUSIQUE &#8211; \u00c0 partir de 9 ansSPECTACLE EN PARTENARIAT AVEC \u00ab TOUS A L\u2019OP\u00c9RA \u00bb Compagnie Je garde le chien Anya, 12 ans, d\u00e9voile son d\u00e9sir d\u2019\u00e9crire un op\u00e9ra. \u00c0 [&hellip;]","_links":{"self":[{"href":"https:\/\/saisonsculturelleschaumont.fr\/mdxpuixt\/wp-json\/wp\/v2\/tribe_events\/9255"}],"collection":[{"href":"https:\/\/saisonsculturelleschaumont.fr\/mdxpuixt\/wp-json\/wp\/v2\/tribe_events"}],"about":[{"href":"https:\/\/saisonsculturelleschaumont.fr\/mdxpuixt\/wp-json\/wp\/v2\/types\/tribe_events"}],"author":[{"embeddable":true,"href":"https:\/\/saisonsculturelleschaumont.fr\/mdxpuixt\/wp-json\/wp\/v2\/users\/3"}],"replies":[{"embeddable":true,"href":"https:\/\/saisonsculturelleschaumont.fr\/mdxpuixt\/wp-json\/wp\/v2\/comments?post=9255"}],"version-history":[{"count":0,"href":"https:\/\/saisonsculturelleschaumont.fr\/mdxpuixt\/wp-json\/wp\/v2\/tribe_events\/9255\/revisions"}],"wp:featuredmedia":[{"embeddable":true,"href":"https:\/\/saisonsculturelleschaumont.fr\/mdxpuixt\/wp-json\/wp\/v2\/media\/9285"}],"wp:attachment":[{"href":"https:\/\/saisonsculturelleschaumont.fr\/mdxpuixt\/wp-json\/wp\/v2\/media?parent=9255"}],"wp:term":[{"taxonomy":"post_tag","embeddable":true,"href":"https:\/\/saisonsculturelleschaumont.fr\/mdxpuixt\/wp-json\/wp\/v2\/tags?post=9255"},{"taxonomy":"tribe_events_cat","embeddable":true,"href":"https:\/\/saisonsculturelleschaumont.fr\/mdxpuixt\/wp-json\/wp\/v2\/tribe_events_cat?post=9255"}],"curies":[{"name":"wp","href":"https:\/\/api.w.org\/{rel}","templated":true}]}}