{"id":9674,"date":"2023-02-01T14:37:13","date_gmt":"2023-02-01T13:37:13","guid":{"rendered":"https:\/\/saisonsculturelleschaumont.fr\/mdxpuixt\/?post_type=tribe_events&#038;p=9674"},"modified":"2023-03-17T10:24:16","modified_gmt":"2023-03-17T09:24:16","slug":"conference-le-monde-de-tim","status":"publish","type":"tribe_events","link":"https:\/\/saisonsculturelleschaumont.fr\/mdxpuixt\/evenement\/conference-le-monde-de-tim\/","title":{"rendered":"Conf\u00e9rence &#8211; Le monde de Tim"},"content":{"rendered":"<p>Le monde de Tim ou l&rsquo;oeuvre r\u00e9v\u00e9l\u00e9e d&rsquo;un artiste Haut-Marnais<\/p>\n<p>Une p\u00e9pite d\u2019art brut a \u00e9t\u00e9 d\u00e9couverte sur notre territoire. Elle \u00e9merge de l\u2019oubli gr\u00e2ce \u00e0 l\u2019\u0153il aff\u00fbt\u00e9 de Jean-Michel Douche, artiste bien connu des chaumontais, sp\u00e9cialiste reconnu de calligraphies tib\u00e9taines et passionn\u00e9 d\u2019arts et de signes en tous genres.<br \/>\nL\u2019\u0153uvre de Tim est \u00e9tonnante, singuli\u00e8re et foisonnante. C\u2019est celle d\u2019un paysan haut-marnais d\u2019un bout du monde rural maintenant disparu, enfant oubli\u00e9 d&rsquo;un soldat am\u00e9ricain de 1917, que d\u2019aucuns qualifieraient de simple d\u2019esprit. Par son originalit\u00e9, par la gr\u00e2ce na\u00efve qui en \u00e9mane, l\u2019\u0153uvre suscite aujourd\u2019hui l\u2019int\u00e9r\u00eat de mus\u00e9es, d\u2019\u00e9diteurs et du monde de l\u2019art dit outsider ou singulier.<br \/>\nCar Tim est de ces \u00eatres, comme le Facteur Cheval, qui, sans complexe, ni tabou, ni ambition autre que celle de donner sens \u00e0 sa vie, laisse \u00e9clater son g\u00e9nie cr\u00e9atif. Il concr\u00e9tise en art son monde int\u00e9rieur, couche sur le papier une autre lecture du monde, un monde imagin\u00e9, empli de r\u00e9alit\u00e9 magique.<br \/>\nLa cosmogonie de Tim, se compose de milliers de dessins au trait, color\u00e9s et lumineux, accompagn\u00e9s de signes et d\u2019une \u00e9criture \u00e9nigmatique que le calligraphe d\u00e9crypte petit \u00e0 petit. Elle est peupl\u00e9e de personnages imaginaires qui habitent et expliquent son monde. C\u2019est un monde bienheureux, protecteur et rassurant\u2026. Le monde de Tim.<br \/>\nVenez d\u00e9couvrir en exclusivit\u00e9 le monde de Tim, nartiste haut-marnais, pr\u00e9sent\u00e9 par son d\u00e9couvreur Jean-Michel Douche et son \u00e9quipi\u00e8re Maryvonne Rincen<\/p>\n<p>Auditorium de l&rsquo;Espace Bouchardon<\/p>\n<p>Gratuit<\/p>\n<p style=\"font-weight: 400;\"><em>Cette conf\u00e9rence sera introduite par le film \u00ab\u00a0Le Monde Tim\u00a0\u00bb, de Fran\u00e7ois Marie Lapchine et Christian Moccozet pour \u00ab\u00a0Itin\u00e9raires Singuliers\u00a0\u00bb.<\/em><\/p>\n<p style=\"font-weight: 400;\"><em>Bas\u00e9e \u00e0 Dijon l&rsquo;association Itin\u00e9raires Singuliers est un\u00a0 P\u00f4le ressources \u00ab Arts, Cultures, Sant\u00e9 et Handicaps \u00bb en Bourgogne-Franche-Comt\u00e9. Elle imagine et partage des projets artistiques \u00e0 l\u2019interface des champs de la culture, du social, de l\u2019univers hospitalier, du monde du handicap ou de l\u2019\u00e9ducation, dans une d\u00e9marche partenariale et de r\u00e9seau, initiant ainsi de nouveaux liens entre art et soci\u00e9t\u00e9.\u00a0Elle suit et accompagne le projet Tim depuis deux ans avec l\u2019ambition d\u2019une exposition d\u2019envergure en construction \u00e0 Dijon.<\/em><\/p>\n<p>&nbsp;<\/p>\n<p>Poursuivez la d\u00e9couverte de l&rsquo;Art Brut avec le spectacle MATILOUN, inspir\u00e9 de l&rsquo;artiste Jean Borde, au Nouveau Relax le mercredi 8 mars \u00e0 14h30 &amp; 18h30.<\/p>\n<p>D\u00c8S 6 ANS<br \/>\nDUR\u00c9E : 50 MIN<br \/>\nTARIFS : DE 4\u20ac \u00c0 15\u20ac \/\/\u00a0OFFRE \u00ab EN FAMILLE \u00bb<\/p>\n","protected":false},"excerpt":{"rendered":"<p>Le monde de Tim ou l&rsquo;oeuvre r\u00e9v\u00e9l\u00e9e d&rsquo;un artiste Haut-Marnais Une p\u00e9pite d\u2019art brut a \u00e9t\u00e9 d\u00e9couverte sur notre territoire. Elle \u00e9merge de l\u2019oubli gr\u00e2ce \u00e0 l\u2019\u0153il aff\u00fbt\u00e9 de Jean-Michel [&hellip;]<\/p>\n","protected":false},"author":3,"featured_media":9699,"comment_status":"closed","ping_status":"closed","template":"","meta":{"_uag_custom_page_level_css":"","_tribe_events_status":"","_tribe_events_status_reason":""},"tags":[90],"tribe_events_cat":[45],"yoast_head":"<!-- This site is optimized with the Yoast SEO plugin v21.1 - https:\/\/yoast.com\/wordpress\/plugins\/seo\/ -->\n<title>Conf\u00e9rence - Le monde de Tim - Les Saisons Culturelles de Chaumont<\/title>\n<meta name=\"description\" content=\"D\u00e9couvrez la programmation culturelle de la saison culturelle de la ville de Chaumont. Expositions, visites, rencontres, ateliers, concerts, spectacles, animations et plus encore.\" \/>\n<meta name=\"robots\" content=\"noindex, follow, max-snippet:-1, max-image-preview:large, max-video-preview:-1\" \/>\n<meta property=\"og:locale\" content=\"fr_FR\" \/>\n<meta property=\"og:type\" content=\"article\" \/>\n<meta property=\"og:title\" content=\"Conf\u00e9rence - Le monde de Tim - Les Saisons Culturelles de Chaumont\" \/>\n<meta property=\"og:description\" content=\"D\u00e9couvrez la programmation culturelle de la saison culturelle de la ville de Chaumont. Expositions, visites, rencontres, ateliers, concerts, spectacles, animations et plus encore.\" \/>\n<meta property=\"og:url\" content=\"https:\/\/saisonsculturelleschaumont.fr\/mdxpuixt\/evenement\/conference-le-monde-de-tim\/\" \/>\n<meta property=\"og:site_name\" content=\"Les Saisons Culturelles de Chaumont\" \/>\n<meta property=\"article:publisher\" content=\"https:\/\/www.facebook.com\/saisonsculturelleschaumont\/\" \/>\n<meta property=\"article:modified_time\" content=\"2023-03-17T09:24:16+00:00\" \/>\n<meta property=\"og:image\" content=\"https:\/\/saisonsculturelleschaumont.fr\/mdxpuixt\/wp-content\/uploads\/2023\/02\/20220918_Conference-_Bete_Bejon_-Gros-Jesus-des-moutonniers-e1675256332178.jpg\" \/>\n\t<meta property=\"og:image:width\" content=\"650\" \/>\n\t<meta property=\"og:image:height\" content=\"457\" \/>\n\t<meta property=\"og:image:type\" content=\"image\/jpeg\" \/>\n<meta name=\"twitter:card\" content=\"summary_large_image\" \/>\n<meta name=\"twitter:label1\" content=\"Dur\u00e9e de lecture estim\u00e9e\" \/>\n\t<meta name=\"twitter:data1\" content=\"2 minutes\" \/>\n<script type=\"application\/ld+json\" class=\"yoast-schema-graph\">{\"@context\":\"https:\/\/schema.org\",\"@graph\":[{\"@type\":\"WebPage\",\"@id\":\"https:\/\/saisonsculturelleschaumont.fr\/mdxpuixt\/evenement\/conference-le-monde-de-tim\/\",\"url\":\"https:\/\/saisonsculturelleschaumont.fr\/mdxpuixt\/evenement\/conference-le-monde-de-tim\/\",\"name\":\"Conf\u00e9rence - Le monde de Tim - Les Saisons Culturelles de Chaumont\",\"isPartOf\":{\"@id\":\"https:\/\/saisonsculturelleschaumont.fr\/mdxpuixt\/#website\"},\"datePublished\":\"2023-02-01T13:37:13+00:00\",\"dateModified\":\"2023-03-17T09:24:16+00:00\",\"description\":\"D\u00e9couvrez la programmation culturelle de la saison culturelle de la ville de Chaumont. Expositions, visites, rencontres, ateliers, concerts, spectacles, animations et plus encore.\",\"breadcrumb\":{\"@id\":\"https:\/\/saisonsculturelleschaumont.fr\/mdxpuixt\/evenement\/conference-le-monde-de-tim\/#breadcrumb\"},\"inLanguage\":\"fr-FR\",\"potentialAction\":[{\"@type\":\"ReadAction\",\"target\":[\"https:\/\/saisonsculturelleschaumont.fr\/mdxpuixt\/evenement\/conference-le-monde-de-tim\/\"]}]},{\"@type\":\"BreadcrumbList\",\"@id\":\"https:\/\/saisonsculturelleschaumont.fr\/mdxpuixt\/evenement\/conference-le-monde-de-tim\/#breadcrumb\",\"itemListElement\":[{\"@type\":\"ListItem\",\"position\":1,\"name\":\"Accueil\",\"item\":\"https:\/\/saisonsculturelleschaumont.fr\/mdxpuixt\/\"},{\"@type\":\"ListItem\",\"position\":2,\"name\":\"\u00c9v\u00e8nements\",\"item\":\"https:\/\/saisonsculturelleschaumont.fr\/mdxpuixt\/agenda\/\"},{\"@type\":\"ListItem\",\"position\":3,\"name\":\"Conf\u00e9rence &#8211; Le monde de Tim\"}]},{\"@type\":\"WebSite\",\"@id\":\"https:\/\/saisonsculturelleschaumont.fr\/mdxpuixt\/#website\",\"url\":\"https:\/\/saisonsculturelleschaumont.fr\/mdxpuixt\/\",\"name\":\"Les Saisons Culturelles de Chaumont\",\"description\":\"\",\"potentialAction\":[{\"@type\":\"SearchAction\",\"target\":{\"@type\":\"EntryPoint\",\"urlTemplate\":\"https:\/\/saisonsculturelleschaumont.fr\/mdxpuixt\/?s={search_term_string}\"},\"query-input\":\"required name=search_term_string\"}],\"inLanguage\":\"fr-FR\"}]}<\/script>\n<!-- \/ Yoast SEO plugin. -->","yoast_head_json":{"title":"Conf\u00e9rence - Le monde de Tim - Les Saisons Culturelles de Chaumont","description":"D\u00e9couvrez la programmation culturelle de la saison culturelle de la ville de Chaumont. Expositions, visites, rencontres, ateliers, concerts, spectacles, animations et plus encore.","robots":{"index":"noindex","follow":"follow","max-snippet":"max-snippet:-1","max-image-preview":"max-image-preview:large","max-video-preview":"max-video-preview:-1"},"og_locale":"fr_FR","og_type":"article","og_title":"Conf\u00e9rence - Le monde de Tim - Les Saisons Culturelles de Chaumont","og_description":"D\u00e9couvrez la programmation culturelle de la saison culturelle de la ville de Chaumont. Expositions, visites, rencontres, ateliers, concerts, spectacles, animations et plus encore.","og_url":"https:\/\/saisonsculturelleschaumont.fr\/mdxpuixt\/evenement\/conference-le-monde-de-tim\/","og_site_name":"Les Saisons Culturelles de Chaumont","article_publisher":"https:\/\/www.facebook.com\/saisonsculturelleschaumont\/","article_modified_time":"2023-03-17T09:24:16+00:00","og_image":[{"width":650,"height":457,"url":"https:\/\/saisonsculturelleschaumont.fr\/mdxpuixt\/wp-content\/uploads\/2023\/02\/20220918_Conference-_Bete_Bejon_-Gros-Jesus-des-moutonniers-e1675256332178.jpg","type":"image\/jpeg"}],"twitter_card":"summary_large_image","twitter_misc":{"Dur\u00e9e de lecture estim\u00e9e":"2 minutes"},"schema":{"@context":"https:\/\/schema.org","@graph":[{"@type":"WebPage","@id":"https:\/\/saisonsculturelleschaumont.fr\/mdxpuixt\/evenement\/conference-le-monde-de-tim\/","url":"https:\/\/saisonsculturelleschaumont.fr\/mdxpuixt\/evenement\/conference-le-monde-de-tim\/","name":"Conf\u00e9rence - Le monde de Tim - Les Saisons Culturelles de Chaumont","isPartOf":{"@id":"https:\/\/saisonsculturelleschaumont.fr\/mdxpuixt\/#website"},"datePublished":"2023-02-01T13:37:13+00:00","dateModified":"2023-03-17T09:24:16+00:00","description":"D\u00e9couvrez la programmation culturelle de la saison culturelle de la ville de Chaumont. Expositions, visites, rencontres, ateliers, concerts, spectacles, animations et plus encore.","breadcrumb":{"@id":"https:\/\/saisonsculturelleschaumont.fr\/mdxpuixt\/evenement\/conference-le-monde-de-tim\/#breadcrumb"},"inLanguage":"fr-FR","potentialAction":[{"@type":"ReadAction","target":["https:\/\/saisonsculturelleschaumont.fr\/mdxpuixt\/evenement\/conference-le-monde-de-tim\/"]}]},{"@type":"BreadcrumbList","@id":"https:\/\/saisonsculturelleschaumont.fr\/mdxpuixt\/evenement\/conference-le-monde-de-tim\/#breadcrumb","itemListElement":[{"@type":"ListItem","position":1,"name":"Accueil","item":"https:\/\/saisonsculturelleschaumont.fr\/mdxpuixt\/"},{"@type":"ListItem","position":2,"name":"\u00c9v\u00e8nements","item":"https:\/\/saisonsculturelleschaumont.fr\/mdxpuixt\/agenda\/"},{"@type":"ListItem","position":3,"name":"Conf\u00e9rence &#8211; Le monde de Tim"}]},{"@type":"WebSite","@id":"https:\/\/saisonsculturelleschaumont.fr\/mdxpuixt\/#website","url":"https:\/\/saisonsculturelleschaumont.fr\/mdxpuixt\/","name":"Les Saisons Culturelles de Chaumont","description":"","potentialAction":[{"@type":"SearchAction","target":{"@type":"EntryPoint","urlTemplate":"https:\/\/saisonsculturelleschaumont.fr\/mdxpuixt\/?s={search_term_string}"},"query-input":"required name=search_term_string"}],"inLanguage":"fr-FR"}]}},"uagb_featured_image_src":{"full":["https:\/\/saisonsculturelleschaumont.fr\/mdxpuixt\/wp-content\/uploads\/2023\/02\/20220918_Conference-_Bete_Bejon_-Gros-Jesus-des-moutonniers-e1675256332178.jpg",650,457,false],"thumbnail":["https:\/\/saisonsculturelleschaumont.fr\/mdxpuixt\/wp-content\/uploads\/2023\/02\/20220918_Conference-_Bete_Bejon_-Gros-Jesus-des-moutonniers-e1675256332178-80x80.jpg",80,80,true],"medium":["https:\/\/saisonsculturelleschaumont.fr\/mdxpuixt\/wp-content\/uploads\/2023\/02\/20220918_Conference-_Bete_Bejon_-Gros-Jesus-des-moutonniers-e1675256332178-300x300.jpg",300,300,true],"medium_large":["https:\/\/saisonsculturelleschaumont.fr\/mdxpuixt\/wp-content\/uploads\/2023\/02\/20220918_Conference-_Bete_Bejon_-Gros-Jesus-des-moutonniers-768x768.jpg",768,768,true],"large":["https:\/\/saisonsculturelleschaumont.fr\/mdxpuixt\/wp-content\/uploads\/2023\/02\/20220918_Conference-_Bete_Bejon_-Gros-Jesus-des-moutonniers-1030x1030.jpg",1030,1030,true],"1536x1536":["https:\/\/saisonsculturelleschaumont.fr\/mdxpuixt\/wp-content\/uploads\/2023\/02\/20220918_Conference-_Bete_Bejon_-Gros-Jesus-des-moutonniers-1536x1080.jpg",1536,1080,true],"2048x2048":["https:\/\/saisonsculturelleschaumont.fr\/mdxpuixt\/wp-content\/uploads\/2023\/02\/20220918_Conference-_Bete_Bejon_-Gros-Jesus-des-moutonniers-e1675256332178.jpg",650,457,false],"widget":["https:\/\/saisonsculturelleschaumont.fr\/mdxpuixt\/wp-content\/uploads\/2023\/02\/20220918_Conference-_Bete_Bejon_-Gros-Jesus-des-moutonniers-e1675256332178-36x36.jpg",36,36,true],"square":["https:\/\/saisonsculturelleschaumont.fr\/mdxpuixt\/wp-content\/uploads\/2023\/02\/20220918_Conference-_Bete_Bejon_-Gros-Jesus-des-moutonniers-e1675256332178-180x180.jpg",180,180,true],"featured":["https:\/\/saisonsculturelleschaumont.fr\/mdxpuixt\/wp-content\/uploads\/2023\/02\/20220918_Conference-_Bete_Bejon_-Gros-Jesus-des-moutonniers-e1675256332178-650x430.jpg",650,430,true],"featured_large":["https:\/\/saisonsculturelleschaumont.fr\/mdxpuixt\/wp-content\/uploads\/2023\/02\/20220918_Conference-_Bete_Bejon_-Gros-Jesus-des-moutonniers-1500x630.jpg",1500,630,true],"extra_large":["https:\/\/saisonsculturelleschaumont.fr\/mdxpuixt\/wp-content\/uploads\/2023\/02\/20220918_Conference-_Bete_Bejon_-Gros-Jesus-des-moutonniers-1500x1055.jpg",1500,1055,true],"portfolio":["https:\/\/saisonsculturelleschaumont.fr\/mdxpuixt\/wp-content\/uploads\/2023\/02\/20220918_Conference-_Bete_Bejon_-Gros-Jesus-des-moutonniers-e1675256332178-495x400.jpg",495,400,true],"portfolio_small":["https:\/\/saisonsculturelleschaumont.fr\/mdxpuixt\/wp-content\/uploads\/2023\/02\/20220918_Conference-_Bete_Bejon_-Gros-Jesus-des-moutonniers-e1675256332178-260x185.jpg",260,185,true],"gallery":["https:\/\/saisonsculturelleschaumont.fr\/mdxpuixt\/wp-content\/uploads\/2023\/02\/20220918_Conference-_Bete_Bejon_-Gros-Jesus-des-moutonniers-845x684.jpg",845,684,true],"magazine":["https:\/\/saisonsculturelleschaumont.fr\/mdxpuixt\/wp-content\/uploads\/2023\/02\/20220918_Conference-_Bete_Bejon_-Gros-Jesus-des-moutonniers-e1675256332178-650x375.jpg",650,375,true],"masonry":["https:\/\/saisonsculturelleschaumont.fr\/mdxpuixt\/wp-content\/uploads\/2023\/02\/20220918_Conference-_Bete_Bejon_-Gros-Jesus-des-moutonniers-705x496.jpg",705,496,true],"entry_with_sidebar":["https:\/\/saisonsculturelleschaumont.fr\/mdxpuixt\/wp-content\/uploads\/2023\/02\/20220918_Conference-_Bete_Bejon_-Gros-Jesus-des-moutonniers-e1675256332178-650x321.jpg",650,321,true],"entry_without_sidebar":["https:\/\/saisonsculturelleschaumont.fr\/mdxpuixt\/wp-content\/uploads\/2023\/02\/20220918_Conference-_Bete_Bejon_-Gros-Jesus-des-moutonniers-e1675256332178-650x423.jpg",650,423,true]},"uagb_author_info":{"display_name":"Justine Ansel","author_link":"https:\/\/saisonsculturelleschaumont.fr\/mdxpuixt\/author\/justine-ansel\/"},"uagb_comment_info":0,"uagb_excerpt":"Le monde de Tim ou l&rsquo;oeuvre r\u00e9v\u00e9l\u00e9e d&rsquo;un artiste Haut-Marnais Une p\u00e9pite d\u2019art brut a \u00e9t\u00e9 d\u00e9couverte sur notre territoire. Elle \u00e9merge de l\u2019oubli gr\u00e2ce \u00e0 l\u2019\u0153il aff\u00fbt\u00e9 de Jean-Michel [&hellip;]","_links":{"self":[{"href":"https:\/\/saisonsculturelleschaumont.fr\/mdxpuixt\/wp-json\/wp\/v2\/tribe_events\/9674"}],"collection":[{"href":"https:\/\/saisonsculturelleschaumont.fr\/mdxpuixt\/wp-json\/wp\/v2\/tribe_events"}],"about":[{"href":"https:\/\/saisonsculturelleschaumont.fr\/mdxpuixt\/wp-json\/wp\/v2\/types\/tribe_events"}],"author":[{"embeddable":true,"href":"https:\/\/saisonsculturelleschaumont.fr\/mdxpuixt\/wp-json\/wp\/v2\/users\/3"}],"replies":[{"embeddable":true,"href":"https:\/\/saisonsculturelleschaumont.fr\/mdxpuixt\/wp-json\/wp\/v2\/comments?post=9674"}],"version-history":[{"count":0,"href":"https:\/\/saisonsculturelleschaumont.fr\/mdxpuixt\/wp-json\/wp\/v2\/tribe_events\/9674\/revisions"}],"wp:featuredmedia":[{"embeddable":true,"href":"https:\/\/saisonsculturelleschaumont.fr\/mdxpuixt\/wp-json\/wp\/v2\/media\/9699"}],"wp:attachment":[{"href":"https:\/\/saisonsculturelleschaumont.fr\/mdxpuixt\/wp-json\/wp\/v2\/media?parent=9674"}],"wp:term":[{"taxonomy":"post_tag","embeddable":true,"href":"https:\/\/saisonsculturelleschaumont.fr\/mdxpuixt\/wp-json\/wp\/v2\/tags?post=9674"},{"taxonomy":"tribe_events_cat","embeddable":true,"href":"https:\/\/saisonsculturelleschaumont.fr\/mdxpuixt\/wp-json\/wp\/v2\/tribe_events_cat?post=9674"}],"curies":[{"name":"wp","href":"https:\/\/api.w.org\/{rel}","templated":true}]}}