{"id":9986,"date":"2023-04-17T10:19:53","date_gmt":"2023-04-17T08:19:53","guid":{"rendered":"https:\/\/saisonsculturelleschaumont.fr\/mdxpuixt\/?post_type=tribe_events&#038;p=9986"},"modified":"2023-05-11T18:19:02","modified_gmt":"2023-05-11T16:19:02","slug":"et-ho-tous-a-lopera","status":"publish","type":"tribe_events","link":"https:\/\/saisonsculturelleschaumont.fr\/mdxpuixt\/evenement\/et-ho-tous-a-lopera\/","title":{"rendered":"Et hop ! Tous \u00e0 l&rsquo;op\u00e9ra"},"content":{"rendered":"<p><em>A l\u2019occasion de la 16<sup>e<\/sup> \u00e9dition de TOUS \u00e0 L\u2019OPERA, les grandes sc\u00e8nes lyriques du Grand Est et de toute la France, ouvrent leurs portes au public, et proposent des animations lyriques \u00e0 acc\u00e8s libre.<\/em><\/p>\n<p><em>A d\u00e9faut de sc\u00e8nes lyriques \u00e0 Chaumont, Fugue \u00e0 l\u2019Op\u00e9ra en partenariat avec Arts Vivants 52 et le Nouveau Relax propose aux curieux de d\u00e9couvrir l\u2019univers lyrique et aux m\u00e9lomanes de de voir ou de revoir deux petits chefs d\u2019\u0153uvre du XXe si\u00e8cle.<\/em><\/p>\n<p style=\"font-weight: 400;\">11h 30 &#8211; hall de l\u2019H\u00f4tel de Ville \u2013 dur\u00e9e 55 mn<br \/>\n<strong>Le PAUVRE MATELOT<\/strong> de Darius Milhaud<br \/>\nCie Arcal<\/p>\n<p style=\"font-weight: 400;\">15 h &#8211; salle du Nouveau Relax<br \/>\n<strong>HABITER SA LIBERTE<\/strong><br \/>\nProjection d\u2019une vid\u00e9o en rapport avec\u00a0PUISQUE C\u2019EST COMME \u00c7A, JE VAIS FAIRE UN OPERA TOUTE SEULE<\/p>\n<p style=\"font-weight: 400;\">16h 15 \u2013 salle du Nouveau Relax \u2013 dur\u00e9e 40mn<br \/>\n<strong>COMMENT SURVIVRE A UNE NUIT A L\u2019OPERA\u00a0?<\/strong> &#8211; volume 2<br \/>\nAVANT PROPOS prononc\u00e9 par Guillaume Deveney,\u00a0charg\u00e9 de mission \u00e0 Arts Vivants 52<\/p>\n<p>17h 15 \u2013 studio du Nouveau Relax &#8211; dur\u00e9e 40 mn<br \/>\n<strong>Le PAUVRE MATELOT<br \/>\n<\/strong>Jean Cocteau\/ Darius Milhaud<br \/>\nProduction de l\u2019Arcal mise en sc\u00e8ne de Christian Gangneron<\/p>\n<p>18h 15 \u2013 studio du Nouveau Relax &#8211; dur\u00e9e 40 mn<br \/>\n<strong>La VOIX HUMAINE<br \/>\n<\/strong>Jean Cocteau\/ Francis Poulenc<\/p>\n<p>&nbsp;<\/p>\n<p style=\"font-weight: 400;\">L\u2019entr\u00e9e est libre mais la r\u00e9servation reste conseill\u00e9e.<\/p>\n<p style=\"font-weight: 400;\">fugueopera@orange.fr &#8211; 06 78 65 16 38<\/p>\n<p>&nbsp;<\/p>\n<p>&nbsp;<\/p>\n<p>&nbsp;<\/p>\n<p style=\"font-weight: 400;\">\n","protected":false},"excerpt":{"rendered":"<p>A l\u2019occasion de la 16e \u00e9dition de TOUS \u00e0 L\u2019OPERA, les grandes sc\u00e8nes lyriques du Grand Est et de toute la France, ouvrent leurs portes au public, et proposent des [&hellip;]<\/p>\n","protected":false},"author":3,"featured_media":9988,"comment_status":"open","ping_status":"closed","template":"","meta":{"_uag_custom_page_level_css":"","_tribe_events_status":"","_tribe_events_status_reason":""},"tags":[55],"tribe_events_cat":[44],"yoast_head":"<!-- This site is optimized with the Yoast SEO plugin v21.1 - https:\/\/yoast.com\/wordpress\/plugins\/seo\/ -->\n<title>Et hop ! Tous \u00e0 l&#039;op\u00e9ra - Les Saisons Culturelles de Chaumont<\/title>\n<meta name=\"description\" content=\"D\u00e9couvrez la programmation culturelle de la saison culturelle de la ville de Chaumont. Expositions, visites, rencontres, ateliers, concerts, spectacles, animations et plus encore.\" \/>\n<meta name=\"robots\" content=\"noindex, follow, max-snippet:-1, max-image-preview:large, max-video-preview:-1\" \/>\n<meta property=\"og:locale\" content=\"fr_FR\" \/>\n<meta property=\"og:type\" content=\"article\" \/>\n<meta property=\"og:title\" content=\"Et hop ! Tous \u00e0 l&#039;op\u00e9ra - Les Saisons Culturelles de Chaumont\" \/>\n<meta property=\"og:description\" content=\"D\u00e9couvrez la programmation culturelle de la saison culturelle de la ville de Chaumont. Expositions, visites, rencontres, ateliers, concerts, spectacles, animations et plus encore.\" \/>\n<meta property=\"og:url\" content=\"https:\/\/saisonsculturelleschaumont.fr\/mdxpuixt\/evenement\/et-ho-tous-a-lopera\/\" \/>\n<meta property=\"og:site_name\" content=\"Les Saisons Culturelles de Chaumont\" \/>\n<meta property=\"article:publisher\" content=\"https:\/\/www.facebook.com\/saisonsculturelleschaumont\/\" \/>\n<meta property=\"article:modified_time\" content=\"2023-05-11T16:19:02+00:00\" \/>\n<meta property=\"og:image\" content=\"https:\/\/saisonsculturelleschaumont.fr\/mdxpuixt\/wp-content\/uploads\/2023\/04\/2022_07_14_PAUVRE_MATELOT_REPETITIONS_ARCAL_MEURTRE_HADHOUM-e1681719563729.jpeg\" \/>\n\t<meta property=\"og:image:width\" content=\"650\" \/>\n\t<meta property=\"og:image:height\" content=\"606\" \/>\n\t<meta property=\"og:image:type\" content=\"image\/jpeg\" \/>\n<meta name=\"twitter:card\" content=\"summary_large_image\" \/>\n<meta name=\"twitter:label1\" content=\"Dur\u00e9e de lecture estim\u00e9e\" \/>\n\t<meta name=\"twitter:data1\" content=\"2 minutes\" \/>\n<script type=\"application\/ld+json\" class=\"yoast-schema-graph\">{\"@context\":\"https:\/\/schema.org\",\"@graph\":[{\"@type\":\"WebPage\",\"@id\":\"https:\/\/saisonsculturelleschaumont.fr\/mdxpuixt\/evenement\/et-ho-tous-a-lopera\/\",\"url\":\"https:\/\/saisonsculturelleschaumont.fr\/mdxpuixt\/evenement\/et-ho-tous-a-lopera\/\",\"name\":\"Et hop ! Tous \u00e0 l'op\u00e9ra - Les Saisons Culturelles de Chaumont\",\"isPartOf\":{\"@id\":\"https:\/\/saisonsculturelleschaumont.fr\/mdxpuixt\/#website\"},\"datePublished\":\"2023-04-17T08:19:53+00:00\",\"dateModified\":\"2023-05-11T16:19:02+00:00\",\"description\":\"D\u00e9couvrez la programmation culturelle de la saison culturelle de la ville de Chaumont. Expositions, visites, rencontres, ateliers, concerts, spectacles, animations et plus encore.\",\"breadcrumb\":{\"@id\":\"https:\/\/saisonsculturelleschaumont.fr\/mdxpuixt\/evenement\/et-ho-tous-a-lopera\/#breadcrumb\"},\"inLanguage\":\"fr-FR\",\"potentialAction\":[{\"@type\":\"ReadAction\",\"target\":[\"https:\/\/saisonsculturelleschaumont.fr\/mdxpuixt\/evenement\/et-ho-tous-a-lopera\/\"]}]},{\"@type\":\"BreadcrumbList\",\"@id\":\"https:\/\/saisonsculturelleschaumont.fr\/mdxpuixt\/evenement\/et-ho-tous-a-lopera\/#breadcrumb\",\"itemListElement\":[{\"@type\":\"ListItem\",\"position\":1,\"name\":\"Accueil\",\"item\":\"https:\/\/saisonsculturelleschaumont.fr\/mdxpuixt\/\"},{\"@type\":\"ListItem\",\"position\":2,\"name\":\"\u00c9v\u00e8nements\",\"item\":\"https:\/\/saisonsculturelleschaumont.fr\/mdxpuixt\/agenda\/\"},{\"@type\":\"ListItem\",\"position\":3,\"name\":\"Et hop ! Tous \u00e0 l&rsquo;op\u00e9ra\"}]},{\"@type\":\"WebSite\",\"@id\":\"https:\/\/saisonsculturelleschaumont.fr\/mdxpuixt\/#website\",\"url\":\"https:\/\/saisonsculturelleschaumont.fr\/mdxpuixt\/\",\"name\":\"Les Saisons Culturelles de Chaumont\",\"description\":\"\",\"potentialAction\":[{\"@type\":\"SearchAction\",\"target\":{\"@type\":\"EntryPoint\",\"urlTemplate\":\"https:\/\/saisonsculturelleschaumont.fr\/mdxpuixt\/?s={search_term_string}\"},\"query-input\":\"required name=search_term_string\"}],\"inLanguage\":\"fr-FR\"}]}<\/script>\n<!-- \/ Yoast SEO plugin. -->","yoast_head_json":{"title":"Et hop ! Tous \u00e0 l'op\u00e9ra - Les Saisons Culturelles de Chaumont","description":"D\u00e9couvrez la programmation culturelle de la saison culturelle de la ville de Chaumont. Expositions, visites, rencontres, ateliers, concerts, spectacles, animations et plus encore.","robots":{"index":"noindex","follow":"follow","max-snippet":"max-snippet:-1","max-image-preview":"max-image-preview:large","max-video-preview":"max-video-preview:-1"},"og_locale":"fr_FR","og_type":"article","og_title":"Et hop ! Tous \u00e0 l'op\u00e9ra - Les Saisons Culturelles de Chaumont","og_description":"D\u00e9couvrez la programmation culturelle de la saison culturelle de la ville de Chaumont. Expositions, visites, rencontres, ateliers, concerts, spectacles, animations et plus encore.","og_url":"https:\/\/saisonsculturelleschaumont.fr\/mdxpuixt\/evenement\/et-ho-tous-a-lopera\/","og_site_name":"Les Saisons Culturelles de Chaumont","article_publisher":"https:\/\/www.facebook.com\/saisonsculturelleschaumont\/","article_modified_time":"2023-05-11T16:19:02+00:00","og_image":[{"width":650,"height":606,"url":"https:\/\/saisonsculturelleschaumont.fr\/mdxpuixt\/wp-content\/uploads\/2023\/04\/2022_07_14_PAUVRE_MATELOT_REPETITIONS_ARCAL_MEURTRE_HADHOUM-e1681719563729.jpeg","type":"image\/jpeg"}],"twitter_card":"summary_large_image","twitter_misc":{"Dur\u00e9e de lecture estim\u00e9e":"2 minutes"},"schema":{"@context":"https:\/\/schema.org","@graph":[{"@type":"WebPage","@id":"https:\/\/saisonsculturelleschaumont.fr\/mdxpuixt\/evenement\/et-ho-tous-a-lopera\/","url":"https:\/\/saisonsculturelleschaumont.fr\/mdxpuixt\/evenement\/et-ho-tous-a-lopera\/","name":"Et hop ! Tous \u00e0 l'op\u00e9ra - Les Saisons Culturelles de Chaumont","isPartOf":{"@id":"https:\/\/saisonsculturelleschaumont.fr\/mdxpuixt\/#website"},"datePublished":"2023-04-17T08:19:53+00:00","dateModified":"2023-05-11T16:19:02+00:00","description":"D\u00e9couvrez la programmation culturelle de la saison culturelle de la ville de Chaumont. Expositions, visites, rencontres, ateliers, concerts, spectacles, animations et plus encore.","breadcrumb":{"@id":"https:\/\/saisonsculturelleschaumont.fr\/mdxpuixt\/evenement\/et-ho-tous-a-lopera\/#breadcrumb"},"inLanguage":"fr-FR","potentialAction":[{"@type":"ReadAction","target":["https:\/\/saisonsculturelleschaumont.fr\/mdxpuixt\/evenement\/et-ho-tous-a-lopera\/"]}]},{"@type":"BreadcrumbList","@id":"https:\/\/saisonsculturelleschaumont.fr\/mdxpuixt\/evenement\/et-ho-tous-a-lopera\/#breadcrumb","itemListElement":[{"@type":"ListItem","position":1,"name":"Accueil","item":"https:\/\/saisonsculturelleschaumont.fr\/mdxpuixt\/"},{"@type":"ListItem","position":2,"name":"\u00c9v\u00e8nements","item":"https:\/\/saisonsculturelleschaumont.fr\/mdxpuixt\/agenda\/"},{"@type":"ListItem","position":3,"name":"Et hop ! Tous \u00e0 l&rsquo;op\u00e9ra"}]},{"@type":"WebSite","@id":"https:\/\/saisonsculturelleschaumont.fr\/mdxpuixt\/#website","url":"https:\/\/saisonsculturelleschaumont.fr\/mdxpuixt\/","name":"Les Saisons Culturelles de Chaumont","description":"","potentialAction":[{"@type":"SearchAction","target":{"@type":"EntryPoint","urlTemplate":"https:\/\/saisonsculturelleschaumont.fr\/mdxpuixt\/?s={search_term_string}"},"query-input":"required name=search_term_string"}],"inLanguage":"fr-FR"}]}},"uagb_featured_image_src":{"full":["https:\/\/saisonsculturelleschaumont.fr\/mdxpuixt\/wp-content\/uploads\/2023\/04\/2022_07_14_PAUVRE_MATELOT_REPETITIONS_ARCAL_MEURTRE_HADHOUM-e1681719563729.jpeg",650,606,false],"thumbnail":["https:\/\/saisonsculturelleschaumont.fr\/mdxpuixt\/wp-content\/uploads\/2023\/04\/2022_07_14_PAUVRE_MATELOT_REPETITIONS_ARCAL_MEURTRE_HADHOUM-e1681719563729-80x80.jpeg",80,80,true],"medium":["https:\/\/saisonsculturelleschaumont.fr\/mdxpuixt\/wp-content\/uploads\/2023\/04\/2022_07_14_PAUVRE_MATELOT_REPETITIONS_ARCAL_MEURTRE_HADHOUM-e1681719563729-300x300.jpeg",300,300,true],"medium_large":["https:\/\/saisonsculturelleschaumont.fr\/mdxpuixt\/wp-content\/uploads\/2023\/04\/2022_07_14_PAUVRE_MATELOT_REPETITIONS_ARCAL_MEURTRE_HADHOUM-768x768.jpeg",768,768,true],"large":["https:\/\/saisonsculturelleschaumont.fr\/mdxpuixt\/wp-content\/uploads\/2023\/04\/2022_07_14_PAUVRE_MATELOT_REPETITIONS_ARCAL_MEURTRE_HADHOUM-1030x1030.jpeg",1030,1030,true],"1536x1536":["https:\/\/saisonsculturelleschaumont.fr\/mdxpuixt\/wp-content\/uploads\/2023\/04\/2022_07_14_PAUVRE_MATELOT_REPETITIONS_ARCAL_MEURTRE_HADHOUM-1536x1433.jpeg",1536,1433,true],"2048x2048":["https:\/\/saisonsculturelleschaumont.fr\/mdxpuixt\/wp-content\/uploads\/2023\/04\/2022_07_14_PAUVRE_MATELOT_REPETITIONS_ARCAL_MEURTRE_HADHOUM-e1681719563729.jpeg",650,606,false],"widget":["https:\/\/saisonsculturelleschaumont.fr\/mdxpuixt\/wp-content\/uploads\/2023\/04\/2022_07_14_PAUVRE_MATELOT_REPETITIONS_ARCAL_MEURTRE_HADHOUM-e1681719563729-36x36.jpeg",36,36,true],"square":["https:\/\/saisonsculturelleschaumont.fr\/mdxpuixt\/wp-content\/uploads\/2023\/04\/2022_07_14_PAUVRE_MATELOT_REPETITIONS_ARCAL_MEURTRE_HADHOUM-e1681719563729-180x180.jpeg",180,180,true],"featured":["https:\/\/saisonsculturelleschaumont.fr\/mdxpuixt\/wp-content\/uploads\/2023\/04\/2022_07_14_PAUVRE_MATELOT_REPETITIONS_ARCAL_MEURTRE_HADHOUM-e1681719563729-650x430.jpeg",650,430,true],"featured_large":["https:\/\/saisonsculturelleschaumont.fr\/mdxpuixt\/wp-content\/uploads\/2023\/04\/2022_07_14_PAUVRE_MATELOT_REPETITIONS_ARCAL_MEURTRE_HADHOUM-1500x630.jpeg",1500,630,true],"extra_large":["https:\/\/saisonsculturelleschaumont.fr\/mdxpuixt\/wp-content\/uploads\/2023\/04\/2022_07_14_PAUVRE_MATELOT_REPETITIONS_ARCAL_MEURTRE_HADHOUM-1500x1399.jpeg",1500,1399,true],"portfolio":["https:\/\/saisonsculturelleschaumont.fr\/mdxpuixt\/wp-content\/uploads\/2023\/04\/2022_07_14_PAUVRE_MATELOT_REPETITIONS_ARCAL_MEURTRE_HADHOUM-e1681719563729-495x400.jpeg",495,400,true],"portfolio_small":["https:\/\/saisonsculturelleschaumont.fr\/mdxpuixt\/wp-content\/uploads\/2023\/04\/2022_07_14_PAUVRE_MATELOT_REPETITIONS_ARCAL_MEURTRE_HADHOUM-e1681719563729-260x185.jpeg",260,185,true],"gallery":["https:\/\/saisonsculturelleschaumont.fr\/mdxpuixt\/wp-content\/uploads\/2023\/04\/2022_07_14_PAUVRE_MATELOT_REPETITIONS_ARCAL_MEURTRE_HADHOUM-845x684.jpeg",845,684,true],"magazine":["https:\/\/saisonsculturelleschaumont.fr\/mdxpuixt\/wp-content\/uploads\/2023\/04\/2022_07_14_PAUVRE_MATELOT_REPETITIONS_ARCAL_MEURTRE_HADHOUM-e1681719563729-650x375.jpeg",650,375,true],"masonry":["https:\/\/saisonsculturelleschaumont.fr\/mdxpuixt\/wp-content\/uploads\/2023\/04\/2022_07_14_PAUVRE_MATELOT_REPETITIONS_ARCAL_MEURTRE_HADHOUM-705x657.jpeg",705,657,true],"entry_with_sidebar":["https:\/\/saisonsculturelleschaumont.fr\/mdxpuixt\/wp-content\/uploads\/2023\/04\/2022_07_14_PAUVRE_MATELOT_REPETITIONS_ARCAL_MEURTRE_HADHOUM-e1681719563729-650x321.jpeg",650,321,true],"entry_without_sidebar":["https:\/\/saisonsculturelleschaumont.fr\/mdxpuixt\/wp-content\/uploads\/2023\/04\/2022_07_14_PAUVRE_MATELOT_REPETITIONS_ARCAL_MEURTRE_HADHOUM-e1681719563729-650x423.jpeg",650,423,true]},"uagb_author_info":{"display_name":"Justine Ansel","author_link":"https:\/\/saisonsculturelleschaumont.fr\/mdxpuixt\/author\/justine-ansel\/"},"uagb_comment_info":0,"uagb_excerpt":"A l\u2019occasion de la 16e \u00e9dition de TOUS \u00e0 L\u2019OPERA, les grandes sc\u00e8nes lyriques du Grand Est et de toute la France, ouvrent leurs portes au public, et proposent des [&hellip;]","_links":{"self":[{"href":"https:\/\/saisonsculturelleschaumont.fr\/mdxpuixt\/wp-json\/wp\/v2\/tribe_events\/9986"}],"collection":[{"href":"https:\/\/saisonsculturelleschaumont.fr\/mdxpuixt\/wp-json\/wp\/v2\/tribe_events"}],"about":[{"href":"https:\/\/saisonsculturelleschaumont.fr\/mdxpuixt\/wp-json\/wp\/v2\/types\/tribe_events"}],"author":[{"embeddable":true,"href":"https:\/\/saisonsculturelleschaumont.fr\/mdxpuixt\/wp-json\/wp\/v2\/users\/3"}],"replies":[{"embeddable":true,"href":"https:\/\/saisonsculturelleschaumont.fr\/mdxpuixt\/wp-json\/wp\/v2\/comments?post=9986"}],"version-history":[{"count":0,"href":"https:\/\/saisonsculturelleschaumont.fr\/mdxpuixt\/wp-json\/wp\/v2\/tribe_events\/9986\/revisions"}],"wp:featuredmedia":[{"embeddable":true,"href":"https:\/\/saisonsculturelleschaumont.fr\/mdxpuixt\/wp-json\/wp\/v2\/media\/9988"}],"wp:attachment":[{"href":"https:\/\/saisonsculturelleschaumont.fr\/mdxpuixt\/wp-json\/wp\/v2\/media?parent=9986"}],"wp:term":[{"taxonomy":"post_tag","embeddable":true,"href":"https:\/\/saisonsculturelleschaumont.fr\/mdxpuixt\/wp-json\/wp\/v2\/tags?post=9986"},{"taxonomy":"tribe_events_cat","embeddable":true,"href":"https:\/\/saisonsculturelleschaumont.fr\/mdxpuixt\/wp-json\/wp\/v2\/tribe_events_cat?post=9986"}],"curies":[{"name":"wp","href":"https:\/\/api.w.org\/{rel}","templated":true}]}}