{"id":1190,"date":"2019-07-11T19:36:09","date_gmt":"2019-07-11T17:36:09","guid":{"rendered":"http:\/\/ipag.dk-tech.fr\/index.php\/organisateur\/les-silos\/"},"modified":"2024-07-18T11:55:22","modified_gmt":"2024-07-18T09:55:22","slug":"les-silos","status":"publish","type":"tribe_organizer","link":"https:\/\/saisonsculturelleschaumont.fr\/mdxpuixt\/qui\/les-silos\/","title":{"rendered":"m\u00e9diath\u00e8que les silos"},"content":{"rendered":"\t\t<div data-elementor-type=\"wp-post\" data-elementor-id=\"1190\" class=\"elementor elementor-1190\">\n\t\t\t\t\t\t<div class=\"elementor-inner\">\n\t\t\t\t<div class=\"elementor-section-wrap\">\n\t\t\t\t\t\t\t\t\t<section class=\"elementor-section elementor-top-section elementor-element elementor-element-28c7aee9 elementor-section-full_width elementor-section-height-default elementor-section-height-default\" data-id=\"28c7aee9\" data-element_type=\"section\">\n\t\t\t\t\t\t<div class=\"elementor-container elementor-column-gap-no\">\n\t\t\t\t\t\t\t<div class=\"elementor-row\">\n\t\t\t\t\t<div class=\"elementor-column elementor-col-33 elementor-top-column elementor-element elementor-element-4a8e9321 dk-font-alterne\" data-id=\"4a8e9321\" data-element_type=\"column\">\n\t\t\t<div class=\"elementor-column-wrap elementor-element-populated\">\n\t\t\t\t\t\t\t<div class=\"elementor-widget-wrap\">\n\t\t\t\t\t\t<div class=\"elementor-element elementor-element-32cbed5b elementor-widget elementor-widget-text-editor\" data-id=\"32cbed5b\" data-element_type=\"widget\" data-widget_type=\"text-editor.default\">\n\t\t\t\t<div class=\"elementor-widget-container\">\n\t\t\t\t\t\t\t\t<div class=\"elementor-text-editor elementor-clearfix\">\n\t\t\t\t<p>Pendant les travaux du b\u00e2timent avenue Foch, la m\u00e9diath\u00e8que les Silos vient \u00e0 votre rencontre gr\u00e2ce aux SILOS \u00c9PH\u00c9M\u00c8RES !<\/p><ul><li>l&rsquo;espace Bouchardon <br \/><em>mar., jeu. &amp; ven.\u00a0de 13h30 \u2794 18h30<\/em><br \/><em>mer. &amp; sam. de 9h30 \u2794 12h &amp; de 13h30 \u2794 18h30<\/em><\/li><\/ul><div class=\"xdj266r x11i5rnm xat24cr x1mh8g0r x1vvkbs x126k92a\"><div dir=\"auto\">ATTENTION<br \/><br \/>Les silos \u00e9ph\u00e9m\u00e8res, rue Victoire de la marne, fermeront leurs portes le samedi 24 ao\u00fbt \u00e0 18h30, afin de pr\u00e9parer le d\u00e9m\u00e9nagement et la r\u00e9ouverture des silos, avenue Foch.<\/div><div dir=\"auto\">\u00a0<\/div><\/div><div class=\"x11i5rnm xat24cr x1mh8g0r x1vvkbs xtlvy1s x126k92a\"><div dir=\"auto\">La r\u00e9ouverture des silos aura lieu au cours de l\u2019automne.\u00a0<\/div><div dir=\"auto\">\u00a0<\/div><\/div><div class=\"x11i5rnm xat24cr x1mh8g0r x1vvkbs xtlvy1s x126k92a\"><div dir=\"auto\">A compter du jeudi 18 juillet, votre nombre de documents empruntable est doubl\u00e9 : jusqu\u2019\u00e0 16 documents pour une carte emprunteur de 8 documents et jusqu\u2019\u00e0 40 documents pour une carte emprunteur de 20 documents.<\/div><div dir=\"auto\">\u00a0<\/div><\/div><div class=\"x11i5rnm xat24cr x1mh8g0r x1vvkbs xtlvy1s x126k92a\"><div dir=\"auto\">La dur\u00e9e du pr\u00eat s&rsquo;\u00e9tendra sur 3 mois.<\/div><div dir=\"auto\">\u00a0<\/div><\/div><div class=\"x11i5rnm xat24cr x1mh8g0r x1vvkbs xtlvy1s x126k92a\"><div dir=\"auto\">Pendant la fermeture de la m\u00e9diath\u00e8que, vous pourrez d\u00e9poser vos retours dans la bo\u00eete situ\u00e9e dans la cour de l&rsquo;espace Bouchardon.<\/div><div dir=\"auto\">\u00a0<\/div><\/div>\t\t\t\t\t<\/div>\n\t\t\t\t\t\t<\/div>\n\t\t\t\t<\/div>\n\t\t\t\t<div class=\"elementor-element elementor-element-48a09e1 elementor-widget elementor-widget-image\" data-id=\"48a09e1\" data-element_type=\"widget\" data-widget_type=\"image.default\">\n\t\t\t\t<div class=\"elementor-widget-container\">\n\t\t\t\t\t\t\t\t<div class=\"elementor-image\">\n\t\t\t\t\t\t\t\t\t\t\t\t<img decoding=\"async\" loading=\"lazy\" width=\"768\" height=\"768\" src=\"https:\/\/saisonsculturelleschaumont.fr\/mdxpuixt\/wp-content\/uploads\/2019\/07\/DSC_6477-768x768.jpg\" class=\"attachment-medium_large size-medium_large wp-image-9937\" alt=\"\" srcset=\"https:\/\/saisonsculturelleschaumont.fr\/mdxpuixt\/wp-content\/uploads\/2019\/07\/DSC_6477-768x768.jpg 768w, https:\/\/saisonsculturelleschaumont.fr\/mdxpuixt\/wp-content\/uploads\/2019\/07\/DSC_6477-300x300.jpg 300w, https:\/\/saisonsculturelleschaumont.fr\/mdxpuixt\/wp-content\/uploads\/2019\/07\/DSC_6477-1030x1030.jpg 1030w, https:\/\/saisonsculturelleschaumont.fr\/mdxpuixt\/wp-content\/uploads\/2019\/07\/DSC_6477-80x80.jpg 80w, https:\/\/saisonsculturelleschaumont.fr\/mdxpuixt\/wp-content\/uploads\/2019\/07\/DSC_6477-60x60.jpg 60w, https:\/\/saisonsculturelleschaumont.fr\/mdxpuixt\/wp-content\/uploads\/2019\/07\/DSC_6477-36x36.jpg 36w, https:\/\/saisonsculturelleschaumont.fr\/mdxpuixt\/wp-content\/uploads\/2019\/07\/DSC_6477-180x180.jpg 180w\" sizes=\"(max-width: 768px) 100vw, 768px\" \/>\t\t\t\t\t\t\t\t\t\t\t\t\t\t<\/div>\n\t\t\t\t\t\t<\/div>\n\t\t\t\t<\/div>\n\t\t\t\t\t\t<\/div>\n\t\t\t\t\t<\/div>\n\t\t<\/div>\n\t\t\t\t<div class=\"elementor-column elementor-col-66 elementor-top-column elementor-element elementor-element-4693c2b1\" data-id=\"4693c2b1\" data-element_type=\"column\">\n\t\t\t<div class=\"elementor-column-wrap elementor-element-populated\">\n\t\t\t\t\t\t\t<div class=\"elementor-widget-wrap\">\n\t\t\t\t\t\t<div class=\"elementor-element elementor-element-3550871c elementor-widget elementor-widget-text-editor\" data-id=\"3550871c\" data-element_type=\"widget\" data-widget_type=\"text-editor.default\">\n\t\t\t\t<div class=\"elementor-widget-container\">\n\t\t\t\t\t\t\t\t<div class=\"elementor-text-editor elementor-clearfix\">\n\t\t\t\t<p><span data-contrast=\"auto\">Situ\u00e9s <\/span><span data-contrast=\"auto\">au c\u0153ur du quartier de la<\/span><span data-contrast=\"auto\"> gare de chaumont<\/span><span data-contrast=\"auto\">, le<\/span><span data-contrast=\"auto\">s s<\/span><span data-contrast=\"auto\">ilos abritent <\/span><span data-contrast=\"auto\">depuis 1994 <\/span><span data-contrast=\"auto\">une <strong>m\u00e9diath\u00e8que<\/strong><\/span><span data-contrast=\"auto\"> riche et insolite<\/span><span data-contrast=\"auto\">. La d\u00e9nomination rappelle qu\u2019\u00e0 l\u2019origine, le b\u00e2timent \u00e9tait une coop\u00e9rative agricole, caract\u00e9ristique de l\u2019architecture des ann\u00e9es 1930. Le p<\/span><span data-contrast=\"auto\">rojet de r\u00e9habilitation <\/span><span data-contrast=\"auto\">a permis de conserver les anciennes tr\u00e9mies \u00e0 grain, qui traversent les \u00e9tages de part en part r\u00e9v\u00e9lant un b\u00e2timent de verre impressionnant, tant \u00e0 l\u2019int\u00e9rieur qu\u2019\u00e0 l\u2019ext\u00e9rieur. Le b\u00e2timent a obtenu en 2011 le label \u00ab patrimoine du XX\u00e8me si\u00e8cle \u00bb d\u00e9livr\u00e9 par le minist\u00e8re de la culture et de la communication.<\/span><span data-ccp-props=\"{\">\u00a0<\/span><\/p><p><span data-contrast=\"auto\">Les s<\/span><span data-contrast=\"auto\">ilos proposent une offre multiple et coh\u00e9rente de <\/span><strong>130 000 documents<\/strong><span data-contrast=\"auto\">, dont 84 0<\/span><span data-contrast=\"auto\">00 en acc\u00e8s libre r\u00e9partis sur 3<\/span><span data-contrast=\"auto\"> niveaux, accessible au public 30h par semaine. <\/span><span data-contrast=\"auto\">Au premier niveau <\/span><span data-contrast=\"auto\">se trouvent tous les documents concernant <strong>l\u2019audio-visuel et la presse<\/strong>, au deuxi\u00e8me <strong>la section adulte<\/strong> et au troisi\u00e8me \u00e9tage <strong>la section jeunesse<\/strong>. Le catalogue est consultable en ligne \u00e0 travers le portail <\/span><span data-contrast=\"auto\">flora<\/span><span data-contrast=\"auto\">, <\/span><a href=\"http:\/\/silos.ville-chaumont.fr\/flora\/\"><span data-contrast=\"none\">http:\/\/silos.ville-chaumont.fr\/flora\/<\/span><\/a><span data-contrast=\"auto\">ou sur place.\u00a0<\/span><span data-ccp-props=\"{\">\u00a0<\/span><\/p><p><span data-contrast=\"auto\">Les s<\/span><span data-contrast=\"auto\">ilos<\/span><span data-contrast=\"auto\"> veillent \u00e9galement sur un fonds prestigieux de<strong> 285 manuscrits<\/strong> et <strong>200 incunables<\/strong> et plus de 30 000 documents anciens divers.<\/span><span data-contrast=\"auto\"> Ils<\/span><span data-contrast=\"auto\"> accueillent \u00e9galement les r\u00e9serves de la <strong>collection d\u2019affiches anciennes et contemporaines<\/strong> de la ville de chaumont sous la responsabilit\u00e9 du signe \u2013 centre national du graphisme. <\/span><span data-contrast=\"auto\">Ces fonds ne sont, quant \u00e0 eux, pas accessibles au public.<\/span><span data-contrast=\"auto\"> A<\/span><span data-contrast=\"auto\">u 2\u00e8me \u00e9tage, une table tactile invite \u00e0 d\u00e9couvrir les collections n<\/span><span data-contrast=\"auto\">um\u00e9ris\u00e9es des silos : <\/span><span data-contrast=\"auto\">cartes postales des ann\u00e9es 1900, plans anciens de chaumont, cartes publicitaires du 19e si\u00e8cle, \u00e9tiquettes de rhum et autres documents.<\/span><span data-ccp-props=\"{\">\u00a0<\/span><\/p><p>Profitez des nouveaux services mis en place par la m\u00e9diath\u00e8que :\u00a0<\/p><ul><li>les Silos \u00e0 domicile<\/li><li>les Silos \u00e0 emporter<\/li><\/ul><p><img decoding=\"async\" loading=\"lazy\" class=\"alignnone wp-image-8474 size-extra_large\" src=\"https:\/\/saisonsculturelleschaumont.fr\/mdxpuixt\/wp-content\/uploads\/2022\/04\/Les-silos-a-domicile-notice-copie-1500x696.jpg\" alt=\"\" width=\"1500\" height=\"696\" srcset=\"https:\/\/saisonsculturelleschaumont.fr\/mdxpuixt\/wp-content\/uploads\/2022\/04\/Les-silos-a-domicile-notice-copie-1500x696.jpg 1500w, https:\/\/saisonsculturelleschaumont.fr\/mdxpuixt\/wp-content\/uploads\/2022\/04\/Les-silos-a-domicile-notice-copie-1536x712.jpg 1536w, https:\/\/saisonsculturelleschaumont.fr\/mdxpuixt\/wp-content\/uploads\/2022\/04\/Les-silos-a-domicile-notice-copie-2048x950.jpg 2048w, https:\/\/saisonsculturelleschaumont.fr\/mdxpuixt\/wp-content\/uploads\/2022\/04\/Les-silos-a-domicile-notice-copie-705x327.jpg 705w\" sizes=\"(max-width: 1500px) 100vw, 1500px\" \/><\/p><p><img decoding=\"async\" loading=\"lazy\" class=\"alignnone wp-image-8473 size-full\" src=\"https:\/\/saisonsculturelleschaumont.fr\/mdxpuixt\/wp-content\/uploads\/2022\/04\/Les-silos-a-emporter-notice-copie-scaled.jpg\" alt=\"\" width=\"2560\" height=\"1160\" srcset=\"https:\/\/saisonsculturelleschaumont.fr\/mdxpuixt\/wp-content\/uploads\/2022\/04\/Les-silos-a-emporter-notice-copie-scaled.jpg 2560w, https:\/\/saisonsculturelleschaumont.fr\/mdxpuixt\/wp-content\/uploads\/2022\/04\/Les-silos-a-emporter-notice-copie-1536x696.jpg 1536w, https:\/\/saisonsculturelleschaumont.fr\/mdxpuixt\/wp-content\/uploads\/2022\/04\/Les-silos-a-emporter-notice-copie-2048x928.jpg 2048w, https:\/\/saisonsculturelleschaumont.fr\/mdxpuixt\/wp-content\/uploads\/2022\/04\/Les-silos-a-emporter-notice-copie-1500x680.jpg 1500w, https:\/\/saisonsculturelleschaumont.fr\/mdxpuixt\/wp-content\/uploads\/2022\/04\/Les-silos-a-emporter-notice-copie-705x319.jpg 705w\" sizes=\"(max-width: 2560px) 100vw, 2560px\" \/><\/p>\t\t\t\t\t<\/div>\n\t\t\t\t\t\t<\/div>\n\t\t\t\t<\/div>\n\t\t\t\t\t\t<\/div>\n\t\t\t\t\t<\/div>\n\t\t<\/div>\n\t\t\t\t\t\t\t\t<\/div>\n\t\t\t\t\t<\/div>\n\t\t<\/section>\n\t\t\t\t<section class=\"elementor-section elementor-top-section elementor-element elementor-element-6a46a6b9 elementor-section-boxed elementor-section-height-default elementor-section-height-default\" data-id=\"6a46a6b9\" data-element_type=\"section\">\n\t\t\t\t\t\t<div class=\"elementor-container elementor-column-gap-default\">\n\t\t\t\t\t\t\t<div class=\"elementor-row\">\n\t\t\t\t\t<div class=\"elementor-column elementor-col-100 elementor-top-column elementor-element elementor-element-71430302\" data-id=\"71430302\" data-element_type=\"column\">\n\t\t\t<div class=\"elementor-column-wrap elementor-element-populated\">\n\t\t\t\t\t\t\t<div class=\"elementor-widget-wrap\">\n\t\t\t\t\t\t<div class=\"elementor-element elementor-element-814537a elementor-widget elementor-widget-text-editor\" data-id=\"814537a\" data-element_type=\"widget\" data-widget_type=\"text-editor.default\">\n\t\t\t\t<div class=\"elementor-widget-container\">\n\t\t\t\t\t\t\t\t<div class=\"elementor-text-editor elementor-clearfix\">\n\t\t\t\t<p><b>Politique Tarifaire<\/b><\/p><table border=\"0\" width=\"737\" cellspacing=\"0\" cellpadding=\"0\"><colgroup> <col width=\"289\" \/> <col width=\"316\" \/> <col width=\"132\" \/><\/colgroup><tbody><tr><td class=\"xl73\" width=\"289\" height=\"40\">Chaumontais et Brottais de plus de 18 ans titulaire de la carte familiale (cat. A \u00e0 E)<\/td><td class=\"xl74\" width=\"316\">20 documents<\/td><td class=\"xl75\" width=\"132\">Gratuit<\/td><\/tr><tr><td class=\"xl65\" width=\"289\" height=\"21\">Chaumontais et Brottais de moins de 18 ans, scolaris\u00e9s et \u00e9tudiants \u00e0 Chaumont<\/td><td class=\"xl66\" width=\"316\">8 documents<\/td><td class=\"xl66\" width=\"132\">Gratuit<\/td><\/tr><tr><td class=\"xl67\" width=\"289\" height=\"21\">Demandeurs d\u2019emploi<\/td><td class=\"xl68\" width=\"316\">8 documents<\/td><td class=\"xl68\" width=\"132\">Gratuit<\/td><\/tr><tr><td class=\"xl69\" width=\"289\" height=\"21\">Non Chaumontais de moins de 18 ans<\/td><td class=\"xl70\" width=\"316\">8 documents<\/td><td class=\"xl71\" width=\"132\">5,10 \u20ac<\/td><\/tr><tr><td class=\"xl67\" width=\"289\" height=\"21\">Non Chaumontais de plus de 18 ans<\/td><td class=\"xl68\" width=\"316\">20 documents<\/td><td class=\"xl72\" width=\"132\">26,50 \u20ac<\/td><\/tr><tr><td class=\"xl69\" width=\"289\" height=\"21\">Collectivit\u00e9s<\/td><td class=\"xl70\" width=\"316\">30 \u00e0 50 documents selon convention<\/td><td class=\"xl70\" width=\"132\">Gratuit<\/td><\/tr><tr><td class=\"xl67\" width=\"289\" height=\"21\">Enseignants \u00e0 Chaumont<\/td><td class=\"xl68\" width=\"316\">30 documents pour un usage en classe<\/td><td class=\"xl68\" width=\"132\">Gratuit<\/td><\/tr><\/tbody><\/table>\t\t\t\t\t<\/div>\n\t\t\t\t\t\t<\/div>\n\t\t\t\t<\/div>\n\t\t\t\t\t\t<\/div>\n\t\t\t\t\t<\/div>\n\t\t<\/div>\n\t\t\t\t\t\t\t\t<\/div>\n\t\t\t\t\t<\/div>\n\t\t<\/section>\n\t\t\t\t\t\t\t\t\t<\/div>\n\t\t\t<\/div>\n\t\t\t\t\t<\/div>\n\t\t","protected":false},"excerpt":{"rendered":"<p>Pendant les travaux du b\u00e2timent avenue Foch, la m\u00e9diath\u00e8que les Silos vient \u00e0 votre rencontre gr\u00e2ce aux SILOS \u00c9PH\u00c9M\u00c8RES ! l&rsquo;espace Bouchardon mar., jeu. &amp; ven.\u00a0de 13h30 \u2794 18h30mer. &amp; [&hellip;]<\/p>\n","protected":false},"author":3,"featured_media":4860,"template":"","meta":{"_uag_custom_page_level_css":""},"yoast_head":"<!-- This site is optimized with the Yoast SEO plugin v21.1 - https:\/\/yoast.com\/wordpress\/plugins\/seo\/ -->\n<title>m\u00e9diath\u00e8que les silos - Les Saisons Culturelles de Chaumont<\/title>\n<meta name=\"robots\" content=\"noindex, follow, max-snippet:-1, max-image-preview:large, max-video-preview:-1\" \/>\n<meta property=\"og:locale\" content=\"fr_FR\" \/>\n<meta property=\"og:type\" content=\"article\" \/>\n<meta property=\"og:title\" content=\"m\u00e9diath\u00e8que les silos - Les Saisons Culturelles de Chaumont\" \/>\n<meta property=\"og:description\" content=\"Pendant les travaux du b\u00e2timent avenue Foch, la m\u00e9diath\u00e8que les Silos vient \u00e0 votre rencontre gr\u00e2ce aux SILOS \u00c9PH\u00c9M\u00c8RES ! l&rsquo;espace Bouchardon mar., jeu. &amp; ven.\u00a0de 13h30 \u2794 18h30mer. &amp; [&hellip;]\" \/>\n<meta property=\"og:url\" content=\"https:\/\/saisonsculturelleschaumont.fr\/mdxpuixt\/qui\/les-silos\/\" \/>\n<meta property=\"og:site_name\" content=\"Les Saisons Culturelles de Chaumont\" \/>\n<meta property=\"article:publisher\" content=\"https:\/\/www.facebook.com\/saisonsculturelleschaumont\/\" \/>\n<meta property=\"article:modified_time\" content=\"2024-07-18T09:55:22+00:00\" \/>\n<meta property=\"og:image\" content=\"https:\/\/saisonsculturelleschaumont.fr\/mdxpuixt\/wp-content\/uploads\/2019\/07\/BANDEAUX-SIlos-10.png\" \/>\n\t<meta property=\"og:image:width\" content=\"1427\" \/>\n\t<meta property=\"og:image:height\" content=\"851\" \/>\n\t<meta property=\"og:image:type\" content=\"image\/png\" \/>\n<meta name=\"twitter:card\" content=\"summary_large_image\" \/>\n<meta name=\"twitter:label1\" content=\"Dur\u00e9e de lecture estim\u00e9e\" \/>\n\t<meta name=\"twitter:data1\" content=\"4 minutes\" \/>\n<script type=\"application\/ld+json\" class=\"yoast-schema-graph\">{\"@context\":\"https:\/\/schema.org\",\"@graph\":[{\"@type\":\"WebPage\",\"@id\":\"https:\/\/saisonsculturelleschaumont.fr\/mdxpuixt\/qui\/les-silos\/\",\"url\":\"https:\/\/saisonsculturelleschaumont.fr\/mdxpuixt\/qui\/les-silos\/\",\"name\":\"m\u00e9diath\u00e8que les silos - Les Saisons Culturelles de Chaumont\",\"isPartOf\":{\"@id\":\"https:\/\/saisonsculturelleschaumont.fr\/mdxpuixt\/#website\"},\"datePublished\":\"2019-07-11T17:36:09+00:00\",\"dateModified\":\"2024-07-18T09:55:22+00:00\",\"breadcrumb\":{\"@id\":\"https:\/\/saisonsculturelleschaumont.fr\/mdxpuixt\/qui\/les-silos\/#breadcrumb\"},\"inLanguage\":\"fr-FR\",\"potentialAction\":[{\"@type\":\"ReadAction\",\"target\":[\"https:\/\/saisonsculturelleschaumont.fr\/mdxpuixt\/qui\/les-silos\/\"]}]},{\"@type\":\"BreadcrumbList\",\"@id\":\"https:\/\/saisonsculturelleschaumont.fr\/mdxpuixt\/qui\/les-silos\/#breadcrumb\",\"itemListElement\":[{\"@type\":\"ListItem\",\"position\":1,\"name\":\"Accueil\",\"item\":\"https:\/\/saisonsculturelleschaumont.fr\/mdxpuixt\/\"},{\"@type\":\"ListItem\",\"position\":2,\"name\":\"m\u00e9diath\u00e8que les silos\"}]},{\"@type\":\"WebSite\",\"@id\":\"https:\/\/saisonsculturelleschaumont.fr\/mdxpuixt\/#website\",\"url\":\"https:\/\/saisonsculturelleschaumont.fr\/mdxpuixt\/\",\"name\":\"Les Saisons Culturelles de Chaumont\",\"description\":\"\",\"potentialAction\":[{\"@type\":\"SearchAction\",\"target\":{\"@type\":\"EntryPoint\",\"urlTemplate\":\"https:\/\/saisonsculturelleschaumont.fr\/mdxpuixt\/?s={search_term_string}\"},\"query-input\":\"required name=search_term_string\"}],\"inLanguage\":\"fr-FR\"}]}<\/script>\n<!-- \/ Yoast SEO plugin. -->","yoast_head_json":{"title":"m\u00e9diath\u00e8que les silos - Les Saisons Culturelles de Chaumont","robots":{"index":"noindex","follow":"follow","max-snippet":"max-snippet:-1","max-image-preview":"max-image-preview:large","max-video-preview":"max-video-preview:-1"},"og_locale":"fr_FR","og_type":"article","og_title":"m\u00e9diath\u00e8que les silos - Les Saisons Culturelles de Chaumont","og_description":"Pendant les travaux du b\u00e2timent avenue Foch, la m\u00e9diath\u00e8que les Silos vient \u00e0 votre rencontre gr\u00e2ce aux SILOS \u00c9PH\u00c9M\u00c8RES ! l&rsquo;espace Bouchardon mar., jeu. &amp; ven.\u00a0de 13h30 \u2794 18h30mer. &amp; [&hellip;]","og_url":"https:\/\/saisonsculturelleschaumont.fr\/mdxpuixt\/qui\/les-silos\/","og_site_name":"Les Saisons Culturelles de Chaumont","article_publisher":"https:\/\/www.facebook.com\/saisonsculturelleschaumont\/","article_modified_time":"2024-07-18T09:55:22+00:00","og_image":[{"width":1427,"height":851,"url":"https:\/\/saisonsculturelleschaumont.fr\/mdxpuixt\/wp-content\/uploads\/2019\/07\/BANDEAUX-SIlos-10.png","type":"image\/png"}],"twitter_card":"summary_large_image","twitter_misc":{"Dur\u00e9e de lecture estim\u00e9e":"4 minutes"},"schema":{"@context":"https:\/\/schema.org","@graph":[{"@type":"WebPage","@id":"https:\/\/saisonsculturelleschaumont.fr\/mdxpuixt\/qui\/les-silos\/","url":"https:\/\/saisonsculturelleschaumont.fr\/mdxpuixt\/qui\/les-silos\/","name":"m\u00e9diath\u00e8que les silos - Les Saisons Culturelles de Chaumont","isPartOf":{"@id":"https:\/\/saisonsculturelleschaumont.fr\/mdxpuixt\/#website"},"datePublished":"2019-07-11T17:36:09+00:00","dateModified":"2024-07-18T09:55:22+00:00","breadcrumb":{"@id":"https:\/\/saisonsculturelleschaumont.fr\/mdxpuixt\/qui\/les-silos\/#breadcrumb"},"inLanguage":"fr-FR","potentialAction":[{"@type":"ReadAction","target":["https:\/\/saisonsculturelleschaumont.fr\/mdxpuixt\/qui\/les-silos\/"]}]},{"@type":"BreadcrumbList","@id":"https:\/\/saisonsculturelleschaumont.fr\/mdxpuixt\/qui\/les-silos\/#breadcrumb","itemListElement":[{"@type":"ListItem","position":1,"name":"Accueil","item":"https:\/\/saisonsculturelleschaumont.fr\/mdxpuixt\/"},{"@type":"ListItem","position":2,"name":"m\u00e9diath\u00e8que les silos"}]},{"@type":"WebSite","@id":"https:\/\/saisonsculturelleschaumont.fr\/mdxpuixt\/#website","url":"https:\/\/saisonsculturelleschaumont.fr\/mdxpuixt\/","name":"Les Saisons Culturelles de Chaumont","description":"","potentialAction":[{"@type":"SearchAction","target":{"@type":"EntryPoint","urlTemplate":"https:\/\/saisonsculturelleschaumont.fr\/mdxpuixt\/?s={search_term_string}"},"query-input":"required name=search_term_string"}],"inLanguage":"fr-FR"}]}},"uagb_featured_image_src":{"full":["https:\/\/saisonsculturelleschaumont.fr\/mdxpuixt\/wp-content\/uploads\/2019\/07\/BANDEAUX-SIlos-10.png",1427,851,false],"thumbnail":["https:\/\/saisonsculturelleschaumont.fr\/mdxpuixt\/wp-content\/uploads\/2019\/07\/BANDEAUX-SIlos-10-80x80.png",80,80,true],"medium":["https:\/\/saisonsculturelleschaumont.fr\/mdxpuixt\/wp-content\/uploads\/2019\/07\/BANDEAUX-SIlos-10-300x300.png",300,300,true],"medium_large":["https:\/\/saisonsculturelleschaumont.fr\/mdxpuixt\/wp-content\/uploads\/2019\/07\/BANDEAUX-SIlos-10-768x768.png",768,768,true],"large":["https:\/\/saisonsculturelleschaumont.fr\/mdxpuixt\/wp-content\/uploads\/2019\/07\/BANDEAUX-SIlos-10-1030x851.png",1030,851,true],"1536x1536":["https:\/\/saisonsculturelleschaumont.fr\/mdxpuixt\/wp-content\/uploads\/2019\/07\/BANDEAUX-SIlos-10.png",1427,851,false],"2048x2048":["https:\/\/saisonsculturelleschaumont.fr\/mdxpuixt\/wp-content\/uploads\/2019\/07\/BANDEAUX-SIlos-10.png",1427,851,false],"widget":["https:\/\/saisonsculturelleschaumont.fr\/mdxpuixt\/wp-content\/uploads\/2019\/07\/BANDEAUX-SIlos-10-36x36.png",36,36,true],"square":["https:\/\/saisonsculturelleschaumont.fr\/mdxpuixt\/wp-content\/uploads\/2019\/07\/BANDEAUX-SIlos-10-180x180.png",180,180,true],"featured":["https:\/\/saisonsculturelleschaumont.fr\/mdxpuixt\/wp-content\/uploads\/2019\/07\/BANDEAUX-SIlos-10-1427x430.png",1427,430,true],"featured_large":["https:\/\/saisonsculturelleschaumont.fr\/mdxpuixt\/wp-content\/uploads\/2019\/07\/BANDEAUX-SIlos-10-1427x630.png",1427,630,true],"extra_large":["https:\/\/saisonsculturelleschaumont.fr\/mdxpuixt\/wp-content\/uploads\/2019\/07\/BANDEAUX-SIlos-10.png",1427,851,false],"portfolio":["https:\/\/saisonsculturelleschaumont.fr\/mdxpuixt\/wp-content\/uploads\/2019\/07\/BANDEAUX-SIlos-10-495x400.png",495,400,true],"portfolio_small":["https:\/\/saisonsculturelleschaumont.fr\/mdxpuixt\/wp-content\/uploads\/2019\/07\/BANDEAUX-SIlos-10-260x185.png",260,185,true],"gallery":["https:\/\/saisonsculturelleschaumont.fr\/mdxpuixt\/wp-content\/uploads\/2019\/07\/BANDEAUX-SIlos-10-845x684.png",845,684,true],"magazine":["https:\/\/saisonsculturelleschaumont.fr\/mdxpuixt\/wp-content\/uploads\/2019\/07\/BANDEAUX-SIlos-10-710x375.png",710,375,true],"masonry":["https:\/\/saisonsculturelleschaumont.fr\/mdxpuixt\/wp-content\/uploads\/2019\/07\/BANDEAUX-SIlos-10-705x420.png",705,420,true],"entry_with_sidebar":["https:\/\/saisonsculturelleschaumont.fr\/mdxpuixt\/wp-content\/uploads\/2019\/07\/BANDEAUX-SIlos-10-845x321.png",845,321,true],"entry_without_sidebar":["https:\/\/saisonsculturelleschaumont.fr\/mdxpuixt\/wp-content\/uploads\/2019\/07\/BANDEAUX-SIlos-10-1210x423.png",1210,423,true]},"uagb_author_info":{"display_name":"Justine Ansel","author_link":"https:\/\/saisonsculturelleschaumont.fr\/mdxpuixt\/author\/justine-ansel\/"},"uagb_comment_info":0,"uagb_excerpt":"Pendant les travaux du b\u00e2timent avenue Foch, la m\u00e9diath\u00e8que les Silos vient \u00e0 votre rencontre gr\u00e2ce aux SILOS \u00c9PH\u00c9M\u00c8RES ! l&rsquo;espace Bouchardon mar., jeu. &amp; ven.\u00a0de 13h30 \u2794 18h30mer. &amp; [&hellip;]","_links":{"self":[{"href":"https:\/\/saisonsculturelleschaumont.fr\/mdxpuixt\/wp-json\/wp\/v2\/tribe_organizer\/1190"}],"collection":[{"href":"https:\/\/saisonsculturelleschaumont.fr\/mdxpuixt\/wp-json\/wp\/v2\/tribe_organizer"}],"about":[{"href":"https:\/\/saisonsculturelleschaumont.fr\/mdxpuixt\/wp-json\/wp\/v2\/types\/tribe_organizer"}],"author":[{"embeddable":true,"href":"https:\/\/saisonsculturelleschaumont.fr\/mdxpuixt\/wp-json\/wp\/v2\/users\/3"}],"version-history":[{"count":4,"href":"https:\/\/saisonsculturelleschaumont.fr\/mdxpuixt\/wp-json\/wp\/v2\/tribe_organizer\/1190\/revisions"}],"predecessor-version":[{"id":11804,"href":"https:\/\/saisonsculturelleschaumont.fr\/mdxpuixt\/wp-json\/wp\/v2\/tribe_organizer\/1190\/revisions\/11804"}],"wp:featuredmedia":[{"embeddable":true,"href":"https:\/\/saisonsculturelleschaumont.fr\/mdxpuixt\/wp-json\/wp\/v2\/media\/4860"}],"wp:attachment":[{"href":"https:\/\/saisonsculturelleschaumont.fr\/mdxpuixt\/wp-json\/wp\/v2\/media?parent=1190"}],"curies":[{"name":"wp","href":"https:\/\/api.w.org\/{rel}","templated":true}]}}