{"id":1191,"date":"2019-07-11T19:36:09","date_gmt":"2019-07-11T17:36:09","guid":{"rendered":"http:\/\/ipag.dk-tech.fr\/index.php\/organisateur\/chapelle-des-jzsuites\/"},"modified":"2024-06-07T16:54:31","modified_gmt":"2024-06-07T14:54:31","slug":"la-chapelle","status":"publish","type":"tribe_organizer","link":"https:\/\/saisonsculturelleschaumont.fr\/mdxpuixt\/qui\/la-chapelle\/","title":{"rendered":"la chapelle des j\u00e9suites"},"content":{"rendered":"\t\t<div data-elementor-type=\"wp-post\" data-elementor-id=\"1191\" class=\"elementor elementor-1191\">\n\t\t\t\t\t\t<div class=\"elementor-inner\">\n\t\t\t\t<div class=\"elementor-section-wrap\">\n\t\t\t\t\t\t\t\t\t<section class=\"elementor-section elementor-top-section elementor-element elementor-element-4cceea34 elementor-section-boxed elementor-section-height-default elementor-section-height-default\" data-id=\"4cceea34\" data-element_type=\"section\">\n\t\t\t\t\t\t<div class=\"elementor-container elementor-column-gap-default\">\n\t\t\t\t\t\t\t<div class=\"elementor-row\">\n\t\t\t\t\t<div class=\"elementor-column elementor-col-100 elementor-top-column elementor-element elementor-element-6a376d25\" data-id=\"6a376d25\" data-element_type=\"column\">\n\t\t\t<div class=\"elementor-column-wrap elementor-element-populated\">\n\t\t\t\t\t\t\t<div class=\"elementor-widget-wrap\">\n\t\t\t\t\t\t<div class=\"elementor-element elementor-element-495beceb elementor-widget elementor-widget-spacer\" data-id=\"495beceb\" data-element_type=\"widget\" data-widget_type=\"spacer.default\">\n\t\t\t\t<div class=\"elementor-widget-container\">\n\t\t\t\t\t<div class=\"elementor-spacer\">\n\t\t\t<div class=\"elementor-spacer-inner\"><\/div>\n\t\t<\/div>\n\t\t\t\t<\/div>\n\t\t\t\t<\/div>\n\t\t\t\t\t\t<\/div>\n\t\t\t\t\t<\/div>\n\t\t<\/div>\n\t\t\t\t\t\t\t\t<\/div>\n\t\t\t\t\t<\/div>\n\t\t<\/section>\n\t\t\t\t<section class=\"elementor-section elementor-top-section elementor-element elementor-element-176be05d elementor-section-full_width elementor-section-height-default elementor-section-height-default\" data-id=\"176be05d\" data-element_type=\"section\">\n\t\t\t\t\t\t<div class=\"elementor-container elementor-column-gap-no\">\n\t\t\t\t\t\t\t<div class=\"elementor-row\">\n\t\t\t\t\t<div class=\"elementor-column elementor-col-33 elementor-top-column elementor-element elementor-element-2c96851 dk-font-alterne\" data-id=\"2c96851\" data-element_type=\"column\">\n\t\t\t<div class=\"elementor-column-wrap elementor-element-populated\">\n\t\t\t\t\t\t\t<div class=\"elementor-widget-wrap\">\n\t\t\t\t\t\t<div class=\"elementor-element elementor-element-7e38d0fc elementor-widget elementor-widget-text-editor\" data-id=\"7e38d0fc\" data-element_type=\"widget\" data-widget_type=\"text-editor.default\">\n\t\t\t\t<div class=\"elementor-widget-container\">\n\t\t\t\t\t\t\t\t<div class=\"elementor-text-editor elementor-clearfix\">\n\t\t\t\t<h5>galerie d&rsquo;art contemporain<\/h5><p>rue victoire de la marne<br \/>52000\u00a0chaumont<br \/>03 25 30 44 91<\/p><h5>horaires<\/h5><ul><li><span class=\"TextRun SCXW83774884 BCX4\" lang=\"FR-FR\" xml:lang=\"FR-FR\" data-contrast=\"auto\"><span class=\"NormalTextRun SCXW83774884 BCX4\">ouvert tous les jours de <\/span><\/span><span class=\"TextRun SCXW83774884 BCX4\" lang=\"FR-FR\" xml:lang=\"FR-FR\" data-contrast=\"auto\"><span class=\"NormalTextRun SCXW83774884 BCX4\">14h \u00e0 18h30<\/span><\/span><span class=\"TextRun SCXW83774884 BCX4\" lang=\"FR-FR\" xml:lang=\"FR-FR\" data-contrast=\"auto\"><span class=\"NormalTextRun SCXW83774884 BCX4\">\u00a0<\/span><\/span><span class=\"TextRun SCXW83774884 BCX4\" lang=\"FR-FR\" xml:lang=\"FR-FR\" data-contrast=\"auto\"><span class=\"NormalTextRun SCXW83774884 BCX4\">et \u00e9galement de\u00a0<\/span><\/span><span class=\"TextRun SCXW83774884 BCX4\" lang=\"FR-FR\" xml:lang=\"FR-FR\" data-contrast=\"auto\"><span class=\"NormalTextRun SCXW83774884 BCX4\">10h \u00e0 12h30<\/span><\/span><span class=\"TextRun SCXW83774884 BCX4\" lang=\"FR-FR\" xml:lang=\"FR-FR\" data-contrast=\"auto\"><span class=\"NormalTextRun SCXW83774884 BCX4\">\u00a0le mercredi et samedi. Fermeture le mardi.<\/span><\/span><span class=\"EOP SCXW83774884 BCX4\" data-ccp-props=\"{\">\u00a0<\/span>\u200b<\/li><\/ul>\t\t\t\t\t<\/div>\n\t\t\t\t\t\t<\/div>\n\t\t\t\t<\/div>\n\t\t\t\t\t\t<\/div>\n\t\t\t\t\t<\/div>\n\t\t<\/div>\n\t\t\t\t<div class=\"elementor-column elementor-col-66 elementor-top-column elementor-element elementor-element-1de275ff\" data-id=\"1de275ff\" data-element_type=\"column\">\n\t\t\t<div class=\"elementor-column-wrap elementor-element-populated\">\n\t\t\t\t\t\t\t<div class=\"elementor-widget-wrap\">\n\t\t\t\t\t\t<div class=\"elementor-element elementor-element-ecb62d7 elementor-widget elementor-widget-text-editor\" data-id=\"ecb62d7\" data-element_type=\"widget\" data-widget_type=\"text-editor.default\">\n\t\t\t\t<div class=\"elementor-widget-container\">\n\t\t\t\t\t\t\t\t<div class=\"elementor-text-editor elementor-clearfix\">\n\t\t\t\t<p><span data-contrast=\"auto\">B\u00e2tie en c\u0153ur de ville \u00e0 partir de 1629, la chapelle des j\u00e9suites, class\u00e9e monument historique, est un des plus rem<\/span><span data-contrast=\"auto\">arquables \u00e9difices de chaumont.&nbsp;<\/span><span data-ccp-props=\"{\">&nbsp;<\/span><\/p>\n<p><span data-contrast=\"auto\">Le monumental retable du ch\u0153ur, \u0153uvre du sculpteur lorrain claude collignon, constitu\u00e9 d\u2019un haut relief de pierre dor\u00e9e et sculpt\u00e9e, ex\u00e9cut\u00e9 en 1712 par jean-bap<\/span><span data-contrast=\"auto\">tiste bouchardon, est le joyau <\/span><span data-contrast=\"auto\">d<\/span><span data-contrast=\"auto\">\u2019une riche ornementation int\u00e9rieure<\/span><span data-contrast=\"auto\">.<\/span><span data-ccp-props=\"{\">&nbsp;<\/span><\/p>\n<p><span data-contrast=\"auto\">Aujourd\u2019hui, la chapelle<\/span><span data-contrast=\"auto\"> est un lieu d\u2019exposition d\u00e9di\u00e9 \u00e0 l\u2019ar<\/span><span data-contrast=\"auto\">t contemporain. Elle accueille <strong>2 \u00e0 3<\/strong><\/span><strong> expositions par an<\/strong><span data-contrast=\"auto\">. <\/span><span data-contrast=\"auto\">D&rsquo;une surface <\/span><span data-contrast=\"auto\">de 400 m2, la c<\/span><span data-contrast=\"auto\">hapelle expose des \u0153uvres <\/span><span data-contrast=\"auto\">individuelles ou collectives d\u2019<\/span><span data-contrast=\"auto\">artistes <\/span><span data-contrast=\"auto\">fran\u00e7ais ou \u00e9trangers<\/span><span data-contrast=\"auto\">.<\/span><span data-ccp-props=\"{\">&nbsp;<\/span><\/p>\n<p><span data-contrast=\"auto\">Elle<\/span><span data-contrast=\"auto\"> devient le salon des \u00e9diteurs d\u2019art et de graphisme le temps d\u2019une semaine pendant <\/span><span data-contrast=\"auto\">la biennale du design graphique organis\u00e9e<\/span><span data-contrast=\"auto\"> par le signe. La prochaine \u00e9dition aura lieu en mai 2021.<\/span><span data-contrast=\"auto\">&nbsp;<\/span><span data-ccp-props=\"{\">&nbsp;<\/span><\/p>\n<p><span data-contrast=\"auto\">La biennale des artistes haut<\/span><span data-contrast=\"auto\">-m<\/span><span data-contrast=\"auto\">arnais<\/span><span data-contrast=\"auto\">, organis\u00e9e par la ville, <\/span><span data-contrast=\"auto\">y <\/span><span data-contrast=\"auto\">pr\u00e9sente autour de 50 artistes s\u00e9lectionn\u00e9s par un jury d&rsquo;exp<\/span><span data-contrast=\"auto\">erts afin de pr\u00e9senter leurs derni\u00e8res cr\u00e9ations. Un prix municipal et un autre d\u00e9partemental sont d\u00e9cern\u00e9s \u00e0 cette occasion.<\/span><span data-ccp-props=\"{\">&nbsp;<\/span><\/p>\n<p><span data-contrast=\"auto\">La c<\/span><span data-contrast=\"auto\">hapelle accueille un large public et propose, tout au long de l&rsquo;ann\u00e9e, des visites comment\u00e9es.<\/span><span data-ccp-props=\"{\">&nbsp;<\/span><\/p>\n<p><strong>\u2192 entr\u00e9e libre pour tous les publics&nbsp;<\/strong><\/p>\n<p><strong><br><\/strong><\/p>\n<p><\/p>\n<p><font color=\"#451255\"><span style=\"caret-color: rgb(69, 18, 85);\"><b>ACTUELLEMENT&nbsp;<\/b><\/span><\/font><\/p><p><font color=\"#451255\"><span style=\"caret-color: rgb(69, 18, 85);\"><b>Exposition ODYSS\u00c9ES, DANS LES UNIVERS D&rsquo;\u00c9TIENNE CHAIZE<\/b><\/span><\/font><\/p><p><font color=\"#451255\"><span style=\"caret-color: rgb(69, 18, 85);\"><b>Jusqu&rsquo;au 18 ao\u00fbt<\/b><\/span><\/font><\/p>\t\t\t\t\t<\/div>\n\t\t\t\t\t\t<\/div>\n\t\t\t\t<\/div>\n\t\t\t\t\t\t<\/div>\n\t\t\t\t\t<\/div>\n\t\t<\/div>\n\t\t\t\t\t\t\t\t<\/div>\n\t\t\t\t\t<\/div>\n\t\t<\/section>\n\t\t\t\t<section class=\"elementor-section elementor-top-section elementor-element elementor-element-4eac498c elementor-section-boxed elementor-section-height-default elementor-section-height-default\" data-id=\"4eac498c\" data-element_type=\"section\">\n\t\t\t\t\t\t<div class=\"elementor-container elementor-column-gap-default\">\n\t\t\t\t\t\t\t<div class=\"elementor-row\">\n\t\t\t\t\t<div class=\"elementor-column elementor-col-100 elementor-top-column elementor-element elementor-element-262b3c16\" data-id=\"262b3c16\" data-element_type=\"column\">\n\t\t\t<div class=\"elementor-column-wrap elementor-element-populated\">\n\t\t\t\t\t\t\t<div class=\"elementor-widget-wrap\">\n\t\t\t\t\t\t<div class=\"elementor-element elementor-element-2d2b7dce elementor-widget elementor-widget-spacer\" data-id=\"2d2b7dce\" data-element_type=\"widget\" data-widget_type=\"spacer.default\">\n\t\t\t\t<div class=\"elementor-widget-container\">\n\t\t\t\t\t<div class=\"elementor-spacer\">\n\t\t\t<div class=\"elementor-spacer-inner\"><\/div>\n\t\t<\/div>\n\t\t\t\t<\/div>\n\t\t\t\t<\/div>\n\t\t\t\t\t\t<\/div>\n\t\t\t\t\t<\/div>\n\t\t<\/div>\n\t\t\t\t\t\t\t\t<\/div>\n\t\t\t\t\t<\/div>\n\t\t<\/section>\n\t\t\t\t\t\t\t\t\t<\/div>\n\t\t\t<\/div>\n\t\t\t\t\t<\/div>\n\t\t","protected":false},"excerpt":{"rendered":"<p>galerie d&rsquo;art contemporain rue victoire de la marne52000\u00a0chaumont03 25 30 44 91 horaires ouvert tous les jours de 14h \u00e0 18h30\u00a0et \u00e9galement de\u00a010h \u00e0 12h30\u00a0le mercredi et samedi. Fermeture le [&hellip;]<\/p>\n","protected":false},"author":3,"featured_media":0,"template":"","meta":{"_uag_custom_page_level_css":""},"yoast_head":"<!-- This site is optimized with the Yoast SEO plugin v21.1 - https:\/\/yoast.com\/wordpress\/plugins\/seo\/ -->\n<title>la chapelle des j\u00e9suites - Les Saisons Culturelles de Chaumont<\/title>\n<meta name=\"robots\" content=\"noindex, follow, max-snippet:-1, max-image-preview:large, max-video-preview:-1\" \/>\n<meta property=\"og:locale\" content=\"fr_FR\" \/>\n<meta property=\"og:type\" content=\"article\" \/>\n<meta property=\"og:title\" content=\"la chapelle des j\u00e9suites - Les Saisons Culturelles de Chaumont\" \/>\n<meta property=\"og:description\" content=\"galerie d&rsquo;art contemporain rue victoire de la marne52000\u00a0chaumont03 25 30 44 91 horaires ouvert tous les jours de 14h \u00e0 18h30\u00a0et \u00e9galement de\u00a010h \u00e0 12h30\u00a0le mercredi et samedi. Fermeture le [&hellip;]\" \/>\n<meta property=\"og:url\" content=\"https:\/\/saisonsculturelleschaumont.fr\/mdxpuixt\/qui\/la-chapelle\/\" \/>\n<meta property=\"og:site_name\" content=\"Les Saisons Culturelles de Chaumont\" \/>\n<meta property=\"article:publisher\" content=\"https:\/\/www.facebook.com\/saisonsculturelleschaumont\/\" \/>\n<meta property=\"article:modified_time\" content=\"2024-06-07T14:54:31+00:00\" \/>\n<meta property=\"og:image\" content=\"https:\/\/saisonsculturelleschaumont.fr\/mdxpuixt\/wp-content\/uploads\/2023\/09\/Bandeau-de-couverture_FB-_SCC8.png\" \/>\n\t<meta property=\"og:image:width\" content=\"3396\" \/>\n\t<meta property=\"og:image:height\" content=\"1313\" \/>\n\t<meta property=\"og:image:type\" content=\"image\/png\" \/>\n<meta name=\"twitter:card\" content=\"summary_large_image\" \/>\n<meta name=\"twitter:label1\" content=\"Dur\u00e9e de lecture estim\u00e9e\" \/>\n\t<meta name=\"twitter:data1\" content=\"2 minutes\" \/>\n<script type=\"application\/ld+json\" class=\"yoast-schema-graph\">{\"@context\":\"https:\/\/schema.org\",\"@graph\":[{\"@type\":\"WebPage\",\"@id\":\"https:\/\/saisonsculturelleschaumont.fr\/mdxpuixt\/qui\/la-chapelle\/\",\"url\":\"https:\/\/saisonsculturelleschaumont.fr\/mdxpuixt\/qui\/la-chapelle\/\",\"name\":\"la chapelle des j\u00e9suites - Les Saisons Culturelles de Chaumont\",\"isPartOf\":{\"@id\":\"https:\/\/saisonsculturelleschaumont.fr\/mdxpuixt\/#website\"},\"datePublished\":\"2019-07-11T17:36:09+00:00\",\"dateModified\":\"2024-06-07T14:54:31+00:00\",\"breadcrumb\":{\"@id\":\"https:\/\/saisonsculturelleschaumont.fr\/mdxpuixt\/qui\/la-chapelle\/#breadcrumb\"},\"inLanguage\":\"fr-FR\",\"potentialAction\":[{\"@type\":\"ReadAction\",\"target\":[\"https:\/\/saisonsculturelleschaumont.fr\/mdxpuixt\/qui\/la-chapelle\/\"]}]},{\"@type\":\"BreadcrumbList\",\"@id\":\"https:\/\/saisonsculturelleschaumont.fr\/mdxpuixt\/qui\/la-chapelle\/#breadcrumb\",\"itemListElement\":[{\"@type\":\"ListItem\",\"position\":1,\"name\":\"Accueil\",\"item\":\"https:\/\/saisonsculturelleschaumont.fr\/mdxpuixt\/\"},{\"@type\":\"ListItem\",\"position\":2,\"name\":\"la chapelle des j\u00e9suites\"}]},{\"@type\":\"WebSite\",\"@id\":\"https:\/\/saisonsculturelleschaumont.fr\/mdxpuixt\/#website\",\"url\":\"https:\/\/saisonsculturelleschaumont.fr\/mdxpuixt\/\",\"name\":\"Les Saisons Culturelles de Chaumont\",\"description\":\"\",\"potentialAction\":[{\"@type\":\"SearchAction\",\"target\":{\"@type\":\"EntryPoint\",\"urlTemplate\":\"https:\/\/saisonsculturelleschaumont.fr\/mdxpuixt\/?s={search_term_string}\"},\"query-input\":\"required name=search_term_string\"}],\"inLanguage\":\"fr-FR\"}]}<\/script>\n<!-- \/ Yoast SEO plugin. -->","yoast_head_json":{"title":"la chapelle des j\u00e9suites - Les Saisons Culturelles de Chaumont","robots":{"index":"noindex","follow":"follow","max-snippet":"max-snippet:-1","max-image-preview":"max-image-preview:large","max-video-preview":"max-video-preview:-1"},"og_locale":"fr_FR","og_type":"article","og_title":"la chapelle des j\u00e9suites - Les Saisons Culturelles de Chaumont","og_description":"galerie d&rsquo;art contemporain rue victoire de la marne52000\u00a0chaumont03 25 30 44 91 horaires ouvert tous les jours de 14h \u00e0 18h30\u00a0et \u00e9galement de\u00a010h \u00e0 12h30\u00a0le mercredi et samedi. Fermeture le [&hellip;]","og_url":"https:\/\/saisonsculturelleschaumont.fr\/mdxpuixt\/qui\/la-chapelle\/","og_site_name":"Les Saisons Culturelles de Chaumont","article_publisher":"https:\/\/www.facebook.com\/saisonsculturelleschaumont\/","article_modified_time":"2024-06-07T14:54:31+00:00","og_image":[{"width":3396,"height":1313,"url":"https:\/\/saisonsculturelleschaumont.fr\/mdxpuixt\/wp-content\/uploads\/2023\/09\/Bandeau-de-couverture_FB-_SCC8.png","type":"image\/png"}],"twitter_card":"summary_large_image","twitter_misc":{"Dur\u00e9e de lecture estim\u00e9e":"2 minutes"},"schema":{"@context":"https:\/\/schema.org","@graph":[{"@type":"WebPage","@id":"https:\/\/saisonsculturelleschaumont.fr\/mdxpuixt\/qui\/la-chapelle\/","url":"https:\/\/saisonsculturelleschaumont.fr\/mdxpuixt\/qui\/la-chapelle\/","name":"la chapelle des j\u00e9suites - Les Saisons Culturelles de Chaumont","isPartOf":{"@id":"https:\/\/saisonsculturelleschaumont.fr\/mdxpuixt\/#website"},"datePublished":"2019-07-11T17:36:09+00:00","dateModified":"2024-06-07T14:54:31+00:00","breadcrumb":{"@id":"https:\/\/saisonsculturelleschaumont.fr\/mdxpuixt\/qui\/la-chapelle\/#breadcrumb"},"inLanguage":"fr-FR","potentialAction":[{"@type":"ReadAction","target":["https:\/\/saisonsculturelleschaumont.fr\/mdxpuixt\/qui\/la-chapelle\/"]}]},{"@type":"BreadcrumbList","@id":"https:\/\/saisonsculturelleschaumont.fr\/mdxpuixt\/qui\/la-chapelle\/#breadcrumb","itemListElement":[{"@type":"ListItem","position":1,"name":"Accueil","item":"https:\/\/saisonsculturelleschaumont.fr\/mdxpuixt\/"},{"@type":"ListItem","position":2,"name":"la chapelle des j\u00e9suites"}]},{"@type":"WebSite","@id":"https:\/\/saisonsculturelleschaumont.fr\/mdxpuixt\/#website","url":"https:\/\/saisonsculturelleschaumont.fr\/mdxpuixt\/","name":"Les Saisons Culturelles de Chaumont","description":"","potentialAction":[{"@type":"SearchAction","target":{"@type":"EntryPoint","urlTemplate":"https:\/\/saisonsculturelleschaumont.fr\/mdxpuixt\/?s={search_term_string}"},"query-input":"required name=search_term_string"}],"inLanguage":"fr-FR"}]}},"uagb_featured_image_src":{"full":false,"thumbnail":false,"medium":false,"medium_large":false,"large":false,"1536x1536":false,"2048x2048":false,"widget":false,"square":false,"featured":false,"featured_large":false,"extra_large":false,"portfolio":false,"portfolio_small":false,"gallery":false,"magazine":false,"masonry":false,"entry_with_sidebar":false,"entry_without_sidebar":false},"uagb_author_info":{"display_name":"Justine Ansel","author_link":"https:\/\/saisonsculturelleschaumont.fr\/mdxpuixt\/author\/justine-ansel\/"},"uagb_comment_info":0,"uagb_excerpt":"galerie d&rsquo;art contemporain rue victoire de la marne52000\u00a0chaumont03 25 30 44 91 horaires ouvert tous les jours de 14h \u00e0 18h30\u00a0et \u00e9galement de\u00a010h \u00e0 12h30\u00a0le mercredi et samedi. Fermeture le [&hellip;]","_links":{"self":[{"href":"https:\/\/saisonsculturelleschaumont.fr\/mdxpuixt\/wp-json\/wp\/v2\/tribe_organizer\/1191"}],"collection":[{"href":"https:\/\/saisonsculturelleschaumont.fr\/mdxpuixt\/wp-json\/wp\/v2\/tribe_organizer"}],"about":[{"href":"https:\/\/saisonsculturelleschaumont.fr\/mdxpuixt\/wp-json\/wp\/v2\/types\/tribe_organizer"}],"author":[{"embeddable":true,"href":"https:\/\/saisonsculturelleschaumont.fr\/mdxpuixt\/wp-json\/wp\/v2\/users\/3"}],"version-history":[{"count":3,"href":"https:\/\/saisonsculturelleschaumont.fr\/mdxpuixt\/wp-json\/wp\/v2\/tribe_organizer\/1191\/revisions"}],"predecessor-version":[{"id":11695,"href":"https:\/\/saisonsculturelleschaumont.fr\/mdxpuixt\/wp-json\/wp\/v2\/tribe_organizer\/1191\/revisions\/11695"}],"wp:attachment":[{"href":"https:\/\/saisonsculturelleschaumont.fr\/mdxpuixt\/wp-json\/wp\/v2\/media?parent=1191"}],"curies":[{"name":"wp","href":"https:\/\/api.w.org\/{rel}","templated":true}]}}